{"id":17482,"date":"2024-12-03T17:14:23","date_gmt":"2024-12-03T16:14:23","guid":{"rendered":"https:\/\/inter-faces.eu\/?page_id=17482"},"modified":"2025-06-02T17:06:27","modified_gmt":"2025-06-02T15:06:27","slug":"accessoires-de-bureau-et-connectique","status":"publish","type":"page","link":"https:\/\/inter-faces.eu\/index.php\/mobilier-professionnel\/accessoires-de-bureau-et-connectique\/","title":{"rendered":"Accessoires de bureau et connectique"},"content":{"rendered":"\t\t<div data-elementor-type=\"wp-page\" data-elementor-id=\"17482\" class=\"elementor elementor-17482\" data-elementor-post-type=\"page\">\n\t\t\t\t<div class=\"elementor-element elementor-element-649c2197 e-con-full e-flex e-con e-parent\" data-id=\"649c2197\" data-element_type=\"container\" data-core-v316-plus=\"true\">\n\t\t\t\t<div class=\"elementor-element elementor-element-3c1accde elementor-widget elementor-widget-hiroshi_core_section_title\" data-id=\"3c1accde\" data-element_type=\"widget\" data-widget_type=\"hiroshi_core_section_title.default\">\n\t\t\t\t<div class=\"elementor-widget-container\">\n\t\t\t<div class=\"qodef-shortcode qodef-m  qodef-section-title qodef-alignment--left \">\n\t\t<h1 class=\"qodef-m-title\" >\n\t\t\t\t\tAccessoires de bureau et connectique\t\t\t<\/h1>\n\t\t<p class=\"qodef-m-text\" >Les accessoires \u2026 pratiques et astucieux, \u00e0 la maison ou au bureau, en mode s\u00e9dentaire ou nomade, notre environnement de travail devient pluriel et requiert agilit\u00e9 et flexibilit\u00e9. \nLes accessoires, la connectique nous facilitent le quotidien en optimisant le rangement  pour plus de confort, plus d&#039;efficacit\u00e9 ... et moins de stress.\nN\u2019h\u00e9sitez pas \u00e0 nous consulter, Inter-Faces Pro a une solution \u00e0 vous proposer.\n\n<\/p>\n<\/div>\n\t\t<\/div>\n\t\t\t\t<\/div>\n\t\t\t\t<\/div>\n\t\t\t\t<section class=\"elementor-section elementor-top-section elementor-element elementor-element-661fdc45 elementor-section-full_width qodef-elementor-content-grid elementor-section-height-default elementor-section-height-default qodef-elementor-column-no\" data-id=\"661fdc45\" data-element_type=\"section\">\n\t\t\t\t\t\t<div class=\"elementor-container elementor-column-gap-default\">\n\t\t\t\t\t<div class=\"elementor-column elementor-col-100 elementor-top-column elementor-element elementor-element-23f4da1f\" data-id=\"23f4da1f\" data-element_type=\"column\">\n\t\t\t<div class=\"elementor-widget-wrap elementor-element-populated\">\n\t\t\t\t\t\t<div class=\"elementor-element elementor-element-4c171564 elementor-widget elementor-widget-hiroshi_core_portfolio_list\" data-id=\"4c171564\" data-element_type=\"widget\" data-widget_type=\"hiroshi_core_portfolio_list.default\">\n\t\t\t\t<div class=\"elementor-widget-container\">\n\t\t\t<div class=\"qodef-shortcode qodef-m  qodef-portfolio-list qodef-item-layout--info-below  qodef-grid qodef-layout--columns  qodef-gutter--tiny qodef-col-num--3 qodef-item-layout--info-below qodef--no-bottom-space qodef-pagination--off qodef-responsive--predefined qodef-hover-animation--move-text\" data-options=\"{&quot;plugin&quot;:&quot;hiroshi_core&quot;,&quot;module&quot;:&quot;post-types\\\/portfolio\\\/shortcodes&quot;,&quot;shortcode&quot;:&quot;portfolio-list&quot;,&quot;post_type&quot;:&quot;portfolio-item&quot;,&quot;next_page&quot;:&quot;2&quot;,&quot;max_pages_num&quot;:1,&quot;behavior&quot;:&quot;columns&quot;,&quot;images_proportion&quot;:&quot;full&quot;,&quot;columns&quot;:&quot;3&quot;,&quot;columns_responsive&quot;:&quot;predefined&quot;,&quot;space&quot;:&quot;tiny&quot;,&quot;posts_per_page&quot;:&quot;200&quot;,&quot;orderby&quot;:&quot;date&quot;,&quot;order&quot;:&quot;DESC&quot;,&quot;additional_params&quot;:&quot;tax&quot;,&quot;tax&quot;:&quot;portfolio-tag&quot;,&quot;tax_slug&quot;:&quot;Accessoires-de- bureau-et-connectique&quot;,&quot;layout&quot;:&quot;info-below&quot;,&quot;hover_animation_info-below&quot;:&quot;move-text&quot;,&quot;hover_animation_info-follow&quot;:&quot;follow&quot;,&quot;hover_animation_info-on-hover&quot;:&quot;fade-in&quot;,&quot;title_tag&quot;:&quot;h4&quot;,&quot;enable_category&quot;:&quot;yes&quot;,&quot;zigzag&quot;:&quot;no&quot;,&quot;custom_margin&quot;:&quot;no&quot;,&quot;enable_appear&quot;:&quot;no&quot;,&quot;pagination_type&quot;:&quot;no-pagination&quot;,&quot;info_below_content_margin&quot;:&quot;24px 0 30px 0px&quot;,&quot;object_class_name&quot;:&quot;HiroshiCore_Portfolio_List_Shortcode&quot;,&quot;taxonomy_filter&quot;:&quot;portfolio-tag&quot;,&quot;additional_query_args&quot;:{&quot;tax_query&quot;:[{&quot;taxonomy&quot;:&quot;portfolio-tag&quot;,&quot;field&quot;:&quot;slug&quot;,&quot;terms&quot;:&quot;Accessoires-de- bureau-et-connectique&quot;}]},&quot;space_value&quot;:4}\">\n\t\t<div class=\"qodef-grid-inner clear\">\n\t\t<article class=\"qodef-e qodef-grid-item qodef-item--full  post-18848 portfolio-item type-portfolio-item status-publish has-post-thumbnail hentry portfolio-category-mobilier-professionnel portfolio-category-usm portfolio-tag-accessoires-de-bureau-et-connectique portfolio-tag-mobilier-professionnel portfolio-tag-usm\">\n\t<div class=\"qodef-e-inner\" >\n\t\t<div class=\"qodef-e-image\">\n\t\t\t\t<div class=\"qodef-e-media-image\">\n\t\t<a itemprop=\"url\" href=\"https:\/\/inter-faces.eu\/index.php\/portfolio-item\/nouveau-le-soft-pannel-personnalisez-votre-bureau-usm-2\/\" target=\"_self\">\n\t\t\t<img fetchpriority=\"high\" decoding=\"async\" width=\"1157\" height=\"877\" src=\"https:\/\/inter-faces.eu\/wp-content\/uploads\/2026\/02\/Inter-Faces-Toulon-et-Puget-sur-Argens-USM-Soft-pannels-1-e1772032109628.webp\" class=\"attachment-full size-full wp-post-image\" alt=\"\" srcset=\"https:\/\/inter-faces.eu\/wp-content\/uploads\/2026\/02\/Inter-Faces-Toulon-et-Puget-sur-Argens-USM-Soft-pannels-1-e1772032109628.webp 1157w, https:\/\/inter-faces.eu\/wp-content\/uploads\/2026\/02\/Inter-Faces-Toulon-et-Puget-sur-Argens-USM-Soft-pannels-1-e1772032109628-300x227.webp 300w, https:\/\/inter-faces.eu\/wp-content\/uploads\/2026\/02\/Inter-Faces-Toulon-et-Puget-sur-Argens-USM-Soft-pannels-1-e1772032109628-1024x776.webp 1024w, https:\/\/inter-faces.eu\/wp-content\/uploads\/2026\/02\/Inter-Faces-Toulon-et-Puget-sur-Argens-USM-Soft-pannels-1-e1772032109628-768x582.webp 768w, https:\/\/inter-faces.eu\/wp-content\/uploads\/2026\/02\/Inter-Faces-Toulon-et-Puget-sur-Argens-USM-Soft-pannels-1-e1772032109628-600x455.webp 600w\" sizes=\"(max-width: 1157px) 100vw, 1157px\" \/>\t\t<\/a>\n\t<\/div>\n\t\t\t\t\t<\/div>\n\t\t<div class=\"qodef-e-content\" style=\"margin:24px 0 30px 0px\">\n\t\t\t<div class=\"qodef-e-text\">\n\t\t\t\t<h4 itemprop=\"name\" class=\"qodef-e-title entry-title\" >\n\t<a itemprop=\"url\" class=\"qodef-e-title-link\" href=\"https:\/\/inter-faces.eu\/index.php\/portfolio-item\/nouveau-le-soft-pannel-personnalisez-votre-bureau-usm-2\/\" target=\"_self\">\n\t\tNouveau : le Soft Pannel &#8211; Personnalisez votre bureau &#8211; USM\t<\/a>\n<\/h4>\n\t\t\t<\/div>\n\t\t\t<div class=\"qodef-e-top-holder\">\n\t\t\t\t<div class=\"qodef-e-info\">\n\t\t\t\t\t\t<a href=\"https:\/\/inter-faces.eu\/index.php\/portfolio-category\/mobilier-professionnel\/\" rel=\"tag\">Mobilier professionnel<\/a><span class=\"qodef-info-separator-single\"><\/span><a href=\"https:\/\/inter-faces.eu\/index.php\/portfolio-category\/usm\/\" rel=\"tag\">USM<\/a>\t<div class=\"qodef-info-separator-end\"><\/div>\n\t\t\t\t<\/div>\n\t\t\t<\/div>\n\t\t<\/div>\n\t<\/div>\n<\/article>\n<article class=\"qodef-e qodef-grid-item qodef-item--full  post-18794 portfolio-item type-portfolio-item status-publish has-post-thumbnail hentry portfolio-category-mobilier-professionnel portfolio-tag-accessoires-de-bureau-et-connectique portfolio-tag-flex-office-mobilier-professionnel portfolio-tag-mobilier-professionnel portfolio-tag-nomade\">\n\t<div class=\"qodef-e-inner\" >\n\t\t<div class=\"qodef-e-image\">\n\t\t\t\t<div class=\"qodef-e-media-image\">\n\t\t<a itemprop=\"url\" href=\"https:\/\/inter-faces.eu\/index.php\/portfolio-item\/beaux-durables-et-made-in-france-les-accessoires-clen\/\" target=\"_self\">\n\t\t\t<img decoding=\"async\" width=\"2560\" height=\"2558\" src=\"https:\/\/inter-faces.eu\/wp-content\/uploads\/2026\/02\/Inter-Faces-Pro-Toulon-et-Puget-sur-Argens-Mobilier-de-bureau-et-accessoires-de-bureau-4-scaled.jpg\" class=\"attachment-full size-full wp-post-image\" alt=\"\" srcset=\"https:\/\/inter-faces.eu\/wp-content\/uploads\/2026\/02\/Inter-Faces-Pro-Toulon-et-Puget-sur-Argens-Mobilier-de-bureau-et-accessoires-de-bureau-4-scaled.jpg 2560w, https:\/\/inter-faces.eu\/wp-content\/uploads\/2026\/02\/Inter-Faces-Pro-Toulon-et-Puget-sur-Argens-Mobilier-de-bureau-et-accessoires-de-bureau-4-300x300.jpg 300w, https:\/\/inter-faces.eu\/wp-content\/uploads\/2026\/02\/Inter-Faces-Pro-Toulon-et-Puget-sur-Argens-Mobilier-de-bureau-et-accessoires-de-bureau-4-1024x1024.jpg 1024w, https:\/\/inter-faces.eu\/wp-content\/uploads\/2026\/02\/Inter-Faces-Pro-Toulon-et-Puget-sur-Argens-Mobilier-de-bureau-et-accessoires-de-bureau-4-150x150.jpg 150w, https:\/\/inter-faces.eu\/wp-content\/uploads\/2026\/02\/Inter-Faces-Pro-Toulon-et-Puget-sur-Argens-Mobilier-de-bureau-et-accessoires-de-bureau-4-768x767.jpg 768w, https:\/\/inter-faces.eu\/wp-content\/uploads\/2026\/02\/Inter-Faces-Pro-Toulon-et-Puget-sur-Argens-Mobilier-de-bureau-et-accessoires-de-bureau-4-1536x1536.jpg 1536w, https:\/\/inter-faces.eu\/wp-content\/uploads\/2026\/02\/Inter-Faces-Pro-Toulon-et-Puget-sur-Argens-Mobilier-de-bureau-et-accessoires-de-bureau-4-650x650.jpg 650w, https:\/\/inter-faces.eu\/wp-content\/uploads\/2026\/02\/Inter-Faces-Pro-Toulon-et-Puget-sur-Argens-Mobilier-de-bureau-et-accessoires-de-bureau-4-1300x1300.jpg 1300w, https:\/\/inter-faces.eu\/wp-content\/uploads\/2026\/02\/Inter-Faces-Pro-Toulon-et-Puget-sur-Argens-Mobilier-de-bureau-et-accessoires-de-bureau-4-600x600.jpg 600w, https:\/\/inter-faces.eu\/wp-content\/uploads\/2026\/02\/Inter-Faces-Pro-Toulon-et-Puget-sur-Argens-Mobilier-de-bureau-et-accessoires-de-bureau-4-100x100.jpg 100w\" sizes=\"(max-width: 2560px) 100vw, 2560px\" \/>\t\t<\/a>\n\t<\/div>\n\t\t\t\t\t<\/div>\n\t\t<div class=\"qodef-e-content\" style=\"margin:24px 0 30px 0px\">\n\t\t\t<div class=\"qodef-e-text\">\n\t\t\t\t<h4 itemprop=\"name\" class=\"qodef-e-title entry-title\" >\n\t<a itemprop=\"url\" class=\"qodef-e-title-link\" href=\"https:\/\/inter-faces.eu\/index.php\/portfolio-item\/beaux-durables-et-made-in-france-les-accessoires-clen\/\" target=\"_self\">\n\t\tBeaux, durables et Made in France les accessoires &#8211; Clen\t<\/a>\n<\/h4>\n\t\t\t<\/div>\n\t\t\t<div class=\"qodef-e-top-holder\">\n\t\t\t\t<div class=\"qodef-e-info\">\n\t\t\t\t\t\t<a href=\"https:\/\/inter-faces.eu\/index.php\/portfolio-category\/mobilier-professionnel\/\" rel=\"tag\">Mobilier professionnel<\/a>\t<div class=\"qodef-info-separator-end\"><\/div>\n\t\t\t\t<\/div>\n\t\t\t<\/div>\n\t\t<\/div>\n\t<\/div>\n<\/article>\n<article class=\"qodef-e qodef-grid-item qodef-item--full  post-18144 portfolio-item type-portfolio-item status-publish has-post-thumbnail hentry portfolio-category-mobilier-professionnel portfolio-category-rangement portfolio-tag-accessoires-de-bureau-et-connectique portfolio-tag-mobilier-professionnel portfolio-tag-usm\">\n\t<div class=\"qodef-e-inner\" >\n\t\t<div class=\"qodef-e-image\">\n\t\t\t\t<div class=\"qodef-e-media-image\">\n\t\t<a itemprop=\"url\" href=\"https:\/\/inter-faces.eu\/index.php\/portfolio-item\/des-boites-oui-mais-avec-des-tiroirs-usm\/\" target=\"_self\">\n\t\t\t<img decoding=\"async\" width=\"768\" height=\"1152\" src=\"https:\/\/inter-faces.eu\/wp-content\/uploads\/2025\/04\/USM-Haller-Toulon-Puget-sur-Argens-mobilier-contemporain-design-et-professionnel-accessoires-de-rangement-2.jpg\" class=\"attachment-full size-full wp-post-image\" alt=\"\" srcset=\"https:\/\/inter-faces.eu\/wp-content\/uploads\/2025\/04\/USM-Haller-Toulon-Puget-sur-Argens-mobilier-contemporain-design-et-professionnel-accessoires-de-rangement-2.jpg 768w, https:\/\/inter-faces.eu\/wp-content\/uploads\/2025\/04\/USM-Haller-Toulon-Puget-sur-Argens-mobilier-contemporain-design-et-professionnel-accessoires-de-rangement-2-200x300.jpg 200w, https:\/\/inter-faces.eu\/wp-content\/uploads\/2025\/04\/USM-Haller-Toulon-Puget-sur-Argens-mobilier-contemporain-design-et-professionnel-accessoires-de-rangement-2-683x1024.jpg 683w, https:\/\/inter-faces.eu\/wp-content\/uploads\/2025\/04\/USM-Haller-Toulon-Puget-sur-Argens-mobilier-contemporain-design-et-professionnel-accessoires-de-rangement-2-600x900.jpg 600w\" sizes=\"(max-width: 768px) 100vw, 768px\" \/>\t\t<\/a>\n\t<\/div>\n\t\t\t\t\t<\/div>\n\t\t<div class=\"qodef-e-content\" style=\"margin:24px 0 30px 0px\">\n\t\t\t<div class=\"qodef-e-text\">\n\t\t\t\t<h4 itemprop=\"name\" class=\"qodef-e-title entry-title\" >\n\t<a itemprop=\"url\" class=\"qodef-e-title-link\" href=\"https:\/\/inter-faces.eu\/index.php\/portfolio-item\/des-boites-oui-mais-avec-des-tiroirs-usm\/\" target=\"_self\">\n\t\tDes bo\u00eetes &#8230; oui mais avec des tiroirs &#8211; USM\t<\/a>\n<\/h4>\n\t\t\t<\/div>\n\t\t\t<div class=\"qodef-e-top-holder\">\n\t\t\t\t<div class=\"qodef-e-info\">\n\t\t\t\t\t\t<a href=\"https:\/\/inter-faces.eu\/index.php\/portfolio-category\/mobilier-professionnel\/\" rel=\"tag\">Mobilier professionnel<\/a><span class=\"qodef-info-separator-single\"><\/span><a href=\"https:\/\/inter-faces.eu\/index.php\/portfolio-category\/rangement\/\" rel=\"tag\">Rangement<\/a>\t<div class=\"qodef-info-separator-end\"><\/div>\n\t\t\t\t<\/div>\n\t\t\t<\/div>\n\t\t<\/div>\n\t<\/div>\n<\/article>\n<article class=\"qodef-e qodef-grid-item qodef-item--full  post-17908 portfolio-item type-portfolio-item status-publish has-post-thumbnail hentry portfolio-category-mobilier-professionnel portfolio-tag-accessoires-de-bureau-et-connectique portfolio-tag-flex-office-mobilier-professionnel portfolio-tag-mobilier-professionnel portfolio-tag-organisation-et-separateurs-despaces\">\n\t<div class=\"qodef-e-inner\" >\n\t\t<div class=\"qodef-e-image\">\n\t\t\t\t<div class=\"qodef-e-media-image\">\n\t\t<a itemprop=\"url\" href=\"https:\/\/inter-faces.eu\/index.php\/portfolio-item\/jeter-ou-recycler-columbia\/\" target=\"_self\">\n\t\t\t<img loading=\"lazy\" decoding=\"async\" width=\"938\" height=\"663\" src=\"https:\/\/inter-faces.eu\/wp-content\/uploads\/2025\/03\/PICK-UP-columbia-7.jpg\" class=\"attachment-full size-full wp-post-image\" alt=\"\" srcset=\"https:\/\/inter-faces.eu\/wp-content\/uploads\/2025\/03\/PICK-UP-columbia-7.jpg 938w, https:\/\/inter-faces.eu\/wp-content\/uploads\/2025\/03\/PICK-UP-columbia-7-300x212.jpg 300w, https:\/\/inter-faces.eu\/wp-content\/uploads\/2025\/03\/PICK-UP-columbia-7-768x543.jpg 768w, https:\/\/inter-faces.eu\/wp-content\/uploads\/2025\/03\/PICK-UP-columbia-7-600x424.jpg 600w\" sizes=\"(max-width: 938px) 100vw, 938px\" \/>\t\t<\/a>\n\t<\/div>\n\t\t\t\t\t<\/div>\n\t\t<div class=\"qodef-e-content\" style=\"margin:24px 0 30px 0px\">\n\t\t\t<div class=\"qodef-e-text\">\n\t\t\t\t<h4 itemprop=\"name\" class=\"qodef-e-title entry-title\" >\n\t<a itemprop=\"url\" class=\"qodef-e-title-link\" href=\"https:\/\/inter-faces.eu\/index.php\/portfolio-item\/jeter-ou-recycler-columbia\/\" target=\"_self\">\n\t\tJeter ou Recycler &#8211; Columbia\t<\/a>\n<\/h4>\n\t\t\t<\/div>\n\t\t\t<div class=\"qodef-e-top-holder\">\n\t\t\t\t<div class=\"qodef-e-info\">\n\t\t\t\t\t\t<a href=\"https:\/\/inter-faces.eu\/index.php\/portfolio-category\/mobilier-professionnel\/\" rel=\"tag\">Mobilier professionnel<\/a>\t<div class=\"qodef-info-separator-end\"><\/div>\n\t\t\t\t<\/div>\n\t\t\t<\/div>\n\t\t<\/div>\n\t<\/div>\n<\/article>\n<article class=\"qodef-e qodef-grid-item qodef-item--full  post-17838 portfolio-item type-portfolio-item status-publish has-post-thumbnail hentry portfolio-category-mobilier-professionnel portfolio-tag-accessoires-de-bureau-et-connectique portfolio-tag-bralco portfolio-tag-mobilier-professionnel\">\n\t<div class=\"qodef-e-inner\" >\n\t\t<div class=\"qodef-e-image\">\n\t\t\t\t<div class=\"qodef-e-media-image\">\n\t\t<a itemprop=\"url\" href=\"https:\/\/inter-faces.eu\/index.php\/portfolio-item\/malins-les-accessoires-des-bureaux-polare-bralco\/\" target=\"_self\">\n\t\t\t<img loading=\"lazy\" decoding=\"async\" width=\"739\" height=\"560\" src=\"https:\/\/inter-faces.eu\/wp-content\/uploads\/2025\/03\/BRALCO-Collection-Polare-accessoires-6-e1741187728529.jpg\" class=\"attachment-full size-full wp-post-image\" alt=\"\" srcset=\"https:\/\/inter-faces.eu\/wp-content\/uploads\/2025\/03\/BRALCO-Collection-Polare-accessoires-6-e1741187728529.jpg 739w, https:\/\/inter-faces.eu\/wp-content\/uploads\/2025\/03\/BRALCO-Collection-Polare-accessoires-6-e1741187728529-300x227.jpg 300w, https:\/\/inter-faces.eu\/wp-content\/uploads\/2025\/03\/BRALCO-Collection-Polare-accessoires-6-e1741187728529-600x455.jpg 600w\" sizes=\"(max-width: 739px) 100vw, 739px\" \/>\t\t<\/a>\n\t<\/div>\n\t\t\t\t\t<\/div>\n\t\t<div class=\"qodef-e-content\" style=\"margin:24px 0 30px 0px\">\n\t\t\t<div class=\"qodef-e-text\">\n\t\t\t\t<h4 itemprop=\"name\" class=\"qodef-e-title entry-title\" >\n\t<a itemprop=\"url\" class=\"qodef-e-title-link\" href=\"https:\/\/inter-faces.eu\/index.php\/portfolio-item\/malins-les-accessoires-des-bureaux-polare-bralco\/\" target=\"_self\">\n\t\tMalins, les accessoires des bureaux Polare &#8211; Bralco\t<\/a>\n<\/h4>\n\t\t\t<\/div>\n\t\t\t<div class=\"qodef-e-top-holder\">\n\t\t\t\t<div class=\"qodef-e-info\">\n\t\t\t\t\t\t<a href=\"https:\/\/inter-faces.eu\/index.php\/portfolio-category\/mobilier-professionnel\/\" rel=\"tag\">Mobilier professionnel<\/a>\t<div class=\"qodef-info-separator-end\"><\/div>\n\t\t\t\t<\/div>\n\t\t\t<\/div>\n\t\t<\/div>\n\t<\/div>\n<\/article>\n<article class=\"qodef-e qodef-grid-item qodef-item--full  post-17322 portfolio-item type-portfolio-item status-publish has-post-thumbnail hentry portfolio-category-mobilier-professionnel portfolio-category-usm portfolio-tag-accessoires-de-bureau-et-connectique portfolio-tag-eclairage-accessoires-et-connectique portfolio-tag-mobilier-professionnel portfolio-tag-usm\">\n\t<div class=\"qodef-e-inner\" >\n\t\t<div class=\"qodef-e-image\">\n\t\t\t\t<div class=\"qodef-e-media-image\">\n\t\t<a itemprop=\"url\" href=\"https:\/\/inter-faces.eu\/index.php\/portfolio-item\/eclairage-et-branchements-integres-dans-les-meubles-usm\/\" target=\"_self\">\n\t\t\t<img loading=\"lazy\" decoding=\"async\" width=\"1919\" height=\"2560\" src=\"https:\/\/inter-faces.eu\/wp-content\/uploads\/2024\/10\/Bureau-USM-2-scaled.jpg\" class=\"attachment-full size-full wp-post-image\" alt=\"\" srcset=\"https:\/\/inter-faces.eu\/wp-content\/uploads\/2024\/10\/Bureau-USM-2-scaled.jpg 1919w, https:\/\/inter-faces.eu\/wp-content\/uploads\/2024\/10\/Bureau-USM-2-225x300.jpg 225w, https:\/\/inter-faces.eu\/wp-content\/uploads\/2024\/10\/Bureau-USM-2-768x1025.jpg 768w, https:\/\/inter-faces.eu\/wp-content\/uploads\/2024\/10\/Bureau-USM-2-1151x1536.jpg 1151w, https:\/\/inter-faces.eu\/wp-content\/uploads\/2024\/10\/Bureau-USM-2-1535x2048.jpg 1535w, https:\/\/inter-faces.eu\/wp-content\/uploads\/2024\/10\/Bureau-USM-2-600x801.jpg 600w\" sizes=\"(max-width: 1919px) 100vw, 1919px\" \/>\t\t<\/a>\n\t<\/div>\n\t\t\t\t\t<\/div>\n\t\t<div class=\"qodef-e-content\" style=\"margin:24px 0 30px 0px\">\n\t\t\t<div class=\"qodef-e-text\">\n\t\t\t\t<h4 itemprop=\"name\" class=\"qodef-e-title entry-title\" >\n\t<a itemprop=\"url\" class=\"qodef-e-title-link\" href=\"https:\/\/inter-faces.eu\/index.php\/portfolio-item\/eclairage-et-branchements-integres-dans-les-meubles-usm\/\" target=\"_self\">\n\t\tEclairage et branchements int\u00e9gr\u00e9s dans les meubles USM\t<\/a>\n<\/h4>\n\t\t\t<\/div>\n\t\t\t<div class=\"qodef-e-top-holder\">\n\t\t\t\t<div class=\"qodef-e-info\">\n\t\t\t\t\t\t<a href=\"https:\/\/inter-faces.eu\/index.php\/portfolio-category\/mobilier-professionnel\/\" rel=\"tag\">Mobilier professionnel<\/a><span class=\"qodef-info-separator-single\"><\/span><a href=\"https:\/\/inter-faces.eu\/index.php\/portfolio-category\/usm\/\" rel=\"tag\">USM<\/a>\t<div class=\"qodef-info-separator-end\"><\/div>\n\t\t\t\t<\/div>\n\t\t\t<\/div>\n\t\t<\/div>\n\t<\/div>\n<\/article>\n\t<\/div>\n\t<\/div>\n\t\t<\/div>\n\t\t\t\t<\/div>\n\t\t\t\t\t<\/div>\n\t\t<\/div>\n\t\t\t\t\t<\/div>\n\t\t<\/section>\n\t\t\t\t<\/div>\n\t\t<button class=\"simplefavorite-button\" data-postid=\"17322\" data-siteid=\"1\" data-groupid=\"1\" data-favoritecount=\"0\" style=\"\">Ajouter \u00e0 ma liste d'envies <i class=\"fa-solid fa-heart\"><\/i><\/button>","protected":false},"excerpt":{"rendered":"<p>Accessoires de bureau et connectique Les accessoires \u2026 pratiques et astucieux, \u00e0 la maison ou au bureau, en mode s\u00e9dentaire ou nomade, notre environnement de travail devient pluriel et requiert agilit\u00e9 et flexibilit\u00e9. Les accessoires, la connectique nous facilitent le quotidien en optimisant le rangement pour plus de confort, plus d&#039;efficacit\u00e9 &#8230; et moins de [&hellip;]<\/p>\n","protected":false},"author":4,"featured_media":0,"parent":10336,"menu_order":0,"comment_status":"closed","ping_status":"closed","template":"","meta":{"footnotes":""},"yoast_head":"<!-- This site is optimized with the Yoast SEO plugin v22.6 - https:\/\/yoast.com\/wordpress\/plugins\/seo\/ -->\n<title>Accessoires de bureau et connectique - Inter-Faces<\/title>\n<meta name=\"robots\" content=\"index, follow, max-snippet:-1, max-image-preview:large, max-video-preview:-1\" \/>\n<link rel=\"canonical\" href=\"https:\/\/inter-faces.eu\/index.php\/mobilier-professionnel\/accessoires-de-bureau-et-connectique\/\" \/>\n<meta property=\"og:locale\" content=\"fr_FR\" \/>\n<meta property=\"og:type\" content=\"article\" \/>\n<meta property=\"og:title\" content=\"Accessoires de bureau et connectique - Inter-Faces\" \/>\n<meta property=\"og:description\" content=\"Accessoires de bureau et connectique Les accessoires \u2026 pratiques et astucieux, \u00e0 la maison ou au bureau, en mode s\u00e9dentaire ou nomade, notre environnement de travail devient pluriel et requiert agilit\u00e9 et flexibilit\u00e9. Les accessoires, la connectique nous facilitent le quotidien en optimisant le rangement pour plus de confort, plus d&#039;efficacit\u00e9 &#8230; et moins de [&hellip;]\" \/>\n<meta property=\"og:url\" content=\"https:\/\/inter-faces.eu\/index.php\/mobilier-professionnel\/accessoires-de-bureau-et-connectique\/\" \/>\n<meta property=\"og:site_name\" content=\"Inter-Faces\" \/>\n<meta property=\"article:publisher\" content=\"https:\/\/www.facebook.com\/interfacestoulon\" \/>\n<meta property=\"article:modified_time\" content=\"2025-06-02T15:06:27+00:00\" \/>\n<meta property=\"og:image\" content=\"https:\/\/inter-faces.eu\/wp-content\/uploads\/2025\/04\/USM-Haller-Toulon-Puget-sur-Argens-mobilier-contemporain-design-et-professionnel-accessoires-de-rangement-2.jpg\" \/>\n<meta name=\"twitter:card\" content=\"summary_large_image\" \/>\n<meta name=\"twitter:label1\" content=\"Dur\u00e9e de lecture estim\u00e9e\" \/>\n\t<meta name=\"twitter:data1\" content=\"2 minutes\" \/>\n<script type=\"application\/ld+json\" class=\"yoast-schema-graph\">{\"@context\":\"https:\/\/schema.org\",\"@graph\":[{\"@type\":\"WebPage\",\"@id\":\"https:\/\/inter-faces.eu\/index.php\/mobilier-professionnel\/accessoires-de-bureau-et-connectique\/\",\"url\":\"https:\/\/inter-faces.eu\/index.php\/mobilier-professionnel\/accessoires-de-bureau-et-connectique\/\",\"name\":\"Accessoires de bureau et connectique - Inter-Faces\",\"isPartOf\":{\"@id\":\"https:\/\/inter-faces.eu\/#website\"},\"primaryImageOfPage\":{\"@id\":\"https:\/\/inter-faces.eu\/index.php\/mobilier-professionnel\/accessoires-de-bureau-et-connectique\/#primaryimage\"},\"image\":{\"@id\":\"https:\/\/inter-faces.eu\/index.php\/mobilier-professionnel\/accessoires-de-bureau-et-connectique\/#primaryimage\"},\"thumbnailUrl\":\"https:\/\/inter-faces.eu\/wp-content\/uploads\/2025\/04\/USM-Haller-Toulon-Puget-sur-Argens-mobilier-contemporain-design-et-professionnel-accessoires-de-rangement-2.jpg\",\"datePublished\":\"2024-12-03T16:14:23+00:00\",\"dateModified\":\"2025-06-02T15:06:27+00:00\",\"breadcrumb\":{\"@id\":\"https:\/\/inter-faces.eu\/index.php\/mobilier-professionnel\/accessoires-de-bureau-et-connectique\/#breadcrumb\"},\"inLanguage\":\"fr-FR\",\"potentialAction\":[{\"@type\":\"ReadAction\",\"target\":[\"https:\/\/inter-faces.eu\/index.php\/mobilier-professionnel\/accessoires-de-bureau-et-connectique\/\"]}]},{\"@type\":\"ImageObject\",\"inLanguage\":\"fr-FR\",\"@id\":\"https:\/\/inter-faces.eu\/index.php\/mobilier-professionnel\/accessoires-de-bureau-et-connectique\/#primaryimage\",\"url\":\"https:\/\/inter-faces.eu\/wp-content\/uploads\/2025\/04\/USM-Haller-Toulon-Puget-sur-Argens-mobilier-contemporain-design-et-professionnel-accessoires-de-rangement-2.jpg\",\"contentUrl\":\"https:\/\/inter-faces.eu\/wp-content\/uploads\/2025\/04\/USM-Haller-Toulon-Puget-sur-Argens-mobilier-contemporain-design-et-professionnel-accessoires-de-rangement-2.jpg\",\"width\":768,\"height\":1152},{\"@type\":\"BreadcrumbList\",\"@id\":\"https:\/\/inter-faces.eu\/index.php\/mobilier-professionnel\/accessoires-de-bureau-et-connectique\/#breadcrumb\",\"itemListElement\":[{\"@type\":\"ListItem\",\"position\":1,\"name\":\"Accueil\",\"item\":\"https:\/\/inter-faces.eu\/\"},{\"@type\":\"ListItem\",\"position\":2,\"name\":\"Mobilier professionnel\",\"item\":\"https:\/\/inter-faces.eu\/index.php\/mobilier-professionnel\/\"},{\"@type\":\"ListItem\",\"position\":3,\"name\":\"Accessoires de bureau et connectique\"}]},{\"@type\":\"WebSite\",\"@id\":\"https:\/\/inter-faces.eu\/#website\",\"url\":\"https:\/\/inter-faces.eu\/\",\"name\":\"Inter-Faces\",\"description\":\"\",\"publisher\":{\"@id\":\"https:\/\/inter-faces.eu\/#organization\"},\"potentialAction\":[{\"@type\":\"SearchAction\",\"target\":{\"@type\":\"EntryPoint\",\"urlTemplate\":\"https:\/\/inter-faces.eu\/?s={search_term_string}\"},\"query-input\":\"required name=search_term_string\"}],\"inLanguage\":\"fr-FR\"},{\"@type\":\"Organization\",\"@id\":\"https:\/\/inter-faces.eu\/#organization\",\"name\":\"Inter-Faces\",\"url\":\"https:\/\/inter-faces.eu\/\",\"logo\":{\"@type\":\"ImageObject\",\"inLanguage\":\"fr-FR\",\"@id\":\"https:\/\/inter-faces.eu\/#\/schema\/logo\/image\/\",\"url\":\"https:\/\/inter-faces.eu\/wp-content\/uploads\/2024\/02\/logo.png\",\"contentUrl\":\"https:\/\/inter-faces.eu\/wp-content\/uploads\/2024\/02\/logo.png\",\"width\":400,\"height\":155,\"caption\":\"Inter-Faces\"},\"image\":{\"@id\":\"https:\/\/inter-faces.eu\/#\/schema\/logo\/image\/\"},\"sameAs\":[\"https:\/\/www.facebook.com\/interfacestoulon\",\"https:\/\/www.instagram.com\/inter_faces_mobilier\",\"https:\/\/www.youtube.com\/user\/interfacesmc\"]}]}<\/script>\n<!-- \/ Yoast SEO plugin. -->","yoast_head_json":{"title":"Accessoires de bureau et connectique - Inter-Faces","robots":{"index":"index","follow":"follow","max-snippet":"max-snippet:-1","max-image-preview":"max-image-preview:large","max-video-preview":"max-video-preview:-1"},"canonical":"https:\/\/inter-faces.eu\/index.php\/mobilier-professionnel\/accessoires-de-bureau-et-connectique\/","og_locale":"fr_FR","og_type":"article","og_title":"Accessoires de bureau et connectique - Inter-Faces","og_description":"Accessoires de bureau et connectique Les accessoires \u2026 pratiques et astucieux, \u00e0 la maison ou au bureau, en mode s\u00e9dentaire ou nomade, notre environnement de travail devient pluriel et requiert agilit\u00e9 et flexibilit\u00e9. Les accessoires, la connectique nous facilitent le quotidien en optimisant le rangement pour plus de confort, plus d&#039;efficacit\u00e9 &#8230; et moins de [&hellip;]","og_url":"https:\/\/inter-faces.eu\/index.php\/mobilier-professionnel\/accessoires-de-bureau-et-connectique\/","og_site_name":"Inter-Faces","article_publisher":"https:\/\/www.facebook.com\/interfacestoulon","article_modified_time":"2025-06-02T15:06:27+00:00","og_image":[{"url":"https:\/\/inter-faces.eu\/wp-content\/uploads\/2025\/04\/USM-Haller-Toulon-Puget-sur-Argens-mobilier-contemporain-design-et-professionnel-accessoires-de-rangement-2.jpg"}],"twitter_card":"summary_large_image","twitter_misc":{"Dur\u00e9e de lecture estim\u00e9e":"2 minutes"},"schema":{"@context":"https:\/\/schema.org","@graph":[{"@type":"WebPage","@id":"https:\/\/inter-faces.eu\/index.php\/mobilier-professionnel\/accessoires-de-bureau-et-connectique\/","url":"https:\/\/inter-faces.eu\/index.php\/mobilier-professionnel\/accessoires-de-bureau-et-connectique\/","name":"Accessoires de bureau et connectique - Inter-Faces","isPartOf":{"@id":"https:\/\/inter-faces.eu\/#website"},"primaryImageOfPage":{"@id":"https:\/\/inter-faces.eu\/index.php\/mobilier-professionnel\/accessoires-de-bureau-et-connectique\/#primaryimage"},"image":{"@id":"https:\/\/inter-faces.eu\/index.php\/mobilier-professionnel\/accessoires-de-bureau-et-connectique\/#primaryimage"},"thumbnailUrl":"https:\/\/inter-faces.eu\/wp-content\/uploads\/2025\/04\/USM-Haller-Toulon-Puget-sur-Argens-mobilier-contemporain-design-et-professionnel-accessoires-de-rangement-2.jpg","datePublished":"2024-12-03T16:14:23+00:00","dateModified":"2025-06-02T15:06:27+00:00","breadcrumb":{"@id":"https:\/\/inter-faces.eu\/index.php\/mobilier-professionnel\/accessoires-de-bureau-et-connectique\/#breadcrumb"},"inLanguage":"fr-FR","potentialAction":[{"@type":"ReadAction","target":["https:\/\/inter-faces.eu\/index.php\/mobilier-professionnel\/accessoires-de-bureau-et-connectique\/"]}]},{"@type":"ImageObject","inLanguage":"fr-FR","@id":"https:\/\/inter-faces.eu\/index.php\/mobilier-professionnel\/accessoires-de-bureau-et-connectique\/#primaryimage","url":"https:\/\/inter-faces.eu\/wp-content\/uploads\/2025\/04\/USM-Haller-Toulon-Puget-sur-Argens-mobilier-contemporain-design-et-professionnel-accessoires-de-rangement-2.jpg","contentUrl":"https:\/\/inter-faces.eu\/wp-content\/uploads\/2025\/04\/USM-Haller-Toulon-Puget-sur-Argens-mobilier-contemporain-design-et-professionnel-accessoires-de-rangement-2.jpg","width":768,"height":1152},{"@type":"BreadcrumbList","@id":"https:\/\/inter-faces.eu\/index.php\/mobilier-professionnel\/accessoires-de-bureau-et-connectique\/#breadcrumb","itemListElement":[{"@type":"ListItem","position":1,"name":"Accueil","item":"https:\/\/inter-faces.eu\/"},{"@type":"ListItem","position":2,"name":"Mobilier professionnel","item":"https:\/\/inter-faces.eu\/index.php\/mobilier-professionnel\/"},{"@type":"ListItem","position":3,"name":"Accessoires de bureau et connectique"}]},{"@type":"WebSite","@id":"https:\/\/inter-faces.eu\/#website","url":"https:\/\/inter-faces.eu\/","name":"Inter-Faces","description":"","publisher":{"@id":"https:\/\/inter-faces.eu\/#organization"},"potentialAction":[{"@type":"SearchAction","target":{"@type":"EntryPoint","urlTemplate":"https:\/\/inter-faces.eu\/?s={search_term_string}"},"query-input":"required name=search_term_string"}],"inLanguage":"fr-FR"},{"@type":"Organization","@id":"https:\/\/inter-faces.eu\/#organization","name":"Inter-Faces","url":"https:\/\/inter-faces.eu\/","logo":{"@type":"ImageObject","inLanguage":"fr-FR","@id":"https:\/\/inter-faces.eu\/#\/schema\/logo\/image\/","url":"https:\/\/inter-faces.eu\/wp-content\/uploads\/2024\/02\/logo.png","contentUrl":"https:\/\/inter-faces.eu\/wp-content\/uploads\/2024\/02\/logo.png","width":400,"height":155,"caption":"Inter-Faces"},"image":{"@id":"https:\/\/inter-faces.eu\/#\/schema\/logo\/image\/"},"sameAs":["https:\/\/www.facebook.com\/interfacestoulon","https:\/\/www.instagram.com\/inter_faces_mobilier","https:\/\/www.youtube.com\/user\/interfacesmc"]}]}},"_links":{"self":[{"href":"https:\/\/inter-faces.eu\/index.php\/wp-json\/wp\/v2\/pages\/17482"}],"collection":[{"href":"https:\/\/inter-faces.eu\/index.php\/wp-json\/wp\/v2\/pages"}],"about":[{"href":"https:\/\/inter-faces.eu\/index.php\/wp-json\/wp\/v2\/types\/page"}],"author":[{"embeddable":true,"href":"https:\/\/inter-faces.eu\/index.php\/wp-json\/wp\/v2\/users\/4"}],"replies":[{"embeddable":true,"href":"https:\/\/inter-faces.eu\/index.php\/wp-json\/wp\/v2\/comments?post=17482"}],"version-history":[{"count":10,"href":"https:\/\/inter-faces.eu\/index.php\/wp-json\/wp\/v2\/pages\/17482\/revisions"}],"predecessor-version":[{"id":18274,"href":"https:\/\/inter-faces.eu\/index.php\/wp-json\/wp\/v2\/pages\/17482\/revisions\/18274"}],"up":[{"embeddable":true,"href":"https:\/\/inter-faces.eu\/index.php\/wp-json\/wp\/v2\/pages\/10336"}],"wp:attachment":[{"href":"https:\/\/inter-faces.eu\/index.php\/wp-json\/wp\/v2\/media?parent=17482"}],"curies":[{"name":"wp","href":"https:\/\/api.w.org\/{rel}","templated":true}]}}