{"id":14788,"date":"2024-05-06T15:22:28","date_gmt":"2024-05-06T13:22:28","guid":{"rendered":"https:\/\/romainleny-dev.com\/?page_id=14788"},"modified":"2025-06-02T17:04:45","modified_gmt":"2025-06-02T15:04:45","slug":"eclairage-accessoires-et-connectique","status":"publish","type":"page","link":"https:\/\/inter-faces.eu\/index.php\/mobilier-professionnel\/eclairage-accessoires-et-connectique\/","title":{"rendered":"Eclairage"},"content":{"rendered":"\t\t<div data-elementor-type=\"wp-page\" data-elementor-id=\"14788\" class=\"elementor elementor-14788\" data-elementor-post-type=\"page\">\n\t\t\t\t<div class=\"elementor-element elementor-element-649c2197 e-con-full e-flex e-con e-parent\" data-id=\"649c2197\" data-element_type=\"container\" data-core-v316-plus=\"true\">\n\t\t\t\t<div class=\"elementor-element elementor-element-3c1accde elementor-widget elementor-widget-hiroshi_core_section_title\" data-id=\"3c1accde\" data-element_type=\"widget\" data-widget_type=\"hiroshi_core_section_title.default\">\n\t\t\t\t<div class=\"elementor-widget-container\">\n\t\t\t<div class=\"qodef-shortcode qodef-m  qodef-section-title qodef-alignment--left \">\n\t\t<h1 class=\"qodef-m-title\" >\n\t\t\t\t\tEclairage\t\t\t<\/h1>\n\t\t<p class=\"qodef-m-text\" >Il suffit parfois de quelques am\u00e9nagements pour un meilleur confort au bureau.                      \n\n                      \nL\u2019\u00e9clairage par exemple\u2026 La lumi\u00e8re structure et donne vie aux espaces, c\u2019est une des cl\u00e9s importantes pour une meilleure ergonomie, une meilleure sant\u00e9 et plus de bien-\u00eatre au travail.\nLa s\u00e9lection de luminaires Inter-Faces Pro allie performance technique, sobri\u00e9t\u00e9 \u00e9nerg\u00e9tique \u00e9l\u00e9gance, style. Nous pouvons r\u00e9pondre \u00e0 toute demande classique ou sp\u00e9cifique pour s\u2019adapter aux besoins de chaque utilisateur, de chaque lieu ou univers professionnel pour une mise en lumi\u00e8re fonctionnelle et efficace. \n<\/p>\n<\/div>\n\t\t<\/div>\n\t\t\t\t<\/div>\n\t\t\t\t<\/div>\n\t\t\t\t<section class=\"elementor-section elementor-top-section elementor-element elementor-element-661fdc45 elementor-section-full_width qodef-elementor-content-grid elementor-section-height-default elementor-section-height-default qodef-elementor-column-no\" data-id=\"661fdc45\" data-element_type=\"section\">\n\t\t\t\t\t\t<div class=\"elementor-container elementor-column-gap-default\">\n\t\t\t\t\t<div class=\"elementor-column elementor-col-100 elementor-top-column elementor-element elementor-element-23f4da1f\" data-id=\"23f4da1f\" data-element_type=\"column\">\n\t\t\t<div class=\"elementor-widget-wrap elementor-element-populated\">\n\t\t\t\t\t\t<div class=\"elementor-element elementor-element-4c171564 elementor-widget elementor-widget-hiroshi_core_portfolio_list\" data-id=\"4c171564\" data-element_type=\"widget\" data-widget_type=\"hiroshi_core_portfolio_list.default\">\n\t\t\t\t<div class=\"elementor-widget-container\">\n\t\t\t<div class=\"qodef-shortcode qodef-m  qodef-portfolio-list qodef-item-layout--info-below  qodef-grid qodef-layout--columns  qodef-gutter--tiny qodef-col-num--3 qodef-item-layout--info-below qodef--no-bottom-space qodef-pagination--off qodef-responsive--predefined qodef-hover-animation--move-text\" data-options=\"{&quot;plugin&quot;:&quot;hiroshi_core&quot;,&quot;module&quot;:&quot;post-types\\\/portfolio\\\/shortcodes&quot;,&quot;shortcode&quot;:&quot;portfolio-list&quot;,&quot;post_type&quot;:&quot;portfolio-item&quot;,&quot;next_page&quot;:&quot;2&quot;,&quot;max_pages_num&quot;:1,&quot;behavior&quot;:&quot;columns&quot;,&quot;images_proportion&quot;:&quot;full&quot;,&quot;columns&quot;:&quot;3&quot;,&quot;columns_responsive&quot;:&quot;predefined&quot;,&quot;space&quot;:&quot;tiny&quot;,&quot;posts_per_page&quot;:&quot;200&quot;,&quot;orderby&quot;:&quot;date&quot;,&quot;order&quot;:&quot;DESC&quot;,&quot;additional_params&quot;:&quot;tax&quot;,&quot;tax&quot;:&quot;portfolio-tag&quot;,&quot;tax_slug&quot;:&quot;eclairage-accessoires-et-connectique&quot;,&quot;layout&quot;:&quot;info-below&quot;,&quot;hover_animation_info-below&quot;:&quot;move-text&quot;,&quot;hover_animation_info-follow&quot;:&quot;follow&quot;,&quot;hover_animation_info-on-hover&quot;:&quot;fade-in&quot;,&quot;title_tag&quot;:&quot;h4&quot;,&quot;enable_category&quot;:&quot;yes&quot;,&quot;zigzag&quot;:&quot;no&quot;,&quot;custom_margin&quot;:&quot;no&quot;,&quot;enable_appear&quot;:&quot;no&quot;,&quot;pagination_type&quot;:&quot;no-pagination&quot;,&quot;info_below_content_margin&quot;:&quot;24px 0 30px 0px&quot;,&quot;object_class_name&quot;:&quot;HiroshiCore_Portfolio_List_Shortcode&quot;,&quot;taxonomy_filter&quot;:&quot;portfolio-tag&quot;,&quot;additional_query_args&quot;:{&quot;tax_query&quot;:[{&quot;taxonomy&quot;:&quot;portfolio-tag&quot;,&quot;field&quot;:&quot;slug&quot;,&quot;terms&quot;:&quot;eclairage-accessoires-et-connectique&quot;}]},&quot;space_value&quot;:4}\">\n\t\t<div class=\"qodef-grid-inner clear\">\n\t\t<article class=\"qodef-e qodef-grid-item qodef-item--full  post-18684 portfolio-item type-portfolio-item status-publish has-post-thumbnail hentry portfolio-category-mobilier-professionnel portfolio-tag-eclairage-accessoires-et-connectique portfolio-tag-fatboy portfolio-tag-lampe-a-poser portfolio-tag-luminaire\">\n\t<div class=\"qodef-e-inner\" >\n\t\t<div class=\"qodef-e-image\">\n\t\t\t\t<div class=\"qodef-e-media-image\">\n\t\t<a itemprop=\"url\" href=\"https:\/\/inter-faces.eu\/index.php\/portfolio-item\/little-lebow-choisissez-votre-intensite-fatboy-2\/\" target=\"_self\">\n\t\t\t<img fetchpriority=\"high\" decoding=\"async\" width=\"1440\" height=\"960\" src=\"https:\/\/inter-faces.eu\/wp-content\/uploads\/2025\/11\/Inter-Faces-Toulon-et-Puget-sur-Argens-Var-Mobilier-contemporain-design-Luminaire-lampe-Little-Lebo-Fatboy-5.jpg\" class=\"attachment-full size-full wp-post-image\" alt=\"\" srcset=\"https:\/\/inter-faces.eu\/wp-content\/uploads\/2025\/11\/Inter-Faces-Toulon-et-Puget-sur-Argens-Var-Mobilier-contemporain-design-Luminaire-lampe-Little-Lebo-Fatboy-5.jpg 1440w, https:\/\/inter-faces.eu\/wp-content\/uploads\/2025\/11\/Inter-Faces-Toulon-et-Puget-sur-Argens-Var-Mobilier-contemporain-design-Luminaire-lampe-Little-Lebo-Fatboy-5-300x200.jpg 300w, https:\/\/inter-faces.eu\/wp-content\/uploads\/2025\/11\/Inter-Faces-Toulon-et-Puget-sur-Argens-Var-Mobilier-contemporain-design-Luminaire-lampe-Little-Lebo-Fatboy-5-1024x683.jpg 1024w, https:\/\/inter-faces.eu\/wp-content\/uploads\/2025\/11\/Inter-Faces-Toulon-et-Puget-sur-Argens-Var-Mobilier-contemporain-design-Luminaire-lampe-Little-Lebo-Fatboy-5-768x512.jpg 768w, https:\/\/inter-faces.eu\/wp-content\/uploads\/2025\/11\/Inter-Faces-Toulon-et-Puget-sur-Argens-Var-Mobilier-contemporain-design-Luminaire-lampe-Little-Lebo-Fatboy-5-600x400.jpg 600w\" sizes=\"(max-width: 1440px) 100vw, 1440px\" \/>\t\t<\/a>\n\t<\/div>\n\t\t\t\t\t<\/div>\n\t\t<div class=\"qodef-e-content\" style=\"margin:24px 0 30px 0px\">\n\t\t\t<div class=\"qodef-e-text\">\n\t\t\t\t<h4 itemprop=\"name\" class=\"qodef-e-title entry-title\" >\n\t<a itemprop=\"url\" class=\"qodef-e-title-link\" href=\"https:\/\/inter-faces.eu\/index.php\/portfolio-item\/little-lebow-choisissez-votre-intensite-fatboy-2\/\" target=\"_self\">\n\t\tLittle Lebow, choisissez votre intensit\u00e9 &#8211; Fatboy\t<\/a>\n<\/h4>\n\t\t\t<\/div>\n\t\t\t<div class=\"qodef-e-top-holder\">\n\t\t\t\t<div class=\"qodef-e-info\">\n\t\t\t\t\t\t<a href=\"https:\/\/inter-faces.eu\/index.php\/portfolio-category\/mobilier-professionnel\/\" rel=\"tag\">Mobilier professionnel<\/a>\t<div class=\"qodef-info-separator-end\"><\/div>\n\t\t\t\t<\/div>\n\t\t\t<\/div>\n\t\t<\/div>\n\t<\/div>\n<\/article>\n<article class=\"qodef-e qodef-grid-item qodef-item--full  post-18525 portfolio-item type-portfolio-item status-publish has-post-thumbnail hentry portfolio-category-mobilier-professionnel portfolio-tag-applique portfolio-tag-eclairage-accessoires-et-connectique portfolio-tag-lampadaire portfolio-tag-lampe-a-poser portfolio-tag-luminaire portfolio-tag-mobilier-professionnel portfolio-tag-nemo-lighting\">\n\t<div class=\"qodef-e-inner\" >\n\t\t<div class=\"qodef-e-image\">\n\t\t\t\t<div class=\"qodef-e-media-image\">\n\t\t<a itemprop=\"url\" href=\"https:\/\/inter-faces.eu\/index.php\/portfolio-item\/lampe-de-bureau-epuree-untitled-nemo\/\" target=\"_self\">\n\t\t\t<img decoding=\"async\" width=\"1000\" height=\"1500\" src=\"https:\/\/inter-faces.eu\/wp-content\/uploads\/2025\/08\/nter-Faces-Pro-mobilier-professionnel-Toulon-et-Puget-sur-Argens-Lampe-de-bureau-eclairege-professionnel-Untitled-NemoLighting-7.jpg\" class=\"attachment-full size-full wp-post-image\" alt=\"\" srcset=\"https:\/\/inter-faces.eu\/wp-content\/uploads\/2025\/08\/nter-Faces-Pro-mobilier-professionnel-Toulon-et-Puget-sur-Argens-Lampe-de-bureau-eclairege-professionnel-Untitled-NemoLighting-7.jpg 1000w, https:\/\/inter-faces.eu\/wp-content\/uploads\/2025\/08\/nter-Faces-Pro-mobilier-professionnel-Toulon-et-Puget-sur-Argens-Lampe-de-bureau-eclairege-professionnel-Untitled-NemoLighting-7-200x300.jpg 200w, https:\/\/inter-faces.eu\/wp-content\/uploads\/2025\/08\/nter-Faces-Pro-mobilier-professionnel-Toulon-et-Puget-sur-Argens-Lampe-de-bureau-eclairege-professionnel-Untitled-NemoLighting-7-683x1024.jpg 683w, https:\/\/inter-faces.eu\/wp-content\/uploads\/2025\/08\/nter-Faces-Pro-mobilier-professionnel-Toulon-et-Puget-sur-Argens-Lampe-de-bureau-eclairege-professionnel-Untitled-NemoLighting-7-768x1152.jpg 768w, https:\/\/inter-faces.eu\/wp-content\/uploads\/2025\/08\/nter-Faces-Pro-mobilier-professionnel-Toulon-et-Puget-sur-Argens-Lampe-de-bureau-eclairege-professionnel-Untitled-NemoLighting-7-600x900.jpg 600w\" sizes=\"(max-width: 1000px) 100vw, 1000px\" \/>\t\t<\/a>\n\t<\/div>\n\t\t\t\t\t<\/div>\n\t\t<div class=\"qodef-e-content\" style=\"margin:24px 0 30px 0px\">\n\t\t\t<div class=\"qodef-e-text\">\n\t\t\t\t<h4 itemprop=\"name\" class=\"qodef-e-title entry-title\" >\n\t<a itemprop=\"url\" class=\"qodef-e-title-link\" href=\"https:\/\/inter-faces.eu\/index.php\/portfolio-item\/lampe-de-bureau-epuree-untitled-nemo\/\" target=\"_self\">\n\t\tLampe de bureau \u00e9pur\u00e9e Untitled &#8211; Nemo\t<\/a>\n<\/h4>\n\t\t\t<\/div>\n\t\t\t<div class=\"qodef-e-top-holder\">\n\t\t\t\t<div class=\"qodef-e-info\">\n\t\t\t\t\t\t<a href=\"https:\/\/inter-faces.eu\/index.php\/portfolio-category\/mobilier-professionnel\/\" rel=\"tag\">Mobilier professionnel<\/a>\t<div class=\"qodef-info-separator-end\"><\/div>\n\t\t\t\t<\/div>\n\t\t\t<\/div>\n\t\t<\/div>\n\t<\/div>\n<\/article>\n<article class=\"qodef-e qodef-grid-item qodef-item--full  post-18474 portfolio-item type-portfolio-item status-publish has-post-thumbnail hentry portfolio-category-mobilier-professionnel portfolio-tag-eclairage-accessoires-et-connectique portfolio-tag-mobilier-professionnel portfolio-tag-solutions-acoustiques\">\n\t<div class=\"qodef-e-inner\" >\n\t\t<div class=\"qodef-e-image\">\n\t\t\t\t<div class=\"qodef-e-media-image\">\n\t\t<a itemprop=\"url\" href=\"https:\/\/inter-faces.eu\/index.php\/portfolio-item\/lily-suspension-acoustique-abstracta\/\" target=\"_self\">\n\t\t\t<img decoding=\"async\" width=\"2099\" height=\"1399\" src=\"https:\/\/inter-faces.eu\/wp-content\/uploads\/2025\/07\/Inter-faces-Pro-Toulon-et-Puget-sur-Argens-Eclairage-acoustique-Lily-Abstracta-1.jpg\" class=\"attachment-full size-full wp-post-image\" alt=\"\" srcset=\"https:\/\/inter-faces.eu\/wp-content\/uploads\/2025\/07\/Inter-faces-Pro-Toulon-et-Puget-sur-Argens-Eclairage-acoustique-Lily-Abstracta-1.jpg 2099w, https:\/\/inter-faces.eu\/wp-content\/uploads\/2025\/07\/Inter-faces-Pro-Toulon-et-Puget-sur-Argens-Eclairage-acoustique-Lily-Abstracta-1-300x200.jpg 300w, https:\/\/inter-faces.eu\/wp-content\/uploads\/2025\/07\/Inter-faces-Pro-Toulon-et-Puget-sur-Argens-Eclairage-acoustique-Lily-Abstracta-1-1024x683.jpg 1024w, https:\/\/inter-faces.eu\/wp-content\/uploads\/2025\/07\/Inter-faces-Pro-Toulon-et-Puget-sur-Argens-Eclairage-acoustique-Lily-Abstracta-1-768x512.jpg 768w, https:\/\/inter-faces.eu\/wp-content\/uploads\/2025\/07\/Inter-faces-Pro-Toulon-et-Puget-sur-Argens-Eclairage-acoustique-Lily-Abstracta-1-1536x1024.jpg 1536w, https:\/\/inter-faces.eu\/wp-content\/uploads\/2025\/07\/Inter-faces-Pro-Toulon-et-Puget-sur-Argens-Eclairage-acoustique-Lily-Abstracta-1-2048x1365.jpg 2048w, https:\/\/inter-faces.eu\/wp-content\/uploads\/2025\/07\/Inter-faces-Pro-Toulon-et-Puget-sur-Argens-Eclairage-acoustique-Lily-Abstracta-1-600x400.jpg 600w\" sizes=\"(max-width: 2099px) 100vw, 2099px\" \/>\t\t<\/a>\n\t<\/div>\n\t\t\t\t\t<\/div>\n\t\t<div class=\"qodef-e-content\" style=\"margin:24px 0 30px 0px\">\n\t\t\t<div class=\"qodef-e-text\">\n\t\t\t\t<h4 itemprop=\"name\" class=\"qodef-e-title entry-title\" >\n\t<a itemprop=\"url\" class=\"qodef-e-title-link\" href=\"https:\/\/inter-faces.eu\/index.php\/portfolio-item\/lily-suspension-acoustique-abstracta\/\" target=\"_self\">\n\t\tLily , suspension acoustique &#8211; Abstracta\t<\/a>\n<\/h4>\n\t\t\t<\/div>\n\t\t\t<div class=\"qodef-e-top-holder\">\n\t\t\t\t<div class=\"qodef-e-info\">\n\t\t\t\t\t\t<a href=\"https:\/\/inter-faces.eu\/index.php\/portfolio-category\/mobilier-professionnel\/\" rel=\"tag\">Mobilier professionnel<\/a>\t<div class=\"qodef-info-separator-end\"><\/div>\n\t\t\t\t<\/div>\n\t\t\t<\/div>\n\t\t<\/div>\n\t<\/div>\n<\/article>\n<article class=\"qodef-e qodef-grid-item qodef-item--full  post-17463 portfolio-item type-portfolio-item status-publish has-post-thumbnail hentry portfolio-category-mobilier-professionnel portfolio-tag-eclairage-accessoires-et-connectique portfolio-tag-flex-office-mobilier-professionnel portfolio-tag-lampe-a-poser portfolio-tag-mobilier-professionnel portfolio-tag-nomade\">\n\t<div class=\"qodef-e-inner\" >\n\t\t<div class=\"qodef-e-image\">\n\t\t\t\t<div class=\"qodef-e-media-image\">\n\t\t<a itemprop=\"url\" href=\"https:\/\/inter-faces.eu\/index.php\/portfolio-item\/scoop-la-balladeuse-nomade-et-maline-manade\/\" target=\"_self\">\n\t\t\t<img loading=\"lazy\" decoding=\"async\" width=\"724\" height=\"1024\" src=\"https:\/\/inter-faces.eu\/wp-content\/uploads\/2024\/12\/Manade-Balladeuse-Scoop-2.jpg\" class=\"attachment-full size-full wp-post-image\" alt=\"\" srcset=\"https:\/\/inter-faces.eu\/wp-content\/uploads\/2024\/12\/Manade-Balladeuse-Scoop-2.jpg 724w, https:\/\/inter-faces.eu\/wp-content\/uploads\/2024\/12\/Manade-Balladeuse-Scoop-2-212x300.jpg 212w, https:\/\/inter-faces.eu\/wp-content\/uploads\/2024\/12\/Manade-Balladeuse-Scoop-2-600x849.jpg 600w\" sizes=\"(max-width: 724px) 100vw, 724px\" \/>\t\t<\/a>\n\t<\/div>\n\t\t\t\t\t<\/div>\n\t\t<div class=\"qodef-e-content\" style=\"margin:24px 0 30px 0px\">\n\t\t\t<div class=\"qodef-e-text\">\n\t\t\t\t<h4 itemprop=\"name\" class=\"qodef-e-title entry-title\" >\n\t<a itemprop=\"url\" class=\"qodef-e-title-link\" href=\"https:\/\/inter-faces.eu\/index.php\/portfolio-item\/scoop-la-balladeuse-nomade-et-maline-manade\/\" target=\"_self\">\n\t\tScoop, la Balladeuse nomade et maline &#8211; Manade\t<\/a>\n<\/h4>\n\t\t\t<\/div>\n\t\t\t<div class=\"qodef-e-top-holder\">\n\t\t\t\t<div class=\"qodef-e-info\">\n\t\t\t\t\t\t<a href=\"https:\/\/inter-faces.eu\/index.php\/portfolio-category\/mobilier-professionnel\/\" rel=\"tag\">Mobilier professionnel<\/a>\t<div class=\"qodef-info-separator-end\"><\/div>\n\t\t\t\t<\/div>\n\t\t\t<\/div>\n\t\t<\/div>\n\t<\/div>\n<\/article>\n<article class=\"qodef-e qodef-grid-item qodef-item--full  post-18464 portfolio-item type-portfolio-item status-publish has-post-thumbnail hentry portfolio-category-mobilier-professionnel portfolio-tag-eclairage-accessoires-et-connectique portfolio-tag-mobilier-professionnel portfolio-tag-solutions-acoustiques\">\n\t<div class=\"qodef-e-inner\" >\n\t\t<div class=\"qodef-e-image\">\n\t\t\t\t<div class=\"qodef-e-media-image\">\n\t\t<a itemprop=\"url\" href=\"https:\/\/inter-faces.eu\/index.php\/portfolio-item\/moon-lumineuse-insonorisation-eclairage-acoustique-abstracta\/\" target=\"_self\">\n\t\t\t<img loading=\"lazy\" decoding=\"async\" width=\"1600\" height=\"800\" src=\"https:\/\/inter-faces.eu\/wp-content\/uploads\/2025\/07\/Inter-faces-Pro-Toulon-et-Puget-sur-Argens-Eclairage-acoustique-Moon-Abstracta-7.png\" class=\"attachment-full size-full wp-post-image\" alt=\"\" srcset=\"https:\/\/inter-faces.eu\/wp-content\/uploads\/2025\/07\/Inter-faces-Pro-Toulon-et-Puget-sur-Argens-Eclairage-acoustique-Moon-Abstracta-7.png 1600w, https:\/\/inter-faces.eu\/wp-content\/uploads\/2025\/07\/Inter-faces-Pro-Toulon-et-Puget-sur-Argens-Eclairage-acoustique-Moon-Abstracta-7-300x150.png 300w, https:\/\/inter-faces.eu\/wp-content\/uploads\/2025\/07\/Inter-faces-Pro-Toulon-et-Puget-sur-Argens-Eclairage-acoustique-Moon-Abstracta-7-1024x512.png 1024w, https:\/\/inter-faces.eu\/wp-content\/uploads\/2025\/07\/Inter-faces-Pro-Toulon-et-Puget-sur-Argens-Eclairage-acoustique-Moon-Abstracta-7-768x384.png 768w, https:\/\/inter-faces.eu\/wp-content\/uploads\/2025\/07\/Inter-faces-Pro-Toulon-et-Puget-sur-Argens-Eclairage-acoustique-Moon-Abstracta-7-1536x768.png 1536w, https:\/\/inter-faces.eu\/wp-content\/uploads\/2025\/07\/Inter-faces-Pro-Toulon-et-Puget-sur-Argens-Eclairage-acoustique-Moon-Abstracta-7-1300x650.png 1300w, https:\/\/inter-faces.eu\/wp-content\/uploads\/2025\/07\/Inter-faces-Pro-Toulon-et-Puget-sur-Argens-Eclairage-acoustique-Moon-Abstracta-7-600x300.png 600w\" sizes=\"(max-width: 1600px) 100vw, 1600px\" \/>\t\t<\/a>\n\t<\/div>\n\t\t\t\t\t<\/div>\n\t\t<div class=\"qodef-e-content\" style=\"margin:24px 0 30px 0px\">\n\t\t\t<div class=\"qodef-e-text\">\n\t\t\t\t<h4 itemprop=\"name\" class=\"qodef-e-title entry-title\" >\n\t<a itemprop=\"url\" class=\"qodef-e-title-link\" href=\"https:\/\/inter-faces.eu\/index.php\/portfolio-item\/moon-lumineuse-insonorisation-eclairage-acoustique-abstracta\/\" target=\"_self\">\n\t\tMoon, Lumineuse insonorisation, Eclairage acoustique &#8211; Abstracta\t<\/a>\n<\/h4>\n\t\t\t<\/div>\n\t\t\t<div class=\"qodef-e-top-holder\">\n\t\t\t\t<div class=\"qodef-e-info\">\n\t\t\t\t\t\t<a href=\"https:\/\/inter-faces.eu\/index.php\/portfolio-category\/mobilier-professionnel\/\" rel=\"tag\">Mobilier professionnel<\/a>\t<div class=\"qodef-info-separator-end\"><\/div>\n\t\t\t\t<\/div>\n\t\t\t<\/div>\n\t\t<\/div>\n\t<\/div>\n<\/article>\n<article class=\"qodef-e qodef-grid-item qodef-item--full  post-17455 portfolio-item type-portfolio-item status-publish has-post-thumbnail hentry portfolio-category-mobilier-professionnel portfolio-tag-artemide portfolio-tag-eclairage-accessoires-et-connectique portfolio-tag-icone portfolio-tag-lampe-a-poser portfolio-tag-mobilier-professionnel\">\n\t<div class=\"qodef-e-inner\" >\n\t\t<div class=\"qodef-e-image\">\n\t\t\t\t<div class=\"qodef-e-media-image\">\n\t\t<a itemprop=\"url\" href=\"https:\/\/inter-faces.eu\/index.php\/portfolio-item\/intemporelle-et-iconique-tolomeo-artemide\/\" target=\"_self\">\n\t\t\t<img loading=\"lazy\" decoding=\"async\" width=\"1920\" height=\"1080\" src=\"https:\/\/inter-faces.eu\/wp-content\/uploads\/2024\/12\/Artemide-tolomeo7.jpg\" class=\"attachment-full size-full wp-post-image\" alt=\"\" srcset=\"https:\/\/inter-faces.eu\/wp-content\/uploads\/2024\/12\/Artemide-tolomeo7.jpg 1920w, https:\/\/inter-faces.eu\/wp-content\/uploads\/2024\/12\/Artemide-tolomeo7-300x169.jpg 300w, https:\/\/inter-faces.eu\/wp-content\/uploads\/2024\/12\/Artemide-tolomeo7-1024x576.jpg 1024w, https:\/\/inter-faces.eu\/wp-content\/uploads\/2024\/12\/Artemide-tolomeo7-768x432.jpg 768w, https:\/\/inter-faces.eu\/wp-content\/uploads\/2024\/12\/Artemide-tolomeo7-1536x864.jpg 1536w, https:\/\/inter-faces.eu\/wp-content\/uploads\/2024\/12\/Artemide-tolomeo7-600x338.jpg 600w\" sizes=\"(max-width: 1920px) 100vw, 1920px\" \/>\t\t<\/a>\n\t<\/div>\n\t\t\t\t\t<\/div>\n\t\t<div class=\"qodef-e-content\" style=\"margin:24px 0 30px 0px\">\n\t\t\t<div class=\"qodef-e-text\">\n\t\t\t\t<h4 itemprop=\"name\" class=\"qodef-e-title entry-title\" >\n\t<a itemprop=\"url\" class=\"qodef-e-title-link\" href=\"https:\/\/inter-faces.eu\/index.php\/portfolio-item\/intemporelle-et-iconique-tolomeo-artemide\/\" target=\"_self\">\n\t\tIntemporelle et iconique Tolomeo &#8211; Artemide\t<\/a>\n<\/h4>\n\t\t\t<\/div>\n\t\t\t<div class=\"qodef-e-top-holder\">\n\t\t\t\t<div class=\"qodef-e-info\">\n\t\t\t\t\t\t<a href=\"https:\/\/inter-faces.eu\/index.php\/portfolio-category\/mobilier-professionnel\/\" rel=\"tag\">Mobilier professionnel<\/a>\t<div class=\"qodef-info-separator-end\"><\/div>\n\t\t\t\t<\/div>\n\t\t\t<\/div>\n\t\t<\/div>\n\t<\/div>\n<\/article>\n<article class=\"qodef-e qodef-grid-item qodef-item--full  post-17322 portfolio-item type-portfolio-item status-publish has-post-thumbnail hentry portfolio-category-mobilier-professionnel portfolio-category-usm portfolio-tag-accessoires-de-bureau-et-connectique portfolio-tag-eclairage-accessoires-et-connectique portfolio-tag-mobilier-professionnel portfolio-tag-usm\">\n\t<div class=\"qodef-e-inner\" >\n\t\t<div class=\"qodef-e-image\">\n\t\t\t\t<div class=\"qodef-e-media-image\">\n\t\t<a itemprop=\"url\" href=\"https:\/\/inter-faces.eu\/index.php\/portfolio-item\/eclairage-et-branchements-integres-dans-les-meubles-usm\/\" target=\"_self\">\n\t\t\t<img loading=\"lazy\" decoding=\"async\" width=\"1919\" height=\"2560\" src=\"https:\/\/inter-faces.eu\/wp-content\/uploads\/2024\/10\/Bureau-USM-2-scaled.jpg\" class=\"attachment-full size-full wp-post-image\" alt=\"\" srcset=\"https:\/\/inter-faces.eu\/wp-content\/uploads\/2024\/10\/Bureau-USM-2-scaled.jpg 1919w, https:\/\/inter-faces.eu\/wp-content\/uploads\/2024\/10\/Bureau-USM-2-225x300.jpg 225w, https:\/\/inter-faces.eu\/wp-content\/uploads\/2024\/10\/Bureau-USM-2-768x1025.jpg 768w, https:\/\/inter-faces.eu\/wp-content\/uploads\/2024\/10\/Bureau-USM-2-1151x1536.jpg 1151w, https:\/\/inter-faces.eu\/wp-content\/uploads\/2024\/10\/Bureau-USM-2-1535x2048.jpg 1535w, https:\/\/inter-faces.eu\/wp-content\/uploads\/2024\/10\/Bureau-USM-2-600x801.jpg 600w\" sizes=\"(max-width: 1919px) 100vw, 1919px\" \/>\t\t<\/a>\n\t<\/div>\n\t\t\t\t\t<\/div>\n\t\t<div class=\"qodef-e-content\" style=\"margin:24px 0 30px 0px\">\n\t\t\t<div class=\"qodef-e-text\">\n\t\t\t\t<h4 itemprop=\"name\" class=\"qodef-e-title entry-title\" >\n\t<a itemprop=\"url\" class=\"qodef-e-title-link\" href=\"https:\/\/inter-faces.eu\/index.php\/portfolio-item\/eclairage-et-branchements-integres-dans-les-meubles-usm\/\" target=\"_self\">\n\t\tEclairage et branchements int\u00e9gr\u00e9s dans les meubles USM\t<\/a>\n<\/h4>\n\t\t\t<\/div>\n\t\t\t<div class=\"qodef-e-top-holder\">\n\t\t\t\t<div class=\"qodef-e-info\">\n\t\t\t\t\t\t<a href=\"https:\/\/inter-faces.eu\/index.php\/portfolio-category\/mobilier-professionnel\/\" rel=\"tag\">Mobilier professionnel<\/a><span class=\"qodef-info-separator-single\"><\/span><a href=\"https:\/\/inter-faces.eu\/index.php\/portfolio-category\/usm\/\" rel=\"tag\">USM<\/a>\t<div class=\"qodef-info-separator-end\"><\/div>\n\t\t\t\t<\/div>\n\t\t\t<\/div>\n\t\t<\/div>\n\t<\/div>\n<\/article>\n<article class=\"qodef-e qodef-grid-item qodef-item--full  post-13104 portfolio-item type-portfolio-item status-publish has-post-thumbnail hentry portfolio-category-luminaires portfolio-category-mobilier-professionnel portfolio-tag-applique portfolio-tag-eclairage-accessoires-et-connectique portfolio-tag-icone portfolio-tag-lampadaire portfolio-tag-lampe-a-poser portfolio-tag-luminaire portfolio-tag-mobilier-professionnel\">\n\t<div class=\"qodef-e-inner\" >\n\t\t<div class=\"qodef-e-image\">\n\t\t\t\t<div class=\"qodef-e-media-image\">\n\t\t<a itemprop=\"url\" href=\"https:\/\/inter-faces.eu\/index.php\/portfolio-item\/jielde-fabrication-francaise-depuis-1950\/\" target=\"_self\">\n\t\t\t<img loading=\"lazy\" decoding=\"async\" width=\"900\" height=\"652\" src=\"https:\/\/inter-faces.eu\/wp-content\/uploads\/2024\/02\/1-1-191.jpg\" class=\"attachment-full size-full wp-post-image\" alt=\"\" srcset=\"https:\/\/inter-faces.eu\/wp-content\/uploads\/2024\/02\/1-1-191.jpg 900w, https:\/\/inter-faces.eu\/wp-content\/uploads\/2024\/02\/1-1-191-300x217.jpg 300w, https:\/\/inter-faces.eu\/wp-content\/uploads\/2024\/02\/1-1-191-768x556.jpg 768w, https:\/\/inter-faces.eu\/wp-content\/uploads\/2024\/02\/1-1-191-600x435.jpg 600w\" sizes=\"(max-width: 900px) 100vw, 900px\" \/>\t\t<\/a>\n\t<\/div>\n\t\t\t\t\t<\/div>\n\t\t<div class=\"qodef-e-content\" style=\"margin:24px 0 30px 0px\">\n\t\t\t<div class=\"qodef-e-text\">\n\t\t\t\t<h4 itemprop=\"name\" class=\"qodef-e-title entry-title\" >\n\t<a itemprop=\"url\" class=\"qodef-e-title-link\" href=\"https:\/\/inter-faces.eu\/index.php\/portfolio-item\/jielde-fabrication-francaise-depuis-1950\/\" target=\"_self\">\n\t\tJield\u00e9, fabrication fran\u00e7aise depuis 1950\t<\/a>\n<\/h4>\n\t\t\t<\/div>\n\t\t\t<div class=\"qodef-e-top-holder\">\n\t\t\t\t<div class=\"qodef-e-info\">\n\t\t\t\t\t\t<a href=\"https:\/\/inter-faces.eu\/index.php\/portfolio-category\/luminaires\/\" rel=\"tag\">Luminaires<\/a><span class=\"qodef-info-separator-single\"><\/span><a href=\"https:\/\/inter-faces.eu\/index.php\/portfolio-category\/mobilier-professionnel\/\" rel=\"tag\">Mobilier professionnel<\/a>\t<div class=\"qodef-info-separator-end\"><\/div>\n\t\t\t\t<\/div>\n\t\t\t<\/div>\n\t\t<\/div>\n\t<\/div>\n<\/article>\n\t<\/div>\n\t<\/div>\n\t\t<\/div>\n\t\t\t\t<\/div>\n\t\t\t\t\t<\/div>\n\t\t<\/div>\n\t\t\t\t\t<\/div>\n\t\t<\/section>\n\t\t\t\t<\/div>\n\t\t<button class=\"simplefavorite-button\" data-postid=\"13104\" data-siteid=\"1\" data-groupid=\"1\" data-favoritecount=\"1\" style=\"\">Ajouter \u00e0 ma liste d'envies <i class=\"fa-solid fa-heart\"><\/i><\/button>","protected":false},"excerpt":{"rendered":"<p>Eclairage Il suffit parfois de quelques am\u00e9nagements pour un meilleur confort au bureau. L\u2019\u00e9clairage par exemple\u2026 La lumi\u00e8re structure et donne vie aux espaces, c\u2019est une des cl\u00e9s importantes pour une meilleure ergonomie, une meilleure sant\u00e9 et plus de bien-\u00eatre au travail. La s\u00e9lection de luminaires Inter-Faces Pro allie performance technique, sobri\u00e9t\u00e9 \u00e9nerg\u00e9tique \u00e9l\u00e9gance, style. [&hellip;]<\/p>\n","protected":false},"author":1,"featured_media":0,"parent":10336,"menu_order":0,"comment_status":"closed","ping_status":"closed","template":"","meta":{"footnotes":""},"yoast_head":"<!-- This site is optimized with the Yoast SEO plugin v22.6 - https:\/\/yoast.com\/wordpress\/plugins\/seo\/ -->\n<title>Eclairage - Inter-Faces<\/title>\n<meta name=\"robots\" content=\"index, follow, max-snippet:-1, max-image-preview:large, max-video-preview:-1\" \/>\n<link rel=\"canonical\" href=\"https:\/\/inter-faces.eu\/index.php\/mobilier-professionnel\/eclairage-accessoires-et-connectique\/\" \/>\n<meta property=\"og:locale\" content=\"fr_FR\" \/>\n<meta property=\"og:type\" content=\"article\" \/>\n<meta property=\"og:title\" content=\"Eclairage - Inter-Faces\" \/>\n<meta property=\"og:description\" content=\"Eclairage Il suffit parfois de quelques am\u00e9nagements pour un meilleur confort au bureau. L\u2019\u00e9clairage par exemple\u2026 La lumi\u00e8re structure et donne vie aux espaces, c\u2019est une des cl\u00e9s importantes pour une meilleure ergonomie, une meilleure sant\u00e9 et plus de bien-\u00eatre au travail. La s\u00e9lection de luminaires Inter-Faces Pro allie performance technique, sobri\u00e9t\u00e9 \u00e9nerg\u00e9tique \u00e9l\u00e9gance, style. [&hellip;]\" \/>\n<meta property=\"og:url\" content=\"https:\/\/inter-faces.eu\/index.php\/mobilier-professionnel\/eclairage-accessoires-et-connectique\/\" \/>\n<meta property=\"og:site_name\" content=\"Inter-Faces\" \/>\n<meta property=\"article:publisher\" content=\"https:\/\/www.facebook.com\/interfacestoulon\" \/>\n<meta property=\"article:modified_time\" content=\"2025-06-02T15:04:45+00:00\" \/>\n<meta property=\"og:image\" content=\"https:\/\/inter-faces.eu\/wp-content\/uploads\/2024\/12\/Manade-Balladeuse-Scoop-2.jpg\" \/>\n<meta name=\"twitter:card\" content=\"summary_large_image\" \/>\n<meta name=\"twitter:label1\" content=\"Dur\u00e9e de lecture estim\u00e9e\" \/>\n\t<meta name=\"twitter:data1\" content=\"2 minutes\" \/>\n<script type=\"application\/ld+json\" class=\"yoast-schema-graph\">{\"@context\":\"https:\/\/schema.org\",\"@graph\":[{\"@type\":\"WebPage\",\"@id\":\"https:\/\/inter-faces.eu\/index.php\/mobilier-professionnel\/eclairage-accessoires-et-connectique\/\",\"url\":\"https:\/\/inter-faces.eu\/index.php\/mobilier-professionnel\/eclairage-accessoires-et-connectique\/\",\"name\":\"Eclairage - Inter-Faces\",\"isPartOf\":{\"@id\":\"https:\/\/inter-faces.eu\/#website\"},\"primaryImageOfPage\":{\"@id\":\"https:\/\/inter-faces.eu\/index.php\/mobilier-professionnel\/eclairage-accessoires-et-connectique\/#primaryimage\"},\"image\":{\"@id\":\"https:\/\/inter-faces.eu\/index.php\/mobilier-professionnel\/eclairage-accessoires-et-connectique\/#primaryimage\"},\"thumbnailUrl\":\"https:\/\/inter-faces.eu\/wp-content\/uploads\/2024\/12\/Manade-Balladeuse-Scoop-2.jpg\",\"datePublished\":\"2024-05-06T13:22:28+00:00\",\"dateModified\":\"2025-06-02T15:04:45+00:00\",\"breadcrumb\":{\"@id\":\"https:\/\/inter-faces.eu\/index.php\/mobilier-professionnel\/eclairage-accessoires-et-connectique\/#breadcrumb\"},\"inLanguage\":\"fr-FR\",\"potentialAction\":[{\"@type\":\"ReadAction\",\"target\":[\"https:\/\/inter-faces.eu\/index.php\/mobilier-professionnel\/eclairage-accessoires-et-connectique\/\"]}]},{\"@type\":\"ImageObject\",\"inLanguage\":\"fr-FR\",\"@id\":\"https:\/\/inter-faces.eu\/index.php\/mobilier-professionnel\/eclairage-accessoires-et-connectique\/#primaryimage\",\"url\":\"https:\/\/inter-faces.eu\/wp-content\/uploads\/2024\/12\/Manade-Balladeuse-Scoop-2.jpg\",\"contentUrl\":\"https:\/\/inter-faces.eu\/wp-content\/uploads\/2024\/12\/Manade-Balladeuse-Scoop-2.jpg\",\"width\":724,\"height\":1024},{\"@type\":\"BreadcrumbList\",\"@id\":\"https:\/\/inter-faces.eu\/index.php\/mobilier-professionnel\/eclairage-accessoires-et-connectique\/#breadcrumb\",\"itemListElement\":[{\"@type\":\"ListItem\",\"position\":1,\"name\":\"Accueil\",\"item\":\"https:\/\/inter-faces.eu\/\"},{\"@type\":\"ListItem\",\"position\":2,\"name\":\"Mobilier professionnel\",\"item\":\"https:\/\/inter-faces.eu\/index.php\/mobilier-professionnel\/\"},{\"@type\":\"ListItem\",\"position\":3,\"name\":\"Eclairage\"}]},{\"@type\":\"WebSite\",\"@id\":\"https:\/\/inter-faces.eu\/#website\",\"url\":\"https:\/\/inter-faces.eu\/\",\"name\":\"Inter-Faces\",\"description\":\"\",\"publisher\":{\"@id\":\"https:\/\/inter-faces.eu\/#organization\"},\"potentialAction\":[{\"@type\":\"SearchAction\",\"target\":{\"@type\":\"EntryPoint\",\"urlTemplate\":\"https:\/\/inter-faces.eu\/?s={search_term_string}\"},\"query-input\":\"required name=search_term_string\"}],\"inLanguage\":\"fr-FR\"},{\"@type\":\"Organization\",\"@id\":\"https:\/\/inter-faces.eu\/#organization\",\"name\":\"Inter-Faces\",\"url\":\"https:\/\/inter-faces.eu\/\",\"logo\":{\"@type\":\"ImageObject\",\"inLanguage\":\"fr-FR\",\"@id\":\"https:\/\/inter-faces.eu\/#\/schema\/logo\/image\/\",\"url\":\"https:\/\/inter-faces.eu\/wp-content\/uploads\/2024\/02\/logo.png\",\"contentUrl\":\"https:\/\/inter-faces.eu\/wp-content\/uploads\/2024\/02\/logo.png\",\"width\":400,\"height\":155,\"caption\":\"Inter-Faces\"},\"image\":{\"@id\":\"https:\/\/inter-faces.eu\/#\/schema\/logo\/image\/\"},\"sameAs\":[\"https:\/\/www.facebook.com\/interfacestoulon\",\"https:\/\/www.instagram.com\/inter_faces_mobilier\",\"https:\/\/www.youtube.com\/user\/interfacesmc\"]}]}<\/script>\n<!-- \/ Yoast SEO plugin. -->","yoast_head_json":{"title":"Eclairage - Inter-Faces","robots":{"index":"index","follow":"follow","max-snippet":"max-snippet:-1","max-image-preview":"max-image-preview:large","max-video-preview":"max-video-preview:-1"},"canonical":"https:\/\/inter-faces.eu\/index.php\/mobilier-professionnel\/eclairage-accessoires-et-connectique\/","og_locale":"fr_FR","og_type":"article","og_title":"Eclairage - Inter-Faces","og_description":"Eclairage Il suffit parfois de quelques am\u00e9nagements pour un meilleur confort au bureau. L\u2019\u00e9clairage par exemple\u2026 La lumi\u00e8re structure et donne vie aux espaces, c\u2019est une des cl\u00e9s importantes pour une meilleure ergonomie, une meilleure sant\u00e9 et plus de bien-\u00eatre au travail. La s\u00e9lection de luminaires Inter-Faces Pro allie performance technique, sobri\u00e9t\u00e9 \u00e9nerg\u00e9tique \u00e9l\u00e9gance, style. [&hellip;]","og_url":"https:\/\/inter-faces.eu\/index.php\/mobilier-professionnel\/eclairage-accessoires-et-connectique\/","og_site_name":"Inter-Faces","article_publisher":"https:\/\/www.facebook.com\/interfacestoulon","article_modified_time":"2025-06-02T15:04:45+00:00","og_image":[{"url":"https:\/\/inter-faces.eu\/wp-content\/uploads\/2024\/12\/Manade-Balladeuse-Scoop-2.jpg"}],"twitter_card":"summary_large_image","twitter_misc":{"Dur\u00e9e de lecture estim\u00e9e":"2 minutes"},"schema":{"@context":"https:\/\/schema.org","@graph":[{"@type":"WebPage","@id":"https:\/\/inter-faces.eu\/index.php\/mobilier-professionnel\/eclairage-accessoires-et-connectique\/","url":"https:\/\/inter-faces.eu\/index.php\/mobilier-professionnel\/eclairage-accessoires-et-connectique\/","name":"Eclairage - Inter-Faces","isPartOf":{"@id":"https:\/\/inter-faces.eu\/#website"},"primaryImageOfPage":{"@id":"https:\/\/inter-faces.eu\/index.php\/mobilier-professionnel\/eclairage-accessoires-et-connectique\/#primaryimage"},"image":{"@id":"https:\/\/inter-faces.eu\/index.php\/mobilier-professionnel\/eclairage-accessoires-et-connectique\/#primaryimage"},"thumbnailUrl":"https:\/\/inter-faces.eu\/wp-content\/uploads\/2024\/12\/Manade-Balladeuse-Scoop-2.jpg","datePublished":"2024-05-06T13:22:28+00:00","dateModified":"2025-06-02T15:04:45+00:00","breadcrumb":{"@id":"https:\/\/inter-faces.eu\/index.php\/mobilier-professionnel\/eclairage-accessoires-et-connectique\/#breadcrumb"},"inLanguage":"fr-FR","potentialAction":[{"@type":"ReadAction","target":["https:\/\/inter-faces.eu\/index.php\/mobilier-professionnel\/eclairage-accessoires-et-connectique\/"]}]},{"@type":"ImageObject","inLanguage":"fr-FR","@id":"https:\/\/inter-faces.eu\/index.php\/mobilier-professionnel\/eclairage-accessoires-et-connectique\/#primaryimage","url":"https:\/\/inter-faces.eu\/wp-content\/uploads\/2024\/12\/Manade-Balladeuse-Scoop-2.jpg","contentUrl":"https:\/\/inter-faces.eu\/wp-content\/uploads\/2024\/12\/Manade-Balladeuse-Scoop-2.jpg","width":724,"height":1024},{"@type":"BreadcrumbList","@id":"https:\/\/inter-faces.eu\/index.php\/mobilier-professionnel\/eclairage-accessoires-et-connectique\/#breadcrumb","itemListElement":[{"@type":"ListItem","position":1,"name":"Accueil","item":"https:\/\/inter-faces.eu\/"},{"@type":"ListItem","position":2,"name":"Mobilier professionnel","item":"https:\/\/inter-faces.eu\/index.php\/mobilier-professionnel\/"},{"@type":"ListItem","position":3,"name":"Eclairage"}]},{"@type":"WebSite","@id":"https:\/\/inter-faces.eu\/#website","url":"https:\/\/inter-faces.eu\/","name":"Inter-Faces","description":"","publisher":{"@id":"https:\/\/inter-faces.eu\/#organization"},"potentialAction":[{"@type":"SearchAction","target":{"@type":"EntryPoint","urlTemplate":"https:\/\/inter-faces.eu\/?s={search_term_string}"},"query-input":"required name=search_term_string"}],"inLanguage":"fr-FR"},{"@type":"Organization","@id":"https:\/\/inter-faces.eu\/#organization","name":"Inter-Faces","url":"https:\/\/inter-faces.eu\/","logo":{"@type":"ImageObject","inLanguage":"fr-FR","@id":"https:\/\/inter-faces.eu\/#\/schema\/logo\/image\/","url":"https:\/\/inter-faces.eu\/wp-content\/uploads\/2024\/02\/logo.png","contentUrl":"https:\/\/inter-faces.eu\/wp-content\/uploads\/2024\/02\/logo.png","width":400,"height":155,"caption":"Inter-Faces"},"image":{"@id":"https:\/\/inter-faces.eu\/#\/schema\/logo\/image\/"},"sameAs":["https:\/\/www.facebook.com\/interfacestoulon","https:\/\/www.instagram.com\/inter_faces_mobilier","https:\/\/www.youtube.com\/user\/interfacesmc"]}]}},"_links":{"self":[{"href":"https:\/\/inter-faces.eu\/index.php\/wp-json\/wp\/v2\/pages\/14788"}],"collection":[{"href":"https:\/\/inter-faces.eu\/index.php\/wp-json\/wp\/v2\/pages"}],"about":[{"href":"https:\/\/inter-faces.eu\/index.php\/wp-json\/wp\/v2\/types\/page"}],"author":[{"embeddable":true,"href":"https:\/\/inter-faces.eu\/index.php\/wp-json\/wp\/v2\/users\/1"}],"replies":[{"embeddable":true,"href":"https:\/\/inter-faces.eu\/index.php\/wp-json\/wp\/v2\/comments?post=14788"}],"version-history":[{"count":14,"href":"https:\/\/inter-faces.eu\/index.php\/wp-json\/wp\/v2\/pages\/14788\/revisions"}],"predecessor-version":[{"id":18271,"href":"https:\/\/inter-faces.eu\/index.php\/wp-json\/wp\/v2\/pages\/14788\/revisions\/18271"}],"up":[{"embeddable":true,"href":"https:\/\/inter-faces.eu\/index.php\/wp-json\/wp\/v2\/pages\/10336"}],"wp:attachment":[{"href":"https:\/\/inter-faces.eu\/index.php\/wp-json\/wp\/v2\/media?parent=14788"}],"curies":[{"name":"wp","href":"https:\/\/api.w.org\/{rel}","templated":true}]}}