{"id":14777,"date":"2024-05-06T15:19:32","date_gmt":"2024-05-06T13:19:32","guid":{"rendered":"https:\/\/romainleny-dev.com\/?page_id=14777"},"modified":"2025-06-02T16:22:25","modified_gmt":"2025-06-02T14:22:25","slug":"sieges-de-direction","status":"publish","type":"page","link":"https:\/\/inter-faces.eu\/index.php\/mobilier-professionnel\/sieges-de-direction\/","title":{"rendered":"Si\u00e8ges de direction"},"content":{"rendered":"\t\t<div data-elementor-type=\"wp-page\" data-elementor-id=\"14777\" class=\"elementor elementor-14777\" data-elementor-post-type=\"page\">\n\t\t\t\t<div class=\"elementor-element elementor-element-649c2197 e-con-full e-flex e-con e-parent\" data-id=\"649c2197\" data-element_type=\"container\" data-core-v316-plus=\"true\">\n\t\t\t\t<div class=\"elementor-element elementor-element-3c1accde elementor-widget elementor-widget-hiroshi_core_section_title\" data-id=\"3c1accde\" data-element_type=\"widget\" data-widget_type=\"hiroshi_core_section_title.default\">\n\t\t\t\t<div class=\"elementor-widget-container\">\n\t\t\t<div class=\"qodef-shortcode qodef-m  qodef-section-title qodef-alignment--left \">\n\t\t<h1 class=\"qodef-m-title\" >\n\t\t\t\t\tSi\u00e8ges de direction\t\t\t<\/h1>\n\t\t<p class=\"qodef-m-text\" >Bien choisir son si\u00e8ge\u2026 est essentiel... Ergonomique, confortable et \u00e9l\u00e9gant.\nVenez essayer votre fauteuil de direction  au showroom Inter-Faces Pro de Toulon et d\u00e9couvrez l\u2019\u00e9tendue du choix des mati\u00e8res (cuir, tissu), des formes et des gammes et des marques que nous vous proposons.\n\n<\/p>\n<\/div>\n\t\t<\/div>\n\t\t\t\t<\/div>\n\t\t\t\t<\/div>\n\t\t\t\t<section class=\"elementor-section elementor-top-section elementor-element elementor-element-661fdc45 elementor-section-full_width qodef-elementor-content-grid elementor-section-height-default elementor-section-height-default qodef-elementor-column-no\" data-id=\"661fdc45\" data-element_type=\"section\">\n\t\t\t\t\t\t<div class=\"elementor-container elementor-column-gap-default\">\n\t\t\t\t\t<div class=\"elementor-column elementor-col-100 elementor-top-column elementor-element elementor-element-23f4da1f\" data-id=\"23f4da1f\" data-element_type=\"column\">\n\t\t\t<div class=\"elementor-widget-wrap elementor-element-populated\">\n\t\t\t\t\t\t<div class=\"elementor-element elementor-element-4c171564 elementor-widget elementor-widget-hiroshi_core_portfolio_list\" data-id=\"4c171564\" data-element_type=\"widget\" data-widget_type=\"hiroshi_core_portfolio_list.default\">\n\t\t\t\t<div class=\"elementor-widget-container\">\n\t\t\t<div class=\"qodef-shortcode qodef-m  qodef-portfolio-list qodef-item-layout--info-below  qodef-grid qodef-layout--columns  qodef-gutter--tiny qodef-col-num--3 qodef-item-layout--info-below qodef--no-bottom-space qodef-pagination--off qodef-responsive--predefined qodef-hover-animation--move-text\" data-options=\"{&quot;plugin&quot;:&quot;hiroshi_core&quot;,&quot;module&quot;:&quot;post-types\\\/portfolio\\\/shortcodes&quot;,&quot;shortcode&quot;:&quot;portfolio-list&quot;,&quot;post_type&quot;:&quot;portfolio-item&quot;,&quot;next_page&quot;:&quot;2&quot;,&quot;max_pages_num&quot;:1,&quot;behavior&quot;:&quot;columns&quot;,&quot;images_proportion&quot;:&quot;full&quot;,&quot;columns&quot;:&quot;3&quot;,&quot;columns_responsive&quot;:&quot;predefined&quot;,&quot;space&quot;:&quot;tiny&quot;,&quot;posts_per_page&quot;:&quot;200&quot;,&quot;orderby&quot;:&quot;date&quot;,&quot;order&quot;:&quot;DESC&quot;,&quot;additional_params&quot;:&quot;tax&quot;,&quot;tax&quot;:&quot;portfolio-tag&quot;,&quot;tax_slug&quot;:&quot;sieges-de-direction&quot;,&quot;layout&quot;:&quot;info-below&quot;,&quot;hover_animation_info-below&quot;:&quot;move-text&quot;,&quot;hover_animation_info-follow&quot;:&quot;follow&quot;,&quot;hover_animation_info-on-hover&quot;:&quot;fade-in&quot;,&quot;title_tag&quot;:&quot;h4&quot;,&quot;enable_category&quot;:&quot;yes&quot;,&quot;zigzag&quot;:&quot;no&quot;,&quot;custom_margin&quot;:&quot;no&quot;,&quot;enable_appear&quot;:&quot;no&quot;,&quot;pagination_type&quot;:&quot;no-pagination&quot;,&quot;info_below_content_margin&quot;:&quot;24px 0 30px 0px&quot;,&quot;object_class_name&quot;:&quot;HiroshiCore_Portfolio_List_Shortcode&quot;,&quot;taxonomy_filter&quot;:&quot;portfolio-tag&quot;,&quot;additional_query_args&quot;:{&quot;tax_query&quot;:[{&quot;taxonomy&quot;:&quot;portfolio-tag&quot;,&quot;field&quot;:&quot;slug&quot;,&quot;terms&quot;:&quot;sieges-de-direction&quot;}]},&quot;space_value&quot;:4}\">\n\t\t<div class=\"qodef-grid-inner clear\">\n\t\t<article class=\"qodef-e qodef-grid-item qodef-item--full  post-16521 portfolio-item type-portfolio-item status-publish has-post-thumbnail hentry portfolio-category-mobilier-professionnel portfolio-tag-sieges-de-direction portfolio-tag-vitra\">\n\t<div class=\"qodef-e-inner\" >\n\t\t<div class=\"qodef-e-image\">\n\t\t\t\t<div class=\"qodef-e-media-image\">\n\t\t<a itemprop=\"url\" href=\"https:\/\/inter-faces.eu\/index.php\/portfolio-item\/les-fauteuils-grand-executive-vitra\/\" target=\"_self\">\n\t\t\t<img fetchpriority=\"high\" decoding=\"async\" width=\"2560\" height=\"1920\" src=\"https:\/\/inter-faces.eu\/wp-content\/uploads\/2024\/07\/Vitra-Grand-executive-7-scaled.jpg\" class=\"attachment-full size-full wp-post-image\" alt=\"\" srcset=\"https:\/\/inter-faces.eu\/wp-content\/uploads\/2024\/07\/Vitra-Grand-executive-7-scaled.jpg 2560w, https:\/\/inter-faces.eu\/wp-content\/uploads\/2024\/07\/Vitra-Grand-executive-7-300x225.jpg 300w, https:\/\/inter-faces.eu\/wp-content\/uploads\/2024\/07\/Vitra-Grand-executive-7-1024x768.jpg 1024w, https:\/\/inter-faces.eu\/wp-content\/uploads\/2024\/07\/Vitra-Grand-executive-7-768x576.jpg 768w, https:\/\/inter-faces.eu\/wp-content\/uploads\/2024\/07\/Vitra-Grand-executive-7-1536x1152.jpg 1536w, https:\/\/inter-faces.eu\/wp-content\/uploads\/2024\/07\/Vitra-Grand-executive-7-2048x1536.jpg 2048w, https:\/\/inter-faces.eu\/wp-content\/uploads\/2024\/07\/Vitra-Grand-executive-7-600x450.jpg 600w\" sizes=\"(max-width: 2560px) 100vw, 2560px\" \/>\t\t<\/a>\n\t<\/div>\n\t\t\t\t\t<\/div>\n\t\t<div class=\"qodef-e-content\" style=\"margin:24px 0 30px 0px\">\n\t\t\t<div class=\"qodef-e-text\">\n\t\t\t\t<h4 itemprop=\"name\" class=\"qodef-e-title entry-title\" >\n\t<a itemprop=\"url\" class=\"qodef-e-title-link\" href=\"https:\/\/inter-faces.eu\/index.php\/portfolio-item\/les-fauteuils-grand-executive-vitra\/\" target=\"_self\">\n\t\tLes fauteuils Grand Executive &#8211; Vitra\t<\/a>\n<\/h4>\n\t\t\t<\/div>\n\t\t\t<div class=\"qodef-e-top-holder\">\n\t\t\t\t<div class=\"qodef-e-info\">\n\t\t\t\t\t\t<a href=\"https:\/\/inter-faces.eu\/index.php\/portfolio-category\/mobilier-professionnel\/\" rel=\"tag\">Mobilier professionnel<\/a>\t<div class=\"qodef-info-separator-end\"><\/div>\n\t\t\t\t<\/div>\n\t\t\t<\/div>\n\t\t<\/div>\n\t<\/div>\n<\/article>\n<article class=\"qodef-e qodef-grid-item qodef-item--full  post-16634 portfolio-item type-portfolio-item status-publish has-post-thumbnail hentry portfolio-category-mobilier-professionnel portfolio-tag-mobilier-professionnel portfolio-tag-sieges-de-direction\">\n\t<div class=\"qodef-e-inner\" >\n\t\t<div class=\"qodef-e-image\">\n\t\t\t\t<div class=\"qodef-e-media-image\">\n\t\t<a itemprop=\"url\" href=\"https:\/\/inter-faces.eu\/index.php\/portfolio-item\/fauteuils-de-direction-ada-sesta\/\" target=\"_self\">\n\t\t\t<img decoding=\"async\" width=\"700\" height=\"900\" src=\"https:\/\/inter-faces.eu\/wp-content\/uploads\/2024\/08\/Ada-Design-Sesta-02.jpg\" class=\"attachment-full size-full wp-post-image\" alt=\"\" srcset=\"https:\/\/inter-faces.eu\/wp-content\/uploads\/2024\/08\/Ada-Design-Sesta-02.jpg 700w, https:\/\/inter-faces.eu\/wp-content\/uploads\/2024\/08\/Ada-Design-Sesta-02-233x300.jpg 233w, https:\/\/inter-faces.eu\/wp-content\/uploads\/2024\/08\/Ada-Design-Sesta-02-600x771.jpg 600w\" sizes=\"(max-width: 700px) 100vw, 700px\" \/>\t\t<\/a>\n\t<\/div>\n\t\t\t\t\t<\/div>\n\t\t<div class=\"qodef-e-content\" style=\"margin:24px 0 30px 0px\">\n\t\t\t<div class=\"qodef-e-text\">\n\t\t\t\t<h4 itemprop=\"name\" class=\"qodef-e-title entry-title\" >\n\t<a itemprop=\"url\" class=\"qodef-e-title-link\" href=\"https:\/\/inter-faces.eu\/index.php\/portfolio-item\/fauteuils-de-direction-ada-sesta\/\" target=\"_self\">\n\t\tFauteuils de direction Ada &#8211; Sesta\t<\/a>\n<\/h4>\n\t\t\t<\/div>\n\t\t\t<div class=\"qodef-e-top-holder\">\n\t\t\t\t<div class=\"qodef-e-info\">\n\t\t\t\t\t\t<a href=\"https:\/\/inter-faces.eu\/index.php\/portfolio-category\/mobilier-professionnel\/\" rel=\"tag\">Mobilier professionnel<\/a>\t<div class=\"qodef-info-separator-end\"><\/div>\n\t\t\t\t<\/div>\n\t\t\t<\/div>\n\t\t<\/div>\n\t<\/div>\n<\/article>\n<article class=\"qodef-e qodef-grid-item qodef-item--full  post-16627 portfolio-item type-portfolio-item status-publish has-post-thumbnail hentry portfolio-category-mobilier-professionnel portfolio-tag-mobilier-professionnel portfolio-tag-sieges-de-direction\">\n\t<div class=\"qodef-e-inner\" >\n\t\t<div class=\"qodef-e-image\">\n\t\t\t\t<div class=\"qodef-e-media-image\">\n\t\t<a itemprop=\"url\" href=\"https:\/\/inter-faces.eu\/index.php\/portfolio-item\/serie-de-fauteuils-moda-sesta\/\" target=\"_self\">\n\t\t\t<img decoding=\"async\" width=\"700\" height=\"822\" src=\"https:\/\/inter-faces.eu\/wp-content\/uploads\/2024\/08\/SESTA-Mode-Design-Sesta-04-e1723034806476.jpg\" class=\"attachment-full size-full wp-post-image\" alt=\"\" srcset=\"https:\/\/inter-faces.eu\/wp-content\/uploads\/2024\/08\/SESTA-Mode-Design-Sesta-04-e1723034806476.jpg 700w, https:\/\/inter-faces.eu\/wp-content\/uploads\/2024\/08\/SESTA-Mode-Design-Sesta-04-e1723034806476-255x300.jpg 255w, https:\/\/inter-faces.eu\/wp-content\/uploads\/2024\/08\/SESTA-Mode-Design-Sesta-04-e1723034806476-600x705.jpg 600w\" sizes=\"(max-width: 700px) 100vw, 700px\" \/>\t\t<\/a>\n\t<\/div>\n\t\t\t\t\t<\/div>\n\t\t<div class=\"qodef-e-content\" style=\"margin:24px 0 30px 0px\">\n\t\t\t<div class=\"qodef-e-text\">\n\t\t\t\t<h4 itemprop=\"name\" class=\"qodef-e-title entry-title\" >\n\t<a itemprop=\"url\" class=\"qodef-e-title-link\" href=\"https:\/\/inter-faces.eu\/index.php\/portfolio-item\/serie-de-fauteuils-moda-sesta\/\" target=\"_self\">\n\t\tS\u00e9rie de fauteuils Moda &#8211; Sesta\t<\/a>\n<\/h4>\n\t\t\t<\/div>\n\t\t\t<div class=\"qodef-e-top-holder\">\n\t\t\t\t<div class=\"qodef-e-info\">\n\t\t\t\t\t\t<a href=\"https:\/\/inter-faces.eu\/index.php\/portfolio-category\/mobilier-professionnel\/\" rel=\"tag\">Mobilier professionnel<\/a>\t<div class=\"qodef-info-separator-end\"><\/div>\n\t\t\t\t<\/div>\n\t\t\t<\/div>\n\t\t<\/div>\n\t<\/div>\n<\/article>\n<article class=\"qodef-e qodef-grid-item qodef-item--full  post-16625 portfolio-item type-portfolio-item status-publish has-post-thumbnail hentry portfolio-category-mobilier-professionnel portfolio-tag-mobilier-professionnel portfolio-tag-sieges-de-direction portfolio-tag-sieges-et-fauteuils\">\n\t<div class=\"qodef-e-inner\" >\n\t\t<div class=\"qodef-e-image\">\n\t\t\t\t<div class=\"qodef-e-media-image\">\n\t\t<a itemprop=\"url\" href=\"https:\/\/inter-faces.eu\/index.php\/portfolio-item\/fauteuil-alba-icf\/\" target=\"_self\">\n\t\t\t<img loading=\"lazy\" decoding=\"async\" width=\"1067\" height=\"947\" src=\"https:\/\/inter-faces.eu\/wp-content\/uploads\/2024\/08\/ICF-Alba-2-1-e1723033755966.jpg\" class=\"attachment-full size-full wp-post-image\" alt=\"\" srcset=\"https:\/\/inter-faces.eu\/wp-content\/uploads\/2024\/08\/ICF-Alba-2-1-e1723033755966.jpg 1067w, https:\/\/inter-faces.eu\/wp-content\/uploads\/2024\/08\/ICF-Alba-2-1-e1723033755966-300x266.jpg 300w, https:\/\/inter-faces.eu\/wp-content\/uploads\/2024\/08\/ICF-Alba-2-1-e1723033755966-1024x909.jpg 1024w, https:\/\/inter-faces.eu\/wp-content\/uploads\/2024\/08\/ICF-Alba-2-1-e1723033755966-768x682.jpg 768w, https:\/\/inter-faces.eu\/wp-content\/uploads\/2024\/08\/ICF-Alba-2-1-e1723033755966-600x533.jpg 600w\" sizes=\"(max-width: 1067px) 100vw, 1067px\" \/>\t\t<\/a>\n\t<\/div>\n\t\t\t\t\t<\/div>\n\t\t<div class=\"qodef-e-content\" style=\"margin:24px 0 30px 0px\">\n\t\t\t<div class=\"qodef-e-text\">\n\t\t\t\t<h4 itemprop=\"name\" class=\"qodef-e-title entry-title\" >\n\t<a itemprop=\"url\" class=\"qodef-e-title-link\" href=\"https:\/\/inter-faces.eu\/index.php\/portfolio-item\/fauteuil-alba-icf\/\" target=\"_self\">\n\t\tFauteuil Alba- ICF\t<\/a>\n<\/h4>\n\t\t\t<\/div>\n\t\t\t<div class=\"qodef-e-top-holder\">\n\t\t\t\t<div class=\"qodef-e-info\">\n\t\t\t\t\t\t<a href=\"https:\/\/inter-faces.eu\/index.php\/portfolio-category\/mobilier-professionnel\/\" rel=\"tag\">Mobilier professionnel<\/a>\t<div class=\"qodef-info-separator-end\"><\/div>\n\t\t\t\t<\/div>\n\t\t\t<\/div>\n\t\t<\/div>\n\t<\/div>\n<\/article>\n<article class=\"qodef-e qodef-grid-item qodef-item--full  post-16600 portfolio-item type-portfolio-item status-publish has-post-thumbnail hentry portfolio-category-mobilier-professionnel portfolio-tag-knoll portfolio-tag-mobilier-professionnel portfolio-tag-sieges-de-direction\">\n\t<div class=\"qodef-e-inner\" >\n\t\t<div class=\"qodef-e-image\">\n\t\t\t\t<div class=\"qodef-e-media-image\">\n\t\t<a itemprop=\"url\" href=\"https:\/\/inter-faces.eu\/index.php\/portfolio-item\/le-fauteuil-life-beau-ergonomique-et-durable-knoll\/\" target=\"_self\">\n\t\t\t<img loading=\"lazy\" decoding=\"async\" width=\"880\" height=\"610\" src=\"https:\/\/inter-faces.eu\/wp-content\/uploads\/2024\/08\/KNOLL-Life3-.jpg\" class=\"attachment-full size-full wp-post-image\" alt=\"\" srcset=\"https:\/\/inter-faces.eu\/wp-content\/uploads\/2024\/08\/KNOLL-Life3-.jpg 880w, https:\/\/inter-faces.eu\/wp-content\/uploads\/2024\/08\/KNOLL-Life3--300x208.jpg 300w, https:\/\/inter-faces.eu\/wp-content\/uploads\/2024\/08\/KNOLL-Life3--768x532.jpg 768w, https:\/\/inter-faces.eu\/wp-content\/uploads\/2024\/08\/KNOLL-Life3--600x416.jpg 600w\" sizes=\"(max-width: 880px) 100vw, 880px\" \/>\t\t<\/a>\n\t<\/div>\n\t\t\t\t\t<\/div>\n\t\t<div class=\"qodef-e-content\" style=\"margin:24px 0 30px 0px\">\n\t\t\t<div class=\"qodef-e-text\">\n\t\t\t\t<h4 itemprop=\"name\" class=\"qodef-e-title entry-title\" >\n\t<a itemprop=\"url\" class=\"qodef-e-title-link\" href=\"https:\/\/inter-faces.eu\/index.php\/portfolio-item\/le-fauteuil-life-beau-ergonomique-et-durable-knoll\/\" target=\"_self\">\n\t\tLe fauteuil Life, beau, ergonomique et durable &#8211; Knoll\t<\/a>\n<\/h4>\n\t\t\t<\/div>\n\t\t\t<div class=\"qodef-e-top-holder\">\n\t\t\t\t<div class=\"qodef-e-info\">\n\t\t\t\t\t\t<a href=\"https:\/\/inter-faces.eu\/index.php\/portfolio-category\/mobilier-professionnel\/\" rel=\"tag\">Mobilier professionnel<\/a>\t<div class=\"qodef-info-separator-end\"><\/div>\n\t\t\t\t<\/div>\n\t\t\t<\/div>\n\t\t<\/div>\n\t<\/div>\n<\/article>\n<article class=\"qodef-e qodef-grid-item qodef-item--full  post-16520 portfolio-item type-portfolio-item status-publish has-post-thumbnail hentry portfolio-category-mobilier-professionnel portfolio-tag-charles-ray-eames portfolio-tag-sieges-de-direction portfolio-tag-vitra\">\n\t<div class=\"qodef-e-inner\" >\n\t\t<div class=\"qodef-e-image\">\n\t\t\t\t<div class=\"qodef-e-media-image\">\n\t\t<a itemprop=\"url\" href=\"https:\/\/inter-faces.eu\/index.php\/portfolio-item\/le-lobby-chair-es-104-un-confort-exceptionnel-vitra\/\" target=\"_self\">\n\t\t\t<img loading=\"lazy\" decoding=\"async\" width=\"1440\" height=\"810\" src=\"https:\/\/inter-faces.eu\/wp-content\/uploads\/2024\/07\/Vitra-Lobby-Chair-13.jpg\" class=\"attachment-full size-full wp-post-image\" alt=\"\" srcset=\"https:\/\/inter-faces.eu\/wp-content\/uploads\/2024\/07\/Vitra-Lobby-Chair-13.jpg 1440w, https:\/\/inter-faces.eu\/wp-content\/uploads\/2024\/07\/Vitra-Lobby-Chair-13-300x169.jpg 300w, https:\/\/inter-faces.eu\/wp-content\/uploads\/2024\/07\/Vitra-Lobby-Chair-13-1024x576.jpg 1024w, https:\/\/inter-faces.eu\/wp-content\/uploads\/2024\/07\/Vitra-Lobby-Chair-13-768x432.jpg 768w, https:\/\/inter-faces.eu\/wp-content\/uploads\/2024\/07\/Vitra-Lobby-Chair-13-600x338.jpg 600w\" sizes=\"(max-width: 1440px) 100vw, 1440px\" \/>\t\t<\/a>\n\t<\/div>\n\t\t\t\t\t<\/div>\n\t\t<div class=\"qodef-e-content\" style=\"margin:24px 0 30px 0px\">\n\t\t\t<div class=\"qodef-e-text\">\n\t\t\t\t<h4 itemprop=\"name\" class=\"qodef-e-title entry-title\" >\n\t<a itemprop=\"url\" class=\"qodef-e-title-link\" href=\"https:\/\/inter-faces.eu\/index.php\/portfolio-item\/le-lobby-chair-es-104-un-confort-exceptionnel-vitra\/\" target=\"_self\">\n\t\tLe Lobby Chair ES 104, un confort exceptionnel &#8211; Vitra\t<\/a>\n<\/h4>\n\t\t\t<\/div>\n\t\t\t<div class=\"qodef-e-top-holder\">\n\t\t\t\t<div class=\"qodef-e-info\">\n\t\t\t\t\t\t<a href=\"https:\/\/inter-faces.eu\/index.php\/portfolio-category\/mobilier-professionnel\/\" rel=\"tag\">Mobilier professionnel<\/a>\t<div class=\"qodef-info-separator-end\"><\/div>\n\t\t\t\t<\/div>\n\t\t\t<\/div>\n\t\t<\/div>\n\t<\/div>\n<\/article>\n<article class=\"qodef-e qodef-grid-item qodef-item--full  post-16585 portfolio-item type-portfolio-item status-publish has-post-thumbnail hentry portfolio-category-mobilier-professionnel portfolio-tag-mobilier-professionnel portfolio-tag-sieges-de-direction\">\n\t<div class=\"qodef-e-inner\" >\n\t\t<div class=\"qodef-e-image\">\n\t\t\t\t<div class=\"qodef-e-media-image\">\n\t\t<a itemprop=\"url\" href=\"https:\/\/inter-faces.eu\/index.php\/portfolio-item\/gamme-win-sesta\/\" target=\"_self\">\n\t\t\t<img loading=\"lazy\" decoding=\"async\" width=\"700\" height=\"900\" src=\"https:\/\/inter-faces.eu\/wp-content\/uploads\/2024\/08\/Win-Design-Sesta-01.jpg\" class=\"attachment-full size-full wp-post-image\" alt=\"\" srcset=\"https:\/\/inter-faces.eu\/wp-content\/uploads\/2024\/08\/Win-Design-Sesta-01.jpg 700w, https:\/\/inter-faces.eu\/wp-content\/uploads\/2024\/08\/Win-Design-Sesta-01-233x300.jpg 233w, https:\/\/inter-faces.eu\/wp-content\/uploads\/2024\/08\/Win-Design-Sesta-01-600x771.jpg 600w\" sizes=\"(max-width: 700px) 100vw, 700px\" \/>\t\t<\/a>\n\t<\/div>\n\t\t\t\t\t<\/div>\n\t\t<div class=\"qodef-e-content\" style=\"margin:24px 0 30px 0px\">\n\t\t\t<div class=\"qodef-e-text\">\n\t\t\t\t<h4 itemprop=\"name\" class=\"qodef-e-title entry-title\" >\n\t<a itemprop=\"url\" class=\"qodef-e-title-link\" href=\"https:\/\/inter-faces.eu\/index.php\/portfolio-item\/gamme-win-sesta\/\" target=\"_self\">\n\t\tGamme Win &#8211; Sesta\t<\/a>\n<\/h4>\n\t\t\t<\/div>\n\t\t\t<div class=\"qodef-e-top-holder\">\n\t\t\t\t<div class=\"qodef-e-info\">\n\t\t\t\t\t\t<a href=\"https:\/\/inter-faces.eu\/index.php\/portfolio-category\/mobilier-professionnel\/\" rel=\"tag\">Mobilier professionnel<\/a>\t<div class=\"qodef-info-separator-end\"><\/div>\n\t\t\t\t<\/div>\n\t\t\t<\/div>\n\t\t<\/div>\n\t<\/div>\n<\/article>\n<article class=\"qodef-e qodef-grid-item qodef-item--full  post-16580 portfolio-item type-portfolio-item status-publish has-post-thumbnail hentry portfolio-category-mobilier-professionnel portfolio-tag-mobilier-professionnel portfolio-tag-sieges-de-direction\">\n\t<div class=\"qodef-e-inner\" >\n\t\t<div class=\"qodef-e-image\">\n\t\t\t\t<div class=\"qodef-e-media-image\">\n\t\t<a itemprop=\"url\" href=\"https:\/\/inter-faces.eu\/index.php\/portfolio-item\/fauteuil-signo-sa-forme-epouse-le-dos-ou-vice-versa-zuco\/\" target=\"_self\">\n\t\t\t<img loading=\"lazy\" decoding=\"async\" width=\"1200\" height=\"2360\" src=\"https:\/\/inter-faces.eu\/wp-content\/uploads\/2024\/08\/ZUCO-SIGNO-2-1-1.jpeg\" class=\"attachment-full size-full wp-post-image\" alt=\"\" srcset=\"https:\/\/inter-faces.eu\/wp-content\/uploads\/2024\/08\/ZUCO-SIGNO-2-1-1.jpeg 1200w, https:\/\/inter-faces.eu\/wp-content\/uploads\/2024\/08\/ZUCO-SIGNO-2-1-1-153x300.jpeg 153w, https:\/\/inter-faces.eu\/wp-content\/uploads\/2024\/08\/ZUCO-SIGNO-2-1-1-521x1024.jpeg 521w, https:\/\/inter-faces.eu\/wp-content\/uploads\/2024\/08\/ZUCO-SIGNO-2-1-1-768x1510.jpeg 768w, https:\/\/inter-faces.eu\/wp-content\/uploads\/2024\/08\/ZUCO-SIGNO-2-1-1-781x1536.jpeg 781w, https:\/\/inter-faces.eu\/wp-content\/uploads\/2024\/08\/ZUCO-SIGNO-2-1-1-1041x2048.jpeg 1041w, https:\/\/inter-faces.eu\/wp-content\/uploads\/2024\/08\/ZUCO-SIGNO-2-1-1-600x1180.jpeg 600w\" sizes=\"(max-width: 1200px) 100vw, 1200px\" \/>\t\t<\/a>\n\t<\/div>\n\t\t\t\t\t<\/div>\n\t\t<div class=\"qodef-e-content\" style=\"margin:24px 0 30px 0px\">\n\t\t\t<div class=\"qodef-e-text\">\n\t\t\t\t<h4 itemprop=\"name\" class=\"qodef-e-title entry-title\" >\n\t<a itemprop=\"url\" class=\"qodef-e-title-link\" href=\"https:\/\/inter-faces.eu\/index.php\/portfolio-item\/fauteuil-signo-sa-forme-epouse-le-dos-ou-vice-versa-zuco\/\" target=\"_self\">\n\t\tFauteuil Signo, sa forme \u00e9pouse le dos ou vice-versa &#8211; Z\u00fcco\t<\/a>\n<\/h4>\n\t\t\t<\/div>\n\t\t\t<div class=\"qodef-e-top-holder\">\n\t\t\t\t<div class=\"qodef-e-info\">\n\t\t\t\t\t\t<a href=\"https:\/\/inter-faces.eu\/index.php\/portfolio-category\/mobilier-professionnel\/\" rel=\"tag\">Mobilier professionnel<\/a>\t<div class=\"qodef-info-separator-end\"><\/div>\n\t\t\t\t<\/div>\n\t\t\t<\/div>\n\t\t<\/div>\n\t<\/div>\n<\/article>\n<article class=\"qodef-e qodef-grid-item qodef-item--full  post-16610 portfolio-item type-portfolio-item status-publish has-post-thumbnail hentry portfolio-category-mobilier-professionnel portfolio-tag-mobilier-professionnel portfolio-tag-sieges-de-direction\">\n\t<div class=\"qodef-e-inner\" >\n\t\t<div class=\"qodef-e-image\">\n\t\t\t\t<div class=\"qodef-e-media-image\">\n\t\t<a itemprop=\"url\" href=\"https:\/\/inter-faces.eu\/index.php\/portfolio-item\/fauteuil-musa-icf\/\" target=\"_self\">\n\t\t\t<img loading=\"lazy\" decoding=\"async\" width=\"1051\" height=\"997\" src=\"https:\/\/inter-faces.eu\/wp-content\/uploads\/2024\/08\/ICF-Musa-President-1-e1723022666988.jpg\" class=\"attachment-full size-full wp-post-image\" alt=\"\" srcset=\"https:\/\/inter-faces.eu\/wp-content\/uploads\/2024\/08\/ICF-Musa-President-1-e1723022666988.jpg 1051w, https:\/\/inter-faces.eu\/wp-content\/uploads\/2024\/08\/ICF-Musa-President-1-e1723022666988-300x285.jpg 300w, https:\/\/inter-faces.eu\/wp-content\/uploads\/2024\/08\/ICF-Musa-President-1-e1723022666988-1024x971.jpg 1024w, https:\/\/inter-faces.eu\/wp-content\/uploads\/2024\/08\/ICF-Musa-President-1-e1723022666988-768x729.jpg 768w, https:\/\/inter-faces.eu\/wp-content\/uploads\/2024\/08\/ICF-Musa-President-1-e1723022666988-600x569.jpg 600w\" sizes=\"(max-width: 1051px) 100vw, 1051px\" \/>\t\t<\/a>\n\t<\/div>\n\t\t\t\t\t<\/div>\n\t\t<div class=\"qodef-e-content\" style=\"margin:24px 0 30px 0px\">\n\t\t\t<div class=\"qodef-e-text\">\n\t\t\t\t<h4 itemprop=\"name\" class=\"qodef-e-title entry-title\" >\n\t<a itemprop=\"url\" class=\"qodef-e-title-link\" href=\"https:\/\/inter-faces.eu\/index.php\/portfolio-item\/fauteuil-musa-icf\/\" target=\"_self\">\n\t\tFauteuil Musa &#8211; ICF\t<\/a>\n<\/h4>\n\t\t\t<\/div>\n\t\t\t<div class=\"qodef-e-top-holder\">\n\t\t\t\t<div class=\"qodef-e-info\">\n\t\t\t\t\t\t<a href=\"https:\/\/inter-faces.eu\/index.php\/portfolio-category\/mobilier-professionnel\/\" rel=\"tag\">Mobilier professionnel<\/a>\t<div class=\"qodef-info-separator-end\"><\/div>\n\t\t\t\t<\/div>\n\t\t\t<\/div>\n\t\t<\/div>\n\t<\/div>\n<\/article>\n<article class=\"qodef-e qodef-grid-item qodef-item--full  post-16575 portfolio-item type-portfolio-item status-publish has-post-thumbnail hentry portfolio-category-mobilier-professionnel portfolio-tag-mobilier-professionnel portfolio-tag-sieges-de-direction\">\n\t<div class=\"qodef-e-inner\" >\n\t\t<div class=\"qodef-e-image\">\n\t\t\t\t<div class=\"qodef-e-media-image\">\n\t\t<a itemprop=\"url\" href=\"https:\/\/inter-faces.eu\/index.php\/portfolio-item\/fauteuil-valea-soft-icf\/\" target=\"_self\">\n\t\t\t<img loading=\"lazy\" decoding=\"async\" width=\"1550\" height=\"1000\" src=\"https:\/\/inter-faces.eu\/wp-content\/uploads\/2024\/08\/ICF-Valea-Soft-1-.jpg\" class=\"attachment-full size-full wp-post-image\" alt=\"\" srcset=\"https:\/\/inter-faces.eu\/wp-content\/uploads\/2024\/08\/ICF-Valea-Soft-1-.jpg 1550w, https:\/\/inter-faces.eu\/wp-content\/uploads\/2024\/08\/ICF-Valea-Soft-1--300x194.jpg 300w, https:\/\/inter-faces.eu\/wp-content\/uploads\/2024\/08\/ICF-Valea-Soft-1--1024x661.jpg 1024w, https:\/\/inter-faces.eu\/wp-content\/uploads\/2024\/08\/ICF-Valea-Soft-1--768x495.jpg 768w, https:\/\/inter-faces.eu\/wp-content\/uploads\/2024\/08\/ICF-Valea-Soft-1--1536x991.jpg 1536w, https:\/\/inter-faces.eu\/wp-content\/uploads\/2024\/08\/ICF-Valea-Soft-1--600x387.jpg 600w\" sizes=\"(max-width: 1550px) 100vw, 1550px\" \/>\t\t<\/a>\n\t<\/div>\n\t\t\t\t\t<\/div>\n\t\t<div class=\"qodef-e-content\" style=\"margin:24px 0 30px 0px\">\n\t\t\t<div class=\"qodef-e-text\">\n\t\t\t\t<h4 itemprop=\"name\" class=\"qodef-e-title entry-title\" >\n\t<a itemprop=\"url\" class=\"qodef-e-title-link\" href=\"https:\/\/inter-faces.eu\/index.php\/portfolio-item\/fauteuil-valea-soft-icf\/\" target=\"_self\">\n\t\tFauteuil Valea Soft &#8211; ICF\t<\/a>\n<\/h4>\n\t\t\t<\/div>\n\t\t\t<div class=\"qodef-e-top-holder\">\n\t\t\t\t<div class=\"qodef-e-info\">\n\t\t\t\t\t\t<a href=\"https:\/\/inter-faces.eu\/index.php\/portfolio-category\/mobilier-professionnel\/\" rel=\"tag\">Mobilier professionnel<\/a>\t<div class=\"qodef-info-separator-end\"><\/div>\n\t\t\t\t<\/div>\n\t\t\t<\/div>\n\t\t<\/div>\n\t<\/div>\n<\/article>\n<article class=\"qodef-e qodef-grid-item qodef-item--full  post-16558 portfolio-item type-portfolio-item status-publish has-post-thumbnail hentry portfolio-category-mobilier-professionnel portfolio-tag-mobilier-professionnel portfolio-tag-sieges-de-direction\">\n\t<div class=\"qodef-e-inner\" >\n\t\t<div class=\"qodef-e-image\">\n\t\t\t\t<div class=\"qodef-e-media-image\">\n\t\t<a itemprop=\"url\" href=\"https:\/\/inter-faces.eu\/index.php\/portfolio-item\/gamme-jada-sesta\/\" target=\"_self\">\n\t\t\t<img loading=\"lazy\" decoding=\"async\" width=\"700\" height=\"900\" src=\"https:\/\/inter-faces.eu\/wp-content\/uploads\/2024\/08\/SESTA-Jada-Design-Sesta-01.jpg\" class=\"attachment-full size-full wp-post-image\" alt=\"\" srcset=\"https:\/\/inter-faces.eu\/wp-content\/uploads\/2024\/08\/SESTA-Jada-Design-Sesta-01.jpg 700w, https:\/\/inter-faces.eu\/wp-content\/uploads\/2024\/08\/SESTA-Jada-Design-Sesta-01-233x300.jpg 233w, https:\/\/inter-faces.eu\/wp-content\/uploads\/2024\/08\/SESTA-Jada-Design-Sesta-01-600x771.jpg 600w\" sizes=\"(max-width: 700px) 100vw, 700px\" \/>\t\t<\/a>\n\t<\/div>\n\t\t\t\t\t<\/div>\n\t\t<div class=\"qodef-e-content\" style=\"margin:24px 0 30px 0px\">\n\t\t\t<div class=\"qodef-e-text\">\n\t\t\t\t<h4 itemprop=\"name\" class=\"qodef-e-title entry-title\" >\n\t<a itemprop=\"url\" class=\"qodef-e-title-link\" href=\"https:\/\/inter-faces.eu\/index.php\/portfolio-item\/gamme-jada-sesta\/\" target=\"_self\">\n\t\tGamme Jada &#8211; Sesta\t<\/a>\n<\/h4>\n\t\t\t<\/div>\n\t\t\t<div class=\"qodef-e-top-holder\">\n\t\t\t\t<div class=\"qodef-e-info\">\n\t\t\t\t\t\t<a href=\"https:\/\/inter-faces.eu\/index.php\/portfolio-category\/mobilier-professionnel\/\" rel=\"tag\">Mobilier professionnel<\/a>\t<div class=\"qodef-info-separator-end\"><\/div>\n\t\t\t\t<\/div>\n\t\t\t<\/div>\n\t\t<\/div>\n\t<\/div>\n<\/article>\n<article class=\"qodef-e qodef-grid-item qodef-item--full  post-16553 portfolio-item type-portfolio-item status-publish has-post-thumbnail hentry portfolio-category-mobilier-professionnel portfolio-tag-mobilier-professionnel portfolio-tag-sieges-de-direction\">\n\t<div class=\"qodef-e-inner\" >\n\t\t<div class=\"qodef-e-image\">\n\t\t\t\t<div class=\"qodef-e-media-image\">\n\t\t<a itemprop=\"url\" href=\"https:\/\/inter-faces.eu\/index.php\/portfolio-item\/fauteuil-lacinta-ergonomie-sophistiquee-zuco\/\" target=\"_self\">\n\t\t\t<img loading=\"lazy\" decoding=\"async\" width=\"1000\" height=\"1000\" src=\"https:\/\/inter-faces.eu\/wp-content\/uploads\/2024\/07\/fauteuil-de-bureau-zueco-la-cinta-direction.jpg\" class=\"attachment-full size-full wp-post-image\" alt=\"\" srcset=\"https:\/\/inter-faces.eu\/wp-content\/uploads\/2024\/07\/fauteuil-de-bureau-zueco-la-cinta-direction.jpg 1000w, https:\/\/inter-faces.eu\/wp-content\/uploads\/2024\/07\/fauteuil-de-bureau-zueco-la-cinta-direction-300x300.jpg 300w, https:\/\/inter-faces.eu\/wp-content\/uploads\/2024\/07\/fauteuil-de-bureau-zueco-la-cinta-direction-150x150.jpg 150w, https:\/\/inter-faces.eu\/wp-content\/uploads\/2024\/07\/fauteuil-de-bureau-zueco-la-cinta-direction-768x768.jpg 768w, https:\/\/inter-faces.eu\/wp-content\/uploads\/2024\/07\/fauteuil-de-bureau-zueco-la-cinta-direction-650x650.jpg 650w, https:\/\/inter-faces.eu\/wp-content\/uploads\/2024\/07\/fauteuil-de-bureau-zueco-la-cinta-direction-600x600.jpg 600w, https:\/\/inter-faces.eu\/wp-content\/uploads\/2024\/07\/fauteuil-de-bureau-zueco-la-cinta-direction-100x100.jpg 100w\" sizes=\"(max-width: 1000px) 100vw, 1000px\" \/>\t\t<\/a>\n\t<\/div>\n\t\t\t\t\t<\/div>\n\t\t<div class=\"qodef-e-content\" style=\"margin:24px 0 30px 0px\">\n\t\t\t<div class=\"qodef-e-text\">\n\t\t\t\t<h4 itemprop=\"name\" class=\"qodef-e-title entry-title\" >\n\t<a itemprop=\"url\" class=\"qodef-e-title-link\" href=\"https:\/\/inter-faces.eu\/index.php\/portfolio-item\/fauteuil-lacinta-ergonomie-sophistiquee-zuco\/\" target=\"_self\">\n\t\tFauteuil LACINTA, ergonomie sophistiqu\u00e9e  &#8211; Z\u00fcco\t<\/a>\n<\/h4>\n\t\t\t<\/div>\n\t\t\t<div class=\"qodef-e-top-holder\">\n\t\t\t\t<div class=\"qodef-e-info\">\n\t\t\t\t\t\t<a href=\"https:\/\/inter-faces.eu\/index.php\/portfolio-category\/mobilier-professionnel\/\" rel=\"tag\">Mobilier professionnel<\/a>\t<div class=\"qodef-info-separator-end\"><\/div>\n\t\t\t\t<\/div>\n\t\t\t<\/div>\n\t\t<\/div>\n\t<\/div>\n<\/article>\n<article class=\"qodef-e qodef-grid-item qodef-item--full  post-16587 portfolio-item type-portfolio-item status-publish has-post-thumbnail hentry portfolio-category-mobilier-professionnel portfolio-tag-mobilier-professionnel portfolio-tag-sieges-de-direction\">\n\t<div class=\"qodef-e-inner\" >\n\t\t<div class=\"qodef-e-image\">\n\t\t\t\t<div class=\"qodef-e-media-image\">\n\t\t<a itemprop=\"url\" href=\"https:\/\/inter-faces.eu\/index.php\/portfolio-item\/fauteuils-de-direction-avec-tetiere-dama-sesta\/\" target=\"_self\">\n\t\t\t<img loading=\"lazy\" decoding=\"async\" width=\"700\" height=\"813\" src=\"https:\/\/inter-faces.eu\/wp-content\/uploads\/2024\/08\/SESTA-Dama-Design-Sesta-03-e1723035760269.jpg\" class=\"attachment-full size-full wp-post-image\" alt=\"\" srcset=\"https:\/\/inter-faces.eu\/wp-content\/uploads\/2024\/08\/SESTA-Dama-Design-Sesta-03-e1723035760269.jpg 700w, https:\/\/inter-faces.eu\/wp-content\/uploads\/2024\/08\/SESTA-Dama-Design-Sesta-03-e1723035760269-258x300.jpg 258w, https:\/\/inter-faces.eu\/wp-content\/uploads\/2024\/08\/SESTA-Dama-Design-Sesta-03-e1723035760269-600x697.jpg 600w\" sizes=\"(max-width: 700px) 100vw, 700px\" \/>\t\t<\/a>\n\t<\/div>\n\t\t\t\t\t<\/div>\n\t\t<div class=\"qodef-e-content\" style=\"margin:24px 0 30px 0px\">\n\t\t\t<div class=\"qodef-e-text\">\n\t\t\t\t<h4 itemprop=\"name\" class=\"qodef-e-title entry-title\" >\n\t<a itemprop=\"url\" class=\"qodef-e-title-link\" href=\"https:\/\/inter-faces.eu\/index.php\/portfolio-item\/fauteuils-de-direction-avec-tetiere-dama-sesta\/\" target=\"_self\">\n\t\tFauteuils de direction avec t\u00eati\u00e8re Dama &#8211; Sesta\t<\/a>\n<\/h4>\n\t\t\t<\/div>\n\t\t\t<div class=\"qodef-e-top-holder\">\n\t\t\t\t<div class=\"qodef-e-info\">\n\t\t\t\t\t\t<a href=\"https:\/\/inter-faces.eu\/index.php\/portfolio-category\/mobilier-professionnel\/\" rel=\"tag\">Mobilier professionnel<\/a>\t<div class=\"qodef-info-separator-end\"><\/div>\n\t\t\t\t<\/div>\n\t\t\t<\/div>\n\t\t<\/div>\n\t<\/div>\n<\/article>\n<article class=\"qodef-e qodef-grid-item qodef-item--full  post-11243 portfolio-item type-portfolio-item status-publish has-post-thumbnail hentry portfolio-category-mobilier-professionnel portfolio-tag-mobilier-professionnel portfolio-tag-sieges-de-direction portfolio-tag-sieges-et-fauteuils portfolio-tag-vitra\">\n\t<div class=\"qodef-e-inner\" >\n\t\t<div class=\"qodef-e-image\">\n\t\t\t\t<div class=\"qodef-e-media-image\">\n\t\t<a itemprop=\"url\" href=\"https:\/\/inter-faces.eu\/index.php\/portfolio-item\/fauteuil-id-trim-l\/\" target=\"_self\">\n\t\t\t<img loading=\"lazy\" decoding=\"async\" width=\"1200\" height=\"1200\" src=\"https:\/\/inter-faces.eu\/wp-content\/uploads\/2024\/07\/VITRA-ID-Trim-L-3.jpg\" class=\"attachment-full size-full wp-post-image\" alt=\"\" srcset=\"https:\/\/inter-faces.eu\/wp-content\/uploads\/2024\/07\/VITRA-ID-Trim-L-3.jpg 1200w, https:\/\/inter-faces.eu\/wp-content\/uploads\/2024\/07\/VITRA-ID-Trim-L-3-300x300.jpg 300w, https:\/\/inter-faces.eu\/wp-content\/uploads\/2024\/07\/VITRA-ID-Trim-L-3-1024x1024.jpg 1024w, https:\/\/inter-faces.eu\/wp-content\/uploads\/2024\/07\/VITRA-ID-Trim-L-3-150x150.jpg 150w, https:\/\/inter-faces.eu\/wp-content\/uploads\/2024\/07\/VITRA-ID-Trim-L-3-768x768.jpg 768w, https:\/\/inter-faces.eu\/wp-content\/uploads\/2024\/07\/VITRA-ID-Trim-L-3-650x650.jpg 650w, https:\/\/inter-faces.eu\/wp-content\/uploads\/2024\/07\/VITRA-ID-Trim-L-3-600x600.jpg 600w, https:\/\/inter-faces.eu\/wp-content\/uploads\/2024\/07\/VITRA-ID-Trim-L-3-100x100.jpg 100w\" sizes=\"(max-width: 1200px) 100vw, 1200px\" \/>\t\t<\/a>\n\t<\/div>\n\t\t\t\t\t<\/div>\n\t\t<div class=\"qodef-e-content\" style=\"margin:24px 0 30px 0px\">\n\t\t\t<div class=\"qodef-e-text\">\n\t\t\t\t<h4 itemprop=\"name\" class=\"qodef-e-title entry-title\" >\n\t<a itemprop=\"url\" class=\"qodef-e-title-link\" href=\"https:\/\/inter-faces.eu\/index.php\/portfolio-item\/fauteuil-id-trim-l\/\" target=\"_self\">\n\t\tFauteuil ID Trim L &#8211; Vitra\t<\/a>\n<\/h4>\n\t\t\t<\/div>\n\t\t\t<div class=\"qodef-e-top-holder\">\n\t\t\t\t<div class=\"qodef-e-info\">\n\t\t\t\t\t\t<a href=\"https:\/\/inter-faces.eu\/index.php\/portfolio-category\/mobilier-professionnel\/\" rel=\"tag\">Mobilier professionnel<\/a>\t<div class=\"qodef-info-separator-end\"><\/div>\n\t\t\t\t<\/div>\n\t\t\t<\/div>\n\t\t<\/div>\n\t<\/div>\n<\/article>\n\t<\/div>\n\t<\/div>\n\t\t<\/div>\n\t\t\t\t<\/div>\n\t\t\t\t\t<\/div>\n\t\t<\/div>\n\t\t\t\t\t<\/div>\n\t\t<\/section>\n\t\t\t\t<\/div>\n\t\t<button class=\"simplefavorite-button\" data-postid=\"11243\" data-siteid=\"1\" data-groupid=\"1\" data-favoritecount=\"0\" style=\"\">Ajouter \u00e0 ma liste d'envies <i class=\"fa-solid fa-heart\"><\/i><\/button>","protected":false},"excerpt":{"rendered":"<p>Si\u00e8ges de direction Bien choisir son si\u00e8ge\u2026 est essentiel&#8230; Ergonomique, confortable et \u00e9l\u00e9gant. Venez essayer votre fauteuil de direction au showroom Inter-Faces Pro de Toulon et d\u00e9couvrez l\u2019\u00e9tendue du choix des mati\u00e8res (cuir, tissu), des formes et des gammes et des marques que nous vous proposons. Les fauteuils Grand Executive &#8211; Vitra Mobilier professionnel Fauteuils [&hellip;]<\/p>\n","protected":false},"author":1,"featured_media":0,"parent":10336,"menu_order":0,"comment_status":"closed","ping_status":"closed","template":"","meta":{"footnotes":""},"yoast_head":"<!-- This site is optimized with the Yoast SEO plugin v22.6 - https:\/\/yoast.com\/wordpress\/plugins\/seo\/ -->\n<title>Si\u00e8ges de direction - Inter-Faces<\/title>\n<meta name=\"robots\" content=\"index, follow, max-snippet:-1, max-image-preview:large, max-video-preview:-1\" \/>\n<link rel=\"canonical\" href=\"https:\/\/inter-faces.eu\/index.php\/mobilier-professionnel\/sieges-de-direction\/\" \/>\n<meta property=\"og:locale\" content=\"fr_FR\" \/>\n<meta property=\"og:type\" content=\"article\" \/>\n<meta property=\"og:title\" content=\"Si\u00e8ges de direction - Inter-Faces\" \/>\n<meta property=\"og:description\" content=\"Si\u00e8ges de direction Bien choisir son si\u00e8ge\u2026 est essentiel&#8230; Ergonomique, confortable et \u00e9l\u00e9gant. Venez essayer votre fauteuil de direction au showroom Inter-Faces Pro de Toulon et d\u00e9couvrez l\u2019\u00e9tendue du choix des mati\u00e8res (cuir, tissu), des formes et des gammes et des marques que nous vous proposons. Les fauteuils Grand Executive &#8211; Vitra Mobilier professionnel Fauteuils [&hellip;]\" \/>\n<meta property=\"og:url\" content=\"https:\/\/inter-faces.eu\/index.php\/mobilier-professionnel\/sieges-de-direction\/\" \/>\n<meta property=\"og:site_name\" content=\"Inter-Faces\" \/>\n<meta property=\"article:publisher\" content=\"https:\/\/www.facebook.com\/interfacestoulon\" \/>\n<meta property=\"article:modified_time\" content=\"2025-06-02T14:22:25+00:00\" \/>\n<meta property=\"og:image\" content=\"https:\/\/inter-faces.eu\/wp-content\/uploads\/2024\/07\/Vitra-Grand-executive-7-scaled.jpg\" \/>\n<meta name=\"twitter:card\" content=\"summary_large_image\" \/>\n<meta name=\"twitter:label1\" content=\"Dur\u00e9e de lecture estim\u00e9e\" \/>\n\t<meta name=\"twitter:data1\" content=\"4 minutes\" \/>\n<script type=\"application\/ld+json\" class=\"yoast-schema-graph\">{\"@context\":\"https:\/\/schema.org\",\"@graph\":[{\"@type\":\"WebPage\",\"@id\":\"https:\/\/inter-faces.eu\/index.php\/mobilier-professionnel\/sieges-de-direction\/\",\"url\":\"https:\/\/inter-faces.eu\/index.php\/mobilier-professionnel\/sieges-de-direction\/\",\"name\":\"Si\u00e8ges de direction - Inter-Faces\",\"isPartOf\":{\"@id\":\"https:\/\/inter-faces.eu\/#website\"},\"primaryImageOfPage\":{\"@id\":\"https:\/\/inter-faces.eu\/index.php\/mobilier-professionnel\/sieges-de-direction\/#primaryimage\"},\"image\":{\"@id\":\"https:\/\/inter-faces.eu\/index.php\/mobilier-professionnel\/sieges-de-direction\/#primaryimage\"},\"thumbnailUrl\":\"https:\/\/inter-faces.eu\/wp-content\/uploads\/2024\/07\/Vitra-Grand-executive-7-scaled.jpg\",\"datePublished\":\"2024-05-06T13:19:32+00:00\",\"dateModified\":\"2025-06-02T14:22:25+00:00\",\"breadcrumb\":{\"@id\":\"https:\/\/inter-faces.eu\/index.php\/mobilier-professionnel\/sieges-de-direction\/#breadcrumb\"},\"inLanguage\":\"fr-FR\",\"potentialAction\":[{\"@type\":\"ReadAction\",\"target\":[\"https:\/\/inter-faces.eu\/index.php\/mobilier-professionnel\/sieges-de-direction\/\"]}]},{\"@type\":\"ImageObject\",\"inLanguage\":\"fr-FR\",\"@id\":\"https:\/\/inter-faces.eu\/index.php\/mobilier-professionnel\/sieges-de-direction\/#primaryimage\",\"url\":\"https:\/\/inter-faces.eu\/wp-content\/uploads\/2024\/07\/Vitra-Grand-executive-7-scaled.jpg\",\"contentUrl\":\"https:\/\/inter-faces.eu\/wp-content\/uploads\/2024\/07\/Vitra-Grand-executive-7-scaled.jpg\",\"width\":2560,\"height\":1920},{\"@type\":\"BreadcrumbList\",\"@id\":\"https:\/\/inter-faces.eu\/index.php\/mobilier-professionnel\/sieges-de-direction\/#breadcrumb\",\"itemListElement\":[{\"@type\":\"ListItem\",\"position\":1,\"name\":\"Accueil\",\"item\":\"https:\/\/inter-faces.eu\/\"},{\"@type\":\"ListItem\",\"position\":2,\"name\":\"Mobilier professionnel\",\"item\":\"https:\/\/inter-faces.eu\/index.php\/mobilier-professionnel\/\"},{\"@type\":\"ListItem\",\"position\":3,\"name\":\"Si\u00e8ges de direction\"}]},{\"@type\":\"WebSite\",\"@id\":\"https:\/\/inter-faces.eu\/#website\",\"url\":\"https:\/\/inter-faces.eu\/\",\"name\":\"Inter-Faces\",\"description\":\"\",\"publisher\":{\"@id\":\"https:\/\/inter-faces.eu\/#organization\"},\"potentialAction\":[{\"@type\":\"SearchAction\",\"target\":{\"@type\":\"EntryPoint\",\"urlTemplate\":\"https:\/\/inter-faces.eu\/?s={search_term_string}\"},\"query-input\":\"required name=search_term_string\"}],\"inLanguage\":\"fr-FR\"},{\"@type\":\"Organization\",\"@id\":\"https:\/\/inter-faces.eu\/#organization\",\"name\":\"Inter-Faces\",\"url\":\"https:\/\/inter-faces.eu\/\",\"logo\":{\"@type\":\"ImageObject\",\"inLanguage\":\"fr-FR\",\"@id\":\"https:\/\/inter-faces.eu\/#\/schema\/logo\/image\/\",\"url\":\"https:\/\/inter-faces.eu\/wp-content\/uploads\/2024\/02\/logo.png\",\"contentUrl\":\"https:\/\/inter-faces.eu\/wp-content\/uploads\/2024\/02\/logo.png\",\"width\":400,\"height\":155,\"caption\":\"Inter-Faces\"},\"image\":{\"@id\":\"https:\/\/inter-faces.eu\/#\/schema\/logo\/image\/\"},\"sameAs\":[\"https:\/\/www.facebook.com\/interfacestoulon\",\"https:\/\/www.instagram.com\/inter_faces_mobilier\",\"https:\/\/www.youtube.com\/user\/interfacesmc\"]}]}<\/script>\n<!-- \/ Yoast SEO plugin. -->","yoast_head_json":{"title":"Si\u00e8ges de direction - Inter-Faces","robots":{"index":"index","follow":"follow","max-snippet":"max-snippet:-1","max-image-preview":"max-image-preview:large","max-video-preview":"max-video-preview:-1"},"canonical":"https:\/\/inter-faces.eu\/index.php\/mobilier-professionnel\/sieges-de-direction\/","og_locale":"fr_FR","og_type":"article","og_title":"Si\u00e8ges de direction - Inter-Faces","og_description":"Si\u00e8ges de direction Bien choisir son si\u00e8ge\u2026 est essentiel&#8230; Ergonomique, confortable et \u00e9l\u00e9gant. Venez essayer votre fauteuil de direction au showroom Inter-Faces Pro de Toulon et d\u00e9couvrez l\u2019\u00e9tendue du choix des mati\u00e8res (cuir, tissu), des formes et des gammes et des marques que nous vous proposons. Les fauteuils Grand Executive &#8211; Vitra Mobilier professionnel Fauteuils [&hellip;]","og_url":"https:\/\/inter-faces.eu\/index.php\/mobilier-professionnel\/sieges-de-direction\/","og_site_name":"Inter-Faces","article_publisher":"https:\/\/www.facebook.com\/interfacestoulon","article_modified_time":"2025-06-02T14:22:25+00:00","og_image":[{"url":"https:\/\/inter-faces.eu\/wp-content\/uploads\/2024\/07\/Vitra-Grand-executive-7-scaled.jpg"}],"twitter_card":"summary_large_image","twitter_misc":{"Dur\u00e9e de lecture estim\u00e9e":"4 minutes"},"schema":{"@context":"https:\/\/schema.org","@graph":[{"@type":"WebPage","@id":"https:\/\/inter-faces.eu\/index.php\/mobilier-professionnel\/sieges-de-direction\/","url":"https:\/\/inter-faces.eu\/index.php\/mobilier-professionnel\/sieges-de-direction\/","name":"Si\u00e8ges de direction - Inter-Faces","isPartOf":{"@id":"https:\/\/inter-faces.eu\/#website"},"primaryImageOfPage":{"@id":"https:\/\/inter-faces.eu\/index.php\/mobilier-professionnel\/sieges-de-direction\/#primaryimage"},"image":{"@id":"https:\/\/inter-faces.eu\/index.php\/mobilier-professionnel\/sieges-de-direction\/#primaryimage"},"thumbnailUrl":"https:\/\/inter-faces.eu\/wp-content\/uploads\/2024\/07\/Vitra-Grand-executive-7-scaled.jpg","datePublished":"2024-05-06T13:19:32+00:00","dateModified":"2025-06-02T14:22:25+00:00","breadcrumb":{"@id":"https:\/\/inter-faces.eu\/index.php\/mobilier-professionnel\/sieges-de-direction\/#breadcrumb"},"inLanguage":"fr-FR","potentialAction":[{"@type":"ReadAction","target":["https:\/\/inter-faces.eu\/index.php\/mobilier-professionnel\/sieges-de-direction\/"]}]},{"@type":"ImageObject","inLanguage":"fr-FR","@id":"https:\/\/inter-faces.eu\/index.php\/mobilier-professionnel\/sieges-de-direction\/#primaryimage","url":"https:\/\/inter-faces.eu\/wp-content\/uploads\/2024\/07\/Vitra-Grand-executive-7-scaled.jpg","contentUrl":"https:\/\/inter-faces.eu\/wp-content\/uploads\/2024\/07\/Vitra-Grand-executive-7-scaled.jpg","width":2560,"height":1920},{"@type":"BreadcrumbList","@id":"https:\/\/inter-faces.eu\/index.php\/mobilier-professionnel\/sieges-de-direction\/#breadcrumb","itemListElement":[{"@type":"ListItem","position":1,"name":"Accueil","item":"https:\/\/inter-faces.eu\/"},{"@type":"ListItem","position":2,"name":"Mobilier professionnel","item":"https:\/\/inter-faces.eu\/index.php\/mobilier-professionnel\/"},{"@type":"ListItem","position":3,"name":"Si\u00e8ges de direction"}]},{"@type":"WebSite","@id":"https:\/\/inter-faces.eu\/#website","url":"https:\/\/inter-faces.eu\/","name":"Inter-Faces","description":"","publisher":{"@id":"https:\/\/inter-faces.eu\/#organization"},"potentialAction":[{"@type":"SearchAction","target":{"@type":"EntryPoint","urlTemplate":"https:\/\/inter-faces.eu\/?s={search_term_string}"},"query-input":"required name=search_term_string"}],"inLanguage":"fr-FR"},{"@type":"Organization","@id":"https:\/\/inter-faces.eu\/#organization","name":"Inter-Faces","url":"https:\/\/inter-faces.eu\/","logo":{"@type":"ImageObject","inLanguage":"fr-FR","@id":"https:\/\/inter-faces.eu\/#\/schema\/logo\/image\/","url":"https:\/\/inter-faces.eu\/wp-content\/uploads\/2024\/02\/logo.png","contentUrl":"https:\/\/inter-faces.eu\/wp-content\/uploads\/2024\/02\/logo.png","width":400,"height":155,"caption":"Inter-Faces"},"image":{"@id":"https:\/\/inter-faces.eu\/#\/schema\/logo\/image\/"},"sameAs":["https:\/\/www.facebook.com\/interfacestoulon","https:\/\/www.instagram.com\/inter_faces_mobilier","https:\/\/www.youtube.com\/user\/interfacesmc"]}]}},"_links":{"self":[{"href":"https:\/\/inter-faces.eu\/index.php\/wp-json\/wp\/v2\/pages\/14777"}],"collection":[{"href":"https:\/\/inter-faces.eu\/index.php\/wp-json\/wp\/v2\/pages"}],"about":[{"href":"https:\/\/inter-faces.eu\/index.php\/wp-json\/wp\/v2\/types\/page"}],"author":[{"embeddable":true,"href":"https:\/\/inter-faces.eu\/index.php\/wp-json\/wp\/v2\/users\/1"}],"replies":[{"embeddable":true,"href":"https:\/\/inter-faces.eu\/index.php\/wp-json\/wp\/v2\/comments?post=14777"}],"version-history":[{"count":13,"href":"https:\/\/inter-faces.eu\/index.php\/wp-json\/wp\/v2\/pages\/14777\/revisions"}],"predecessor-version":[{"id":18259,"href":"https:\/\/inter-faces.eu\/index.php\/wp-json\/wp\/v2\/pages\/14777\/revisions\/18259"}],"up":[{"embeddable":true,"href":"https:\/\/inter-faces.eu\/index.php\/wp-json\/wp\/v2\/pages\/10336"}],"wp:attachment":[{"href":"https:\/\/inter-faces.eu\/index.php\/wp-json\/wp\/v2\/media?parent=14777"}],"curies":[{"name":"wp","href":"https:\/\/api.w.org\/{rel}","templated":true}]}}