{"id":14765,"date":"2024-05-06T15:06:03","date_gmt":"2024-05-06T13:06:03","guid":{"rendered":"https:\/\/romainleny-dev.com\/?page_id=14765"},"modified":"2025-06-02T17:35:13","modified_gmt":"2025-06-02T15:35:13","slug":"solutions-acoustiques","status":"publish","type":"page","link":"https:\/\/inter-faces.eu\/index.php\/mobilier-professionnel\/solutions-acoustiques\/","title":{"rendered":"Solutions acoustiques"},"content":{"rendered":"\t\t<div data-elementor-type=\"wp-page\" data-elementor-id=\"14765\" class=\"elementor elementor-14765\" data-elementor-post-type=\"page\">\n\t\t\t\t<div class=\"elementor-element elementor-element-649c2197 e-con-full e-flex e-con e-parent\" data-id=\"649c2197\" data-element_type=\"container\" data-core-v316-plus=\"true\">\n\t\t\t\t<div class=\"elementor-element elementor-element-3c1accde elementor-widget elementor-widget-hiroshi_core_section_title\" data-id=\"3c1accde\" data-element_type=\"widget\" data-widget_type=\"hiroshi_core_section_title.default\">\n\t\t\t\t<div class=\"elementor-widget-container\">\n\t\t\t<div class=\"qodef-shortcode qodef-m  qodef-section-title qodef-alignment--left \">\n\t\t<h1 class=\"qodef-m-title\" >\n\t\t\t\t\tSolutions acoustiques\t\t\t<\/h1>\n\t\t<p class=\"qodef-m-text\" >Halte aux d\u00e9cibels !\nD\u00e9sormais de nombreux produits issus de technologies et de concepts novateurs sont disponibles pour rendre votre environnement de travail confortable et efficace : cabines d\u2019isolation phoniques, panneaux absorbants et d\u00e9coratifs, rideaux et tissus acoustiques, cloisons isolantes, armoires et \u00e9crans de s\u00e9paration acoustiques, panneaux suspendus. Bref, Inter-Faces Pro est \u00e0 m\u00eame de vous proposer   un ensemble de solutions performantes d\u2019isolation hautement techniques et cr\u00e9atives au service d\u2019espaces paysag\u00e9s et \u00e9l\u00e9gants. Consultez-nous !\n<\/p>\n<\/div>\n\t\t<\/div>\n\t\t\t\t<\/div>\n\t\t\t\t<\/div>\n\t\t\t\t<section class=\"elementor-section elementor-top-section elementor-element elementor-element-661fdc45 elementor-section-full_width qodef-elementor-content-grid elementor-section-height-default elementor-section-height-default qodef-elementor-column-no\" data-id=\"661fdc45\" data-element_type=\"section\">\n\t\t\t\t\t\t<div class=\"elementor-container elementor-column-gap-default\">\n\t\t\t\t\t<div class=\"elementor-column elementor-col-100 elementor-top-column elementor-element elementor-element-23f4da1f\" data-id=\"23f4da1f\" data-element_type=\"column\">\n\t\t\t<div class=\"elementor-widget-wrap elementor-element-populated\">\n\t\t\t\t\t\t<div class=\"elementor-element elementor-element-4c171564 elementor-widget elementor-widget-hiroshi_core_portfolio_list\" data-id=\"4c171564\" data-element_type=\"widget\" data-widget_type=\"hiroshi_core_portfolio_list.default\">\n\t\t\t\t<div class=\"elementor-widget-container\">\n\t\t\t<div class=\"qodef-shortcode qodef-m  qodef-portfolio-list qodef-item-layout--info-below  qodef-grid qodef-layout--columns  qodef-gutter--tiny qodef-col-num--3 qodef-item-layout--info-below qodef--no-bottom-space qodef-pagination--off qodef-responsive--predefined qodef-hover-animation--move-text\" data-options=\"{&quot;plugin&quot;:&quot;hiroshi_core&quot;,&quot;module&quot;:&quot;post-types\\\/portfolio\\\/shortcodes&quot;,&quot;shortcode&quot;:&quot;portfolio-list&quot;,&quot;post_type&quot;:&quot;portfolio-item&quot;,&quot;next_page&quot;:&quot;2&quot;,&quot;max_pages_num&quot;:1,&quot;behavior&quot;:&quot;columns&quot;,&quot;images_proportion&quot;:&quot;full&quot;,&quot;columns&quot;:&quot;3&quot;,&quot;columns_responsive&quot;:&quot;predefined&quot;,&quot;space&quot;:&quot;tiny&quot;,&quot;posts_per_page&quot;:&quot;200&quot;,&quot;orderby&quot;:&quot;date&quot;,&quot;order&quot;:&quot;DESC&quot;,&quot;additional_params&quot;:&quot;tax&quot;,&quot;tax&quot;:&quot;portfolio-tag&quot;,&quot;tax_slug&quot;:&quot;solutions-acoustiques&quot;,&quot;layout&quot;:&quot;info-below&quot;,&quot;hover_animation_info-below&quot;:&quot;move-text&quot;,&quot;hover_animation_info-follow&quot;:&quot;follow&quot;,&quot;hover_animation_info-on-hover&quot;:&quot;fade-in&quot;,&quot;title_tag&quot;:&quot;h4&quot;,&quot;enable_category&quot;:&quot;yes&quot;,&quot;zigzag&quot;:&quot;no&quot;,&quot;custom_margin&quot;:&quot;no&quot;,&quot;enable_appear&quot;:&quot;no&quot;,&quot;pagination_type&quot;:&quot;no-pagination&quot;,&quot;info_below_content_margin&quot;:&quot;24px 0 30px 0px&quot;,&quot;object_class_name&quot;:&quot;HiroshiCore_Portfolio_List_Shortcode&quot;,&quot;taxonomy_filter&quot;:&quot;portfolio-tag&quot;,&quot;additional_query_args&quot;:{&quot;tax_query&quot;:[{&quot;taxonomy&quot;:&quot;portfolio-tag&quot;,&quot;field&quot;:&quot;slug&quot;,&quot;terms&quot;:&quot;solutions-acoustiques&quot;}]},&quot;space_value&quot;:4}\">\n\t\t<div class=\"qodef-grid-inner clear\">\n\t\t<article class=\"qodef-e qodef-grid-item qodef-item--full  post-18474 portfolio-item type-portfolio-item status-publish has-post-thumbnail hentry portfolio-category-mobilier-professionnel portfolio-tag-eclairage-accessoires-et-connectique portfolio-tag-mobilier-professionnel portfolio-tag-solutions-acoustiques\">\n\t<div class=\"qodef-e-inner\" >\n\t\t<div class=\"qodef-e-image\">\n\t\t\t\t<div class=\"qodef-e-media-image\">\n\t\t<a itemprop=\"url\" href=\"https:\/\/inter-faces.eu\/index.php\/portfolio-item\/lily-suspension-acoustique-abstracta\/\" target=\"_self\">\n\t\t\t<img fetchpriority=\"high\" decoding=\"async\" width=\"2099\" height=\"1399\" src=\"https:\/\/inter-faces.eu\/wp-content\/uploads\/2025\/07\/Inter-faces-Pro-Toulon-et-Puget-sur-Argens-Eclairage-acoustique-Lily-Abstracta-1.jpg\" class=\"attachment-full size-full wp-post-image\" alt=\"\" srcset=\"https:\/\/inter-faces.eu\/wp-content\/uploads\/2025\/07\/Inter-faces-Pro-Toulon-et-Puget-sur-Argens-Eclairage-acoustique-Lily-Abstracta-1.jpg 2099w, https:\/\/inter-faces.eu\/wp-content\/uploads\/2025\/07\/Inter-faces-Pro-Toulon-et-Puget-sur-Argens-Eclairage-acoustique-Lily-Abstracta-1-300x200.jpg 300w, https:\/\/inter-faces.eu\/wp-content\/uploads\/2025\/07\/Inter-faces-Pro-Toulon-et-Puget-sur-Argens-Eclairage-acoustique-Lily-Abstracta-1-1024x683.jpg 1024w, https:\/\/inter-faces.eu\/wp-content\/uploads\/2025\/07\/Inter-faces-Pro-Toulon-et-Puget-sur-Argens-Eclairage-acoustique-Lily-Abstracta-1-768x512.jpg 768w, https:\/\/inter-faces.eu\/wp-content\/uploads\/2025\/07\/Inter-faces-Pro-Toulon-et-Puget-sur-Argens-Eclairage-acoustique-Lily-Abstracta-1-1536x1024.jpg 1536w, https:\/\/inter-faces.eu\/wp-content\/uploads\/2025\/07\/Inter-faces-Pro-Toulon-et-Puget-sur-Argens-Eclairage-acoustique-Lily-Abstracta-1-2048x1365.jpg 2048w, https:\/\/inter-faces.eu\/wp-content\/uploads\/2025\/07\/Inter-faces-Pro-Toulon-et-Puget-sur-Argens-Eclairage-acoustique-Lily-Abstracta-1-600x400.jpg 600w\" sizes=\"(max-width: 2099px) 100vw, 2099px\" \/>\t\t<\/a>\n\t<\/div>\n\t\t\t\t\t<\/div>\n\t\t<div class=\"qodef-e-content\" style=\"margin:24px 0 30px 0px\">\n\t\t\t<div class=\"qodef-e-text\">\n\t\t\t\t<h4 itemprop=\"name\" class=\"qodef-e-title entry-title\" >\n\t<a itemprop=\"url\" class=\"qodef-e-title-link\" href=\"https:\/\/inter-faces.eu\/index.php\/portfolio-item\/lily-suspension-acoustique-abstracta\/\" target=\"_self\">\n\t\tLily , suspension acoustique &#8211; Abstracta\t<\/a>\n<\/h4>\n\t\t\t<\/div>\n\t\t\t<div class=\"qodef-e-top-holder\">\n\t\t\t\t<div class=\"qodef-e-info\">\n\t\t\t\t\t\t<a href=\"https:\/\/inter-faces.eu\/index.php\/portfolio-category\/mobilier-professionnel\/\" rel=\"tag\">Mobilier professionnel<\/a>\t<div class=\"qodef-info-separator-end\"><\/div>\n\t\t\t\t<\/div>\n\t\t\t<\/div>\n\t\t<\/div>\n\t<\/div>\n<\/article>\n<article class=\"qodef-e qodef-grid-item qodef-item--full  post-18464 portfolio-item type-portfolio-item status-publish has-post-thumbnail hentry portfolio-category-mobilier-professionnel portfolio-tag-eclairage-accessoires-et-connectique portfolio-tag-mobilier-professionnel portfolio-tag-solutions-acoustiques\">\n\t<div class=\"qodef-e-inner\" >\n\t\t<div class=\"qodef-e-image\">\n\t\t\t\t<div class=\"qodef-e-media-image\">\n\t\t<a itemprop=\"url\" href=\"https:\/\/inter-faces.eu\/index.php\/portfolio-item\/moon-lumineuse-insonorisation-eclairage-acoustique-abstracta\/\" target=\"_self\">\n\t\t\t<img decoding=\"async\" width=\"1600\" height=\"800\" src=\"https:\/\/inter-faces.eu\/wp-content\/uploads\/2025\/07\/Inter-faces-Pro-Toulon-et-Puget-sur-Argens-Eclairage-acoustique-Moon-Abstracta-7.png\" class=\"attachment-full size-full wp-post-image\" alt=\"\" srcset=\"https:\/\/inter-faces.eu\/wp-content\/uploads\/2025\/07\/Inter-faces-Pro-Toulon-et-Puget-sur-Argens-Eclairage-acoustique-Moon-Abstracta-7.png 1600w, https:\/\/inter-faces.eu\/wp-content\/uploads\/2025\/07\/Inter-faces-Pro-Toulon-et-Puget-sur-Argens-Eclairage-acoustique-Moon-Abstracta-7-300x150.png 300w, https:\/\/inter-faces.eu\/wp-content\/uploads\/2025\/07\/Inter-faces-Pro-Toulon-et-Puget-sur-Argens-Eclairage-acoustique-Moon-Abstracta-7-1024x512.png 1024w, https:\/\/inter-faces.eu\/wp-content\/uploads\/2025\/07\/Inter-faces-Pro-Toulon-et-Puget-sur-Argens-Eclairage-acoustique-Moon-Abstracta-7-768x384.png 768w, https:\/\/inter-faces.eu\/wp-content\/uploads\/2025\/07\/Inter-faces-Pro-Toulon-et-Puget-sur-Argens-Eclairage-acoustique-Moon-Abstracta-7-1536x768.png 1536w, https:\/\/inter-faces.eu\/wp-content\/uploads\/2025\/07\/Inter-faces-Pro-Toulon-et-Puget-sur-Argens-Eclairage-acoustique-Moon-Abstracta-7-1300x650.png 1300w, https:\/\/inter-faces.eu\/wp-content\/uploads\/2025\/07\/Inter-faces-Pro-Toulon-et-Puget-sur-Argens-Eclairage-acoustique-Moon-Abstracta-7-600x300.png 600w\" sizes=\"(max-width: 1600px) 100vw, 1600px\" \/>\t\t<\/a>\n\t<\/div>\n\t\t\t\t\t<\/div>\n\t\t<div class=\"qodef-e-content\" style=\"margin:24px 0 30px 0px\">\n\t\t\t<div class=\"qodef-e-text\">\n\t\t\t\t<h4 itemprop=\"name\" class=\"qodef-e-title entry-title\" >\n\t<a itemprop=\"url\" class=\"qodef-e-title-link\" href=\"https:\/\/inter-faces.eu\/index.php\/portfolio-item\/moon-lumineuse-insonorisation-eclairage-acoustique-abstracta\/\" target=\"_self\">\n\t\tMoon, Lumineuse insonorisation, Eclairage acoustique &#8211; Abstracta\t<\/a>\n<\/h4>\n\t\t\t<\/div>\n\t\t\t<div class=\"qodef-e-top-holder\">\n\t\t\t\t<div class=\"qodef-e-info\">\n\t\t\t\t\t\t<a href=\"https:\/\/inter-faces.eu\/index.php\/portfolio-category\/mobilier-professionnel\/\" rel=\"tag\">Mobilier professionnel<\/a>\t<div class=\"qodef-info-separator-end\"><\/div>\n\t\t\t\t<\/div>\n\t\t\t<\/div>\n\t\t<\/div>\n\t<\/div>\n<\/article>\n<article class=\"qodef-e qodef-grid-item qodef-item--full  post-10922 portfolio-item type-portfolio-item status-publish has-post-thumbnail hentry portfolio-category-mobilier-professionnel portfolio-tag-bureaux-operatifs portfolio-tag-flex-office-mobilier-professionnel portfolio-tag-mobilier-professionnel portfolio-tag-organisation-et-separateurs-despaces portfolio-tag-solutions-acoustiques portfolio-tag-vitra\">\n\t<div class=\"qodef-e-inner\" >\n\t\t<div class=\"qodef-e-image\">\n\t\t\t\t<div class=\"qodef-e-media-image\">\n\t\t<a itemprop=\"url\" href=\"https:\/\/inter-faces.eu\/index.php\/portfolio-item\/bureau-workbays\/\" target=\"_self\">\n\t\t\t<img decoding=\"async\" width=\"1440\" height=\"1105\" src=\"https:\/\/inter-faces.eu\/wp-content\/uploads\/2024\/11\/VITRA-Alcolve-plus-Desk-6.jpg\" class=\"attachment-full size-full wp-post-image\" alt=\"\" srcset=\"https:\/\/inter-faces.eu\/wp-content\/uploads\/2024\/11\/VITRA-Alcolve-plus-Desk-6.jpg 1440w, https:\/\/inter-faces.eu\/wp-content\/uploads\/2024\/11\/VITRA-Alcolve-plus-Desk-6-300x230.jpg 300w, https:\/\/inter-faces.eu\/wp-content\/uploads\/2024\/11\/VITRA-Alcolve-plus-Desk-6-1024x786.jpg 1024w, https:\/\/inter-faces.eu\/wp-content\/uploads\/2024\/11\/VITRA-Alcolve-plus-Desk-6-768x589.jpg 768w, https:\/\/inter-faces.eu\/wp-content\/uploads\/2024\/11\/VITRA-Alcolve-plus-Desk-6-600x460.jpg 600w\" sizes=\"(max-width: 1440px) 100vw, 1440px\" \/>\t\t<\/a>\n\t<\/div>\n\t\t\t\t\t<\/div>\n\t\t<div class=\"qodef-e-content\" style=\"margin:24px 0 30px 0px\">\n\t\t\t<div class=\"qodef-e-text\">\n\t\t\t\t<h4 itemprop=\"name\" class=\"qodef-e-title entry-title\" >\n\t<a itemprop=\"url\" class=\"qodef-e-title-link\" href=\"https:\/\/inter-faces.eu\/index.php\/portfolio-item\/bureau-workbays\/\" target=\"_self\">\n\t\tAlcove Plus Desk, Erwan &#038; Ronan Bouroullec &#8211; Vitra\t<\/a>\n<\/h4>\n\t\t\t<\/div>\n\t\t\t<div class=\"qodef-e-top-holder\">\n\t\t\t\t<div class=\"qodef-e-info\">\n\t\t\t\t\t\t<a href=\"https:\/\/inter-faces.eu\/index.php\/portfolio-category\/mobilier-professionnel\/\" rel=\"tag\">Mobilier professionnel<\/a>\t<div class=\"qodef-info-separator-end\"><\/div>\n\t\t\t\t<\/div>\n\t\t\t<\/div>\n\t\t<\/div>\n\t<\/div>\n<\/article>\n<article class=\"qodef-e qodef-grid-item qodef-item--full  post-16198 portfolio-item type-portfolio-item status-publish has-post-thumbnail hentry portfolio-category-mobilier-professionnel portfolio-tag-flex-office-mobilier-professionnel portfolio-tag-mobilier-professionnel portfolio-tag-organisation-et-separateurs-despaces portfolio-tag-solutions-acoustiques\">\n\t<div class=\"qodef-e-inner\" >\n\t\t<div class=\"qodef-e-image\">\n\t\t\t\t<div class=\"qodef-e-media-image\">\n\t\t<a itemprop=\"url\" href=\"https:\/\/inter-faces.eu\/index.php\/portfolio-item\/buzzihub-cabine-et-mobilier-acoustique-buzzispace\/\" target=\"_self\">\n\t\t\t<img loading=\"lazy\" decoding=\"async\" width=\"1920\" height=\"1282\" src=\"https:\/\/inter-faces.eu\/wp-content\/uploads\/2024\/07\/BuzziHub.jpg\" class=\"attachment-full size-full wp-post-image\" alt=\"\" srcset=\"https:\/\/inter-faces.eu\/wp-content\/uploads\/2024\/07\/BuzziHub.jpg 1920w, https:\/\/inter-faces.eu\/wp-content\/uploads\/2024\/07\/BuzziHub-300x200.jpg 300w, https:\/\/inter-faces.eu\/wp-content\/uploads\/2024\/07\/BuzziHub-1024x684.jpg 1024w, https:\/\/inter-faces.eu\/wp-content\/uploads\/2024\/07\/BuzziHub-768x513.jpg 768w, https:\/\/inter-faces.eu\/wp-content\/uploads\/2024\/07\/BuzziHub-1536x1026.jpg 1536w, https:\/\/inter-faces.eu\/wp-content\/uploads\/2024\/07\/BuzziHub-600x401.jpg 600w\" sizes=\"(max-width: 1920px) 100vw, 1920px\" \/>\t\t<\/a>\n\t<\/div>\n\t\t\t\t\t<\/div>\n\t\t<div class=\"qodef-e-content\" style=\"margin:24px 0 30px 0px\">\n\t\t\t<div class=\"qodef-e-text\">\n\t\t\t\t<h4 itemprop=\"name\" class=\"qodef-e-title entry-title\" >\n\t<a itemprop=\"url\" class=\"qodef-e-title-link\" href=\"https:\/\/inter-faces.eu\/index.php\/portfolio-item\/buzzihub-cabine-et-mobilier-acoustique-buzzispace\/\" target=\"_self\">\n\t\tBuzziHub \u2013 Cabine et mobilier acoustique &#8211; Buzzispace\t<\/a>\n<\/h4>\n\t\t\t<\/div>\n\t\t\t<div class=\"qodef-e-top-holder\">\n\t\t\t\t<div class=\"qodef-e-info\">\n\t\t\t\t\t\t<a href=\"https:\/\/inter-faces.eu\/index.php\/portfolio-category\/mobilier-professionnel\/\" rel=\"tag\">Mobilier professionnel<\/a>\t<div class=\"qodef-info-separator-end\"><\/div>\n\t\t\t\t<\/div>\n\t\t\t<\/div>\n\t\t<\/div>\n\t<\/div>\n<\/article>\n<article class=\"qodef-e qodef-grid-item qodef-item--full  post-16189 portfolio-item type-portfolio-item status-publish has-post-thumbnail hentry portfolio-category-mobilier-professionnel portfolio-tag-mobilier-professionnel portfolio-tag-organisation-et-separateurs-despaces portfolio-tag-solutions-acoustiques\">\n\t<div class=\"qodef-e-inner\" >\n\t\t<div class=\"qodef-e-image\">\n\t\t\t\t<div class=\"qodef-e-media-image\">\n\t\t<a itemprop=\"url\" href=\"https:\/\/inter-faces.eu\/index.php\/portfolio-item\/panneaux-acoustiques-addenda-clen\/\" target=\"_self\">\n\t\t\t<img loading=\"lazy\" decoding=\"async\" width=\"1252\" height=\"1772\" src=\"https:\/\/inter-faces.eu\/wp-content\/uploads\/2024\/07\/ADDENDA-3D-focus.jpg\" class=\"attachment-full size-full wp-post-image\" alt=\"\" srcset=\"https:\/\/inter-faces.eu\/wp-content\/uploads\/2024\/07\/ADDENDA-3D-focus.jpg 1252w, https:\/\/inter-faces.eu\/wp-content\/uploads\/2024\/07\/ADDENDA-3D-focus-212x300.jpg 212w, https:\/\/inter-faces.eu\/wp-content\/uploads\/2024\/07\/ADDENDA-3D-focus-724x1024.jpg 724w, https:\/\/inter-faces.eu\/wp-content\/uploads\/2024\/07\/ADDENDA-3D-focus-768x1087.jpg 768w, https:\/\/inter-faces.eu\/wp-content\/uploads\/2024\/07\/ADDENDA-3D-focus-1085x1536.jpg 1085w, https:\/\/inter-faces.eu\/wp-content\/uploads\/2024\/07\/ADDENDA-3D-focus-600x849.jpg 600w\" sizes=\"(max-width: 1252px) 100vw, 1252px\" \/>\t\t<\/a>\n\t<\/div>\n\t\t\t\t\t<\/div>\n\t\t<div class=\"qodef-e-content\" style=\"margin:24px 0 30px 0px\">\n\t\t\t<div class=\"qodef-e-text\">\n\t\t\t\t<h4 itemprop=\"name\" class=\"qodef-e-title entry-title\" >\n\t<a itemprop=\"url\" class=\"qodef-e-title-link\" href=\"https:\/\/inter-faces.eu\/index.php\/portfolio-item\/panneaux-acoustiques-addenda-clen\/\" target=\"_self\">\n\t\tPanneaux acoustiques Addenda &#8211; Clen\t<\/a>\n<\/h4>\n\t\t\t<\/div>\n\t\t\t<div class=\"qodef-e-top-holder\">\n\t\t\t\t<div class=\"qodef-e-info\">\n\t\t\t\t\t\t<a href=\"https:\/\/inter-faces.eu\/index.php\/portfolio-category\/mobilier-professionnel\/\" rel=\"tag\">Mobilier professionnel<\/a>\t<div class=\"qodef-info-separator-end\"><\/div>\n\t\t\t\t<\/div>\n\t\t\t<\/div>\n\t\t<\/div>\n\t<\/div>\n<\/article>\n<article class=\"qodef-e qodef-grid-item qodef-item--full  post-16179 portfolio-item type-portfolio-item status-publish has-post-thumbnail hentry portfolio-category-mobilier-professionnel portfolio-tag-mobilier-professionnel portfolio-tag-organisation-et-separateurs-despaces portfolio-tag-solutions-acoustiques\">\n\t<div class=\"qodef-e-inner\" >\n\t\t<div class=\"qodef-e-image\">\n\t\t\t\t<div class=\"qodef-e-media-image\">\n\t\t<a itemprop=\"url\" href=\"https:\/\/inter-faces.eu\/index.php\/portfolio-item\/cabines-acoustiques-escale-en-toute-discretion-clen\/\" target=\"_self\">\n\t\t\t<img loading=\"lazy\" decoding=\"async\" width=\"1024\" height=\"732\" src=\"https:\/\/inter-faces.eu\/wp-content\/uploads\/2024\/07\/ESCALE-AMB-HD-1024x732-1.jpg\" class=\"attachment-full size-full wp-post-image\" alt=\"\" srcset=\"https:\/\/inter-faces.eu\/wp-content\/uploads\/2024\/07\/ESCALE-AMB-HD-1024x732-1.jpg 1024w, https:\/\/inter-faces.eu\/wp-content\/uploads\/2024\/07\/ESCALE-AMB-HD-1024x732-1-300x214.jpg 300w, https:\/\/inter-faces.eu\/wp-content\/uploads\/2024\/07\/ESCALE-AMB-HD-1024x732-1-768x549.jpg 768w, https:\/\/inter-faces.eu\/wp-content\/uploads\/2024\/07\/ESCALE-AMB-HD-1024x732-1-600x429.jpg 600w\" sizes=\"(max-width: 1024px) 100vw, 1024px\" \/>\t\t<\/a>\n\t<\/div>\n\t\t\t\t\t<\/div>\n\t\t<div class=\"qodef-e-content\" style=\"margin:24px 0 30px 0px\">\n\t\t\t<div class=\"qodef-e-text\">\n\t\t\t\t<h4 itemprop=\"name\" class=\"qodef-e-title entry-title\" >\n\t<a itemprop=\"url\" class=\"qodef-e-title-link\" href=\"https:\/\/inter-faces.eu\/index.php\/portfolio-item\/cabines-acoustiques-escale-en-toute-discretion-clen\/\" target=\"_self\">\n\t\tCabines acoustiques Escale &#8211; En toute discr\u00e9tion &#8211; Clen\t<\/a>\n<\/h4>\n\t\t\t<\/div>\n\t\t\t<div class=\"qodef-e-top-holder\">\n\t\t\t\t<div class=\"qodef-e-info\">\n\t\t\t\t\t\t<a href=\"https:\/\/inter-faces.eu\/index.php\/portfolio-category\/mobilier-professionnel\/\" rel=\"tag\">Mobilier professionnel<\/a>\t<div class=\"qodef-info-separator-end\"><\/div>\n\t\t\t\t<\/div>\n\t\t\t<\/div>\n\t\t<\/div>\n\t<\/div>\n<\/article>\n<article class=\"qodef-e qodef-grid-item qodef-item--full  post-16172 portfolio-item type-portfolio-item status-publish has-post-thumbnail hentry portfolio-category-mobilier-professionnel portfolio-tag-flex-office-mobilier-professionnel portfolio-tag-mobilier-professionnel portfolio-tag-nomade portfolio-tag-organisation-et-separateurs-despaces portfolio-tag-solutions-acoustiques\">\n\t<div class=\"qodef-e-inner\" >\n\t\t<div class=\"qodef-e-image\">\n\t\t\t\t<div class=\"qodef-e-media-image\">\n\t\t<a itemprop=\"url\" href=\"https:\/\/inter-faces.eu\/index.php\/portfolio-item\/ecrans-visuels-et-acoustiques-butterfly-clen\/\" target=\"_self\">\n\t\t\t<img loading=\"lazy\" decoding=\"async\" width=\"1669\" height=\"1181\" src=\"https:\/\/inter-faces.eu\/wp-content\/uploads\/2024\/07\/BUTTERFLY-AMB-1.jpg\" class=\"attachment-full size-full wp-post-image\" alt=\"\" srcset=\"https:\/\/inter-faces.eu\/wp-content\/uploads\/2024\/07\/BUTTERFLY-AMB-1.jpg 1669w, https:\/\/inter-faces.eu\/wp-content\/uploads\/2024\/07\/BUTTERFLY-AMB-1-300x212.jpg 300w, https:\/\/inter-faces.eu\/wp-content\/uploads\/2024\/07\/BUTTERFLY-AMB-1-1024x725.jpg 1024w, https:\/\/inter-faces.eu\/wp-content\/uploads\/2024\/07\/BUTTERFLY-AMB-1-768x543.jpg 768w, https:\/\/inter-faces.eu\/wp-content\/uploads\/2024\/07\/BUTTERFLY-AMB-1-1536x1087.jpg 1536w, https:\/\/inter-faces.eu\/wp-content\/uploads\/2024\/07\/BUTTERFLY-AMB-1-600x425.jpg 600w\" sizes=\"(max-width: 1669px) 100vw, 1669px\" \/>\t\t<\/a>\n\t<\/div>\n\t\t\t\t\t<\/div>\n\t\t<div class=\"qodef-e-content\" style=\"margin:24px 0 30px 0px\">\n\t\t\t<div class=\"qodef-e-text\">\n\t\t\t\t<h4 itemprop=\"name\" class=\"qodef-e-title entry-title\" >\n\t<a itemprop=\"url\" class=\"qodef-e-title-link\" href=\"https:\/\/inter-faces.eu\/index.php\/portfolio-item\/ecrans-visuels-et-acoustiques-butterfly-clen\/\" target=\"_self\">\n\t\tEcrans visuels et acoustiques Butterfly &#8211; Clen\t<\/a>\n<\/h4>\n\t\t\t<\/div>\n\t\t\t<div class=\"qodef-e-top-holder\">\n\t\t\t\t<div class=\"qodef-e-info\">\n\t\t\t\t\t\t<a href=\"https:\/\/inter-faces.eu\/index.php\/portfolio-category\/mobilier-professionnel\/\" rel=\"tag\">Mobilier professionnel<\/a>\t<div class=\"qodef-info-separator-end\"><\/div>\n\t\t\t\t<\/div>\n\t\t\t<\/div>\n\t\t<\/div>\n\t<\/div>\n<\/article>\n\t<\/div>\n\t<\/div>\n\t\t<\/div>\n\t\t\t\t<\/div>\n\t\t\t\t\t<\/div>\n\t\t<\/div>\n\t\t\t\t\t<\/div>\n\t\t<\/section>\n\t\t\t\t<\/div>\n\t\t<button class=\"simplefavorite-button\" data-postid=\"16172\" data-siteid=\"1\" data-groupid=\"1\" data-favoritecount=\"1\" style=\"\">Ajouter \u00e0 ma liste d'envies <i class=\"fa-solid fa-heart\"><\/i><\/button>","protected":false},"excerpt":{"rendered":"<p>Solutions acoustiques Halte aux d\u00e9cibels ! D\u00e9sormais de nombreux produits issus de technologies et de concepts novateurs sont disponibles pour rendre votre environnement de travail confortable et efficace : cabines d\u2019isolation phoniques, panneaux absorbants et d\u00e9coratifs, rideaux et tissus acoustiques, cloisons isolantes, armoires et \u00e9crans de s\u00e9paration acoustiques, panneaux suspendus. Bref, Inter-Faces Pro est \u00e0 [&hellip;]<\/p>\n","protected":false},"author":1,"featured_media":0,"parent":10336,"menu_order":0,"comment_status":"closed","ping_status":"closed","template":"","meta":{"footnotes":""},"yoast_head":"<!-- This site is optimized with the Yoast SEO plugin v22.6 - https:\/\/yoast.com\/wordpress\/plugins\/seo\/ -->\n<title>Solutions acoustiques - Inter-Faces<\/title>\n<meta name=\"robots\" content=\"index, follow, max-snippet:-1, max-image-preview:large, max-video-preview:-1\" \/>\n<link rel=\"canonical\" href=\"https:\/\/inter-faces.eu\/index.php\/mobilier-professionnel\/solutions-acoustiques\/\" \/>\n<meta property=\"og:locale\" content=\"fr_FR\" \/>\n<meta property=\"og:type\" content=\"article\" \/>\n<meta property=\"og:title\" content=\"Solutions acoustiques - Inter-Faces\" \/>\n<meta property=\"og:description\" content=\"Solutions acoustiques Halte aux d\u00e9cibels ! D\u00e9sormais de nombreux produits issus de technologies et de concepts novateurs sont disponibles pour rendre votre environnement de travail confortable et efficace : cabines d\u2019isolation phoniques, panneaux absorbants et d\u00e9coratifs, rideaux et tissus acoustiques, cloisons isolantes, armoires et \u00e9crans de s\u00e9paration acoustiques, panneaux suspendus. Bref, Inter-Faces Pro est \u00e0 [&hellip;]\" \/>\n<meta property=\"og:url\" content=\"https:\/\/inter-faces.eu\/index.php\/mobilier-professionnel\/solutions-acoustiques\/\" \/>\n<meta property=\"og:site_name\" content=\"Inter-Faces\" \/>\n<meta property=\"article:publisher\" content=\"https:\/\/www.facebook.com\/interfacestoulon\" \/>\n<meta property=\"article:modified_time\" content=\"2025-06-02T15:35:13+00:00\" \/>\n<meta property=\"og:image\" content=\"https:\/\/inter-faces.eu\/wp-content\/uploads\/2025\/03\/BRALCO-Collection-Polare-accessoires-6-e1741187728529.jpg\" \/>\n<meta name=\"twitter:card\" content=\"summary_large_image\" \/>\n<meta name=\"twitter:label1\" content=\"Dur\u00e9e de lecture estim\u00e9e\" \/>\n\t<meta name=\"twitter:data1\" content=\"2 minutes\" \/>\n<script type=\"application\/ld+json\" class=\"yoast-schema-graph\">{\"@context\":\"https:\/\/schema.org\",\"@graph\":[{\"@type\":\"WebPage\",\"@id\":\"https:\/\/inter-faces.eu\/index.php\/mobilier-professionnel\/solutions-acoustiques\/\",\"url\":\"https:\/\/inter-faces.eu\/index.php\/mobilier-professionnel\/solutions-acoustiques\/\",\"name\":\"Solutions acoustiques - Inter-Faces\",\"isPartOf\":{\"@id\":\"https:\/\/inter-faces.eu\/#website\"},\"primaryImageOfPage\":{\"@id\":\"https:\/\/inter-faces.eu\/index.php\/mobilier-professionnel\/solutions-acoustiques\/#primaryimage\"},\"image\":{\"@id\":\"https:\/\/inter-faces.eu\/index.php\/mobilier-professionnel\/solutions-acoustiques\/#primaryimage\"},\"thumbnailUrl\":\"https:\/\/inter-faces.eu\/wp-content\/uploads\/2025\/03\/BRALCO-Collection-Polare-accessoires-6-e1741187728529.jpg\",\"datePublished\":\"2024-05-06T13:06:03+00:00\",\"dateModified\":\"2025-06-02T15:35:13+00:00\",\"breadcrumb\":{\"@id\":\"https:\/\/inter-faces.eu\/index.php\/mobilier-professionnel\/solutions-acoustiques\/#breadcrumb\"},\"inLanguage\":\"fr-FR\",\"potentialAction\":[{\"@type\":\"ReadAction\",\"target\":[\"https:\/\/inter-faces.eu\/index.php\/mobilier-professionnel\/solutions-acoustiques\/\"]}]},{\"@type\":\"ImageObject\",\"inLanguage\":\"fr-FR\",\"@id\":\"https:\/\/inter-faces.eu\/index.php\/mobilier-professionnel\/solutions-acoustiques\/#primaryimage\",\"url\":\"https:\/\/inter-faces.eu\/wp-content\/uploads\/2025\/03\/BRALCO-Collection-Polare-accessoires-6-e1741187728529.jpg\",\"contentUrl\":\"https:\/\/inter-faces.eu\/wp-content\/uploads\/2025\/03\/BRALCO-Collection-Polare-accessoires-6-e1741187728529.jpg\",\"width\":739,\"height\":560},{\"@type\":\"BreadcrumbList\",\"@id\":\"https:\/\/inter-faces.eu\/index.php\/mobilier-professionnel\/solutions-acoustiques\/#breadcrumb\",\"itemListElement\":[{\"@type\":\"ListItem\",\"position\":1,\"name\":\"Accueil\",\"item\":\"https:\/\/inter-faces.eu\/\"},{\"@type\":\"ListItem\",\"position\":2,\"name\":\"Mobilier professionnel\",\"item\":\"https:\/\/inter-faces.eu\/index.php\/mobilier-professionnel\/\"},{\"@type\":\"ListItem\",\"position\":3,\"name\":\"Solutions acoustiques\"}]},{\"@type\":\"WebSite\",\"@id\":\"https:\/\/inter-faces.eu\/#website\",\"url\":\"https:\/\/inter-faces.eu\/\",\"name\":\"Inter-Faces\",\"description\":\"\",\"publisher\":{\"@id\":\"https:\/\/inter-faces.eu\/#organization\"},\"potentialAction\":[{\"@type\":\"SearchAction\",\"target\":{\"@type\":\"EntryPoint\",\"urlTemplate\":\"https:\/\/inter-faces.eu\/?s={search_term_string}\"},\"query-input\":\"required name=search_term_string\"}],\"inLanguage\":\"fr-FR\"},{\"@type\":\"Organization\",\"@id\":\"https:\/\/inter-faces.eu\/#organization\",\"name\":\"Inter-Faces\",\"url\":\"https:\/\/inter-faces.eu\/\",\"logo\":{\"@type\":\"ImageObject\",\"inLanguage\":\"fr-FR\",\"@id\":\"https:\/\/inter-faces.eu\/#\/schema\/logo\/image\/\",\"url\":\"https:\/\/inter-faces.eu\/wp-content\/uploads\/2024\/02\/logo.png\",\"contentUrl\":\"https:\/\/inter-faces.eu\/wp-content\/uploads\/2024\/02\/logo.png\",\"width\":400,\"height\":155,\"caption\":\"Inter-Faces\"},\"image\":{\"@id\":\"https:\/\/inter-faces.eu\/#\/schema\/logo\/image\/\"},\"sameAs\":[\"https:\/\/www.facebook.com\/interfacestoulon\",\"https:\/\/www.instagram.com\/inter_faces_mobilier\",\"https:\/\/www.youtube.com\/user\/interfacesmc\"]}]}<\/script>\n<!-- \/ Yoast SEO plugin. -->","yoast_head_json":{"title":"Solutions acoustiques - Inter-Faces","robots":{"index":"index","follow":"follow","max-snippet":"max-snippet:-1","max-image-preview":"max-image-preview:large","max-video-preview":"max-video-preview:-1"},"canonical":"https:\/\/inter-faces.eu\/index.php\/mobilier-professionnel\/solutions-acoustiques\/","og_locale":"fr_FR","og_type":"article","og_title":"Solutions acoustiques - Inter-Faces","og_description":"Solutions acoustiques Halte aux d\u00e9cibels ! D\u00e9sormais de nombreux produits issus de technologies et de concepts novateurs sont disponibles pour rendre votre environnement de travail confortable et efficace : cabines d\u2019isolation phoniques, panneaux absorbants et d\u00e9coratifs, rideaux et tissus acoustiques, cloisons isolantes, armoires et \u00e9crans de s\u00e9paration acoustiques, panneaux suspendus. Bref, Inter-Faces Pro est \u00e0 [&hellip;]","og_url":"https:\/\/inter-faces.eu\/index.php\/mobilier-professionnel\/solutions-acoustiques\/","og_site_name":"Inter-Faces","article_publisher":"https:\/\/www.facebook.com\/interfacestoulon","article_modified_time":"2025-06-02T15:35:13+00:00","og_image":[{"url":"https:\/\/inter-faces.eu\/wp-content\/uploads\/2025\/03\/BRALCO-Collection-Polare-accessoires-6-e1741187728529.jpg"}],"twitter_card":"summary_large_image","twitter_misc":{"Dur\u00e9e de lecture estim\u00e9e":"2 minutes"},"schema":{"@context":"https:\/\/schema.org","@graph":[{"@type":"WebPage","@id":"https:\/\/inter-faces.eu\/index.php\/mobilier-professionnel\/solutions-acoustiques\/","url":"https:\/\/inter-faces.eu\/index.php\/mobilier-professionnel\/solutions-acoustiques\/","name":"Solutions acoustiques - Inter-Faces","isPartOf":{"@id":"https:\/\/inter-faces.eu\/#website"},"primaryImageOfPage":{"@id":"https:\/\/inter-faces.eu\/index.php\/mobilier-professionnel\/solutions-acoustiques\/#primaryimage"},"image":{"@id":"https:\/\/inter-faces.eu\/index.php\/mobilier-professionnel\/solutions-acoustiques\/#primaryimage"},"thumbnailUrl":"https:\/\/inter-faces.eu\/wp-content\/uploads\/2025\/03\/BRALCO-Collection-Polare-accessoires-6-e1741187728529.jpg","datePublished":"2024-05-06T13:06:03+00:00","dateModified":"2025-06-02T15:35:13+00:00","breadcrumb":{"@id":"https:\/\/inter-faces.eu\/index.php\/mobilier-professionnel\/solutions-acoustiques\/#breadcrumb"},"inLanguage":"fr-FR","potentialAction":[{"@type":"ReadAction","target":["https:\/\/inter-faces.eu\/index.php\/mobilier-professionnel\/solutions-acoustiques\/"]}]},{"@type":"ImageObject","inLanguage":"fr-FR","@id":"https:\/\/inter-faces.eu\/index.php\/mobilier-professionnel\/solutions-acoustiques\/#primaryimage","url":"https:\/\/inter-faces.eu\/wp-content\/uploads\/2025\/03\/BRALCO-Collection-Polare-accessoires-6-e1741187728529.jpg","contentUrl":"https:\/\/inter-faces.eu\/wp-content\/uploads\/2025\/03\/BRALCO-Collection-Polare-accessoires-6-e1741187728529.jpg","width":739,"height":560},{"@type":"BreadcrumbList","@id":"https:\/\/inter-faces.eu\/index.php\/mobilier-professionnel\/solutions-acoustiques\/#breadcrumb","itemListElement":[{"@type":"ListItem","position":1,"name":"Accueil","item":"https:\/\/inter-faces.eu\/"},{"@type":"ListItem","position":2,"name":"Mobilier professionnel","item":"https:\/\/inter-faces.eu\/index.php\/mobilier-professionnel\/"},{"@type":"ListItem","position":3,"name":"Solutions acoustiques"}]},{"@type":"WebSite","@id":"https:\/\/inter-faces.eu\/#website","url":"https:\/\/inter-faces.eu\/","name":"Inter-Faces","description":"","publisher":{"@id":"https:\/\/inter-faces.eu\/#organization"},"potentialAction":[{"@type":"SearchAction","target":{"@type":"EntryPoint","urlTemplate":"https:\/\/inter-faces.eu\/?s={search_term_string}"},"query-input":"required name=search_term_string"}],"inLanguage":"fr-FR"},{"@type":"Organization","@id":"https:\/\/inter-faces.eu\/#organization","name":"Inter-Faces","url":"https:\/\/inter-faces.eu\/","logo":{"@type":"ImageObject","inLanguage":"fr-FR","@id":"https:\/\/inter-faces.eu\/#\/schema\/logo\/image\/","url":"https:\/\/inter-faces.eu\/wp-content\/uploads\/2024\/02\/logo.png","contentUrl":"https:\/\/inter-faces.eu\/wp-content\/uploads\/2024\/02\/logo.png","width":400,"height":155,"caption":"Inter-Faces"},"image":{"@id":"https:\/\/inter-faces.eu\/#\/schema\/logo\/image\/"},"sameAs":["https:\/\/www.facebook.com\/interfacestoulon","https:\/\/www.instagram.com\/inter_faces_mobilier","https:\/\/www.youtube.com\/user\/interfacesmc"]}]}},"_links":{"self":[{"href":"https:\/\/inter-faces.eu\/index.php\/wp-json\/wp\/v2\/pages\/14765"}],"collection":[{"href":"https:\/\/inter-faces.eu\/index.php\/wp-json\/wp\/v2\/pages"}],"about":[{"href":"https:\/\/inter-faces.eu\/index.php\/wp-json\/wp\/v2\/types\/page"}],"author":[{"embeddable":true,"href":"https:\/\/inter-faces.eu\/index.php\/wp-json\/wp\/v2\/users\/1"}],"replies":[{"embeddable":true,"href":"https:\/\/inter-faces.eu\/index.php\/wp-json\/wp\/v2\/comments?post=14765"}],"version-history":[{"count":7,"href":"https:\/\/inter-faces.eu\/index.php\/wp-json\/wp\/v2\/pages\/14765\/revisions"}],"predecessor-version":[{"id":18286,"href":"https:\/\/inter-faces.eu\/index.php\/wp-json\/wp\/v2\/pages\/14765\/revisions\/18286"}],"up":[{"embeddable":true,"href":"https:\/\/inter-faces.eu\/index.php\/wp-json\/wp\/v2\/pages\/10336"}],"wp:attachment":[{"href":"https:\/\/inter-faces.eu\/index.php\/wp-json\/wp\/v2\/media?parent=14765"}],"curies":[{"name":"wp","href":"https:\/\/api.w.org\/{rel}","templated":true}]}}