{"id":14179,"date":"2024-03-19T14:30:48","date_gmt":"2024-03-19T13:30:48","guid":{"rendered":"https:\/\/romainleny-dev.com\/?page_id=14179"},"modified":"2025-06-02T16:18:53","modified_gmt":"2025-06-02T14:18:53","slug":"bureaux-de-direction","status":"publish","type":"page","link":"https:\/\/inter-faces.eu\/index.php\/mobilier-professionnel\/bureaux-de-direction\/","title":{"rendered":"Bureaux de direction"},"content":{"rendered":"\t\t<div data-elementor-type=\"wp-page\" data-elementor-id=\"14179\" class=\"elementor elementor-14179\" data-elementor-post-type=\"page\">\n\t\t\t\t<div class=\"elementor-element elementor-element-649c2197 e-con-full e-flex e-con e-parent\" data-id=\"649c2197\" data-element_type=\"container\" data-core-v316-plus=\"true\">\n\t\t\t\t<div class=\"elementor-element elementor-element-3c1accde elementor-widget elementor-widget-hiroshi_core_section_title\" data-id=\"3c1accde\" data-element_type=\"widget\" data-widget_type=\"hiroshi_core_section_title.default\">\n\t\t\t\t<div class=\"elementor-widget-container\">\n\t\t\t<div class=\"qodef-shortcode qodef-m  qodef-section-title qodef-alignment--left \">\n\t\t<h1 class=\"qodef-m-title\" >\n\t\t\t\t\tBureaux de direction\t\t\t<\/h1>\n\t\t<p class=\"qodef-m-text\" >Inter-Faces Pro offre un large choix de bureaux de direction, bureaux en angle, bureaux droits pour tous les go\u00fbts, de toutes les mati\u00e8res, pour tous les dirigeants.\nNos bureaux pr\u00e9sentent des astuces de rangement, des accessoires informatiques ou de connectique \u2026 L\u2019\u00e9l\u00e9gance d\u2019un design contemporain ou traditionnel alli\u00e9e \u00e0 l\u2019efficacit\u00e9 et au confort.\nNous pr\u00e9sentons \u00e9galement une large collection de fauteuils de direction.<\/p>\n<\/div>\n\t\t<\/div>\n\t\t\t\t<\/div>\n\t\t\t\t<\/div>\n\t\t\t\t<section class=\"elementor-section elementor-top-section elementor-element elementor-element-661fdc45 elementor-section-full_width qodef-elementor-content-grid elementor-section-height-default elementor-section-height-default qodef-elementor-column-no\" data-id=\"661fdc45\" data-element_type=\"section\">\n\t\t\t\t\t\t<div class=\"elementor-container elementor-column-gap-default\">\n\t\t\t\t\t<div class=\"elementor-column elementor-col-100 elementor-top-column elementor-element elementor-element-23f4da1f\" data-id=\"23f4da1f\" data-element_type=\"column\">\n\t\t\t<div class=\"elementor-widget-wrap elementor-element-populated\">\n\t\t\t\t\t\t<div class=\"elementor-element elementor-element-4c171564 elementor-widget elementor-widget-hiroshi_core_portfolio_list\" data-id=\"4c171564\" data-element_type=\"widget\" data-widget_type=\"hiroshi_core_portfolio_list.default\">\n\t\t\t\t<div class=\"elementor-widget-container\">\n\t\t\t<div class=\"qodef-shortcode qodef-m  qodef-portfolio-list qodef-item-layout--info-below  qodef-grid qodef-layout--columns  qodef-gutter--tiny qodef-col-num--3 qodef-item-layout--info-below qodef--no-bottom-space qodef-pagination--off qodef-responsive--predefined qodef-hover-animation--move-text\" data-options=\"{&quot;plugin&quot;:&quot;hiroshi_core&quot;,&quot;module&quot;:&quot;post-types\\\/portfolio\\\/shortcodes&quot;,&quot;shortcode&quot;:&quot;portfolio-list&quot;,&quot;post_type&quot;:&quot;portfolio-item&quot;,&quot;next_page&quot;:&quot;2&quot;,&quot;max_pages_num&quot;:1,&quot;behavior&quot;:&quot;columns&quot;,&quot;images_proportion&quot;:&quot;full&quot;,&quot;columns&quot;:&quot;3&quot;,&quot;columns_responsive&quot;:&quot;predefined&quot;,&quot;space&quot;:&quot;tiny&quot;,&quot;posts_per_page&quot;:&quot;200&quot;,&quot;orderby&quot;:&quot;date&quot;,&quot;order&quot;:&quot;DESC&quot;,&quot;additional_params&quot;:&quot;tax&quot;,&quot;tax&quot;:&quot;portfolio-tag&quot;,&quot;tax_slug&quot;:&quot;bureaux-de-direction&quot;,&quot;layout&quot;:&quot;info-below&quot;,&quot;hover_animation_info-below&quot;:&quot;move-text&quot;,&quot;hover_animation_info-follow&quot;:&quot;follow&quot;,&quot;hover_animation_info-on-hover&quot;:&quot;fade-in&quot;,&quot;title_tag&quot;:&quot;h4&quot;,&quot;enable_category&quot;:&quot;yes&quot;,&quot;zigzag&quot;:&quot;no&quot;,&quot;custom_margin&quot;:&quot;no&quot;,&quot;enable_appear&quot;:&quot;no&quot;,&quot;pagination_type&quot;:&quot;no-pagination&quot;,&quot;info_below_content_margin&quot;:&quot;24px 0 30px 0px&quot;,&quot;object_class_name&quot;:&quot;HiroshiCore_Portfolio_List_Shortcode&quot;,&quot;taxonomy_filter&quot;:&quot;portfolio-tag&quot;,&quot;additional_query_args&quot;:{&quot;tax_query&quot;:[{&quot;taxonomy&quot;:&quot;portfolio-tag&quot;,&quot;field&quot;:&quot;slug&quot;,&quot;terms&quot;:&quot;bureaux-de-direction&quot;}]},&quot;space_value&quot;:4}\">\n\t\t<div class=\"qodef-grid-inner clear\">\n\t\t<article class=\"qodef-e qodef-grid-item qodef-item--full  post-18491 portfolio-item type-portfolio-item status-publish has-post-thumbnail hentry portfolio-category-mobilier-professionnel portfolio-tag-bureaux-de-direction portfolio-tag-fantoni portfolio-tag-mobilier-professionnel portfolio-tag-salle-de-reunion-et-conference\">\n\t<div class=\"qodef-e-inner\" >\n\t\t<div class=\"qodef-e-image\">\n\t\t\t\t<div class=\"qodef-e-media-image\">\n\t\t<a itemprop=\"url\" href=\"https:\/\/inter-faces.eu\/index.php\/portfolio-item\/simplicite-et-elegance-decumano-fantoni\/\" target=\"_self\">\n\t\t\t<img fetchpriority=\"high\" decoding=\"async\" width=\"2047\" height=\"2560\" src=\"https:\/\/inter-faces.eu\/wp-content\/uploads\/2025\/08\/Inter-Faces-Pro-Toulon-Mobilier-professionnel-Bureau-de-direction-et-tables-de-reunion-haut-de-gamme-Fanton-1-scaled.jpg\" class=\"attachment-full size-full wp-post-image\" alt=\"\" srcset=\"https:\/\/inter-faces.eu\/wp-content\/uploads\/2025\/08\/Inter-Faces-Pro-Toulon-Mobilier-professionnel-Bureau-de-direction-et-tables-de-reunion-haut-de-gamme-Fanton-1-scaled.jpg 2047w, https:\/\/inter-faces.eu\/wp-content\/uploads\/2025\/08\/Inter-Faces-Pro-Toulon-Mobilier-professionnel-Bureau-de-direction-et-tables-de-reunion-haut-de-gamme-Fanton-1-240x300.jpg 240w, https:\/\/inter-faces.eu\/wp-content\/uploads\/2025\/08\/Inter-Faces-Pro-Toulon-Mobilier-professionnel-Bureau-de-direction-et-tables-de-reunion-haut-de-gamme-Fanton-1-819x1024.jpg 819w, https:\/\/inter-faces.eu\/wp-content\/uploads\/2025\/08\/Inter-Faces-Pro-Toulon-Mobilier-professionnel-Bureau-de-direction-et-tables-de-reunion-haut-de-gamme-Fanton-1-768x960.jpg 768w, https:\/\/inter-faces.eu\/wp-content\/uploads\/2025\/08\/Inter-Faces-Pro-Toulon-Mobilier-professionnel-Bureau-de-direction-et-tables-de-reunion-haut-de-gamme-Fanton-1-1228x1536.jpg 1228w, https:\/\/inter-faces.eu\/wp-content\/uploads\/2025\/08\/Inter-Faces-Pro-Toulon-Mobilier-professionnel-Bureau-de-direction-et-tables-de-reunion-haut-de-gamme-Fanton-1-1638x2048.jpg 1638w, https:\/\/inter-faces.eu\/wp-content\/uploads\/2025\/08\/Inter-Faces-Pro-Toulon-Mobilier-professionnel-Bureau-de-direction-et-tables-de-reunion-haut-de-gamme-Fanton-1-600x750.jpg 600w\" sizes=\"(max-width: 2047px) 100vw, 2047px\" \/>\t\t<\/a>\n\t<\/div>\n\t\t\t\t\t<\/div>\n\t\t<div class=\"qodef-e-content\" style=\"margin:24px 0 30px 0px\">\n\t\t\t<div class=\"qodef-e-text\">\n\t\t\t\t<h4 itemprop=\"name\" class=\"qodef-e-title entry-title\" >\n\t<a itemprop=\"url\" class=\"qodef-e-title-link\" href=\"https:\/\/inter-faces.eu\/index.php\/portfolio-item\/simplicite-et-elegance-decumano-fantoni\/\" target=\"_self\">\n\t\tSimplicit\u00e9 et \u00e9l\u00e9gance, Decumano &#8211; Fantoni\t<\/a>\n<\/h4>\n\t\t\t<\/div>\n\t\t\t<div class=\"qodef-e-top-holder\">\n\t\t\t\t<div class=\"qodef-e-info\">\n\t\t\t\t\t\t<a href=\"https:\/\/inter-faces.eu\/index.php\/portfolio-category\/mobilier-professionnel\/\" rel=\"tag\">Mobilier professionnel<\/a>\t<div class=\"qodef-info-separator-end\"><\/div>\n\t\t\t\t<\/div>\n\t\t\t<\/div>\n\t\t<\/div>\n\t<\/div>\n<\/article>\n<article class=\"qodef-e qodef-grid-item qodef-item--full  post-17799 portfolio-item type-portfolio-item status-publish has-post-thumbnail hentry portfolio-category-mobilier-professionnel portfolio-tag-bralco portfolio-tag-bureaux-de-direction portfolio-tag-mobilier-professionnel\">\n\t<div class=\"qodef-e-inner\" >\n\t\t<div class=\"qodef-e-image\">\n\t\t\t\t<div class=\"qodef-e-media-image\">\n\t\t<a itemprop=\"url\" href=\"https:\/\/inter-faces.eu\/index.php\/portfolio-item\/bureau-executif-ligne-jet-bralco\/\" target=\"_self\">\n\t\t\t<img decoding=\"async\" width=\"1923\" height=\"1132\" src=\"https:\/\/inter-faces.eu\/wp-content\/uploads\/2025\/03\/Bralco-Bureau-de-direction-Jet.jpg\" class=\"attachment-full size-full wp-post-image\" alt=\"\" srcset=\"https:\/\/inter-faces.eu\/wp-content\/uploads\/2025\/03\/Bralco-Bureau-de-direction-Jet.jpg 1923w, https:\/\/inter-faces.eu\/wp-content\/uploads\/2025\/03\/Bralco-Bureau-de-direction-Jet-300x177.jpg 300w, https:\/\/inter-faces.eu\/wp-content\/uploads\/2025\/03\/Bralco-Bureau-de-direction-Jet-1024x603.jpg 1024w, https:\/\/inter-faces.eu\/wp-content\/uploads\/2025\/03\/Bralco-Bureau-de-direction-Jet-768x452.jpg 768w, https:\/\/inter-faces.eu\/wp-content\/uploads\/2025\/03\/Bralco-Bureau-de-direction-Jet-1536x904.jpg 1536w, https:\/\/inter-faces.eu\/wp-content\/uploads\/2025\/03\/Bralco-Bureau-de-direction-Jet-600x353.jpg 600w\" sizes=\"(max-width: 1923px) 100vw, 1923px\" \/>\t\t<\/a>\n\t<\/div>\n\t\t\t\t\t<\/div>\n\t\t<div class=\"qodef-e-content\" style=\"margin:24px 0 30px 0px\">\n\t\t\t<div class=\"qodef-e-text\">\n\t\t\t\t<h4 itemprop=\"name\" class=\"qodef-e-title entry-title\" >\n\t<a itemprop=\"url\" class=\"qodef-e-title-link\" href=\"https:\/\/inter-faces.eu\/index.php\/portfolio-item\/bureau-executif-ligne-jet-bralco\/\" target=\"_self\">\n\t\tBureau ex\u00e9cutif Ligne Jet &#8211; Bralco\t<\/a>\n<\/h4>\n\t\t\t<\/div>\n\t\t\t<div class=\"qodef-e-top-holder\">\n\t\t\t\t<div class=\"qodef-e-info\">\n\t\t\t\t\t\t<a href=\"https:\/\/inter-faces.eu\/index.php\/portfolio-category\/mobilier-professionnel\/\" rel=\"tag\">Mobilier professionnel<\/a>\t<div class=\"qodef-info-separator-end\"><\/div>\n\t\t\t\t<\/div>\n\t\t\t<\/div>\n\t\t<\/div>\n\t<\/div>\n<\/article>\n<article class=\"qodef-e qodef-grid-item qodef-item--full  post-17811 portfolio-item type-portfolio-item status-publish has-post-thumbnail hentry portfolio-category-mobilier-professionnel portfolio-tag-bralco portfolio-tag-bureaux-de-direction portfolio-tag-mobilier-professionnel\">\n\t<div class=\"qodef-e-inner\" >\n\t\t<div class=\"qodef-e-image\">\n\t\t\t\t<div class=\"qodef-e-media-image\">\n\t\t<a itemprop=\"url\" href=\"https:\/\/inter-faces.eu\/index.php\/portfolio-item\/collection-rail-bureau-de-direction-bralco\/\" target=\"_self\">\n\t\t\t<img decoding=\"async\" width=\"2016\" height=\"1440\" src=\"https:\/\/inter-faces.eu\/wp-content\/uploads\/2025\/03\/BRALCO-bureau-direction-Rail-5.jpg\" class=\"attachment-full size-full wp-post-image\" alt=\"\" srcset=\"https:\/\/inter-faces.eu\/wp-content\/uploads\/2025\/03\/BRALCO-bureau-direction-Rail-5.jpg 2016w, https:\/\/inter-faces.eu\/wp-content\/uploads\/2025\/03\/BRALCO-bureau-direction-Rail-5-300x214.jpg 300w, https:\/\/inter-faces.eu\/wp-content\/uploads\/2025\/03\/BRALCO-bureau-direction-Rail-5-1024x731.jpg 1024w, https:\/\/inter-faces.eu\/wp-content\/uploads\/2025\/03\/BRALCO-bureau-direction-Rail-5-768x549.jpg 768w, https:\/\/inter-faces.eu\/wp-content\/uploads\/2025\/03\/BRALCO-bureau-direction-Rail-5-1536x1097.jpg 1536w, https:\/\/inter-faces.eu\/wp-content\/uploads\/2025\/03\/BRALCO-bureau-direction-Rail-5-600x429.jpg 600w\" sizes=\"(max-width: 2016px) 100vw, 2016px\" \/>\t\t<\/a>\n\t<\/div>\n\t\t\t\t\t<\/div>\n\t\t<div class=\"qodef-e-content\" style=\"margin:24px 0 30px 0px\">\n\t\t\t<div class=\"qodef-e-text\">\n\t\t\t\t<h4 itemprop=\"name\" class=\"qodef-e-title entry-title\" >\n\t<a itemprop=\"url\" class=\"qodef-e-title-link\" href=\"https:\/\/inter-faces.eu\/index.php\/portfolio-item\/collection-rail-bureau-de-direction-bralco\/\" target=\"_self\">\n\t\tCollection Rail, Bureau de direction &#8211; Bralco\t<\/a>\n<\/h4>\n\t\t\t<\/div>\n\t\t\t<div class=\"qodef-e-top-holder\">\n\t\t\t\t<div class=\"qodef-e-info\">\n\t\t\t\t\t\t<a href=\"https:\/\/inter-faces.eu\/index.php\/portfolio-category\/mobilier-professionnel\/\" rel=\"tag\">Mobilier professionnel<\/a>\t<div class=\"qodef-info-separator-end\"><\/div>\n\t\t\t\t<\/div>\n\t\t\t<\/div>\n\t\t<\/div>\n\t<\/div>\n<\/article>\n<article class=\"qodef-e qodef-grid-item qodef-item--full  post-10770 portfolio-item type-portfolio-item status-publish has-post-thumbnail hentry portfolio-category-mobilier-professionnel portfolio-tag-bureaux-de-direction portfolio-tag-fantoni portfolio-tag-mobilier-professionnel\">\n\t<div class=\"qodef-e-inner\" >\n\t\t<div class=\"qodef-e-image\">\n\t\t\t\t<div class=\"qodef-e-media-image\">\n\t\t<a itemprop=\"url\" href=\"https:\/\/inter-faces.eu\/index.php\/portfolio-item\/bureau-de-direction-meet-up\/\" target=\"_self\">\n\t\t\t<img loading=\"lazy\" decoding=\"async\" width=\"900\" height=\"900\" src=\"https:\/\/inter-faces.eu\/wp-content\/uploads\/2024\/02\/59-1.jpg\" class=\"attachment-full size-full wp-post-image\" alt=\"\" srcset=\"https:\/\/inter-faces.eu\/wp-content\/uploads\/2024\/02\/59-1.jpg 900w, https:\/\/inter-faces.eu\/wp-content\/uploads\/2024\/02\/59-1-300x300.jpg 300w, https:\/\/inter-faces.eu\/wp-content\/uploads\/2024\/02\/59-1-150x150.jpg 150w, https:\/\/inter-faces.eu\/wp-content\/uploads\/2024\/02\/59-1-768x768.jpg 768w, https:\/\/inter-faces.eu\/wp-content\/uploads\/2024\/02\/59-1-650x650.jpg 650w, https:\/\/inter-faces.eu\/wp-content\/uploads\/2024\/02\/59-1-600x600.jpg 600w, https:\/\/inter-faces.eu\/wp-content\/uploads\/2024\/02\/59-1-100x100.jpg 100w\" sizes=\"(max-width: 900px) 100vw, 900px\" \/>\t\t<\/a>\n\t<\/div>\n\t\t\t\t\t<\/div>\n\t\t<div class=\"qodef-e-content\" style=\"margin:24px 0 30px 0px\">\n\t\t\t<div class=\"qodef-e-text\">\n\t\t\t\t<h4 itemprop=\"name\" class=\"qodef-e-title entry-title\" >\n\t<a itemprop=\"url\" class=\"qodef-e-title-link\" href=\"https:\/\/inter-faces.eu\/index.php\/portfolio-item\/bureau-de-direction-meet-up\/\" target=\"_self\">\n\t\tBureau Meet Up, le bureau hybride &#8211; Fantoni\t<\/a>\n<\/h4>\n\t\t\t<\/div>\n\t\t\t<div class=\"qodef-e-top-holder\">\n\t\t\t\t<div class=\"qodef-e-info\">\n\t\t\t\t\t\t<a href=\"https:\/\/inter-faces.eu\/index.php\/portfolio-category\/mobilier-professionnel\/\" rel=\"tag\">Mobilier professionnel<\/a>\t<div class=\"qodef-info-separator-end\"><\/div>\n\t\t\t\t<\/div>\n\t\t\t<\/div>\n\t\t<\/div>\n\t<\/div>\n<\/article>\n<article class=\"qodef-e qodef-grid-item qodef-item--full  post-10779 portfolio-item type-portfolio-item status-publish has-post-thumbnail hentry portfolio-category-mobilier-professionnel portfolio-tag-bureaux-de-direction portfolio-tag-mobilier-professionnel\">\n\t<div class=\"qodef-e-inner\" >\n\t\t<div class=\"qodef-e-image\">\n\t\t\t\t<div class=\"qodef-e-media-image\">\n\t\t<a itemprop=\"url\" href=\"https:\/\/inter-faces.eu\/index.php\/portfolio-item\/bureau-star\/\" target=\"_self\">\n\t\t\t<img loading=\"lazy\" decoding=\"async\" width=\"800\" height=\"800\" src=\"https:\/\/inter-faces.eu\/wp-content\/uploads\/2024\/02\/70-1.jpg\" class=\"attachment-full size-full wp-post-image\" alt=\"\" srcset=\"https:\/\/inter-faces.eu\/wp-content\/uploads\/2024\/02\/70-1.jpg 800w, https:\/\/inter-faces.eu\/wp-content\/uploads\/2024\/02\/70-1-300x300.jpg 300w, https:\/\/inter-faces.eu\/wp-content\/uploads\/2024\/02\/70-1-150x150.jpg 150w, https:\/\/inter-faces.eu\/wp-content\/uploads\/2024\/02\/70-1-768x768.jpg 768w, https:\/\/inter-faces.eu\/wp-content\/uploads\/2024\/02\/70-1-650x650.jpg 650w, https:\/\/inter-faces.eu\/wp-content\/uploads\/2024\/02\/70-1-600x600.jpg 600w, https:\/\/inter-faces.eu\/wp-content\/uploads\/2024\/02\/70-1-100x100.jpg 100w\" sizes=\"(max-width: 800px) 100vw, 800px\" \/>\t\t<\/a>\n\t<\/div>\n\t\t\t\t\t<\/div>\n\t\t<div class=\"qodef-e-content\" style=\"margin:24px 0 30px 0px\">\n\t\t\t<div class=\"qodef-e-text\">\n\t\t\t\t<h4 itemprop=\"name\" class=\"qodef-e-title entry-title\" >\n\t<a itemprop=\"url\" class=\"qodef-e-title-link\" href=\"https:\/\/inter-faces.eu\/index.php\/portfolio-item\/bureau-star\/\" target=\"_self\">\n\t\tBureaux Star &#8211; Renz\t<\/a>\n<\/h4>\n\t\t\t<\/div>\n\t\t\t<div class=\"qodef-e-top-holder\">\n\t\t\t\t<div class=\"qodef-e-info\">\n\t\t\t\t\t\t<a href=\"https:\/\/inter-faces.eu\/index.php\/portfolio-category\/mobilier-professionnel\/\" rel=\"tag\">Mobilier professionnel<\/a>\t<div class=\"qodef-info-separator-end\"><\/div>\n\t\t\t\t<\/div>\n\t\t\t<\/div>\n\t\t<\/div>\n\t<\/div>\n<\/article>\n<article class=\"qodef-e qodef-grid-item qodef-item--full  post-10769 portfolio-item type-portfolio-item status-publish has-post-thumbnail hentry portfolio-category-mobilier-professionnel portfolio-tag-bureaux-de-direction portfolio-tag-mobilier-professionnel\">\n\t<div class=\"qodef-e-inner\" >\n\t\t<div class=\"qodef-e-image\">\n\t\t\t\t<div class=\"qodef-e-media-image\">\n\t\t<a itemprop=\"url\" href=\"https:\/\/inter-faces.eu\/index.php\/portfolio-item\/bureau-ola\/\" target=\"_self\">\n\t\t\t<img loading=\"lazy\" decoding=\"async\" width=\"800\" height=\"799\" src=\"https:\/\/inter-faces.eu\/wp-content\/uploads\/2024\/02\/71-1.jpg\" class=\"attachment-full size-full wp-post-image\" alt=\"\" srcset=\"https:\/\/inter-faces.eu\/wp-content\/uploads\/2024\/02\/71-1.jpg 800w, https:\/\/inter-faces.eu\/wp-content\/uploads\/2024\/02\/71-1-300x300.jpg 300w, https:\/\/inter-faces.eu\/wp-content\/uploads\/2024\/02\/71-1-150x150.jpg 150w, https:\/\/inter-faces.eu\/wp-content\/uploads\/2024\/02\/71-1-768x767.jpg 768w, https:\/\/inter-faces.eu\/wp-content\/uploads\/2024\/02\/71-1-650x650.jpg 650w, https:\/\/inter-faces.eu\/wp-content\/uploads\/2024\/02\/71-1-600x599.jpg 600w, https:\/\/inter-faces.eu\/wp-content\/uploads\/2024\/02\/71-1-100x100.jpg 100w\" sizes=\"(max-width: 800px) 100vw, 800px\" \/>\t\t<\/a>\n\t<\/div>\n\t\t\t\t\t<\/div>\n\t\t<div class=\"qodef-e-content\" style=\"margin:24px 0 30px 0px\">\n\t\t\t<div class=\"qodef-e-text\">\n\t\t\t\t<h4 itemprop=\"name\" class=\"qodef-e-title entry-title\" >\n\t<a itemprop=\"url\" class=\"qodef-e-title-link\" href=\"https:\/\/inter-faces.eu\/index.php\/portfolio-item\/bureau-ola\/\" target=\"_self\">\n\t\tEn ellipse, bureau Ola &#8211; Martex\t<\/a>\n<\/h4>\n\t\t\t<\/div>\n\t\t\t<div class=\"qodef-e-top-holder\">\n\t\t\t\t<div class=\"qodef-e-info\">\n\t\t\t\t\t\t<a href=\"https:\/\/inter-faces.eu\/index.php\/portfolio-category\/mobilier-professionnel\/\" rel=\"tag\">Mobilier professionnel<\/a>\t<div class=\"qodef-info-separator-end\"><\/div>\n\t\t\t\t<\/div>\n\t\t\t<\/div>\n\t\t<\/div>\n\t<\/div>\n<\/article>\n<article class=\"qodef-e qodef-grid-item qodef-item--full  post-10768 portfolio-item type-portfolio-item status-publish has-post-thumbnail hentry portfolio-category-mobilier-professionnel portfolio-tag-bureaux-de-direction portfolio-tag-mobilier-professionnel portfolio-tag-tecno\">\n\t<div class=\"qodef-e-inner\" >\n\t\t<div class=\"qodef-e-image\">\n\t\t\t\t<div class=\"qodef-e-media-image\">\n\t\t<a itemprop=\"url\" href=\"https:\/\/inter-faces.eu\/index.php\/portfolio-item\/bureau-nomos\/\" target=\"_self\">\n\t\t\t<img loading=\"lazy\" decoding=\"async\" width=\"800\" height=\"800\" src=\"https:\/\/inter-faces.eu\/wp-content\/uploads\/2024\/02\/74-1.jpg\" class=\"attachment-full size-full wp-post-image\" alt=\"\" srcset=\"https:\/\/inter-faces.eu\/wp-content\/uploads\/2024\/02\/74-1.jpg 800w, https:\/\/inter-faces.eu\/wp-content\/uploads\/2024\/02\/74-1-300x300.jpg 300w, https:\/\/inter-faces.eu\/wp-content\/uploads\/2024\/02\/74-1-150x150.jpg 150w, https:\/\/inter-faces.eu\/wp-content\/uploads\/2024\/02\/74-1-768x768.jpg 768w, https:\/\/inter-faces.eu\/wp-content\/uploads\/2024\/02\/74-1-650x650.jpg 650w, https:\/\/inter-faces.eu\/wp-content\/uploads\/2024\/02\/74-1-600x600.jpg 600w, https:\/\/inter-faces.eu\/wp-content\/uploads\/2024\/02\/74-1-100x100.jpg 100w\" sizes=\"(max-width: 800px) 100vw, 800px\" \/>\t\t<\/a>\n\t<\/div>\n\t\t\t\t\t<\/div>\n\t\t<div class=\"qodef-e-content\" style=\"margin:24px 0 30px 0px\">\n\t\t\t<div class=\"qodef-e-text\">\n\t\t\t\t<h4 itemprop=\"name\" class=\"qodef-e-title entry-title\" >\n\t<a itemprop=\"url\" class=\"qodef-e-title-link\" href=\"https:\/\/inter-faces.eu\/index.php\/portfolio-item\/bureau-nomos\/\" target=\"_self\">\n\t\tBureau Nomos, r\u00e9volutionnaire &#8211; Tecno\t<\/a>\n<\/h4>\n\t\t\t<\/div>\n\t\t\t<div class=\"qodef-e-top-holder\">\n\t\t\t\t<div class=\"qodef-e-info\">\n\t\t\t\t\t\t<a href=\"https:\/\/inter-faces.eu\/index.php\/portfolio-category\/mobilier-professionnel\/\" rel=\"tag\">Mobilier professionnel<\/a>\t<div class=\"qodef-info-separator-end\"><\/div>\n\t\t\t\t<\/div>\n\t\t\t<\/div>\n\t\t<\/div>\n\t<\/div>\n<\/article>\n<article class=\"qodef-e qodef-grid-item qodef-item--full  post-10767 portfolio-item type-portfolio-item status-publish has-post-thumbnail hentry portfolio-category-mobilier-professionnel portfolio-tag-bureaux-de-direction portfolio-tag-mobilier-professionnel portfolio-tag-usm\">\n\t<div class=\"qodef-e-inner\" >\n\t\t<div class=\"qodef-e-image\">\n\t\t\t\t<div class=\"qodef-e-media-image\">\n\t\t<a itemprop=\"url\" href=\"https:\/\/inter-faces.eu\/index.php\/portfolio-item\/bureau-usm\/\" target=\"_self\">\n\t\t\t<img loading=\"lazy\" decoding=\"async\" width=\"2116\" height=\"1756\" src=\"https:\/\/inter-faces.eu\/wp-content\/uploads\/2024\/02\/USM-bureau-de-direction-scaled-e1738162082117.jpg\" class=\"attachment-full size-full wp-post-image\" alt=\"\" srcset=\"https:\/\/inter-faces.eu\/wp-content\/uploads\/2024\/02\/USM-bureau-de-direction-scaled-e1738162082117.jpg 2116w, https:\/\/inter-faces.eu\/wp-content\/uploads\/2024\/02\/USM-bureau-de-direction-scaled-e1738162082117-300x249.jpg 300w, https:\/\/inter-faces.eu\/wp-content\/uploads\/2024\/02\/USM-bureau-de-direction-scaled-e1738162082117-1024x850.jpg 1024w, https:\/\/inter-faces.eu\/wp-content\/uploads\/2024\/02\/USM-bureau-de-direction-scaled-e1738162082117-768x637.jpg 768w, https:\/\/inter-faces.eu\/wp-content\/uploads\/2024\/02\/USM-bureau-de-direction-scaled-e1738162082117-1536x1275.jpg 1536w, https:\/\/inter-faces.eu\/wp-content\/uploads\/2024\/02\/USM-bureau-de-direction-scaled-e1738162082117-2048x1700.jpg 2048w, https:\/\/inter-faces.eu\/wp-content\/uploads\/2024\/02\/USM-bureau-de-direction-scaled-e1738162082117-600x498.jpg 600w\" sizes=\"(max-width: 2116px) 100vw, 2116px\" \/>\t\t<\/a>\n\t<\/div>\n\t\t\t\t\t<\/div>\n\t\t<div class=\"qodef-e-content\" style=\"margin:24px 0 30px 0px\">\n\t\t\t<div class=\"qodef-e-text\">\n\t\t\t\t<h4 itemprop=\"name\" class=\"qodef-e-title entry-title\" >\n\t<a itemprop=\"url\" class=\"qodef-e-title-link\" href=\"https:\/\/inter-faces.eu\/index.php\/portfolio-item\/bureau-usm\/\" target=\"_self\">\n\t\tBureau de direction &#8211; USM\t<\/a>\n<\/h4>\n\t\t\t<\/div>\n\t\t\t<div class=\"qodef-e-top-holder\">\n\t\t\t\t<div class=\"qodef-e-info\">\n\t\t\t\t\t\t<a href=\"https:\/\/inter-faces.eu\/index.php\/portfolio-category\/mobilier-professionnel\/\" rel=\"tag\">Mobilier professionnel<\/a>\t<div class=\"qodef-info-separator-end\"><\/div>\n\t\t\t\t<\/div>\n\t\t\t<\/div>\n\t\t<\/div>\n\t<\/div>\n<\/article>\n<article class=\"qodef-e qodef-grid-item qodef-item--full  post-10786 portfolio-item type-portfolio-item status-publish has-post-thumbnail hentry portfolio-category-mobilier-professionnel portfolio-tag-bureaux-de-direction portfolio-tag-mobilier-professionnel portfolio-tag-tecno\">\n\t<div class=\"qodef-e-inner\" >\n\t\t<div class=\"qodef-e-image\">\n\t\t\t\t<div class=\"qodef-e-media-image\">\n\t\t<a itemprop=\"url\" href=\"https:\/\/inter-faces.eu\/index.php\/portfolio-item\/bureau-shift\/\" target=\"_self\">\n\t\t\t<img loading=\"lazy\" decoding=\"async\" width=\"800\" height=\"800\" src=\"https:\/\/inter-faces.eu\/wp-content\/uploads\/2024\/02\/77-1.jpg\" class=\"attachment-full size-full wp-post-image\" alt=\"\" srcset=\"https:\/\/inter-faces.eu\/wp-content\/uploads\/2024\/02\/77-1.jpg 800w, https:\/\/inter-faces.eu\/wp-content\/uploads\/2024\/02\/77-1-300x300.jpg 300w, https:\/\/inter-faces.eu\/wp-content\/uploads\/2024\/02\/77-1-150x150.jpg 150w, https:\/\/inter-faces.eu\/wp-content\/uploads\/2024\/02\/77-1-768x768.jpg 768w, https:\/\/inter-faces.eu\/wp-content\/uploads\/2024\/02\/77-1-650x650.jpg 650w, https:\/\/inter-faces.eu\/wp-content\/uploads\/2024\/02\/77-1-600x600.jpg 600w, https:\/\/inter-faces.eu\/wp-content\/uploads\/2024\/02\/77-1-100x100.jpg 100w\" sizes=\"(max-width: 800px) 100vw, 800px\" \/>\t\t<\/a>\n\t<\/div>\n\t\t\t\t\t<\/div>\n\t\t<div class=\"qodef-e-content\" style=\"margin:24px 0 30px 0px\">\n\t\t\t<div class=\"qodef-e-text\">\n\t\t\t\t<h4 itemprop=\"name\" class=\"qodef-e-title entry-title\" >\n\t<a itemprop=\"url\" class=\"qodef-e-title-link\" href=\"https:\/\/inter-faces.eu\/index.php\/portfolio-item\/bureau-shift\/\" target=\"_self\">\n\t\tBureau et Collection Shift &#8211; Tecno\t<\/a>\n<\/h4>\n\t\t\t<\/div>\n\t\t\t<div class=\"qodef-e-top-holder\">\n\t\t\t\t<div class=\"qodef-e-info\">\n\t\t\t\t\t\t<a href=\"https:\/\/inter-faces.eu\/index.php\/portfolio-category\/mobilier-professionnel\/\" rel=\"tag\">Mobilier professionnel<\/a>\t<div class=\"qodef-info-separator-end\"><\/div>\n\t\t\t\t<\/div>\n\t\t\t<\/div>\n\t\t<\/div>\n\t<\/div>\n<\/article>\n<article class=\"qodef-e qodef-grid-item qodef-item--full  post-10785 portfolio-item type-portfolio-item status-publish has-post-thumbnail hentry portfolio-category-mobilier-professionnel portfolio-tag-bureaux-de-direction portfolio-tag-mobilier-professionnel\">\n\t<div class=\"qodef-e-inner\" >\n\t\t<div class=\"qodef-e-image\">\n\t\t\t\t<div class=\"qodef-e-media-image\">\n\t\t<a itemprop=\"url\" href=\"https:\/\/inter-faces.eu\/index.php\/portfolio-item\/bureau-big-foot\/\" target=\"_self\">\n\t\t\t<img loading=\"lazy\" decoding=\"async\" width=\"1946\" height=\"1464\" src=\"https:\/\/inter-faces.eu\/wp-content\/uploads\/2024\/11\/bureau-bigfoot-I.webp\" class=\"attachment-full size-full wp-post-image\" alt=\"\" srcset=\"https:\/\/inter-faces.eu\/wp-content\/uploads\/2024\/11\/bureau-bigfoot-I.webp 1946w, https:\/\/inter-faces.eu\/wp-content\/uploads\/2024\/11\/bureau-bigfoot-I-300x226.webp 300w, https:\/\/inter-faces.eu\/wp-content\/uploads\/2024\/11\/bureau-bigfoot-I-1024x770.webp 1024w, https:\/\/inter-faces.eu\/wp-content\/uploads\/2024\/11\/bureau-bigfoot-I-768x578.webp 768w, https:\/\/inter-faces.eu\/wp-content\/uploads\/2024\/11\/bureau-bigfoot-I-1536x1156.webp 1536w, https:\/\/inter-faces.eu\/wp-content\/uploads\/2024\/11\/bureau-bigfoot-I-600x451.webp 600w\" sizes=\"(max-width: 1946px) 100vw, 1946px\" \/>\t\t<\/a>\n\t<\/div>\n\t\t\t\t\t<\/div>\n\t\t<div class=\"qodef-e-content\" style=\"margin:24px 0 30px 0px\">\n\t\t\t<div class=\"qodef-e-text\">\n\t\t\t\t<h4 itemprop=\"name\" class=\"qodef-e-title entry-title\" >\n\t<a itemprop=\"url\" class=\"qodef-e-title-link\" href=\"https:\/\/inter-faces.eu\/index.php\/portfolio-item\/bureau-big-foot\/\" target=\"_self\">\n\t\tBureau Big Foot &#8211; E15\t<\/a>\n<\/h4>\n\t\t\t<\/div>\n\t\t\t<div class=\"qodef-e-top-holder\">\n\t\t\t\t<div class=\"qodef-e-info\">\n\t\t\t\t\t\t<a href=\"https:\/\/inter-faces.eu\/index.php\/portfolio-category\/mobilier-professionnel\/\" rel=\"tag\">Mobilier professionnel<\/a>\t<div class=\"qodef-info-separator-end\"><\/div>\n\t\t\t\t<\/div>\n\t\t\t<\/div>\n\t\t<\/div>\n\t<\/div>\n<\/article>\n<article class=\"qodef-e qodef-grid-item qodef-item--full  post-10784 portfolio-item type-portfolio-item status-publish has-post-thumbnail hentry portfolio-category-mobilier-professionnel portfolio-tag-bureaux-de-direction portfolio-tag-cassina portfolio-tag-charlotte-perriand portfolio-tag-le-corbusier portfolio-tag-mobilier-professionnel portfolio-tag-pierre-jeanneret\">\n\t<div class=\"qodef-e-inner\" >\n\t\t<div class=\"qodef-e-image\">\n\t\t\t\t<div class=\"qodef-e-media-image\">\n\t\t<a itemprop=\"url\" href=\"https:\/\/inter-faces.eu\/index.php\/portfolio-item\/table-lc6\/\" target=\"_self\">\n\t\t\t<img loading=\"lazy\" decoding=\"async\" width=\"800\" height=\"800\" src=\"https:\/\/inter-faces.eu\/wp-content\/uploads\/2024\/02\/81-1.jpg\" class=\"attachment-full size-full wp-post-image\" alt=\"\" srcset=\"https:\/\/inter-faces.eu\/wp-content\/uploads\/2024\/02\/81-1.jpg 800w, https:\/\/inter-faces.eu\/wp-content\/uploads\/2024\/02\/81-1-300x300.jpg 300w, https:\/\/inter-faces.eu\/wp-content\/uploads\/2024\/02\/81-1-150x150.jpg 150w, https:\/\/inter-faces.eu\/wp-content\/uploads\/2024\/02\/81-1-768x768.jpg 768w, https:\/\/inter-faces.eu\/wp-content\/uploads\/2024\/02\/81-1-650x650.jpg 650w, https:\/\/inter-faces.eu\/wp-content\/uploads\/2024\/02\/81-1-600x600.jpg 600w, https:\/\/inter-faces.eu\/wp-content\/uploads\/2024\/02\/81-1-100x100.jpg 100w\" sizes=\"(max-width: 800px) 100vw, 800px\" \/>\t\t<\/a>\n\t<\/div>\n\t\t\t\t\t<\/div>\n\t\t<div class=\"qodef-e-content\" style=\"margin:24px 0 30px 0px\">\n\t\t\t<div class=\"qodef-e-text\">\n\t\t\t\t<h4 itemprop=\"name\" class=\"qodef-e-title entry-title\" >\n\t<a itemprop=\"url\" class=\"qodef-e-title-link\" href=\"https:\/\/inter-faces.eu\/index.php\/portfolio-item\/table-lc6\/\" target=\"_self\">\n\t\tBureau tube d&rsquo;avion LC6 &#8211; Cassina\t<\/a>\n<\/h4>\n\t\t\t<\/div>\n\t\t\t<div class=\"qodef-e-top-holder\">\n\t\t\t\t<div class=\"qodef-e-info\">\n\t\t\t\t\t\t<a href=\"https:\/\/inter-faces.eu\/index.php\/portfolio-category\/mobilier-professionnel\/\" rel=\"tag\">Mobilier professionnel<\/a>\t<div class=\"qodef-info-separator-end\"><\/div>\n\t\t\t\t<\/div>\n\t\t\t<\/div>\n\t\t<\/div>\n\t<\/div>\n<\/article>\n<article class=\"qodef-e qodef-grid-item qodef-item--full  post-10782 portfolio-item type-portfolio-item status-publish has-post-thumbnail hentry portfolio-category-mobilier-professionnel portfolio-tag-bureaux-de-direction portfolio-tag-fantoni portfolio-tag-mobilier-professionnel\">\n\t<div class=\"qodef-e-inner\" >\n\t\t<div class=\"qodef-e-image\">\n\t\t\t\t<div class=\"qodef-e-media-image\">\n\t\t<a itemprop=\"url\" href=\"https:\/\/inter-faces.eu\/index.php\/portfolio-item\/bureau-de-direction-woods\/\" target=\"_self\">\n\t\t\t<img loading=\"lazy\" decoding=\"async\" width=\"900\" height=\"900\" src=\"https:\/\/inter-faces.eu\/wp-content\/uploads\/2024\/02\/83-1.jpg\" class=\"attachment-full size-full wp-post-image\" alt=\"\" srcset=\"https:\/\/inter-faces.eu\/wp-content\/uploads\/2024\/02\/83-1.jpg 900w, https:\/\/inter-faces.eu\/wp-content\/uploads\/2024\/02\/83-1-300x300.jpg 300w, https:\/\/inter-faces.eu\/wp-content\/uploads\/2024\/02\/83-1-150x150.jpg 150w, https:\/\/inter-faces.eu\/wp-content\/uploads\/2024\/02\/83-1-768x768.jpg 768w, https:\/\/inter-faces.eu\/wp-content\/uploads\/2024\/02\/83-1-650x650.jpg 650w, https:\/\/inter-faces.eu\/wp-content\/uploads\/2024\/02\/83-1-600x600.jpg 600w, https:\/\/inter-faces.eu\/wp-content\/uploads\/2024\/02\/83-1-100x100.jpg 100w\" sizes=\"(max-width: 900px) 100vw, 900px\" \/>\t\t<\/a>\n\t<\/div>\n\t\t\t\t\t<\/div>\n\t\t<div class=\"qodef-e-content\" style=\"margin:24px 0 30px 0px\">\n\t\t\t<div class=\"qodef-e-text\">\n\t\t\t\t<h4 itemprop=\"name\" class=\"qodef-e-title entry-title\" >\n\t<a itemprop=\"url\" class=\"qodef-e-title-link\" href=\"https:\/\/inter-faces.eu\/index.php\/portfolio-item\/bureau-de-direction-woods\/\" target=\"_self\">\n\t\tBureau de direction Woods &#8211; Fantoni\t<\/a>\n<\/h4>\n\t\t\t<\/div>\n\t\t\t<div class=\"qodef-e-top-holder\">\n\t\t\t\t<div class=\"qodef-e-info\">\n\t\t\t\t\t\t<a href=\"https:\/\/inter-faces.eu\/index.php\/portfolio-category\/mobilier-professionnel\/\" rel=\"tag\">Mobilier professionnel<\/a>\t<div class=\"qodef-info-separator-end\"><\/div>\n\t\t\t\t<\/div>\n\t\t\t<\/div>\n\t\t<\/div>\n\t<\/div>\n<\/article>\n<article class=\"qodef-e qodef-grid-item qodef-item--full  post-10781 portfolio-item type-portfolio-item status-publish has-post-thumbnail hentry portfolio-category-mobilier-professionnel portfolio-tag-bureaux-de-direction portfolio-tag-mobilier-professionnel\">\n\t<div class=\"qodef-e-inner\" >\n\t\t<div class=\"qodef-e-image\">\n\t\t\t\t<div class=\"qodef-e-media-image\">\n\t\t<a itemprop=\"url\" href=\"https:\/\/inter-faces.eu\/index.php\/portfolio-item\/bureau-executive-han\/\" target=\"_self\">\n\t\t\t<img loading=\"lazy\" decoding=\"async\" width=\"800\" height=\"800\" src=\"https:\/\/inter-faces.eu\/wp-content\/uploads\/2024\/02\/85-1.jpg\" class=\"attachment-full size-full wp-post-image\" alt=\"\" srcset=\"https:\/\/inter-faces.eu\/wp-content\/uploads\/2024\/02\/85-1.jpg 800w, https:\/\/inter-faces.eu\/wp-content\/uploads\/2024\/02\/85-1-300x300.jpg 300w, https:\/\/inter-faces.eu\/wp-content\/uploads\/2024\/02\/85-1-150x150.jpg 150w, https:\/\/inter-faces.eu\/wp-content\/uploads\/2024\/02\/85-1-768x768.jpg 768w, https:\/\/inter-faces.eu\/wp-content\/uploads\/2024\/02\/85-1-650x650.jpg 650w, https:\/\/inter-faces.eu\/wp-content\/uploads\/2024\/02\/85-1-600x600.jpg 600w, https:\/\/inter-faces.eu\/wp-content\/uploads\/2024\/02\/85-1-100x100.jpg 100w\" sizes=\"(max-width: 800px) 100vw, 800px\" \/>\t\t<\/a>\n\t<\/div>\n\t\t\t\t\t<\/div>\n\t\t<div class=\"qodef-e-content\" style=\"margin:24px 0 30px 0px\">\n\t\t\t<div class=\"qodef-e-text\">\n\t\t\t\t<h4 itemprop=\"name\" class=\"qodef-e-title entry-title\" >\n\t<a itemprop=\"url\" class=\"qodef-e-title-link\" href=\"https:\/\/inter-faces.eu\/index.php\/portfolio-item\/bureau-executive-han\/\" target=\"_self\">\n\t\tBureau Executive Han &#8211; Martex\t<\/a>\n<\/h4>\n\t\t\t<\/div>\n\t\t\t<div class=\"qodef-e-top-holder\">\n\t\t\t\t<div class=\"qodef-e-info\">\n\t\t\t\t\t\t<a href=\"https:\/\/inter-faces.eu\/index.php\/portfolio-category\/mobilier-professionnel\/\" rel=\"tag\">Mobilier professionnel<\/a>\t<div class=\"qodef-info-separator-end\"><\/div>\n\t\t\t\t<\/div>\n\t\t\t<\/div>\n\t\t<\/div>\n\t<\/div>\n<\/article>\n<article class=\"qodef-e qodef-grid-item qodef-item--full  post-10778 portfolio-item type-portfolio-item status-publish has-post-thumbnail hentry portfolio-category-mobilier-professionnel portfolio-tag-bureaux-de-direction portfolio-tag-mobilier-professionnel\">\n\t<div class=\"qodef-e-inner\" >\n\t\t<div class=\"qodef-e-image\">\n\t\t\t\t<div class=\"qodef-e-media-image\">\n\t\t<a itemprop=\"url\" href=\"https:\/\/inter-faces.eu\/index.php\/portfolio-item\/bureau-asymetrical\/\" target=\"_self\">\n\t\t\t<img loading=\"lazy\" decoding=\"async\" width=\"800\" height=\"800\" src=\"https:\/\/inter-faces.eu\/wp-content\/uploads\/2024\/02\/88-1.jpg\" class=\"attachment-full size-full wp-post-image\" alt=\"\" srcset=\"https:\/\/inter-faces.eu\/wp-content\/uploads\/2024\/02\/88-1.jpg 800w, https:\/\/inter-faces.eu\/wp-content\/uploads\/2024\/02\/88-1-300x300.jpg 300w, https:\/\/inter-faces.eu\/wp-content\/uploads\/2024\/02\/88-1-150x150.jpg 150w, https:\/\/inter-faces.eu\/wp-content\/uploads\/2024\/02\/88-1-768x768.jpg 768w, https:\/\/inter-faces.eu\/wp-content\/uploads\/2024\/02\/88-1-650x650.jpg 650w, https:\/\/inter-faces.eu\/wp-content\/uploads\/2024\/02\/88-1-600x600.jpg 600w, https:\/\/inter-faces.eu\/wp-content\/uploads\/2024\/02\/88-1-100x100.jpg 100w\" sizes=\"(max-width: 800px) 100vw, 800px\" \/>\t\t<\/a>\n\t<\/div>\n\t\t\t\t\t<\/div>\n\t\t<div class=\"qodef-e-content\" style=\"margin:24px 0 30px 0px\">\n\t\t\t<div class=\"qodef-e-text\">\n\t\t\t\t<h4 itemprop=\"name\" class=\"qodef-e-title entry-title\" >\n\t<a itemprop=\"url\" class=\"qodef-e-title-link\" href=\"https:\/\/inter-faces.eu\/index.php\/portfolio-item\/bureau-asymetrical\/\" target=\"_self\">\n\t\tBureau Asymetrical\t<\/a>\n<\/h4>\n\t\t\t<\/div>\n\t\t\t<div class=\"qodef-e-top-holder\">\n\t\t\t\t<div class=\"qodef-e-info\">\n\t\t\t\t\t\t<a href=\"https:\/\/inter-faces.eu\/index.php\/portfolio-category\/mobilier-professionnel\/\" rel=\"tag\">Mobilier professionnel<\/a>\t<div class=\"qodef-info-separator-end\"><\/div>\n\t\t\t\t<\/div>\n\t\t\t<\/div>\n\t\t<\/div>\n\t<\/div>\n<\/article>\n<article class=\"qodef-e qodef-grid-item qodef-item--full  post-10777 portfolio-item type-portfolio-item status-publish has-post-thumbnail hentry portfolio-category-mobilier-professionnel portfolio-tag-bureaux-de-direction portfolio-tag-mobilier-professionnel\">\n\t<div class=\"qodef-e-inner\" >\n\t\t<div class=\"qodef-e-image\">\n\t\t\t\t<div class=\"qodef-e-media-image\">\n\t\t<a itemprop=\"url\" href=\"https:\/\/inter-faces.eu\/index.php\/portfolio-item\/bureau-de-direction-meta\/\" target=\"_self\">\n\t\t\t<img loading=\"lazy\" decoding=\"async\" width=\"900\" height=\"900\" src=\"https:\/\/inter-faces.eu\/wp-content\/uploads\/2024\/02\/95-1.jpg\" class=\"attachment-full size-full wp-post-image\" alt=\"\" srcset=\"https:\/\/inter-faces.eu\/wp-content\/uploads\/2024\/02\/95-1.jpg 900w, https:\/\/inter-faces.eu\/wp-content\/uploads\/2024\/02\/95-1-300x300.jpg 300w, https:\/\/inter-faces.eu\/wp-content\/uploads\/2024\/02\/95-1-150x150.jpg 150w, https:\/\/inter-faces.eu\/wp-content\/uploads\/2024\/02\/95-1-768x768.jpg 768w, https:\/\/inter-faces.eu\/wp-content\/uploads\/2024\/02\/95-1-650x650.jpg 650w, https:\/\/inter-faces.eu\/wp-content\/uploads\/2024\/02\/95-1-600x600.jpg 600w, https:\/\/inter-faces.eu\/wp-content\/uploads\/2024\/02\/95-1-100x100.jpg 100w\" sizes=\"(max-width: 900px) 100vw, 900px\" \/>\t\t<\/a>\n\t<\/div>\n\t\t\t\t\t<\/div>\n\t\t<div class=\"qodef-e-content\" style=\"margin:24px 0 30px 0px\">\n\t\t\t<div class=\"qodef-e-text\">\n\t\t\t\t<h4 itemprop=\"name\" class=\"qodef-e-title entry-title\" >\n\t<a itemprop=\"url\" class=\"qodef-e-title-link\" href=\"https:\/\/inter-faces.eu\/index.php\/portfolio-item\/bureau-de-direction-meta\/\" target=\"_self\">\n\t\tBureau de direction Meta\t<\/a>\n<\/h4>\n\t\t\t<\/div>\n\t\t\t<div class=\"qodef-e-top-holder\">\n\t\t\t\t<div class=\"qodef-e-info\">\n\t\t\t\t\t\t<a href=\"https:\/\/inter-faces.eu\/index.php\/portfolio-category\/mobilier-professionnel\/\" rel=\"tag\">Mobilier professionnel<\/a>\t<div class=\"qodef-info-separator-end\"><\/div>\n\t\t\t\t<\/div>\n\t\t\t<\/div>\n\t\t<\/div>\n\t<\/div>\n<\/article>\n<article class=\"qodef-e qodef-grid-item qodef-item--full  post-10776 portfolio-item type-portfolio-item status-publish has-post-thumbnail hentry portfolio-category-mobilier-professionnel portfolio-tag-bureaux-de-direction portfolio-tag-mobilier-professionnel\">\n\t<div class=\"qodef-e-inner\" >\n\t\t<div class=\"qodef-e-image\">\n\t\t\t\t<div class=\"qodef-e-media-image\">\n\t\t<a itemprop=\"url\" href=\"https:\/\/inter-faces.eu\/index.php\/portfolio-item\/bureau-de-direction-sistema28\/\" target=\"_self\">\n\t\t\t<img loading=\"lazy\" decoding=\"async\" width=\"900\" height=\"900\" src=\"https:\/\/inter-faces.eu\/wp-content\/uploads\/2024\/02\/96-1.jpg\" class=\"attachment-full size-full wp-post-image\" alt=\"\" srcset=\"https:\/\/inter-faces.eu\/wp-content\/uploads\/2024\/02\/96-1.jpg 900w, https:\/\/inter-faces.eu\/wp-content\/uploads\/2024\/02\/96-1-300x300.jpg 300w, https:\/\/inter-faces.eu\/wp-content\/uploads\/2024\/02\/96-1-150x150.jpg 150w, https:\/\/inter-faces.eu\/wp-content\/uploads\/2024\/02\/96-1-768x768.jpg 768w, https:\/\/inter-faces.eu\/wp-content\/uploads\/2024\/02\/96-1-650x650.jpg 650w, https:\/\/inter-faces.eu\/wp-content\/uploads\/2024\/02\/96-1-600x600.jpg 600w, https:\/\/inter-faces.eu\/wp-content\/uploads\/2024\/02\/96-1-100x100.jpg 100w\" sizes=\"(max-width: 900px) 100vw, 900px\" \/>\t\t<\/a>\n\t<\/div>\n\t\t\t\t\t<\/div>\n\t\t<div class=\"qodef-e-content\" style=\"margin:24px 0 30px 0px\">\n\t\t\t<div class=\"qodef-e-text\">\n\t\t\t\t<h4 itemprop=\"name\" class=\"qodef-e-title entry-title\" >\n\t<a itemprop=\"url\" class=\"qodef-e-title-link\" href=\"https:\/\/inter-faces.eu\/index.php\/portfolio-item\/bureau-de-direction-sistema28\/\" target=\"_self\">\n\t\tBureau de direction Sistema28\t<\/a>\n<\/h4>\n\t\t\t<\/div>\n\t\t\t<div class=\"qodef-e-top-holder\">\n\t\t\t\t<div class=\"qodef-e-info\">\n\t\t\t\t\t\t<a href=\"https:\/\/inter-faces.eu\/index.php\/portfolio-category\/mobilier-professionnel\/\" rel=\"tag\">Mobilier professionnel<\/a>\t<div class=\"qodef-info-separator-end\"><\/div>\n\t\t\t\t<\/div>\n\t\t\t<\/div>\n\t\t<\/div>\n\t<\/div>\n<\/article>\n<article class=\"qodef-e qodef-grid-item qodef-item--full  post-10775 portfolio-item type-portfolio-item status-publish has-post-thumbnail hentry portfolio-category-mobilier-professionnel portfolio-tag-bureaux-de-direction portfolio-tag-mobilier-professionnel\">\n\t<div class=\"qodef-e-inner\" >\n\t\t<div class=\"qodef-e-image\">\n\t\t\t\t<div class=\"qodef-e-media-image\">\n\t\t<a itemprop=\"url\" href=\"https:\/\/inter-faces.eu\/index.php\/portfolio-item\/bureau-executive-kyo-bois\/\" target=\"_self\">\n\t\t\t<img loading=\"lazy\" decoding=\"async\" width=\"800\" height=\"799\" src=\"https:\/\/inter-faces.eu\/wp-content\/uploads\/2024\/02\/97-1.jpg\" class=\"attachment-full size-full wp-post-image\" alt=\"\" srcset=\"https:\/\/inter-faces.eu\/wp-content\/uploads\/2024\/02\/97-1.jpg 800w, https:\/\/inter-faces.eu\/wp-content\/uploads\/2024\/02\/97-1-300x300.jpg 300w, https:\/\/inter-faces.eu\/wp-content\/uploads\/2024\/02\/97-1-150x150.jpg 150w, https:\/\/inter-faces.eu\/wp-content\/uploads\/2024\/02\/97-1-768x767.jpg 768w, https:\/\/inter-faces.eu\/wp-content\/uploads\/2024\/02\/97-1-650x650.jpg 650w, https:\/\/inter-faces.eu\/wp-content\/uploads\/2024\/02\/97-1-600x599.jpg 600w, https:\/\/inter-faces.eu\/wp-content\/uploads\/2024\/02\/97-1-100x100.jpg 100w\" sizes=\"(max-width: 800px) 100vw, 800px\" \/>\t\t<\/a>\n\t<\/div>\n\t\t\t\t\t<\/div>\n\t\t<div class=\"qodef-e-content\" style=\"margin:24px 0 30px 0px\">\n\t\t\t<div class=\"qodef-e-text\">\n\t\t\t\t<h4 itemprop=\"name\" class=\"qodef-e-title entry-title\" >\n\t<a itemprop=\"url\" class=\"qodef-e-title-link\" href=\"https:\/\/inter-faces.eu\/index.php\/portfolio-item\/bureau-executive-kyo-bois\/\" target=\"_self\">\n\t\tBureau Executive Kyo bois\t<\/a>\n<\/h4>\n\t\t\t<\/div>\n\t\t\t<div class=\"qodef-e-top-holder\">\n\t\t\t\t<div class=\"qodef-e-info\">\n\t\t\t\t\t\t<a href=\"https:\/\/inter-faces.eu\/index.php\/portfolio-category\/mobilier-professionnel\/\" rel=\"tag\">Mobilier professionnel<\/a>\t<div class=\"qodef-info-separator-end\"><\/div>\n\t\t\t\t<\/div>\n\t\t\t<\/div>\n\t\t<\/div>\n\t<\/div>\n<\/article>\n<article class=\"qodef-e qodef-grid-item qodef-item--full  post-10774 portfolio-item type-portfolio-item status-publish has-post-thumbnail hentry portfolio-category-mobilier-professionnel portfolio-tag-bureaux-de-direction portfolio-tag-mobilier-professionnel\">\n\t<div class=\"qodef-e-inner\" >\n\t\t<div class=\"qodef-e-image\">\n\t\t\t\t<div class=\"qodef-e-media-image\">\n\t\t<a itemprop=\"url\" href=\"https:\/\/inter-faces.eu\/index.php\/portfolio-item\/bureau-taiko\/\" target=\"_self\">\n\t\t\t<img loading=\"lazy\" decoding=\"async\" width=\"800\" height=\"800\" src=\"https:\/\/inter-faces.eu\/wp-content\/uploads\/2024\/02\/98-1.jpg\" class=\"attachment-full size-full wp-post-image\" alt=\"\" srcset=\"https:\/\/inter-faces.eu\/wp-content\/uploads\/2024\/02\/98-1.jpg 800w, https:\/\/inter-faces.eu\/wp-content\/uploads\/2024\/02\/98-1-300x300.jpg 300w, https:\/\/inter-faces.eu\/wp-content\/uploads\/2024\/02\/98-1-150x150.jpg 150w, https:\/\/inter-faces.eu\/wp-content\/uploads\/2024\/02\/98-1-768x768.jpg 768w, https:\/\/inter-faces.eu\/wp-content\/uploads\/2024\/02\/98-1-650x650.jpg 650w, https:\/\/inter-faces.eu\/wp-content\/uploads\/2024\/02\/98-1-600x600.jpg 600w, https:\/\/inter-faces.eu\/wp-content\/uploads\/2024\/02\/98-1-100x100.jpg 100w\" sizes=\"(max-width: 800px) 100vw, 800px\" \/>\t\t<\/a>\n\t<\/div>\n\t\t\t\t\t<\/div>\n\t\t<div class=\"qodef-e-content\" style=\"margin:24px 0 30px 0px\">\n\t\t\t<div class=\"qodef-e-text\">\n\t\t\t\t<h4 itemprop=\"name\" class=\"qodef-e-title entry-title\" >\n\t<a itemprop=\"url\" class=\"qodef-e-title-link\" href=\"https:\/\/inter-faces.eu\/index.php\/portfolio-item\/bureau-taiko\/\" target=\"_self\">\n\t\tBureau Taiko\t<\/a>\n<\/h4>\n\t\t\t<\/div>\n\t\t\t<div class=\"qodef-e-top-holder\">\n\t\t\t\t<div class=\"qodef-e-info\">\n\t\t\t\t\t\t<a href=\"https:\/\/inter-faces.eu\/index.php\/portfolio-category\/mobilier-professionnel\/\" rel=\"tag\">Mobilier professionnel<\/a>\t<div class=\"qodef-info-separator-end\"><\/div>\n\t\t\t\t<\/div>\n\t\t\t<\/div>\n\t\t<\/div>\n\t<\/div>\n<\/article>\n<article class=\"qodef-e qodef-grid-item qodef-item--full  post-10773 portfolio-item type-portfolio-item status-publish has-post-thumbnail hentry portfolio-category-mobilier-professionnel portfolio-tag-bureaux-de-direction portfolio-tag-mobilier-professionnel\">\n\t<div class=\"qodef-e-inner\" >\n\t\t<div class=\"qodef-e-image\">\n\t\t\t\t<div class=\"qodef-e-media-image\">\n\t\t<a itemprop=\"url\" href=\"https:\/\/inter-faces.eu\/index.php\/portfolio-item\/bureau-quaranta-5\/\" target=\"_self\">\n\t\t\t<img loading=\"lazy\" decoding=\"async\" width=\"800\" height=\"800\" src=\"https:\/\/inter-faces.eu\/wp-content\/uploads\/2024\/02\/99-1.jpg\" class=\"attachment-full size-full wp-post-image\" alt=\"\" srcset=\"https:\/\/inter-faces.eu\/wp-content\/uploads\/2024\/02\/99-1.jpg 800w, https:\/\/inter-faces.eu\/wp-content\/uploads\/2024\/02\/99-1-300x300.jpg 300w, https:\/\/inter-faces.eu\/wp-content\/uploads\/2024\/02\/99-1-150x150.jpg 150w, https:\/\/inter-faces.eu\/wp-content\/uploads\/2024\/02\/99-1-768x768.jpg 768w, https:\/\/inter-faces.eu\/wp-content\/uploads\/2024\/02\/99-1-650x650.jpg 650w, https:\/\/inter-faces.eu\/wp-content\/uploads\/2024\/02\/99-1-600x600.jpg 600w, https:\/\/inter-faces.eu\/wp-content\/uploads\/2024\/02\/99-1-100x100.jpg 100w\" sizes=\"(max-width: 800px) 100vw, 800px\" \/>\t\t<\/a>\n\t<\/div>\n\t\t\t\t\t<\/div>\n\t\t<div class=\"qodef-e-content\" style=\"margin:24px 0 30px 0px\">\n\t\t\t<div class=\"qodef-e-text\">\n\t\t\t\t<h4 itemprop=\"name\" class=\"qodef-e-title entry-title\" >\n\t<a itemprop=\"url\" class=\"qodef-e-title-link\" href=\"https:\/\/inter-faces.eu\/index.php\/portfolio-item\/bureau-quaranta-5\/\" target=\"_self\">\n\t\tBureau Quaranta 5\t<\/a>\n<\/h4>\n\t\t\t<\/div>\n\t\t\t<div class=\"qodef-e-top-holder\">\n\t\t\t\t<div class=\"qodef-e-info\">\n\t\t\t\t\t\t<a href=\"https:\/\/inter-faces.eu\/index.php\/portfolio-category\/mobilier-professionnel\/\" rel=\"tag\">Mobilier professionnel<\/a>\t<div class=\"qodef-info-separator-end\"><\/div>\n\t\t\t\t<\/div>\n\t\t\t<\/div>\n\t\t<\/div>\n\t<\/div>\n<\/article>\n<article class=\"qodef-e qodef-grid-item qodef-item--full  post-10772 portfolio-item type-portfolio-item status-publish has-post-thumbnail hentry portfolio-category-mobilier-professionnel portfolio-tag-bureaux-de-direction portfolio-tag-mobilier-professionnel\">\n\t<div class=\"qodef-e-inner\" >\n\t\t<div class=\"qodef-e-image\">\n\t\t\t\t<div class=\"qodef-e-media-image\">\n\t\t<a itemprop=\"url\" href=\"https:\/\/inter-faces.eu\/index.php\/portfolio-item\/bureau-executive-kyo-cuir\/\" target=\"_self\">\n\t\t\t<img loading=\"lazy\" decoding=\"async\" width=\"800\" height=\"800\" src=\"https:\/\/inter-faces.eu\/wp-content\/uploads\/2024\/02\/100-1.jpg\" class=\"attachment-full size-full wp-post-image\" alt=\"\" srcset=\"https:\/\/inter-faces.eu\/wp-content\/uploads\/2024\/02\/100-1.jpg 800w, https:\/\/inter-faces.eu\/wp-content\/uploads\/2024\/02\/100-1-300x300.jpg 300w, https:\/\/inter-faces.eu\/wp-content\/uploads\/2024\/02\/100-1-150x150.jpg 150w, https:\/\/inter-faces.eu\/wp-content\/uploads\/2024\/02\/100-1-768x768.jpg 768w, https:\/\/inter-faces.eu\/wp-content\/uploads\/2024\/02\/100-1-650x650.jpg 650w, https:\/\/inter-faces.eu\/wp-content\/uploads\/2024\/02\/100-1-600x600.jpg 600w, https:\/\/inter-faces.eu\/wp-content\/uploads\/2024\/02\/100-1-100x100.jpg 100w\" sizes=\"(max-width: 800px) 100vw, 800px\" \/>\t\t<\/a>\n\t<\/div>\n\t\t\t\t\t<\/div>\n\t\t<div class=\"qodef-e-content\" style=\"margin:24px 0 30px 0px\">\n\t\t\t<div class=\"qodef-e-text\">\n\t\t\t\t<h4 itemprop=\"name\" class=\"qodef-e-title entry-title\" >\n\t<a itemprop=\"url\" class=\"qodef-e-title-link\" href=\"https:\/\/inter-faces.eu\/index.php\/portfolio-item\/bureau-executive-kyo-cuir\/\" target=\"_self\">\n\t\tBureau Executive Kyo cuir\t<\/a>\n<\/h4>\n\t\t\t<\/div>\n\t\t\t<div class=\"qodef-e-top-holder\">\n\t\t\t\t<div class=\"qodef-e-info\">\n\t\t\t\t\t\t<a href=\"https:\/\/inter-faces.eu\/index.php\/portfolio-category\/mobilier-professionnel\/\" rel=\"tag\">Mobilier professionnel<\/a>\t<div class=\"qodef-info-separator-end\"><\/div>\n\t\t\t\t<\/div>\n\t\t\t<\/div>\n\t\t<\/div>\n\t<\/div>\n<\/article>\n<article class=\"qodef-e qodef-grid-item qodef-item--full  post-10771 portfolio-item type-portfolio-item status-publish has-post-thumbnail hentry portfolio-category-mobilier-professionnel portfolio-tag-bureaux-de-direction portfolio-tag-mobilier-professionnel\">\n\t<div class=\"qodef-e-inner\" >\n\t\t<div class=\"qodef-e-image\">\n\t\t\t\t<div class=\"qodef-e-media-image\">\n\t\t<a itemprop=\"url\" href=\"https:\/\/inter-faces.eu\/index.php\/portfolio-item\/bureau-modi\/\" target=\"_self\">\n\t\t\t<img loading=\"lazy\" decoding=\"async\" width=\"800\" height=\"800\" src=\"https:\/\/inter-faces.eu\/wp-content\/uploads\/2024\/02\/101-1.jpg\" class=\"attachment-full size-full wp-post-image\" alt=\"\" srcset=\"https:\/\/inter-faces.eu\/wp-content\/uploads\/2024\/02\/101-1.jpg 800w, https:\/\/inter-faces.eu\/wp-content\/uploads\/2024\/02\/101-1-300x300.jpg 300w, https:\/\/inter-faces.eu\/wp-content\/uploads\/2024\/02\/101-1-150x150.jpg 150w, https:\/\/inter-faces.eu\/wp-content\/uploads\/2024\/02\/101-1-768x768.jpg 768w, https:\/\/inter-faces.eu\/wp-content\/uploads\/2024\/02\/101-1-650x650.jpg 650w, https:\/\/inter-faces.eu\/wp-content\/uploads\/2024\/02\/101-1-600x600.jpg 600w, https:\/\/inter-faces.eu\/wp-content\/uploads\/2024\/02\/101-1-100x100.jpg 100w\" sizes=\"(max-width: 800px) 100vw, 800px\" \/>\t\t<\/a>\n\t<\/div>\n\t\t\t\t\t<\/div>\n\t\t<div class=\"qodef-e-content\" style=\"margin:24px 0 30px 0px\">\n\t\t\t<div class=\"qodef-e-text\">\n\t\t\t\t<h4 itemprop=\"name\" class=\"qodef-e-title entry-title\" >\n\t<a itemprop=\"url\" class=\"qodef-e-title-link\" href=\"https:\/\/inter-faces.eu\/index.php\/portfolio-item\/bureau-modi\/\" target=\"_self\">\n\t\tBureau Modi\t<\/a>\n<\/h4>\n\t\t\t<\/div>\n\t\t\t<div class=\"qodef-e-top-holder\">\n\t\t\t\t<div class=\"qodef-e-info\">\n\t\t\t\t\t\t<a href=\"https:\/\/inter-faces.eu\/index.php\/portfolio-category\/mobilier-professionnel\/\" rel=\"tag\">Mobilier professionnel<\/a>\t<div class=\"qodef-info-separator-end\"><\/div>\n\t\t\t\t<\/div>\n\t\t\t<\/div>\n\t\t<\/div>\n\t<\/div>\n<\/article>\n<article class=\"qodef-e qodef-grid-item qodef-item--full  post-10765 portfolio-item type-portfolio-item status-publish has-post-thumbnail hentry portfolio-category-mobilier-professionnel portfolio-tag-bureaux-de-direction portfolio-tag-fantoni portfolio-tag-mobilier-professionnel\">\n\t<div class=\"qodef-e-inner\" >\n\t\t<div class=\"qodef-e-image\">\n\t\t\t\t<div class=\"qodef-e-media-image\">\n\t\t<a itemprop=\"url\" href=\"https:\/\/inter-faces.eu\/index.php\/portfolio-item\/bureau-multipli-ceo\/\" target=\"_self\">\n\t\t\t<img loading=\"lazy\" decoding=\"async\" width=\"800\" height=\"800\" src=\"https:\/\/inter-faces.eu\/wp-content\/uploads\/2024\/02\/102-1.jpg\" class=\"attachment-full size-full wp-post-image\" alt=\"\" srcset=\"https:\/\/inter-faces.eu\/wp-content\/uploads\/2024\/02\/102-1.jpg 800w, https:\/\/inter-faces.eu\/wp-content\/uploads\/2024\/02\/102-1-300x300.jpg 300w, https:\/\/inter-faces.eu\/wp-content\/uploads\/2024\/02\/102-1-150x150.jpg 150w, https:\/\/inter-faces.eu\/wp-content\/uploads\/2024\/02\/102-1-768x768.jpg 768w, https:\/\/inter-faces.eu\/wp-content\/uploads\/2024\/02\/102-1-650x650.jpg 650w, https:\/\/inter-faces.eu\/wp-content\/uploads\/2024\/02\/102-1-600x600.jpg 600w, https:\/\/inter-faces.eu\/wp-content\/uploads\/2024\/02\/102-1-100x100.jpg 100w\" sizes=\"(max-width: 800px) 100vw, 800px\" \/>\t\t<\/a>\n\t<\/div>\n\t\t\t\t\t<\/div>\n\t\t<div class=\"qodef-e-content\" style=\"margin:24px 0 30px 0px\">\n\t\t\t<div class=\"qodef-e-text\">\n\t\t\t\t<h4 itemprop=\"name\" class=\"qodef-e-title entry-title\" >\n\t<a itemprop=\"url\" class=\"qodef-e-title-link\" href=\"https:\/\/inter-faces.eu\/index.php\/portfolio-item\/bureau-multipli-ceo\/\" target=\"_self\">\n\t\tBureau Multipliceo\t<\/a>\n<\/h4>\n\t\t\t<\/div>\n\t\t\t<div class=\"qodef-e-top-holder\">\n\t\t\t\t<div class=\"qodef-e-info\">\n\t\t\t\t\t\t<a href=\"https:\/\/inter-faces.eu\/index.php\/portfolio-category\/mobilier-professionnel\/\" rel=\"tag\">Mobilier professionnel<\/a>\t<div class=\"qodef-info-separator-end\"><\/div>\n\t\t\t\t<\/div>\n\t\t\t<\/div>\n\t\t<\/div>\n\t<\/div>\n<\/article>\n<article class=\"qodef-e qodef-grid-item qodef-item--full  post-10764 portfolio-item type-portfolio-item status-publish has-post-thumbnail hentry portfolio-category-mobilier-professionnel portfolio-tag-bureaux-de-direction portfolio-tag-mobilier-professionnel\">\n\t<div class=\"qodef-e-inner\" >\n\t\t<div class=\"qodef-e-image\">\n\t\t\t\t<div class=\"qodef-e-media-image\">\n\t\t<a itemprop=\"url\" href=\"https:\/\/inter-faces.eu\/index.php\/portfolio-item\/bureau-executive-anyware\/\" target=\"_self\">\n\t\t\t<img loading=\"lazy\" decoding=\"async\" width=\"800\" height=\"800\" src=\"https:\/\/inter-faces.eu\/wp-content\/uploads\/2024\/02\/104-1.jpg\" class=\"attachment-full size-full wp-post-image\" alt=\"\" srcset=\"https:\/\/inter-faces.eu\/wp-content\/uploads\/2024\/02\/104-1.jpg 800w, https:\/\/inter-faces.eu\/wp-content\/uploads\/2024\/02\/104-1-300x300.jpg 300w, https:\/\/inter-faces.eu\/wp-content\/uploads\/2024\/02\/104-1-150x150.jpg 150w, https:\/\/inter-faces.eu\/wp-content\/uploads\/2024\/02\/104-1-768x768.jpg 768w, https:\/\/inter-faces.eu\/wp-content\/uploads\/2024\/02\/104-1-650x650.jpg 650w, https:\/\/inter-faces.eu\/wp-content\/uploads\/2024\/02\/104-1-600x600.jpg 600w, https:\/\/inter-faces.eu\/wp-content\/uploads\/2024\/02\/104-1-100x100.jpg 100w\" sizes=\"(max-width: 800px) 100vw, 800px\" \/>\t\t<\/a>\n\t<\/div>\n\t\t\t\t\t<\/div>\n\t\t<div class=\"qodef-e-content\" style=\"margin:24px 0 30px 0px\">\n\t\t\t<div class=\"qodef-e-text\">\n\t\t\t\t<h4 itemprop=\"name\" class=\"qodef-e-title entry-title\" >\n\t<a itemprop=\"url\" class=\"qodef-e-title-link\" href=\"https:\/\/inter-faces.eu\/index.php\/portfolio-item\/bureau-executive-anyware\/\" target=\"_self\">\n\t\tBureau Executive Anyware\t<\/a>\n<\/h4>\n\t\t\t<\/div>\n\t\t\t<div class=\"qodef-e-top-holder\">\n\t\t\t\t<div class=\"qodef-e-info\">\n\t\t\t\t\t\t<a href=\"https:\/\/inter-faces.eu\/index.php\/portfolio-category\/mobilier-professionnel\/\" rel=\"tag\">Mobilier professionnel<\/a>\t<div class=\"qodef-info-separator-end\"><\/div>\n\t\t\t\t<\/div>\n\t\t\t<\/div>\n\t\t<\/div>\n\t<\/div>\n<\/article>\n<article class=\"qodef-e qodef-grid-item qodef-item--full  post-10762 portfolio-item type-portfolio-item status-publish has-post-thumbnail hentry portfolio-category-mobilier-professionnel portfolio-tag-bureaux-de-direction portfolio-tag-mdf-italia portfolio-tag-mobilier-professionnel\">\n\t<div class=\"qodef-e-inner\" >\n\t\t<div class=\"qodef-e-image\">\n\t\t\t\t<div class=\"qodef-e-media-image\">\n\t\t<a itemprop=\"url\" href=\"https:\/\/inter-faces.eu\/index.php\/portfolio-item\/table-tense-2\/\" target=\"_self\">\n\t\t\t<img loading=\"lazy\" decoding=\"async\" width=\"800\" height=\"800\" src=\"https:\/\/inter-faces.eu\/wp-content\/uploads\/2024\/02\/106-1.jpg\" class=\"attachment-full size-full wp-post-image\" alt=\"\" srcset=\"https:\/\/inter-faces.eu\/wp-content\/uploads\/2024\/02\/106-1.jpg 800w, https:\/\/inter-faces.eu\/wp-content\/uploads\/2024\/02\/106-1-300x300.jpg 300w, https:\/\/inter-faces.eu\/wp-content\/uploads\/2024\/02\/106-1-150x150.jpg 150w, https:\/\/inter-faces.eu\/wp-content\/uploads\/2024\/02\/106-1-768x768.jpg 768w, https:\/\/inter-faces.eu\/wp-content\/uploads\/2024\/02\/106-1-650x650.jpg 650w, https:\/\/inter-faces.eu\/wp-content\/uploads\/2024\/02\/106-1-600x600.jpg 600w, https:\/\/inter-faces.eu\/wp-content\/uploads\/2024\/02\/106-1-100x100.jpg 100w\" sizes=\"(max-width: 800px) 100vw, 800px\" \/>\t\t<\/a>\n\t<\/div>\n\t\t\t\t\t<\/div>\n\t\t<div class=\"qodef-e-content\" style=\"margin:24px 0 30px 0px\">\n\t\t\t<div class=\"qodef-e-text\">\n\t\t\t\t<h4 itemprop=\"name\" class=\"qodef-e-title entry-title\" >\n\t<a itemprop=\"url\" class=\"qodef-e-title-link\" href=\"https:\/\/inter-faces.eu\/index.php\/portfolio-item\/table-tense-2\/\" target=\"_self\">\n\t\tBureau de Direction Tense &#8211; MDF Italia\t<\/a>\n<\/h4>\n\t\t\t<\/div>\n\t\t\t<div class=\"qodef-e-top-holder\">\n\t\t\t\t<div class=\"qodef-e-info\">\n\t\t\t\t\t\t<a href=\"https:\/\/inter-faces.eu\/index.php\/portfolio-category\/mobilier-professionnel\/\" rel=\"tag\">Mobilier professionnel<\/a>\t<div class=\"qodef-info-separator-end\"><\/div>\n\t\t\t\t<\/div>\n\t\t\t<\/div>\n\t\t<\/div>\n\t<\/div>\n<\/article>\n\t<\/div>\n\t<\/div>\n\t\t<\/div>\n\t\t\t\t<\/div>\n\t\t\t\t\t<\/div>\n\t\t<\/div>\n\t\t\t\t\t<\/div>\n\t\t<\/section>\n\t\t\t\t<\/div>\n\t\t<button class=\"simplefavorite-button\" data-postid=\"10762\" data-siteid=\"1\" data-groupid=\"1\" data-favoritecount=\"0\" style=\"\">Ajouter \u00e0 ma liste d'envies <i class=\"fa-solid fa-heart\"><\/i><\/button>","protected":false},"excerpt":{"rendered":"<p>Bureaux de direction Inter-Faces Pro offre un large choix de bureaux de direction, bureaux en angle, bureaux droits pour tous les go\u00fbts, de toutes les mati\u00e8res, pour tous les dirigeants. Nos bureaux pr\u00e9sentent des astuces de rangement, des accessoires informatiques ou de connectique \u2026 L\u2019\u00e9l\u00e9gance d\u2019un design contemporain ou traditionnel alli\u00e9e \u00e0 l\u2019efficacit\u00e9 et au [&hellip;]<\/p>\n","protected":false},"author":1,"featured_media":0,"parent":10336,"menu_order":0,"comment_status":"closed","ping_status":"closed","template":"","meta":{"footnotes":""},"yoast_head":"<!-- This site is optimized with the Yoast SEO plugin v22.6 - https:\/\/yoast.com\/wordpress\/plugins\/seo\/ -->\n<title>Bureaux de direction - Inter-Faces<\/title>\n<meta name=\"robots\" content=\"index, follow, max-snippet:-1, max-image-preview:large, max-video-preview:-1\" \/>\n<link rel=\"canonical\" href=\"https:\/\/inter-faces.eu\/index.php\/mobilier-professionnel\/bureaux-de-direction\/\" \/>\n<meta property=\"og:locale\" content=\"fr_FR\" \/>\n<meta property=\"og:type\" content=\"article\" \/>\n<meta property=\"og:title\" content=\"Bureaux de direction - Inter-Faces\" \/>\n<meta property=\"og:description\" content=\"Bureaux de direction Inter-Faces Pro offre un large choix de bureaux de direction, bureaux en angle, bureaux droits pour tous les go\u00fbts, de toutes les mati\u00e8res, pour tous les dirigeants. Nos bureaux pr\u00e9sentent des astuces de rangement, des accessoires informatiques ou de connectique \u2026 L\u2019\u00e9l\u00e9gance d\u2019un design contemporain ou traditionnel alli\u00e9e \u00e0 l\u2019efficacit\u00e9 et au [&hellip;]\" \/>\n<meta property=\"og:url\" content=\"https:\/\/inter-faces.eu\/index.php\/mobilier-professionnel\/bureaux-de-direction\/\" \/>\n<meta property=\"og:site_name\" content=\"Inter-Faces\" \/>\n<meta property=\"article:publisher\" content=\"https:\/\/www.facebook.com\/interfacestoulon\" \/>\n<meta property=\"article:modified_time\" content=\"2025-06-02T14:18:53+00:00\" \/>\n<meta property=\"og:image\" content=\"https:\/\/inter-faces.eu\/wp-content\/uploads\/2025\/03\/Bralco-Bureau-de-direction-Jet.jpg\" \/>\n<meta name=\"twitter:card\" content=\"summary_large_image\" \/>\n<meta name=\"twitter:label1\" content=\"Dur\u00e9e de lecture estim\u00e9e\" \/>\n\t<meta name=\"twitter:data1\" content=\"6 minutes\" \/>\n<script type=\"application\/ld+json\" class=\"yoast-schema-graph\">{\"@context\":\"https:\/\/schema.org\",\"@graph\":[{\"@type\":\"WebPage\",\"@id\":\"https:\/\/inter-faces.eu\/index.php\/mobilier-professionnel\/bureaux-de-direction\/\",\"url\":\"https:\/\/inter-faces.eu\/index.php\/mobilier-professionnel\/bureaux-de-direction\/\",\"name\":\"Bureaux de direction - Inter-Faces\",\"isPartOf\":{\"@id\":\"https:\/\/inter-faces.eu\/#website\"},\"primaryImageOfPage\":{\"@id\":\"https:\/\/inter-faces.eu\/index.php\/mobilier-professionnel\/bureaux-de-direction\/#primaryimage\"},\"image\":{\"@id\":\"https:\/\/inter-faces.eu\/index.php\/mobilier-professionnel\/bureaux-de-direction\/#primaryimage\"},\"thumbnailUrl\":\"https:\/\/inter-faces.eu\/wp-content\/uploads\/2025\/03\/Bralco-Bureau-de-direction-Jet.jpg\",\"datePublished\":\"2024-03-19T13:30:48+00:00\",\"dateModified\":\"2025-06-02T14:18:53+00:00\",\"breadcrumb\":{\"@id\":\"https:\/\/inter-faces.eu\/index.php\/mobilier-professionnel\/bureaux-de-direction\/#breadcrumb\"},\"inLanguage\":\"fr-FR\",\"potentialAction\":[{\"@type\":\"ReadAction\",\"target\":[\"https:\/\/inter-faces.eu\/index.php\/mobilier-professionnel\/bureaux-de-direction\/\"]}]},{\"@type\":\"ImageObject\",\"inLanguage\":\"fr-FR\",\"@id\":\"https:\/\/inter-faces.eu\/index.php\/mobilier-professionnel\/bureaux-de-direction\/#primaryimage\",\"url\":\"https:\/\/inter-faces.eu\/wp-content\/uploads\/2025\/03\/Bralco-Bureau-de-direction-Jet.jpg\",\"contentUrl\":\"https:\/\/inter-faces.eu\/wp-content\/uploads\/2025\/03\/Bralco-Bureau-de-direction-Jet.jpg\",\"width\":1923,\"height\":1132},{\"@type\":\"BreadcrumbList\",\"@id\":\"https:\/\/inter-faces.eu\/index.php\/mobilier-professionnel\/bureaux-de-direction\/#breadcrumb\",\"itemListElement\":[{\"@type\":\"ListItem\",\"position\":1,\"name\":\"Accueil\",\"item\":\"https:\/\/inter-faces.eu\/\"},{\"@type\":\"ListItem\",\"position\":2,\"name\":\"Mobilier professionnel\",\"item\":\"https:\/\/inter-faces.eu\/index.php\/mobilier-professionnel\/\"},{\"@type\":\"ListItem\",\"position\":3,\"name\":\"Bureaux de direction\"}]},{\"@type\":\"WebSite\",\"@id\":\"https:\/\/inter-faces.eu\/#website\",\"url\":\"https:\/\/inter-faces.eu\/\",\"name\":\"Inter-Faces\",\"description\":\"\",\"publisher\":{\"@id\":\"https:\/\/inter-faces.eu\/#organization\"},\"potentialAction\":[{\"@type\":\"SearchAction\",\"target\":{\"@type\":\"EntryPoint\",\"urlTemplate\":\"https:\/\/inter-faces.eu\/?s={search_term_string}\"},\"query-input\":\"required name=search_term_string\"}],\"inLanguage\":\"fr-FR\"},{\"@type\":\"Organization\",\"@id\":\"https:\/\/inter-faces.eu\/#organization\",\"name\":\"Inter-Faces\",\"url\":\"https:\/\/inter-faces.eu\/\",\"logo\":{\"@type\":\"ImageObject\",\"inLanguage\":\"fr-FR\",\"@id\":\"https:\/\/inter-faces.eu\/#\/schema\/logo\/image\/\",\"url\":\"https:\/\/inter-faces.eu\/wp-content\/uploads\/2024\/02\/logo.png\",\"contentUrl\":\"https:\/\/inter-faces.eu\/wp-content\/uploads\/2024\/02\/logo.png\",\"width\":400,\"height\":155,\"caption\":\"Inter-Faces\"},\"image\":{\"@id\":\"https:\/\/inter-faces.eu\/#\/schema\/logo\/image\/\"},\"sameAs\":[\"https:\/\/www.facebook.com\/interfacestoulon\",\"https:\/\/www.instagram.com\/inter_faces_mobilier\",\"https:\/\/www.youtube.com\/user\/interfacesmc\"]}]}<\/script>\n<!-- \/ Yoast SEO plugin. -->","yoast_head_json":{"title":"Bureaux de direction - Inter-Faces","robots":{"index":"index","follow":"follow","max-snippet":"max-snippet:-1","max-image-preview":"max-image-preview:large","max-video-preview":"max-video-preview:-1"},"canonical":"https:\/\/inter-faces.eu\/index.php\/mobilier-professionnel\/bureaux-de-direction\/","og_locale":"fr_FR","og_type":"article","og_title":"Bureaux de direction - Inter-Faces","og_description":"Bureaux de direction Inter-Faces Pro offre un large choix de bureaux de direction, bureaux en angle, bureaux droits pour tous les go\u00fbts, de toutes les mati\u00e8res, pour tous les dirigeants. Nos bureaux pr\u00e9sentent des astuces de rangement, des accessoires informatiques ou de connectique \u2026 L\u2019\u00e9l\u00e9gance d\u2019un design contemporain ou traditionnel alli\u00e9e \u00e0 l\u2019efficacit\u00e9 et au [&hellip;]","og_url":"https:\/\/inter-faces.eu\/index.php\/mobilier-professionnel\/bureaux-de-direction\/","og_site_name":"Inter-Faces","article_publisher":"https:\/\/www.facebook.com\/interfacestoulon","article_modified_time":"2025-06-02T14:18:53+00:00","og_image":[{"url":"https:\/\/inter-faces.eu\/wp-content\/uploads\/2025\/03\/Bralco-Bureau-de-direction-Jet.jpg"}],"twitter_card":"summary_large_image","twitter_misc":{"Dur\u00e9e de lecture estim\u00e9e":"6 minutes"},"schema":{"@context":"https:\/\/schema.org","@graph":[{"@type":"WebPage","@id":"https:\/\/inter-faces.eu\/index.php\/mobilier-professionnel\/bureaux-de-direction\/","url":"https:\/\/inter-faces.eu\/index.php\/mobilier-professionnel\/bureaux-de-direction\/","name":"Bureaux de direction - Inter-Faces","isPartOf":{"@id":"https:\/\/inter-faces.eu\/#website"},"primaryImageOfPage":{"@id":"https:\/\/inter-faces.eu\/index.php\/mobilier-professionnel\/bureaux-de-direction\/#primaryimage"},"image":{"@id":"https:\/\/inter-faces.eu\/index.php\/mobilier-professionnel\/bureaux-de-direction\/#primaryimage"},"thumbnailUrl":"https:\/\/inter-faces.eu\/wp-content\/uploads\/2025\/03\/Bralco-Bureau-de-direction-Jet.jpg","datePublished":"2024-03-19T13:30:48+00:00","dateModified":"2025-06-02T14:18:53+00:00","breadcrumb":{"@id":"https:\/\/inter-faces.eu\/index.php\/mobilier-professionnel\/bureaux-de-direction\/#breadcrumb"},"inLanguage":"fr-FR","potentialAction":[{"@type":"ReadAction","target":["https:\/\/inter-faces.eu\/index.php\/mobilier-professionnel\/bureaux-de-direction\/"]}]},{"@type":"ImageObject","inLanguage":"fr-FR","@id":"https:\/\/inter-faces.eu\/index.php\/mobilier-professionnel\/bureaux-de-direction\/#primaryimage","url":"https:\/\/inter-faces.eu\/wp-content\/uploads\/2025\/03\/Bralco-Bureau-de-direction-Jet.jpg","contentUrl":"https:\/\/inter-faces.eu\/wp-content\/uploads\/2025\/03\/Bralco-Bureau-de-direction-Jet.jpg","width":1923,"height":1132},{"@type":"BreadcrumbList","@id":"https:\/\/inter-faces.eu\/index.php\/mobilier-professionnel\/bureaux-de-direction\/#breadcrumb","itemListElement":[{"@type":"ListItem","position":1,"name":"Accueil","item":"https:\/\/inter-faces.eu\/"},{"@type":"ListItem","position":2,"name":"Mobilier professionnel","item":"https:\/\/inter-faces.eu\/index.php\/mobilier-professionnel\/"},{"@type":"ListItem","position":3,"name":"Bureaux de direction"}]},{"@type":"WebSite","@id":"https:\/\/inter-faces.eu\/#website","url":"https:\/\/inter-faces.eu\/","name":"Inter-Faces","description":"","publisher":{"@id":"https:\/\/inter-faces.eu\/#organization"},"potentialAction":[{"@type":"SearchAction","target":{"@type":"EntryPoint","urlTemplate":"https:\/\/inter-faces.eu\/?s={search_term_string}"},"query-input":"required name=search_term_string"}],"inLanguage":"fr-FR"},{"@type":"Organization","@id":"https:\/\/inter-faces.eu\/#organization","name":"Inter-Faces","url":"https:\/\/inter-faces.eu\/","logo":{"@type":"ImageObject","inLanguage":"fr-FR","@id":"https:\/\/inter-faces.eu\/#\/schema\/logo\/image\/","url":"https:\/\/inter-faces.eu\/wp-content\/uploads\/2024\/02\/logo.png","contentUrl":"https:\/\/inter-faces.eu\/wp-content\/uploads\/2024\/02\/logo.png","width":400,"height":155,"caption":"Inter-Faces"},"image":{"@id":"https:\/\/inter-faces.eu\/#\/schema\/logo\/image\/"},"sameAs":["https:\/\/www.facebook.com\/interfacestoulon","https:\/\/www.instagram.com\/inter_faces_mobilier","https:\/\/www.youtube.com\/user\/interfacesmc"]}]}},"_links":{"self":[{"href":"https:\/\/inter-faces.eu\/index.php\/wp-json\/wp\/v2\/pages\/14179"}],"collection":[{"href":"https:\/\/inter-faces.eu\/index.php\/wp-json\/wp\/v2\/pages"}],"about":[{"href":"https:\/\/inter-faces.eu\/index.php\/wp-json\/wp\/v2\/types\/page"}],"author":[{"embeddable":true,"href":"https:\/\/inter-faces.eu\/index.php\/wp-json\/wp\/v2\/users\/1"}],"replies":[{"embeddable":true,"href":"https:\/\/inter-faces.eu\/index.php\/wp-json\/wp\/v2\/comments?post=14179"}],"version-history":[{"count":13,"href":"https:\/\/inter-faces.eu\/index.php\/wp-json\/wp\/v2\/pages\/14179\/revisions"}],"predecessor-version":[{"id":18256,"href":"https:\/\/inter-faces.eu\/index.php\/wp-json\/wp\/v2\/pages\/14179\/revisions\/18256"}],"up":[{"embeddable":true,"href":"https:\/\/inter-faces.eu\/index.php\/wp-json\/wp\/v2\/pages\/10336"}],"wp:attachment":[{"href":"https:\/\/inter-faces.eu\/index.php\/wp-json\/wp\/v2\/media?parent=14179"}],"curies":[{"name":"wp","href":"https:\/\/api.w.org\/{rel}","templated":true}]}}