{"id":14172,"date":"2024-03-19T14:30:16","date_gmt":"2024-03-19T13:30:16","guid":{"rendered":"https:\/\/romainleny-dev.com\/?page_id=14172"},"modified":"2025-06-02T17:39:02","modified_gmt":"2025-06-02T15:39:02","slug":"espaces-de-restauration-et-espaces-detente","status":"publish","type":"page","link":"https:\/\/inter-faces.eu\/index.php\/mobilier-professionnel\/espaces-de-restauration-et-espaces-detente\/","title":{"rendered":"Espaces de restauration et espaces d\u00e9tente"},"content":{"rendered":"\t\t<div data-elementor-type=\"wp-page\" data-elementor-id=\"14172\" class=\"elementor elementor-14172\" data-elementor-post-type=\"page\">\n\t\t\t\t<div class=\"elementor-element elementor-element-649c2197 e-con-full e-flex e-con e-parent\" data-id=\"649c2197\" data-element_type=\"container\" data-core-v316-plus=\"true\">\n\t\t\t\t<div class=\"elementor-element elementor-element-3c1accde elementor-widget elementor-widget-hiroshi_core_section_title\" data-id=\"3c1accde\" data-element_type=\"widget\" data-widget_type=\"hiroshi_core_section_title.default\">\n\t\t\t\t<div class=\"elementor-widget-container\">\n\t\t\t<div class=\"qodef-shortcode qodef-m  qodef-section-title qodef-alignment--left \">\n\t\t<h1 class=\"qodef-m-title\" >\n\t\t\t\t\tEspaces de restauration et espaces d\u00e9tente\t\t\t<\/h1>\n\t\t<p class=\"qodef-m-text\" >Une pause entre deux rendez-vous ? un d\u00e9jeuner convivial entre coll\u00e8gues ? \nLa caf\u00e9t\u00e9ria devient un espace connect\u00e9 et polyvalent o\u00f9 vous pouvez choisir votre coin pr\u00e9f\u00e9r\u00e9 en fonction de ce que vous voulez faire. Tables et gu\u00e9ridons, chaises et tabourets de bar, cloisons, meubles de caf\u00e9t\u00e9ria\u2026 L&#039;\u00e9quipe Inter-Faces Pro a selectionn\u00e9 un large choix de mobilier de restauration  qu\u2019il s\u2019agisse d\u2019am\u00e9nager vos espaces pros, ou une belle salle de restaurant avec ou sans terrasse ! <\/p>\n<\/div>\n\t\t<\/div>\n\t\t\t\t<\/div>\n\t\t\t\t<\/div>\n\t\t\t\t<section class=\"elementor-section elementor-top-section elementor-element elementor-element-661fdc45 elementor-section-full_width qodef-elementor-content-grid elementor-section-height-default elementor-section-height-default qodef-elementor-column-no\" data-id=\"661fdc45\" data-element_type=\"section\">\n\t\t\t\t\t\t<div class=\"elementor-container elementor-column-gap-default\">\n\t\t\t\t\t<div class=\"elementor-column elementor-col-100 elementor-top-column elementor-element elementor-element-23f4da1f\" data-id=\"23f4da1f\" data-element_type=\"column\">\n\t\t\t<div class=\"elementor-widget-wrap elementor-element-populated\">\n\t\t\t\t\t\t<div class=\"elementor-element elementor-element-4c171564 elementor-widget elementor-widget-hiroshi_core_portfolio_list\" data-id=\"4c171564\" data-element_type=\"widget\" data-widget_type=\"hiroshi_core_portfolio_list.default\">\n\t\t\t\t<div class=\"elementor-widget-container\">\n\t\t\t<div class=\"qodef-shortcode qodef-m  qodef-portfolio-list qodef-item-layout--info-below  qodef-grid qodef-layout--columns  qodef-gutter--tiny qodef-col-num--3 qodef-item-layout--info-below qodef--no-bottom-space qodef-pagination--off qodef-responsive--predefined qodef-hover-animation--move-text\" data-options=\"{&quot;plugin&quot;:&quot;hiroshi_core&quot;,&quot;module&quot;:&quot;post-types\\\/portfolio\\\/shortcodes&quot;,&quot;shortcode&quot;:&quot;portfolio-list&quot;,&quot;post_type&quot;:&quot;portfolio-item&quot;,&quot;next_page&quot;:&quot;2&quot;,&quot;max_pages_num&quot;:1,&quot;behavior&quot;:&quot;columns&quot;,&quot;images_proportion&quot;:&quot;full&quot;,&quot;columns&quot;:&quot;3&quot;,&quot;columns_responsive&quot;:&quot;predefined&quot;,&quot;space&quot;:&quot;tiny&quot;,&quot;posts_per_page&quot;:&quot;200&quot;,&quot;orderby&quot;:&quot;date&quot;,&quot;order&quot;:&quot;DESC&quot;,&quot;additional_params&quot;:&quot;tax&quot;,&quot;tax&quot;:&quot;portfolio-tag&quot;,&quot;tax_slug&quot;:&quot;espaces-de-restauration-et-espaces-detente&quot;,&quot;layout&quot;:&quot;info-below&quot;,&quot;hover_animation_info-below&quot;:&quot;move-text&quot;,&quot;hover_animation_info-follow&quot;:&quot;follow&quot;,&quot;hover_animation_info-on-hover&quot;:&quot;fade-in&quot;,&quot;title_tag&quot;:&quot;h4&quot;,&quot;enable_category&quot;:&quot;yes&quot;,&quot;zigzag&quot;:&quot;no&quot;,&quot;custom_margin&quot;:&quot;no&quot;,&quot;enable_appear&quot;:&quot;no&quot;,&quot;pagination_type&quot;:&quot;no-pagination&quot;,&quot;info_below_content_margin&quot;:&quot;24px 0 30px 0px&quot;,&quot;object_class_name&quot;:&quot;HiroshiCore_Portfolio_List_Shortcode&quot;,&quot;taxonomy_filter&quot;:&quot;portfolio-tag&quot;,&quot;additional_query_args&quot;:{&quot;tax_query&quot;:[{&quot;taxonomy&quot;:&quot;portfolio-tag&quot;,&quot;field&quot;:&quot;slug&quot;,&quot;terms&quot;:&quot;espaces-de-restauration-et-espaces-detente&quot;}]},&quot;space_value&quot;:4}\">\n\t\t<div class=\"qodef-grid-inner clear\">\n\t\t<article class=\"qodef-e qodef-grid-item qodef-item--full  post-18784 portfolio-item type-portfolio-item status-publish has-post-thumbnail hentry portfolio-category-mobilier-professionnel portfolio-category-repas portfolio-tag-bouroullec portfolio-tag-espaces-de-restauration-et-espaces-detente portfolio-tag-hay portfolio-tag-mobilier-professionnel\">\n\t<div class=\"qodef-e-inner\" >\n\t\t<div class=\"qodef-e-image\">\n\t\t\t\t<div class=\"qodef-e-media-image\">\n\t\t<a itemprop=\"url\" href=\"https:\/\/inter-faces.eu\/index.php\/portfolio-item\/cord-quand-les-bouroullec-revisitent-la-collection-palissade-hay\/\" target=\"_self\">\n\t\t\t<img fetchpriority=\"high\" decoding=\"async\" width=\"1500\" height=\"844\" src=\"https:\/\/inter-faces.eu\/wp-content\/uploads\/2026\/01\/Inter-Faces-Toulon-et-Puget-sur-Argens-Mobilier-outdoor-Collection-Palissade-Cord-Hay-8.jpg\" class=\"attachment-full size-full wp-post-image\" alt=\"\" srcset=\"https:\/\/inter-faces.eu\/wp-content\/uploads\/2026\/01\/Inter-Faces-Toulon-et-Puget-sur-Argens-Mobilier-outdoor-Collection-Palissade-Cord-Hay-8.jpg 1500w, https:\/\/inter-faces.eu\/wp-content\/uploads\/2026\/01\/Inter-Faces-Toulon-et-Puget-sur-Argens-Mobilier-outdoor-Collection-Palissade-Cord-Hay-8-300x169.jpg 300w, https:\/\/inter-faces.eu\/wp-content\/uploads\/2026\/01\/Inter-Faces-Toulon-et-Puget-sur-Argens-Mobilier-outdoor-Collection-Palissade-Cord-Hay-8-1024x576.jpg 1024w, https:\/\/inter-faces.eu\/wp-content\/uploads\/2026\/01\/Inter-Faces-Toulon-et-Puget-sur-Argens-Mobilier-outdoor-Collection-Palissade-Cord-Hay-8-768x432.jpg 768w, https:\/\/inter-faces.eu\/wp-content\/uploads\/2026\/01\/Inter-Faces-Toulon-et-Puget-sur-Argens-Mobilier-outdoor-Collection-Palissade-Cord-Hay-8-600x338.jpg 600w\" sizes=\"(max-width: 1500px) 100vw, 1500px\" \/>\t\t<\/a>\n\t<\/div>\n\t\t\t\t\t<\/div>\n\t\t<div class=\"qodef-e-content\" style=\"margin:24px 0 30px 0px\">\n\t\t\t<div class=\"qodef-e-text\">\n\t\t\t\t<h4 itemprop=\"name\" class=\"qodef-e-title entry-title\" >\n\t<a itemprop=\"url\" class=\"qodef-e-title-link\" href=\"https:\/\/inter-faces.eu\/index.php\/portfolio-item\/cord-quand-les-bouroullec-revisitent-la-collection-palissade-hay\/\" target=\"_self\">\n\t\tCord, quand les Bouroullec revisitent la collection Palissade &#8211; Hay\t<\/a>\n<\/h4>\n\t\t\t<\/div>\n\t\t\t<div class=\"qodef-e-top-holder\">\n\t\t\t\t<div class=\"qodef-e-info\">\n\t\t\t\t\t\t<a href=\"https:\/\/inter-faces.eu\/index.php\/portfolio-category\/mobilier-professionnel\/\" rel=\"tag\">Mobilier professionnel<\/a><span class=\"qodef-info-separator-single\"><\/span><a href=\"https:\/\/inter-faces.eu\/index.php\/portfolio-category\/repas\/\" rel=\"tag\">Repas<\/a>\t<div class=\"qodef-info-separator-end\"><\/div>\n\t\t\t\t<\/div>\n\t\t\t<\/div>\n\t\t<\/div>\n\t<\/div>\n<\/article>\n<article class=\"qodef-e qodef-grid-item qodef-item--full  post-18766 portfolio-item type-portfolio-item status-publish has-post-thumbnail hentry portfolio-category-mobilier-professionnel portfolio-tag-attente portfolio-tag-bouroullec portfolio-tag-espaces-de-restauration-et-espaces-detente portfolio-tag-mobilier-professionnel portfolio-tag-vitra\">\n\t<div class=\"qodef-e-inner\" >\n\t\t<div class=\"qodef-e-image\">\n\t\t\t\t<div class=\"qodef-e-media-image\">\n\t\t<a itemprop=\"url\" href=\"https:\/\/inter-faces.eu\/index.php\/portfolio-item\/collection-abalon-sofa-table-bouroullec-vitra\/\" target=\"_self\">\n\t\t\t<img decoding=\"async\" width=\"1603\" height=\"1078\" src=\"https:\/\/inter-faces.eu\/wp-content\/uploads\/2026\/01\/Inter-Faces-Pro-Mobilier-Professionnel-Toulon-et-Puget-sur-Argens-Vitra-Abalon-Sofa-Salle-dattente-Accueil-2-e1769527843294.jpg\" class=\"attachment-full size-full wp-post-image\" alt=\"\" srcset=\"https:\/\/inter-faces.eu\/wp-content\/uploads\/2026\/01\/Inter-Faces-Pro-Mobilier-Professionnel-Toulon-et-Puget-sur-Argens-Vitra-Abalon-Sofa-Salle-dattente-Accueil-2-e1769527843294.jpg 1603w, https:\/\/inter-faces.eu\/wp-content\/uploads\/2026\/01\/Inter-Faces-Pro-Mobilier-Professionnel-Toulon-et-Puget-sur-Argens-Vitra-Abalon-Sofa-Salle-dattente-Accueil-2-e1769527843294-300x202.jpg 300w, https:\/\/inter-faces.eu\/wp-content\/uploads\/2026\/01\/Inter-Faces-Pro-Mobilier-Professionnel-Toulon-et-Puget-sur-Argens-Vitra-Abalon-Sofa-Salle-dattente-Accueil-2-e1769527843294-1024x689.jpg 1024w, https:\/\/inter-faces.eu\/wp-content\/uploads\/2026\/01\/Inter-Faces-Pro-Mobilier-Professionnel-Toulon-et-Puget-sur-Argens-Vitra-Abalon-Sofa-Salle-dattente-Accueil-2-e1769527843294-768x516.jpg 768w, https:\/\/inter-faces.eu\/wp-content\/uploads\/2026\/01\/Inter-Faces-Pro-Mobilier-Professionnel-Toulon-et-Puget-sur-Argens-Vitra-Abalon-Sofa-Salle-dattente-Accueil-2-e1769527843294-1536x1033.jpg 1536w, https:\/\/inter-faces.eu\/wp-content\/uploads\/2026\/01\/Inter-Faces-Pro-Mobilier-Professionnel-Toulon-et-Puget-sur-Argens-Vitra-Abalon-Sofa-Salle-dattente-Accueil-2-e1769527843294-600x403.jpg 600w\" sizes=\"(max-width: 1603px) 100vw, 1603px\" \/>\t\t<\/a>\n\t<\/div>\n\t\t\t\t\t<\/div>\n\t\t<div class=\"qodef-e-content\" style=\"margin:24px 0 30px 0px\">\n\t\t\t<div class=\"qodef-e-text\">\n\t\t\t\t<h4 itemprop=\"name\" class=\"qodef-e-title entry-title\" >\n\t<a itemprop=\"url\" class=\"qodef-e-title-link\" href=\"https:\/\/inter-faces.eu\/index.php\/portfolio-item\/collection-abalon-sofa-table-bouroullec-vitra\/\" target=\"_self\">\n\t\tCollection Abalon Sofa &#038; Table &#8211; Bouroullec &#8211; Vitra\t<\/a>\n<\/h4>\n\t\t\t<\/div>\n\t\t\t<div class=\"qodef-e-top-holder\">\n\t\t\t\t<div class=\"qodef-e-info\">\n\t\t\t\t\t\t<a href=\"https:\/\/inter-faces.eu\/index.php\/portfolio-category\/mobilier-professionnel\/\" rel=\"tag\">Mobilier professionnel<\/a>\t<div class=\"qodef-info-separator-end\"><\/div>\n\t\t\t\t<\/div>\n\t\t\t<\/div>\n\t\t<\/div>\n\t<\/div>\n<\/article>\n<article class=\"qodef-e qodef-grid-item qodef-item--full  post-18612 portfolio-item type-portfolio-item status-publish has-post-thumbnail hentry portfolio-category-mobilier-professionnel portfolio-tag-attente portfolio-tag-espaces-de-restauration-et-espaces-detente portfolio-tag-mobilier-professionnel\">\n\t<div class=\"qodef-e-inner\" >\n\t\t<div class=\"qodef-e-image\">\n\t\t\t\t<div class=\"qodef-e-media-image\">\n\t\t<a itemprop=\"url\" href=\"https:\/\/inter-faces.eu\/index.php\/portfolio-item\/adp-adults-dont-play-le-banc-table-hybride-halle\/\" target=\"_self\">\n\t\t\t<img decoding=\"async\" width=\"1800\" height=\"2400\" src=\"https:\/\/inter-faces.eu\/wp-content\/uploads\/2025\/09\/Inter-Faces-Pro-Toulon-Mobilier-Professionnel-sieges-pour-collectivites-et-espaces-publics-ADP-Halle-1.jpg\" class=\"attachment-full size-full wp-post-image\" alt=\"\" srcset=\"https:\/\/inter-faces.eu\/wp-content\/uploads\/2025\/09\/Inter-Faces-Pro-Toulon-Mobilier-Professionnel-sieges-pour-collectivites-et-espaces-publics-ADP-Halle-1.jpg 1800w, https:\/\/inter-faces.eu\/wp-content\/uploads\/2025\/09\/Inter-Faces-Pro-Toulon-Mobilier-Professionnel-sieges-pour-collectivites-et-espaces-publics-ADP-Halle-1-225x300.jpg 225w, https:\/\/inter-faces.eu\/wp-content\/uploads\/2025\/09\/Inter-Faces-Pro-Toulon-Mobilier-Professionnel-sieges-pour-collectivites-et-espaces-publics-ADP-Halle-1-768x1024.jpg 768w, https:\/\/inter-faces.eu\/wp-content\/uploads\/2025\/09\/Inter-Faces-Pro-Toulon-Mobilier-Professionnel-sieges-pour-collectivites-et-espaces-publics-ADP-Halle-1-1152x1536.jpg 1152w, https:\/\/inter-faces.eu\/wp-content\/uploads\/2025\/09\/Inter-Faces-Pro-Toulon-Mobilier-Professionnel-sieges-pour-collectivites-et-espaces-publics-ADP-Halle-1-1536x2048.jpg 1536w, https:\/\/inter-faces.eu\/wp-content\/uploads\/2025\/09\/Inter-Faces-Pro-Toulon-Mobilier-Professionnel-sieges-pour-collectivites-et-espaces-publics-ADP-Halle-1-600x800.jpg 600w\" sizes=\"(max-width: 1800px) 100vw, 1800px\" \/>\t\t<\/a>\n\t<\/div>\n\t\t\t\t\t<\/div>\n\t\t<div class=\"qodef-e-content\" style=\"margin:24px 0 30px 0px\">\n\t\t\t<div class=\"qodef-e-text\">\n\t\t\t\t<h4 itemprop=\"name\" class=\"qodef-e-title entry-title\" >\n\t<a itemprop=\"url\" class=\"qodef-e-title-link\" href=\"https:\/\/inter-faces.eu\/index.php\/portfolio-item\/adp-adults-dont-play-le-banc-table-hybride-halle\/\" target=\"_self\">\n\t\tADP : Adults Don&rsquo;t Play, le \u00ab\u00a0banc-table\u00a0\u00bb hybride &#8211; +Halle\t<\/a>\n<\/h4>\n\t\t\t<\/div>\n\t\t\t<div class=\"qodef-e-top-holder\">\n\t\t\t\t<div class=\"qodef-e-info\">\n\t\t\t\t\t\t<a href=\"https:\/\/inter-faces.eu\/index.php\/portfolio-category\/mobilier-professionnel\/\" rel=\"tag\">Mobilier professionnel<\/a>\t<div class=\"qodef-info-separator-end\"><\/div>\n\t\t\t\t<\/div>\n\t\t\t<\/div>\n\t\t<\/div>\n\t<\/div>\n<\/article>\n<article class=\"qodef-e qodef-grid-item qodef-item--full  post-18221 portfolio-item type-portfolio-item status-publish has-post-thumbnail hentry portfolio-category-mobilier-professionnel portfolio-tag-espaces-de-restauration-et-espaces-detente portfolio-tag-mobilier-professionnel portfolio-tag-outdoor\">\n\t<div class=\"qodef-e-inner\" >\n\t\t<div class=\"qodef-e-image\">\n\t\t\t\t<div class=\"qodef-e-media-image\">\n\t\t<a itemprop=\"url\" href=\"https:\/\/inter-faces.eu\/index.php\/portfolio-item\/iconique-fauteuil-metteur-en-scene-estiu-azur-confort\/\" target=\"_self\">\n\t\t\t<img loading=\"lazy\" decoding=\"async\" width=\"720\" height=\"649\" src=\"https:\/\/inter-faces.eu\/wp-content\/uploads\/2025\/06\/Inter-Faces-Pro-Mobilier-professionnel-restauration-et-terrasses-2-e1748867807316.jpg\" class=\"attachment-full size-full wp-post-image\" alt=\"\" srcset=\"https:\/\/inter-faces.eu\/wp-content\/uploads\/2025\/06\/Inter-Faces-Pro-Mobilier-professionnel-restauration-et-terrasses-2-e1748867807316.jpg 720w, https:\/\/inter-faces.eu\/wp-content\/uploads\/2025\/06\/Inter-Faces-Pro-Mobilier-professionnel-restauration-et-terrasses-2-e1748867807316-300x270.jpg 300w, https:\/\/inter-faces.eu\/wp-content\/uploads\/2025\/06\/Inter-Faces-Pro-Mobilier-professionnel-restauration-et-terrasses-2-e1748867807316-600x541.jpg 600w\" sizes=\"(max-width: 720px) 100vw, 720px\" \/>\t\t<\/a>\n\t<\/div>\n\t\t\t\t\t<\/div>\n\t\t<div class=\"qodef-e-content\" style=\"margin:24px 0 30px 0px\">\n\t\t\t<div class=\"qodef-e-text\">\n\t\t\t\t<h4 itemprop=\"name\" class=\"qodef-e-title entry-title\" >\n\t<a itemprop=\"url\" class=\"qodef-e-title-link\" href=\"https:\/\/inter-faces.eu\/index.php\/portfolio-item\/iconique-fauteuil-metteur-en-scene-estiu-azur-confort\/\" target=\"_self\">\n\t\tIconique fauteuil metteur-en-sc\u00e8ne Estiu &#8211; Azur Confort\t<\/a>\n<\/h4>\n\t\t\t<\/div>\n\t\t\t<div class=\"qodef-e-top-holder\">\n\t\t\t\t<div class=\"qodef-e-info\">\n\t\t\t\t\t\t<a href=\"https:\/\/inter-faces.eu\/index.php\/portfolio-category\/mobilier-professionnel\/\" rel=\"tag\">Mobilier professionnel<\/a>\t<div class=\"qodef-info-separator-end\"><\/div>\n\t\t\t\t<\/div>\n\t\t\t<\/div>\n\t\t<\/div>\n\t<\/div>\n<\/article>\n<article class=\"qodef-e qodef-grid-item qodef-item--full  post-11336 portfolio-item type-portfolio-item status-publish has-post-thumbnail hentry portfolio-category-mobilier-professionnel portfolio-tag-charles-ray-eames portfolio-tag-espaces-de-restauration-et-espaces-detente portfolio-tag-icone portfolio-tag-mobilier-professionnel portfolio-tag-vitra\">\n\t<div class=\"qodef-e-inner\" >\n\t\t<div class=\"qodef-e-image\">\n\t\t\t\t<div class=\"qodef-e-media-image\">\n\t\t<a itemprop=\"url\" href=\"https:\/\/inter-faces.eu\/index.php\/portfolio-item\/fauteuils-et-tables-vitra\/\" target=\"_self\">\n\t\t\t<img loading=\"lazy\" decoding=\"async\" width=\"1200\" height=\"1200\" src=\"https:\/\/inter-faces.eu\/wp-content\/uploads\/2024\/12\/VITRA-Eames-plastic-chair-8.jpg\" class=\"attachment-full size-full wp-post-image\" alt=\"\" srcset=\"https:\/\/inter-faces.eu\/wp-content\/uploads\/2024\/12\/VITRA-Eames-plastic-chair-8.jpg 1200w, https:\/\/inter-faces.eu\/wp-content\/uploads\/2024\/12\/VITRA-Eames-plastic-chair-8-300x300.jpg 300w, https:\/\/inter-faces.eu\/wp-content\/uploads\/2024\/12\/VITRA-Eames-plastic-chair-8-1024x1024.jpg 1024w, https:\/\/inter-faces.eu\/wp-content\/uploads\/2024\/12\/VITRA-Eames-plastic-chair-8-150x150.jpg 150w, https:\/\/inter-faces.eu\/wp-content\/uploads\/2024\/12\/VITRA-Eames-plastic-chair-8-768x768.jpg 768w, https:\/\/inter-faces.eu\/wp-content\/uploads\/2024\/12\/VITRA-Eames-plastic-chair-8-650x650.jpg 650w, https:\/\/inter-faces.eu\/wp-content\/uploads\/2024\/12\/VITRA-Eames-plastic-chair-8-600x600.jpg 600w, https:\/\/inter-faces.eu\/wp-content\/uploads\/2024\/12\/VITRA-Eames-plastic-chair-8-100x100.jpg 100w\" sizes=\"(max-width: 1200px) 100vw, 1200px\" \/>\t\t<\/a>\n\t<\/div>\n\t\t\t\t\t<\/div>\n\t\t<div class=\"qodef-e-content\" style=\"margin:24px 0 30px 0px\">\n\t\t\t<div class=\"qodef-e-text\">\n\t\t\t\t<h4 itemprop=\"name\" class=\"qodef-e-title entry-title\" >\n\t<a itemprop=\"url\" class=\"qodef-e-title-link\" href=\"https:\/\/inter-faces.eu\/index.php\/portfolio-item\/fauteuils-et-tables-vitra\/\" target=\"_self\">\n\t\tLa famille Eames Plastic Chair RE &#8211; Vitra\t<\/a>\n<\/h4>\n\t\t\t<\/div>\n\t\t\t<div class=\"qodef-e-top-holder\">\n\t\t\t\t<div class=\"qodef-e-info\">\n\t\t\t\t\t\t<a href=\"https:\/\/inter-faces.eu\/index.php\/portfolio-category\/mobilier-professionnel\/\" rel=\"tag\">Mobilier professionnel<\/a>\t<div class=\"qodef-info-separator-end\"><\/div>\n\t\t\t\t<\/div>\n\t\t\t<\/div>\n\t\t<\/div>\n\t<\/div>\n<\/article>\n<article class=\"qodef-e qodef-grid-item qodef-item--full  post-17504 portfolio-item type-portfolio-item status-publish has-post-thumbnail hentry portfolio-category-chaises portfolio-category-mobilier-professionnel portfolio-category-repas portfolio-tag-espaces-de-restauration-et-espaces-detente portfolio-tag-kartell portfolio-tag-mobilier-professionnel\">\n\t<div class=\"qodef-e-inner\" >\n\t\t<div class=\"qodef-e-image\">\n\t\t\t\t<div class=\"qodef-e-media-image\">\n\t\t<a itemprop=\"url\" href=\"https:\/\/inter-faces.eu\/index.php\/portfolio-item\/generic-a-de-philippe-starck-pour-kartell-2\/\" target=\"_self\">\n\t\t\t<img loading=\"lazy\" decoding=\"async\" width=\"1422\" height=\"953\" src=\"https:\/\/inter-faces.eu\/wp-content\/uploads\/2024\/05\/kartell_GENERIC-A_2.jpg\" class=\"attachment-full size-full wp-post-image\" alt=\"\" srcset=\"https:\/\/inter-faces.eu\/wp-content\/uploads\/2024\/05\/kartell_GENERIC-A_2.jpg 1422w, https:\/\/inter-faces.eu\/wp-content\/uploads\/2024\/05\/kartell_GENERIC-A_2-300x201.jpg 300w, https:\/\/inter-faces.eu\/wp-content\/uploads\/2024\/05\/kartell_GENERIC-A_2-1024x686.jpg 1024w, https:\/\/inter-faces.eu\/wp-content\/uploads\/2024\/05\/kartell_GENERIC-A_2-768x515.jpg 768w, https:\/\/inter-faces.eu\/wp-content\/uploads\/2024\/05\/kartell_GENERIC-A_2-600x402.jpg 600w\" sizes=\"(max-width: 1422px) 100vw, 1422px\" \/>\t\t<\/a>\n\t<\/div>\n\t\t\t\t\t<\/div>\n\t\t<div class=\"qodef-e-content\" style=\"margin:24px 0 30px 0px\">\n\t\t\t<div class=\"qodef-e-text\">\n\t\t\t\t<h4 itemprop=\"name\" class=\"qodef-e-title entry-title\" >\n\t<a itemprop=\"url\" class=\"qodef-e-title-link\" href=\"https:\/\/inter-faces.eu\/index.php\/portfolio-item\/generic-a-de-philippe-starck-pour-kartell-2\/\" target=\"_self\">\n\t\tGeneric A de Philippe Starck pour Kartell\t<\/a>\n<\/h4>\n\t\t\t<\/div>\n\t\t\t<div class=\"qodef-e-top-holder\">\n\t\t\t\t<div class=\"qodef-e-info\">\n\t\t\t\t\t\t<a href=\"https:\/\/inter-faces.eu\/index.php\/portfolio-category\/chaises\/\" rel=\"tag\">Chaises<\/a><span class=\"qodef-info-separator-single\"><\/span><a href=\"https:\/\/inter-faces.eu\/index.php\/portfolio-category\/mobilier-professionnel\/\" rel=\"tag\">Mobilier professionnel<\/a><span class=\"qodef-info-separator-single\"><\/span><a href=\"https:\/\/inter-faces.eu\/index.php\/portfolio-category\/repas\/\" rel=\"tag\">Repas<\/a>\t<div class=\"qodef-info-separator-end\"><\/div>\n\t\t\t\t<\/div>\n\t\t\t<\/div>\n\t\t<\/div>\n\t<\/div>\n<\/article>\n<article class=\"qodef-e qodef-grid-item qodef-item--full  post-11325 portfolio-item type-portfolio-item status-publish has-post-thumbnail hentry portfolio-category-mobilier-professionnel portfolio-tag-espaces-de-restauration-et-espaces-detente portfolio-tag-mobilier-professionnel portfolio-tag-vitra\">\n\t<div class=\"qodef-e-inner\" >\n\t\t<div class=\"qodef-e-image\">\n\t\t\t\t<div class=\"qodef-e-media-image\">\n\t\t<a itemprop=\"url\" href=\"https:\/\/inter-faces.eu\/index.php\/portfolio-item\/chaises-tin-ton\/\" target=\"_self\">\n\t\t\t<img loading=\"lazy\" decoding=\"async\" width=\"800\" height=\"800\" src=\"https:\/\/inter-faces.eu\/wp-content\/uploads\/2024\/02\/258-1.jpg\" class=\"attachment-full size-full wp-post-image\" alt=\"\" srcset=\"https:\/\/inter-faces.eu\/wp-content\/uploads\/2024\/02\/258-1.jpg 800w, https:\/\/inter-faces.eu\/wp-content\/uploads\/2024\/02\/258-1-300x300.jpg 300w, https:\/\/inter-faces.eu\/wp-content\/uploads\/2024\/02\/258-1-150x150.jpg 150w, https:\/\/inter-faces.eu\/wp-content\/uploads\/2024\/02\/258-1-768x768.jpg 768w, https:\/\/inter-faces.eu\/wp-content\/uploads\/2024\/02\/258-1-650x650.jpg 650w, https:\/\/inter-faces.eu\/wp-content\/uploads\/2024\/02\/258-1-600x600.jpg 600w, https:\/\/inter-faces.eu\/wp-content\/uploads\/2024\/02\/258-1-100x100.jpg 100w\" sizes=\"(max-width: 800px) 100vw, 800px\" \/>\t\t<\/a>\n\t<\/div>\n\t\t\t\t\t<\/div>\n\t\t<div class=\"qodef-e-content\" style=\"margin:24px 0 30px 0px\">\n\t\t\t<div class=\"qodef-e-text\">\n\t\t\t\t<h4 itemprop=\"name\" class=\"qodef-e-title entry-title\" >\n\t<a itemprop=\"url\" class=\"qodef-e-title-link\" href=\"https:\/\/inter-faces.eu\/index.php\/portfolio-item\/chaises-tin-ton\/\" target=\"_self\">\n\t\tChaises Tip Ton, belles et bonnes pour la sant\u00e9 &#8211; Vitra\t<\/a>\n<\/h4>\n\t\t\t<\/div>\n\t\t\t<div class=\"qodef-e-top-holder\">\n\t\t\t\t<div class=\"qodef-e-info\">\n\t\t\t\t\t\t<a href=\"https:\/\/inter-faces.eu\/index.php\/portfolio-category\/mobilier-professionnel\/\" rel=\"tag\">Mobilier professionnel<\/a>\t<div class=\"qodef-info-separator-end\"><\/div>\n\t\t\t\t<\/div>\n\t\t\t<\/div>\n\t\t<\/div>\n\t<\/div>\n<\/article>\n<article class=\"qodef-e qodef-grid-item qodef-item--full  post-15434 portfolio-item type-portfolio-item status-publish has-post-thumbnail hentry portfolio-category-realisations portfolio-tag-espaces-de-restauration-et-espaces-detente portfolio-tag-les-gambettes\">\n\t<div class=\"qodef-e-inner\" >\n\t\t<div class=\"qodef-e-image\">\n\t\t\t\t<div class=\"qodef-e-media-image\">\n\t\t<a itemprop=\"url\" href=\"https:\/\/inter-faces.eu\/index.php\/portfolio-item\/un-nouveau-restaurant-equipe-par-inter-faces-a-toulon\/\" target=\"_self\">\n\t\t\t<img loading=\"lazy\" decoding=\"async\" width=\"2300\" height=\"1533\" src=\"https:\/\/inter-faces.eu\/wp-content\/uploads\/2024\/06\/DSC9995.jpg\" class=\"attachment-full size-full wp-post-image\" alt=\"\" srcset=\"https:\/\/inter-faces.eu\/wp-content\/uploads\/2024\/06\/DSC9995.jpg 2300w, https:\/\/inter-faces.eu\/wp-content\/uploads\/2024\/06\/DSC9995-300x200.jpg 300w, https:\/\/inter-faces.eu\/wp-content\/uploads\/2024\/06\/DSC9995-1024x683.jpg 1024w, https:\/\/inter-faces.eu\/wp-content\/uploads\/2024\/06\/DSC9995-768x512.jpg 768w, https:\/\/inter-faces.eu\/wp-content\/uploads\/2024\/06\/DSC9995-1536x1024.jpg 1536w, https:\/\/inter-faces.eu\/wp-content\/uploads\/2024\/06\/DSC9995-2048x1365.jpg 2048w, https:\/\/inter-faces.eu\/wp-content\/uploads\/2024\/06\/DSC9995-600x400.jpg 600w\" sizes=\"(max-width: 2300px) 100vw, 2300px\" \/>\t\t<\/a>\n\t<\/div>\n\t\t\t\t\t<\/div>\n\t\t<div class=\"qodef-e-content\" style=\"margin:24px 0 30px 0px\">\n\t\t\t<div class=\"qodef-e-text\">\n\t\t\t\t<h4 itemprop=\"name\" class=\"qodef-e-title entry-title\" >\n\t<a itemprop=\"url\" class=\"qodef-e-title-link\" href=\"https:\/\/inter-faces.eu\/index.php\/portfolio-item\/un-nouveau-restaurant-equipe-par-inter-faces-a-toulon\/\" target=\"_self\">\n\t\tToulon, un nouveau restaurant \u00e9quip\u00e9 par Inter-Faces\t<\/a>\n<\/h4>\n\t\t\t<\/div>\n\t\t\t<div class=\"qodef-e-top-holder\">\n\t\t\t\t<div class=\"qodef-e-info\">\n\t\t\t\t\t\t<a href=\"https:\/\/inter-faces.eu\/index.php\/portfolio-category\/realisations\/\" rel=\"tag\">R\u00e9alisations<\/a>\t<div class=\"qodef-info-separator-end\"><\/div>\n\t\t\t\t<\/div>\n\t\t\t<\/div>\n\t\t<\/div>\n\t<\/div>\n<\/article>\n<article class=\"qodef-e qodef-grid-item qodef-item--full  post-11318 portfolio-item type-portfolio-item status-publish has-post-thumbnail hentry portfolio-category-mobilier-professionnel portfolio-tag-espaces-de-restauration-et-espaces-detente portfolio-tag-mobilier-professionnel\">\n\t<div class=\"qodef-e-inner\" >\n\t\t<div class=\"qodef-e-image\">\n\t\t\t\t<div class=\"qodef-e-media-image\">\n\t\t<a itemprop=\"url\" href=\"https:\/\/inter-faces.eu\/index.php\/portfolio-item\/tables-gargantua\/\" target=\"_self\">\n\t\t\t<img loading=\"lazy\" decoding=\"async\" width=\"800\" height=\"800\" src=\"https:\/\/inter-faces.eu\/wp-content\/uploads\/2024\/02\/250-1.jpg\" class=\"attachment-full size-full wp-post-image\" alt=\"\" srcset=\"https:\/\/inter-faces.eu\/wp-content\/uploads\/2024\/02\/250-1.jpg 800w, https:\/\/inter-faces.eu\/wp-content\/uploads\/2024\/02\/250-1-300x300.jpg 300w, https:\/\/inter-faces.eu\/wp-content\/uploads\/2024\/02\/250-1-150x150.jpg 150w, https:\/\/inter-faces.eu\/wp-content\/uploads\/2024\/02\/250-1-768x768.jpg 768w, https:\/\/inter-faces.eu\/wp-content\/uploads\/2024\/02\/250-1-650x650.jpg 650w, https:\/\/inter-faces.eu\/wp-content\/uploads\/2024\/02\/250-1-600x600.jpg 600w, https:\/\/inter-faces.eu\/wp-content\/uploads\/2024\/02\/250-1-100x100.jpg 100w\" sizes=\"(max-width: 800px) 100vw, 800px\" \/>\t\t<\/a>\n\t<\/div>\n\t\t\t\t\t<\/div>\n\t\t<div class=\"qodef-e-content\" style=\"margin:24px 0 30px 0px\">\n\t\t\t<div class=\"qodef-e-text\">\n\t\t\t\t<h4 itemprop=\"name\" class=\"qodef-e-title entry-title\" >\n\t<a itemprop=\"url\" class=\"qodef-e-title-link\" href=\"https:\/\/inter-faces.eu\/index.php\/portfolio-item\/tables-gargantua\/\" target=\"_self\">\n\t\tTable Gargantua, adaptable de 8 \u00e0 12 personnes &#8211; Extremis\t<\/a>\n<\/h4>\n\t\t\t<\/div>\n\t\t\t<div class=\"qodef-e-top-holder\">\n\t\t\t\t<div class=\"qodef-e-info\">\n\t\t\t\t\t\t<a href=\"https:\/\/inter-faces.eu\/index.php\/portfolio-category\/mobilier-professionnel\/\" rel=\"tag\">Mobilier professionnel<\/a>\t<div class=\"qodef-info-separator-end\"><\/div>\n\t\t\t\t<\/div>\n\t\t\t<\/div>\n\t\t<\/div>\n\t<\/div>\n<\/article>\n<article class=\"qodef-e qodef-grid-item qodef-item--full  post-11319 portfolio-item type-portfolio-item status-publish has-post-thumbnail hentry portfolio-category-chaises portfolio-category-mobilier-professionnel portfolio-tag-espaces-de-restauration-et-espaces-detente portfolio-tag-icone portfolio-tag-jean-prouve portfolio-tag-mobilier-professionnel portfolio-tag-vitra\">\n\t<div class=\"qodef-e-inner\" >\n\t\t<div class=\"qodef-e-image\">\n\t\t\t\t<div class=\"qodef-e-media-image\">\n\t\t<a itemprop=\"url\" href=\"https:\/\/inter-faces.eu\/index.php\/portfolio-item\/chaises-standard\/\" target=\"_self\">\n\t\t\t<img loading=\"lazy\" decoding=\"async\" width=\"1603\" height=\"1080\" src=\"https:\/\/inter-faces.eu\/wp-content\/uploads\/2024\/12\/VITRA-Chaise-Standard-Jean-Prouve--e1733311374666.jpg\" class=\"attachment-full size-full wp-post-image\" alt=\"\" srcset=\"https:\/\/inter-faces.eu\/wp-content\/uploads\/2024\/12\/VITRA-Chaise-Standard-Jean-Prouve--e1733311374666.jpg 1603w, https:\/\/inter-faces.eu\/wp-content\/uploads\/2024\/12\/VITRA-Chaise-Standard-Jean-Prouve--e1733311374666-300x202.jpg 300w, https:\/\/inter-faces.eu\/wp-content\/uploads\/2024\/12\/VITRA-Chaise-Standard-Jean-Prouve--e1733311374666-1024x690.jpg 1024w, https:\/\/inter-faces.eu\/wp-content\/uploads\/2024\/12\/VITRA-Chaise-Standard-Jean-Prouve--e1733311374666-768x517.jpg 768w, https:\/\/inter-faces.eu\/wp-content\/uploads\/2024\/12\/VITRA-Chaise-Standard-Jean-Prouve--e1733311374666-1536x1035.jpg 1536w, https:\/\/inter-faces.eu\/wp-content\/uploads\/2024\/12\/VITRA-Chaise-Standard-Jean-Prouve--e1733311374666-600x404.jpg 600w\" sizes=\"(max-width: 1603px) 100vw, 1603px\" \/>\t\t<\/a>\n\t<\/div>\n\t\t\t\t\t<\/div>\n\t\t<div class=\"qodef-e-content\" style=\"margin:24px 0 30px 0px\">\n\t\t\t<div class=\"qodef-e-text\">\n\t\t\t\t<h4 itemprop=\"name\" class=\"qodef-e-title entry-title\" >\n\t<a itemprop=\"url\" class=\"qodef-e-title-link\" href=\"https:\/\/inter-faces.eu\/index.php\/portfolio-item\/chaises-standard\/\" target=\"_self\">\n\t\tChaises Standard Jean Prouv\u00e9 &#8211; Vitra\t<\/a>\n<\/h4>\n\t\t\t<\/div>\n\t\t\t<div class=\"qodef-e-top-holder\">\n\t\t\t\t<div class=\"qodef-e-info\">\n\t\t\t\t\t\t<a href=\"https:\/\/inter-faces.eu\/index.php\/portfolio-category\/chaises\/\" rel=\"tag\">Chaises<\/a><span class=\"qodef-info-separator-single\"><\/span><a href=\"https:\/\/inter-faces.eu\/index.php\/portfolio-category\/mobilier-professionnel\/\" rel=\"tag\">Mobilier professionnel<\/a>\t<div class=\"qodef-info-separator-end\"><\/div>\n\t\t\t\t<\/div>\n\t\t\t<\/div>\n\t\t<\/div>\n\t<\/div>\n<\/article>\n<article class=\"qodef-e qodef-grid-item qodef-item--full  post-11320 portfolio-item type-portfolio-item status-publish has-post-thumbnail hentry portfolio-category-mobilier-professionnel portfolio-tag-espaces-de-restauration-et-espaces-detente portfolio-tag-lapalma portfolio-tag-mobilier-professionnel\">\n\t<div class=\"qodef-e-inner\" >\n\t\t<div class=\"qodef-e-image\">\n\t\t\t\t<div class=\"qodef-e-media-image\">\n\t\t<a itemprop=\"url\" href=\"https:\/\/inter-faces.eu\/index.php\/portfolio-item\/chaises-et-tabourets-miunn\/\" target=\"_self\">\n\t\t\t<img loading=\"lazy\" decoding=\"async\" width=\"800\" height=\"800\" src=\"https:\/\/inter-faces.eu\/wp-content\/uploads\/2024\/02\/252-1.jpg\" class=\"attachment-full size-full wp-post-image\" alt=\"\" srcset=\"https:\/\/inter-faces.eu\/wp-content\/uploads\/2024\/02\/252-1.jpg 800w, https:\/\/inter-faces.eu\/wp-content\/uploads\/2024\/02\/252-1-300x300.jpg 300w, https:\/\/inter-faces.eu\/wp-content\/uploads\/2024\/02\/252-1-150x150.jpg 150w, https:\/\/inter-faces.eu\/wp-content\/uploads\/2024\/02\/252-1-768x768.jpg 768w, https:\/\/inter-faces.eu\/wp-content\/uploads\/2024\/02\/252-1-650x650.jpg 650w, https:\/\/inter-faces.eu\/wp-content\/uploads\/2024\/02\/252-1-600x600.jpg 600w, https:\/\/inter-faces.eu\/wp-content\/uploads\/2024\/02\/252-1-100x100.jpg 100w\" sizes=\"(max-width: 800px) 100vw, 800px\" \/>\t\t<\/a>\n\t<\/div>\n\t\t\t\t\t<\/div>\n\t\t<div class=\"qodef-e-content\" style=\"margin:24px 0 30px 0px\">\n\t\t\t<div class=\"qodef-e-text\">\n\t\t\t\t<h4 itemprop=\"name\" class=\"qodef-e-title entry-title\" >\n\t<a itemprop=\"url\" class=\"qodef-e-title-link\" href=\"https:\/\/inter-faces.eu\/index.php\/portfolio-item\/chaises-et-tabourets-miunn\/\" target=\"_self\">\n\t\tChaises et tabourets Miunn &#8211; Lapalma\t<\/a>\n<\/h4>\n\t\t\t<\/div>\n\t\t\t<div class=\"qodef-e-top-holder\">\n\t\t\t\t<div class=\"qodef-e-info\">\n\t\t\t\t\t\t<a href=\"https:\/\/inter-faces.eu\/index.php\/portfolio-category\/mobilier-professionnel\/\" rel=\"tag\">Mobilier professionnel<\/a>\t<div class=\"qodef-info-separator-end\"><\/div>\n\t\t\t\t<\/div>\n\t\t\t<\/div>\n\t\t<\/div>\n\t<\/div>\n<\/article>\n<article class=\"qodef-e qodef-grid-item qodef-item--full  post-11321 portfolio-item type-portfolio-item status-publish has-post-thumbnail hentry portfolio-category-mobilier-professionnel portfolio-tag-espaces-de-restauration-et-espaces-detente portfolio-tag-mobilier-professionnel\">\n\t<div class=\"qodef-e-inner\" >\n\t\t<div class=\"qodef-e-image\">\n\t\t\t\t<div class=\"qodef-e-media-image\">\n\t\t<a itemprop=\"url\" href=\"https:\/\/inter-faces.eu\/index.php\/portfolio-item\/chaises-et-tables-columbia\/\" target=\"_self\">\n\t\t\t<img loading=\"lazy\" decoding=\"async\" width=\"1829\" height=\"2099\" src=\"https:\/\/inter-faces.eu\/wp-content\/uploads\/2024\/12\/Columbia-tables-chaises--e1733320311672.jpg\" class=\"attachment-full size-full wp-post-image\" alt=\"\" srcset=\"https:\/\/inter-faces.eu\/wp-content\/uploads\/2024\/12\/Columbia-tables-chaises--e1733320311672.jpg 1829w, https:\/\/inter-faces.eu\/wp-content\/uploads\/2024\/12\/Columbia-tables-chaises--e1733320311672-261x300.jpg 261w, https:\/\/inter-faces.eu\/wp-content\/uploads\/2024\/12\/Columbia-tables-chaises--e1733320311672-892x1024.jpg 892w, https:\/\/inter-faces.eu\/wp-content\/uploads\/2024\/12\/Columbia-tables-chaises--e1733320311672-768x881.jpg 768w, https:\/\/inter-faces.eu\/wp-content\/uploads\/2024\/12\/Columbia-tables-chaises--e1733320311672-1338x1536.jpg 1338w, https:\/\/inter-faces.eu\/wp-content\/uploads\/2024\/12\/Columbia-tables-chaises--e1733320311672-1785x2048.jpg 1785w, https:\/\/inter-faces.eu\/wp-content\/uploads\/2024\/12\/Columbia-tables-chaises--e1733320311672-600x689.jpg 600w\" sizes=\"(max-width: 1829px) 100vw, 1829px\" \/>\t\t<\/a>\n\t<\/div>\n\t\t\t\t\t<\/div>\n\t\t<div class=\"qodef-e-content\" style=\"margin:24px 0 30px 0px\">\n\t\t\t<div class=\"qodef-e-text\">\n\t\t\t\t<h4 itemprop=\"name\" class=\"qodef-e-title entry-title\" >\n\t<a itemprop=\"url\" class=\"qodef-e-title-link\" href=\"https:\/\/inter-faces.eu\/index.php\/portfolio-item\/chaises-et-tables-columbia\/\" target=\"_self\">\n\t\tChaises et tables Columbia\t<\/a>\n<\/h4>\n\t\t\t<\/div>\n\t\t\t<div class=\"qodef-e-top-holder\">\n\t\t\t\t<div class=\"qodef-e-info\">\n\t\t\t\t\t\t<a href=\"https:\/\/inter-faces.eu\/index.php\/portfolio-category\/mobilier-professionnel\/\" rel=\"tag\">Mobilier professionnel<\/a>\t<div class=\"qodef-info-separator-end\"><\/div>\n\t\t\t\t<\/div>\n\t\t\t<\/div>\n\t\t<\/div>\n\t<\/div>\n<\/article>\n<article class=\"qodef-e qodef-grid-item qodef-item--full  post-11323 portfolio-item type-portfolio-item status-publish has-post-thumbnail hentry portfolio-category-mobilier-professionnel portfolio-tag-espaces-de-restauration-et-espaces-detente portfolio-tag-mobilier-professionnel portfolio-tag-stua\">\n\t<div class=\"qodef-e-inner\" >\n\t\t<div class=\"qodef-e-image\">\n\t\t\t\t<div class=\"qodef-e-media-image\">\n\t\t<a itemprop=\"url\" href=\"https:\/\/inter-faces.eu\/index.php\/portfolio-item\/tables-et-chaises-stua\/\" target=\"_self\">\n\t\t\t<img loading=\"lazy\" decoding=\"async\" width=\"985\" height=\"1000\" src=\"https:\/\/inter-faces.eu\/wp-content\/uploads\/2024\/12\/Stua-Chaise-Globus-1-e1733322561859.jpg\" class=\"attachment-full size-full wp-post-image\" alt=\"\" srcset=\"https:\/\/inter-faces.eu\/wp-content\/uploads\/2024\/12\/Stua-Chaise-Globus-1-e1733322561859.jpg 985w, https:\/\/inter-faces.eu\/wp-content\/uploads\/2024\/12\/Stua-Chaise-Globus-1-e1733322561859-296x300.jpg 296w, https:\/\/inter-faces.eu\/wp-content\/uploads\/2024\/12\/Stua-Chaise-Globus-1-e1733322561859-768x780.jpg 768w, https:\/\/inter-faces.eu\/wp-content\/uploads\/2024\/12\/Stua-Chaise-Globus-1-e1733322561859-600x609.jpg 600w\" sizes=\"(max-width: 985px) 100vw, 985px\" \/>\t\t<\/a>\n\t<\/div>\n\t\t\t\t\t<\/div>\n\t\t<div class=\"qodef-e-content\" style=\"margin:24px 0 30px 0px\">\n\t\t\t<div class=\"qodef-e-text\">\n\t\t\t\t<h4 itemprop=\"name\" class=\"qodef-e-title entry-title\" >\n\t<a itemprop=\"url\" class=\"qodef-e-title-link\" href=\"https:\/\/inter-faces.eu\/index.php\/portfolio-item\/tables-et-chaises-stua\/\" target=\"_self\">\n\t\tSlow Design d&rsquo;Espagne &#8211; Stua\t<\/a>\n<\/h4>\n\t\t\t<\/div>\n\t\t\t<div class=\"qodef-e-top-holder\">\n\t\t\t\t<div class=\"qodef-e-info\">\n\t\t\t\t\t\t<a href=\"https:\/\/inter-faces.eu\/index.php\/portfolio-category\/mobilier-professionnel\/\" rel=\"tag\">Mobilier professionnel<\/a>\t<div class=\"qodef-info-separator-end\"><\/div>\n\t\t\t\t<\/div>\n\t\t\t<\/div>\n\t\t<\/div>\n\t<\/div>\n<\/article>\n<article class=\"qodef-e qodef-grid-item qodef-item--full  post-11324 portfolio-item type-portfolio-item status-publish has-post-thumbnail hentry portfolio-category-mobilier-professionnel portfolio-tag-espaces-de-restauration-et-espaces-detente portfolio-tag-mobilier-professionnel\">\n\t<div class=\"qodef-e-inner\" >\n\t\t<div class=\"qodef-e-image\">\n\t\t\t\t<div class=\"qodef-e-media-image\">\n\t\t<a itemprop=\"url\" href=\"https:\/\/inter-faces.eu\/index.php\/portfolio-item\/tables-marina-picnic\/\" target=\"_self\">\n\t\t\t<img loading=\"lazy\" decoding=\"async\" width=\"800\" height=\"800\" src=\"https:\/\/inter-faces.eu\/wp-content\/uploads\/2024\/02\/257-3.jpg\" class=\"attachment-full size-full wp-post-image\" alt=\"\" srcset=\"https:\/\/inter-faces.eu\/wp-content\/uploads\/2024\/02\/257-3.jpg 800w, https:\/\/inter-faces.eu\/wp-content\/uploads\/2024\/02\/257-3-300x300.jpg 300w, https:\/\/inter-faces.eu\/wp-content\/uploads\/2024\/02\/257-3-150x150.jpg 150w, https:\/\/inter-faces.eu\/wp-content\/uploads\/2024\/02\/257-3-768x768.jpg 768w, https:\/\/inter-faces.eu\/wp-content\/uploads\/2024\/02\/257-3-650x650.jpg 650w, https:\/\/inter-faces.eu\/wp-content\/uploads\/2024\/02\/257-3-600x600.jpg 600w, https:\/\/inter-faces.eu\/wp-content\/uploads\/2024\/02\/257-3-100x100.jpg 100w\" sizes=\"(max-width: 800px) 100vw, 800px\" \/>\t\t<\/a>\n\t<\/div>\n\t\t\t\t\t<\/div>\n\t\t<div class=\"qodef-e-content\" style=\"margin:24px 0 30px 0px\">\n\t\t\t<div class=\"qodef-e-text\">\n\t\t\t\t<h4 itemprop=\"name\" class=\"qodef-e-title entry-title\" >\n\t<a itemprop=\"url\" class=\"qodef-e-title-link\" href=\"https:\/\/inter-faces.eu\/index.php\/portfolio-item\/tables-marina-picnic\/\" target=\"_self\">\n\t\tTables Marina &#8211; Extremis\t<\/a>\n<\/h4>\n\t\t\t<\/div>\n\t\t\t<div class=\"qodef-e-top-holder\">\n\t\t\t\t<div class=\"qodef-e-info\">\n\t\t\t\t\t\t<a href=\"https:\/\/inter-faces.eu\/index.php\/portfolio-category\/mobilier-professionnel\/\" rel=\"tag\">Mobilier professionnel<\/a>\t<div class=\"qodef-info-separator-end\"><\/div>\n\t\t\t\t<\/div>\n\t\t\t<\/div>\n\t\t<\/div>\n\t<\/div>\n<\/article>\n<article class=\"qodef-e qodef-grid-item qodef-item--full  post-11326 portfolio-item type-portfolio-item status-publish has-post-thumbnail hentry portfolio-category-mobilier-professionnel portfolio-tag-espaces-de-restauration-et-espaces-detente portfolio-tag-kartell portfolio-tag-mobilier-professionnel portfolio-tag-patricia-urquiola\">\n\t<div class=\"qodef-e-inner\" >\n\t\t<div class=\"qodef-e-image\">\n\t\t\t\t<div class=\"qodef-e-media-image\">\n\t\t<a itemprop=\"url\" href=\"https:\/\/inter-faces.eu\/index.php\/portfolio-item\/fauteuils-comback\/\" target=\"_self\">\n\t\t\t<img loading=\"lazy\" decoding=\"async\" width=\"800\" height=\"800\" src=\"https:\/\/inter-faces.eu\/wp-content\/uploads\/2024\/02\/259-1.jpg\" class=\"attachment-full size-full wp-post-image\" alt=\"\" srcset=\"https:\/\/inter-faces.eu\/wp-content\/uploads\/2024\/02\/259-1.jpg 800w, https:\/\/inter-faces.eu\/wp-content\/uploads\/2024\/02\/259-1-300x300.jpg 300w, https:\/\/inter-faces.eu\/wp-content\/uploads\/2024\/02\/259-1-150x150.jpg 150w, https:\/\/inter-faces.eu\/wp-content\/uploads\/2024\/02\/259-1-768x768.jpg 768w, https:\/\/inter-faces.eu\/wp-content\/uploads\/2024\/02\/259-1-650x650.jpg 650w, https:\/\/inter-faces.eu\/wp-content\/uploads\/2024\/02\/259-1-600x600.jpg 600w, https:\/\/inter-faces.eu\/wp-content\/uploads\/2024\/02\/259-1-100x100.jpg 100w\" sizes=\"(max-width: 800px) 100vw, 800px\" \/>\t\t<\/a>\n\t<\/div>\n\t\t\t\t\t<\/div>\n\t\t<div class=\"qodef-e-content\" style=\"margin:24px 0 30px 0px\">\n\t\t\t<div class=\"qodef-e-text\">\n\t\t\t\t<h4 itemprop=\"name\" class=\"qodef-e-title entry-title\" >\n\t<a itemprop=\"url\" class=\"qodef-e-title-link\" href=\"https:\/\/inter-faces.eu\/index.php\/portfolio-item\/fauteuils-comback\/\" target=\"_self\">\n\t\tFauteuils Comback &#8211; Kartell\t<\/a>\n<\/h4>\n\t\t\t<\/div>\n\t\t\t<div class=\"qodef-e-top-holder\">\n\t\t\t\t<div class=\"qodef-e-info\">\n\t\t\t\t\t\t<a href=\"https:\/\/inter-faces.eu\/index.php\/portfolio-category\/mobilier-professionnel\/\" rel=\"tag\">Mobilier professionnel<\/a>\t<div class=\"qodef-info-separator-end\"><\/div>\n\t\t\t\t<\/div>\n\t\t\t<\/div>\n\t\t<\/div>\n\t<\/div>\n<\/article>\n<article class=\"qodef-e qodef-grid-item qodef-item--full  post-11327 portfolio-item type-portfolio-item status-publish has-post-thumbnail hentry portfolio-category-mobilier-professionnel portfolio-tag-espaces-de-restauration-et-espaces-detente portfolio-tag-lapalma portfolio-tag-mobilier-professionnel\">\n\t<div class=\"qodef-e-inner\" >\n\t\t<div class=\"qodef-e-image\">\n\t\t\t\t<div class=\"qodef-e-media-image\">\n\t\t<a itemprop=\"url\" href=\"https:\/\/inter-faces.eu\/index.php\/portfolio-item\/tabourets-lem\/\" target=\"_self\">\n\t\t\t<img loading=\"lazy\" decoding=\"async\" width=\"787\" height=\"723\" src=\"https:\/\/inter-faces.eu\/wp-content\/uploads\/2024\/12\/LAPALMA-Tabouret-Lem-4-e1733484232192.webp\" class=\"attachment-full size-full wp-post-image\" alt=\"\" srcset=\"https:\/\/inter-faces.eu\/wp-content\/uploads\/2024\/12\/LAPALMA-Tabouret-Lem-4-e1733484232192.webp 787w, https:\/\/inter-faces.eu\/wp-content\/uploads\/2024\/12\/LAPALMA-Tabouret-Lem-4-e1733484232192-300x276.webp 300w, https:\/\/inter-faces.eu\/wp-content\/uploads\/2024\/12\/LAPALMA-Tabouret-Lem-4-e1733484232192-768x706.webp 768w, https:\/\/inter-faces.eu\/wp-content\/uploads\/2024\/12\/LAPALMA-Tabouret-Lem-4-e1733484232192-600x551.webp 600w\" sizes=\"(max-width: 787px) 100vw, 787px\" \/>\t\t<\/a>\n\t<\/div>\n\t\t\t\t\t<\/div>\n\t\t<div class=\"qodef-e-content\" style=\"margin:24px 0 30px 0px\">\n\t\t\t<div class=\"qodef-e-text\">\n\t\t\t\t<h4 itemprop=\"name\" class=\"qodef-e-title entry-title\" >\n\t<a itemprop=\"url\" class=\"qodef-e-title-link\" href=\"https:\/\/inter-faces.eu\/index.php\/portfolio-item\/tabourets-lem\/\" target=\"_self\">\n\t\tTabourets Lem &#8211; Lapalma\t<\/a>\n<\/h4>\n\t\t\t<\/div>\n\t\t\t<div class=\"qodef-e-top-holder\">\n\t\t\t\t<div class=\"qodef-e-info\">\n\t\t\t\t\t\t<a href=\"https:\/\/inter-faces.eu\/index.php\/portfolio-category\/mobilier-professionnel\/\" rel=\"tag\">Mobilier professionnel<\/a>\t<div class=\"qodef-info-separator-end\"><\/div>\n\t\t\t\t<\/div>\n\t\t\t<\/div>\n\t\t<\/div>\n\t<\/div>\n<\/article>\n<article class=\"qodef-e qodef-grid-item qodef-item--full  post-11328 portfolio-item type-portfolio-item status-publish has-post-thumbnail hentry portfolio-category-mobilier-professionnel portfolio-tag-espaces-de-restauration-et-espaces-detente\">\n\t<div class=\"qodef-e-inner\" >\n\t\t<div class=\"qodef-e-image\">\n\t\t\t\t<div class=\"qodef-e-media-image\">\n\t\t<a itemprop=\"url\" href=\"https:\/\/inter-faces.eu\/index.php\/portfolio-item\/tabourets-onda\/\" target=\"_self\">\n\t\t\t<img loading=\"lazy\" decoding=\"async\" width=\"1052\" height=\"740\" src=\"https:\/\/inter-faces.eu\/wp-content\/uploads\/2024\/12\/STUA-Tabouret-Onda-5-e1733485701406.jpg\" class=\"attachment-full size-full wp-post-image\" alt=\"\" srcset=\"https:\/\/inter-faces.eu\/wp-content\/uploads\/2024\/12\/STUA-Tabouret-Onda-5-e1733485701406.jpg 1052w, https:\/\/inter-faces.eu\/wp-content\/uploads\/2024\/12\/STUA-Tabouret-Onda-5-e1733485701406-300x211.jpg 300w, https:\/\/inter-faces.eu\/wp-content\/uploads\/2024\/12\/STUA-Tabouret-Onda-5-e1733485701406-1024x720.jpg 1024w, https:\/\/inter-faces.eu\/wp-content\/uploads\/2024\/12\/STUA-Tabouret-Onda-5-e1733485701406-768x540.jpg 768w, https:\/\/inter-faces.eu\/wp-content\/uploads\/2024\/12\/STUA-Tabouret-Onda-5-e1733485701406-600x422.jpg 600w\" sizes=\"(max-width: 1052px) 100vw, 1052px\" \/>\t\t<\/a>\n\t<\/div>\n\t\t\t\t\t<\/div>\n\t\t<div class=\"qodef-e-content\" style=\"margin:24px 0 30px 0px\">\n\t\t\t<div class=\"qodef-e-text\">\n\t\t\t\t<h4 itemprop=\"name\" class=\"qodef-e-title entry-title\" >\n\t<a itemprop=\"url\" class=\"qodef-e-title-link\" href=\"https:\/\/inter-faces.eu\/index.php\/portfolio-item\/tabourets-onda\/\" target=\"_self\">\n\t\tTabourets Onda &#8211; Stua\t<\/a>\n<\/h4>\n\t\t\t<\/div>\n\t\t\t<div class=\"qodef-e-top-holder\">\n\t\t\t\t<div class=\"qodef-e-info\">\n\t\t\t\t\t\t<a href=\"https:\/\/inter-faces.eu\/index.php\/portfolio-category\/mobilier-professionnel\/\" rel=\"tag\">Mobilier professionnel<\/a>\t<div class=\"qodef-info-separator-end\"><\/div>\n\t\t\t\t<\/div>\n\t\t\t<\/div>\n\t\t<\/div>\n\t<\/div>\n<\/article>\n<article class=\"qodef-e qodef-grid-item qodef-item--full  post-11329 portfolio-item type-portfolio-item status-publish has-post-thumbnail hentry portfolio-category-mobilier-professionnel portfolio-tag-espaces-de-restauration-et-espaces-detente portfolio-tag-lapalma portfolio-tag-mobilier-professionnel\">\n\t<div class=\"qodef-e-inner\" >\n\t\t<div class=\"qodef-e-image\">\n\t\t\t\t<div class=\"qodef-e-media-image\">\n\t\t<a itemprop=\"url\" href=\"https:\/\/inter-faces.eu\/index.php\/portfolio-item\/chaises-thin\/\" target=\"_self\">\n\t\t\t<img loading=\"lazy\" decoding=\"async\" width=\"800\" height=\"800\" src=\"https:\/\/inter-faces.eu\/wp-content\/uploads\/2024\/02\/262-1.jpg\" class=\"attachment-full size-full wp-post-image\" alt=\"\" srcset=\"https:\/\/inter-faces.eu\/wp-content\/uploads\/2024\/02\/262-1.jpg 800w, https:\/\/inter-faces.eu\/wp-content\/uploads\/2024\/02\/262-1-300x300.jpg 300w, https:\/\/inter-faces.eu\/wp-content\/uploads\/2024\/02\/262-1-150x150.jpg 150w, https:\/\/inter-faces.eu\/wp-content\/uploads\/2024\/02\/262-1-768x768.jpg 768w, https:\/\/inter-faces.eu\/wp-content\/uploads\/2024\/02\/262-1-650x650.jpg 650w, https:\/\/inter-faces.eu\/wp-content\/uploads\/2024\/02\/262-1-600x600.jpg 600w, https:\/\/inter-faces.eu\/wp-content\/uploads\/2024\/02\/262-1-100x100.jpg 100w\" sizes=\"(max-width: 800px) 100vw, 800px\" \/>\t\t<\/a>\n\t<\/div>\n\t\t\t\t\t<\/div>\n\t\t<div class=\"qodef-e-content\" style=\"margin:24px 0 30px 0px\">\n\t\t\t<div class=\"qodef-e-text\">\n\t\t\t\t<h4 itemprop=\"name\" class=\"qodef-e-title entry-title\" >\n\t<a itemprop=\"url\" class=\"qodef-e-title-link\" href=\"https:\/\/inter-faces.eu\/index.php\/portfolio-item\/chaises-thin\/\" target=\"_self\">\n\t\tChaises et tabourets Thin &#8211; Lapalma\t<\/a>\n<\/h4>\n\t\t\t<\/div>\n\t\t\t<div class=\"qodef-e-top-holder\">\n\t\t\t\t<div class=\"qodef-e-info\">\n\t\t\t\t\t\t<a href=\"https:\/\/inter-faces.eu\/index.php\/portfolio-category\/mobilier-professionnel\/\" rel=\"tag\">Mobilier professionnel<\/a>\t<div class=\"qodef-info-separator-end\"><\/div>\n\t\t\t\t<\/div>\n\t\t\t<\/div>\n\t\t<\/div>\n\t<\/div>\n<\/article>\n<article class=\"qodef-e qodef-grid-item qodef-item--full  post-11330 portfolio-item type-portfolio-item status-publish has-post-thumbnail hentry portfolio-category-mobilier-professionnel portfolio-tag-espaces-de-restauration-et-espaces-detente\">\n\t<div class=\"qodef-e-inner\" >\n\t\t<div class=\"qodef-e-image\">\n\t\t\t\t<div class=\"qodef-e-media-image\">\n\t\t<a itemprop=\"url\" href=\"https:\/\/inter-faces.eu\/index.php\/portfolio-item\/fauteuils-relde\/\" target=\"_self\">\n\t\t\t<img loading=\"lazy\" decoding=\"async\" width=\"800\" height=\"800\" src=\"https:\/\/inter-faces.eu\/wp-content\/uploads\/2024\/02\/263-1.jpg\" class=\"attachment-full size-full wp-post-image\" alt=\"\" srcset=\"https:\/\/inter-faces.eu\/wp-content\/uploads\/2024\/02\/263-1.jpg 800w, https:\/\/inter-faces.eu\/wp-content\/uploads\/2024\/02\/263-1-300x300.jpg 300w, https:\/\/inter-faces.eu\/wp-content\/uploads\/2024\/02\/263-1-150x150.jpg 150w, https:\/\/inter-faces.eu\/wp-content\/uploads\/2024\/02\/263-1-768x768.jpg 768w, https:\/\/inter-faces.eu\/wp-content\/uploads\/2024\/02\/263-1-650x650.jpg 650w, https:\/\/inter-faces.eu\/wp-content\/uploads\/2024\/02\/263-1-600x600.jpg 600w, https:\/\/inter-faces.eu\/wp-content\/uploads\/2024\/02\/263-1-100x100.jpg 100w\" sizes=\"(max-width: 800px) 100vw, 800px\" \/>\t\t<\/a>\n\t<\/div>\n\t\t\t\t\t<\/div>\n\t\t<div class=\"qodef-e-content\" style=\"margin:24px 0 30px 0px\">\n\t\t\t<div class=\"qodef-e-text\">\n\t\t\t\t<h4 itemprop=\"name\" class=\"qodef-e-title entry-title\" >\n\t<a itemprop=\"url\" class=\"qodef-e-title-link\" href=\"https:\/\/inter-faces.eu\/index.php\/portfolio-item\/fauteuils-relde\/\" target=\"_self\">\n\t\tFauteuils Relde\t<\/a>\n<\/h4>\n\t\t\t<\/div>\n\t\t\t<div class=\"qodef-e-top-holder\">\n\t\t\t\t<div class=\"qodef-e-info\">\n\t\t\t\t\t\t<a href=\"https:\/\/inter-faces.eu\/index.php\/portfolio-category\/mobilier-professionnel\/\" rel=\"tag\">Mobilier professionnel<\/a>\t<div class=\"qodef-info-separator-end\"><\/div>\n\t\t\t\t<\/div>\n\t\t\t<\/div>\n\t\t<\/div>\n\t<\/div>\n<\/article>\n<article class=\"qodef-e qodef-grid-item qodef-item--full  post-11334 portfolio-item type-portfolio-item status-publish has-post-thumbnail hentry portfolio-category-mobilier-professionnel portfolio-tag-attente portfolio-tag-espaces-de-restauration-et-espaces-detente portfolio-tag-mobilier-professionnel\">\n\t<div class=\"qodef-e-inner\" >\n\t\t<div class=\"qodef-e-image\">\n\t\t\t\t<div class=\"qodef-e-media-image\">\n\t\t<a itemprop=\"url\" href=\"https:\/\/inter-faces.eu\/index.php\/portfolio-item\/fauteuils-day-and-night\/\" target=\"_self\">\n\t\t\t<img loading=\"lazy\" decoding=\"async\" width=\"1400\" height=\"900\" src=\"https:\/\/inter-faces.eu\/wp-content\/uploads\/2024\/02\/DNPlus-Design-Sesta-03.jpg\" class=\"attachment-full size-full wp-post-image\" alt=\"\" srcset=\"https:\/\/inter-faces.eu\/wp-content\/uploads\/2024\/02\/DNPlus-Design-Sesta-03.jpg 1400w, https:\/\/inter-faces.eu\/wp-content\/uploads\/2024\/02\/DNPlus-Design-Sesta-03-300x193.jpg 300w, https:\/\/inter-faces.eu\/wp-content\/uploads\/2024\/02\/DNPlus-Design-Sesta-03-1024x658.jpg 1024w, https:\/\/inter-faces.eu\/wp-content\/uploads\/2024\/02\/DNPlus-Design-Sesta-03-768x494.jpg 768w, https:\/\/inter-faces.eu\/wp-content\/uploads\/2024\/02\/DNPlus-Design-Sesta-03-600x386.jpg 600w\" sizes=\"(max-width: 1400px) 100vw, 1400px\" \/>\t\t<\/a>\n\t<\/div>\n\t\t\t\t\t<\/div>\n\t\t<div class=\"qodef-e-content\" style=\"margin:24px 0 30px 0px\">\n\t\t\t<div class=\"qodef-e-text\">\n\t\t\t\t<h4 itemprop=\"name\" class=\"qodef-e-title entry-title\" >\n\t<a itemprop=\"url\" class=\"qodef-e-title-link\" href=\"https:\/\/inter-faces.eu\/index.php\/portfolio-item\/fauteuils-day-and-night\/\" target=\"_self\">\n\t\tFauteuils Day &#038; Night &#8211; Sesta\t<\/a>\n<\/h4>\n\t\t\t<\/div>\n\t\t\t<div class=\"qodef-e-top-holder\">\n\t\t\t\t<div class=\"qodef-e-info\">\n\t\t\t\t\t\t<a href=\"https:\/\/inter-faces.eu\/index.php\/portfolio-category\/mobilier-professionnel\/\" rel=\"tag\">Mobilier professionnel<\/a>\t<div class=\"qodef-info-separator-end\"><\/div>\n\t\t\t\t<\/div>\n\t\t\t<\/div>\n\t\t<\/div>\n\t<\/div>\n<\/article>\n<article class=\"qodef-e qodef-grid-item qodef-item--full  post-11337 portfolio-item type-portfolio-item status-publish has-post-thumbnail hentry portfolio-category-mobilier-professionnel portfolio-tag-espaces-de-restauration-et-espaces-detente portfolio-tag-mobilier-professionnel\">\n\t<div class=\"qodef-e-inner\" >\n\t\t<div class=\"qodef-e-image\">\n\t\t\t\t<div class=\"qodef-e-media-image\">\n\t\t<a itemprop=\"url\" href=\"https:\/\/inter-faces.eu\/index.php\/portfolio-item\/table-et-bancs-picnik\/\" target=\"_self\">\n\t\t\t<img loading=\"lazy\" decoding=\"async\" width=\"800\" height=\"800\" src=\"https:\/\/inter-faces.eu\/wp-content\/uploads\/2024\/02\/270-5.jpg\" class=\"attachment-full size-full wp-post-image\" alt=\"\" srcset=\"https:\/\/inter-faces.eu\/wp-content\/uploads\/2024\/02\/270-5.jpg 800w, https:\/\/inter-faces.eu\/wp-content\/uploads\/2024\/02\/270-5-300x300.jpg 300w, https:\/\/inter-faces.eu\/wp-content\/uploads\/2024\/02\/270-5-150x150.jpg 150w, https:\/\/inter-faces.eu\/wp-content\/uploads\/2024\/02\/270-5-768x768.jpg 768w, https:\/\/inter-faces.eu\/wp-content\/uploads\/2024\/02\/270-5-650x650.jpg 650w, https:\/\/inter-faces.eu\/wp-content\/uploads\/2024\/02\/270-5-600x600.jpg 600w, https:\/\/inter-faces.eu\/wp-content\/uploads\/2024\/02\/270-5-100x100.jpg 100w\" sizes=\"(max-width: 800px) 100vw, 800px\" \/>\t\t<\/a>\n\t<\/div>\n\t\t\t\t\t<\/div>\n\t\t<div class=\"qodef-e-content\" style=\"margin:24px 0 30px 0px\">\n\t\t\t<div class=\"qodef-e-text\">\n\t\t\t\t<h4 itemprop=\"name\" class=\"qodef-e-title entry-title\" >\n\t<a itemprop=\"url\" class=\"qodef-e-title-link\" href=\"https:\/\/inter-faces.eu\/index.php\/portfolio-item\/table-et-bancs-picnik\/\" target=\"_self\">\n\t\tTable et bancs Picnik, comme une \u0153uvre d&rsquo;art &#8211; Extremis\t<\/a>\n<\/h4>\n\t\t\t<\/div>\n\t\t\t<div class=\"qodef-e-top-holder\">\n\t\t\t\t<div class=\"qodef-e-info\">\n\t\t\t\t\t\t<a href=\"https:\/\/inter-faces.eu\/index.php\/portfolio-category\/mobilier-professionnel\/\" rel=\"tag\">Mobilier professionnel<\/a>\t<div class=\"qodef-info-separator-end\"><\/div>\n\t\t\t\t<\/div>\n\t\t\t<\/div>\n\t\t<\/div>\n\t<\/div>\n<\/article>\n\t<\/div>\n\t<\/div>\n\t\t<\/div>\n\t\t\t\t<\/div>\n\t\t\t\t\t<\/div>\n\t\t<\/div>\n\t\t\t\t\t<\/div>\n\t\t<\/section>\n\t\t\t\t<\/div>\n\t\t<button class=\"simplefavorite-button\" data-postid=\"11337\" data-siteid=\"1\" data-groupid=\"1\" data-favoritecount=\"0\" style=\"\">Ajouter \u00e0 ma liste d'envies <i class=\"fa-solid fa-heart\"><\/i><\/button>","protected":false},"excerpt":{"rendered":"<p>Espaces de restauration et espaces d\u00e9tente Une pause entre deux rendez-vous ? un d\u00e9jeuner convivial entre coll\u00e8gues ? La caf\u00e9t\u00e9ria devient un espace connect\u00e9 et polyvalent o\u00f9 vous pouvez choisir votre coin pr\u00e9f\u00e9r\u00e9 en fonction de ce que vous voulez faire. Tables et gu\u00e9ridons, chaises et tabourets de bar, cloisons, meubles de caf\u00e9t\u00e9ria\u2026 L&#039;\u00e9quipe Inter-Faces [&hellip;]<\/p>\n","protected":false},"author":1,"featured_media":0,"parent":10336,"menu_order":0,"comment_status":"closed","ping_status":"closed","template":"","meta":{"footnotes":""},"yoast_head":"<!-- This site is optimized with the Yoast SEO plugin v22.6 - https:\/\/yoast.com\/wordpress\/plugins\/seo\/ -->\n<title>Espaces de restauration et espaces d\u00e9tente - Inter-Faces<\/title>\n<meta name=\"robots\" content=\"index, follow, max-snippet:-1, max-image-preview:large, max-video-preview:-1\" \/>\n<link rel=\"canonical\" href=\"https:\/\/inter-faces.eu\/index.php\/mobilier-professionnel\/espaces-de-restauration-et-espaces-detente\/\" \/>\n<meta property=\"og:locale\" content=\"fr_FR\" \/>\n<meta property=\"og:type\" content=\"article\" \/>\n<meta property=\"og:title\" content=\"Espaces de restauration et espaces d\u00e9tente - Inter-Faces\" \/>\n<meta property=\"og:description\" content=\"Espaces de restauration et espaces d\u00e9tente Une pause entre deux rendez-vous ? un d\u00e9jeuner convivial entre coll\u00e8gues ? La caf\u00e9t\u00e9ria devient un espace connect\u00e9 et polyvalent o\u00f9 vous pouvez choisir votre coin pr\u00e9f\u00e9r\u00e9 en fonction de ce que vous voulez faire. Tables et gu\u00e9ridons, chaises et tabourets de bar, cloisons, meubles de caf\u00e9t\u00e9ria\u2026 L&#039;\u00e9quipe Inter-Faces [&hellip;]\" \/>\n<meta property=\"og:url\" content=\"https:\/\/inter-faces.eu\/index.php\/mobilier-professionnel\/espaces-de-restauration-et-espaces-detente\/\" \/>\n<meta property=\"og:site_name\" content=\"Inter-Faces\" \/>\n<meta property=\"article:publisher\" content=\"https:\/\/www.facebook.com\/interfacestoulon\" \/>\n<meta property=\"article:modified_time\" content=\"2025-06-02T15:39:02+00:00\" \/>\n<meta property=\"og:image\" content=\"https:\/\/inter-faces.eu\/wp-content\/uploads\/2025\/06\/Inter-Faces-Pro-Mobilier-professionnel-restauration-et-terrasses-2-e1748867807316.jpg\" \/>\n<meta name=\"twitter:card\" content=\"summary_large_image\" \/>\n<meta name=\"twitter:label1\" content=\"Dur\u00e9e de lecture estim\u00e9e\" \/>\n\t<meta name=\"twitter:data1\" content=\"5 minutes\" \/>\n<script type=\"application\/ld+json\" class=\"yoast-schema-graph\">{\"@context\":\"https:\/\/schema.org\",\"@graph\":[{\"@type\":\"WebPage\",\"@id\":\"https:\/\/inter-faces.eu\/index.php\/mobilier-professionnel\/espaces-de-restauration-et-espaces-detente\/\",\"url\":\"https:\/\/inter-faces.eu\/index.php\/mobilier-professionnel\/espaces-de-restauration-et-espaces-detente\/\",\"name\":\"Espaces de restauration et espaces d\u00e9tente - Inter-Faces\",\"isPartOf\":{\"@id\":\"https:\/\/inter-faces.eu\/#website\"},\"primaryImageOfPage\":{\"@id\":\"https:\/\/inter-faces.eu\/index.php\/mobilier-professionnel\/espaces-de-restauration-et-espaces-detente\/#primaryimage\"},\"image\":{\"@id\":\"https:\/\/inter-faces.eu\/index.php\/mobilier-professionnel\/espaces-de-restauration-et-espaces-detente\/#primaryimage\"},\"thumbnailUrl\":\"https:\/\/inter-faces.eu\/wp-content\/uploads\/2025\/06\/Inter-Faces-Pro-Mobilier-professionnel-restauration-et-terrasses-2-e1748867807316.jpg\",\"datePublished\":\"2024-03-19T13:30:16+00:00\",\"dateModified\":\"2025-06-02T15:39:02+00:00\",\"breadcrumb\":{\"@id\":\"https:\/\/inter-faces.eu\/index.php\/mobilier-professionnel\/espaces-de-restauration-et-espaces-detente\/#breadcrumb\"},\"inLanguage\":\"fr-FR\",\"potentialAction\":[{\"@type\":\"ReadAction\",\"target\":[\"https:\/\/inter-faces.eu\/index.php\/mobilier-professionnel\/espaces-de-restauration-et-espaces-detente\/\"]}]},{\"@type\":\"ImageObject\",\"inLanguage\":\"fr-FR\",\"@id\":\"https:\/\/inter-faces.eu\/index.php\/mobilier-professionnel\/espaces-de-restauration-et-espaces-detente\/#primaryimage\",\"url\":\"https:\/\/inter-faces.eu\/wp-content\/uploads\/2025\/06\/Inter-Faces-Pro-Mobilier-professionnel-restauration-et-terrasses-2-e1748867807316.jpg\",\"contentUrl\":\"https:\/\/inter-faces.eu\/wp-content\/uploads\/2025\/06\/Inter-Faces-Pro-Mobilier-professionnel-restauration-et-terrasses-2-e1748867807316.jpg\",\"width\":720,\"height\":649},{\"@type\":\"BreadcrumbList\",\"@id\":\"https:\/\/inter-faces.eu\/index.php\/mobilier-professionnel\/espaces-de-restauration-et-espaces-detente\/#breadcrumb\",\"itemListElement\":[{\"@type\":\"ListItem\",\"position\":1,\"name\":\"Accueil\",\"item\":\"https:\/\/inter-faces.eu\/\"},{\"@type\":\"ListItem\",\"position\":2,\"name\":\"Mobilier professionnel\",\"item\":\"https:\/\/inter-faces.eu\/index.php\/mobilier-professionnel\/\"},{\"@type\":\"ListItem\",\"position\":3,\"name\":\"Espaces de restauration et espaces d\u00e9tente\"}]},{\"@type\":\"WebSite\",\"@id\":\"https:\/\/inter-faces.eu\/#website\",\"url\":\"https:\/\/inter-faces.eu\/\",\"name\":\"Inter-Faces\",\"description\":\"\",\"publisher\":{\"@id\":\"https:\/\/inter-faces.eu\/#organization\"},\"potentialAction\":[{\"@type\":\"SearchAction\",\"target\":{\"@type\":\"EntryPoint\",\"urlTemplate\":\"https:\/\/inter-faces.eu\/?s={search_term_string}\"},\"query-input\":\"required name=search_term_string\"}],\"inLanguage\":\"fr-FR\"},{\"@type\":\"Organization\",\"@id\":\"https:\/\/inter-faces.eu\/#organization\",\"name\":\"Inter-Faces\",\"url\":\"https:\/\/inter-faces.eu\/\",\"logo\":{\"@type\":\"ImageObject\",\"inLanguage\":\"fr-FR\",\"@id\":\"https:\/\/inter-faces.eu\/#\/schema\/logo\/image\/\",\"url\":\"https:\/\/inter-faces.eu\/wp-content\/uploads\/2024\/02\/logo.png\",\"contentUrl\":\"https:\/\/inter-faces.eu\/wp-content\/uploads\/2024\/02\/logo.png\",\"width\":400,\"height\":155,\"caption\":\"Inter-Faces\"},\"image\":{\"@id\":\"https:\/\/inter-faces.eu\/#\/schema\/logo\/image\/\"},\"sameAs\":[\"https:\/\/www.facebook.com\/interfacestoulon\",\"https:\/\/www.instagram.com\/inter_faces_mobilier\",\"https:\/\/www.youtube.com\/user\/interfacesmc\"]}]}<\/script>\n<!-- \/ Yoast SEO plugin. -->","yoast_head_json":{"title":"Espaces de restauration et espaces d\u00e9tente - Inter-Faces","robots":{"index":"index","follow":"follow","max-snippet":"max-snippet:-1","max-image-preview":"max-image-preview:large","max-video-preview":"max-video-preview:-1"},"canonical":"https:\/\/inter-faces.eu\/index.php\/mobilier-professionnel\/espaces-de-restauration-et-espaces-detente\/","og_locale":"fr_FR","og_type":"article","og_title":"Espaces de restauration et espaces d\u00e9tente - Inter-Faces","og_description":"Espaces de restauration et espaces d\u00e9tente Une pause entre deux rendez-vous ? un d\u00e9jeuner convivial entre coll\u00e8gues ? La caf\u00e9t\u00e9ria devient un espace connect\u00e9 et polyvalent o\u00f9 vous pouvez choisir votre coin pr\u00e9f\u00e9r\u00e9 en fonction de ce que vous voulez faire. Tables et gu\u00e9ridons, chaises et tabourets de bar, cloisons, meubles de caf\u00e9t\u00e9ria\u2026 L&#039;\u00e9quipe Inter-Faces [&hellip;]","og_url":"https:\/\/inter-faces.eu\/index.php\/mobilier-professionnel\/espaces-de-restauration-et-espaces-detente\/","og_site_name":"Inter-Faces","article_publisher":"https:\/\/www.facebook.com\/interfacestoulon","article_modified_time":"2025-06-02T15:39:02+00:00","og_image":[{"url":"https:\/\/inter-faces.eu\/wp-content\/uploads\/2025\/06\/Inter-Faces-Pro-Mobilier-professionnel-restauration-et-terrasses-2-e1748867807316.jpg"}],"twitter_card":"summary_large_image","twitter_misc":{"Dur\u00e9e de lecture estim\u00e9e":"5 minutes"},"schema":{"@context":"https:\/\/schema.org","@graph":[{"@type":"WebPage","@id":"https:\/\/inter-faces.eu\/index.php\/mobilier-professionnel\/espaces-de-restauration-et-espaces-detente\/","url":"https:\/\/inter-faces.eu\/index.php\/mobilier-professionnel\/espaces-de-restauration-et-espaces-detente\/","name":"Espaces de restauration et espaces d\u00e9tente - Inter-Faces","isPartOf":{"@id":"https:\/\/inter-faces.eu\/#website"},"primaryImageOfPage":{"@id":"https:\/\/inter-faces.eu\/index.php\/mobilier-professionnel\/espaces-de-restauration-et-espaces-detente\/#primaryimage"},"image":{"@id":"https:\/\/inter-faces.eu\/index.php\/mobilier-professionnel\/espaces-de-restauration-et-espaces-detente\/#primaryimage"},"thumbnailUrl":"https:\/\/inter-faces.eu\/wp-content\/uploads\/2025\/06\/Inter-Faces-Pro-Mobilier-professionnel-restauration-et-terrasses-2-e1748867807316.jpg","datePublished":"2024-03-19T13:30:16+00:00","dateModified":"2025-06-02T15:39:02+00:00","breadcrumb":{"@id":"https:\/\/inter-faces.eu\/index.php\/mobilier-professionnel\/espaces-de-restauration-et-espaces-detente\/#breadcrumb"},"inLanguage":"fr-FR","potentialAction":[{"@type":"ReadAction","target":["https:\/\/inter-faces.eu\/index.php\/mobilier-professionnel\/espaces-de-restauration-et-espaces-detente\/"]}]},{"@type":"ImageObject","inLanguage":"fr-FR","@id":"https:\/\/inter-faces.eu\/index.php\/mobilier-professionnel\/espaces-de-restauration-et-espaces-detente\/#primaryimage","url":"https:\/\/inter-faces.eu\/wp-content\/uploads\/2025\/06\/Inter-Faces-Pro-Mobilier-professionnel-restauration-et-terrasses-2-e1748867807316.jpg","contentUrl":"https:\/\/inter-faces.eu\/wp-content\/uploads\/2025\/06\/Inter-Faces-Pro-Mobilier-professionnel-restauration-et-terrasses-2-e1748867807316.jpg","width":720,"height":649},{"@type":"BreadcrumbList","@id":"https:\/\/inter-faces.eu\/index.php\/mobilier-professionnel\/espaces-de-restauration-et-espaces-detente\/#breadcrumb","itemListElement":[{"@type":"ListItem","position":1,"name":"Accueil","item":"https:\/\/inter-faces.eu\/"},{"@type":"ListItem","position":2,"name":"Mobilier professionnel","item":"https:\/\/inter-faces.eu\/index.php\/mobilier-professionnel\/"},{"@type":"ListItem","position":3,"name":"Espaces de restauration et espaces d\u00e9tente"}]},{"@type":"WebSite","@id":"https:\/\/inter-faces.eu\/#website","url":"https:\/\/inter-faces.eu\/","name":"Inter-Faces","description":"","publisher":{"@id":"https:\/\/inter-faces.eu\/#organization"},"potentialAction":[{"@type":"SearchAction","target":{"@type":"EntryPoint","urlTemplate":"https:\/\/inter-faces.eu\/?s={search_term_string}"},"query-input":"required name=search_term_string"}],"inLanguage":"fr-FR"},{"@type":"Organization","@id":"https:\/\/inter-faces.eu\/#organization","name":"Inter-Faces","url":"https:\/\/inter-faces.eu\/","logo":{"@type":"ImageObject","inLanguage":"fr-FR","@id":"https:\/\/inter-faces.eu\/#\/schema\/logo\/image\/","url":"https:\/\/inter-faces.eu\/wp-content\/uploads\/2024\/02\/logo.png","contentUrl":"https:\/\/inter-faces.eu\/wp-content\/uploads\/2024\/02\/logo.png","width":400,"height":155,"caption":"Inter-Faces"},"image":{"@id":"https:\/\/inter-faces.eu\/#\/schema\/logo\/image\/"},"sameAs":["https:\/\/www.facebook.com\/interfacestoulon","https:\/\/www.instagram.com\/inter_faces_mobilier","https:\/\/www.youtube.com\/user\/interfacesmc"]}]}},"_links":{"self":[{"href":"https:\/\/inter-faces.eu\/index.php\/wp-json\/wp\/v2\/pages\/14172"}],"collection":[{"href":"https:\/\/inter-faces.eu\/index.php\/wp-json\/wp\/v2\/pages"}],"about":[{"href":"https:\/\/inter-faces.eu\/index.php\/wp-json\/wp\/v2\/types\/page"}],"author":[{"embeddable":true,"href":"https:\/\/inter-faces.eu\/index.php\/wp-json\/wp\/v2\/users\/1"}],"replies":[{"embeddable":true,"href":"https:\/\/inter-faces.eu\/index.php\/wp-json\/wp\/v2\/comments?post=14172"}],"version-history":[{"count":14,"href":"https:\/\/inter-faces.eu\/index.php\/wp-json\/wp\/v2\/pages\/14172\/revisions"}],"predecessor-version":[{"id":18289,"href":"https:\/\/inter-faces.eu\/index.php\/wp-json\/wp\/v2\/pages\/14172\/revisions\/18289"}],"up":[{"embeddable":true,"href":"https:\/\/inter-faces.eu\/index.php\/wp-json\/wp\/v2\/pages\/10336"}],"wp:attachment":[{"href":"https:\/\/inter-faces.eu\/index.php\/wp-json\/wp\/v2\/media?parent=14172"}],"curies":[{"name":"wp","href":"https:\/\/api.w.org\/{rel}","templated":true}]}}