{"id":14170,"date":"2024-03-19T14:28:23","date_gmt":"2024-03-19T13:28:23","guid":{"rendered":"https:\/\/romainleny-dev.com\/?page_id=14170"},"modified":"2025-06-02T16:15:30","modified_gmt":"2025-06-02T14:15:30","slug":"organisation-et-separateurs-despaces","status":"publish","type":"page","link":"https:\/\/inter-faces.eu\/index.php\/mobilier-professionnel\/organisation-et-separateurs-despaces\/","title":{"rendered":"Organisation et s\u00e9parateurs d&rsquo;espaces"},"content":{"rendered":"\t\t<div data-elementor-type=\"wp-page\" data-elementor-id=\"14170\" class=\"elementor elementor-14170\" data-elementor-post-type=\"page\">\n\t\t\t\t<div class=\"elementor-element elementor-element-649c2197 e-con-full e-flex e-con e-parent\" data-id=\"649c2197\" data-element_type=\"container\" data-core-v316-plus=\"true\">\n\t\t\t\t<div class=\"elementor-element elementor-element-3c1accde elementor-widget elementor-widget-hiroshi_core_section_title\" data-id=\"3c1accde\" data-element_type=\"widget\" data-widget_type=\"hiroshi_core_section_title.default\">\n\t\t\t\t<div class=\"elementor-widget-container\">\n\t\t\t<div class=\"qodef-shortcode qodef-m  qodef-section-title qodef-alignment--left \">\n\t\t<h1 class=\"qodef-m-title\" >\n\t\t\t\t\tOrganisation et s\u00e9parateurs d'espaces\t\t\t<\/h1>\n\t\t<p class=\"qodef-m-text\" >Organiser, d\u00e9finir ou isoler un espace\u2026 Inter-Faces Pro vous  propose des syst\u00e8mes de mobilier professionnel complets, capables de s\u2019adapter aux exigences de petits espaces comme des grands open-spaces. \nCr\u00e9er un \u00eelot d\u2019intimit\u00e9 avec nos panneaux acoustiques, d\u00e9limiter un espace de travail personnalisable, convivial et collaboratif, trouver une solution de home office, adapter l\u2019espace temporairement pour une occasion pr\u00e9cise et jouer le jeu du flex-office, qu\u2019il soit nomade ou s\u00e9dentaire ! \nNotre bureau d\u2019\u00e9tude Inter-Faces Pro Toulon vous offre une solution adapt\u00e9e \u00e0 votre lieu et \u00e0 vos contraintes.\n<\/p>\n<\/div>\n\t\t<\/div>\n\t\t\t\t<\/div>\n\t\t\t\t<\/div>\n\t\t\t\t<section class=\"elementor-section elementor-top-section elementor-element elementor-element-661fdc45 elementor-section-full_width qodef-elementor-content-grid elementor-section-height-default elementor-section-height-default qodef-elementor-column-no\" data-id=\"661fdc45\" data-element_type=\"section\">\n\t\t\t\t\t\t<div class=\"elementor-container elementor-column-gap-default\">\n\t\t\t\t\t<div class=\"elementor-column elementor-col-100 elementor-top-column elementor-element elementor-element-23f4da1f\" data-id=\"23f4da1f\" data-element_type=\"column\">\n\t\t\t<div class=\"elementor-widget-wrap elementor-element-populated\">\n\t\t\t\t\t\t<div class=\"elementor-element elementor-element-4c171564 elementor-widget elementor-widget-hiroshi_core_portfolio_list\" data-id=\"4c171564\" data-element_type=\"widget\" data-widget_type=\"hiroshi_core_portfolio_list.default\">\n\t\t\t\t<div class=\"elementor-widget-container\">\n\t\t\t<div class=\"qodef-shortcode qodef-m  qodef-portfolio-list qodef-item-layout--info-below  qodef-grid qodef-layout--columns  qodef-gutter--tiny qodef-col-num--3 qodef-item-layout--info-below qodef--no-bottom-space qodef-pagination--off qodef-responsive--predefined qodef-hover-animation--move-text\" data-options=\"{&quot;plugin&quot;:&quot;hiroshi_core&quot;,&quot;module&quot;:&quot;post-types\\\/portfolio\\\/shortcodes&quot;,&quot;shortcode&quot;:&quot;portfolio-list&quot;,&quot;post_type&quot;:&quot;portfolio-item&quot;,&quot;next_page&quot;:&quot;2&quot;,&quot;max_pages_num&quot;:1,&quot;behavior&quot;:&quot;columns&quot;,&quot;images_proportion&quot;:&quot;full&quot;,&quot;columns&quot;:&quot;3&quot;,&quot;columns_responsive&quot;:&quot;predefined&quot;,&quot;space&quot;:&quot;tiny&quot;,&quot;posts_per_page&quot;:&quot;200&quot;,&quot;orderby&quot;:&quot;date&quot;,&quot;order&quot;:&quot;DESC&quot;,&quot;additional_params&quot;:&quot;tax&quot;,&quot;tax&quot;:&quot;portfolio-tag&quot;,&quot;tax_slug&quot;:&quot;organisation-et-separateurs-despaces&quot;,&quot;layout&quot;:&quot;info-below&quot;,&quot;hover_animation_info-below&quot;:&quot;move-text&quot;,&quot;hover_animation_info-follow&quot;:&quot;follow&quot;,&quot;hover_animation_info-on-hover&quot;:&quot;fade-in&quot;,&quot;title_tag&quot;:&quot;h4&quot;,&quot;enable_category&quot;:&quot;yes&quot;,&quot;zigzag&quot;:&quot;no&quot;,&quot;custom_margin&quot;:&quot;no&quot;,&quot;enable_appear&quot;:&quot;no&quot;,&quot;pagination_type&quot;:&quot;no-pagination&quot;,&quot;info_below_content_margin&quot;:&quot;24px 0 30px 0px&quot;,&quot;object_class_name&quot;:&quot;HiroshiCore_Portfolio_List_Shortcode&quot;,&quot;taxonomy_filter&quot;:&quot;portfolio-tag&quot;,&quot;additional_query_args&quot;:{&quot;tax_query&quot;:[{&quot;taxonomy&quot;:&quot;portfolio-tag&quot;,&quot;field&quot;:&quot;slug&quot;,&quot;terms&quot;:&quot;organisation-et-separateurs-despaces&quot;}]},&quot;space_value&quot;:4}\">\n\t\t<div class=\"qodef-grid-inner clear\">\n\t\t<article class=\"qodef-e qodef-grid-item qodef-item--full  post-18290 portfolio-item type-portfolio-item status-publish has-post-thumbnail hentry portfolio-category-mobilier-professionnel portfolio-tag-flex-office-mobilier-professionnel portfolio-tag-meubles-de-rangement portfolio-tag-mobilier-professionnel portfolio-tag-organisation-et-separateurs-despaces\">\n\t<div class=\"qodef-e-inner\" >\n\t\t<div class=\"qodef-e-image\">\n\t\t\t\t<div class=\"qodef-e-media-image\">\n\t\t<a itemprop=\"url\" href=\"https:\/\/inter-faces.eu\/index.php\/portfolio-item\/ranger-classer-cloisonner-avec-style-clen\/\" target=\"_self\">\n\t\t\t<img fetchpriority=\"high\" decoding=\"async\" width=\"2000\" height=\"1414\" src=\"https:\/\/inter-faces.eu\/wp-content\/uploads\/2025\/06\/Inter-Faces-Pro-Toulon-Mobilier-professionnel-rangement-caisson-7.jpg\" class=\"attachment-full size-full wp-post-image\" alt=\"\" srcset=\"https:\/\/inter-faces.eu\/wp-content\/uploads\/2025\/06\/Inter-Faces-Pro-Toulon-Mobilier-professionnel-rangement-caisson-7.jpg 2000w, https:\/\/inter-faces.eu\/wp-content\/uploads\/2025\/06\/Inter-Faces-Pro-Toulon-Mobilier-professionnel-rangement-caisson-7-300x212.jpg 300w, https:\/\/inter-faces.eu\/wp-content\/uploads\/2025\/06\/Inter-Faces-Pro-Toulon-Mobilier-professionnel-rangement-caisson-7-1024x724.jpg 1024w, https:\/\/inter-faces.eu\/wp-content\/uploads\/2025\/06\/Inter-Faces-Pro-Toulon-Mobilier-professionnel-rangement-caisson-7-768x543.jpg 768w, https:\/\/inter-faces.eu\/wp-content\/uploads\/2025\/06\/Inter-Faces-Pro-Toulon-Mobilier-professionnel-rangement-caisson-7-1536x1086.jpg 1536w, https:\/\/inter-faces.eu\/wp-content\/uploads\/2025\/06\/Inter-Faces-Pro-Toulon-Mobilier-professionnel-rangement-caisson-7-600x424.jpg 600w\" sizes=\"(max-width: 2000px) 100vw, 2000px\" \/>\t\t<\/a>\n\t<\/div>\n\t\t\t\t\t<\/div>\n\t\t<div class=\"qodef-e-content\" style=\"margin:24px 0 30px 0px\">\n\t\t\t<div class=\"qodef-e-text\">\n\t\t\t\t<h4 itemprop=\"name\" class=\"qodef-e-title entry-title\" >\n\t<a itemprop=\"url\" class=\"qodef-e-title-link\" href=\"https:\/\/inter-faces.eu\/index.php\/portfolio-item\/ranger-classer-cloisonner-avec-style-clen\/\" target=\"_self\">\n\t\tRanger, classer, cloisonner avec style &#8211; Clen\t<\/a>\n<\/h4>\n\t\t\t<\/div>\n\t\t\t<div class=\"qodef-e-top-holder\">\n\t\t\t\t<div class=\"qodef-e-info\">\n\t\t\t\t\t\t<a href=\"https:\/\/inter-faces.eu\/index.php\/portfolio-category\/mobilier-professionnel\/\" rel=\"tag\">Mobilier professionnel<\/a>\t<div class=\"qodef-info-separator-end\"><\/div>\n\t\t\t\t<\/div>\n\t\t\t<\/div>\n\t\t<\/div>\n\t<\/div>\n<\/article>\n<article class=\"qodef-e qodef-grid-item qodef-item--full  post-18239 portfolio-item type-portfolio-item status-publish has-post-thumbnail hentry portfolio-category-mobilier-professionnel portfolio-tag-meubles-de-rangement portfolio-tag-mobilier-professionnel portfolio-tag-organisation-et-separateurs-despaces\">\n\t<div class=\"qodef-e-inner\" >\n\t\t<div class=\"qodef-e-image\">\n\t\t\t\t<div class=\"qodef-e-media-image\">\n\t\t<a itemprop=\"url\" href=\"https:\/\/inter-faces.eu\/index.php\/portfolio-item\/collection-darmoires-de-rangement-mobimetal\/\" target=\"_self\">\n\t\t\t<img decoding=\"async\" width=\"2000\" height=\"1410\" src=\"https:\/\/inter-faces.eu\/wp-content\/uploads\/2025\/06\/Inter-Faces-Pro-Toulon-Mobilier-professionnel-Armoires-de-range-ment-armoires-portes-coulissantes-1.jpg\" class=\"attachment-full size-full wp-post-image\" alt=\"\" srcset=\"https:\/\/inter-faces.eu\/wp-content\/uploads\/2025\/06\/Inter-Faces-Pro-Toulon-Mobilier-professionnel-Armoires-de-range-ment-armoires-portes-coulissantes-1.jpg 2000w, https:\/\/inter-faces.eu\/wp-content\/uploads\/2025\/06\/Inter-Faces-Pro-Toulon-Mobilier-professionnel-Armoires-de-range-ment-armoires-portes-coulissantes-1-300x212.jpg 300w, https:\/\/inter-faces.eu\/wp-content\/uploads\/2025\/06\/Inter-Faces-Pro-Toulon-Mobilier-professionnel-Armoires-de-range-ment-armoires-portes-coulissantes-1-1024x722.jpg 1024w, https:\/\/inter-faces.eu\/wp-content\/uploads\/2025\/06\/Inter-Faces-Pro-Toulon-Mobilier-professionnel-Armoires-de-range-ment-armoires-portes-coulissantes-1-768x541.jpg 768w, https:\/\/inter-faces.eu\/wp-content\/uploads\/2025\/06\/Inter-Faces-Pro-Toulon-Mobilier-professionnel-Armoires-de-range-ment-armoires-portes-coulissantes-1-1536x1083.jpg 1536w, https:\/\/inter-faces.eu\/wp-content\/uploads\/2025\/06\/Inter-Faces-Pro-Toulon-Mobilier-professionnel-Armoires-de-range-ment-armoires-portes-coulissantes-1-600x423.jpg 600w\" sizes=\"(max-width: 2000px) 100vw, 2000px\" \/>\t\t<\/a>\n\t<\/div>\n\t\t\t\t\t<\/div>\n\t\t<div class=\"qodef-e-content\" style=\"margin:24px 0 30px 0px\">\n\t\t\t<div class=\"qodef-e-text\">\n\t\t\t\t<h4 itemprop=\"name\" class=\"qodef-e-title entry-title\" >\n\t<a itemprop=\"url\" class=\"qodef-e-title-link\" href=\"https:\/\/inter-faces.eu\/index.php\/portfolio-item\/collection-darmoires-de-rangement-mobimetal\/\" target=\"_self\">\n\t\tCollection d&rsquo;armoires de rangement &#8211; Mobim\u00e9tal\t<\/a>\n<\/h4>\n\t\t\t<\/div>\n\t\t\t<div class=\"qodef-e-top-holder\">\n\t\t\t\t<div class=\"qodef-e-info\">\n\t\t\t\t\t\t<a href=\"https:\/\/inter-faces.eu\/index.php\/portfolio-category\/mobilier-professionnel\/\" rel=\"tag\">Mobilier professionnel<\/a>\t<div class=\"qodef-info-separator-end\"><\/div>\n\t\t\t\t<\/div>\n\t\t\t<\/div>\n\t\t<\/div>\n\t<\/div>\n<\/article>\n<article class=\"qodef-e qodef-grid-item qodef-item--full  post-10517 portfolio-item type-portfolio-item status-publish has-post-thumbnail hentry portfolio-category-mobilier-professionnel portfolio-tag-organisation-et-separateurs-despaces portfolio-tag-usm\">\n\t<div class=\"qodef-e-inner\" >\n\t\t<div class=\"qodef-e-image\">\n\t\t\t\t<div class=\"qodef-e-media-image\">\n\t\t<a itemprop=\"url\" href=\"https:\/\/inter-faces.eu\/index.php\/portfolio-item\/separation-de-bureaux-usm\/\" target=\"_self\">\n\t\t\t<img decoding=\"async\" width=\"768\" height=\"1024\" src=\"https:\/\/inter-faces.eu\/wp-content\/uploads\/2024\/02\/Inter-Faces-Mobilier-de-bureau-design-separateur-et-cloisons-USM-4.webp\" class=\"attachment-full size-full wp-post-image\" alt=\"\" srcset=\"https:\/\/inter-faces.eu\/wp-content\/uploads\/2024\/02\/Inter-Faces-Mobilier-de-bureau-design-separateur-et-cloisons-USM-4.webp 768w, https:\/\/inter-faces.eu\/wp-content\/uploads\/2024\/02\/Inter-Faces-Mobilier-de-bureau-design-separateur-et-cloisons-USM-4-225x300.webp 225w, https:\/\/inter-faces.eu\/wp-content\/uploads\/2024\/02\/Inter-Faces-Mobilier-de-bureau-design-separateur-et-cloisons-USM-4-600x800.webp 600w\" sizes=\"(max-width: 768px) 100vw, 768px\" \/>\t\t<\/a>\n\t<\/div>\n\t\t\t\t\t<\/div>\n\t\t<div class=\"qodef-e-content\" style=\"margin:24px 0 30px 0px\">\n\t\t\t<div class=\"qodef-e-text\">\n\t\t\t\t<h4 itemprop=\"name\" class=\"qodef-e-title entry-title\" >\n\t<a itemprop=\"url\" class=\"qodef-e-title-link\" href=\"https:\/\/inter-faces.eu\/index.php\/portfolio-item\/separation-de-bureaux-usm\/\" target=\"_self\">\n\t\tCloisonner, ranger, optimiser l&rsquo;espace &#8211; USM\t<\/a>\n<\/h4>\n\t\t\t<\/div>\n\t\t\t<div class=\"qodef-e-top-holder\">\n\t\t\t\t<div class=\"qodef-e-info\">\n\t\t\t\t\t\t<a href=\"https:\/\/inter-faces.eu\/index.php\/portfolio-category\/mobilier-professionnel\/\" rel=\"tag\">Mobilier professionnel<\/a>\t<div class=\"qodef-info-separator-end\"><\/div>\n\t\t\t\t<\/div>\n\t\t\t<\/div>\n\t\t<\/div>\n\t<\/div>\n<\/article>\n<article class=\"qodef-e qodef-grid-item qodef-item--full  post-17908 portfolio-item type-portfolio-item status-publish has-post-thumbnail hentry portfolio-category-mobilier-professionnel portfolio-tag-accessoires-de-bureau-et-connectique portfolio-tag-flex-office-mobilier-professionnel portfolio-tag-mobilier-professionnel portfolio-tag-organisation-et-separateurs-despaces\">\n\t<div class=\"qodef-e-inner\" >\n\t\t<div class=\"qodef-e-image\">\n\t\t\t\t<div class=\"qodef-e-media-image\">\n\t\t<a itemprop=\"url\" href=\"https:\/\/inter-faces.eu\/index.php\/portfolio-item\/jeter-ou-recycler-columbia\/\" target=\"_self\">\n\t\t\t<img loading=\"lazy\" decoding=\"async\" width=\"938\" height=\"663\" src=\"https:\/\/inter-faces.eu\/wp-content\/uploads\/2025\/03\/PICK-UP-columbia-7.jpg\" class=\"attachment-full size-full wp-post-image\" alt=\"\" srcset=\"https:\/\/inter-faces.eu\/wp-content\/uploads\/2025\/03\/PICK-UP-columbia-7.jpg 938w, https:\/\/inter-faces.eu\/wp-content\/uploads\/2025\/03\/PICK-UP-columbia-7-300x212.jpg 300w, https:\/\/inter-faces.eu\/wp-content\/uploads\/2025\/03\/PICK-UP-columbia-7-768x543.jpg 768w, https:\/\/inter-faces.eu\/wp-content\/uploads\/2025\/03\/PICK-UP-columbia-7-600x424.jpg 600w\" sizes=\"(max-width: 938px) 100vw, 938px\" \/>\t\t<\/a>\n\t<\/div>\n\t\t\t\t\t<\/div>\n\t\t<div class=\"qodef-e-content\" style=\"margin:24px 0 30px 0px\">\n\t\t\t<div class=\"qodef-e-text\">\n\t\t\t\t<h4 itemprop=\"name\" class=\"qodef-e-title entry-title\" >\n\t<a itemprop=\"url\" class=\"qodef-e-title-link\" href=\"https:\/\/inter-faces.eu\/index.php\/portfolio-item\/jeter-ou-recycler-columbia\/\" target=\"_self\">\n\t\tJeter ou Recycler &#8211; Columbia\t<\/a>\n<\/h4>\n\t\t\t<\/div>\n\t\t\t<div class=\"qodef-e-top-holder\">\n\t\t\t\t<div class=\"qodef-e-info\">\n\t\t\t\t\t\t<a href=\"https:\/\/inter-faces.eu\/index.php\/portfolio-category\/mobilier-professionnel\/\" rel=\"tag\">Mobilier professionnel<\/a>\t<div class=\"qodef-info-separator-end\"><\/div>\n\t\t\t\t<\/div>\n\t\t\t<\/div>\n\t\t<\/div>\n\t<\/div>\n<\/article>\n<article class=\"qodef-e qodef-grid-item qodef-item--full  post-10922 portfolio-item type-portfolio-item status-publish has-post-thumbnail hentry portfolio-category-mobilier-professionnel portfolio-tag-bureaux-operatifs portfolio-tag-flex-office-mobilier-professionnel portfolio-tag-mobilier-professionnel portfolio-tag-organisation-et-separateurs-despaces portfolio-tag-solutions-acoustiques portfolio-tag-vitra\">\n\t<div class=\"qodef-e-inner\" >\n\t\t<div class=\"qodef-e-image\">\n\t\t\t\t<div class=\"qodef-e-media-image\">\n\t\t<a itemprop=\"url\" href=\"https:\/\/inter-faces.eu\/index.php\/portfolio-item\/bureau-workbays\/\" target=\"_self\">\n\t\t\t<img loading=\"lazy\" decoding=\"async\" width=\"1440\" height=\"1105\" src=\"https:\/\/inter-faces.eu\/wp-content\/uploads\/2024\/11\/VITRA-Alcolve-plus-Desk-6.jpg\" class=\"attachment-full size-full wp-post-image\" alt=\"\" srcset=\"https:\/\/inter-faces.eu\/wp-content\/uploads\/2024\/11\/VITRA-Alcolve-plus-Desk-6.jpg 1440w, https:\/\/inter-faces.eu\/wp-content\/uploads\/2024\/11\/VITRA-Alcolve-plus-Desk-6-300x230.jpg 300w, https:\/\/inter-faces.eu\/wp-content\/uploads\/2024\/11\/VITRA-Alcolve-plus-Desk-6-1024x786.jpg 1024w, https:\/\/inter-faces.eu\/wp-content\/uploads\/2024\/11\/VITRA-Alcolve-plus-Desk-6-768x589.jpg 768w, https:\/\/inter-faces.eu\/wp-content\/uploads\/2024\/11\/VITRA-Alcolve-plus-Desk-6-600x460.jpg 600w\" sizes=\"(max-width: 1440px) 100vw, 1440px\" \/>\t\t<\/a>\n\t<\/div>\n\t\t\t\t\t<\/div>\n\t\t<div class=\"qodef-e-content\" style=\"margin:24px 0 30px 0px\">\n\t\t\t<div class=\"qodef-e-text\">\n\t\t\t\t<h4 itemprop=\"name\" class=\"qodef-e-title entry-title\" >\n\t<a itemprop=\"url\" class=\"qodef-e-title-link\" href=\"https:\/\/inter-faces.eu\/index.php\/portfolio-item\/bureau-workbays\/\" target=\"_self\">\n\t\tAlcove Plus Desk, Erwan &#038; Ronan Bouroullec &#8211; Vitra\t<\/a>\n<\/h4>\n\t\t\t<\/div>\n\t\t\t<div class=\"qodef-e-top-holder\">\n\t\t\t\t<div class=\"qodef-e-info\">\n\t\t\t\t\t\t<a href=\"https:\/\/inter-faces.eu\/index.php\/portfolio-category\/mobilier-professionnel\/\" rel=\"tag\">Mobilier professionnel<\/a>\t<div class=\"qodef-info-separator-end\"><\/div>\n\t\t\t\t<\/div>\n\t\t\t<\/div>\n\t\t<\/div>\n\t<\/div>\n<\/article>\n<article class=\"qodef-e qodef-grid-item qodef-item--full  post-16198 portfolio-item type-portfolio-item status-publish has-post-thumbnail hentry portfolio-category-mobilier-professionnel portfolio-tag-flex-office-mobilier-professionnel portfolio-tag-mobilier-professionnel portfolio-tag-organisation-et-separateurs-despaces portfolio-tag-solutions-acoustiques\">\n\t<div class=\"qodef-e-inner\" >\n\t\t<div class=\"qodef-e-image\">\n\t\t\t\t<div class=\"qodef-e-media-image\">\n\t\t<a itemprop=\"url\" href=\"https:\/\/inter-faces.eu\/index.php\/portfolio-item\/buzzihub-cabine-et-mobilier-acoustique-buzzispace\/\" target=\"_self\">\n\t\t\t<img loading=\"lazy\" decoding=\"async\" width=\"1920\" height=\"1282\" src=\"https:\/\/inter-faces.eu\/wp-content\/uploads\/2024\/07\/BuzziHub.jpg\" class=\"attachment-full size-full wp-post-image\" alt=\"\" srcset=\"https:\/\/inter-faces.eu\/wp-content\/uploads\/2024\/07\/BuzziHub.jpg 1920w, https:\/\/inter-faces.eu\/wp-content\/uploads\/2024\/07\/BuzziHub-300x200.jpg 300w, https:\/\/inter-faces.eu\/wp-content\/uploads\/2024\/07\/BuzziHub-1024x684.jpg 1024w, https:\/\/inter-faces.eu\/wp-content\/uploads\/2024\/07\/BuzziHub-768x513.jpg 768w, https:\/\/inter-faces.eu\/wp-content\/uploads\/2024\/07\/BuzziHub-1536x1026.jpg 1536w, https:\/\/inter-faces.eu\/wp-content\/uploads\/2024\/07\/BuzziHub-600x401.jpg 600w\" sizes=\"(max-width: 1920px) 100vw, 1920px\" \/>\t\t<\/a>\n\t<\/div>\n\t\t\t\t\t<\/div>\n\t\t<div class=\"qodef-e-content\" style=\"margin:24px 0 30px 0px\">\n\t\t\t<div class=\"qodef-e-text\">\n\t\t\t\t<h4 itemprop=\"name\" class=\"qodef-e-title entry-title\" >\n\t<a itemprop=\"url\" class=\"qodef-e-title-link\" href=\"https:\/\/inter-faces.eu\/index.php\/portfolio-item\/buzzihub-cabine-et-mobilier-acoustique-buzzispace\/\" target=\"_self\">\n\t\tBuzziHub \u2013 Cabine et mobilier acoustique &#8211; Buzzispace\t<\/a>\n<\/h4>\n\t\t\t<\/div>\n\t\t\t<div class=\"qodef-e-top-holder\">\n\t\t\t\t<div class=\"qodef-e-info\">\n\t\t\t\t\t\t<a href=\"https:\/\/inter-faces.eu\/index.php\/portfolio-category\/mobilier-professionnel\/\" rel=\"tag\">Mobilier professionnel<\/a>\t<div class=\"qodef-info-separator-end\"><\/div>\n\t\t\t\t<\/div>\n\t\t\t<\/div>\n\t\t<\/div>\n\t<\/div>\n<\/article>\n<article class=\"qodef-e qodef-grid-item qodef-item--full  post-16189 portfolio-item type-portfolio-item status-publish has-post-thumbnail hentry portfolio-category-mobilier-professionnel portfolio-tag-mobilier-professionnel portfolio-tag-organisation-et-separateurs-despaces portfolio-tag-solutions-acoustiques\">\n\t<div class=\"qodef-e-inner\" >\n\t\t<div class=\"qodef-e-image\">\n\t\t\t\t<div class=\"qodef-e-media-image\">\n\t\t<a itemprop=\"url\" href=\"https:\/\/inter-faces.eu\/index.php\/portfolio-item\/panneaux-acoustiques-addenda-clen\/\" target=\"_self\">\n\t\t\t<img loading=\"lazy\" decoding=\"async\" width=\"1252\" height=\"1772\" src=\"https:\/\/inter-faces.eu\/wp-content\/uploads\/2024\/07\/ADDENDA-3D-focus.jpg\" class=\"attachment-full size-full wp-post-image\" alt=\"\" srcset=\"https:\/\/inter-faces.eu\/wp-content\/uploads\/2024\/07\/ADDENDA-3D-focus.jpg 1252w, https:\/\/inter-faces.eu\/wp-content\/uploads\/2024\/07\/ADDENDA-3D-focus-212x300.jpg 212w, https:\/\/inter-faces.eu\/wp-content\/uploads\/2024\/07\/ADDENDA-3D-focus-724x1024.jpg 724w, https:\/\/inter-faces.eu\/wp-content\/uploads\/2024\/07\/ADDENDA-3D-focus-768x1087.jpg 768w, https:\/\/inter-faces.eu\/wp-content\/uploads\/2024\/07\/ADDENDA-3D-focus-1085x1536.jpg 1085w, https:\/\/inter-faces.eu\/wp-content\/uploads\/2024\/07\/ADDENDA-3D-focus-600x849.jpg 600w\" sizes=\"(max-width: 1252px) 100vw, 1252px\" \/>\t\t<\/a>\n\t<\/div>\n\t\t\t\t\t<\/div>\n\t\t<div class=\"qodef-e-content\" style=\"margin:24px 0 30px 0px\">\n\t\t\t<div class=\"qodef-e-text\">\n\t\t\t\t<h4 itemprop=\"name\" class=\"qodef-e-title entry-title\" >\n\t<a itemprop=\"url\" class=\"qodef-e-title-link\" href=\"https:\/\/inter-faces.eu\/index.php\/portfolio-item\/panneaux-acoustiques-addenda-clen\/\" target=\"_self\">\n\t\tPanneaux acoustiques Addenda &#8211; Clen\t<\/a>\n<\/h4>\n\t\t\t<\/div>\n\t\t\t<div class=\"qodef-e-top-holder\">\n\t\t\t\t<div class=\"qodef-e-info\">\n\t\t\t\t\t\t<a href=\"https:\/\/inter-faces.eu\/index.php\/portfolio-category\/mobilier-professionnel\/\" rel=\"tag\">Mobilier professionnel<\/a>\t<div class=\"qodef-info-separator-end\"><\/div>\n\t\t\t\t<\/div>\n\t\t\t<\/div>\n\t\t<\/div>\n\t<\/div>\n<\/article>\n<article class=\"qodef-e qodef-grid-item qodef-item--full  post-16179 portfolio-item type-portfolio-item status-publish has-post-thumbnail hentry portfolio-category-mobilier-professionnel portfolio-tag-mobilier-professionnel portfolio-tag-organisation-et-separateurs-despaces portfolio-tag-solutions-acoustiques\">\n\t<div class=\"qodef-e-inner\" >\n\t\t<div class=\"qodef-e-image\">\n\t\t\t\t<div class=\"qodef-e-media-image\">\n\t\t<a itemprop=\"url\" href=\"https:\/\/inter-faces.eu\/index.php\/portfolio-item\/cabines-acoustiques-escale-en-toute-discretion-clen\/\" target=\"_self\">\n\t\t\t<img loading=\"lazy\" decoding=\"async\" width=\"1024\" height=\"732\" src=\"https:\/\/inter-faces.eu\/wp-content\/uploads\/2024\/07\/ESCALE-AMB-HD-1024x732-1.jpg\" class=\"attachment-full size-full wp-post-image\" alt=\"\" srcset=\"https:\/\/inter-faces.eu\/wp-content\/uploads\/2024\/07\/ESCALE-AMB-HD-1024x732-1.jpg 1024w, https:\/\/inter-faces.eu\/wp-content\/uploads\/2024\/07\/ESCALE-AMB-HD-1024x732-1-300x214.jpg 300w, https:\/\/inter-faces.eu\/wp-content\/uploads\/2024\/07\/ESCALE-AMB-HD-1024x732-1-768x549.jpg 768w, https:\/\/inter-faces.eu\/wp-content\/uploads\/2024\/07\/ESCALE-AMB-HD-1024x732-1-600x429.jpg 600w\" sizes=\"(max-width: 1024px) 100vw, 1024px\" \/>\t\t<\/a>\n\t<\/div>\n\t\t\t\t\t<\/div>\n\t\t<div class=\"qodef-e-content\" style=\"margin:24px 0 30px 0px\">\n\t\t\t<div class=\"qodef-e-text\">\n\t\t\t\t<h4 itemprop=\"name\" class=\"qodef-e-title entry-title\" >\n\t<a itemprop=\"url\" class=\"qodef-e-title-link\" href=\"https:\/\/inter-faces.eu\/index.php\/portfolio-item\/cabines-acoustiques-escale-en-toute-discretion-clen\/\" target=\"_self\">\n\t\tCabines acoustiques Escale &#8211; En toute discr\u00e9tion &#8211; Clen\t<\/a>\n<\/h4>\n\t\t\t<\/div>\n\t\t\t<div class=\"qodef-e-top-holder\">\n\t\t\t\t<div class=\"qodef-e-info\">\n\t\t\t\t\t\t<a href=\"https:\/\/inter-faces.eu\/index.php\/portfolio-category\/mobilier-professionnel\/\" rel=\"tag\">Mobilier professionnel<\/a>\t<div class=\"qodef-info-separator-end\"><\/div>\n\t\t\t\t<\/div>\n\t\t\t<\/div>\n\t\t<\/div>\n\t<\/div>\n<\/article>\n<article class=\"qodef-e qodef-grid-item qodef-item--full  post-16172 portfolio-item type-portfolio-item status-publish has-post-thumbnail hentry portfolio-category-mobilier-professionnel portfolio-tag-flex-office-mobilier-professionnel portfolio-tag-mobilier-professionnel portfolio-tag-nomade portfolio-tag-organisation-et-separateurs-despaces portfolio-tag-solutions-acoustiques\">\n\t<div class=\"qodef-e-inner\" >\n\t\t<div class=\"qodef-e-image\">\n\t\t\t\t<div class=\"qodef-e-media-image\">\n\t\t<a itemprop=\"url\" href=\"https:\/\/inter-faces.eu\/index.php\/portfolio-item\/ecrans-visuels-et-acoustiques-butterfly-clen\/\" target=\"_self\">\n\t\t\t<img loading=\"lazy\" decoding=\"async\" width=\"1669\" height=\"1181\" src=\"https:\/\/inter-faces.eu\/wp-content\/uploads\/2024\/07\/BUTTERFLY-AMB-1.jpg\" class=\"attachment-full size-full wp-post-image\" alt=\"\" srcset=\"https:\/\/inter-faces.eu\/wp-content\/uploads\/2024\/07\/BUTTERFLY-AMB-1.jpg 1669w, https:\/\/inter-faces.eu\/wp-content\/uploads\/2024\/07\/BUTTERFLY-AMB-1-300x212.jpg 300w, https:\/\/inter-faces.eu\/wp-content\/uploads\/2024\/07\/BUTTERFLY-AMB-1-1024x725.jpg 1024w, https:\/\/inter-faces.eu\/wp-content\/uploads\/2024\/07\/BUTTERFLY-AMB-1-768x543.jpg 768w, https:\/\/inter-faces.eu\/wp-content\/uploads\/2024\/07\/BUTTERFLY-AMB-1-1536x1087.jpg 1536w, https:\/\/inter-faces.eu\/wp-content\/uploads\/2024\/07\/BUTTERFLY-AMB-1-600x425.jpg 600w\" sizes=\"(max-width: 1669px) 100vw, 1669px\" \/>\t\t<\/a>\n\t<\/div>\n\t\t\t\t\t<\/div>\n\t\t<div class=\"qodef-e-content\" style=\"margin:24px 0 30px 0px\">\n\t\t\t<div class=\"qodef-e-text\">\n\t\t\t\t<h4 itemprop=\"name\" class=\"qodef-e-title entry-title\" >\n\t<a itemprop=\"url\" class=\"qodef-e-title-link\" href=\"https:\/\/inter-faces.eu\/index.php\/portfolio-item\/ecrans-visuels-et-acoustiques-butterfly-clen\/\" target=\"_self\">\n\t\tEcrans visuels et acoustiques Butterfly &#8211; Clen\t<\/a>\n<\/h4>\n\t\t\t<\/div>\n\t\t\t<div class=\"qodef-e-top-holder\">\n\t\t\t\t<div class=\"qodef-e-info\">\n\t\t\t\t\t\t<a href=\"https:\/\/inter-faces.eu\/index.php\/portfolio-category\/mobilier-professionnel\/\" rel=\"tag\">Mobilier professionnel<\/a>\t<div class=\"qodef-info-separator-end\"><\/div>\n\t\t\t\t<\/div>\n\t\t\t<\/div>\n\t\t<\/div>\n\t<\/div>\n<\/article>\n<article class=\"qodef-e qodef-grid-item qodef-item--full  post-11457 portfolio-item type-portfolio-item status-publish has-post-thumbnail hentry portfolio-category-mobilier-professionnel portfolio-tag-flex-office-mobilier-professionnel portfolio-tag-meubles-de-rangement portfolio-tag-organisation-et-separateurs-despaces\">\n\t<div class=\"qodef-e-inner\" >\n\t\t<div class=\"qodef-e-image\">\n\t\t\t\t<div class=\"qodef-e-media-image\">\n\t\t<a itemprop=\"url\" href=\"https:\/\/inter-faces.eu\/index.php\/portfolio-item\/meuble-de-rangement-spinbox\/\" target=\"_self\">\n\t\t\t<img loading=\"lazy\" decoding=\"async\" width=\"627\" height=\"627\" src=\"https:\/\/inter-faces.eu\/wp-content\/uploads\/2024\/02\/319-1.jpg\" class=\"attachment-full size-full wp-post-image\" alt=\"\" srcset=\"https:\/\/inter-faces.eu\/wp-content\/uploads\/2024\/02\/319-1.jpg 627w, https:\/\/inter-faces.eu\/wp-content\/uploads\/2024\/02\/319-1-300x300.jpg 300w, https:\/\/inter-faces.eu\/wp-content\/uploads\/2024\/02\/319-1-150x150.jpg 150w, https:\/\/inter-faces.eu\/wp-content\/uploads\/2024\/02\/319-1-600x600.jpg 600w, https:\/\/inter-faces.eu\/wp-content\/uploads\/2024\/02\/319-1-100x100.jpg 100w\" sizes=\"(max-width: 627px) 100vw, 627px\" \/>\t\t<\/a>\n\t<\/div>\n\t\t\t\t\t<\/div>\n\t\t<div class=\"qodef-e-content\" style=\"margin:24px 0 30px 0px\">\n\t\t\t<div class=\"qodef-e-text\">\n\t\t\t\t<h4 itemprop=\"name\" class=\"qodef-e-title entry-title\" >\n\t<a itemprop=\"url\" class=\"qodef-e-title-link\" href=\"https:\/\/inter-faces.eu\/index.php\/portfolio-item\/meuble-de-rangement-spinbox\/\" target=\"_self\">\n\t\tLes casiers s\u00e9curis\u00e9s Spinbox &#8211; Clen\t<\/a>\n<\/h4>\n\t\t\t<\/div>\n\t\t\t<div class=\"qodef-e-top-holder\">\n\t\t\t\t<div class=\"qodef-e-info\">\n\t\t\t\t\t\t<a href=\"https:\/\/inter-faces.eu\/index.php\/portfolio-category\/mobilier-professionnel\/\" rel=\"tag\">Mobilier professionnel<\/a>\t<div class=\"qodef-info-separator-end\"><\/div>\n\t\t\t\t<\/div>\n\t\t\t<\/div>\n\t\t<\/div>\n\t<\/div>\n<\/article>\n<article class=\"qodef-e qodef-grid-item qodef-item--full  post-10920 portfolio-item type-portfolio-item status-publish has-post-thumbnail hentry portfolio-category-mobilier-professionnel portfolio-tag-bureaux-operatifs portfolio-tag-mobilier-professionnel portfolio-tag-organisation-et-separateurs-despaces\">\n\t<div class=\"qodef-e-inner\" >\n\t\t<div class=\"qodef-e-image\">\n\t\t\t\t<div class=\"qodef-e-media-image\">\n\t\t<a itemprop=\"url\" href=\"https:\/\/inter-faces.eu\/index.php\/portfolio-item\/bureau-en-aparte\/\" target=\"_self\">\n\t\t\t<img loading=\"lazy\" decoding=\"async\" width=\"900\" height=\"900\" src=\"https:\/\/inter-faces.eu\/wp-content\/uploads\/2024\/02\/156-1.jpg\" class=\"attachment-full size-full wp-post-image\" alt=\"\" srcset=\"https:\/\/inter-faces.eu\/wp-content\/uploads\/2024\/02\/156-1.jpg 900w, https:\/\/inter-faces.eu\/wp-content\/uploads\/2024\/02\/156-1-300x300.jpg 300w, https:\/\/inter-faces.eu\/wp-content\/uploads\/2024\/02\/156-1-150x150.jpg 150w, https:\/\/inter-faces.eu\/wp-content\/uploads\/2024\/02\/156-1-768x768.jpg 768w, https:\/\/inter-faces.eu\/wp-content\/uploads\/2024\/02\/156-1-650x650.jpg 650w, https:\/\/inter-faces.eu\/wp-content\/uploads\/2024\/02\/156-1-600x600.jpg 600w, https:\/\/inter-faces.eu\/wp-content\/uploads\/2024\/02\/156-1-100x100.jpg 100w\" sizes=\"(max-width: 900px) 100vw, 900px\" \/>\t\t<\/a>\n\t<\/div>\n\t\t\t\t\t<\/div>\n\t\t<div class=\"qodef-e-content\" style=\"margin:24px 0 30px 0px\">\n\t\t\t<div class=\"qodef-e-text\">\n\t\t\t\t<h4 itemprop=\"name\" class=\"qodef-e-title entry-title\" >\n\t<a itemprop=\"url\" class=\"qodef-e-title-link\" href=\"https:\/\/inter-faces.eu\/index.php\/portfolio-item\/bureau-en-aparte\/\" target=\"_self\">\n\t\tBureau En Apart\u00e9\t<\/a>\n<\/h4>\n\t\t\t<\/div>\n\t\t\t<div class=\"qodef-e-top-holder\">\n\t\t\t\t<div class=\"qodef-e-info\">\n\t\t\t\t\t\t<a href=\"https:\/\/inter-faces.eu\/index.php\/portfolio-category\/mobilier-professionnel\/\" rel=\"tag\">Mobilier professionnel<\/a>\t<div class=\"qodef-info-separator-end\"><\/div>\n\t\t\t\t<\/div>\n\t\t\t<\/div>\n\t\t<\/div>\n\t<\/div>\n<\/article>\n<article class=\"qodef-e qodef-grid-item qodef-item--full  post-10363 portfolio-item type-portfolio-item status-publish has-post-thumbnail hentry portfolio-category-mobilier-professionnel portfolio-tag-accueil-reception portfolio-tag-organisation-et-separateurs-despaces portfolio-tag-usm\">\n\t<div class=\"qodef-e-inner\" >\n\t\t<div class=\"qodef-e-image\">\n\t\t\t\t<div class=\"qodef-e-media-image\">\n\t\t<a itemprop=\"url\" href=\"https:\/\/inter-faces.eu\/index.php\/portfolio-item\/espaces-daccueil-proteges-usm\/\" target=\"_self\">\n\t\t\t<img loading=\"lazy\" decoding=\"async\" width=\"800\" height=\"800\" src=\"https:\/\/inter-faces.eu\/wp-content\/uploads\/2024\/02\/300-1.jpg\" class=\"attachment-full size-full wp-post-image\" alt=\"\" srcset=\"https:\/\/inter-faces.eu\/wp-content\/uploads\/2024\/02\/300-1.jpg 800w, https:\/\/inter-faces.eu\/wp-content\/uploads\/2024\/02\/300-1-300x300.jpg 300w, https:\/\/inter-faces.eu\/wp-content\/uploads\/2024\/02\/300-1-150x150.jpg 150w, https:\/\/inter-faces.eu\/wp-content\/uploads\/2024\/02\/300-1-768x768.jpg 768w, https:\/\/inter-faces.eu\/wp-content\/uploads\/2024\/02\/300-1-650x650.jpg 650w, https:\/\/inter-faces.eu\/wp-content\/uploads\/2024\/02\/300-1-600x600.jpg 600w, https:\/\/inter-faces.eu\/wp-content\/uploads\/2024\/02\/300-1-100x100.jpg 100w\" sizes=\"(max-width: 800px) 100vw, 800px\" \/>\t\t<\/a>\n\t<\/div>\n\t\t\t\t\t<\/div>\n\t\t<div class=\"qodef-e-content\" style=\"margin:24px 0 30px 0px\">\n\t\t\t<div class=\"qodef-e-text\">\n\t\t\t\t<h4 itemprop=\"name\" class=\"qodef-e-title entry-title\" >\n\t<a itemprop=\"url\" class=\"qodef-e-title-link\" href=\"https:\/\/inter-faces.eu\/index.php\/portfolio-item\/espaces-daccueil-proteges-usm\/\" target=\"_self\">\n\t\tEspaces d&rsquo;accueil prot\u00e9g\u00e9s &#8211; USM\t<\/a>\n<\/h4>\n\t\t\t<\/div>\n\t\t\t<div class=\"qodef-e-top-holder\">\n\t\t\t\t<div class=\"qodef-e-info\">\n\t\t\t\t\t\t<a href=\"https:\/\/inter-faces.eu\/index.php\/portfolio-category\/mobilier-professionnel\/\" rel=\"tag\">Mobilier professionnel<\/a>\t<div class=\"qodef-info-separator-end\"><\/div>\n\t\t\t\t<\/div>\n\t\t\t<\/div>\n\t\t<\/div>\n\t<\/div>\n<\/article>\n<article class=\"qodef-e qodef-grid-item qodef-item--full  post-10516 portfolio-item type-portfolio-item status-publish has-post-thumbnail hentry portfolio-category-mobilier-professionnel portfolio-tag-organisation-et-separateurs-despaces\">\n\t<div class=\"qodef-e-inner\" >\n\t\t<div class=\"qodef-e-image\">\n\t\t\t\t<div class=\"qodef-e-media-image\">\n\t\t<a itemprop=\"url\" href=\"https:\/\/inter-faces.eu\/index.php\/portfolio-item\/sieges-sur-poutre-espaces-dauphin\/\" target=\"_self\">\n\t\t\t<img loading=\"lazy\" decoding=\"async\" width=\"800\" height=\"800\" src=\"https:\/\/inter-faces.eu\/wp-content\/uploads\/2024\/02\/301-1.jpg\" class=\"attachment-full size-full wp-post-image\" alt=\"\" srcset=\"https:\/\/inter-faces.eu\/wp-content\/uploads\/2024\/02\/301-1.jpg 800w, https:\/\/inter-faces.eu\/wp-content\/uploads\/2024\/02\/301-1-300x300.jpg 300w, https:\/\/inter-faces.eu\/wp-content\/uploads\/2024\/02\/301-1-150x150.jpg 150w, https:\/\/inter-faces.eu\/wp-content\/uploads\/2024\/02\/301-1-768x768.jpg 768w, https:\/\/inter-faces.eu\/wp-content\/uploads\/2024\/02\/301-1-650x650.jpg 650w, https:\/\/inter-faces.eu\/wp-content\/uploads\/2024\/02\/301-1-600x600.jpg 600w, https:\/\/inter-faces.eu\/wp-content\/uploads\/2024\/02\/301-1-100x100.jpg 100w\" sizes=\"(max-width: 800px) 100vw, 800px\" \/>\t\t<\/a>\n\t<\/div>\n\t\t\t\t\t<\/div>\n\t\t<div class=\"qodef-e-content\" style=\"margin:24px 0 30px 0px\">\n\t\t\t<div class=\"qodef-e-text\">\n\t\t\t\t<h4 itemprop=\"name\" class=\"qodef-e-title entry-title\" >\n\t<a itemprop=\"url\" class=\"qodef-e-title-link\" href=\"https:\/\/inter-faces.eu\/index.php\/portfolio-item\/sieges-sur-poutre-espaces-dauphin\/\" target=\"_self\">\n\t\tSi\u00e8ges sur poutre espac\u00e9s Dauphin\t<\/a>\n<\/h4>\n\t\t\t<\/div>\n\t\t\t<div class=\"qodef-e-top-holder\">\n\t\t\t\t<div class=\"qodef-e-info\">\n\t\t\t\t\t\t<a href=\"https:\/\/inter-faces.eu\/index.php\/portfolio-category\/mobilier-professionnel\/\" rel=\"tag\">Mobilier professionnel<\/a>\t<div class=\"qodef-info-separator-end\"><\/div>\n\t\t\t\t<\/div>\n\t\t\t<\/div>\n\t\t<\/div>\n\t<\/div>\n<\/article>\n<article class=\"qodef-e qodef-grid-item qodef-item--full  post-10569 portfolio-item type-portfolio-item status-publish has-post-thumbnail hentry portfolio-category-mobilier-professionnel portfolio-tag-organisation-et-separateurs-despaces\">\n\t<div class=\"qodef-e-inner\" >\n\t\t<div class=\"qodef-e-image\">\n\t\t\t\t<div class=\"qodef-e-media-image\">\n\t\t<a itemprop=\"url\" href=\"https:\/\/inter-faces.eu\/index.php\/portfolio-item\/cloisons-safedesign-par-caimi\/\" target=\"_self\">\n\t\t\t<img loading=\"lazy\" decoding=\"async\" width=\"800\" height=\"800\" src=\"https:\/\/inter-faces.eu\/wp-content\/uploads\/2024\/02\/302-1.jpg\" class=\"attachment-full size-full wp-post-image\" alt=\"\" srcset=\"https:\/\/inter-faces.eu\/wp-content\/uploads\/2024\/02\/302-1.jpg 800w, https:\/\/inter-faces.eu\/wp-content\/uploads\/2024\/02\/302-1-300x300.jpg 300w, https:\/\/inter-faces.eu\/wp-content\/uploads\/2024\/02\/302-1-150x150.jpg 150w, https:\/\/inter-faces.eu\/wp-content\/uploads\/2024\/02\/302-1-768x768.jpg 768w, https:\/\/inter-faces.eu\/wp-content\/uploads\/2024\/02\/302-1-650x650.jpg 650w, https:\/\/inter-faces.eu\/wp-content\/uploads\/2024\/02\/302-1-600x600.jpg 600w, https:\/\/inter-faces.eu\/wp-content\/uploads\/2024\/02\/302-1-100x100.jpg 100w\" sizes=\"(max-width: 800px) 100vw, 800px\" \/>\t\t<\/a>\n\t<\/div>\n\t\t\t\t\t<\/div>\n\t\t<div class=\"qodef-e-content\" style=\"margin:24px 0 30px 0px\">\n\t\t\t<div class=\"qodef-e-text\">\n\t\t\t\t<h4 itemprop=\"name\" class=\"qodef-e-title entry-title\" >\n\t<a itemprop=\"url\" class=\"qodef-e-title-link\" href=\"https:\/\/inter-faces.eu\/index.php\/portfolio-item\/cloisons-safedesign-par-caimi\/\" target=\"_self\">\n\t\tCloisons SafeDesign par Caimi\t<\/a>\n<\/h4>\n\t\t\t<\/div>\n\t\t\t<div class=\"qodef-e-top-holder\">\n\t\t\t\t<div class=\"qodef-e-info\">\n\t\t\t\t\t\t<a href=\"https:\/\/inter-faces.eu\/index.php\/portfolio-category\/mobilier-professionnel\/\" rel=\"tag\">Mobilier professionnel<\/a>\t<div class=\"qodef-info-separator-end\"><\/div>\n\t\t\t\t<\/div>\n\t\t\t<\/div>\n\t\t<\/div>\n\t<\/div>\n<\/article>\n<article class=\"qodef-e qodef-grid-item qodef-item--full  post-10568 portfolio-item type-portfolio-item status-publish has-post-thumbnail hentry portfolio-category-mobilier-professionnel portfolio-tag-organisation-et-separateurs-despaces\">\n\t<div class=\"qodef-e-inner\" >\n\t\t<div class=\"qodef-e-image\">\n\t\t\t\t<div class=\"qodef-e-media-image\">\n\t\t<a itemprop=\"url\" href=\"https:\/\/inter-faces.eu\/index.php\/portfolio-item\/panneaux-de-protection-clen\/\" target=\"_self\">\n\t\t\t<img loading=\"lazy\" decoding=\"async\" width=\"800\" height=\"800\" src=\"https:\/\/inter-faces.eu\/wp-content\/uploads\/2024\/02\/303-1.jpg\" class=\"attachment-full size-full wp-post-image\" alt=\"\" srcset=\"https:\/\/inter-faces.eu\/wp-content\/uploads\/2024\/02\/303-1.jpg 800w, https:\/\/inter-faces.eu\/wp-content\/uploads\/2024\/02\/303-1-300x300.jpg 300w, https:\/\/inter-faces.eu\/wp-content\/uploads\/2024\/02\/303-1-150x150.jpg 150w, https:\/\/inter-faces.eu\/wp-content\/uploads\/2024\/02\/303-1-768x768.jpg 768w, https:\/\/inter-faces.eu\/wp-content\/uploads\/2024\/02\/303-1-650x650.jpg 650w, https:\/\/inter-faces.eu\/wp-content\/uploads\/2024\/02\/303-1-600x600.jpg 600w, https:\/\/inter-faces.eu\/wp-content\/uploads\/2024\/02\/303-1-100x100.jpg 100w\" sizes=\"(max-width: 800px) 100vw, 800px\" \/>\t\t<\/a>\n\t<\/div>\n\t\t\t\t\t<\/div>\n\t\t<div class=\"qodef-e-content\" style=\"margin:24px 0 30px 0px\">\n\t\t\t<div class=\"qodef-e-text\">\n\t\t\t\t<h4 itemprop=\"name\" class=\"qodef-e-title entry-title\" >\n\t<a itemprop=\"url\" class=\"qodef-e-title-link\" href=\"https:\/\/inter-faces.eu\/index.php\/portfolio-item\/panneaux-de-protection-clen\/\" target=\"_self\">\n\t\tPanneaux de protection Clen\t<\/a>\n<\/h4>\n\t\t\t<\/div>\n\t\t\t<div class=\"qodef-e-top-holder\">\n\t\t\t\t<div class=\"qodef-e-info\">\n\t\t\t\t\t\t<a href=\"https:\/\/inter-faces.eu\/index.php\/portfolio-category\/mobilier-professionnel\/\" rel=\"tag\">Mobilier professionnel<\/a>\t<div class=\"qodef-info-separator-end\"><\/div>\n\t\t\t\t<\/div>\n\t\t\t<\/div>\n\t\t<\/div>\n\t<\/div>\n<\/article>\n<article class=\"qodef-e qodef-grid-item qodef-item--full  post-10525 portfolio-item type-portfolio-item status-publish has-post-thumbnail hentry portfolio-category-mobilier-professionnel portfolio-tag-organisation-et-separateurs-despaces\">\n\t<div class=\"qodef-e-inner\" >\n\t\t<div class=\"qodef-e-image\">\n\t\t\t\t<div class=\"qodef-e-media-image\">\n\t\t<a itemprop=\"url\" href=\"https:\/\/inter-faces.eu\/index.php\/portfolio-item\/les-solutions-originales-de-slide\/\" target=\"_self\">\n\t\t\t<img loading=\"lazy\" decoding=\"async\" width=\"800\" height=\"800\" src=\"https:\/\/inter-faces.eu\/wp-content\/uploads\/2024\/02\/304-1.jpg\" class=\"attachment-full size-full wp-post-image\" alt=\"\" srcset=\"https:\/\/inter-faces.eu\/wp-content\/uploads\/2024\/02\/304-1.jpg 800w, https:\/\/inter-faces.eu\/wp-content\/uploads\/2024\/02\/304-1-300x300.jpg 300w, https:\/\/inter-faces.eu\/wp-content\/uploads\/2024\/02\/304-1-150x150.jpg 150w, https:\/\/inter-faces.eu\/wp-content\/uploads\/2024\/02\/304-1-768x768.jpg 768w, https:\/\/inter-faces.eu\/wp-content\/uploads\/2024\/02\/304-1-650x650.jpg 650w, https:\/\/inter-faces.eu\/wp-content\/uploads\/2024\/02\/304-1-600x600.jpg 600w, https:\/\/inter-faces.eu\/wp-content\/uploads\/2024\/02\/304-1-100x100.jpg 100w\" sizes=\"(max-width: 800px) 100vw, 800px\" \/>\t\t<\/a>\n\t<\/div>\n\t\t\t\t\t<\/div>\n\t\t<div class=\"qodef-e-content\" style=\"margin:24px 0 30px 0px\">\n\t\t\t<div class=\"qodef-e-text\">\n\t\t\t\t<h4 itemprop=\"name\" class=\"qodef-e-title entry-title\" >\n\t<a itemprop=\"url\" class=\"qodef-e-title-link\" href=\"https:\/\/inter-faces.eu\/index.php\/portfolio-item\/les-solutions-originales-de-slide\/\" target=\"_self\">\n\t\tLes solutions originales de Slide\t<\/a>\n<\/h4>\n\t\t\t<\/div>\n\t\t\t<div class=\"qodef-e-top-holder\">\n\t\t\t\t<div class=\"qodef-e-info\">\n\t\t\t\t\t\t<a href=\"https:\/\/inter-faces.eu\/index.php\/portfolio-category\/mobilier-professionnel\/\" rel=\"tag\">Mobilier professionnel<\/a>\t<div class=\"qodef-info-separator-end\"><\/div>\n\t\t\t\t<\/div>\n\t\t\t<\/div>\n\t\t<\/div>\n\t<\/div>\n<\/article>\n<article class=\"qodef-e qodef-grid-item qodef-item--full  post-10524 portfolio-item type-portfolio-item status-publish has-post-thumbnail hentry portfolio-category-mobilier-professionnel portfolio-tag-organisation-et-separateurs-despaces\">\n\t<div class=\"qodef-e-inner\" >\n\t\t<div class=\"qodef-e-image\">\n\t\t\t\t<div class=\"qodef-e-media-image\">\n\t\t<a itemprop=\"url\" href=\"https:\/\/inter-faces.eu\/index.php\/portfolio-item\/ecrans-ariana\/\" target=\"_self\">\n\t\t\t<img loading=\"lazy\" decoding=\"async\" width=\"800\" height=\"800\" src=\"https:\/\/inter-faces.eu\/wp-content\/uploads\/2024\/02\/305-1.jpg\" class=\"attachment-full size-full wp-post-image\" alt=\"\" srcset=\"https:\/\/inter-faces.eu\/wp-content\/uploads\/2024\/02\/305-1.jpg 800w, https:\/\/inter-faces.eu\/wp-content\/uploads\/2024\/02\/305-1-300x300.jpg 300w, https:\/\/inter-faces.eu\/wp-content\/uploads\/2024\/02\/305-1-150x150.jpg 150w, https:\/\/inter-faces.eu\/wp-content\/uploads\/2024\/02\/305-1-768x768.jpg 768w, https:\/\/inter-faces.eu\/wp-content\/uploads\/2024\/02\/305-1-650x650.jpg 650w, https:\/\/inter-faces.eu\/wp-content\/uploads\/2024\/02\/305-1-600x600.jpg 600w, https:\/\/inter-faces.eu\/wp-content\/uploads\/2024\/02\/305-1-100x100.jpg 100w\" sizes=\"(max-width: 800px) 100vw, 800px\" \/>\t\t<\/a>\n\t<\/div>\n\t\t\t\t\t<\/div>\n\t\t<div class=\"qodef-e-content\" style=\"margin:24px 0 30px 0px\">\n\t\t\t<div class=\"qodef-e-text\">\n\t\t\t\t<h4 itemprop=\"name\" class=\"qodef-e-title entry-title\" >\n\t<a itemprop=\"url\" class=\"qodef-e-title-link\" href=\"https:\/\/inter-faces.eu\/index.php\/portfolio-item\/ecrans-ariana\/\" target=\"_self\">\n\t\tEcrans Ariana\t<\/a>\n<\/h4>\n\t\t\t<\/div>\n\t\t\t<div class=\"qodef-e-top-holder\">\n\t\t\t\t<div class=\"qodef-e-info\">\n\t\t\t\t\t\t<a href=\"https:\/\/inter-faces.eu\/index.php\/portfolio-category\/mobilier-professionnel\/\" rel=\"tag\">Mobilier professionnel<\/a>\t<div class=\"qodef-info-separator-end\"><\/div>\n\t\t\t\t<\/div>\n\t\t\t<\/div>\n\t\t<\/div>\n\t<\/div>\n<\/article>\n<article class=\"qodef-e qodef-grid-item qodef-item--full  post-10522 portfolio-item type-portfolio-item status-publish has-post-thumbnail hentry portfolio-category-mobilier-professionnel portfolio-tag-organisation-et-separateurs-despaces\">\n\t<div class=\"qodef-e-inner\" >\n\t\t<div class=\"qodef-e-image\">\n\t\t\t\t<div class=\"qodef-e-media-image\">\n\t\t<a itemprop=\"url\" href=\"https:\/\/inter-faces.eu\/index.php\/portfolio-item\/protections-daccueil-et-hygiaphones\/\" target=\"_self\">\n\t\t\t<img loading=\"lazy\" decoding=\"async\" width=\"800\" height=\"800\" src=\"https:\/\/inter-faces.eu\/wp-content\/uploads\/2024\/02\/307-1.jpg\" class=\"attachment-full size-full wp-post-image\" alt=\"\" srcset=\"https:\/\/inter-faces.eu\/wp-content\/uploads\/2024\/02\/307-1.jpg 800w, https:\/\/inter-faces.eu\/wp-content\/uploads\/2024\/02\/307-1-300x300.jpg 300w, https:\/\/inter-faces.eu\/wp-content\/uploads\/2024\/02\/307-1-150x150.jpg 150w, https:\/\/inter-faces.eu\/wp-content\/uploads\/2024\/02\/307-1-768x768.jpg 768w, https:\/\/inter-faces.eu\/wp-content\/uploads\/2024\/02\/307-1-650x650.jpg 650w, https:\/\/inter-faces.eu\/wp-content\/uploads\/2024\/02\/307-1-600x600.jpg 600w, https:\/\/inter-faces.eu\/wp-content\/uploads\/2024\/02\/307-1-100x100.jpg 100w\" sizes=\"(max-width: 800px) 100vw, 800px\" \/>\t\t<\/a>\n\t<\/div>\n\t\t\t\t\t<\/div>\n\t\t<div class=\"qodef-e-content\" style=\"margin:24px 0 30px 0px\">\n\t\t\t<div class=\"qodef-e-text\">\n\t\t\t\t<h4 itemprop=\"name\" class=\"qodef-e-title entry-title\" >\n\t<a itemprop=\"url\" class=\"qodef-e-title-link\" href=\"https:\/\/inter-faces.eu\/index.php\/portfolio-item\/protections-daccueil-et-hygiaphones\/\" target=\"_self\">\n\t\tProtections d&rsquo;accueil et hygiaphones\t<\/a>\n<\/h4>\n\t\t\t<\/div>\n\t\t\t<div class=\"qodef-e-top-holder\">\n\t\t\t\t<div class=\"qodef-e-info\">\n\t\t\t\t\t\t<a href=\"https:\/\/inter-faces.eu\/index.php\/portfolio-category\/mobilier-professionnel\/\" rel=\"tag\">Mobilier professionnel<\/a>\t<div class=\"qodef-info-separator-end\"><\/div>\n\t\t\t\t<\/div>\n\t\t\t<\/div>\n\t\t<\/div>\n\t<\/div>\n<\/article>\n<article class=\"qodef-e qodef-grid-item qodef-item--full  post-10521 portfolio-item type-portfolio-item status-publish has-post-thumbnail hentry portfolio-category-mobilier-professionnel portfolio-tag-organisation-et-separateurs-despaces\">\n\t<div class=\"qodef-e-inner\" >\n\t\t<div class=\"qodef-e-image\">\n\t\t\t\t<div class=\"qodef-e-media-image\">\n\t\t<a itemprop=\"url\" href=\"https:\/\/inter-faces.eu\/index.php\/portfolio-item\/work-safe-par-cascando\/\" target=\"_self\">\n\t\t\t<img loading=\"lazy\" decoding=\"async\" width=\"800\" height=\"800\" src=\"https:\/\/inter-faces.eu\/wp-content\/uploads\/2024\/02\/308-1.jpg\" class=\"attachment-full size-full wp-post-image\" alt=\"\" srcset=\"https:\/\/inter-faces.eu\/wp-content\/uploads\/2024\/02\/308-1.jpg 800w, https:\/\/inter-faces.eu\/wp-content\/uploads\/2024\/02\/308-1-300x300.jpg 300w, https:\/\/inter-faces.eu\/wp-content\/uploads\/2024\/02\/308-1-150x150.jpg 150w, https:\/\/inter-faces.eu\/wp-content\/uploads\/2024\/02\/308-1-768x768.jpg 768w, https:\/\/inter-faces.eu\/wp-content\/uploads\/2024\/02\/308-1-650x650.jpg 650w, https:\/\/inter-faces.eu\/wp-content\/uploads\/2024\/02\/308-1-600x600.jpg 600w, https:\/\/inter-faces.eu\/wp-content\/uploads\/2024\/02\/308-1-100x100.jpg 100w\" sizes=\"(max-width: 800px) 100vw, 800px\" \/>\t\t<\/a>\n\t<\/div>\n\t\t\t\t\t<\/div>\n\t\t<div class=\"qodef-e-content\" style=\"margin:24px 0 30px 0px\">\n\t\t\t<div class=\"qodef-e-text\">\n\t\t\t\t<h4 itemprop=\"name\" class=\"qodef-e-title entry-title\" >\n\t<a itemprop=\"url\" class=\"qodef-e-title-link\" href=\"https:\/\/inter-faces.eu\/index.php\/portfolio-item\/work-safe-par-cascando\/\" target=\"_self\">\n\t\tWork Safe par Cascando\t<\/a>\n<\/h4>\n\t\t\t<\/div>\n\t\t\t<div class=\"qodef-e-top-holder\">\n\t\t\t\t<div class=\"qodef-e-info\">\n\t\t\t\t\t\t<a href=\"https:\/\/inter-faces.eu\/index.php\/portfolio-category\/mobilier-professionnel\/\" rel=\"tag\">Mobilier professionnel<\/a>\t<div class=\"qodef-info-separator-end\"><\/div>\n\t\t\t\t<\/div>\n\t\t\t<\/div>\n\t\t<\/div>\n\t<\/div>\n<\/article>\n<article class=\"qodef-e qodef-grid-item qodef-item--full  post-10520 portfolio-item type-portfolio-item status-publish has-post-thumbnail hentry portfolio-category-mobilier-professionnel portfolio-tag-organisation-et-separateurs-despaces\">\n\t<div class=\"qodef-e-inner\" >\n\t\t<div class=\"qodef-e-image\">\n\t\t\t\t<div class=\"qodef-e-media-image\">\n\t\t<a itemprop=\"url\" href=\"https:\/\/inter-faces.eu\/index.php\/portfolio-item\/ecrans-plexy\/\" target=\"_self\">\n\t\t\t<img loading=\"lazy\" decoding=\"async\" width=\"800\" height=\"800\" src=\"https:\/\/inter-faces.eu\/wp-content\/uploads\/2024\/02\/309-1.jpg\" class=\"attachment-full size-full wp-post-image\" alt=\"\" srcset=\"https:\/\/inter-faces.eu\/wp-content\/uploads\/2024\/02\/309-1.jpg 800w, https:\/\/inter-faces.eu\/wp-content\/uploads\/2024\/02\/309-1-300x300.jpg 300w, https:\/\/inter-faces.eu\/wp-content\/uploads\/2024\/02\/309-1-150x150.jpg 150w, https:\/\/inter-faces.eu\/wp-content\/uploads\/2024\/02\/309-1-768x768.jpg 768w, https:\/\/inter-faces.eu\/wp-content\/uploads\/2024\/02\/309-1-650x650.jpg 650w, https:\/\/inter-faces.eu\/wp-content\/uploads\/2024\/02\/309-1-600x600.jpg 600w, https:\/\/inter-faces.eu\/wp-content\/uploads\/2024\/02\/309-1-100x100.jpg 100w\" sizes=\"(max-width: 800px) 100vw, 800px\" \/>\t\t<\/a>\n\t<\/div>\n\t\t\t\t\t<\/div>\n\t\t<div class=\"qodef-e-content\" style=\"margin:24px 0 30px 0px\">\n\t\t\t<div class=\"qodef-e-text\">\n\t\t\t\t<h4 itemprop=\"name\" class=\"qodef-e-title entry-title\" >\n\t<a itemprop=\"url\" class=\"qodef-e-title-link\" href=\"https:\/\/inter-faces.eu\/index.php\/portfolio-item\/ecrans-plexy\/\" target=\"_self\">\n\t\tEcrans Plexy\t<\/a>\n<\/h4>\n\t\t\t<\/div>\n\t\t\t<div class=\"qodef-e-top-holder\">\n\t\t\t\t<div class=\"qodef-e-info\">\n\t\t\t\t\t\t<a href=\"https:\/\/inter-faces.eu\/index.php\/portfolio-category\/mobilier-professionnel\/\" rel=\"tag\">Mobilier professionnel<\/a>\t<div class=\"qodef-info-separator-end\"><\/div>\n\t\t\t\t<\/div>\n\t\t\t<\/div>\n\t\t<\/div>\n\t<\/div>\n<\/article>\n<article class=\"qodef-e qodef-grid-item qodef-item--full  post-10519 portfolio-item type-portfolio-item status-publish has-post-thumbnail hentry portfolio-category-mobilier-professionnel portfolio-tag-organisation-et-separateurs-despaces\">\n\t<div class=\"qodef-e-inner\" >\n\t\t<div class=\"qodef-e-image\">\n\t\t\t\t<div class=\"qodef-e-media-image\">\n\t\t<a itemprop=\"url\" href=\"https:\/\/inter-faces.eu\/index.php\/portfolio-item\/cloisons-paperflow-healthcare\/\" target=\"_self\">\n\t\t\t<img loading=\"lazy\" decoding=\"async\" width=\"800\" height=\"800\" src=\"https:\/\/inter-faces.eu\/wp-content\/uploads\/2024\/02\/310-1.jpg\" class=\"attachment-full size-full wp-post-image\" alt=\"\" srcset=\"https:\/\/inter-faces.eu\/wp-content\/uploads\/2024\/02\/310-1.jpg 800w, https:\/\/inter-faces.eu\/wp-content\/uploads\/2024\/02\/310-1-300x300.jpg 300w, https:\/\/inter-faces.eu\/wp-content\/uploads\/2024\/02\/310-1-150x150.jpg 150w, https:\/\/inter-faces.eu\/wp-content\/uploads\/2024\/02\/310-1-768x768.jpg 768w, https:\/\/inter-faces.eu\/wp-content\/uploads\/2024\/02\/310-1-650x650.jpg 650w, https:\/\/inter-faces.eu\/wp-content\/uploads\/2024\/02\/310-1-600x600.jpg 600w, https:\/\/inter-faces.eu\/wp-content\/uploads\/2024\/02\/310-1-100x100.jpg 100w\" sizes=\"(max-width: 800px) 100vw, 800px\" \/>\t\t<\/a>\n\t<\/div>\n\t\t\t\t\t<\/div>\n\t\t<div class=\"qodef-e-content\" style=\"margin:24px 0 30px 0px\">\n\t\t\t<div class=\"qodef-e-text\">\n\t\t\t\t<h4 itemprop=\"name\" class=\"qodef-e-title entry-title\" >\n\t<a itemprop=\"url\" class=\"qodef-e-title-link\" href=\"https:\/\/inter-faces.eu\/index.php\/portfolio-item\/cloisons-paperflow-healthcare\/\" target=\"_self\">\n\t\tCloisons Paperflow Healthcare\t<\/a>\n<\/h4>\n\t\t\t<\/div>\n\t\t\t<div class=\"qodef-e-top-holder\">\n\t\t\t\t<div class=\"qodef-e-info\">\n\t\t\t\t\t\t<a href=\"https:\/\/inter-faces.eu\/index.php\/portfolio-category\/mobilier-professionnel\/\" rel=\"tag\">Mobilier professionnel<\/a>\t<div class=\"qodef-info-separator-end\"><\/div>\n\t\t\t\t<\/div>\n\t\t\t<\/div>\n\t\t<\/div>\n\t<\/div>\n<\/article>\n<article class=\"qodef-e qodef-grid-item qodef-item--full  post-10518 portfolio-item type-portfolio-item status-publish has-post-thumbnail hentry portfolio-category-mobilier-professionnel portfolio-tag-organisation-et-separateurs-despaces\">\n\t<div class=\"qodef-e-inner\" >\n\t\t<div class=\"qodef-e-image\">\n\t\t\t\t<div class=\"qodef-e-media-image\">\n\t\t<a itemprop=\"url\" href=\"https:\/\/inter-faces.eu\/index.php\/portfolio-item\/sieges-dattente-sesta\/\" target=\"_self\">\n\t\t\t<img loading=\"lazy\" decoding=\"async\" width=\"800\" height=\"800\" src=\"https:\/\/inter-faces.eu\/wp-content\/uploads\/2024\/02\/311-1.jpg\" class=\"attachment-full size-full wp-post-image\" alt=\"\" srcset=\"https:\/\/inter-faces.eu\/wp-content\/uploads\/2024\/02\/311-1.jpg 800w, https:\/\/inter-faces.eu\/wp-content\/uploads\/2024\/02\/311-1-300x300.jpg 300w, https:\/\/inter-faces.eu\/wp-content\/uploads\/2024\/02\/311-1-150x150.jpg 150w, https:\/\/inter-faces.eu\/wp-content\/uploads\/2024\/02\/311-1-768x768.jpg 768w, https:\/\/inter-faces.eu\/wp-content\/uploads\/2024\/02\/311-1-650x650.jpg 650w, https:\/\/inter-faces.eu\/wp-content\/uploads\/2024\/02\/311-1-600x600.jpg 600w, https:\/\/inter-faces.eu\/wp-content\/uploads\/2024\/02\/311-1-100x100.jpg 100w\" sizes=\"(max-width: 800px) 100vw, 800px\" \/>\t\t<\/a>\n\t<\/div>\n\t\t\t\t\t<\/div>\n\t\t<div class=\"qodef-e-content\" style=\"margin:24px 0 30px 0px\">\n\t\t\t<div class=\"qodef-e-text\">\n\t\t\t\t<h4 itemprop=\"name\" class=\"qodef-e-title entry-title\" >\n\t<a itemprop=\"url\" class=\"qodef-e-title-link\" href=\"https:\/\/inter-faces.eu\/index.php\/portfolio-item\/sieges-dattente-sesta\/\" target=\"_self\">\n\t\tSi\u00e8ges d&rsquo;attente Sesta\t<\/a>\n<\/h4>\n\t\t\t<\/div>\n\t\t\t<div class=\"qodef-e-top-holder\">\n\t\t\t\t<div class=\"qodef-e-info\">\n\t\t\t\t\t\t<a href=\"https:\/\/inter-faces.eu\/index.php\/portfolio-category\/mobilier-professionnel\/\" rel=\"tag\">Mobilier professionnel<\/a>\t<div class=\"qodef-info-separator-end\"><\/div>\n\t\t\t\t<\/div>\n\t\t\t<\/div>\n\t\t<\/div>\n\t<\/div>\n<\/article>\n\t<\/div>\n\t<\/div>\n\t\t<\/div>\n\t\t\t\t<\/div>\n\t\t\t\t\t<\/div>\n\t\t<\/div>\n\t\t\t\t\t<\/div>\n\t\t<\/section>\n\t\t\t\t<\/div>\n\t\t<button class=\"simplefavorite-button\" data-postid=\"10518\" data-siteid=\"1\" data-groupid=\"1\" data-favoritecount=\"0\" style=\"\">Ajouter \u00e0 ma liste d'envies <i class=\"fa-solid fa-heart\"><\/i><\/button>","protected":false},"excerpt":{"rendered":"<p>Organisation et s\u00e9parateurs d&rsquo;espaces Organiser, d\u00e9finir ou isoler un espace\u2026 Inter-Faces Pro vous propose des syst\u00e8mes de mobilier professionnel complets, capables de s\u2019adapter aux exigences de petits espaces comme des grands open-spaces. Cr\u00e9er un \u00eelot d\u2019intimit\u00e9 avec nos panneaux acoustiques, d\u00e9limiter un espace de travail personnalisable, convivial et collaboratif, trouver une solution de home office, [&hellip;]<\/p>\n","protected":false},"author":1,"featured_media":0,"parent":10336,"menu_order":0,"comment_status":"closed","ping_status":"closed","template":"","meta":{"footnotes":""},"yoast_head":"<!-- This site is optimized with the Yoast SEO plugin v22.6 - https:\/\/yoast.com\/wordpress\/plugins\/seo\/ -->\n<title>Organisation et s\u00e9parateurs d&#039;espaces - Inter-Faces<\/title>\n<meta name=\"robots\" content=\"index, follow, max-snippet:-1, max-image-preview:large, max-video-preview:-1\" \/>\n<link rel=\"canonical\" href=\"https:\/\/inter-faces.eu\/index.php\/mobilier-professionnel\/organisation-et-separateurs-despaces\/\" \/>\n<meta property=\"og:locale\" content=\"fr_FR\" \/>\n<meta property=\"og:type\" content=\"article\" \/>\n<meta property=\"og:title\" content=\"Organisation et s\u00e9parateurs d&#039;espaces - Inter-Faces\" \/>\n<meta property=\"og:description\" content=\"Organisation et s\u00e9parateurs d&rsquo;espaces Organiser, d\u00e9finir ou isoler un espace\u2026 Inter-Faces Pro vous propose des syst\u00e8mes de mobilier professionnel complets, capables de s\u2019adapter aux exigences de petits espaces comme des grands open-spaces. Cr\u00e9er un \u00eelot d\u2019intimit\u00e9 avec nos panneaux acoustiques, d\u00e9limiter un espace de travail personnalisable, convivial et collaboratif, trouver une solution de home office, [&hellip;]\" \/>\n<meta property=\"og:url\" content=\"https:\/\/inter-faces.eu\/index.php\/mobilier-professionnel\/organisation-et-separateurs-despaces\/\" \/>\n<meta property=\"og:site_name\" content=\"Inter-Faces\" \/>\n<meta property=\"article:publisher\" content=\"https:\/\/www.facebook.com\/interfacestoulon\" \/>\n<meta property=\"article:modified_time\" content=\"2025-06-02T14:15:30+00:00\" \/>\n<meta property=\"og:image\" content=\"https:\/\/inter-faces.eu\/wp-content\/uploads\/2025\/06\/Inter-Faces-Pro-Toulon-Mobilier-professionnel-Armoires-de-range-ment-armoires-portes-coulissantes-1.jpg\" \/>\n<meta name=\"twitter:card\" content=\"summary_large_image\" \/>\n<meta name=\"twitter:label1\" content=\"Dur\u00e9e de lecture estim\u00e9e\" \/>\n\t<meta name=\"twitter:data1\" content=\"6 minutes\" \/>\n<script type=\"application\/ld+json\" class=\"yoast-schema-graph\">{\"@context\":\"https:\/\/schema.org\",\"@graph\":[{\"@type\":\"WebPage\",\"@id\":\"https:\/\/inter-faces.eu\/index.php\/mobilier-professionnel\/organisation-et-separateurs-despaces\/\",\"url\":\"https:\/\/inter-faces.eu\/index.php\/mobilier-professionnel\/organisation-et-separateurs-despaces\/\",\"name\":\"Organisation et s\u00e9parateurs d'espaces - Inter-Faces\",\"isPartOf\":{\"@id\":\"https:\/\/inter-faces.eu\/#website\"},\"primaryImageOfPage\":{\"@id\":\"https:\/\/inter-faces.eu\/index.php\/mobilier-professionnel\/organisation-et-separateurs-despaces\/#primaryimage\"},\"image\":{\"@id\":\"https:\/\/inter-faces.eu\/index.php\/mobilier-professionnel\/organisation-et-separateurs-despaces\/#primaryimage\"},\"thumbnailUrl\":\"https:\/\/inter-faces.eu\/wp-content\/uploads\/2025\/06\/Inter-Faces-Pro-Toulon-Mobilier-professionnel-Armoires-de-range-ment-armoires-portes-coulissantes-1.jpg\",\"datePublished\":\"2024-03-19T13:28:23+00:00\",\"dateModified\":\"2025-06-02T14:15:30+00:00\",\"breadcrumb\":{\"@id\":\"https:\/\/inter-faces.eu\/index.php\/mobilier-professionnel\/organisation-et-separateurs-despaces\/#breadcrumb\"},\"inLanguage\":\"fr-FR\",\"potentialAction\":[{\"@type\":\"ReadAction\",\"target\":[\"https:\/\/inter-faces.eu\/index.php\/mobilier-professionnel\/organisation-et-separateurs-despaces\/\"]}]},{\"@type\":\"ImageObject\",\"inLanguage\":\"fr-FR\",\"@id\":\"https:\/\/inter-faces.eu\/index.php\/mobilier-professionnel\/organisation-et-separateurs-despaces\/#primaryimage\",\"url\":\"https:\/\/inter-faces.eu\/wp-content\/uploads\/2025\/06\/Inter-Faces-Pro-Toulon-Mobilier-professionnel-Armoires-de-range-ment-armoires-portes-coulissantes-1.jpg\",\"contentUrl\":\"https:\/\/inter-faces.eu\/wp-content\/uploads\/2025\/06\/Inter-Faces-Pro-Toulon-Mobilier-professionnel-Armoires-de-range-ment-armoires-portes-coulissantes-1.jpg\",\"width\":2000,\"height\":1410},{\"@type\":\"BreadcrumbList\",\"@id\":\"https:\/\/inter-faces.eu\/index.php\/mobilier-professionnel\/organisation-et-separateurs-despaces\/#breadcrumb\",\"itemListElement\":[{\"@type\":\"ListItem\",\"position\":1,\"name\":\"Accueil\",\"item\":\"https:\/\/inter-faces.eu\/\"},{\"@type\":\"ListItem\",\"position\":2,\"name\":\"Mobilier professionnel\",\"item\":\"https:\/\/inter-faces.eu\/index.php\/mobilier-professionnel\/\"},{\"@type\":\"ListItem\",\"position\":3,\"name\":\"Organisation et s\u00e9parateurs d&rsquo;espaces\"}]},{\"@type\":\"WebSite\",\"@id\":\"https:\/\/inter-faces.eu\/#website\",\"url\":\"https:\/\/inter-faces.eu\/\",\"name\":\"Inter-Faces\",\"description\":\"\",\"publisher\":{\"@id\":\"https:\/\/inter-faces.eu\/#organization\"},\"potentialAction\":[{\"@type\":\"SearchAction\",\"target\":{\"@type\":\"EntryPoint\",\"urlTemplate\":\"https:\/\/inter-faces.eu\/?s={search_term_string}\"},\"query-input\":\"required name=search_term_string\"}],\"inLanguage\":\"fr-FR\"},{\"@type\":\"Organization\",\"@id\":\"https:\/\/inter-faces.eu\/#organization\",\"name\":\"Inter-Faces\",\"url\":\"https:\/\/inter-faces.eu\/\",\"logo\":{\"@type\":\"ImageObject\",\"inLanguage\":\"fr-FR\",\"@id\":\"https:\/\/inter-faces.eu\/#\/schema\/logo\/image\/\",\"url\":\"https:\/\/inter-faces.eu\/wp-content\/uploads\/2024\/02\/logo.png\",\"contentUrl\":\"https:\/\/inter-faces.eu\/wp-content\/uploads\/2024\/02\/logo.png\",\"width\":400,\"height\":155,\"caption\":\"Inter-Faces\"},\"image\":{\"@id\":\"https:\/\/inter-faces.eu\/#\/schema\/logo\/image\/\"},\"sameAs\":[\"https:\/\/www.facebook.com\/interfacestoulon\",\"https:\/\/www.instagram.com\/inter_faces_mobilier\",\"https:\/\/www.youtube.com\/user\/interfacesmc\"]}]}<\/script>\n<!-- \/ Yoast SEO plugin. -->","yoast_head_json":{"title":"Organisation et s\u00e9parateurs d'espaces - Inter-Faces","robots":{"index":"index","follow":"follow","max-snippet":"max-snippet:-1","max-image-preview":"max-image-preview:large","max-video-preview":"max-video-preview:-1"},"canonical":"https:\/\/inter-faces.eu\/index.php\/mobilier-professionnel\/organisation-et-separateurs-despaces\/","og_locale":"fr_FR","og_type":"article","og_title":"Organisation et s\u00e9parateurs d'espaces - Inter-Faces","og_description":"Organisation et s\u00e9parateurs d&rsquo;espaces Organiser, d\u00e9finir ou isoler un espace\u2026 Inter-Faces Pro vous propose des syst\u00e8mes de mobilier professionnel complets, capables de s\u2019adapter aux exigences de petits espaces comme des grands open-spaces. Cr\u00e9er un \u00eelot d\u2019intimit\u00e9 avec nos panneaux acoustiques, d\u00e9limiter un espace de travail personnalisable, convivial et collaboratif, trouver une solution de home office, [&hellip;]","og_url":"https:\/\/inter-faces.eu\/index.php\/mobilier-professionnel\/organisation-et-separateurs-despaces\/","og_site_name":"Inter-Faces","article_publisher":"https:\/\/www.facebook.com\/interfacestoulon","article_modified_time":"2025-06-02T14:15:30+00:00","og_image":[{"url":"https:\/\/inter-faces.eu\/wp-content\/uploads\/2025\/06\/Inter-Faces-Pro-Toulon-Mobilier-professionnel-Armoires-de-range-ment-armoires-portes-coulissantes-1.jpg"}],"twitter_card":"summary_large_image","twitter_misc":{"Dur\u00e9e de lecture estim\u00e9e":"6 minutes"},"schema":{"@context":"https:\/\/schema.org","@graph":[{"@type":"WebPage","@id":"https:\/\/inter-faces.eu\/index.php\/mobilier-professionnel\/organisation-et-separateurs-despaces\/","url":"https:\/\/inter-faces.eu\/index.php\/mobilier-professionnel\/organisation-et-separateurs-despaces\/","name":"Organisation et s\u00e9parateurs d'espaces - Inter-Faces","isPartOf":{"@id":"https:\/\/inter-faces.eu\/#website"},"primaryImageOfPage":{"@id":"https:\/\/inter-faces.eu\/index.php\/mobilier-professionnel\/organisation-et-separateurs-despaces\/#primaryimage"},"image":{"@id":"https:\/\/inter-faces.eu\/index.php\/mobilier-professionnel\/organisation-et-separateurs-despaces\/#primaryimage"},"thumbnailUrl":"https:\/\/inter-faces.eu\/wp-content\/uploads\/2025\/06\/Inter-Faces-Pro-Toulon-Mobilier-professionnel-Armoires-de-range-ment-armoires-portes-coulissantes-1.jpg","datePublished":"2024-03-19T13:28:23+00:00","dateModified":"2025-06-02T14:15:30+00:00","breadcrumb":{"@id":"https:\/\/inter-faces.eu\/index.php\/mobilier-professionnel\/organisation-et-separateurs-despaces\/#breadcrumb"},"inLanguage":"fr-FR","potentialAction":[{"@type":"ReadAction","target":["https:\/\/inter-faces.eu\/index.php\/mobilier-professionnel\/organisation-et-separateurs-despaces\/"]}]},{"@type":"ImageObject","inLanguage":"fr-FR","@id":"https:\/\/inter-faces.eu\/index.php\/mobilier-professionnel\/organisation-et-separateurs-despaces\/#primaryimage","url":"https:\/\/inter-faces.eu\/wp-content\/uploads\/2025\/06\/Inter-Faces-Pro-Toulon-Mobilier-professionnel-Armoires-de-range-ment-armoires-portes-coulissantes-1.jpg","contentUrl":"https:\/\/inter-faces.eu\/wp-content\/uploads\/2025\/06\/Inter-Faces-Pro-Toulon-Mobilier-professionnel-Armoires-de-range-ment-armoires-portes-coulissantes-1.jpg","width":2000,"height":1410},{"@type":"BreadcrumbList","@id":"https:\/\/inter-faces.eu\/index.php\/mobilier-professionnel\/organisation-et-separateurs-despaces\/#breadcrumb","itemListElement":[{"@type":"ListItem","position":1,"name":"Accueil","item":"https:\/\/inter-faces.eu\/"},{"@type":"ListItem","position":2,"name":"Mobilier professionnel","item":"https:\/\/inter-faces.eu\/index.php\/mobilier-professionnel\/"},{"@type":"ListItem","position":3,"name":"Organisation et s\u00e9parateurs d&rsquo;espaces"}]},{"@type":"WebSite","@id":"https:\/\/inter-faces.eu\/#website","url":"https:\/\/inter-faces.eu\/","name":"Inter-Faces","description":"","publisher":{"@id":"https:\/\/inter-faces.eu\/#organization"},"potentialAction":[{"@type":"SearchAction","target":{"@type":"EntryPoint","urlTemplate":"https:\/\/inter-faces.eu\/?s={search_term_string}"},"query-input":"required name=search_term_string"}],"inLanguage":"fr-FR"},{"@type":"Organization","@id":"https:\/\/inter-faces.eu\/#organization","name":"Inter-Faces","url":"https:\/\/inter-faces.eu\/","logo":{"@type":"ImageObject","inLanguage":"fr-FR","@id":"https:\/\/inter-faces.eu\/#\/schema\/logo\/image\/","url":"https:\/\/inter-faces.eu\/wp-content\/uploads\/2024\/02\/logo.png","contentUrl":"https:\/\/inter-faces.eu\/wp-content\/uploads\/2024\/02\/logo.png","width":400,"height":155,"caption":"Inter-Faces"},"image":{"@id":"https:\/\/inter-faces.eu\/#\/schema\/logo\/image\/"},"sameAs":["https:\/\/www.facebook.com\/interfacestoulon","https:\/\/www.instagram.com\/inter_faces_mobilier","https:\/\/www.youtube.com\/user\/interfacesmc"]}]}},"_links":{"self":[{"href":"https:\/\/inter-faces.eu\/index.php\/wp-json\/wp\/v2\/pages\/14170"}],"collection":[{"href":"https:\/\/inter-faces.eu\/index.php\/wp-json\/wp\/v2\/pages"}],"about":[{"href":"https:\/\/inter-faces.eu\/index.php\/wp-json\/wp\/v2\/types\/page"}],"author":[{"embeddable":true,"href":"https:\/\/inter-faces.eu\/index.php\/wp-json\/wp\/v2\/users\/1"}],"replies":[{"embeddable":true,"href":"https:\/\/inter-faces.eu\/index.php\/wp-json\/wp\/v2\/comments?post=14170"}],"version-history":[{"count":19,"href":"https:\/\/inter-faces.eu\/index.php\/wp-json\/wp\/v2\/pages\/14170\/revisions"}],"predecessor-version":[{"id":18253,"href":"https:\/\/inter-faces.eu\/index.php\/wp-json\/wp\/v2\/pages\/14170\/revisions\/18253"}],"up":[{"embeddable":true,"href":"https:\/\/inter-faces.eu\/index.php\/wp-json\/wp\/v2\/pages\/10336"}],"wp:attachment":[{"href":"https:\/\/inter-faces.eu\/index.php\/wp-json\/wp\/v2\/media?parent=14170"}],"curies":[{"name":"wp","href":"https:\/\/api.w.org\/{rel}","templated":true}]}}