{"id":13649,"date":"2024-02-26T12:01:36","date_gmt":"2024-02-26T11:01:36","guid":{"rendered":"https:\/\/romainleny-dev.com\/?page_id=13649"},"modified":"2024-05-02T15:39:50","modified_gmt":"2024-05-02T13:39:50","slug":"tables-basses","status":"publish","type":"page","link":"https:\/\/inter-faces.eu\/index.php\/tables-basses\/","title":{"rendered":"Tables basses"},"content":{"rendered":"\t\t<div data-elementor-type=\"wp-page\" data-elementor-id=\"13649\" class=\"elementor elementor-13649\" data-elementor-post-type=\"page\">\n\t\t\t\t<div class=\"elementor-element elementor-element-649c2197 e-con-full e-flex e-con e-parent\" data-id=\"649c2197\" data-element_type=\"container\" data-core-v316-plus=\"true\">\n\t\t\t\t<div class=\"elementor-element elementor-element-3c1accde elementor-widget elementor-widget-hiroshi_core_section_title\" data-id=\"3c1accde\" data-element_type=\"widget\" data-widget_type=\"hiroshi_core_section_title.default\">\n\t\t\t\t<div class=\"elementor-widget-container\">\n\t\t\t<div class=\"qodef-shortcode qodef-m  qodef-section-title qodef-alignment--left \">\n\t\t<h1 class=\"qodef-m-title\" >\n\t\t\t\t\tTables basses\t\t\t<\/h1>\n\t\t<p class=\"qodef-m-text\" >C\u2019est l\u2019\u00e9l\u00e9ment central de votre salon ou de votre salon de jardin, elle joue avec tous les mat\u00e9riaux, bois, verre, m\u00e9tal, r\u00e9sine \u2026 et toutes les formes : ronde, carr\u00e9e, unique, modulaire ou gigogne. \nLes designers contemporains ne s\u2019y sont pas tromp\u00e9s et ont tous offert leur vision de ce meuble convivial.<\/p>\n<\/div>\n\t\t<\/div>\n\t\t\t\t<\/div>\n\t\t\t\t<\/div>\n\t\t\t\t<section class=\"elementor-section elementor-top-section elementor-element elementor-element-661fdc45 elementor-section-full_width qodef-elementor-content-grid elementor-section-height-default elementor-section-height-default qodef-elementor-column-no\" data-id=\"661fdc45\" data-element_type=\"section\">\n\t\t\t\t\t\t<div class=\"elementor-container elementor-column-gap-default\">\n\t\t\t\t\t<div class=\"elementor-column elementor-col-100 elementor-top-column elementor-element elementor-element-23f4da1f\" data-id=\"23f4da1f\" data-element_type=\"column\">\n\t\t\t<div class=\"elementor-widget-wrap elementor-element-populated\">\n\t\t\t\t\t\t<div class=\"elementor-element elementor-element-4c171564 elementor-widget elementor-widget-hiroshi_core_portfolio_list\" data-id=\"4c171564\" data-element_type=\"widget\" data-widget_type=\"hiroshi_core_portfolio_list.default\">\n\t\t\t\t<div class=\"elementor-widget-container\">\n\t\t\t<div class=\"qodef-shortcode qodef-m  qodef-portfolio-list qodef-item-layout--info-below  qodef-grid qodef-layout--columns  qodef-gutter--tiny qodef-col-num--3 qodef-item-layout--info-below qodef--no-bottom-space qodef-pagination--off qodef-responsive--predefined qodef-hover-animation--move-text\" data-options=\"{&quot;plugin&quot;:&quot;hiroshi_core&quot;,&quot;module&quot;:&quot;post-types\\\/portfolio\\\/shortcodes&quot;,&quot;shortcode&quot;:&quot;portfolio-list&quot;,&quot;post_type&quot;:&quot;portfolio-item&quot;,&quot;next_page&quot;:&quot;2&quot;,&quot;max_pages_num&quot;:1,&quot;behavior&quot;:&quot;columns&quot;,&quot;images_proportion&quot;:&quot;full&quot;,&quot;columns&quot;:&quot;3&quot;,&quot;columns_responsive&quot;:&quot;predefined&quot;,&quot;space&quot;:&quot;tiny&quot;,&quot;posts_per_page&quot;:&quot;200&quot;,&quot;orderby&quot;:&quot;date&quot;,&quot;order&quot;:&quot;DESC&quot;,&quot;additional_params&quot;:&quot;tax&quot;,&quot;tax&quot;:&quot;portfolio-tag&quot;,&quot;tax_slug&quot;:&quot;table-basse&quot;,&quot;layout&quot;:&quot;info-below&quot;,&quot;hover_animation_info-below&quot;:&quot;move-text&quot;,&quot;hover_animation_info-follow&quot;:&quot;follow&quot;,&quot;hover_animation_info-on-hover&quot;:&quot;fade-in&quot;,&quot;title_tag&quot;:&quot;h4&quot;,&quot;enable_category&quot;:&quot;yes&quot;,&quot;zigzag&quot;:&quot;no&quot;,&quot;custom_margin&quot;:&quot;no&quot;,&quot;enable_appear&quot;:&quot;no&quot;,&quot;pagination_type&quot;:&quot;no-pagination&quot;,&quot;info_below_content_margin&quot;:&quot;24px 0 30px 0px&quot;,&quot;object_class_name&quot;:&quot;HiroshiCore_Portfolio_List_Shortcode&quot;,&quot;taxonomy_filter&quot;:&quot;portfolio-tag&quot;,&quot;additional_query_args&quot;:{&quot;tax_query&quot;:[{&quot;taxonomy&quot;:&quot;portfolio-tag&quot;,&quot;field&quot;:&quot;slug&quot;,&quot;terms&quot;:&quot;table-basse&quot;}]},&quot;space_value&quot;:4}\">\n\t\t<div class=\"qodef-grid-inner clear\">\n\t\t<article class=\"qodef-e qodef-grid-item qodef-item--full  post-18942 portfolio-item type-portfolio-item status-publish has-post-thumbnail hentry portfolio-category-salon portfolio-category-tables-basses portfolio-tag-chevet portfolio-tag-normann-copenhagen portfolio-tag-outdoor portfolio-tag-salon portfolio-tag-table-basse\">\n\t<div class=\"qodef-e-inner\" >\n\t\t<div class=\"qodef-e-image\">\n\t\t\t\t<div class=\"qodef-e-media-image\">\n\t\t<a itemprop=\"url\" href=\"https:\/\/inter-faces.eu\/index.php\/portfolio-item\/collection-bit-recyclee-et-multi-fonctions-normann-copenhagen-2\/\" target=\"_self\">\n\t\t\t<img fetchpriority=\"high\" decoding=\"async\" width=\"1600\" height=\"1000\" src=\"https:\/\/inter-faces.eu\/wp-content\/uploads\/2026\/04\/Bit_Stool_Tabouret-Table-dappoint-chevet-platique-recycle-Normann-Copenhagen-6.webp\" class=\"attachment-full size-full wp-post-image\" alt=\"\" srcset=\"https:\/\/inter-faces.eu\/wp-content\/uploads\/2026\/04\/Bit_Stool_Tabouret-Table-dappoint-chevet-platique-recycle-Normann-Copenhagen-6.webp 1600w, https:\/\/inter-faces.eu\/wp-content\/uploads\/2026\/04\/Bit_Stool_Tabouret-Table-dappoint-chevet-platique-recycle-Normann-Copenhagen-6-300x188.webp 300w, https:\/\/inter-faces.eu\/wp-content\/uploads\/2026\/04\/Bit_Stool_Tabouret-Table-dappoint-chevet-platique-recycle-Normann-Copenhagen-6-1024x640.webp 1024w, https:\/\/inter-faces.eu\/wp-content\/uploads\/2026\/04\/Bit_Stool_Tabouret-Table-dappoint-chevet-platique-recycle-Normann-Copenhagen-6-768x480.webp 768w, https:\/\/inter-faces.eu\/wp-content\/uploads\/2026\/04\/Bit_Stool_Tabouret-Table-dappoint-chevet-platique-recycle-Normann-Copenhagen-6-1536x960.webp 1536w, https:\/\/inter-faces.eu\/wp-content\/uploads\/2026\/04\/Bit_Stool_Tabouret-Table-dappoint-chevet-platique-recycle-Normann-Copenhagen-6-600x375.webp 600w\" sizes=\"(max-width: 1600px) 100vw, 1600px\" \/>\t\t<\/a>\n\t<\/div>\n\t\t\t\t\t<\/div>\n\t\t<div class=\"qodef-e-content\" style=\"margin:24px 0 30px 0px\">\n\t\t\t<div class=\"qodef-e-text\">\n\t\t\t\t<h4 itemprop=\"name\" class=\"qodef-e-title entry-title\" >\n\t<a itemprop=\"url\" class=\"qodef-e-title-link\" href=\"https:\/\/inter-faces.eu\/index.php\/portfolio-item\/collection-bit-recyclee-et-multi-fonctions-normann-copenhagen-2\/\" target=\"_self\">\n\t\tCollection Bit&#8230; Recycl\u00e9e et multi-fonctions &#8211; Normann Copenhagen\t<\/a>\n<\/h4>\n\t\t\t<\/div>\n\t\t\t<div class=\"qodef-e-top-holder\">\n\t\t\t\t<div class=\"qodef-e-info\">\n\t\t\t\t\t\t<a href=\"https:\/\/inter-faces.eu\/index.php\/portfolio-category\/salon\/\" rel=\"tag\">Salon<\/a><span class=\"qodef-info-separator-single\"><\/span><a href=\"https:\/\/inter-faces.eu\/index.php\/portfolio-category\/tables-basses\/\" rel=\"tag\">Tables basses<\/a>\t<div class=\"qodef-info-separator-end\"><\/div>\n\t\t\t\t<\/div>\n\t\t\t<\/div>\n\t\t<\/div>\n\t<\/div>\n<\/article>\n<article class=\"qodef-e qodef-grid-item qodef-item--full  post-12053 portfolio-item type-portfolio-item status-publish has-post-thumbnail hentry portfolio-category-salon portfolio-category-tables-basses portfolio-tag-salon portfolio-tag-table-basse portfolio-tag-usm\">\n\t<div class=\"qodef-e-inner\" >\n\t\t<div class=\"qodef-e-image\">\n\t\t\t\t<div class=\"qodef-e-media-image\">\n\t\t<a itemprop=\"url\" href=\"https:\/\/inter-faces.eu\/index.php\/portfolio-item\/creez-votre-table-basse-avec-usm\/\" target=\"_self\">\n\t\t\t<img decoding=\"async\" width=\"1200\" height=\"1200\" src=\"https:\/\/inter-faces.eu\/wp-content\/uploads\/2024\/02\/Inter-FacesToulon-et-Puget-sur-Argens-USM-Haller.jpg\" class=\"attachment-full size-full wp-post-image\" alt=\"\" srcset=\"https:\/\/inter-faces.eu\/wp-content\/uploads\/2024\/02\/Inter-FacesToulon-et-Puget-sur-Argens-USM-Haller.jpg 1200w, https:\/\/inter-faces.eu\/wp-content\/uploads\/2024\/02\/Inter-FacesToulon-et-Puget-sur-Argens-USM-Haller-300x300.jpg 300w, https:\/\/inter-faces.eu\/wp-content\/uploads\/2024\/02\/Inter-FacesToulon-et-Puget-sur-Argens-USM-Haller-1024x1024.jpg 1024w, https:\/\/inter-faces.eu\/wp-content\/uploads\/2024\/02\/Inter-FacesToulon-et-Puget-sur-Argens-USM-Haller-150x150.jpg 150w, https:\/\/inter-faces.eu\/wp-content\/uploads\/2024\/02\/Inter-FacesToulon-et-Puget-sur-Argens-USM-Haller-768x768.jpg 768w, https:\/\/inter-faces.eu\/wp-content\/uploads\/2024\/02\/Inter-FacesToulon-et-Puget-sur-Argens-USM-Haller-650x650.jpg 650w, https:\/\/inter-faces.eu\/wp-content\/uploads\/2024\/02\/Inter-FacesToulon-et-Puget-sur-Argens-USM-Haller-600x600.jpg 600w, https:\/\/inter-faces.eu\/wp-content\/uploads\/2024\/02\/Inter-FacesToulon-et-Puget-sur-Argens-USM-Haller-100x100.jpg 100w\" sizes=\"(max-width: 1200px) 100vw, 1200px\" \/>\t\t<\/a>\n\t<\/div>\n\t\t\t\t\t<\/div>\n\t\t<div class=\"qodef-e-content\" style=\"margin:24px 0 30px 0px\">\n\t\t\t<div class=\"qodef-e-text\">\n\t\t\t\t<h4 itemprop=\"name\" class=\"qodef-e-title entry-title\" >\n\t<a itemprop=\"url\" class=\"qodef-e-title-link\" href=\"https:\/\/inter-faces.eu\/index.php\/portfolio-item\/creez-votre-table-basse-avec-usm\/\" target=\"_self\">\n\t\tUne table basse, tout en transparence, ou pas &#8230; &#8211; USM !\t<\/a>\n<\/h4>\n\t\t\t<\/div>\n\t\t\t<div class=\"qodef-e-top-holder\">\n\t\t\t\t<div class=\"qodef-e-info\">\n\t\t\t\t\t\t<a href=\"https:\/\/inter-faces.eu\/index.php\/portfolio-category\/salon\/\" rel=\"tag\">Salon<\/a><span class=\"qodef-info-separator-single\"><\/span><a href=\"https:\/\/inter-faces.eu\/index.php\/portfolio-category\/tables-basses\/\" rel=\"tag\">Tables basses<\/a>\t<div class=\"qodef-info-separator-end\"><\/div>\n\t\t\t\t<\/div>\n\t\t\t<\/div>\n\t\t<\/div>\n\t<\/div>\n<\/article>\n<article class=\"qodef-e qodef-grid-item qodef-item--full  post-18579 portfolio-item type-portfolio-item status-publish has-post-thumbnail hentry portfolio-category-salon portfolio-category-tables-basses portfolio-tag-chevet portfolio-tag-kartell portfolio-tag-outdoor portfolio-tag-patricia-urquiola portfolio-tag-salon portfolio-tag-table-basse\">\n\t<div class=\"qodef-e-inner\" >\n\t\t<div class=\"qodef-e-image\">\n\t\t\t\t<div class=\"qodef-e-media-image\">\n\t\t<a itemprop=\"url\" href=\"https:\/\/inter-faces.eu\/index.php\/portfolio-item\/collection-de-tables-cortezza-de-patricia-urquiola-kartell\/\" target=\"_self\">\n\t\t\t<img decoding=\"async\" width=\"997\" height=\"772\" src=\"https:\/\/inter-faces.eu\/wp-content\/uploads\/2025\/09\/Inter-Faces-mobilier-contemporain-design-Toulon-Puget-sur-Argens-Table-basse-et-table-dappoint-Cortezza-Kartell--e1757499433858.webp\" class=\"attachment-full size-full wp-post-image\" alt=\"\" srcset=\"https:\/\/inter-faces.eu\/wp-content\/uploads\/2025\/09\/Inter-Faces-mobilier-contemporain-design-Toulon-Puget-sur-Argens-Table-basse-et-table-dappoint-Cortezza-Kartell--e1757499433858.webp 997w, https:\/\/inter-faces.eu\/wp-content\/uploads\/2025\/09\/Inter-Faces-mobilier-contemporain-design-Toulon-Puget-sur-Argens-Table-basse-et-table-dappoint-Cortezza-Kartell--e1757499433858-300x232.webp 300w, https:\/\/inter-faces.eu\/wp-content\/uploads\/2025\/09\/Inter-Faces-mobilier-contemporain-design-Toulon-Puget-sur-Argens-Table-basse-et-table-dappoint-Cortezza-Kartell--e1757499433858-768x595.webp 768w, https:\/\/inter-faces.eu\/wp-content\/uploads\/2025\/09\/Inter-Faces-mobilier-contemporain-design-Toulon-Puget-sur-Argens-Table-basse-et-table-dappoint-Cortezza-Kartell--e1757499433858-600x465.webp 600w\" sizes=\"(max-width: 997px) 100vw, 997px\" \/>\t\t<\/a>\n\t<\/div>\n\t\t\t\t\t<\/div>\n\t\t<div class=\"qodef-e-content\" style=\"margin:24px 0 30px 0px\">\n\t\t\t<div class=\"qodef-e-text\">\n\t\t\t\t<h4 itemprop=\"name\" class=\"qodef-e-title entry-title\" >\n\t<a itemprop=\"url\" class=\"qodef-e-title-link\" href=\"https:\/\/inter-faces.eu\/index.php\/portfolio-item\/collection-de-tables-cortezza-de-patricia-urquiola-kartell\/\" target=\"_self\">\n\t\tCollection de tables Cortezza de Patricia Urquiola &#8211; Kartell\t<\/a>\n<\/h4>\n\t\t\t<\/div>\n\t\t\t<div class=\"qodef-e-top-holder\">\n\t\t\t\t<div class=\"qodef-e-info\">\n\t\t\t\t\t\t<a href=\"https:\/\/inter-faces.eu\/index.php\/portfolio-category\/salon\/\" rel=\"tag\">Salon<\/a><span class=\"qodef-info-separator-single\"><\/span><a href=\"https:\/\/inter-faces.eu\/index.php\/portfolio-category\/tables-basses\/\" rel=\"tag\">Tables basses<\/a>\t<div class=\"qodef-info-separator-end\"><\/div>\n\t\t\t\t<\/div>\n\t\t\t<\/div>\n\t\t<\/div>\n\t<\/div>\n<\/article>\n<article class=\"qodef-e qodef-grid-item qodef-item--full  post-18550 portfolio-item type-portfolio-item status-publish has-post-thumbnail hentry portfolio-category-chambre portfolio-category-salon portfolio-category-tables-basses portfolio-tag-mogg portfolio-tag-salon portfolio-tag-table-basse\">\n\t<div class=\"qodef-e-inner\" >\n\t\t<div class=\"qodef-e-image\">\n\t\t\t\t<div class=\"qodef-e-media-image\">\n\t\t<a itemprop=\"url\" href=\"https:\/\/inter-faces.eu\/index.php\/portfolio-item\/lignes-douces-et-genereuses-tables-basses-bilbao-mogg\/\" target=\"_self\">\n\t\t\t<img loading=\"lazy\" decoding=\"async\" width=\"1280\" height=\"1160\" src=\"https:\/\/inter-faces.eu\/wp-content\/uploads\/2025\/09\/Inter-Faces-Meuble-design-contemporain-Toulon-et-Puget-sur-Argens-mogg_table-basse-_BILBAO-1-e1756910734941.jpg\" class=\"attachment-full size-full wp-post-image\" alt=\"\" srcset=\"https:\/\/inter-faces.eu\/wp-content\/uploads\/2025\/09\/Inter-Faces-Meuble-design-contemporain-Toulon-et-Puget-sur-Argens-mogg_table-basse-_BILBAO-1-e1756910734941.jpg 1280w, https:\/\/inter-faces.eu\/wp-content\/uploads\/2025\/09\/Inter-Faces-Meuble-design-contemporain-Toulon-et-Puget-sur-Argens-mogg_table-basse-_BILBAO-1-e1756910734941-300x272.jpg 300w, https:\/\/inter-faces.eu\/wp-content\/uploads\/2025\/09\/Inter-Faces-Meuble-design-contemporain-Toulon-et-Puget-sur-Argens-mogg_table-basse-_BILBAO-1-e1756910734941-1024x928.jpg 1024w, https:\/\/inter-faces.eu\/wp-content\/uploads\/2025\/09\/Inter-Faces-Meuble-design-contemporain-Toulon-et-Puget-sur-Argens-mogg_table-basse-_BILBAO-1-e1756910734941-768x696.jpg 768w, https:\/\/inter-faces.eu\/wp-content\/uploads\/2025\/09\/Inter-Faces-Meuble-design-contemporain-Toulon-et-Puget-sur-Argens-mogg_table-basse-_BILBAO-1-e1756910734941-600x544.jpg 600w\" sizes=\"(max-width: 1280px) 100vw, 1280px\" \/>\t\t<\/a>\n\t<\/div>\n\t\t\t\t\t<\/div>\n\t\t<div class=\"qodef-e-content\" style=\"margin:24px 0 30px 0px\">\n\t\t\t<div class=\"qodef-e-text\">\n\t\t\t\t<h4 itemprop=\"name\" class=\"qodef-e-title entry-title\" >\n\t<a itemprop=\"url\" class=\"qodef-e-title-link\" href=\"https:\/\/inter-faces.eu\/index.php\/portfolio-item\/lignes-douces-et-genereuses-tables-basses-bilbao-mogg\/\" target=\"_self\">\n\t\tLignes douces et g\u00e9n\u00e9reuses, tables basses Bilbao &#8211; Mogg\t<\/a>\n<\/h4>\n\t\t\t<\/div>\n\t\t\t<div class=\"qodef-e-top-holder\">\n\t\t\t\t<div class=\"qodef-e-info\">\n\t\t\t\t\t\t<a href=\"https:\/\/inter-faces.eu\/index.php\/portfolio-category\/chambre\/\" rel=\"tag\">Chambre<\/a><span class=\"qodef-info-separator-single\"><\/span><a href=\"https:\/\/inter-faces.eu\/index.php\/portfolio-category\/salon\/\" rel=\"tag\">Salon<\/a><span class=\"qodef-info-separator-single\"><\/span><a href=\"https:\/\/inter-faces.eu\/index.php\/portfolio-category\/tables-basses\/\" rel=\"tag\">Tables basses<\/a>\t<div class=\"qodef-info-separator-end\"><\/div>\n\t\t\t\t<\/div>\n\t\t\t<\/div>\n\t\t<\/div>\n\t<\/div>\n<\/article>\n<article class=\"qodef-e qodef-grid-item qodef-item--full  post-18416 portfolio-item type-portfolio-item status-publish has-post-thumbnail hentry portfolio-category-salon portfolio-category-tables-basses portfolio-tag-table-basse portfolio-tag-treku\">\n\t<div class=\"qodef-e-inner\" >\n\t\t<div class=\"qodef-e-image\">\n\t\t\t\t<div class=\"qodef-e-media-image\">\n\t\t<a itemprop=\"url\" href=\"https:\/\/inter-faces.eu\/index.php\/portfolio-item\/kabi-tables-gigognes-contemporaines-treku\/\" target=\"_self\">\n\t\t\t<img loading=\"lazy\" decoding=\"async\" width=\"2560\" height=\"2560\" src=\"https:\/\/inter-faces.eu\/wp-content\/uploads\/2025\/07\/Inter-Faces-kabi-table-basse-ou-chevet-design-contemporain-Treku-6-scaled.jpg\" class=\"attachment-full size-full wp-post-image\" alt=\"\" srcset=\"https:\/\/inter-faces.eu\/wp-content\/uploads\/2025\/07\/Inter-Faces-kabi-table-basse-ou-chevet-design-contemporain-Treku-6-scaled.jpg 2560w, https:\/\/inter-faces.eu\/wp-content\/uploads\/2025\/07\/Inter-Faces-kabi-table-basse-ou-chevet-design-contemporain-Treku-6-300x300.jpg 300w, https:\/\/inter-faces.eu\/wp-content\/uploads\/2025\/07\/Inter-Faces-kabi-table-basse-ou-chevet-design-contemporain-Treku-6-1024x1024.jpg 1024w, https:\/\/inter-faces.eu\/wp-content\/uploads\/2025\/07\/Inter-Faces-kabi-table-basse-ou-chevet-design-contemporain-Treku-6-150x150.jpg 150w, https:\/\/inter-faces.eu\/wp-content\/uploads\/2025\/07\/Inter-Faces-kabi-table-basse-ou-chevet-design-contemporain-Treku-6-768x768.jpg 768w, https:\/\/inter-faces.eu\/wp-content\/uploads\/2025\/07\/Inter-Faces-kabi-table-basse-ou-chevet-design-contemporain-Treku-6-1536x1536.jpg 1536w, https:\/\/inter-faces.eu\/wp-content\/uploads\/2025\/07\/Inter-Faces-kabi-table-basse-ou-chevet-design-contemporain-Treku-6-2048x2048.jpg 2048w, https:\/\/inter-faces.eu\/wp-content\/uploads\/2025\/07\/Inter-Faces-kabi-table-basse-ou-chevet-design-contemporain-Treku-6-650x650.jpg 650w, https:\/\/inter-faces.eu\/wp-content\/uploads\/2025\/07\/Inter-Faces-kabi-table-basse-ou-chevet-design-contemporain-Treku-6-1300x1300.jpg 1300w, https:\/\/inter-faces.eu\/wp-content\/uploads\/2025\/07\/Inter-Faces-kabi-table-basse-ou-chevet-design-contemporain-Treku-6-600x600.jpg 600w, https:\/\/inter-faces.eu\/wp-content\/uploads\/2025\/07\/Inter-Faces-kabi-table-basse-ou-chevet-design-contemporain-Treku-6-100x100.jpg 100w\" sizes=\"(max-width: 2560px) 100vw, 2560px\" \/>\t\t<\/a>\n\t<\/div>\n\t\t\t\t\t<\/div>\n\t\t<div class=\"qodef-e-content\" style=\"margin:24px 0 30px 0px\">\n\t\t\t<div class=\"qodef-e-text\">\n\t\t\t\t<h4 itemprop=\"name\" class=\"qodef-e-title entry-title\" >\n\t<a itemprop=\"url\" class=\"qodef-e-title-link\" href=\"https:\/\/inter-faces.eu\/index.php\/portfolio-item\/kabi-tables-gigognes-contemporaines-treku\/\" target=\"_self\">\n\t\tKabi, tables gigognes contemporaines &#8211; Treku\t<\/a>\n<\/h4>\n\t\t\t<\/div>\n\t\t\t<div class=\"qodef-e-top-holder\">\n\t\t\t\t<div class=\"qodef-e-info\">\n\t\t\t\t\t\t<a href=\"https:\/\/inter-faces.eu\/index.php\/portfolio-category\/salon\/\" rel=\"tag\">Salon<\/a><span class=\"qodef-info-separator-single\"><\/span><a href=\"https:\/\/inter-faces.eu\/index.php\/portfolio-category\/tables-basses\/\" rel=\"tag\">Tables basses<\/a>\t<div class=\"qodef-info-separator-end\"><\/div>\n\t\t\t\t<\/div>\n\t\t\t<\/div>\n\t\t<\/div>\n\t<\/div>\n<\/article>\n<article class=\"qodef-e qodef-grid-item qodef-item--full  post-18408 portfolio-item type-portfolio-item status-publish has-post-thumbnail hentry portfolio-category-salon portfolio-category-tables-basses portfolio-tag-table-basse portfolio-tag-treku\">\n\t<div class=\"qodef-e-inner\" >\n\t\t<div class=\"qodef-e-image\">\n\t\t\t\t<div class=\"qodef-e-media-image\">\n\t\t<a itemprop=\"url\" href=\"https:\/\/inter-faces.eu\/index.php\/portfolio-item\/tables-basses-gau-totalement-personnalisables-treku\/\" target=\"_self\">\n\t\t\t<img loading=\"lazy\" decoding=\"async\" width=\"2560\" height=\"2494\" src=\"https:\/\/inter-faces.eu\/wp-content\/uploads\/2025\/07\/Inter-Faces-Gau-table-basse-design-contemporain-Treku-3-scaled.jpg\" class=\"attachment-full size-full wp-post-image\" alt=\"\" srcset=\"https:\/\/inter-faces.eu\/wp-content\/uploads\/2025\/07\/Inter-Faces-Gau-table-basse-design-contemporain-Treku-3-scaled.jpg 2560w, https:\/\/inter-faces.eu\/wp-content\/uploads\/2025\/07\/Inter-Faces-Gau-table-basse-design-contemporain-Treku-3-300x292.jpg 300w, https:\/\/inter-faces.eu\/wp-content\/uploads\/2025\/07\/Inter-Faces-Gau-table-basse-design-contemporain-Treku-3-1024x998.jpg 1024w, https:\/\/inter-faces.eu\/wp-content\/uploads\/2025\/07\/Inter-Faces-Gau-table-basse-design-contemporain-Treku-3-768x748.jpg 768w, https:\/\/inter-faces.eu\/wp-content\/uploads\/2025\/07\/Inter-Faces-Gau-table-basse-design-contemporain-Treku-3-1536x1496.jpg 1536w, https:\/\/inter-faces.eu\/wp-content\/uploads\/2025\/07\/Inter-Faces-Gau-table-basse-design-contemporain-Treku-3-2048x1995.jpg 2048w, https:\/\/inter-faces.eu\/wp-content\/uploads\/2025\/07\/Inter-Faces-Gau-table-basse-design-contemporain-Treku-3-600x585.jpg 600w\" sizes=\"(max-width: 2560px) 100vw, 2560px\" \/>\t\t<\/a>\n\t<\/div>\n\t\t\t\t\t<\/div>\n\t\t<div class=\"qodef-e-content\" style=\"margin:24px 0 30px 0px\">\n\t\t\t<div class=\"qodef-e-text\">\n\t\t\t\t<h4 itemprop=\"name\" class=\"qodef-e-title entry-title\" >\n\t<a itemprop=\"url\" class=\"qodef-e-title-link\" href=\"https:\/\/inter-faces.eu\/index.php\/portfolio-item\/tables-basses-gau-totalement-personnalisables-treku\/\" target=\"_self\">\n\t\tTables basses Gau, totalement personnalisables &#8211; Treku\t<\/a>\n<\/h4>\n\t\t\t<\/div>\n\t\t\t<div class=\"qodef-e-top-holder\">\n\t\t\t\t<div class=\"qodef-e-info\">\n\t\t\t\t\t\t<a href=\"https:\/\/inter-faces.eu\/index.php\/portfolio-category\/salon\/\" rel=\"tag\">Salon<\/a><span class=\"qodef-info-separator-single\"><\/span><a href=\"https:\/\/inter-faces.eu\/index.php\/portfolio-category\/tables-basses\/\" rel=\"tag\">Tables basses<\/a>\t<div class=\"qodef-info-separator-end\"><\/div>\n\t\t\t\t<\/div>\n\t\t\t<\/div>\n\t\t<\/div>\n\t<\/div>\n<\/article>\n<article class=\"qodef-e qodef-grid-item qodef-item--full  post-18432 portfolio-item type-portfolio-item status-publish has-post-thumbnail hentry portfolio-category-salon portfolio-category-tables-basses portfolio-tag-table-basse portfolio-tag-treku\">\n\t<div class=\"qodef-e-inner\" >\n\t\t<div class=\"qodef-e-image\">\n\t\t\t\t<div class=\"qodef-e-media-image\">\n\t\t<a itemprop=\"url\" href=\"https:\/\/inter-faces.eu\/index.php\/portfolio-item\/hiru-petite-table-a-tout-faire-treku\/\" target=\"_self\">\n\t\t\t<img loading=\"lazy\" decoding=\"async\" width=\"1706\" height=\"1736\" src=\"https:\/\/inter-faces.eu\/wp-content\/uploads\/2025\/07\/Inter-Faces-HIRU-table-basse-ou-chevet-design-contemporain-Treku-6-scaled-e1752073038368.jpg\" class=\"attachment-full size-full wp-post-image\" alt=\"\" srcset=\"https:\/\/inter-faces.eu\/wp-content\/uploads\/2025\/07\/Inter-Faces-HIRU-table-basse-ou-chevet-design-contemporain-Treku-6-scaled-e1752073038368.jpg 1706w, https:\/\/inter-faces.eu\/wp-content\/uploads\/2025\/07\/Inter-Faces-HIRU-table-basse-ou-chevet-design-contemporain-Treku-6-scaled-e1752073038368-295x300.jpg 295w, https:\/\/inter-faces.eu\/wp-content\/uploads\/2025\/07\/Inter-Faces-HIRU-table-basse-ou-chevet-design-contemporain-Treku-6-scaled-e1752073038368-1006x1024.jpg 1006w, https:\/\/inter-faces.eu\/wp-content\/uploads\/2025\/07\/Inter-Faces-HIRU-table-basse-ou-chevet-design-contemporain-Treku-6-scaled-e1752073038368-768x782.jpg 768w, https:\/\/inter-faces.eu\/wp-content\/uploads\/2025\/07\/Inter-Faces-HIRU-table-basse-ou-chevet-design-contemporain-Treku-6-scaled-e1752073038368-1509x1536.jpg 1509w, https:\/\/inter-faces.eu\/wp-content\/uploads\/2025\/07\/Inter-Faces-HIRU-table-basse-ou-chevet-design-contemporain-Treku-6-scaled-e1752073038368-600x611.jpg 600w\" sizes=\"(max-width: 1706px) 100vw, 1706px\" \/>\t\t<\/a>\n\t<\/div>\n\t\t\t\t\t<\/div>\n\t\t<div class=\"qodef-e-content\" style=\"margin:24px 0 30px 0px\">\n\t\t\t<div class=\"qodef-e-text\">\n\t\t\t\t<h4 itemprop=\"name\" class=\"qodef-e-title entry-title\" >\n\t<a itemprop=\"url\" class=\"qodef-e-title-link\" href=\"https:\/\/inter-faces.eu\/index.php\/portfolio-item\/hiru-petite-table-a-tout-faire-treku\/\" target=\"_self\">\n\t\tHiru, petite table \u00e0 tout faire &#8211; Treku\t<\/a>\n<\/h4>\n\t\t\t<\/div>\n\t\t\t<div class=\"qodef-e-top-holder\">\n\t\t\t\t<div class=\"qodef-e-info\">\n\t\t\t\t\t\t<a href=\"https:\/\/inter-faces.eu\/index.php\/portfolio-category\/salon\/\" rel=\"tag\">Salon<\/a><span class=\"qodef-info-separator-single\"><\/span><a href=\"https:\/\/inter-faces.eu\/index.php\/portfolio-category\/tables-basses\/\" rel=\"tag\">Tables basses<\/a>\t<div class=\"qodef-info-separator-end\"><\/div>\n\t\t\t\t<\/div>\n\t\t\t<\/div>\n\t\t<\/div>\n\t<\/div>\n<\/article>\n<article class=\"qodef-e qodef-grid-item qodef-item--full  post-17095 portfolio-item type-portfolio-item status-publish has-post-thumbnail hentry portfolio-category-salon portfolio-category-tables-basses portfolio-tag-cassina portfolio-tag-charlotte-perriand portfolio-tag-table-basse\">\n\t<div class=\"qodef-e-inner\" >\n\t\t<div class=\"qodef-e-image\">\n\t\t\t\t<div class=\"qodef-e-media-image\">\n\t\t<a itemprop=\"url\" href=\"https:\/\/inter-faces.eu\/index.php\/portfolio-item\/mexique-combinaisons-composees-de-charlotte-perriand-cassina\/\" target=\"_self\">\n\t\t\t<img loading=\"lazy\" decoding=\"async\" width=\"1800\" height=\"1200\" src=\"https:\/\/inter-faces.eu\/wp-content\/uploads\/2024\/10\/CASSINA-Table-Mexique3.jpg\" class=\"attachment-full size-full wp-post-image\" alt=\"\" srcset=\"https:\/\/inter-faces.eu\/wp-content\/uploads\/2024\/10\/CASSINA-Table-Mexique3.jpg 1800w, https:\/\/inter-faces.eu\/wp-content\/uploads\/2024\/10\/CASSINA-Table-Mexique3-300x200.jpg 300w, https:\/\/inter-faces.eu\/wp-content\/uploads\/2024\/10\/CASSINA-Table-Mexique3-1024x683.jpg 1024w, https:\/\/inter-faces.eu\/wp-content\/uploads\/2024\/10\/CASSINA-Table-Mexique3-768x512.jpg 768w, https:\/\/inter-faces.eu\/wp-content\/uploads\/2024\/10\/CASSINA-Table-Mexique3-1536x1024.jpg 1536w, https:\/\/inter-faces.eu\/wp-content\/uploads\/2024\/10\/CASSINA-Table-Mexique3-600x400.jpg 600w\" sizes=\"(max-width: 1800px) 100vw, 1800px\" \/>\t\t<\/a>\n\t<\/div>\n\t\t\t\t\t<\/div>\n\t\t<div class=\"qodef-e-content\" style=\"margin:24px 0 30px 0px\">\n\t\t\t<div class=\"qodef-e-text\">\n\t\t\t\t<h4 itemprop=\"name\" class=\"qodef-e-title entry-title\" >\n\t<a itemprop=\"url\" class=\"qodef-e-title-link\" href=\"https:\/\/inter-faces.eu\/index.php\/portfolio-item\/mexique-combinaisons-composees-de-charlotte-perriand-cassina\/\" target=\"_self\">\n\t\tMexique, combinaisons compos\u00e9es de Charlotte Perriand &#8211; Cassina\t<\/a>\n<\/h4>\n\t\t\t<\/div>\n\t\t\t<div class=\"qodef-e-top-holder\">\n\t\t\t\t<div class=\"qodef-e-info\">\n\t\t\t\t\t\t<a href=\"https:\/\/inter-faces.eu\/index.php\/portfolio-category\/salon\/\" rel=\"tag\">Salon<\/a><span class=\"qodef-info-separator-single\"><\/span><a href=\"https:\/\/inter-faces.eu\/index.php\/portfolio-category\/tables-basses\/\" rel=\"tag\">Tables basses<\/a>\t<div class=\"qodef-info-separator-end\"><\/div>\n\t\t\t\t<\/div>\n\t\t\t<\/div>\n\t\t<\/div>\n\t<\/div>\n<\/article>\n<article class=\"qodef-e qodef-grid-item qodef-item--full  post-17718 portfolio-item type-portfolio-item status-publish has-post-thumbnail hentry portfolio-category-salon portfolio-category-tables-basses portfolio-tag-muundo portfolio-tag-table-basse\">\n\t<div class=\"qodef-e-inner\" >\n\t\t<div class=\"qodef-e-image\">\n\t\t\t\t<div class=\"qodef-e-media-image\">\n\t\t<a itemprop=\"url\" href=\"https:\/\/inter-faces.eu\/index.php\/portfolio-item\/collection-usoo-organique-et-imparfaite-muundo\/\" target=\"_self\">\n\t\t\t<img loading=\"lazy\" decoding=\"async\" width=\"1201\" height=\"1500\" src=\"https:\/\/inter-faces.eu\/wp-content\/uploads\/2025\/02\/MUUNDO-Usoo-Table-basse-3-.webp\" class=\"attachment-full size-full wp-post-image\" alt=\"\" srcset=\"https:\/\/inter-faces.eu\/wp-content\/uploads\/2025\/02\/MUUNDO-Usoo-Table-basse-3-.webp 1201w, https:\/\/inter-faces.eu\/wp-content\/uploads\/2025\/02\/MUUNDO-Usoo-Table-basse-3--240x300.webp 240w, https:\/\/inter-faces.eu\/wp-content\/uploads\/2025\/02\/MUUNDO-Usoo-Table-basse-3--820x1024.webp 820w, https:\/\/inter-faces.eu\/wp-content\/uploads\/2025\/02\/MUUNDO-Usoo-Table-basse-3--768x959.webp 768w, https:\/\/inter-faces.eu\/wp-content\/uploads\/2025\/02\/MUUNDO-Usoo-Table-basse-3--600x749.webp 600w\" sizes=\"(max-width: 1201px) 100vw, 1201px\" \/>\t\t<\/a>\n\t<\/div>\n\t\t\t\t\t<\/div>\n\t\t<div class=\"qodef-e-content\" style=\"margin:24px 0 30px 0px\">\n\t\t\t<div class=\"qodef-e-text\">\n\t\t\t\t<h4 itemprop=\"name\" class=\"qodef-e-title entry-title\" >\n\t<a itemprop=\"url\" class=\"qodef-e-title-link\" href=\"https:\/\/inter-faces.eu\/index.php\/portfolio-item\/collection-usoo-organique-et-imparfaite-muundo\/\" target=\"_self\">\n\t\tCollection Usoo naturelle et imparfaite &#8211; Muundo\t<\/a>\n<\/h4>\n\t\t\t<\/div>\n\t\t\t<div class=\"qodef-e-top-holder\">\n\t\t\t\t<div class=\"qodef-e-info\">\n\t\t\t\t\t\t<a href=\"https:\/\/inter-faces.eu\/index.php\/portfolio-category\/salon\/\" rel=\"tag\">Salon<\/a><span class=\"qodef-info-separator-single\"><\/span><a href=\"https:\/\/inter-faces.eu\/index.php\/portfolio-category\/tables-basses\/\" rel=\"tag\">Tables basses<\/a>\t<div class=\"qodef-info-separator-end\"><\/div>\n\t\t\t\t<\/div>\n\t\t\t<\/div>\n\t\t<\/div>\n\t<\/div>\n<\/article>\n<article class=\"qodef-e qodef-grid-item qodef-item--full  post-17268 portfolio-item type-portfolio-item status-publish has-post-thumbnail hentry portfolio-category-salon portfolio-category-tables-basses portfolio-tag-glas-italia portfolio-tag-patricia-urquiola portfolio-tag-table-basse\">\n\t<div class=\"qodef-e-inner\" >\n\t\t<div class=\"qodef-e-image\">\n\t\t\t\t<div class=\"qodef-e-media-image\">\n\t\t<a itemprop=\"url\" href=\"https:\/\/inter-faces.eu\/index.php\/portfolio-item\/la-serie-babar-unique-et-organique-de-patricia-urquiola-glass-italia\/\" target=\"_self\">\n\t\t\t<img loading=\"lazy\" decoding=\"async\" width=\"1200\" height=\"1200\" src=\"https:\/\/inter-faces.eu\/wp-content\/uploads\/2024\/10\/Glas-Italia-Table-basse-Babar-2.webp\" class=\"attachment-full size-full wp-post-image\" alt=\"\" srcset=\"https:\/\/inter-faces.eu\/wp-content\/uploads\/2024\/10\/Glas-Italia-Table-basse-Babar-2.webp 1200w, https:\/\/inter-faces.eu\/wp-content\/uploads\/2024\/10\/Glas-Italia-Table-basse-Babar-2-300x300.webp 300w, https:\/\/inter-faces.eu\/wp-content\/uploads\/2024\/10\/Glas-Italia-Table-basse-Babar-2-1024x1024.webp 1024w, https:\/\/inter-faces.eu\/wp-content\/uploads\/2024\/10\/Glas-Italia-Table-basse-Babar-2-150x150.webp 150w, https:\/\/inter-faces.eu\/wp-content\/uploads\/2024\/10\/Glas-Italia-Table-basse-Babar-2-768x768.webp 768w, https:\/\/inter-faces.eu\/wp-content\/uploads\/2024\/10\/Glas-Italia-Table-basse-Babar-2-650x650.webp 650w, https:\/\/inter-faces.eu\/wp-content\/uploads\/2024\/10\/Glas-Italia-Table-basse-Babar-2-600x600.webp 600w, https:\/\/inter-faces.eu\/wp-content\/uploads\/2024\/10\/Glas-Italia-Table-basse-Babar-2-100x100.webp 100w\" sizes=\"(max-width: 1200px) 100vw, 1200px\" \/>\t\t<\/a>\n\t<\/div>\n\t\t\t\t\t<\/div>\n\t\t<div class=\"qodef-e-content\" style=\"margin:24px 0 30px 0px\">\n\t\t\t<div class=\"qodef-e-text\">\n\t\t\t\t<h4 itemprop=\"name\" class=\"qodef-e-title entry-title\" >\n\t<a itemprop=\"url\" class=\"qodef-e-title-link\" href=\"https:\/\/inter-faces.eu\/index.php\/portfolio-item\/la-serie-babar-unique-et-organique-de-patricia-urquiola-glass-italia\/\" target=\"_self\">\n\t\tLa s\u00e9rie Babar, unique et organique de Patricia Urquiola &#8211; Glass Italia\t<\/a>\n<\/h4>\n\t\t\t<\/div>\n\t\t\t<div class=\"qodef-e-top-holder\">\n\t\t\t\t<div class=\"qodef-e-info\">\n\t\t\t\t\t\t<a href=\"https:\/\/inter-faces.eu\/index.php\/portfolio-category\/salon\/\" rel=\"tag\">Salon<\/a><span class=\"qodef-info-separator-single\"><\/span><a href=\"https:\/\/inter-faces.eu\/index.php\/portfolio-category\/tables-basses\/\" rel=\"tag\">Tables basses<\/a>\t<div class=\"qodef-info-separator-end\"><\/div>\n\t\t\t\t<\/div>\n\t\t\t<\/div>\n\t\t<\/div>\n\t<\/div>\n<\/article>\n<article class=\"qodef-e qodef-grid-item qodef-item--full  post-17281 portfolio-item type-portfolio-item status-publish has-post-thumbnail hentry portfolio-category-salon portfolio-category-tables-basses portfolio-tag-mogg portfolio-tag-table-basse\">\n\t<div class=\"qodef-e-inner\" >\n\t\t<div class=\"qodef-e-image\">\n\t\t\t\t<div class=\"qodef-e-media-image\">\n\t\t<a itemprop=\"url\" href=\"https:\/\/inter-faces.eu\/index.php\/portfolio-item\/table-dune-comme-un-paysage-mogg\/\" target=\"_self\">\n\t\t\t<img loading=\"lazy\" decoding=\"async\" width=\"1920\" height=\"1280\" src=\"https:\/\/inter-faces.eu\/wp-content\/uploads\/2024\/10\/Mogg-table-dune-5.webp\" class=\"attachment-full size-full wp-post-image\" alt=\"\" srcset=\"https:\/\/inter-faces.eu\/wp-content\/uploads\/2024\/10\/Mogg-table-dune-5.webp 1920w, https:\/\/inter-faces.eu\/wp-content\/uploads\/2024\/10\/Mogg-table-dune-5-300x200.webp 300w, https:\/\/inter-faces.eu\/wp-content\/uploads\/2024\/10\/Mogg-table-dune-5-1024x683.webp 1024w, https:\/\/inter-faces.eu\/wp-content\/uploads\/2024\/10\/Mogg-table-dune-5-768x512.webp 768w, https:\/\/inter-faces.eu\/wp-content\/uploads\/2024\/10\/Mogg-table-dune-5-1536x1024.webp 1536w, https:\/\/inter-faces.eu\/wp-content\/uploads\/2024\/10\/Mogg-table-dune-5-600x400.webp 600w\" sizes=\"(max-width: 1920px) 100vw, 1920px\" \/>\t\t<\/a>\n\t<\/div>\n\t\t\t\t\t<\/div>\n\t\t<div class=\"qodef-e-content\" style=\"margin:24px 0 30px 0px\">\n\t\t\t<div class=\"qodef-e-text\">\n\t\t\t\t<h4 itemprop=\"name\" class=\"qodef-e-title entry-title\" >\n\t<a itemprop=\"url\" class=\"qodef-e-title-link\" href=\"https:\/\/inter-faces.eu\/index.php\/portfolio-item\/table-dune-comme-un-paysage-mogg\/\" target=\"_self\">\n\t\tTable Dune, comme un paysage &#8211; Mogg\t<\/a>\n<\/h4>\n\t\t\t<\/div>\n\t\t\t<div class=\"qodef-e-top-holder\">\n\t\t\t\t<div class=\"qodef-e-info\">\n\t\t\t\t\t\t<a href=\"https:\/\/inter-faces.eu\/index.php\/portfolio-category\/salon\/\" rel=\"tag\">Salon<\/a><span class=\"qodef-info-separator-single\"><\/span><a href=\"https:\/\/inter-faces.eu\/index.php\/portfolio-category\/tables-basses\/\" rel=\"tag\">Tables basses<\/a>\t<div class=\"qodef-info-separator-end\"><\/div>\n\t\t\t\t<\/div>\n\t\t\t<\/div>\n\t\t<\/div>\n\t<\/div>\n<\/article>\n<article class=\"qodef-e qodef-grid-item qodef-item--full  post-17258 portfolio-item type-portfolio-item status-publish has-post-thumbnail hentry portfolio-category-salon portfolio-category-tables-basses portfolio-tag-acerbis portfolio-tag-table-basse\">\n\t<div class=\"qodef-e-inner\" >\n\t\t<div class=\"qodef-e-image\">\n\t\t\t\t<div class=\"qodef-e-media-image\">\n\t\t<a itemprop=\"url\" href=\"https:\/\/inter-faces.eu\/index.php\/portfolio-item\/collection-lokum-sculptures-de-verre-acerbis\/\" target=\"_self\">\n\t\t\t<img loading=\"lazy\" decoding=\"async\" width=\"800\" height=\"800\" src=\"https:\/\/inter-faces.eu\/wp-content\/uploads\/2024\/10\/ACERBIS-Table-basse-Lokum-4-.jpg\" class=\"attachment-full size-full wp-post-image\" alt=\"\" srcset=\"https:\/\/inter-faces.eu\/wp-content\/uploads\/2024\/10\/ACERBIS-Table-basse-Lokum-4-.jpg 800w, https:\/\/inter-faces.eu\/wp-content\/uploads\/2024\/10\/ACERBIS-Table-basse-Lokum-4--300x300.jpg 300w, https:\/\/inter-faces.eu\/wp-content\/uploads\/2024\/10\/ACERBIS-Table-basse-Lokum-4--150x150.jpg 150w, https:\/\/inter-faces.eu\/wp-content\/uploads\/2024\/10\/ACERBIS-Table-basse-Lokum-4--768x768.jpg 768w, https:\/\/inter-faces.eu\/wp-content\/uploads\/2024\/10\/ACERBIS-Table-basse-Lokum-4--650x650.jpg 650w, https:\/\/inter-faces.eu\/wp-content\/uploads\/2024\/10\/ACERBIS-Table-basse-Lokum-4--600x600.jpg 600w, https:\/\/inter-faces.eu\/wp-content\/uploads\/2024\/10\/ACERBIS-Table-basse-Lokum-4--100x100.jpg 100w\" sizes=\"(max-width: 800px) 100vw, 800px\" \/>\t\t<\/a>\n\t<\/div>\n\t\t\t\t\t<\/div>\n\t\t<div class=\"qodef-e-content\" style=\"margin:24px 0 30px 0px\">\n\t\t\t<div class=\"qodef-e-text\">\n\t\t\t\t<h4 itemprop=\"name\" class=\"qodef-e-title entry-title\" >\n\t<a itemprop=\"url\" class=\"qodef-e-title-link\" href=\"https:\/\/inter-faces.eu\/index.php\/portfolio-item\/collection-lokum-sculptures-de-verre-acerbis\/\" target=\"_self\">\n\t\tCollection Lokum, sculptures de verre &#8211; Acerbis\t<\/a>\n<\/h4>\n\t\t\t<\/div>\n\t\t\t<div class=\"qodef-e-top-holder\">\n\t\t\t\t<div class=\"qodef-e-info\">\n\t\t\t\t\t\t<a href=\"https:\/\/inter-faces.eu\/index.php\/portfolio-category\/salon\/\" rel=\"tag\">Salon<\/a><span class=\"qodef-info-separator-single\"><\/span><a href=\"https:\/\/inter-faces.eu\/index.php\/portfolio-category\/tables-basses\/\" rel=\"tag\">Tables basses<\/a>\t<div class=\"qodef-info-separator-end\"><\/div>\n\t\t\t\t<\/div>\n\t\t\t<\/div>\n\t\t<\/div>\n\t<\/div>\n<\/article>\n<article class=\"qodef-e qodef-grid-item qodef-item--full  post-17249 portfolio-item type-portfolio-item status-publish has-post-thumbnail hentry portfolio-category-salon portfolio-category-tables-basses portfolio-tag-cassina portfolio-tag-table-basse\">\n\t<div class=\"qodef-e-inner\" >\n\t\t<div class=\"qodef-e-image\">\n\t\t\t\t<div class=\"qodef-e-media-image\">\n\t\t<a itemprop=\"url\" href=\"https:\/\/inter-faces.eu\/index.php\/portfolio-item\/les-tables-torei-eclectiques-et-polyvalentes-cassina\/\" target=\"_self\">\n\t\t\t<img loading=\"lazy\" decoding=\"async\" width=\"1500\" height=\"844\" src=\"https:\/\/inter-faces.eu\/wp-content\/uploads\/2024\/10\/CASSINA-Table-Torei-6.jpg\" class=\"attachment-full size-full wp-post-image\" alt=\"\" srcset=\"https:\/\/inter-faces.eu\/wp-content\/uploads\/2024\/10\/CASSINA-Table-Torei-6.jpg 1500w, https:\/\/inter-faces.eu\/wp-content\/uploads\/2024\/10\/CASSINA-Table-Torei-6-300x169.jpg 300w, https:\/\/inter-faces.eu\/wp-content\/uploads\/2024\/10\/CASSINA-Table-Torei-6-1024x576.jpg 1024w, https:\/\/inter-faces.eu\/wp-content\/uploads\/2024\/10\/CASSINA-Table-Torei-6-768x432.jpg 768w, https:\/\/inter-faces.eu\/wp-content\/uploads\/2024\/10\/CASSINA-Table-Torei-6-600x338.jpg 600w\" sizes=\"(max-width: 1500px) 100vw, 1500px\" \/>\t\t<\/a>\n\t<\/div>\n\t\t\t\t\t<\/div>\n\t\t<div class=\"qodef-e-content\" style=\"margin:24px 0 30px 0px\">\n\t\t\t<div class=\"qodef-e-text\">\n\t\t\t\t<h4 itemprop=\"name\" class=\"qodef-e-title entry-title\" >\n\t<a itemprop=\"url\" class=\"qodef-e-title-link\" href=\"https:\/\/inter-faces.eu\/index.php\/portfolio-item\/les-tables-torei-eclectiques-et-polyvalentes-cassina\/\" target=\"_self\">\n\t\tLes tables Torei, \u00e9clectiques et polyvalentes &#8211; Cassina\t<\/a>\n<\/h4>\n\t\t\t<\/div>\n\t\t\t<div class=\"qodef-e-top-holder\">\n\t\t\t\t<div class=\"qodef-e-info\">\n\t\t\t\t\t\t<a href=\"https:\/\/inter-faces.eu\/index.php\/portfolio-category\/salon\/\" rel=\"tag\">Salon<\/a><span class=\"qodef-info-separator-single\"><\/span><a href=\"https:\/\/inter-faces.eu\/index.php\/portfolio-category\/tables-basses\/\" rel=\"tag\">Tables basses<\/a>\t<div class=\"qodef-info-separator-end\"><\/div>\n\t\t\t\t<\/div>\n\t\t\t<\/div>\n\t\t<\/div>\n\t<\/div>\n<\/article>\n<article class=\"qodef-e qodef-grid-item qodef-item--full  post-17139 portfolio-item type-portfolio-item status-publish has-post-thumbnail hentry portfolio-category-ligne-roset portfolio-category-salon portfolio-category-tables-basses portfolio-tag-ligne-roset portfolio-tag-table-basse\">\n\t<div class=\"qodef-e-inner\" >\n\t\t<div class=\"qodef-e-image\">\n\t\t\t\t<div class=\"qodef-e-media-image\">\n\t\t<a itemprop=\"url\" href=\"https:\/\/inter-faces.eu\/index.php\/portfolio-item\/table-basse-suki-ligne-roset\/\" target=\"_self\">\n\t\t\t<img loading=\"lazy\" decoding=\"async\" width=\"2000\" height=\"2000\" src=\"https:\/\/inter-faces.eu\/wp-content\/uploads\/2024\/10\/LIGNE-ROSET-Table-basse-Suki.-2.jpg\" class=\"attachment-full size-full wp-post-image\" alt=\"\" srcset=\"https:\/\/inter-faces.eu\/wp-content\/uploads\/2024\/10\/LIGNE-ROSET-Table-basse-Suki.-2.jpg 2000w, https:\/\/inter-faces.eu\/wp-content\/uploads\/2024\/10\/LIGNE-ROSET-Table-basse-Suki.-2-300x300.jpg 300w, https:\/\/inter-faces.eu\/wp-content\/uploads\/2024\/10\/LIGNE-ROSET-Table-basse-Suki.-2-1024x1024.jpg 1024w, https:\/\/inter-faces.eu\/wp-content\/uploads\/2024\/10\/LIGNE-ROSET-Table-basse-Suki.-2-150x150.jpg 150w, https:\/\/inter-faces.eu\/wp-content\/uploads\/2024\/10\/LIGNE-ROSET-Table-basse-Suki.-2-768x768.jpg 768w, https:\/\/inter-faces.eu\/wp-content\/uploads\/2024\/10\/LIGNE-ROSET-Table-basse-Suki.-2-1536x1536.jpg 1536w, https:\/\/inter-faces.eu\/wp-content\/uploads\/2024\/10\/LIGNE-ROSET-Table-basse-Suki.-2-650x650.jpg 650w, https:\/\/inter-faces.eu\/wp-content\/uploads\/2024\/10\/LIGNE-ROSET-Table-basse-Suki.-2-1300x1300.jpg 1300w, https:\/\/inter-faces.eu\/wp-content\/uploads\/2024\/10\/LIGNE-ROSET-Table-basse-Suki.-2-600x600.jpg 600w, https:\/\/inter-faces.eu\/wp-content\/uploads\/2024\/10\/LIGNE-ROSET-Table-basse-Suki.-2-100x100.jpg 100w\" sizes=\"(max-width: 2000px) 100vw, 2000px\" \/>\t\t<\/a>\n\t<\/div>\n\t\t\t\t\t<\/div>\n\t\t<div class=\"qodef-e-content\" style=\"margin:24px 0 30px 0px\">\n\t\t\t<div class=\"qodef-e-text\">\n\t\t\t\t<h4 itemprop=\"name\" class=\"qodef-e-title entry-title\" >\n\t<a itemprop=\"url\" class=\"qodef-e-title-link\" href=\"https:\/\/inter-faces.eu\/index.php\/portfolio-item\/table-basse-suki-ligne-roset\/\" target=\"_self\">\n\t\tTable basse Suki &#8211; Ligne Roset\t<\/a>\n<\/h4>\n\t\t\t<\/div>\n\t\t\t<div class=\"qodef-e-top-holder\">\n\t\t\t\t<div class=\"qodef-e-info\">\n\t\t\t\t\t\t<a href=\"https:\/\/inter-faces.eu\/index.php\/portfolio-category\/ligne-roset\/\" rel=\"tag\">Ligne Roset<\/a><span class=\"qodef-info-separator-single\"><\/span><a href=\"https:\/\/inter-faces.eu\/index.php\/portfolio-category\/salon\/\" rel=\"tag\">Salon<\/a><span class=\"qodef-info-separator-single\"><\/span><a href=\"https:\/\/inter-faces.eu\/index.php\/portfolio-category\/tables-basses\/\" rel=\"tag\">Tables basses<\/a>\t<div class=\"qodef-info-separator-end\"><\/div>\n\t\t\t\t<\/div>\n\t\t\t<\/div>\n\t\t<\/div>\n\t<\/div>\n<\/article>\n<article class=\"qodef-e qodef-grid-item qodef-item--full  post-18434 portfolio-item type-portfolio-item status-publish has-post-thumbnail hentry portfolio-category-salon portfolio-category-tables-basses portfolio-tag-table-basse portfolio-tag-treku\">\n\t<div class=\"qodef-e-inner\" >\n\t\t<div class=\"qodef-e-image\">\n\t\t\t\t<div class=\"qodef-e-media-image\">\n\t\t<a itemprop=\"url\" href=\"https:\/\/inter-faces.eu\/index.php\/portfolio-item\/kutxa-design-architectural-treku\/\" target=\"_self\">\n\t\t\t<img loading=\"lazy\" decoding=\"async\" width=\"2560\" height=\"1910\" src=\"https:\/\/inter-faces.eu\/wp-content\/uploads\/2025\/07\/Inter-Faces-KUTXA-table-basse-design-contemporain-Treku-1-scaled.jpg\" class=\"attachment-full size-full wp-post-image\" alt=\"\" srcset=\"https:\/\/inter-faces.eu\/wp-content\/uploads\/2025\/07\/Inter-Faces-KUTXA-table-basse-design-contemporain-Treku-1-scaled.jpg 2560w, https:\/\/inter-faces.eu\/wp-content\/uploads\/2025\/07\/Inter-Faces-KUTXA-table-basse-design-contemporain-Treku-1-300x224.jpg 300w, https:\/\/inter-faces.eu\/wp-content\/uploads\/2025\/07\/Inter-Faces-KUTXA-table-basse-design-contemporain-Treku-1-1024x764.jpg 1024w, https:\/\/inter-faces.eu\/wp-content\/uploads\/2025\/07\/Inter-Faces-KUTXA-table-basse-design-contemporain-Treku-1-768x573.jpg 768w, https:\/\/inter-faces.eu\/wp-content\/uploads\/2025\/07\/Inter-Faces-KUTXA-table-basse-design-contemporain-Treku-1-1536x1146.jpg 1536w, https:\/\/inter-faces.eu\/wp-content\/uploads\/2025\/07\/Inter-Faces-KUTXA-table-basse-design-contemporain-Treku-1-2048x1528.jpg 2048w, https:\/\/inter-faces.eu\/wp-content\/uploads\/2025\/07\/Inter-Faces-KUTXA-table-basse-design-contemporain-Treku-1-600x448.jpg 600w\" sizes=\"(max-width: 2560px) 100vw, 2560px\" \/>\t\t<\/a>\n\t<\/div>\n\t\t\t\t\t<\/div>\n\t\t<div class=\"qodef-e-content\" style=\"margin:24px 0 30px 0px\">\n\t\t\t<div class=\"qodef-e-text\">\n\t\t\t\t<h4 itemprop=\"name\" class=\"qodef-e-title entry-title\" >\n\t<a itemprop=\"url\" class=\"qodef-e-title-link\" href=\"https:\/\/inter-faces.eu\/index.php\/portfolio-item\/kutxa-design-architectural-treku\/\" target=\"_self\">\n\t\tKutxa, design architectural &#8211; Treku\t<\/a>\n<\/h4>\n\t\t\t<\/div>\n\t\t\t<div class=\"qodef-e-top-holder\">\n\t\t\t\t<div class=\"qodef-e-info\">\n\t\t\t\t\t\t<a href=\"https:\/\/inter-faces.eu\/index.php\/portfolio-category\/salon\/\" rel=\"tag\">Salon<\/a><span class=\"qodef-info-separator-single\"><\/span><a href=\"https:\/\/inter-faces.eu\/index.php\/portfolio-category\/tables-basses\/\" rel=\"tag\">Tables basses<\/a>\t<div class=\"qodef-info-separator-end\"><\/div>\n\t\t\t\t<\/div>\n\t\t\t<\/div>\n\t\t<\/div>\n\t<\/div>\n<\/article>\n<article class=\"qodef-e qodef-grid-item qodef-item--full  post-17087 portfolio-item type-portfolio-item status-publish has-post-thumbnail hentry portfolio-category-salon portfolio-category-tables-basses portfolio-tag-glas-italia portfolio-tag-table-basse\">\n\t<div class=\"qodef-e-inner\" >\n\t\t<div class=\"qodef-e-image\">\n\t\t\t\t<div class=\"qodef-e-media-image\">\n\t\t<a itemprop=\"url\" href=\"https:\/\/inter-faces.eu\/index.php\/portfolio-item\/fountain-table-de-verre-de-murano-glas-italia\/\" target=\"_self\">\n\t\t\t<img loading=\"lazy\" decoding=\"async\" width=\"639\" height=\"702\" src=\"https:\/\/inter-faces.eu\/wp-content\/uploads\/2024\/10\/GLAS-ITALIA-Table-basse-Fountain-2-e1728310803899.jpg\" class=\"attachment-full size-full wp-post-image\" alt=\"\" srcset=\"https:\/\/inter-faces.eu\/wp-content\/uploads\/2024\/10\/GLAS-ITALIA-Table-basse-Fountain-2-e1728310803899.jpg 639w, https:\/\/inter-faces.eu\/wp-content\/uploads\/2024\/10\/GLAS-ITALIA-Table-basse-Fountain-2-e1728310803899-273x300.jpg 273w, https:\/\/inter-faces.eu\/wp-content\/uploads\/2024\/10\/GLAS-ITALIA-Table-basse-Fountain-2-e1728310803899-600x659.jpg 600w\" sizes=\"(max-width: 639px) 100vw, 639px\" \/>\t\t<\/a>\n\t<\/div>\n\t\t\t\t\t<\/div>\n\t\t<div class=\"qodef-e-content\" style=\"margin:24px 0 30px 0px\">\n\t\t\t<div class=\"qodef-e-text\">\n\t\t\t\t<h4 itemprop=\"name\" class=\"qodef-e-title entry-title\" >\n\t<a itemprop=\"url\" class=\"qodef-e-title-link\" href=\"https:\/\/inter-faces.eu\/index.php\/portfolio-item\/fountain-table-de-verre-de-murano-glas-italia\/\" target=\"_self\">\n\t\tFountain, table de verre de Murano &#8211; Glas Italia\t<\/a>\n<\/h4>\n\t\t\t<\/div>\n\t\t\t<div class=\"qodef-e-top-holder\">\n\t\t\t\t<div class=\"qodef-e-info\">\n\t\t\t\t\t\t<a href=\"https:\/\/inter-faces.eu\/index.php\/portfolio-category\/salon\/\" rel=\"tag\">Salon<\/a><span class=\"qodef-info-separator-single\"><\/span><a href=\"https:\/\/inter-faces.eu\/index.php\/portfolio-category\/tables-basses\/\" rel=\"tag\">Tables basses<\/a>\t<div class=\"qodef-info-separator-end\"><\/div>\n\t\t\t\t<\/div>\n\t\t\t<\/div>\n\t\t<\/div>\n\t<\/div>\n<\/article>\n<article class=\"qodef-e qodef-grid-item qodef-item--full  post-17082 portfolio-item type-portfolio-item status-publish has-post-thumbnail hentry portfolio-category-salon portfolio-category-tables-basses portfolio-tag-cassina portfolio-tag-table-basse\">\n\t<div class=\"qodef-e-inner\" >\n\t\t<div class=\"qodef-e-image\">\n\t\t\t\t<div class=\"qodef-e-media-image\">\n\t\t<a itemprop=\"url\" href=\"https:\/\/inter-faces.eu\/index.php\/portfolio-item\/cicognino-la-table-dappoint-cassina\/\" target=\"_self\">\n\t\t\t<img loading=\"lazy\" decoding=\"async\" width=\"616\" height=\"462\" src=\"https:\/\/inter-faces.eu\/wp-content\/uploads\/2024\/10\/CASSINA-Table-dappoint-cicognino-3.jpeg\" class=\"attachment-full size-full wp-post-image\" alt=\"\" srcset=\"https:\/\/inter-faces.eu\/wp-content\/uploads\/2024\/10\/CASSINA-Table-dappoint-cicognino-3.jpeg 616w, https:\/\/inter-faces.eu\/wp-content\/uploads\/2024\/10\/CASSINA-Table-dappoint-cicognino-3-300x225.jpeg 300w, https:\/\/inter-faces.eu\/wp-content\/uploads\/2024\/10\/CASSINA-Table-dappoint-cicognino-3-600x450.jpeg 600w\" sizes=\"(max-width: 616px) 100vw, 616px\" \/>\t\t<\/a>\n\t<\/div>\n\t\t\t\t\t<\/div>\n\t\t<div class=\"qodef-e-content\" style=\"margin:24px 0 30px 0px\">\n\t\t\t<div class=\"qodef-e-text\">\n\t\t\t\t<h4 itemprop=\"name\" class=\"qodef-e-title entry-title\" >\n\t<a itemprop=\"url\" class=\"qodef-e-title-link\" href=\"https:\/\/inter-faces.eu\/index.php\/portfolio-item\/cicognino-la-table-dappoint-cassina\/\" target=\"_self\">\n\t\tCicognino,  la table d&rsquo;appoint &#8211; Cassina\t<\/a>\n<\/h4>\n\t\t\t<\/div>\n\t\t\t<div class=\"qodef-e-top-holder\">\n\t\t\t\t<div class=\"qodef-e-info\">\n\t\t\t\t\t\t<a href=\"https:\/\/inter-faces.eu\/index.php\/portfolio-category\/salon\/\" rel=\"tag\">Salon<\/a><span class=\"qodef-info-separator-single\"><\/span><a href=\"https:\/\/inter-faces.eu\/index.php\/portfolio-category\/tables-basses\/\" rel=\"tag\">Tables basses<\/a>\t<div class=\"qodef-info-separator-end\"><\/div>\n\t\t\t\t<\/div>\n\t\t\t<\/div>\n\t\t<\/div>\n\t<\/div>\n<\/article>\n<article class=\"qodef-e qodef-grid-item qodef-item--full  post-17074 portfolio-item type-portfolio-item status-publish has-post-thumbnail hentry portfolio-category-salon portfolio-category-tables-basses portfolio-tag-icone portfolio-tag-table-basse portfolio-tag-vitra\">\n\t<div class=\"qodef-e-inner\" >\n\t\t<div class=\"qodef-e-image\">\n\t\t\t\t<div class=\"qodef-e-media-image\">\n\t\t<a itemprop=\"url\" href=\"https:\/\/inter-faces.eu\/index.php\/portfolio-item\/la-coffee-table-de-noguchi-vitra\/\" target=\"_self\">\n\t\t\t<img loading=\"lazy\" decoding=\"async\" width=\"1440\" height=\"1799\" src=\"https:\/\/inter-faces.eu\/wp-content\/uploads\/2024\/10\/VITRA-Coffee-table-NOGUCHI-2.jpg\" class=\"attachment-full size-full wp-post-image\" alt=\"\" srcset=\"https:\/\/inter-faces.eu\/wp-content\/uploads\/2024\/10\/VITRA-Coffee-table-NOGUCHI-2.jpg 1440w, https:\/\/inter-faces.eu\/wp-content\/uploads\/2024\/10\/VITRA-Coffee-table-NOGUCHI-2-240x300.jpg 240w, https:\/\/inter-faces.eu\/wp-content\/uploads\/2024\/10\/VITRA-Coffee-table-NOGUCHI-2-820x1024.jpg 820w, https:\/\/inter-faces.eu\/wp-content\/uploads\/2024\/10\/VITRA-Coffee-table-NOGUCHI-2-768x959.jpg 768w, https:\/\/inter-faces.eu\/wp-content\/uploads\/2024\/10\/VITRA-Coffee-table-NOGUCHI-2-1229x1536.jpg 1229w, https:\/\/inter-faces.eu\/wp-content\/uploads\/2024\/10\/VITRA-Coffee-table-NOGUCHI-2-600x750.jpg 600w\" sizes=\"(max-width: 1440px) 100vw, 1440px\" \/>\t\t<\/a>\n\t<\/div>\n\t\t\t\t\t<\/div>\n\t\t<div class=\"qodef-e-content\" style=\"margin:24px 0 30px 0px\">\n\t\t\t<div class=\"qodef-e-text\">\n\t\t\t\t<h4 itemprop=\"name\" class=\"qodef-e-title entry-title\" >\n\t<a itemprop=\"url\" class=\"qodef-e-title-link\" href=\"https:\/\/inter-faces.eu\/index.php\/portfolio-item\/la-coffee-table-de-noguchi-vitra\/\" target=\"_self\">\n\t\tLa coffee Table de Noguchi &#8211; Vitra\t<\/a>\n<\/h4>\n\t\t\t<\/div>\n\t\t\t<div class=\"qodef-e-top-holder\">\n\t\t\t\t<div class=\"qodef-e-info\">\n\t\t\t\t\t\t<a href=\"https:\/\/inter-faces.eu\/index.php\/portfolio-category\/salon\/\" rel=\"tag\">Salon<\/a><span class=\"qodef-info-separator-single\"><\/span><a href=\"https:\/\/inter-faces.eu\/index.php\/portfolio-category\/tables-basses\/\" rel=\"tag\">Tables basses<\/a>\t<div class=\"qodef-info-separator-end\"><\/div>\n\t\t\t\t<\/div>\n\t\t\t<\/div>\n\t\t<\/div>\n\t<\/div>\n<\/article>\n<article class=\"qodef-e qodef-grid-item qodef-item--full  post-17032 portfolio-item type-portfolio-item status-publish has-post-thumbnail hentry portfolio-category-ligne-roset portfolio-category-salon portfolio-category-tables-basses portfolio-tag-ligne-roset portfolio-tag-repas portfolio-tag-salon portfolio-tag-table-basse\">\n\t<div class=\"qodef-e-inner\" >\n\t\t<div class=\"qodef-e-image\">\n\t\t\t\t<div class=\"qodef-e-media-image\">\n\t\t<a itemprop=\"url\" href=\"https:\/\/inter-faces.eu\/index.php\/portfolio-item\/stump-table-dappoint-ligne-roset\/\" target=\"_self\">\n\t\t\t<img loading=\"lazy\" decoding=\"async\" width=\"1253\" height=\"1189\" src=\"https:\/\/inter-faces.eu\/wp-content\/uploads\/2024\/09\/LIGNE-ROSET-STUMP-TABLE-D-APPOINT-5-e1727344585838.jpg\" class=\"attachment-full size-full wp-post-image\" alt=\"\" srcset=\"https:\/\/inter-faces.eu\/wp-content\/uploads\/2024\/09\/LIGNE-ROSET-STUMP-TABLE-D-APPOINT-5-e1727344585838.jpg 1253w, https:\/\/inter-faces.eu\/wp-content\/uploads\/2024\/09\/LIGNE-ROSET-STUMP-TABLE-D-APPOINT-5-e1727344585838-300x285.jpg 300w, https:\/\/inter-faces.eu\/wp-content\/uploads\/2024\/09\/LIGNE-ROSET-STUMP-TABLE-D-APPOINT-5-e1727344585838-1024x972.jpg 1024w, https:\/\/inter-faces.eu\/wp-content\/uploads\/2024\/09\/LIGNE-ROSET-STUMP-TABLE-D-APPOINT-5-e1727344585838-768x729.jpg 768w, https:\/\/inter-faces.eu\/wp-content\/uploads\/2024\/09\/LIGNE-ROSET-STUMP-TABLE-D-APPOINT-5-e1727344585838-600x569.jpg 600w\" sizes=\"(max-width: 1253px) 100vw, 1253px\" \/>\t\t<\/a>\n\t<\/div>\n\t\t\t\t\t<\/div>\n\t\t<div class=\"qodef-e-content\" style=\"margin:24px 0 30px 0px\">\n\t\t\t<div class=\"qodef-e-text\">\n\t\t\t\t<h4 itemprop=\"name\" class=\"qodef-e-title entry-title\" >\n\t<a itemprop=\"url\" class=\"qodef-e-title-link\" href=\"https:\/\/inter-faces.eu\/index.php\/portfolio-item\/stump-table-dappoint-ligne-roset\/\" target=\"_self\">\n\t\tStump, Table d&rsquo;appoint &#8211; Ligne Roset\t<\/a>\n<\/h4>\n\t\t\t<\/div>\n\t\t\t<div class=\"qodef-e-top-holder\">\n\t\t\t\t<div class=\"qodef-e-info\">\n\t\t\t\t\t\t<a href=\"https:\/\/inter-faces.eu\/index.php\/portfolio-category\/ligne-roset\/\" rel=\"tag\">Ligne Roset<\/a><span class=\"qodef-info-separator-single\"><\/span><a href=\"https:\/\/inter-faces.eu\/index.php\/portfolio-category\/salon\/\" rel=\"tag\">Salon<\/a><span class=\"qodef-info-separator-single\"><\/span><a href=\"https:\/\/inter-faces.eu\/index.php\/portfolio-category\/tables-basses\/\" rel=\"tag\">Tables basses<\/a>\t<div class=\"qodef-info-separator-end\"><\/div>\n\t\t\t\t<\/div>\n\t\t\t<\/div>\n\t\t<\/div>\n\t<\/div>\n<\/article>\n<article class=\"qodef-e qodef-grid-item qodef-item--full  post-16730 portfolio-item type-portfolio-item status-publish has-post-thumbnail hentry portfolio-category-salon portfolio-category-tables-basses portfolio-tag-mogg portfolio-tag-table-basse\">\n\t<div class=\"qodef-e-inner\" >\n\t\t<div class=\"qodef-e-image\">\n\t\t\t\t<div class=\"qodef-e-media-image\">\n\t\t<a itemprop=\"url\" href=\"https:\/\/inter-faces.eu\/index.php\/portfolio-item\/collection-olo-mogg\/\" target=\"_self\">\n\t\t\t<img loading=\"lazy\" decoding=\"async\" width=\"854\" height=\"854\" src=\"https:\/\/inter-faces.eu\/wp-content\/uploads\/2024\/09\/mogg_table_OLO_03.jpg\" class=\"attachment-full size-full wp-post-image\" alt=\"\" srcset=\"https:\/\/inter-faces.eu\/wp-content\/uploads\/2024\/09\/mogg_table_OLO_03.jpg 854w, https:\/\/inter-faces.eu\/wp-content\/uploads\/2024\/09\/mogg_table_OLO_03-300x300.jpg 300w, https:\/\/inter-faces.eu\/wp-content\/uploads\/2024\/09\/mogg_table_OLO_03-150x150.jpg 150w, https:\/\/inter-faces.eu\/wp-content\/uploads\/2024\/09\/mogg_table_OLO_03-768x768.jpg 768w, https:\/\/inter-faces.eu\/wp-content\/uploads\/2024\/09\/mogg_table_OLO_03-650x650.jpg 650w, https:\/\/inter-faces.eu\/wp-content\/uploads\/2024\/09\/mogg_table_OLO_03-600x600.jpg 600w, https:\/\/inter-faces.eu\/wp-content\/uploads\/2024\/09\/mogg_table_OLO_03-100x100.jpg 100w\" sizes=\"(max-width: 854px) 100vw, 854px\" \/>\t\t<\/a>\n\t<\/div>\n\t\t\t\t\t<\/div>\n\t\t<div class=\"qodef-e-content\" style=\"margin:24px 0 30px 0px\">\n\t\t\t<div class=\"qodef-e-text\">\n\t\t\t\t<h4 itemprop=\"name\" class=\"qodef-e-title entry-title\" >\n\t<a itemprop=\"url\" class=\"qodef-e-title-link\" href=\"https:\/\/inter-faces.eu\/index.php\/portfolio-item\/collection-olo-mogg\/\" target=\"_self\">\n\t\tCollection Olo &#8211; Mogg\t<\/a>\n<\/h4>\n\t\t\t<\/div>\n\t\t\t<div class=\"qodef-e-top-holder\">\n\t\t\t\t<div class=\"qodef-e-info\">\n\t\t\t\t\t\t<a href=\"https:\/\/inter-faces.eu\/index.php\/portfolio-category\/salon\/\" rel=\"tag\">Salon<\/a><span class=\"qodef-info-separator-single\"><\/span><a href=\"https:\/\/inter-faces.eu\/index.php\/portfolio-category\/tables-basses\/\" rel=\"tag\">Tables basses<\/a>\t<div class=\"qodef-info-separator-end\"><\/div>\n\t\t\t\t<\/div>\n\t\t\t<\/div>\n\t\t<\/div>\n\t<\/div>\n<\/article>\n<article class=\"qodef-e qodef-grid-item qodef-item--full  post-16722 portfolio-item type-portfolio-item status-publish has-post-thumbnail hentry portfolio-category-salon portfolio-category-tables-basses portfolio-tag-kartell portfolio-tag-salon portfolio-tag-table-basse\">\n\t<div class=\"qodef-e-inner\" >\n\t\t<div class=\"qodef-e-image\">\n\t\t\t\t<div class=\"qodef-e-media-image\">\n\t\t<a itemprop=\"url\" href=\"https:\/\/inter-faces.eu\/index.php\/portfolio-item\/nouveaute-famille-de-tables-basses-k-top-kartell\/\" target=\"_self\">\n\t\t\t<img loading=\"lazy\" decoding=\"async\" width=\"1000\" height=\"618\" src=\"https:\/\/inter-faces.eu\/wp-content\/uploads\/2024\/09\/Kartell-Table-basse-Ktop3.webp\" class=\"attachment-full size-full wp-post-image\" alt=\"\" srcset=\"https:\/\/inter-faces.eu\/wp-content\/uploads\/2024\/09\/Kartell-Table-basse-Ktop3.webp 1000w, https:\/\/inter-faces.eu\/wp-content\/uploads\/2024\/09\/Kartell-Table-basse-Ktop3-300x185.webp 300w, https:\/\/inter-faces.eu\/wp-content\/uploads\/2024\/09\/Kartell-Table-basse-Ktop3-768x475.webp 768w, https:\/\/inter-faces.eu\/wp-content\/uploads\/2024\/09\/Kartell-Table-basse-Ktop3-600x371.webp 600w\" sizes=\"(max-width: 1000px) 100vw, 1000px\" \/>\t\t<\/a>\n\t<\/div>\n\t\t\t\t\t<\/div>\n\t\t<div class=\"qodef-e-content\" style=\"margin:24px 0 30px 0px\">\n\t\t\t<div class=\"qodef-e-text\">\n\t\t\t\t<h4 itemprop=\"name\" class=\"qodef-e-title entry-title\" >\n\t<a itemprop=\"url\" class=\"qodef-e-title-link\" href=\"https:\/\/inter-faces.eu\/index.php\/portfolio-item\/nouveaute-famille-de-tables-basses-k-top-kartell\/\" target=\"_self\">\n\t\tNouveaut\u00e9 ! Famille de tables basses K-Top &#8211; Kartell\t<\/a>\n<\/h4>\n\t\t\t<\/div>\n\t\t\t<div class=\"qodef-e-top-holder\">\n\t\t\t\t<div class=\"qodef-e-info\">\n\t\t\t\t\t\t<a href=\"https:\/\/inter-faces.eu\/index.php\/portfolio-category\/salon\/\" rel=\"tag\">Salon<\/a><span class=\"qodef-info-separator-single\"><\/span><a href=\"https:\/\/inter-faces.eu\/index.php\/portfolio-category\/tables-basses\/\" rel=\"tag\">Tables basses<\/a>\t<div class=\"qodef-info-separator-end\"><\/div>\n\t\t\t\t<\/div>\n\t\t\t<\/div>\n\t\t<\/div>\n\t<\/div>\n<\/article>\n<article class=\"qodef-e qodef-grid-item qodef-item--full  post-16697 portfolio-item type-portfolio-item status-publish has-post-thumbnail hentry portfolio-category-repas portfolio-category-salon portfolio-category-tables portfolio-category-tables-basses portfolio-tag-kartell portfolio-tag-piero-lissoni portfolio-tag-salon portfolio-tag-table-basse\">\n\t<div class=\"qodef-e-inner\" >\n\t\t<div class=\"qodef-e-image\">\n\t\t\t\t<div class=\"qodef-e-media-image\">\n\t\t<a itemprop=\"url\" href=\"https:\/\/inter-faces.eu\/index.php\/portfolio-item\/tables-thierry-de-kartell-les-tables-bijoux-2\/\" target=\"_self\">\n\t\t\t<img loading=\"lazy\" decoding=\"async\" width=\"638\" height=\"823\" src=\"https:\/\/inter-faces.eu\/wp-content\/uploads\/2024\/09\/Kartell-table-basse-Thierry-0-e1725540460960.jpg\" class=\"attachment-full size-full wp-post-image\" alt=\"\" srcset=\"https:\/\/inter-faces.eu\/wp-content\/uploads\/2024\/09\/Kartell-table-basse-Thierry-0-e1725540460960.jpg 638w, https:\/\/inter-faces.eu\/wp-content\/uploads\/2024\/09\/Kartell-table-basse-Thierry-0-e1725540460960-233x300.jpg 233w, https:\/\/inter-faces.eu\/wp-content\/uploads\/2024\/09\/Kartell-table-basse-Thierry-0-e1725540460960-600x774.jpg 600w\" sizes=\"(max-width: 638px) 100vw, 638px\" \/>\t\t<\/a>\n\t<\/div>\n\t\t\t\t\t<\/div>\n\t\t<div class=\"qodef-e-content\" style=\"margin:24px 0 30px 0px\">\n\t\t\t<div class=\"qodef-e-text\">\n\t\t\t\t<h4 itemprop=\"name\" class=\"qodef-e-title entry-title\" >\n\t<a itemprop=\"url\" class=\"qodef-e-title-link\" href=\"https:\/\/inter-faces.eu\/index.php\/portfolio-item\/tables-thierry-de-kartell-les-tables-bijoux-2\/\" target=\"_self\">\n\t\tTables Thierry , les tables \u2018\u2019bijoux\u2019\u2019 &#8211; Kartell\t<\/a>\n<\/h4>\n\t\t\t<\/div>\n\t\t\t<div class=\"qodef-e-top-holder\">\n\t\t\t\t<div class=\"qodef-e-info\">\n\t\t\t\t\t\t<a href=\"https:\/\/inter-faces.eu\/index.php\/portfolio-category\/repas\/\" rel=\"tag\">Repas<\/a><span class=\"qodef-info-separator-single\"><\/span><a href=\"https:\/\/inter-faces.eu\/index.php\/portfolio-category\/salon\/\" rel=\"tag\">Salon<\/a><span class=\"qodef-info-separator-single\"><\/span><a href=\"https:\/\/inter-faces.eu\/index.php\/portfolio-category\/tables\/\" rel=\"tag\">Tables<\/a><span class=\"qodef-info-separator-single\"><\/span><a href=\"https:\/\/inter-faces.eu\/index.php\/portfolio-category\/tables-basses\/\" rel=\"tag\">Tables basses<\/a>\t<div class=\"qodef-info-separator-end\"><\/div>\n\t\t\t\t<\/div>\n\t\t\t<\/div>\n\t\t<\/div>\n\t<\/div>\n<\/article>\n<article class=\"qodef-e qodef-grid-item qodef-item--full  post-16713 portfolio-item type-portfolio-item status-publish has-post-thumbnail hentry portfolio-category-salon portfolio-category-tables-basses portfolio-tag-kartell portfolio-tag-patricia-urquiola portfolio-tag-table-basse\">\n\t<div class=\"qodef-e-inner\" >\n\t\t<div class=\"qodef-e-image\">\n\t\t\t\t<div class=\"qodef-e-media-image\">\n\t\t<a itemprop=\"url\" href=\"https:\/\/inter-faces.eu\/index.php\/portfolio-item\/les-tables-undique-et-undique-mas-kartell\/\" target=\"_self\">\n\t\t\t<img loading=\"lazy\" decoding=\"async\" width=\"800\" height=\"800\" src=\"https:\/\/inter-faces.eu\/wp-content\/uploads\/2024\/09\/table-basse-undique-mas-gris_madeindesign_425151_original.webp\" class=\"attachment-full size-full wp-post-image\" alt=\"\" srcset=\"https:\/\/inter-faces.eu\/wp-content\/uploads\/2024\/09\/table-basse-undique-mas-gris_madeindesign_425151_original.webp 800w, https:\/\/inter-faces.eu\/wp-content\/uploads\/2024\/09\/table-basse-undique-mas-gris_madeindesign_425151_original-300x300.webp 300w, https:\/\/inter-faces.eu\/wp-content\/uploads\/2024\/09\/table-basse-undique-mas-gris_madeindesign_425151_original-150x150.webp 150w, https:\/\/inter-faces.eu\/wp-content\/uploads\/2024\/09\/table-basse-undique-mas-gris_madeindesign_425151_original-768x768.webp 768w, https:\/\/inter-faces.eu\/wp-content\/uploads\/2024\/09\/table-basse-undique-mas-gris_madeindesign_425151_original-650x650.webp 650w, https:\/\/inter-faces.eu\/wp-content\/uploads\/2024\/09\/table-basse-undique-mas-gris_madeindesign_425151_original-600x600.webp 600w, https:\/\/inter-faces.eu\/wp-content\/uploads\/2024\/09\/table-basse-undique-mas-gris_madeindesign_425151_original-100x100.webp 100w\" sizes=\"(max-width: 800px) 100vw, 800px\" \/>\t\t<\/a>\n\t<\/div>\n\t\t\t\t\t<\/div>\n\t\t<div class=\"qodef-e-content\" style=\"margin:24px 0 30px 0px\">\n\t\t\t<div class=\"qodef-e-text\">\n\t\t\t\t<h4 itemprop=\"name\" class=\"qodef-e-title entry-title\" >\n\t<a itemprop=\"url\" class=\"qodef-e-title-link\" href=\"https:\/\/inter-faces.eu\/index.php\/portfolio-item\/les-tables-undique-et-undique-mas-kartell\/\" target=\"_self\">\n\t\tLes tables Undique et Undique Mas &#8211; Kartell\t<\/a>\n<\/h4>\n\t\t\t<\/div>\n\t\t\t<div class=\"qodef-e-top-holder\">\n\t\t\t\t<div class=\"qodef-e-info\">\n\t\t\t\t\t\t<a href=\"https:\/\/inter-faces.eu\/index.php\/portfolio-category\/salon\/\" rel=\"tag\">Salon<\/a><span class=\"qodef-info-separator-single\"><\/span><a href=\"https:\/\/inter-faces.eu\/index.php\/portfolio-category\/tables-basses\/\" rel=\"tag\">Tables basses<\/a>\t<div class=\"qodef-info-separator-end\"><\/div>\n\t\t\t\t<\/div>\n\t\t\t<\/div>\n\t\t<\/div>\n\t<\/div>\n<\/article>\n<article class=\"qodef-e qodef-grid-item qodef-item--full  post-17017 portfolio-item type-portfolio-item status-publish has-post-thumbnail hentry portfolio-category-ligne-roset portfolio-category-salon portfolio-category-tables-basses portfolio-tag-ligne-roset portfolio-tag-repas portfolio-tag-salon portfolio-tag-table-basse\">\n\t<div class=\"qodef-e-inner\" >\n\t\t<div class=\"qodef-e-image\">\n\t\t\t\t<div class=\"qodef-e-media-image\">\n\t\t<a itemprop=\"url\" href=\"https:\/\/inter-faces.eu\/index.php\/portfolio-item\/intervalle-table-basse-ligne-roset\/\" target=\"_self\">\n\t\t\t<img loading=\"lazy\" decoding=\"async\" width=\"2000\" height=\"1209\" src=\"https:\/\/inter-faces.eu\/wp-content\/uploads\/2024\/09\/Ligne-roset-ttable-basse-intervalle-1.jpg\" class=\"attachment-full size-full wp-post-image\" alt=\"\" srcset=\"https:\/\/inter-faces.eu\/wp-content\/uploads\/2024\/09\/Ligne-roset-ttable-basse-intervalle-1.jpg 2000w, https:\/\/inter-faces.eu\/wp-content\/uploads\/2024\/09\/Ligne-roset-ttable-basse-intervalle-1-300x181.jpg 300w, https:\/\/inter-faces.eu\/wp-content\/uploads\/2024\/09\/Ligne-roset-ttable-basse-intervalle-1-1024x619.jpg 1024w, https:\/\/inter-faces.eu\/wp-content\/uploads\/2024\/09\/Ligne-roset-ttable-basse-intervalle-1-768x464.jpg 768w, https:\/\/inter-faces.eu\/wp-content\/uploads\/2024\/09\/Ligne-roset-ttable-basse-intervalle-1-1536x929.jpg 1536w, https:\/\/inter-faces.eu\/wp-content\/uploads\/2024\/09\/Ligne-roset-ttable-basse-intervalle-1-600x363.jpg 600w\" sizes=\"(max-width: 2000px) 100vw, 2000px\" \/>\t\t<\/a>\n\t<\/div>\n\t\t\t\t\t<\/div>\n\t\t<div class=\"qodef-e-content\" style=\"margin:24px 0 30px 0px\">\n\t\t\t<div class=\"qodef-e-text\">\n\t\t\t\t<h4 itemprop=\"name\" class=\"qodef-e-title entry-title\" >\n\t<a itemprop=\"url\" class=\"qodef-e-title-link\" href=\"https:\/\/inter-faces.eu\/index.php\/portfolio-item\/intervalle-table-basse-ligne-roset\/\" target=\"_self\">\n\t\tIntervalle, Table basse &#8211; Ligne Roset\t<\/a>\n<\/h4>\n\t\t\t<\/div>\n\t\t\t<div class=\"qodef-e-top-holder\">\n\t\t\t\t<div class=\"qodef-e-info\">\n\t\t\t\t\t\t<a href=\"https:\/\/inter-faces.eu\/index.php\/portfolio-category\/ligne-roset\/\" rel=\"tag\">Ligne Roset<\/a><span class=\"qodef-info-separator-single\"><\/span><a href=\"https:\/\/inter-faces.eu\/index.php\/portfolio-category\/salon\/\" rel=\"tag\">Salon<\/a><span class=\"qodef-info-separator-single\"><\/span><a href=\"https:\/\/inter-faces.eu\/index.php\/portfolio-category\/tables-basses\/\" rel=\"tag\">Tables basses<\/a>\t<div class=\"qodef-info-separator-end\"><\/div>\n\t\t\t\t<\/div>\n\t\t\t<\/div>\n\t\t<\/div>\n\t<\/div>\n<\/article>\n<article class=\"qodef-e qodef-grid-item qodef-item--full  post-12066 portfolio-item type-portfolio-item status-publish has-post-thumbnail hentry portfolio-category-outdoor portfolio-category-salon portfolio-category-tables-basses portfolio-tag-complements-accessoires portfolio-tag-outdoor portfolio-tag-table-basse\">\n\t<div class=\"qodef-e-inner\" >\n\t\t<div class=\"qodef-e-image\">\n\t\t\t\t<div class=\"qodef-e-media-image\">\n\t\t<a itemprop=\"url\" href=\"https:\/\/inter-faces.eu\/index.php\/portfolio-item\/le-gueridon-monkey-de-jaime-hayon\/\" target=\"_self\">\n\t\t\t<img loading=\"lazy\" decoding=\"async\" width=\"900\" height=\"652\" src=\"https:\/\/inter-faces.eu\/wp-content\/uploads\/2024\/02\/1-1-78.jpg\" class=\"attachment-full size-full wp-post-image\" alt=\"\" srcset=\"https:\/\/inter-faces.eu\/wp-content\/uploads\/2024\/02\/1-1-78.jpg 900w, https:\/\/inter-faces.eu\/wp-content\/uploads\/2024\/02\/1-1-78-300x217.jpg 300w, https:\/\/inter-faces.eu\/wp-content\/uploads\/2024\/02\/1-1-78-768x556.jpg 768w, https:\/\/inter-faces.eu\/wp-content\/uploads\/2024\/02\/1-1-78-600x435.jpg 600w\" sizes=\"(max-width: 900px) 100vw, 900px\" \/>\t\t<\/a>\n\t<\/div>\n\t\t\t\t\t<\/div>\n\t\t<div class=\"qodef-e-content\" style=\"margin:24px 0 30px 0px\">\n\t\t\t<div class=\"qodef-e-text\">\n\t\t\t\t<h4 itemprop=\"name\" class=\"qodef-e-title entry-title\" >\n\t<a itemprop=\"url\" class=\"qodef-e-title-link\" href=\"https:\/\/inter-faces.eu\/index.php\/portfolio-item\/le-gueridon-monkey-de-jaime-hayon\/\" target=\"_self\">\n\t\tLe gu\u00e9ridon Monkey de Jaime Hayon &#8211; BD Barcelona\t<\/a>\n<\/h4>\n\t\t\t<\/div>\n\t\t\t<div class=\"qodef-e-top-holder\">\n\t\t\t\t<div class=\"qodef-e-info\">\n\t\t\t\t\t\t<a href=\"https:\/\/inter-faces.eu\/index.php\/portfolio-category\/outdoor\/\" rel=\"tag\">Outdoor<\/a><span class=\"qodef-info-separator-single\"><\/span><a href=\"https:\/\/inter-faces.eu\/index.php\/portfolio-category\/salon\/\" rel=\"tag\">Salon<\/a><span class=\"qodef-info-separator-single\"><\/span><a href=\"https:\/\/inter-faces.eu\/index.php\/portfolio-category\/tables-basses\/\" rel=\"tag\">Tables basses<\/a>\t<div class=\"qodef-info-separator-end\"><\/div>\n\t\t\t\t<\/div>\n\t\t\t<\/div>\n\t\t<\/div>\n\t<\/div>\n<\/article>\n<article class=\"qodef-e qodef-grid-item qodef-item--full  post-12068 portfolio-item type-portfolio-item status-publish has-post-thumbnail hentry portfolio-category-salon portfolio-category-tables-basses portfolio-tag-kartell portfolio-tag-patricia-urquiola portfolio-tag-salon portfolio-tag-table-basse\">\n\t<div class=\"qodef-e-inner\" >\n\t\t<div class=\"qodef-e-image\">\n\t\t\t\t<div class=\"qodef-e-media-image\">\n\t\t<a itemprop=\"url\" href=\"https:\/\/inter-faces.eu\/index.php\/portfolio-item\/les-tables-basses-t-table-de-patricia-urquiola\/\" target=\"_self\">\n\t\t\t<img loading=\"lazy\" decoding=\"async\" width=\"1000\" height=\"700\" src=\"https:\/\/inter-faces.eu\/wp-content\/uploads\/2024\/09\/t-table-table-basse-kartell.jpg\" class=\"attachment-full size-full wp-post-image\" alt=\"\" srcset=\"https:\/\/inter-faces.eu\/wp-content\/uploads\/2024\/09\/t-table-table-basse-kartell.jpg 1000w, https:\/\/inter-faces.eu\/wp-content\/uploads\/2024\/09\/t-table-table-basse-kartell-300x210.jpg 300w, https:\/\/inter-faces.eu\/wp-content\/uploads\/2024\/09\/t-table-table-basse-kartell-768x538.jpg 768w, https:\/\/inter-faces.eu\/wp-content\/uploads\/2024\/09\/t-table-table-basse-kartell-600x420.jpg 600w\" sizes=\"(max-width: 1000px) 100vw, 1000px\" \/>\t\t<\/a>\n\t<\/div>\n\t\t\t\t\t<\/div>\n\t\t<div class=\"qodef-e-content\" style=\"margin:24px 0 30px 0px\">\n\t\t\t<div class=\"qodef-e-text\">\n\t\t\t\t<h4 itemprop=\"name\" class=\"qodef-e-title entry-title\" >\n\t<a itemprop=\"url\" class=\"qodef-e-title-link\" href=\"https:\/\/inter-faces.eu\/index.php\/portfolio-item\/les-tables-basses-t-table-de-patricia-urquiola\/\" target=\"_self\">\n\t\tLes tables basses T-Table de Patricia Urquiola &#8211; Kartell\t<\/a>\n<\/h4>\n\t\t\t<\/div>\n\t\t\t<div class=\"qodef-e-top-holder\">\n\t\t\t\t<div class=\"qodef-e-info\">\n\t\t\t\t\t\t<a href=\"https:\/\/inter-faces.eu\/index.php\/portfolio-category\/salon\/\" rel=\"tag\">Salon<\/a><span class=\"qodef-info-separator-single\"><\/span><a href=\"https:\/\/inter-faces.eu\/index.php\/portfolio-category\/tables-basses\/\" rel=\"tag\">Tables basses<\/a>\t<div class=\"qodef-info-separator-end\"><\/div>\n\t\t\t\t<\/div>\n\t\t\t<\/div>\n\t\t<\/div>\n\t<\/div>\n<\/article>\n<article class=\"qodef-e qodef-grid-item qodef-item--full  post-12084 portfolio-item type-portfolio-item status-publish has-post-thumbnail hentry portfolio-category-outdoor portfolio-category-salon portfolio-category-tables portfolio-category-tables-basses portfolio-tag-eero-saarinen portfolio-tag-icone portfolio-tag-knoll portfolio-tag-table-basse\">\n\t<div class=\"qodef-e-inner\" >\n\t\t<div class=\"qodef-e-image\">\n\t\t\t\t<div class=\"qodef-e-media-image\">\n\t\t<a itemprop=\"url\" href=\"https:\/\/inter-faces.eu\/index.php\/portfolio-item\/les-tables-basses-saarinen-de-knoll\/\" target=\"_self\">\n\t\t\t<img loading=\"lazy\" decoding=\"async\" width=\"900\" height=\"652\" src=\"https:\/\/inter-faces.eu\/wp-content\/uploads\/2024\/02\/1-1-60.jpg\" class=\"attachment-full size-full wp-post-image\" alt=\"\" srcset=\"https:\/\/inter-faces.eu\/wp-content\/uploads\/2024\/02\/1-1-60.jpg 900w, https:\/\/inter-faces.eu\/wp-content\/uploads\/2024\/02\/1-1-60-300x217.jpg 300w, https:\/\/inter-faces.eu\/wp-content\/uploads\/2024\/02\/1-1-60-768x556.jpg 768w, https:\/\/inter-faces.eu\/wp-content\/uploads\/2024\/02\/1-1-60-600x435.jpg 600w\" sizes=\"(max-width: 900px) 100vw, 900px\" \/>\t\t<\/a>\n\t<\/div>\n\t\t\t\t\t<\/div>\n\t\t<div class=\"qodef-e-content\" style=\"margin:24px 0 30px 0px\">\n\t\t\t<div class=\"qodef-e-text\">\n\t\t\t\t<h4 itemprop=\"name\" class=\"qodef-e-title entry-title\" >\n\t<a itemprop=\"url\" class=\"qodef-e-title-link\" href=\"https:\/\/inter-faces.eu\/index.php\/portfolio-item\/les-tables-basses-saarinen-de-knoll\/\" target=\"_self\">\n\t\tLes tables basses Saarinen de Knoll\t<\/a>\n<\/h4>\n\t\t\t<\/div>\n\t\t\t<div class=\"qodef-e-top-holder\">\n\t\t\t\t<div class=\"qodef-e-info\">\n\t\t\t\t\t\t<a href=\"https:\/\/inter-faces.eu\/index.php\/portfolio-category\/outdoor\/\" rel=\"tag\">Outdoor<\/a><span class=\"qodef-info-separator-single\"><\/span><a href=\"https:\/\/inter-faces.eu\/index.php\/portfolio-category\/salon\/\" rel=\"tag\">Salon<\/a><span class=\"qodef-info-separator-single\"><\/span><a href=\"https:\/\/inter-faces.eu\/index.php\/portfolio-category\/tables\/\" rel=\"tag\">Tables<\/a><span class=\"qodef-info-separator-single\"><\/span><a href=\"https:\/\/inter-faces.eu\/index.php\/portfolio-category\/tables-basses\/\" rel=\"tag\">Tables basses<\/a>\t<div class=\"qodef-info-separator-end\"><\/div>\n\t\t\t\t<\/div>\n\t\t\t<\/div>\n\t\t<\/div>\n\t<\/div>\n<\/article>\n<article class=\"qodef-e qodef-grid-item qodef-item--full  post-12089 portfolio-item type-portfolio-item status-publish has-post-thumbnail hentry portfolio-category-salon portfolio-category-tables-basses portfolio-tag-salon portfolio-tag-stua portfolio-tag-table-basse\">\n\t<div class=\"qodef-e-inner\" >\n\t\t<div class=\"qodef-e-image\">\n\t\t\t\t<div class=\"qodef-e-media-image\">\n\t\t<a itemprop=\"url\" href=\"https:\/\/inter-faces.eu\/index.php\/portfolio-item\/les-tables-basses-eclipse-de-stua\/\" target=\"_self\">\n\t\t\t<img loading=\"lazy\" decoding=\"async\" width=\"900\" height=\"652\" src=\"https:\/\/inter-faces.eu\/wp-content\/uploads\/2024\/02\/1-1-55.jpg\" class=\"attachment-full size-full wp-post-image\" alt=\"\" srcset=\"https:\/\/inter-faces.eu\/wp-content\/uploads\/2024\/02\/1-1-55.jpg 900w, https:\/\/inter-faces.eu\/wp-content\/uploads\/2024\/02\/1-1-55-300x217.jpg 300w, https:\/\/inter-faces.eu\/wp-content\/uploads\/2024\/02\/1-1-55-768x556.jpg 768w, https:\/\/inter-faces.eu\/wp-content\/uploads\/2024\/02\/1-1-55-600x435.jpg 600w\" sizes=\"(max-width: 900px) 100vw, 900px\" \/>\t\t<\/a>\n\t<\/div>\n\t\t\t\t\t<\/div>\n\t\t<div class=\"qodef-e-content\" style=\"margin:24px 0 30px 0px\">\n\t\t\t<div class=\"qodef-e-text\">\n\t\t\t\t<h4 itemprop=\"name\" class=\"qodef-e-title entry-title\" >\n\t<a itemprop=\"url\" class=\"qodef-e-title-link\" href=\"https:\/\/inter-faces.eu\/index.php\/portfolio-item\/les-tables-basses-eclipse-de-stua\/\" target=\"_self\">\n\t\tLes tables basses Eclipse de Stua\t<\/a>\n<\/h4>\n\t\t\t<\/div>\n\t\t\t<div class=\"qodef-e-top-holder\">\n\t\t\t\t<div class=\"qodef-e-info\">\n\t\t\t\t\t\t<a href=\"https:\/\/inter-faces.eu\/index.php\/portfolio-category\/salon\/\" rel=\"tag\">Salon<\/a><span class=\"qodef-info-separator-single\"><\/span><a href=\"https:\/\/inter-faces.eu\/index.php\/portfolio-category\/tables-basses\/\" rel=\"tag\">Tables basses<\/a>\t<div class=\"qodef-info-separator-end\"><\/div>\n\t\t\t\t<\/div>\n\t\t\t<\/div>\n\t\t<\/div>\n\t<\/div>\n<\/article>\n<article class=\"qodef-e qodef-grid-item qodef-item--full  post-12097 portfolio-item type-portfolio-item status-publish has-post-thumbnail hentry portfolio-category-complements-accessoires portfolio-category-salon portfolio-category-tables-basses portfolio-tag-complements-accessoires portfolio-tag-glas-italia portfolio-tag-patricia-urquiola portfolio-tag-table-basse\">\n\t<div class=\"qodef-e-inner\" >\n\t\t<div class=\"qodef-e-image\">\n\t\t\t\t<div class=\"qodef-e-media-image\">\n\t\t<a itemprop=\"url\" href=\"https:\/\/inter-faces.eu\/index.php\/portfolio-item\/la-collection-shimmer-de-patricia-urquiola\/\" target=\"_self\">\n\t\t\t<img loading=\"lazy\" decoding=\"async\" width=\"900\" height=\"652\" src=\"https:\/\/inter-faces.eu\/wp-content\/uploads\/2024\/02\/1-1-47.jpg\" class=\"attachment-full size-full wp-post-image\" alt=\"\" srcset=\"https:\/\/inter-faces.eu\/wp-content\/uploads\/2024\/02\/1-1-47.jpg 900w, https:\/\/inter-faces.eu\/wp-content\/uploads\/2024\/02\/1-1-47-300x217.jpg 300w, https:\/\/inter-faces.eu\/wp-content\/uploads\/2024\/02\/1-1-47-768x556.jpg 768w, https:\/\/inter-faces.eu\/wp-content\/uploads\/2024\/02\/1-1-47-600x435.jpg 600w\" sizes=\"(max-width: 900px) 100vw, 900px\" \/>\t\t<\/a>\n\t<\/div>\n\t\t\t\t\t<\/div>\n\t\t<div class=\"qodef-e-content\" style=\"margin:24px 0 30px 0px\">\n\t\t\t<div class=\"qodef-e-text\">\n\t\t\t\t<h4 itemprop=\"name\" class=\"qodef-e-title entry-title\" >\n\t<a itemprop=\"url\" class=\"qodef-e-title-link\" href=\"https:\/\/inter-faces.eu\/index.php\/portfolio-item\/la-collection-shimmer-de-patricia-urquiola\/\" target=\"_self\">\n\t\tLa collection Shimmer de Patricia Urquiola &#8211; Glas Italia\t<\/a>\n<\/h4>\n\t\t\t<\/div>\n\t\t\t<div class=\"qodef-e-top-holder\">\n\t\t\t\t<div class=\"qodef-e-info\">\n\t\t\t\t\t\t<a href=\"https:\/\/inter-faces.eu\/index.php\/portfolio-category\/complements-accessoires\/\" rel=\"tag\">Compl\u00e9ments &amp; accessoires<\/a><span class=\"qodef-info-separator-single\"><\/span><a href=\"https:\/\/inter-faces.eu\/index.php\/portfolio-category\/salon\/\" rel=\"tag\">Salon<\/a><span class=\"qodef-info-separator-single\"><\/span><a href=\"https:\/\/inter-faces.eu\/index.php\/portfolio-category\/tables-basses\/\" rel=\"tag\">Tables basses<\/a>\t<div class=\"qodef-info-separator-end\"><\/div>\n\t\t\t\t<\/div>\n\t\t\t<\/div>\n\t\t<\/div>\n\t<\/div>\n<\/article>\n<article class=\"qodef-e qodef-grid-item qodef-item--full  post-12100 portfolio-item type-portfolio-item status-publish has-post-thumbnail hentry portfolio-category-salon portfolio-category-tables-basses portfolio-tag-stua portfolio-tag-table-basse\">\n\t<div class=\"qodef-e-inner\" >\n\t\t<div class=\"qodef-e-image\">\n\t\t\t\t<div class=\"qodef-e-media-image\">\n\t\t<a itemprop=\"url\" href=\"https:\/\/inter-faces.eu\/index.php\/portfolio-item\/les-tables-basses-solapa-de-stua\/\" target=\"_self\">\n\t\t\t<img loading=\"lazy\" decoding=\"async\" width=\"900\" height=\"652\" src=\"https:\/\/inter-faces.eu\/wp-content\/uploads\/2024\/02\/1-1-44.jpg\" class=\"attachment-full size-full wp-post-image\" alt=\"\" srcset=\"https:\/\/inter-faces.eu\/wp-content\/uploads\/2024\/02\/1-1-44.jpg 900w, https:\/\/inter-faces.eu\/wp-content\/uploads\/2024\/02\/1-1-44-300x217.jpg 300w, https:\/\/inter-faces.eu\/wp-content\/uploads\/2024\/02\/1-1-44-768x556.jpg 768w, https:\/\/inter-faces.eu\/wp-content\/uploads\/2024\/02\/1-1-44-600x435.jpg 600w\" sizes=\"(max-width: 900px) 100vw, 900px\" \/>\t\t<\/a>\n\t<\/div>\n\t\t\t\t\t<\/div>\n\t\t<div class=\"qodef-e-content\" style=\"margin:24px 0 30px 0px\">\n\t\t\t<div class=\"qodef-e-text\">\n\t\t\t\t<h4 itemprop=\"name\" class=\"qodef-e-title entry-title\" >\n\t<a itemprop=\"url\" class=\"qodef-e-title-link\" href=\"https:\/\/inter-faces.eu\/index.php\/portfolio-item\/les-tables-basses-solapa-de-stua\/\" target=\"_self\">\n\t\tLes tables basses Solapa de Stua\t<\/a>\n<\/h4>\n\t\t\t<\/div>\n\t\t\t<div class=\"qodef-e-top-holder\">\n\t\t\t\t<div class=\"qodef-e-info\">\n\t\t\t\t\t\t<a href=\"https:\/\/inter-faces.eu\/index.php\/portfolio-category\/salon\/\" rel=\"tag\">Salon<\/a><span class=\"qodef-info-separator-single\"><\/span><a href=\"https:\/\/inter-faces.eu\/index.php\/portfolio-category\/tables-basses\/\" rel=\"tag\">Tables basses<\/a>\t<div class=\"qodef-info-separator-end\"><\/div>\n\t\t\t\t<\/div>\n\t\t\t<\/div>\n\t\t<\/div>\n\t<\/div>\n<\/article>\n<article class=\"qodef-e qodef-grid-item qodef-item--full  post-11717 portfolio-item type-portfolio-item status-publish has-post-thumbnail hentry portfolio-category-repas portfolio-category-salon portfolio-category-tables portfolio-category-tables-basses portfolio-tag-jasper-morrison portfolio-tag-repas portfolio-tag-table portfolio-tag-table-basse portfolio-tag-vitra\">\n\t<div class=\"qodef-e-inner\" >\n\t\t<div class=\"qodef-e-image\">\n\t\t\t\t<div class=\"qodef-e-media-image\">\n\t\t<a itemprop=\"url\" href=\"https:\/\/inter-faces.eu\/index.php\/portfolio-item\/les-plate-tables-de-jasper-morrison\/\" target=\"_self\">\n\t\t\t<img loading=\"lazy\" decoding=\"async\" width=\"900\" height=\"652\" src=\"https:\/\/inter-faces.eu\/wp-content\/uploads\/2024\/02\/1-1-33.jpg\" class=\"attachment-full size-full wp-post-image\" alt=\"\" srcset=\"https:\/\/inter-faces.eu\/wp-content\/uploads\/2024\/02\/1-1-33.jpg 900w, https:\/\/inter-faces.eu\/wp-content\/uploads\/2024\/02\/1-1-33-300x217.jpg 300w, https:\/\/inter-faces.eu\/wp-content\/uploads\/2024\/02\/1-1-33-768x556.jpg 768w, https:\/\/inter-faces.eu\/wp-content\/uploads\/2024\/02\/1-1-33-600x435.jpg 600w\" sizes=\"(max-width: 900px) 100vw, 900px\" \/>\t\t<\/a>\n\t<\/div>\n\t\t\t\t\t<\/div>\n\t\t<div class=\"qodef-e-content\" style=\"margin:24px 0 30px 0px\">\n\t\t\t<div class=\"qodef-e-text\">\n\t\t\t\t<h4 itemprop=\"name\" class=\"qodef-e-title entry-title\" >\n\t<a itemprop=\"url\" class=\"qodef-e-title-link\" href=\"https:\/\/inter-faces.eu\/index.php\/portfolio-item\/les-plate-tables-de-jasper-morrison\/\" target=\"_self\">\n\t\tLes Plate Tables de jasper Morrison &#8211; Vitra\t<\/a>\n<\/h4>\n\t\t\t<\/div>\n\t\t\t<div class=\"qodef-e-top-holder\">\n\t\t\t\t<div class=\"qodef-e-info\">\n\t\t\t\t\t\t<a href=\"https:\/\/inter-faces.eu\/index.php\/portfolio-category\/repas\/\" rel=\"tag\">Repas<\/a><span class=\"qodef-info-separator-single\"><\/span><a href=\"https:\/\/inter-faces.eu\/index.php\/portfolio-category\/salon\/\" rel=\"tag\">Salon<\/a><span class=\"qodef-info-separator-single\"><\/span><a href=\"https:\/\/inter-faces.eu\/index.php\/portfolio-category\/tables\/\" rel=\"tag\">Tables<\/a><span class=\"qodef-info-separator-single\"><\/span><a href=\"https:\/\/inter-faces.eu\/index.php\/portfolio-category\/tables-basses\/\" rel=\"tag\">Tables basses<\/a>\t<div class=\"qodef-info-separator-end\"><\/div>\n\t\t\t\t<\/div>\n\t\t\t<\/div>\n\t\t<\/div>\n\t<\/div>\n<\/article>\n<article class=\"qodef-e qodef-grid-item qodef-item--full  post-17067 portfolio-item type-portfolio-item status-publish has-post-thumbnail hentry portfolio-category-ligne-roset portfolio-category-salon portfolio-category-tables-basses portfolio-tag-ligne-roset portfolio-tag-salon portfolio-tag-table-basse\">\n\t<div class=\"qodef-e-inner\" >\n\t\t<div class=\"qodef-e-image\">\n\t\t\t\t<div class=\"qodef-e-media-image\">\n\t\t<a itemprop=\"url\" href=\"https:\/\/inter-faces.eu\/index.php\/portfolio-item\/nodum-tables-dappoint-hautes-ou-basses-ligne-roset\/\" target=\"_self\">\n\t\t\t<img loading=\"lazy\" decoding=\"async\" width=\"2000\" height=\"1429\" src=\"https:\/\/inter-faces.eu\/wp-content\/uploads\/2024\/10\/LIGNE-ROSET-TABLE-NODUM-1.jpg\" class=\"attachment-full size-full wp-post-image\" alt=\"\" srcset=\"https:\/\/inter-faces.eu\/wp-content\/uploads\/2024\/10\/LIGNE-ROSET-TABLE-NODUM-1.jpg 2000w, https:\/\/inter-faces.eu\/wp-content\/uploads\/2024\/10\/LIGNE-ROSET-TABLE-NODUM-1-300x214.jpg 300w, https:\/\/inter-faces.eu\/wp-content\/uploads\/2024\/10\/LIGNE-ROSET-TABLE-NODUM-1-1024x732.jpg 1024w, https:\/\/inter-faces.eu\/wp-content\/uploads\/2024\/10\/LIGNE-ROSET-TABLE-NODUM-1-768x549.jpg 768w, https:\/\/inter-faces.eu\/wp-content\/uploads\/2024\/10\/LIGNE-ROSET-TABLE-NODUM-1-1536x1097.jpg 1536w, https:\/\/inter-faces.eu\/wp-content\/uploads\/2024\/10\/LIGNE-ROSET-TABLE-NODUM-1-600x429.jpg 600w\" sizes=\"(max-width: 2000px) 100vw, 2000px\" \/>\t\t<\/a>\n\t<\/div>\n\t\t\t\t\t<\/div>\n\t\t<div class=\"qodef-e-content\" style=\"margin:24px 0 30px 0px\">\n\t\t\t<div class=\"qodef-e-text\">\n\t\t\t\t<h4 itemprop=\"name\" class=\"qodef-e-title entry-title\" >\n\t<a itemprop=\"url\" class=\"qodef-e-title-link\" href=\"https:\/\/inter-faces.eu\/index.php\/portfolio-item\/nodum-tables-dappoint-hautes-ou-basses-ligne-roset\/\" target=\"_self\">\n\t\tNodum, Tables d&rsquo;appoint hautes ou basses &#8211; Ligne Roset\t<\/a>\n<\/h4>\n\t\t\t<\/div>\n\t\t\t<div class=\"qodef-e-top-holder\">\n\t\t\t\t<div class=\"qodef-e-info\">\n\t\t\t\t\t\t<a href=\"https:\/\/inter-faces.eu\/index.php\/portfolio-category\/ligne-roset\/\" rel=\"tag\">Ligne Roset<\/a><span class=\"qodef-info-separator-single\"><\/span><a href=\"https:\/\/inter-faces.eu\/index.php\/portfolio-category\/salon\/\" rel=\"tag\">Salon<\/a><span class=\"qodef-info-separator-single\"><\/span><a href=\"https:\/\/inter-faces.eu\/index.php\/portfolio-category\/tables-basses\/\" rel=\"tag\">Tables basses<\/a>\t<div class=\"qodef-info-separator-end\"><\/div>\n\t\t\t\t<\/div>\n\t\t\t<\/div>\n\t\t<\/div>\n\t<\/div>\n<\/article>\n<article class=\"qodef-e qodef-grid-item qodef-item--full  post-16719 portfolio-item type-portfolio-item status-publish has-post-thumbnail hentry portfolio-category-repas portfolio-category-tables portfolio-category-tables-basses portfolio-tag-knoll portfolio-tag-piero-lissoni portfolio-tag-table-basse\">\n\t<div class=\"qodef-e-inner\" >\n\t\t<div class=\"qodef-e-image\">\n\t\t\t\t<div class=\"qodef-e-media-image\">\n\t\t<a itemprop=\"url\" href=\"https:\/\/inter-faces.eu\/index.php\/portfolio-item\/la-collection-de-tables-grasshopper-pensee-par-piero-lissoni-knoll-2\/\" target=\"_self\">\n\t\t\t<img loading=\"lazy\" decoding=\"async\" width=\"520\" height=\"400\" src=\"https:\/\/inter-faces.eu\/wp-content\/uploads\/2024\/09\/Knoll-table-basse-grasshopper-1.jpg\" class=\"attachment-full size-full wp-post-image\" alt=\"\" srcset=\"https:\/\/inter-faces.eu\/wp-content\/uploads\/2024\/09\/Knoll-table-basse-grasshopper-1.jpg 520w, https:\/\/inter-faces.eu\/wp-content\/uploads\/2024\/09\/Knoll-table-basse-grasshopper-1-300x231.jpg 300w\" sizes=\"(max-width: 520px) 100vw, 520px\" \/>\t\t<\/a>\n\t<\/div>\n\t\t\t\t\t<\/div>\n\t\t<div class=\"qodef-e-content\" style=\"margin:24px 0 30px 0px\">\n\t\t\t<div class=\"qodef-e-text\">\n\t\t\t\t<h4 itemprop=\"name\" class=\"qodef-e-title entry-title\" >\n\t<a itemprop=\"url\" class=\"qodef-e-title-link\" href=\"https:\/\/inter-faces.eu\/index.php\/portfolio-item\/la-collection-de-tables-grasshopper-pensee-par-piero-lissoni-knoll-2\/\" target=\"_self\">\n\t\tLa collection de tables Grasshopper pens\u00e9e par Piero Lissoni &#8211; Knoll\t<\/a>\n<\/h4>\n\t\t\t<\/div>\n\t\t\t<div class=\"qodef-e-top-holder\">\n\t\t\t\t<div class=\"qodef-e-info\">\n\t\t\t\t\t\t<a href=\"https:\/\/inter-faces.eu\/index.php\/portfolio-category\/repas\/\" rel=\"tag\">Repas<\/a><span class=\"qodef-info-separator-single\"><\/span><a href=\"https:\/\/inter-faces.eu\/index.php\/portfolio-category\/tables\/\" rel=\"tag\">Tables<\/a><span class=\"qodef-info-separator-single\"><\/span><a href=\"https:\/\/inter-faces.eu\/index.php\/portfolio-category\/tables-basses\/\" rel=\"tag\">Tables basses<\/a>\t<div class=\"qodef-info-separator-end\"><\/div>\n\t\t\t\t<\/div>\n\t\t\t<\/div>\n\t\t<\/div>\n\t<\/div>\n<\/article>\n<article class=\"qodef-e qodef-grid-item qodef-item--full  post-17058 portfolio-item type-portfolio-item status-publish has-post-thumbnail hentry portfolio-category-ligne-roset portfolio-category-salon portfolio-category-tables-basses portfolio-tag-ligne-roset portfolio-tag-salon portfolio-tag-table-basse\">\n\t<div class=\"qodef-e-inner\" >\n\t\t<div class=\"qodef-e-image\">\n\t\t\t\t<div class=\"qodef-e-media-image\">\n\t\t<a itemprop=\"url\" href=\"https:\/\/inter-faces.eu\/index.php\/portfolio-item\/lewa-table-basse-et-bout-de-canape-ligne-roset\/\" target=\"_self\">\n\t\t\t<img loading=\"lazy\" decoding=\"async\" width=\"2000\" height=\"1428\" src=\"https:\/\/inter-faces.eu\/wp-content\/uploads\/2024\/10\/Ligne-Roset-table-basse-Lewa-7.jpg\" class=\"attachment-full size-full wp-post-image\" alt=\"\" srcset=\"https:\/\/inter-faces.eu\/wp-content\/uploads\/2024\/10\/Ligne-Roset-table-basse-Lewa-7.jpg 2000w, https:\/\/inter-faces.eu\/wp-content\/uploads\/2024\/10\/Ligne-Roset-table-basse-Lewa-7-300x214.jpg 300w, https:\/\/inter-faces.eu\/wp-content\/uploads\/2024\/10\/Ligne-Roset-table-basse-Lewa-7-1024x731.jpg 1024w, https:\/\/inter-faces.eu\/wp-content\/uploads\/2024\/10\/Ligne-Roset-table-basse-Lewa-7-768x548.jpg 768w, https:\/\/inter-faces.eu\/wp-content\/uploads\/2024\/10\/Ligne-Roset-table-basse-Lewa-7-1536x1097.jpg 1536w, https:\/\/inter-faces.eu\/wp-content\/uploads\/2024\/10\/Ligne-Roset-table-basse-Lewa-7-600x428.jpg 600w\" sizes=\"(max-width: 2000px) 100vw, 2000px\" \/>\t\t<\/a>\n\t<\/div>\n\t\t\t\t\t<\/div>\n\t\t<div class=\"qodef-e-content\" style=\"margin:24px 0 30px 0px\">\n\t\t\t<div class=\"qodef-e-text\">\n\t\t\t\t<h4 itemprop=\"name\" class=\"qodef-e-title entry-title\" >\n\t<a itemprop=\"url\" class=\"qodef-e-title-link\" href=\"https:\/\/inter-faces.eu\/index.php\/portfolio-item\/lewa-table-basse-et-bout-de-canape-ligne-roset\/\" target=\"_self\">\n\t\tLewa, Table basse et bout de canap\u00e9 &#8211; Ligne Roset\t<\/a>\n<\/h4>\n\t\t\t<\/div>\n\t\t\t<div class=\"qodef-e-top-holder\">\n\t\t\t\t<div class=\"qodef-e-info\">\n\t\t\t\t\t\t<a href=\"https:\/\/inter-faces.eu\/index.php\/portfolio-category\/ligne-roset\/\" rel=\"tag\">Ligne Roset<\/a><span class=\"qodef-info-separator-single\"><\/span><a href=\"https:\/\/inter-faces.eu\/index.php\/portfolio-category\/salon\/\" rel=\"tag\">Salon<\/a><span class=\"qodef-info-separator-single\"><\/span><a href=\"https:\/\/inter-faces.eu\/index.php\/portfolio-category\/tables-basses\/\" rel=\"tag\">Tables basses<\/a>\t<div class=\"qodef-info-separator-end\"><\/div>\n\t\t\t\t<\/div>\n\t\t\t<\/div>\n\t\t<\/div>\n\t<\/div>\n<\/article>\n\t<\/div>\n\t<\/div>\n\t\t<\/div>\n\t\t\t\t<\/div>\n\t\t\t\t\t<\/div>\n\t\t<\/div>\n\t\t\t\t\t<\/div>\n\t\t<\/section>\n\t\t\t\t<\/div>\n\t\t<button class=\"simplefavorite-button\" data-postid=\"17058\" data-siteid=\"1\" data-groupid=\"1\" data-favoritecount=\"0\" style=\"\">Ajouter \u00e0 ma liste d'envies <i class=\"fa-solid fa-heart\"><\/i><\/button>","protected":false},"excerpt":{"rendered":"<p>Tables basses C\u2019est l\u2019\u00e9l\u00e9ment central de votre salon ou de votre salon de jardin, elle joue avec tous les mat\u00e9riaux, bois, verre, m\u00e9tal, r\u00e9sine \u2026 et toutes les formes : ronde, carr\u00e9e, unique, modulaire ou gigogne. Les designers contemporains ne s\u2019y sont pas tromp\u00e9s et ont tous offert leur vision de ce meuble convivial. La [&hellip;]<\/p>\n","protected":false},"author":1,"featured_media":0,"parent":0,"menu_order":0,"comment_status":"closed","ping_status":"closed","template":"","meta":{"footnotes":""},"yoast_head":"<!-- This site is optimized with the Yoast SEO plugin v22.6 - https:\/\/yoast.com\/wordpress\/plugins\/seo\/ -->\n<title>Tables basses - Inter-Faces<\/title>\n<meta name=\"robots\" content=\"index, follow, max-snippet:-1, max-image-preview:large, max-video-preview:-1\" \/>\n<link rel=\"canonical\" href=\"https:\/\/inter-faces.eu\/index.php\/tables-basses\/\" \/>\n<meta property=\"og:locale\" content=\"fr_FR\" \/>\n<meta property=\"og:type\" content=\"article\" \/>\n<meta property=\"og:title\" content=\"Tables basses - Inter-Faces\" \/>\n<meta property=\"og:description\" content=\"Tables basses C\u2019est l\u2019\u00e9l\u00e9ment central de votre salon ou de votre salon de jardin, elle joue avec tous les mat\u00e9riaux, bois, verre, m\u00e9tal, r\u00e9sine \u2026 et toutes les formes : ronde, carr\u00e9e, unique, modulaire ou gigogne. Les designers contemporains ne s\u2019y sont pas tromp\u00e9s et ont tous offert leur vision de ce meuble convivial. La [&hellip;]\" \/>\n<meta property=\"og:url\" content=\"https:\/\/inter-faces.eu\/index.php\/tables-basses\/\" \/>\n<meta property=\"og:site_name\" content=\"Inter-Faces\" \/>\n<meta property=\"article:publisher\" content=\"https:\/\/www.facebook.com\/interfacestoulon\" \/>\n<meta property=\"article:modified_time\" content=\"2024-05-02T13:39:50+00:00\" \/>\n<meta property=\"og:image\" content=\"https:\/\/romainleny-dev.com\/wp-content\/uploads\/2024\/02\/1-1-98.jpg\" \/>\n<meta name=\"twitter:card\" content=\"summary_large_image\" \/>\n<meta name=\"twitter:label1\" content=\"Dur\u00e9e de lecture estim\u00e9e\" \/>\n\t<meta name=\"twitter:data1\" content=\"3 minutes\" \/>\n<script type=\"application\/ld+json\" class=\"yoast-schema-graph\">{\"@context\":\"https:\/\/schema.org\",\"@graph\":[{\"@type\":\"WebPage\",\"@id\":\"https:\/\/inter-faces.eu\/index.php\/tables-basses\/\",\"url\":\"https:\/\/inter-faces.eu\/index.php\/tables-basses\/\",\"name\":\"Tables basses - Inter-Faces\",\"isPartOf\":{\"@id\":\"https:\/\/inter-faces.eu\/#website\"},\"primaryImageOfPage\":{\"@id\":\"https:\/\/inter-faces.eu\/index.php\/tables-basses\/#primaryimage\"},\"image\":{\"@id\":\"https:\/\/inter-faces.eu\/index.php\/tables-basses\/#primaryimage\"},\"thumbnailUrl\":\"https:\/\/romainleny-dev.com\/wp-content\/uploads\/2024\/02\/1-1-98.jpg\",\"datePublished\":\"2024-02-26T11:01:36+00:00\",\"dateModified\":\"2024-05-02T13:39:50+00:00\",\"breadcrumb\":{\"@id\":\"https:\/\/inter-faces.eu\/index.php\/tables-basses\/#breadcrumb\"},\"inLanguage\":\"fr-FR\",\"potentialAction\":[{\"@type\":\"ReadAction\",\"target\":[\"https:\/\/inter-faces.eu\/index.php\/tables-basses\/\"]}]},{\"@type\":\"ImageObject\",\"inLanguage\":\"fr-FR\",\"@id\":\"https:\/\/inter-faces.eu\/index.php\/tables-basses\/#primaryimage\",\"url\":\"https:\/\/romainleny-dev.com\/wp-content\/uploads\/2024\/02\/1-1-98.jpg\",\"contentUrl\":\"https:\/\/romainleny-dev.com\/wp-content\/uploads\/2024\/02\/1-1-98.jpg\"},{\"@type\":\"BreadcrumbList\",\"@id\":\"https:\/\/inter-faces.eu\/index.php\/tables-basses\/#breadcrumb\",\"itemListElement\":[{\"@type\":\"ListItem\",\"position\":1,\"name\":\"Accueil\",\"item\":\"https:\/\/inter-faces.eu\/\"},{\"@type\":\"ListItem\",\"position\":2,\"name\":\"Tables basses\"}]},{\"@type\":\"WebSite\",\"@id\":\"https:\/\/inter-faces.eu\/#website\",\"url\":\"https:\/\/inter-faces.eu\/\",\"name\":\"Inter-Faces\",\"description\":\"\",\"publisher\":{\"@id\":\"https:\/\/inter-faces.eu\/#organization\"},\"potentialAction\":[{\"@type\":\"SearchAction\",\"target\":{\"@type\":\"EntryPoint\",\"urlTemplate\":\"https:\/\/inter-faces.eu\/?s={search_term_string}\"},\"query-input\":\"required name=search_term_string\"}],\"inLanguage\":\"fr-FR\"},{\"@type\":\"Organization\",\"@id\":\"https:\/\/inter-faces.eu\/#organization\",\"name\":\"Inter-Faces\",\"url\":\"https:\/\/inter-faces.eu\/\",\"logo\":{\"@type\":\"ImageObject\",\"inLanguage\":\"fr-FR\",\"@id\":\"https:\/\/inter-faces.eu\/#\/schema\/logo\/image\/\",\"url\":\"https:\/\/inter-faces.eu\/wp-content\/uploads\/2024\/02\/logo.png\",\"contentUrl\":\"https:\/\/inter-faces.eu\/wp-content\/uploads\/2024\/02\/logo.png\",\"width\":400,\"height\":155,\"caption\":\"Inter-Faces\"},\"image\":{\"@id\":\"https:\/\/inter-faces.eu\/#\/schema\/logo\/image\/\"},\"sameAs\":[\"https:\/\/www.facebook.com\/interfacestoulon\",\"https:\/\/www.instagram.com\/inter_faces_mobilier\",\"https:\/\/www.youtube.com\/user\/interfacesmc\"]}]}<\/script>\n<!-- \/ Yoast SEO plugin. -->","yoast_head_json":{"title":"Tables basses - Inter-Faces","robots":{"index":"index","follow":"follow","max-snippet":"max-snippet:-1","max-image-preview":"max-image-preview:large","max-video-preview":"max-video-preview:-1"},"canonical":"https:\/\/inter-faces.eu\/index.php\/tables-basses\/","og_locale":"fr_FR","og_type":"article","og_title":"Tables basses - Inter-Faces","og_description":"Tables basses C\u2019est l\u2019\u00e9l\u00e9ment central de votre salon ou de votre salon de jardin, elle joue avec tous les mat\u00e9riaux, bois, verre, m\u00e9tal, r\u00e9sine \u2026 et toutes les formes : ronde, carr\u00e9e, unique, modulaire ou gigogne. Les designers contemporains ne s\u2019y sont pas tromp\u00e9s et ont tous offert leur vision de ce meuble convivial. La [&hellip;]","og_url":"https:\/\/inter-faces.eu\/index.php\/tables-basses\/","og_site_name":"Inter-Faces","article_publisher":"https:\/\/www.facebook.com\/interfacestoulon","article_modified_time":"2024-05-02T13:39:50+00:00","og_image":[{"url":"https:\/\/romainleny-dev.com\/wp-content\/uploads\/2024\/02\/1-1-98.jpg"}],"twitter_card":"summary_large_image","twitter_misc":{"Dur\u00e9e de lecture estim\u00e9e":"3 minutes"},"schema":{"@context":"https:\/\/schema.org","@graph":[{"@type":"WebPage","@id":"https:\/\/inter-faces.eu\/index.php\/tables-basses\/","url":"https:\/\/inter-faces.eu\/index.php\/tables-basses\/","name":"Tables basses - Inter-Faces","isPartOf":{"@id":"https:\/\/inter-faces.eu\/#website"},"primaryImageOfPage":{"@id":"https:\/\/inter-faces.eu\/index.php\/tables-basses\/#primaryimage"},"image":{"@id":"https:\/\/inter-faces.eu\/index.php\/tables-basses\/#primaryimage"},"thumbnailUrl":"https:\/\/romainleny-dev.com\/wp-content\/uploads\/2024\/02\/1-1-98.jpg","datePublished":"2024-02-26T11:01:36+00:00","dateModified":"2024-05-02T13:39:50+00:00","breadcrumb":{"@id":"https:\/\/inter-faces.eu\/index.php\/tables-basses\/#breadcrumb"},"inLanguage":"fr-FR","potentialAction":[{"@type":"ReadAction","target":["https:\/\/inter-faces.eu\/index.php\/tables-basses\/"]}]},{"@type":"ImageObject","inLanguage":"fr-FR","@id":"https:\/\/inter-faces.eu\/index.php\/tables-basses\/#primaryimage","url":"https:\/\/romainleny-dev.com\/wp-content\/uploads\/2024\/02\/1-1-98.jpg","contentUrl":"https:\/\/romainleny-dev.com\/wp-content\/uploads\/2024\/02\/1-1-98.jpg"},{"@type":"BreadcrumbList","@id":"https:\/\/inter-faces.eu\/index.php\/tables-basses\/#breadcrumb","itemListElement":[{"@type":"ListItem","position":1,"name":"Accueil","item":"https:\/\/inter-faces.eu\/"},{"@type":"ListItem","position":2,"name":"Tables basses"}]},{"@type":"WebSite","@id":"https:\/\/inter-faces.eu\/#website","url":"https:\/\/inter-faces.eu\/","name":"Inter-Faces","description":"","publisher":{"@id":"https:\/\/inter-faces.eu\/#organization"},"potentialAction":[{"@type":"SearchAction","target":{"@type":"EntryPoint","urlTemplate":"https:\/\/inter-faces.eu\/?s={search_term_string}"},"query-input":"required name=search_term_string"}],"inLanguage":"fr-FR"},{"@type":"Organization","@id":"https:\/\/inter-faces.eu\/#organization","name":"Inter-Faces","url":"https:\/\/inter-faces.eu\/","logo":{"@type":"ImageObject","inLanguage":"fr-FR","@id":"https:\/\/inter-faces.eu\/#\/schema\/logo\/image\/","url":"https:\/\/inter-faces.eu\/wp-content\/uploads\/2024\/02\/logo.png","contentUrl":"https:\/\/inter-faces.eu\/wp-content\/uploads\/2024\/02\/logo.png","width":400,"height":155,"caption":"Inter-Faces"},"image":{"@id":"https:\/\/inter-faces.eu\/#\/schema\/logo\/image\/"},"sameAs":["https:\/\/www.facebook.com\/interfacestoulon","https:\/\/www.instagram.com\/inter_faces_mobilier","https:\/\/www.youtube.com\/user\/interfacesmc"]}]}},"_links":{"self":[{"href":"https:\/\/inter-faces.eu\/index.php\/wp-json\/wp\/v2\/pages\/13649"}],"collection":[{"href":"https:\/\/inter-faces.eu\/index.php\/wp-json\/wp\/v2\/pages"}],"about":[{"href":"https:\/\/inter-faces.eu\/index.php\/wp-json\/wp\/v2\/types\/page"}],"author":[{"embeddable":true,"href":"https:\/\/inter-faces.eu\/index.php\/wp-json\/wp\/v2\/users\/1"}],"replies":[{"embeddable":true,"href":"https:\/\/inter-faces.eu\/index.php\/wp-json\/wp\/v2\/comments?post=13649"}],"version-history":[{"count":10,"href":"https:\/\/inter-faces.eu\/index.php\/wp-json\/wp\/v2\/pages\/13649\/revisions"}],"predecessor-version":[{"id":14677,"href":"https:\/\/inter-faces.eu\/index.php\/wp-json\/wp\/v2\/pages\/13649\/revisions\/14677"}],"wp:attachment":[{"href":"https:\/\/inter-faces.eu\/index.php\/wp-json\/wp\/v2\/media?parent=13649"}],"curies":[{"name":"wp","href":"https:\/\/api.w.org\/{rel}","templated":true}]}}