{"id":13643,"date":"2024-02-26T12:00:26","date_gmt":"2024-02-26T11:00:26","guid":{"rendered":"https:\/\/romainleny-dev.com\/?page_id=13643"},"modified":"2024-05-02T15:24:47","modified_gmt":"2024-05-02T13:24:47","slug":"canapes","status":"publish","type":"page","link":"https:\/\/inter-faces.eu\/index.php\/canapes\/","title":{"rendered":"Canap\u00e9s"},"content":{"rendered":"\t\t<div data-elementor-type=\"wp-page\" data-elementor-id=\"13643\" class=\"elementor elementor-13643\" data-elementor-post-type=\"page\">\n\t\t\t\t<div class=\"elementor-element elementor-element-649c2197 e-con-full e-flex e-con e-parent\" data-id=\"649c2197\" data-element_type=\"container\" data-core-v316-plus=\"true\">\n\t\t\t\t<div class=\"elementor-element elementor-element-3c1accde elementor-widget elementor-widget-hiroshi_core_section_title\" data-id=\"3c1accde\" data-element_type=\"widget\" data-widget_type=\"hiroshi_core_section_title.default\">\n\t\t\t\t<div class=\"elementor-widget-container\">\n\t\t\t<div class=\"qodef-shortcode qodef-m  qodef-section-title qodef-alignment--left \">\n\t\t<h1 class=\"qodef-m-title\" >\n\t\t\t\t\tCanap\u00e9s\t\t\t<\/h1>\n\t\t<p class=\"qodef-m-text\" >Avec notre s\u00e9lection de canap\u00e9s haut de gamme, nous vous proposons des cr\u00e9ations contemporaines fonctionnelles et \u00e9l\u00e9gantes, esth\u00e9tiques, confortables, de qualit\u00e9 exceptionnelle.\nChaque pi\u00e8ce est pens\u00e9e pour sublimer votre int\u00e9rieur et cr\u00e9er une atmosph\u00e8re unique.\nDans nos showrooms vous d\u00e9couvrirez un choix exigeant : design italien ou scandinave, indoor ou outdoor, traditionnel ou \u00e0 la pointe de la tendance, toutes les formes, cuir ou tissus, toutes les mati\u00e8res, toutes les couleurs\u2026<\/p>\n<\/div>\n\t\t<\/div>\n\t\t\t\t<\/div>\n\t\t\t\t<\/div>\n\t\t\t\t<section class=\"elementor-section elementor-top-section elementor-element elementor-element-661fdc45 elementor-section-full_width qodef-elementor-content-grid elementor-section-height-default elementor-section-height-default qodef-elementor-column-no\" data-id=\"661fdc45\" data-element_type=\"section\">\n\t\t\t\t\t\t<div class=\"elementor-container elementor-column-gap-default\">\n\t\t\t\t\t<div class=\"elementor-column elementor-col-100 elementor-top-column elementor-element elementor-element-23f4da1f\" data-id=\"23f4da1f\" data-element_type=\"column\">\n\t\t\t<div class=\"elementor-widget-wrap elementor-element-populated\">\n\t\t\t\t\t\t<div class=\"elementor-element elementor-element-4c171564 elementor-widget elementor-widget-hiroshi_core_portfolio_list\" data-id=\"4c171564\" data-element_type=\"widget\" data-widget_type=\"hiroshi_core_portfolio_list.default\">\n\t\t\t\t<div class=\"elementor-widget-container\">\n\t\t\t<div class=\"qodef-shortcode qodef-m  qodef-portfolio-list qodef-item-layout--info-below  qodef-grid qodef-layout--columns  qodef-gutter--tiny qodef-col-num--3 qodef-item-layout--info-below qodef--no-bottom-space qodef-pagination--off qodef-responsive--predefined qodef-hover-animation--move-text\" data-options=\"{&quot;plugin&quot;:&quot;hiroshi_core&quot;,&quot;module&quot;:&quot;post-types\\\/portfolio\\\/shortcodes&quot;,&quot;shortcode&quot;:&quot;portfolio-list&quot;,&quot;post_type&quot;:&quot;portfolio-item&quot;,&quot;next_page&quot;:&quot;2&quot;,&quot;max_pages_num&quot;:1,&quot;behavior&quot;:&quot;columns&quot;,&quot;images_proportion&quot;:&quot;full&quot;,&quot;columns&quot;:&quot;3&quot;,&quot;columns_responsive&quot;:&quot;predefined&quot;,&quot;space&quot;:&quot;tiny&quot;,&quot;posts_per_page&quot;:&quot;200&quot;,&quot;orderby&quot;:&quot;date&quot;,&quot;order&quot;:&quot;DESC&quot;,&quot;additional_params&quot;:&quot;tax&quot;,&quot;tax&quot;:&quot;portfolio-tag&quot;,&quot;tax_slug&quot;:&quot;canape&quot;,&quot;layout&quot;:&quot;info-below&quot;,&quot;hover_animation_info-below&quot;:&quot;move-text&quot;,&quot;hover_animation_info-follow&quot;:&quot;follow&quot;,&quot;hover_animation_info-on-hover&quot;:&quot;fade-in&quot;,&quot;title_tag&quot;:&quot;h4&quot;,&quot;enable_category&quot;:&quot;yes&quot;,&quot;zigzag&quot;:&quot;no&quot;,&quot;custom_margin&quot;:&quot;no&quot;,&quot;enable_appear&quot;:&quot;no&quot;,&quot;pagination_type&quot;:&quot;no-pagination&quot;,&quot;info_below_content_margin&quot;:&quot;24px 0 30px 0px&quot;,&quot;object_class_name&quot;:&quot;HiroshiCore_Portfolio_List_Shortcode&quot;,&quot;taxonomy_filter&quot;:&quot;portfolio-tag&quot;,&quot;additional_query_args&quot;:{&quot;tax_query&quot;:[{&quot;taxonomy&quot;:&quot;portfolio-tag&quot;,&quot;field&quot;:&quot;slug&quot;,&quot;terms&quot;:&quot;canape&quot;}]},&quot;space_value&quot;:4}\">\n\t\t<div class=\"qodef-grid-inner clear\">\n\t\t<article class=\"qodef-e qodef-grid-item qodef-item--full  post-18747 portfolio-item type-portfolio-item status-publish has-post-thumbnail hentry portfolio-category-canapes portfolio-category-fauteuils-confort portfolio-category-ligne-roset portfolio-category-salon portfolio-tag-canape portfolio-tag-ligne-roset\">\n\t<div class=\"qodef-e-inner\" >\n\t\t<div class=\"qodef-e-image\">\n\t\t\t\t<div class=\"qodef-e-media-image\">\n\t\t<a itemprop=\"url\" href=\"https:\/\/inter-faces.eu\/index.php\/portfolio-item\/noka-inspiration-japonaise-ligne-roset\/\" target=\"_self\">\n\t\t\t<img fetchpriority=\"high\" decoding=\"async\" width=\"2000\" height=\"1125\" src=\"https:\/\/inter-faces.eu\/wp-content\/uploads\/2026\/01\/Inter-faces-Ligne-Roset-canape-Noka-Toulon-et-Puget-sur-Argens.-4.jpg\" class=\"attachment-full size-full wp-post-image\" alt=\"\" srcset=\"https:\/\/inter-faces.eu\/wp-content\/uploads\/2026\/01\/Inter-faces-Ligne-Roset-canape-Noka-Toulon-et-Puget-sur-Argens.-4.jpg 2000w, https:\/\/inter-faces.eu\/wp-content\/uploads\/2026\/01\/Inter-faces-Ligne-Roset-canape-Noka-Toulon-et-Puget-sur-Argens.-4-300x169.jpg 300w, https:\/\/inter-faces.eu\/wp-content\/uploads\/2026\/01\/Inter-faces-Ligne-Roset-canape-Noka-Toulon-et-Puget-sur-Argens.-4-1024x576.jpg 1024w, https:\/\/inter-faces.eu\/wp-content\/uploads\/2026\/01\/Inter-faces-Ligne-Roset-canape-Noka-Toulon-et-Puget-sur-Argens.-4-768x432.jpg 768w, https:\/\/inter-faces.eu\/wp-content\/uploads\/2026\/01\/Inter-faces-Ligne-Roset-canape-Noka-Toulon-et-Puget-sur-Argens.-4-1536x864.jpg 1536w, https:\/\/inter-faces.eu\/wp-content\/uploads\/2026\/01\/Inter-faces-Ligne-Roset-canape-Noka-Toulon-et-Puget-sur-Argens.-4-600x338.jpg 600w\" sizes=\"(max-width: 2000px) 100vw, 2000px\" \/>\t\t<\/a>\n\t<\/div>\n\t\t\t\t\t<\/div>\n\t\t<div class=\"qodef-e-content\" style=\"margin:24px 0 30px 0px\">\n\t\t\t<div class=\"qodef-e-text\">\n\t\t\t\t<h4 itemprop=\"name\" class=\"qodef-e-title entry-title\" >\n\t<a itemprop=\"url\" class=\"qodef-e-title-link\" href=\"https:\/\/inter-faces.eu\/index.php\/portfolio-item\/noka-inspiration-japonaise-ligne-roset\/\" target=\"_self\">\n\t\tNoka, inspiration japonaise &#8211; Ligne Roset\t<\/a>\n<\/h4>\n\t\t\t<\/div>\n\t\t\t<div class=\"qodef-e-top-holder\">\n\t\t\t\t<div class=\"qodef-e-info\">\n\t\t\t\t\t\t<a href=\"https:\/\/inter-faces.eu\/index.php\/portfolio-category\/canapes\/\" rel=\"tag\">Canap\u00e9s<\/a><span class=\"qodef-info-separator-single\"><\/span><a href=\"https:\/\/inter-faces.eu\/index.php\/portfolio-category\/fauteuils-confort\/\" rel=\"tag\">Fauteuils confort<\/a><span class=\"qodef-info-separator-single\"><\/span><a href=\"https:\/\/inter-faces.eu\/index.php\/portfolio-category\/ligne-roset\/\" rel=\"tag\">Ligne Roset<\/a><span class=\"qodef-info-separator-single\"><\/span><a href=\"https:\/\/inter-faces.eu\/index.php\/portfolio-category\/salon\/\" rel=\"tag\">Salon<\/a>\t<div class=\"qodef-info-separator-end\"><\/div>\n\t\t\t\t<\/div>\n\t\t\t<\/div>\n\t\t<\/div>\n\t<\/div>\n<\/article>\n<article class=\"qodef-e qodef-grid-item qodef-item--full  post-18725 portfolio-item type-portfolio-item status-publish has-post-thumbnail hentry portfolio-category-canapes portfolio-category-fauteuils-confort portfolio-category-ligne-roset portfolio-category-salon portfolio-tag-canape portfolio-tag-ligne-roset\">\n\t<div class=\"qodef-e-inner\" >\n\t\t<div class=\"qodef-e-image\">\n\t\t\t\t<div class=\"qodef-e-media-image\">\n\t\t<a itemprop=\"url\" href=\"https:\/\/inter-faces.eu\/index.php\/portfolio-item\/collection-ruche-moelleux-et-modulable-ligne-roset-2\/\" target=\"_self\">\n\t\t\t<img decoding=\"async\" width=\"2000\" height=\"1260\" src=\"https:\/\/inter-faces.eu\/wp-content\/uploads\/2025\/11\/Ligne-Roset-Toulon-Inter-Faces-Toulon-et-Puget-sur-Argens-Meridienne-et-canape-Ruche-mobilier-contemporain-design-6.jpg\" class=\"attachment-full size-full wp-post-image\" alt=\"\" srcset=\"https:\/\/inter-faces.eu\/wp-content\/uploads\/2025\/11\/Ligne-Roset-Toulon-Inter-Faces-Toulon-et-Puget-sur-Argens-Meridienne-et-canape-Ruche-mobilier-contemporain-design-6.jpg 2000w, https:\/\/inter-faces.eu\/wp-content\/uploads\/2025\/11\/Ligne-Roset-Toulon-Inter-Faces-Toulon-et-Puget-sur-Argens-Meridienne-et-canape-Ruche-mobilier-contemporain-design-6-300x189.jpg 300w, https:\/\/inter-faces.eu\/wp-content\/uploads\/2025\/11\/Ligne-Roset-Toulon-Inter-Faces-Toulon-et-Puget-sur-Argens-Meridienne-et-canape-Ruche-mobilier-contemporain-design-6-1024x645.jpg 1024w, https:\/\/inter-faces.eu\/wp-content\/uploads\/2025\/11\/Ligne-Roset-Toulon-Inter-Faces-Toulon-et-Puget-sur-Argens-Meridienne-et-canape-Ruche-mobilier-contemporain-design-6-768x484.jpg 768w, https:\/\/inter-faces.eu\/wp-content\/uploads\/2025\/11\/Ligne-Roset-Toulon-Inter-Faces-Toulon-et-Puget-sur-Argens-Meridienne-et-canape-Ruche-mobilier-contemporain-design-6-1536x968.jpg 1536w, https:\/\/inter-faces.eu\/wp-content\/uploads\/2025\/11\/Ligne-Roset-Toulon-Inter-Faces-Toulon-et-Puget-sur-Argens-Meridienne-et-canape-Ruche-mobilier-contemporain-design-6-600x378.jpg 600w\" sizes=\"(max-width: 2000px) 100vw, 2000px\" \/>\t\t<\/a>\n\t<\/div>\n\t\t\t\t\t<\/div>\n\t\t<div class=\"qodef-e-content\" style=\"margin:24px 0 30px 0px\">\n\t\t\t<div class=\"qodef-e-text\">\n\t\t\t\t<h4 itemprop=\"name\" class=\"qodef-e-title entry-title\" >\n\t<a itemprop=\"url\" class=\"qodef-e-title-link\" href=\"https:\/\/inter-faces.eu\/index.php\/portfolio-item\/collection-ruche-moelleux-et-modulable-ligne-roset-2\/\" target=\"_self\">\n\t\tCollection Ruch\u00e9, moelleux et modulable  &#8211; Ligne Roset\t<\/a>\n<\/h4>\n\t\t\t<\/div>\n\t\t\t<div class=\"qodef-e-top-holder\">\n\t\t\t\t<div class=\"qodef-e-info\">\n\t\t\t\t\t\t<a href=\"https:\/\/inter-faces.eu\/index.php\/portfolio-category\/canapes\/\" rel=\"tag\">Canap\u00e9s<\/a><span class=\"qodef-info-separator-single\"><\/span><a href=\"https:\/\/inter-faces.eu\/index.php\/portfolio-category\/fauteuils-confort\/\" rel=\"tag\">Fauteuils confort<\/a><span class=\"qodef-info-separator-single\"><\/span><a href=\"https:\/\/inter-faces.eu\/index.php\/portfolio-category\/ligne-roset\/\" rel=\"tag\">Ligne Roset<\/a><span class=\"qodef-info-separator-single\"><\/span><a href=\"https:\/\/inter-faces.eu\/index.php\/portfolio-category\/salon\/\" rel=\"tag\">Salon<\/a>\t<div class=\"qodef-info-separator-end\"><\/div>\n\t\t\t\t<\/div>\n\t\t\t<\/div>\n\t\t<\/div>\n\t<\/div>\n<\/article>\n<article class=\"qodef-e qodef-grid-item qodef-item--full  post-18696 portfolio-item type-portfolio-item status-publish has-post-thumbnail hentry portfolio-category-canapes portfolio-category-salon portfolio-tag-canape portfolio-tag-vitra\">\n\t<div class=\"qodef-e-inner\" >\n\t\t<div class=\"qodef-e-image\">\n\t\t\t\t<div class=\"qodef-e-media-image\">\n\t\t<a itemprop=\"url\" href=\"https:\/\/inter-faces.eu\/index.php\/portfolio-item\/anagram-canape-tres-tres-modulable-vitra\/\" target=\"_self\">\n\t\t\t<img decoding=\"async\" width=\"1440\" height=\"960\" src=\"https:\/\/inter-faces.eu\/wp-content\/uploads\/2025\/11\/Inter-Faces-Toulon-et-Puget-sur-Argens-Mobilier-contemporain-Haut-de-Gamme-Canape-Anagram-Vitra-1.jpg\" class=\"attachment-full size-full wp-post-image\" alt=\"\" srcset=\"https:\/\/inter-faces.eu\/wp-content\/uploads\/2025\/11\/Inter-Faces-Toulon-et-Puget-sur-Argens-Mobilier-contemporain-Haut-de-Gamme-Canape-Anagram-Vitra-1.jpg 1440w, https:\/\/inter-faces.eu\/wp-content\/uploads\/2025\/11\/Inter-Faces-Toulon-et-Puget-sur-Argens-Mobilier-contemporain-Haut-de-Gamme-Canape-Anagram-Vitra-1-300x200.jpg 300w, https:\/\/inter-faces.eu\/wp-content\/uploads\/2025\/11\/Inter-Faces-Toulon-et-Puget-sur-Argens-Mobilier-contemporain-Haut-de-Gamme-Canape-Anagram-Vitra-1-1024x683.jpg 1024w, https:\/\/inter-faces.eu\/wp-content\/uploads\/2025\/11\/Inter-Faces-Toulon-et-Puget-sur-Argens-Mobilier-contemporain-Haut-de-Gamme-Canape-Anagram-Vitra-1-768x512.jpg 768w, https:\/\/inter-faces.eu\/wp-content\/uploads\/2025\/11\/Inter-Faces-Toulon-et-Puget-sur-Argens-Mobilier-contemporain-Haut-de-Gamme-Canape-Anagram-Vitra-1-600x400.jpg 600w\" sizes=\"(max-width: 1440px) 100vw, 1440px\" \/>\t\t<\/a>\n\t<\/div>\n\t\t\t\t\t<\/div>\n\t\t<div class=\"qodef-e-content\" style=\"margin:24px 0 30px 0px\">\n\t\t\t<div class=\"qodef-e-text\">\n\t\t\t\t<h4 itemprop=\"name\" class=\"qodef-e-title entry-title\" >\n\t<a itemprop=\"url\" class=\"qodef-e-title-link\" href=\"https:\/\/inter-faces.eu\/index.php\/portfolio-item\/anagram-canape-tres-tres-modulable-vitra\/\" target=\"_self\">\n\t\tAnagram, canap\u00e9 Tr\u00e8s Tr\u00e8s modulable &#8211; Vitra\t<\/a>\n<\/h4>\n\t\t\t<\/div>\n\t\t\t<div class=\"qodef-e-top-holder\">\n\t\t\t\t<div class=\"qodef-e-info\">\n\t\t\t\t\t\t<a href=\"https:\/\/inter-faces.eu\/index.php\/portfolio-category\/canapes\/\" rel=\"tag\">Canap\u00e9s<\/a><span class=\"qodef-info-separator-single\"><\/span><a href=\"https:\/\/inter-faces.eu\/index.php\/portfolio-category\/salon\/\" rel=\"tag\">Salon<\/a>\t<div class=\"qodef-info-separator-end\"><\/div>\n\t\t\t\t<\/div>\n\t\t\t<\/div>\n\t\t<\/div>\n\t<\/div>\n<\/article>\n<article class=\"qodef-e qodef-grid-item qodef-item--full  post-12048 portfolio-item type-portfolio-item status-publish has-post-thumbnail hentry portfolio-category-canapes portfolio-category-fauteuils-confort portfolio-category-ligne-roset portfolio-category-salon portfolio-tag-canape portfolio-tag-icone portfolio-tag-ligne-roset\">\n\t<div class=\"qodef-e-inner\" >\n\t\t<div class=\"qodef-e-image\">\n\t\t\t\t<div class=\"qodef-e-media-image\">\n\t\t<a itemprop=\"url\" href=\"https:\/\/inter-faces.eu\/index.php\/portfolio-item\/le-canape-togo-de-ligne-roset\/\" target=\"_self\">\n\t\t\t<img loading=\"lazy\" decoding=\"async\" width=\"900\" height=\"652\" src=\"https:\/\/inter-faces.eu\/wp-content\/uploads\/2024\/02\/1-1-96.jpg\" class=\"attachment-full size-full wp-post-image\" alt=\"\" srcset=\"https:\/\/inter-faces.eu\/wp-content\/uploads\/2024\/02\/1-1-96.jpg 900w, https:\/\/inter-faces.eu\/wp-content\/uploads\/2024\/02\/1-1-96-300x217.jpg 300w, https:\/\/inter-faces.eu\/wp-content\/uploads\/2024\/02\/1-1-96-768x556.jpg 768w, https:\/\/inter-faces.eu\/wp-content\/uploads\/2024\/02\/1-1-96-600x435.jpg 600w\" sizes=\"(max-width: 900px) 100vw, 900px\" \/>\t\t<\/a>\n\t<\/div>\n\t\t\t\t\t<\/div>\n\t\t<div class=\"qodef-e-content\" style=\"margin:24px 0 30px 0px\">\n\t\t\t<div class=\"qodef-e-text\">\n\t\t\t\t<h4 itemprop=\"name\" class=\"qodef-e-title entry-title\" >\n\t<a itemprop=\"url\" class=\"qodef-e-title-link\" href=\"https:\/\/inter-faces.eu\/index.php\/portfolio-item\/le-canape-togo-de-ligne-roset\/\" target=\"_self\">\n\t\tLe canap\u00e9 Togo &#8211; Ligne Roset\t<\/a>\n<\/h4>\n\t\t\t<\/div>\n\t\t\t<div class=\"qodef-e-top-holder\">\n\t\t\t\t<div class=\"qodef-e-info\">\n\t\t\t\t\t\t<a href=\"https:\/\/inter-faces.eu\/index.php\/portfolio-category\/canapes\/\" rel=\"tag\">Canap\u00e9s<\/a><span class=\"qodef-info-separator-single\"><\/span><a href=\"https:\/\/inter-faces.eu\/index.php\/portfolio-category\/fauteuils-confort\/\" rel=\"tag\">Fauteuils confort<\/a><span class=\"qodef-info-separator-single\"><\/span><a href=\"https:\/\/inter-faces.eu\/index.php\/portfolio-category\/ligne-roset\/\" rel=\"tag\">Ligne Roset<\/a><span class=\"qodef-info-separator-single\"><\/span><a href=\"https:\/\/inter-faces.eu\/index.php\/portfolio-category\/salon\/\" rel=\"tag\">Salon<\/a>\t<div class=\"qodef-info-separator-end\"><\/div>\n\t\t\t\t<\/div>\n\t\t\t<\/div>\n\t\t<\/div>\n\t<\/div>\n<\/article>\n<article class=\"qodef-e qodef-grid-item qodef-item--full  post-18335 portfolio-item type-portfolio-item status-publish has-post-thumbnail hentry portfolio-category-canapes portfolio-category-salon portfolio-tag-canape portfolio-tag-edra\">\n\t<div class=\"qodef-e-inner\" >\n\t\t<div class=\"qodef-e-image\">\n\t\t\t\t<div class=\"qodef-e-media-image\">\n\t\t<a itemprop=\"url\" href=\"https:\/\/inter-faces.eu\/index.php\/portfolio-item\/canapes-edra\/\" target=\"_self\">\n\t\t\t<img loading=\"lazy\" decoding=\"async\" width=\"796\" height=\"999\" src=\"https:\/\/inter-faces.eu\/wp-content\/uploads\/2025\/06\/Inter-Faces-Toulon-canapes-haut-de-gamme-edra-3.jpg\" class=\"attachment-full size-full wp-post-image\" alt=\"\" srcset=\"https:\/\/inter-faces.eu\/wp-content\/uploads\/2025\/06\/Inter-Faces-Toulon-canapes-haut-de-gamme-edra-3.jpg 796w, https:\/\/inter-faces.eu\/wp-content\/uploads\/2025\/06\/Inter-Faces-Toulon-canapes-haut-de-gamme-edra-3-239x300.jpg 239w, https:\/\/inter-faces.eu\/wp-content\/uploads\/2025\/06\/Inter-Faces-Toulon-canapes-haut-de-gamme-edra-3-768x964.jpg 768w, https:\/\/inter-faces.eu\/wp-content\/uploads\/2025\/06\/Inter-Faces-Toulon-canapes-haut-de-gamme-edra-3-600x753.jpg 600w\" sizes=\"(max-width: 796px) 100vw, 796px\" \/>\t\t<\/a>\n\t<\/div>\n\t\t\t\t\t<\/div>\n\t\t<div class=\"qodef-e-content\" style=\"margin:24px 0 30px 0px\">\n\t\t\t<div class=\"qodef-e-text\">\n\t\t\t\t<h4 itemprop=\"name\" class=\"qodef-e-title entry-title\" >\n\t<a itemprop=\"url\" class=\"qodef-e-title-link\" href=\"https:\/\/inter-faces.eu\/index.php\/portfolio-item\/canapes-edra\/\" target=\"_self\">\n\t\tUne palette pr\u00e9cieuse, les nouveaux tissus de canap\u00e9s et fauteuils &#8211; Edra.\t<\/a>\n<\/h4>\n\t\t\t<\/div>\n\t\t\t<div class=\"qodef-e-top-holder\">\n\t\t\t\t<div class=\"qodef-e-info\">\n\t\t\t\t\t\t<a href=\"https:\/\/inter-faces.eu\/index.php\/portfolio-category\/canapes\/\" rel=\"tag\">Canap\u00e9s<\/a><span class=\"qodef-info-separator-single\"><\/span><a href=\"https:\/\/inter-faces.eu\/index.php\/portfolio-category\/salon\/\" rel=\"tag\">Salon<\/a>\t<div class=\"qodef-info-separator-end\"><\/div>\n\t\t\t\t<\/div>\n\t\t\t<\/div>\n\t\t<\/div>\n\t<\/div>\n<\/article>\n<article class=\"qodef-e qodef-grid-item qodef-item--full  post-12058 portfolio-item type-portfolio-item status-publish has-post-thumbnail hentry portfolio-category-canapes portfolio-category-salon portfolio-tag-canape portfolio-tag-edra\">\n\t<div class=\"qodef-e-inner\" >\n\t\t<div class=\"qodef-e-image\">\n\t\t\t\t<div class=\"qodef-e-media-image\">\n\t\t<a itemprop=\"url\" href=\"https:\/\/inter-faces.eu\/index.php\/portfolio-item\/une-piece-audacieuse-et-libre-decouvrez-le-canape-standard-de-edra\/\" target=\"_self\">\n\t\t\t<img loading=\"lazy\" decoding=\"async\" width=\"900\" height=\"652\" src=\"https:\/\/inter-faces.eu\/wp-content\/uploads\/2024\/02\/1-1-86.jpg\" class=\"attachment-full size-full wp-post-image\" alt=\"\" srcset=\"https:\/\/inter-faces.eu\/wp-content\/uploads\/2024\/02\/1-1-86.jpg 900w, https:\/\/inter-faces.eu\/wp-content\/uploads\/2024\/02\/1-1-86-300x217.jpg 300w, https:\/\/inter-faces.eu\/wp-content\/uploads\/2024\/02\/1-1-86-768x556.jpg 768w, https:\/\/inter-faces.eu\/wp-content\/uploads\/2024\/02\/1-1-86-600x435.jpg 600w\" sizes=\"(max-width: 900px) 100vw, 900px\" \/>\t\t<\/a>\n\t<\/div>\n\t\t\t\t\t<\/div>\n\t\t<div class=\"qodef-e-content\" style=\"margin:24px 0 30px 0px\">\n\t\t\t<div class=\"qodef-e-text\">\n\t\t\t\t<h4 itemprop=\"name\" class=\"qodef-e-title entry-title\" >\n\t<a itemprop=\"url\" class=\"qodef-e-title-link\" href=\"https:\/\/inter-faces.eu\/index.php\/portfolio-item\/une-piece-audacieuse-et-libre-decouvrez-le-canape-standard-de-edra\/\" target=\"_self\">\n\t\tUne pi\u00e8ce audacieuse : le canap\u00e9 Standard &#8211; Edra\t<\/a>\n<\/h4>\n\t\t\t<\/div>\n\t\t\t<div class=\"qodef-e-top-holder\">\n\t\t\t\t<div class=\"qodef-e-info\">\n\t\t\t\t\t\t<a href=\"https:\/\/inter-faces.eu\/index.php\/portfolio-category\/canapes\/\" rel=\"tag\">Canap\u00e9s<\/a><span class=\"qodef-info-separator-single\"><\/span><a href=\"https:\/\/inter-faces.eu\/index.php\/portfolio-category\/salon\/\" rel=\"tag\">Salon<\/a>\t<div class=\"qodef-info-separator-end\"><\/div>\n\t\t\t\t<\/div>\n\t\t\t<\/div>\n\t\t<\/div>\n\t<\/div>\n<\/article>\n<article class=\"qodef-e qodef-grid-item qodef-item--full  post-17700 portfolio-item type-portfolio-item status-publish has-post-thumbnail hentry portfolio-category-canapes portfolio-category-salon portfolio-tag-traditions portfolio-tag-canape\">\n\t<div class=\"qodef-e-inner\" >\n\t\t<div class=\"qodef-e-image\">\n\t\t\t\t<div class=\"qodef-e-media-image\">\n\t\t<a itemprop=\"url\" href=\"https:\/\/inter-faces.eu\/index.php\/portfolio-item\/inland-canape-dangle-et-meridienne-tradition\/\" target=\"_self\">\n\t\t\t<img loading=\"lazy\" decoding=\"async\" width=\"600\" height=\"690\" src=\"https:\/\/inter-faces.eu\/wp-content\/uploads\/2025\/02\/TRADITION-canape-Inland--e1740132029933.jpg\" class=\"attachment-full size-full wp-post-image\" alt=\"\" srcset=\"https:\/\/inter-faces.eu\/wp-content\/uploads\/2025\/02\/TRADITION-canape-Inland--e1740132029933.jpg 600w, https:\/\/inter-faces.eu\/wp-content\/uploads\/2025\/02\/TRADITION-canape-Inland--e1740132029933-261x300.jpg 261w\" sizes=\"(max-width: 600px) 100vw, 600px\" \/>\t\t<\/a>\n\t<\/div>\n\t\t\t\t\t<\/div>\n\t\t<div class=\"qodef-e-content\" style=\"margin:24px 0 30px 0px\">\n\t\t\t<div class=\"qodef-e-text\">\n\t\t\t\t<h4 itemprop=\"name\" class=\"qodef-e-title entry-title\" >\n\t<a itemprop=\"url\" class=\"qodef-e-title-link\" href=\"https:\/\/inter-faces.eu\/index.php\/portfolio-item\/inland-canape-dangle-et-meridienne-tradition\/\" target=\"_self\">\n\t\tInland canap\u00e9 d&rsquo;angle et m\u00e9ridienne &#8211; &#038; Tradition\t<\/a>\n<\/h4>\n\t\t\t<\/div>\n\t\t\t<div class=\"qodef-e-top-holder\">\n\t\t\t\t<div class=\"qodef-e-info\">\n\t\t\t\t\t\t<a href=\"https:\/\/inter-faces.eu\/index.php\/portfolio-category\/canapes\/\" rel=\"tag\">Canap\u00e9s<\/a><span class=\"qodef-info-separator-single\"><\/span><a href=\"https:\/\/inter-faces.eu\/index.php\/portfolio-category\/salon\/\" rel=\"tag\">Salon<\/a>\t<div class=\"qodef-info-separator-end\"><\/div>\n\t\t\t\t<\/div>\n\t\t\t<\/div>\n\t\t<\/div>\n\t<\/div>\n<\/article>\n<article class=\"qodef-e qodef-grid-item qodef-item--full  post-17405 portfolio-item type-portfolio-item status-publish has-post-thumbnail hentry portfolio-category-canapes portfolio-category-salon portfolio-tag-canape portfolio-tag-fatboy\">\n\t<div class=\"qodef-e-inner\" >\n\t\t<div class=\"qodef-e-image\">\n\t\t\t\t<div class=\"qodef-e-media-image\">\n\t\t<a itemprop=\"url\" href=\"https:\/\/inter-faces.eu\/index.php\/portfolio-item\/genereux-sumo-sofa-fatboy\/\" target=\"_self\">\n\t\t\t<img loading=\"lazy\" decoding=\"async\" width=\"2560\" height=\"1920\" src=\"https:\/\/inter-faces.eu\/wp-content\/uploads\/2024\/11\/Fatboy-canape-sumo-5-scaled.jpeg\" class=\"attachment-full size-full wp-post-image\" alt=\"\" srcset=\"https:\/\/inter-faces.eu\/wp-content\/uploads\/2024\/11\/Fatboy-canape-sumo-5-scaled.jpeg 2560w, https:\/\/inter-faces.eu\/wp-content\/uploads\/2024\/11\/Fatboy-canape-sumo-5-300x225.jpeg 300w, https:\/\/inter-faces.eu\/wp-content\/uploads\/2024\/11\/Fatboy-canape-sumo-5-1024x768.jpeg 1024w, https:\/\/inter-faces.eu\/wp-content\/uploads\/2024\/11\/Fatboy-canape-sumo-5-768x576.jpeg 768w, https:\/\/inter-faces.eu\/wp-content\/uploads\/2024\/11\/Fatboy-canape-sumo-5-1536x1152.jpeg 1536w, https:\/\/inter-faces.eu\/wp-content\/uploads\/2024\/11\/Fatboy-canape-sumo-5-2048x1536.jpeg 2048w, https:\/\/inter-faces.eu\/wp-content\/uploads\/2024\/11\/Fatboy-canape-sumo-5-600x450.jpeg 600w\" sizes=\"(max-width: 2560px) 100vw, 2560px\" \/>\t\t<\/a>\n\t<\/div>\n\t\t\t\t\t<\/div>\n\t\t<div class=\"qodef-e-content\" style=\"margin:24px 0 30px 0px\">\n\t\t\t<div class=\"qodef-e-text\">\n\t\t\t\t<h4 itemprop=\"name\" class=\"qodef-e-title entry-title\" >\n\t<a itemprop=\"url\" class=\"qodef-e-title-link\" href=\"https:\/\/inter-faces.eu\/index.php\/portfolio-item\/genereux-sumo-sofa-fatboy\/\" target=\"_self\">\n\t\tG\u00e9n\u00e9reux Sumo Sofa &#8211; Fatboy\t<\/a>\n<\/h4>\n\t\t\t<\/div>\n\t\t\t<div class=\"qodef-e-top-holder\">\n\t\t\t\t<div class=\"qodef-e-info\">\n\t\t\t\t\t\t<a href=\"https:\/\/inter-faces.eu\/index.php\/portfolio-category\/canapes\/\" rel=\"tag\">Canap\u00e9s<\/a><span class=\"qodef-info-separator-single\"><\/span><a href=\"https:\/\/inter-faces.eu\/index.php\/portfolio-category\/salon\/\" rel=\"tag\">Salon<\/a>\t<div class=\"qodef-info-separator-end\"><\/div>\n\t\t\t\t<\/div>\n\t\t\t<\/div>\n\t\t<\/div>\n\t<\/div>\n<\/article>\n<article class=\"qodef-e qodef-grid-item qodef-item--full  post-12057 portfolio-item type-portfolio-item status-publish has-post-thumbnail hentry portfolio-category-canapes portfolio-category-salon portfolio-tag-canape portfolio-tag-edra\">\n\t<div class=\"qodef-e-inner\" >\n\t\t<div class=\"qodef-e-image\">\n\t\t\t\t<div class=\"qodef-e-media-image\">\n\t\t<a itemprop=\"url\" href=\"https:\/\/inter-faces.eu\/index.php\/portfolio-item\/le-grande-soffice-une-elegante-invitation-a-la-detente\/\" target=\"_self\">\n\t\t\t<img loading=\"lazy\" decoding=\"async\" width=\"900\" height=\"652\" src=\"https:\/\/inter-faces.eu\/wp-content\/uploads\/2024\/02\/1-1-87.jpg\" class=\"attachment-full size-full wp-post-image\" alt=\"\" srcset=\"https:\/\/inter-faces.eu\/wp-content\/uploads\/2024\/02\/1-1-87.jpg 900w, https:\/\/inter-faces.eu\/wp-content\/uploads\/2024\/02\/1-1-87-300x217.jpg 300w, https:\/\/inter-faces.eu\/wp-content\/uploads\/2024\/02\/1-1-87-768x556.jpg 768w, https:\/\/inter-faces.eu\/wp-content\/uploads\/2024\/02\/1-1-87-600x435.jpg 600w\" sizes=\"(max-width: 900px) 100vw, 900px\" \/>\t\t<\/a>\n\t<\/div>\n\t\t\t\t\t<\/div>\n\t\t<div class=\"qodef-e-content\" style=\"margin:24px 0 30px 0px\">\n\t\t\t<div class=\"qodef-e-text\">\n\t\t\t\t<h4 itemprop=\"name\" class=\"qodef-e-title entry-title\" >\n\t<a itemprop=\"url\" class=\"qodef-e-title-link\" href=\"https:\/\/inter-faces.eu\/index.php\/portfolio-item\/le-grande-soffice-une-elegante-invitation-a-la-detente\/\" target=\"_self\">\n\t\tLe Grande Soffice, une \u00e9l\u00e9gante invitation \u00e0 la d\u00e9tente &#8211; Edra\t<\/a>\n<\/h4>\n\t\t\t<\/div>\n\t\t\t<div class=\"qodef-e-top-holder\">\n\t\t\t\t<div class=\"qodef-e-info\">\n\t\t\t\t\t\t<a href=\"https:\/\/inter-faces.eu\/index.php\/portfolio-category\/canapes\/\" rel=\"tag\">Canap\u00e9s<\/a><span class=\"qodef-info-separator-single\"><\/span><a href=\"https:\/\/inter-faces.eu\/index.php\/portfolio-category\/salon\/\" rel=\"tag\">Salon<\/a>\t<div class=\"qodef-info-separator-end\"><\/div>\n\t\t\t\t<\/div>\n\t\t\t<\/div>\n\t\t<\/div>\n\t<\/div>\n<\/article>\n<article class=\"qodef-e qodef-grid-item qodef-item--full  post-17353 portfolio-item type-portfolio-item status-publish has-post-thumbnail hentry portfolio-category-canapes portfolio-category-salon portfolio-tag-canape portfolio-tag-cassina portfolio-tag-patricia-urquiola\">\n\t<div class=\"qodef-e-inner\" >\n\t\t<div class=\"qodef-e-image\">\n\t\t\t\t<div class=\"qodef-e-media-image\">\n\t\t<a itemprop=\"url\" href=\"https:\/\/inter-faces.eu\/index.php\/portfolio-item\/sengu-sofa-de-patricia-urquiola-cassina\/\" target=\"_self\">\n\t\t\t<img loading=\"lazy\" decoding=\"async\" width=\"1500\" height=\"847\" src=\"https:\/\/inter-faces.eu\/wp-content\/uploads\/2024\/11\/Cassina-sofa-sengu-8-e1731945885765.jpg\" class=\"attachment-full size-full wp-post-image\" alt=\"\" srcset=\"https:\/\/inter-faces.eu\/wp-content\/uploads\/2024\/11\/Cassina-sofa-sengu-8-e1731945885765.jpg 1500w, https:\/\/inter-faces.eu\/wp-content\/uploads\/2024\/11\/Cassina-sofa-sengu-8-e1731945885765-300x169.jpg 300w, https:\/\/inter-faces.eu\/wp-content\/uploads\/2024\/11\/Cassina-sofa-sengu-8-e1731945885765-1024x578.jpg 1024w, https:\/\/inter-faces.eu\/wp-content\/uploads\/2024\/11\/Cassina-sofa-sengu-8-e1731945885765-768x434.jpg 768w, https:\/\/inter-faces.eu\/wp-content\/uploads\/2024\/11\/Cassina-sofa-sengu-8-e1731945885765-600x339.jpg 600w\" sizes=\"(max-width: 1500px) 100vw, 1500px\" \/>\t\t<\/a>\n\t<\/div>\n\t\t\t\t\t<\/div>\n\t\t<div class=\"qodef-e-content\" style=\"margin:24px 0 30px 0px\">\n\t\t\t<div class=\"qodef-e-text\">\n\t\t\t\t<h4 itemprop=\"name\" class=\"qodef-e-title entry-title\" >\n\t<a itemprop=\"url\" class=\"qodef-e-title-link\" href=\"https:\/\/inter-faces.eu\/index.php\/portfolio-item\/sengu-sofa-de-patricia-urquiola-cassina\/\" target=\"_self\">\n\t\tSengu Sofa de Patricia Urquiola &#8211; Cassina\t<\/a>\n<\/h4>\n\t\t\t<\/div>\n\t\t\t<div class=\"qodef-e-top-holder\">\n\t\t\t\t<div class=\"qodef-e-info\">\n\t\t\t\t\t\t<a href=\"https:\/\/inter-faces.eu\/index.php\/portfolio-category\/canapes\/\" rel=\"tag\">Canap\u00e9s<\/a><span class=\"qodef-info-separator-single\"><\/span><a href=\"https:\/\/inter-faces.eu\/index.php\/portfolio-category\/salon\/\" rel=\"tag\">Salon<\/a>\t<div class=\"qodef-info-separator-end\"><\/div>\n\t\t\t\t<\/div>\n\t\t\t<\/div>\n\t\t<\/div>\n\t<\/div>\n<\/article>\n<article class=\"qodef-e qodef-grid-item qodef-item--full  post-9752 portfolio-item type-portfolio-item status-publish has-post-thumbnail hentry portfolio-category-canapes portfolio-category-salon portfolio-tag-canape portfolio-tag-edra\">\n\t<div class=\"qodef-e-inner\" >\n\t\t<div class=\"qodef-e-image\">\n\t\t\t\t<div class=\"qodef-e-media-image\">\n\t\t<a itemprop=\"url\" href=\"https:\/\/inter-faces.eu\/index.php\/portfolio-item\/le-canape-standalto-de-edra\/\" target=\"_self\">\n\t\t\t<img loading=\"lazy\" decoding=\"async\" width=\"900\" height=\"652\" src=\"https:\/\/inter-faces.eu\/wp-content\/uploads\/2024\/02\/mea-2.jpg\" class=\"attachment-full size-full wp-post-image\" alt=\"\" srcset=\"https:\/\/inter-faces.eu\/wp-content\/uploads\/2024\/02\/mea-2.jpg 900w, https:\/\/inter-faces.eu\/wp-content\/uploads\/2024\/02\/mea-2-300x217.jpg 300w, https:\/\/inter-faces.eu\/wp-content\/uploads\/2024\/02\/mea-2-768x556.jpg 768w, https:\/\/inter-faces.eu\/wp-content\/uploads\/2024\/02\/mea-2-600x435.jpg 600w\" sizes=\"(max-width: 900px) 100vw, 900px\" \/>\t\t<\/a>\n\t<\/div>\n\t\t\t\t\t<\/div>\n\t\t<div class=\"qodef-e-content\" style=\"margin:24px 0 30px 0px\">\n\t\t\t<div class=\"qodef-e-text\">\n\t\t\t\t<h4 itemprop=\"name\" class=\"qodef-e-title entry-title\" >\n\t<a itemprop=\"url\" class=\"qodef-e-title-link\" href=\"https:\/\/inter-faces.eu\/index.php\/portfolio-item\/le-canape-standalto-de-edra\/\" target=\"_self\">\n\t\tLe canap\u00e9 Standalto &#8211; Edra\t<\/a>\n<\/h4>\n\t\t\t<\/div>\n\t\t\t<div class=\"qodef-e-top-holder\">\n\t\t\t\t<div class=\"qodef-e-info\">\n\t\t\t\t\t\t<a href=\"https:\/\/inter-faces.eu\/index.php\/portfolio-category\/canapes\/\" rel=\"tag\">Canap\u00e9s<\/a><span class=\"qodef-info-separator-single\"><\/span><a href=\"https:\/\/inter-faces.eu\/index.php\/portfolio-category\/salon\/\" rel=\"tag\">Salon<\/a>\t<div class=\"qodef-info-separator-end\"><\/div>\n\t\t\t\t<\/div>\n\t\t\t<\/div>\n\t\t<\/div>\n\t<\/div>\n<\/article>\n<article class=\"qodef-e qodef-grid-item qodef-item--full  post-17170 portfolio-item type-portfolio-item status-publish has-post-thumbnail hentry portfolio-category-canapes portfolio-category-ligne-roset portfolio-category-salon portfolio-tag-canape portfolio-tag-ligne-roset\">\n\t<div class=\"qodef-e-inner\" >\n\t\t<div class=\"qodef-e-image\">\n\t\t\t\t<div class=\"qodef-e-media-image\">\n\t\t<a itemprop=\"url\" href=\"https:\/\/inter-faces.eu\/index.php\/portfolio-item\/banquette-lit-nomade-express-ligne-roset\/\" target=\"_self\">\n\t\t\t<img loading=\"lazy\" decoding=\"async\" width=\"2000\" height=\"1345\" src=\"https:\/\/inter-faces.eu\/wp-content\/uploads\/2024\/10\/LIGNE-ROSET-banquette-lit-Nomade-express-.jpg\" class=\"attachment-full size-full wp-post-image\" alt=\"\" srcset=\"https:\/\/inter-faces.eu\/wp-content\/uploads\/2024\/10\/LIGNE-ROSET-banquette-lit-Nomade-express-.jpg 2000w, https:\/\/inter-faces.eu\/wp-content\/uploads\/2024\/10\/LIGNE-ROSET-banquette-lit-Nomade-express--300x202.jpg 300w, https:\/\/inter-faces.eu\/wp-content\/uploads\/2024\/10\/LIGNE-ROSET-banquette-lit-Nomade-express--1024x689.jpg 1024w, https:\/\/inter-faces.eu\/wp-content\/uploads\/2024\/10\/LIGNE-ROSET-banquette-lit-Nomade-express--768x516.jpg 768w, https:\/\/inter-faces.eu\/wp-content\/uploads\/2024\/10\/LIGNE-ROSET-banquette-lit-Nomade-express--1536x1033.jpg 1536w, https:\/\/inter-faces.eu\/wp-content\/uploads\/2024\/10\/LIGNE-ROSET-banquette-lit-Nomade-express--600x404.jpg 600w\" sizes=\"(max-width: 2000px) 100vw, 2000px\" \/>\t\t<\/a>\n\t<\/div>\n\t\t\t\t\t<\/div>\n\t\t<div class=\"qodef-e-content\" style=\"margin:24px 0 30px 0px\">\n\t\t\t<div class=\"qodef-e-text\">\n\t\t\t\t<h4 itemprop=\"name\" class=\"qodef-e-title entry-title\" >\n\t<a itemprop=\"url\" class=\"qodef-e-title-link\" href=\"https:\/\/inter-faces.eu\/index.php\/portfolio-item\/banquette-lit-nomade-express-ligne-roset\/\" target=\"_self\">\n\t\tBanquette-lit Nomade Express &#8211; Ligne Roset\t<\/a>\n<\/h4>\n\t\t\t<\/div>\n\t\t\t<div class=\"qodef-e-top-holder\">\n\t\t\t\t<div class=\"qodef-e-info\">\n\t\t\t\t\t\t<a href=\"https:\/\/inter-faces.eu\/index.php\/portfolio-category\/canapes\/\" rel=\"tag\">Canap\u00e9s<\/a><span class=\"qodef-info-separator-single\"><\/span><a href=\"https:\/\/inter-faces.eu\/index.php\/portfolio-category\/ligne-roset\/\" rel=\"tag\">Ligne Roset<\/a><span class=\"qodef-info-separator-single\"><\/span><a href=\"https:\/\/inter-faces.eu\/index.php\/portfolio-category\/salon\/\" rel=\"tag\">Salon<\/a>\t<div class=\"qodef-info-separator-end\"><\/div>\n\t\t\t\t<\/div>\n\t\t\t<\/div>\n\t\t<\/div>\n\t<\/div>\n<\/article>\n<article class=\"qodef-e qodef-grid-item qodef-item--full  post-15615 portfolio-item type-portfolio-item status-publish has-post-thumbnail hentry portfolio-category-canapes portfolio-category-salon portfolio-tag-canape portfolio-tag-kartell portfolio-tag-salon\">\n\t<div class=\"qodef-e-inner\" >\n\t\t<div class=\"qodef-e-image\">\n\t\t\t\t<div class=\"qodef-e-media-image\">\n\t\t<a itemprop=\"url\" href=\"https:\/\/inter-faces.eu\/index.php\/portfolio-item\/canape-k-waiting-kartell\/\" target=\"_self\">\n\t\t\t<img loading=\"lazy\" decoding=\"async\" width=\"1500\" height=\"1773\" src=\"https:\/\/inter-faces.eu\/wp-content\/uploads\/2024\/06\/Kartell-K-wait-3-e1718181067459.jpeg\" class=\"attachment-full size-full wp-post-image\" alt=\"\" srcset=\"https:\/\/inter-faces.eu\/wp-content\/uploads\/2024\/06\/Kartell-K-wait-3-e1718181067459.jpeg 1500w, https:\/\/inter-faces.eu\/wp-content\/uploads\/2024\/06\/Kartell-K-wait-3-e1718181067459-254x300.jpeg 254w, https:\/\/inter-faces.eu\/wp-content\/uploads\/2024\/06\/Kartell-K-wait-3-e1718181067459-866x1024.jpeg 866w, https:\/\/inter-faces.eu\/wp-content\/uploads\/2024\/06\/Kartell-K-wait-3-e1718181067459-768x908.jpeg 768w, https:\/\/inter-faces.eu\/wp-content\/uploads\/2024\/06\/Kartell-K-wait-3-e1718181067459-1299x1536.jpeg 1299w, https:\/\/inter-faces.eu\/wp-content\/uploads\/2024\/06\/Kartell-K-wait-3-e1718181067459-600x709.jpeg 600w\" sizes=\"(max-width: 1500px) 100vw, 1500px\" \/>\t\t<\/a>\n\t<\/div>\n\t\t\t\t\t<\/div>\n\t\t<div class=\"qodef-e-content\" style=\"margin:24px 0 30px 0px\">\n\t\t\t<div class=\"qodef-e-text\">\n\t\t\t\t<h4 itemprop=\"name\" class=\"qodef-e-title entry-title\" >\n\t<a itemprop=\"url\" class=\"qodef-e-title-link\" href=\"https:\/\/inter-faces.eu\/index.php\/portfolio-item\/canape-k-waiting-kartell\/\" target=\"_self\">\n\t\tCanap\u00e9 K-Waiting &#8211; Kartell\t<\/a>\n<\/h4>\n\t\t\t<\/div>\n\t\t\t<div class=\"qodef-e-top-holder\">\n\t\t\t\t<div class=\"qodef-e-info\">\n\t\t\t\t\t\t<a href=\"https:\/\/inter-faces.eu\/index.php\/portfolio-category\/canapes\/\" rel=\"tag\">Canap\u00e9s<\/a><span class=\"qodef-info-separator-single\"><\/span><a href=\"https:\/\/inter-faces.eu\/index.php\/portfolio-category\/salon\/\" rel=\"tag\">Salon<\/a>\t<div class=\"qodef-info-separator-end\"><\/div>\n\t\t\t\t<\/div>\n\t\t\t<\/div>\n\t\t<\/div>\n\t<\/div>\n<\/article>\n<article class=\"qodef-e qodef-grid-item qodef-item--full  post-15059 portfolio-item type-portfolio-item status-publish has-post-thumbnail hentry portfolio-category-canapes portfolio-category-fauteuils-confort portfolio-category-salon portfolio-tag-canape portfolio-tag-cassina portfolio-tag-charlotte-perriand portfolio-tag-icone portfolio-tag-le-corbusier portfolio-tag-pierre-jeanneret\">\n\t<div class=\"qodef-e-inner\" >\n\t\t<div class=\"qodef-e-image\">\n\t\t\t\t<div class=\"qodef-e-media-image\">\n\t\t<a itemprop=\"url\" href=\"https:\/\/inter-faces.eu\/index.php\/portfolio-item\/sofa-2-grand-confort-petit-modele-2-places-cassina\/\" target=\"_self\">\n\t\t\t<img loading=\"lazy\" decoding=\"async\" width=\"1466\" height=\"2200\" src=\"https:\/\/inter-faces.eu\/wp-content\/uploads\/2024\/05\/02_ambienti-2-fauteuil-grand-confort-petit-modele-durable.jpg\" class=\"attachment-full size-full wp-post-image\" alt=\"\" srcset=\"https:\/\/inter-faces.eu\/wp-content\/uploads\/2024\/05\/02_ambienti-2-fauteuil-grand-confort-petit-modele-durable.jpg 1466w, https:\/\/inter-faces.eu\/wp-content\/uploads\/2024\/05\/02_ambienti-2-fauteuil-grand-confort-petit-modele-durable-200x300.jpg 200w, https:\/\/inter-faces.eu\/wp-content\/uploads\/2024\/05\/02_ambienti-2-fauteuil-grand-confort-petit-modele-durable-682x1024.jpg 682w, https:\/\/inter-faces.eu\/wp-content\/uploads\/2024\/05\/02_ambienti-2-fauteuil-grand-confort-petit-modele-durable-768x1153.jpg 768w, https:\/\/inter-faces.eu\/wp-content\/uploads\/2024\/05\/02_ambienti-2-fauteuil-grand-confort-petit-modele-durable-1024x1536.jpg 1024w, https:\/\/inter-faces.eu\/wp-content\/uploads\/2024\/05\/02_ambienti-2-fauteuil-grand-confort-petit-modele-durable-1365x2048.jpg 1365w, https:\/\/inter-faces.eu\/wp-content\/uploads\/2024\/05\/02_ambienti-2-fauteuil-grand-confort-petit-modele-durable-600x900.jpg 600w\" sizes=\"(max-width: 1466px) 100vw, 1466px\" \/>\t\t<\/a>\n\t<\/div>\n\t\t\t\t\t<\/div>\n\t\t<div class=\"qodef-e-content\" style=\"margin:24px 0 30px 0px\">\n\t\t\t<div class=\"qodef-e-text\">\n\t\t\t\t<h4 itemprop=\"name\" class=\"qodef-e-title entry-title\" >\n\t<a itemprop=\"url\" class=\"qodef-e-title-link\" href=\"https:\/\/inter-faces.eu\/index.php\/portfolio-item\/sofa-2-grand-confort-petit-modele-2-places-cassina\/\" target=\"_self\">\n\t\tSofa 2 \u2013 Grand confort &#8211; Petit mod\u00e8le 2 places &#8211; Cassina\t<\/a>\n<\/h4>\n\t\t\t<\/div>\n\t\t\t<div class=\"qodef-e-top-holder\">\n\t\t\t\t<div class=\"qodef-e-info\">\n\t\t\t\t\t\t<a href=\"https:\/\/inter-faces.eu\/index.php\/portfolio-category\/canapes\/\" rel=\"tag\">Canap\u00e9s<\/a><span class=\"qodef-info-separator-single\"><\/span><a href=\"https:\/\/inter-faces.eu\/index.php\/portfolio-category\/fauteuils-confort\/\" rel=\"tag\">Fauteuils confort<\/a><span class=\"qodef-info-separator-single\"><\/span><a href=\"https:\/\/inter-faces.eu\/index.php\/portfolio-category\/salon\/\" rel=\"tag\">Salon<\/a>\t<div class=\"qodef-info-separator-end\"><\/div>\n\t\t\t\t<\/div>\n\t\t\t<\/div>\n\t\t<\/div>\n\t<\/div>\n<\/article>\n<article class=\"qodef-e qodef-grid-item qodef-item--full  post-15075 portfolio-item type-portfolio-item status-publish has-post-thumbnail hentry portfolio-category-canapes portfolio-category-salon portfolio-tag-canape portfolio-tag-cassina portfolio-tag-patricia-urquiola\">\n\t<div class=\"qodef-e-inner\" >\n\t\t<div class=\"qodef-e-image\">\n\t\t\t\t<div class=\"qodef-e-media-image\">\n\t\t<a itemprop=\"url\" href=\"https:\/\/inter-faces.eu\/index.php\/portfolio-item\/canape-moncloud-cassina\/\" target=\"_self\">\n\t\t\t<img loading=\"lazy\" decoding=\"async\" width=\"1500\" height=\"953\" src=\"https:\/\/inter-faces.eu\/wp-content\/uploads\/2024\/05\/Cassina-Moncloud-Patricia-Urquiola-2.jpg\" class=\"attachment-full size-full wp-post-image\" alt=\"\" srcset=\"https:\/\/inter-faces.eu\/wp-content\/uploads\/2024\/05\/Cassina-Moncloud-Patricia-Urquiola-2.jpg 1500w, https:\/\/inter-faces.eu\/wp-content\/uploads\/2024\/05\/Cassina-Moncloud-Patricia-Urquiola-2-300x191.jpg 300w, https:\/\/inter-faces.eu\/wp-content\/uploads\/2024\/05\/Cassina-Moncloud-Patricia-Urquiola-2-1024x651.jpg 1024w, https:\/\/inter-faces.eu\/wp-content\/uploads\/2024\/05\/Cassina-Moncloud-Patricia-Urquiola-2-768x488.jpg 768w, https:\/\/inter-faces.eu\/wp-content\/uploads\/2024\/05\/Cassina-Moncloud-Patricia-Urquiola-2-600x381.jpg 600w\" sizes=\"(max-width: 1500px) 100vw, 1500px\" \/>\t\t<\/a>\n\t<\/div>\n\t\t\t\t\t<\/div>\n\t\t<div class=\"qodef-e-content\" style=\"margin:24px 0 30px 0px\">\n\t\t\t<div class=\"qodef-e-text\">\n\t\t\t\t<h4 itemprop=\"name\" class=\"qodef-e-title entry-title\" >\n\t<a itemprop=\"url\" class=\"qodef-e-title-link\" href=\"https:\/\/inter-faces.eu\/index.php\/portfolio-item\/canape-moncloud-cassina\/\" target=\"_self\">\n\t\tCanap\u00e9 Moncloud &#8211; Cassina\t<\/a>\n<\/h4>\n\t\t\t<\/div>\n\t\t\t<div class=\"qodef-e-top-holder\">\n\t\t\t\t<div class=\"qodef-e-info\">\n\t\t\t\t\t\t<a href=\"https:\/\/inter-faces.eu\/index.php\/portfolio-category\/canapes\/\" rel=\"tag\">Canap\u00e9s<\/a><span class=\"qodef-info-separator-single\"><\/span><a href=\"https:\/\/inter-faces.eu\/index.php\/portfolio-category\/salon\/\" rel=\"tag\">Salon<\/a>\t<div class=\"qodef-info-separator-end\"><\/div>\n\t\t\t\t<\/div>\n\t\t\t<\/div>\n\t\t<\/div>\n\t<\/div>\n<\/article>\n<article class=\"qodef-e qodef-grid-item qodef-item--full  post-15067 portfolio-item type-portfolio-item status-publish has-post-thumbnail hentry portfolio-category-canapes portfolio-category-salon portfolio-tag-canape portfolio-tag-living-divani portfolio-tag-outdoor portfolio-tag-piero-lissoni portfolio-tag-salon\">\n\t<div class=\"qodef-e-inner\" >\n\t\t<div class=\"qodef-e-image\">\n\t\t\t\t<div class=\"qodef-e-media-image\">\n\t\t<a itemprop=\"url\" href=\"https:\/\/inter-faces.eu\/index.php\/portfolio-item\/le-canape-extrasoft-de-living-divani-modulable-a-linfini\/\" target=\"_self\">\n\t\t\t<img loading=\"lazy\" decoding=\"async\" width=\"2560\" height=\"2029\" src=\"https:\/\/inter-faces.eu\/wp-content\/uploads\/2024\/05\/Living-Divani_Extrasoft-13-scaled.jpg\" class=\"attachment-full size-full wp-post-image\" alt=\"\" srcset=\"https:\/\/inter-faces.eu\/wp-content\/uploads\/2024\/05\/Living-Divani_Extrasoft-13-scaled.jpg 2560w, https:\/\/inter-faces.eu\/wp-content\/uploads\/2024\/05\/Living-Divani_Extrasoft-13-300x238.jpg 300w, https:\/\/inter-faces.eu\/wp-content\/uploads\/2024\/05\/Living-Divani_Extrasoft-13-1024x812.jpg 1024w, https:\/\/inter-faces.eu\/wp-content\/uploads\/2024\/05\/Living-Divani_Extrasoft-13-768x609.jpg 768w, https:\/\/inter-faces.eu\/wp-content\/uploads\/2024\/05\/Living-Divani_Extrasoft-13-1536x1218.jpg 1536w, https:\/\/inter-faces.eu\/wp-content\/uploads\/2024\/05\/Living-Divani_Extrasoft-13-2048x1623.jpg 2048w, https:\/\/inter-faces.eu\/wp-content\/uploads\/2024\/05\/Living-Divani_Extrasoft-13-600x476.jpg 600w\" sizes=\"(max-width: 2560px) 100vw, 2560px\" \/>\t\t<\/a>\n\t<\/div>\n\t\t\t\t\t<\/div>\n\t\t<div class=\"qodef-e-content\" style=\"margin:24px 0 30px 0px\">\n\t\t\t<div class=\"qodef-e-text\">\n\t\t\t\t<h4 itemprop=\"name\" class=\"qodef-e-title entry-title\" >\n\t<a itemprop=\"url\" class=\"qodef-e-title-link\" href=\"https:\/\/inter-faces.eu\/index.php\/portfolio-item\/le-canape-extrasoft-de-living-divani-modulable-a-linfini\/\" target=\"_self\">\n\t\tLe canap\u00e9 Extrasoft, modulable \u00e0 l&rsquo;infini &#8211; Living Divani\t<\/a>\n<\/h4>\n\t\t\t<\/div>\n\t\t\t<div class=\"qodef-e-top-holder\">\n\t\t\t\t<div class=\"qodef-e-info\">\n\t\t\t\t\t\t<a href=\"https:\/\/inter-faces.eu\/index.php\/portfolio-category\/canapes\/\" rel=\"tag\">Canap\u00e9s<\/a><span class=\"qodef-info-separator-single\"><\/span><a href=\"https:\/\/inter-faces.eu\/index.php\/portfolio-category\/salon\/\" rel=\"tag\">Salon<\/a>\t<div class=\"qodef-info-separator-end\"><\/div>\n\t\t\t\t<\/div>\n\t\t\t<\/div>\n\t\t<\/div>\n\t<\/div>\n<\/article>\n<article class=\"qodef-e qodef-grid-item qodef-item--full  post-15054 portfolio-item type-portfolio-item status-publish has-post-thumbnail hentry portfolio-category-canapes portfolio-category-outdoor portfolio-category-salon portfolio-tag-canape portfolio-tag-gervasoni portfolio-tag-outdoor portfolio-tag-salon\">\n\t<div class=\"qodef-e-inner\" >\n\t\t<div class=\"qodef-e-image\">\n\t\t\t\t<div class=\"qodef-e-media-image\">\n\t\t<a itemprop=\"url\" href=\"https:\/\/inter-faces.eu\/index.php\/portfolio-item\/collection-ghost-de-gervasoni-originale-et-contemporaine\/\" target=\"_self\">\n\t\t\t<img loading=\"lazy\" decoding=\"async\" width=\"2560\" height=\"1707\" src=\"https:\/\/inter-faces.eu\/wp-content\/uploads\/2024\/05\/Canape-Ghost-Gervasoni--scaled.jpg\" class=\"attachment-full size-full wp-post-image\" alt=\"\" srcset=\"https:\/\/inter-faces.eu\/wp-content\/uploads\/2024\/05\/Canape-Ghost-Gervasoni--scaled.jpg 2560w, https:\/\/inter-faces.eu\/wp-content\/uploads\/2024\/05\/Canape-Ghost-Gervasoni--300x200.jpg 300w, https:\/\/inter-faces.eu\/wp-content\/uploads\/2024\/05\/Canape-Ghost-Gervasoni--1024x683.jpg 1024w, https:\/\/inter-faces.eu\/wp-content\/uploads\/2024\/05\/Canape-Ghost-Gervasoni--768x512.jpg 768w, https:\/\/inter-faces.eu\/wp-content\/uploads\/2024\/05\/Canape-Ghost-Gervasoni--1536x1024.jpg 1536w, https:\/\/inter-faces.eu\/wp-content\/uploads\/2024\/05\/Canape-Ghost-Gervasoni--2048x1366.jpg 2048w, https:\/\/inter-faces.eu\/wp-content\/uploads\/2024\/05\/Canape-Ghost-Gervasoni--600x400.jpg 600w\" sizes=\"(max-width: 2560px) 100vw, 2560px\" \/>\t\t<\/a>\n\t<\/div>\n\t\t\t\t\t<\/div>\n\t\t<div class=\"qodef-e-content\" style=\"margin:24px 0 30px 0px\">\n\t\t\t<div class=\"qodef-e-text\">\n\t\t\t\t<h4 itemprop=\"name\" class=\"qodef-e-title entry-title\" >\n\t<a itemprop=\"url\" class=\"qodef-e-title-link\" href=\"https:\/\/inter-faces.eu\/index.php\/portfolio-item\/collection-ghost-de-gervasoni-originale-et-contemporaine\/\" target=\"_self\">\n\t\tCollection  Ghost. Originale et contemporaine &#8211; Gervasoni\t<\/a>\n<\/h4>\n\t\t\t<\/div>\n\t\t\t<div class=\"qodef-e-top-holder\">\n\t\t\t\t<div class=\"qodef-e-info\">\n\t\t\t\t\t\t<a href=\"https:\/\/inter-faces.eu\/index.php\/portfolio-category\/canapes\/\" rel=\"tag\">Canap\u00e9s<\/a><span class=\"qodef-info-separator-single\"><\/span><a href=\"https:\/\/inter-faces.eu\/index.php\/portfolio-category\/outdoor\/\" rel=\"tag\">Outdoor<\/a><span class=\"qodef-info-separator-single\"><\/span><a href=\"https:\/\/inter-faces.eu\/index.php\/portfolio-category\/salon\/\" rel=\"tag\">Salon<\/a>\t<div class=\"qodef-info-separator-end\"><\/div>\n\t\t\t\t<\/div>\n\t\t\t<\/div>\n\t\t<\/div>\n\t<\/div>\n<\/article>\n<article class=\"qodef-e qodef-grid-item qodef-item--full  post-15040 portfolio-item type-portfolio-item status-publish has-post-thumbnail hentry portfolio-category-canapes portfolio-category-salon portfolio-tag-canape portfolio-tag-icone portfolio-tag-knoll\">\n\t<div class=\"qodef-e-inner\" >\n\t\t<div class=\"qodef-e-image\">\n\t\t\t\t<div class=\"qodef-e-media-image\">\n\t\t<a itemprop=\"url\" href=\"https:\/\/inter-faces.eu\/index.php\/portfolio-item\/canape-florence-knoll-knoll\/\" target=\"_self\">\n\t\t\t<img loading=\"lazy\" decoding=\"async\" width=\"1000\" height=\"698\" src=\"https:\/\/inter-faces.eu\/wp-content\/uploads\/2024\/05\/Inter-Faces-Puget-sur-Argens-canape-Knoll_Florence_Knoll_inspiration.jpg\" class=\"attachment-full size-full wp-post-image\" alt=\"\" srcset=\"https:\/\/inter-faces.eu\/wp-content\/uploads\/2024\/05\/Inter-Faces-Puget-sur-Argens-canape-Knoll_Florence_Knoll_inspiration.jpg 1000w, https:\/\/inter-faces.eu\/wp-content\/uploads\/2024\/05\/Inter-Faces-Puget-sur-Argens-canape-Knoll_Florence_Knoll_inspiration-300x209.jpg 300w, https:\/\/inter-faces.eu\/wp-content\/uploads\/2024\/05\/Inter-Faces-Puget-sur-Argens-canape-Knoll_Florence_Knoll_inspiration-768x536.jpg 768w, https:\/\/inter-faces.eu\/wp-content\/uploads\/2024\/05\/Inter-Faces-Puget-sur-Argens-canape-Knoll_Florence_Knoll_inspiration-600x419.jpg 600w\" sizes=\"(max-width: 1000px) 100vw, 1000px\" \/>\t\t<\/a>\n\t<\/div>\n\t\t\t\t\t<\/div>\n\t\t<div class=\"qodef-e-content\" style=\"margin:24px 0 30px 0px\">\n\t\t\t<div class=\"qodef-e-text\">\n\t\t\t\t<h4 itemprop=\"name\" class=\"qodef-e-title entry-title\" >\n\t<a itemprop=\"url\" class=\"qodef-e-title-link\" href=\"https:\/\/inter-faces.eu\/index.php\/portfolio-item\/canape-florence-knoll-knoll\/\" target=\"_self\">\n\t\tCanap\u00e9 Florence Knoll &#8211; Knoll\t<\/a>\n<\/h4>\n\t\t\t<\/div>\n\t\t\t<div class=\"qodef-e-top-holder\">\n\t\t\t\t<div class=\"qodef-e-info\">\n\t\t\t\t\t\t<a href=\"https:\/\/inter-faces.eu\/index.php\/portfolio-category\/canapes\/\" rel=\"tag\">Canap\u00e9s<\/a><span class=\"qodef-info-separator-single\"><\/span><a href=\"https:\/\/inter-faces.eu\/index.php\/portfolio-category\/salon\/\" rel=\"tag\">Salon<\/a>\t<div class=\"qodef-info-separator-end\"><\/div>\n\t\t\t\t<\/div>\n\t\t\t<\/div>\n\t\t<\/div>\n\t<\/div>\n<\/article>\n<article class=\"qodef-e qodef-grid-item qodef-item--full  post-15084 portfolio-item type-portfolio-item status-publish has-post-thumbnail hentry portfolio-category-canapes portfolio-category-salon portfolio-tag-canape portfolio-tag-living-divani portfolio-tag-piero-lissoni portfolio-tag-salon\">\n\t<div class=\"qodef-e-inner\" >\n\t\t<div class=\"qodef-e-image\">\n\t\t\t\t<div class=\"qodef-e-media-image\">\n\t\t<a itemprop=\"url\" href=\"https:\/\/inter-faces.eu\/index.php\/portfolio-item\/canape-rod-living-divani-design-sophistique-et-grand-confort\/\" target=\"_self\">\n\t\t\t<img loading=\"lazy\" decoding=\"async\" width=\"2363\" height=\"1573\" src=\"https:\/\/inter-faces.eu\/wp-content\/uploads\/2024\/05\/LivingDivani_-Rod-3-scaled-e1717752734321.jpg\" class=\"attachment-full size-full wp-post-image\" alt=\"\" srcset=\"https:\/\/inter-faces.eu\/wp-content\/uploads\/2024\/05\/LivingDivani_-Rod-3-scaled-e1717752734321.jpg 2363w, https:\/\/inter-faces.eu\/wp-content\/uploads\/2024\/05\/LivingDivani_-Rod-3-scaled-e1717752734321-300x200.jpg 300w, https:\/\/inter-faces.eu\/wp-content\/uploads\/2024\/05\/LivingDivani_-Rod-3-scaled-e1717752734321-1024x682.jpg 1024w, https:\/\/inter-faces.eu\/wp-content\/uploads\/2024\/05\/LivingDivani_-Rod-3-scaled-e1717752734321-768x511.jpg 768w, https:\/\/inter-faces.eu\/wp-content\/uploads\/2024\/05\/LivingDivani_-Rod-3-scaled-e1717752734321-1536x1022.jpg 1536w, https:\/\/inter-faces.eu\/wp-content\/uploads\/2024\/05\/LivingDivani_-Rod-3-scaled-e1717752734321-2048x1363.jpg 2048w, https:\/\/inter-faces.eu\/wp-content\/uploads\/2024\/05\/LivingDivani_-Rod-3-scaled-e1717752734321-600x399.jpg 600w\" sizes=\"(max-width: 2363px) 100vw, 2363px\" \/>\t\t<\/a>\n\t<\/div>\n\t\t\t\t\t<\/div>\n\t\t<div class=\"qodef-e-content\" style=\"margin:24px 0 30px 0px\">\n\t\t\t<div class=\"qodef-e-text\">\n\t\t\t\t<h4 itemprop=\"name\" class=\"qodef-e-title entry-title\" >\n\t<a itemprop=\"url\" class=\"qodef-e-title-link\" href=\"https:\/\/inter-faces.eu\/index.php\/portfolio-item\/canape-rod-living-divani-design-sophistique-et-grand-confort\/\" target=\"_self\">\n\t\tCanap\u00e9 Rod. Design sophistiqu\u00e9 et grand confort  &#8211; Living Divani\t<\/a>\n<\/h4>\n\t\t\t<\/div>\n\t\t\t<div class=\"qodef-e-top-holder\">\n\t\t\t\t<div class=\"qodef-e-info\">\n\t\t\t\t\t\t<a href=\"https:\/\/inter-faces.eu\/index.php\/portfolio-category\/canapes\/\" rel=\"tag\">Canap\u00e9s<\/a><span class=\"qodef-info-separator-single\"><\/span><a href=\"https:\/\/inter-faces.eu\/index.php\/portfolio-category\/salon\/\" rel=\"tag\">Salon<\/a>\t<div class=\"qodef-info-separator-end\"><\/div>\n\t\t\t\t<\/div>\n\t\t\t<\/div>\n\t\t<\/div>\n\t<\/div>\n<\/article>\n<article class=\"qodef-e qodef-grid-item qodef-item--full  post-17151 portfolio-item type-portfolio-item status-publish has-post-thumbnail hentry portfolio-category-canapes portfolio-category-ligne-roset portfolio-category-salon portfolio-tag-canape portfolio-tag-ligne-roset\">\n\t<div class=\"qodef-e-inner\" >\n\t\t<div class=\"qodef-e-image\">\n\t\t\t\t<div class=\"qodef-e-media-image\">\n\t\t<a itemprop=\"url\" href=\"https:\/\/inter-faces.eu\/index.php\/portfolio-item\/reedition-du-canape-kashima-ligne-roset\/\" target=\"_self\">\n\t\t\t<img loading=\"lazy\" decoding=\"async\" width=\"2000\" height=\"1428\" src=\"https:\/\/inter-faces.eu\/wp-content\/uploads\/2024\/10\/LIGNE-ROSET-Canape-Kashima-7.jpg\" class=\"attachment-full size-full wp-post-image\" alt=\"\" srcset=\"https:\/\/inter-faces.eu\/wp-content\/uploads\/2024\/10\/LIGNE-ROSET-Canape-Kashima-7.jpg 2000w, https:\/\/inter-faces.eu\/wp-content\/uploads\/2024\/10\/LIGNE-ROSET-Canape-Kashima-7-300x214.jpg 300w, https:\/\/inter-faces.eu\/wp-content\/uploads\/2024\/10\/LIGNE-ROSET-Canape-Kashima-7-1024x731.jpg 1024w, https:\/\/inter-faces.eu\/wp-content\/uploads\/2024\/10\/LIGNE-ROSET-Canape-Kashima-7-768x548.jpg 768w, https:\/\/inter-faces.eu\/wp-content\/uploads\/2024\/10\/LIGNE-ROSET-Canape-Kashima-7-1536x1097.jpg 1536w, https:\/\/inter-faces.eu\/wp-content\/uploads\/2024\/10\/LIGNE-ROSET-Canape-Kashima-7-600x428.jpg 600w\" sizes=\"(max-width: 2000px) 100vw, 2000px\" \/>\t\t<\/a>\n\t<\/div>\n\t\t\t\t\t<\/div>\n\t\t<div class=\"qodef-e-content\" style=\"margin:24px 0 30px 0px\">\n\t\t\t<div class=\"qodef-e-text\">\n\t\t\t\t<h4 itemprop=\"name\" class=\"qodef-e-title entry-title\" >\n\t<a itemprop=\"url\" class=\"qodef-e-title-link\" href=\"https:\/\/inter-faces.eu\/index.php\/portfolio-item\/reedition-du-canape-kashima-ligne-roset\/\" target=\"_self\">\n\t\tR\u00e9\u00e9dition du Canap\u00e9 Kashima &#8211; Ligne Roset\t<\/a>\n<\/h4>\n\t\t\t<\/div>\n\t\t\t<div class=\"qodef-e-top-holder\">\n\t\t\t\t<div class=\"qodef-e-info\">\n\t\t\t\t\t\t<a href=\"https:\/\/inter-faces.eu\/index.php\/portfolio-category\/canapes\/\" rel=\"tag\">Canap\u00e9s<\/a><span class=\"qodef-info-separator-single\"><\/span><a href=\"https:\/\/inter-faces.eu\/index.php\/portfolio-category\/ligne-roset\/\" rel=\"tag\">Ligne Roset<\/a><span class=\"qodef-info-separator-single\"><\/span><a href=\"https:\/\/inter-faces.eu\/index.php\/portfolio-category\/salon\/\" rel=\"tag\">Salon<\/a>\t<div class=\"qodef-info-separator-end\"><\/div>\n\t\t\t\t<\/div>\n\t\t\t<\/div>\n\t\t<\/div>\n\t<\/div>\n<\/article>\n<article class=\"qodef-e qodef-grid-item qodef-item--full  post-17161 portfolio-item type-portfolio-item status-publish has-post-thumbnail hentry portfolio-category-canapes portfolio-category-ligne-roset portfolio-category-salon portfolio-tag-canape portfolio-tag-ligne-roset\">\n\t<div class=\"qodef-e-inner\" >\n\t\t<div class=\"qodef-e-image\">\n\t\t\t\t<div class=\"qodef-e-media-image\">\n\t\t<a itemprop=\"url\" href=\"https:\/\/inter-faces.eu\/index.php\/portfolio-item\/le-canape-nomade-ligne-roset\/\" target=\"_self\">\n\t\t\t<img loading=\"lazy\" decoding=\"async\" width=\"2000\" height=\"1390\" src=\"https:\/\/inter-faces.eu\/wp-content\/uploads\/2024\/10\/LIGNE-ROSET-Canape-Nomade-7.jpg\" class=\"attachment-full size-full wp-post-image\" alt=\"\" srcset=\"https:\/\/inter-faces.eu\/wp-content\/uploads\/2024\/10\/LIGNE-ROSET-Canape-Nomade-7.jpg 2000w, https:\/\/inter-faces.eu\/wp-content\/uploads\/2024\/10\/LIGNE-ROSET-Canape-Nomade-7-300x209.jpg 300w, https:\/\/inter-faces.eu\/wp-content\/uploads\/2024\/10\/LIGNE-ROSET-Canape-Nomade-7-1024x712.jpg 1024w, https:\/\/inter-faces.eu\/wp-content\/uploads\/2024\/10\/LIGNE-ROSET-Canape-Nomade-7-768x534.jpg 768w, https:\/\/inter-faces.eu\/wp-content\/uploads\/2024\/10\/LIGNE-ROSET-Canape-Nomade-7-1536x1068.jpg 1536w, https:\/\/inter-faces.eu\/wp-content\/uploads\/2024\/10\/LIGNE-ROSET-Canape-Nomade-7-600x417.jpg 600w\" sizes=\"(max-width: 2000px) 100vw, 2000px\" \/>\t\t<\/a>\n\t<\/div>\n\t\t\t\t\t<\/div>\n\t\t<div class=\"qodef-e-content\" style=\"margin:24px 0 30px 0px\">\n\t\t\t<div class=\"qodef-e-text\">\n\t\t\t\t<h4 itemprop=\"name\" class=\"qodef-e-title entry-title\" >\n\t<a itemprop=\"url\" class=\"qodef-e-title-link\" href=\"https:\/\/inter-faces.eu\/index.php\/portfolio-item\/le-canape-nomade-ligne-roset\/\" target=\"_self\">\n\t\tLe canap\u00e9 Nomade &#8211; Ligne Roset\t<\/a>\n<\/h4>\n\t\t\t<\/div>\n\t\t\t<div class=\"qodef-e-top-holder\">\n\t\t\t\t<div class=\"qodef-e-info\">\n\t\t\t\t\t\t<a href=\"https:\/\/inter-faces.eu\/index.php\/portfolio-category\/canapes\/\" rel=\"tag\">Canap\u00e9s<\/a><span class=\"qodef-info-separator-single\"><\/span><a href=\"https:\/\/inter-faces.eu\/index.php\/portfolio-category\/ligne-roset\/\" rel=\"tag\">Ligne Roset<\/a><span class=\"qodef-info-separator-single\"><\/span><a href=\"https:\/\/inter-faces.eu\/index.php\/portfolio-category\/salon\/\" rel=\"tag\">Salon<\/a>\t<div class=\"qodef-info-separator-end\"><\/div>\n\t\t\t\t<\/div>\n\t\t\t<\/div>\n\t\t<\/div>\n\t<\/div>\n<\/article>\n<article class=\"qodef-e qodef-grid-item qodef-item--full  post-15098 portfolio-item type-portfolio-item status-publish has-post-thumbnail hentry portfolio-category-canapes portfolio-category-salon portfolio-tag-canape portfolio-tag-gervasoni portfolio-tag-salon\">\n\t<div class=\"qodef-e-inner\" >\n\t\t<div class=\"qodef-e-image\">\n\t\t\t\t<div class=\"qodef-e-media-image\">\n\t\t<a itemprop=\"url\" href=\"https:\/\/inter-faces.eu\/index.php\/portfolio-item\/collection-loll-de-gervasoni-simple-et-contemporaine\/\" target=\"_self\">\n\t\t\t<img loading=\"lazy\" decoding=\"async\" width=\"533\" height=\"641\" src=\"https:\/\/inter-faces.eu\/wp-content\/uploads\/2024\/05\/gervasoni_loll_6-e1717752494451.jpeg\" class=\"attachment-full size-full wp-post-image\" alt=\"\" srcset=\"https:\/\/inter-faces.eu\/wp-content\/uploads\/2024\/05\/gervasoni_loll_6-e1717752494451.jpeg 533w, https:\/\/inter-faces.eu\/wp-content\/uploads\/2024\/05\/gervasoni_loll_6-e1717752494451-249x300.jpeg 249w\" sizes=\"(max-width: 533px) 100vw, 533px\" \/>\t\t<\/a>\n\t<\/div>\n\t\t\t\t\t<\/div>\n\t\t<div class=\"qodef-e-content\" style=\"margin:24px 0 30px 0px\">\n\t\t\t<div class=\"qodef-e-text\">\n\t\t\t\t<h4 itemprop=\"name\" class=\"qodef-e-title entry-title\" >\n\t<a itemprop=\"url\" class=\"qodef-e-title-link\" href=\"https:\/\/inter-faces.eu\/index.php\/portfolio-item\/collection-loll-de-gervasoni-simple-et-contemporaine\/\" target=\"_self\">\n\t\tCollection  Loll. Simple et contemporaine &#8211; Gervasoni\t<\/a>\n<\/h4>\n\t\t\t<\/div>\n\t\t\t<div class=\"qodef-e-top-holder\">\n\t\t\t\t<div class=\"qodef-e-info\">\n\t\t\t\t\t\t<a href=\"https:\/\/inter-faces.eu\/index.php\/portfolio-category\/canapes\/\" rel=\"tag\">Canap\u00e9s<\/a><span class=\"qodef-info-separator-single\"><\/span><a href=\"https:\/\/inter-faces.eu\/index.php\/portfolio-category\/salon\/\" rel=\"tag\">Salon<\/a>\t<div class=\"qodef-info-separator-end\"><\/div>\n\t\t\t\t<\/div>\n\t\t\t<\/div>\n\t\t<\/div>\n\t<\/div>\n<\/article>\n<article class=\"qodef-e qodef-grid-item qodef-item--full  post-15082 portfolio-item type-portfolio-item status-publish has-post-thumbnail hentry portfolio-category-canapes portfolio-category-salon portfolio-tag-canape portfolio-tag-cassina portfolio-tag-piero-lissoni portfolio-tag-salon\">\n\t<div class=\"qodef-e-inner\" >\n\t\t<div class=\"qodef-e-image\">\n\t\t\t\t<div class=\"qodef-e-media-image\">\n\t\t<a itemprop=\"url\" href=\"https:\/\/inter-faces.eu\/index.php\/portfolio-item\/sofa-moov-modulable-et-confortable-cassina\/\" target=\"_self\">\n\t\t\t<img loading=\"lazy\" decoding=\"async\" width=\"768\" height=\"449\" src=\"https:\/\/inter-faces.eu\/wp-content\/uploads\/2024\/05\/Sofa-Moov-Piero-Lissoni-Cassina-1-.jpeg\" class=\"attachment-full size-full wp-post-image\" alt=\"\" srcset=\"https:\/\/inter-faces.eu\/wp-content\/uploads\/2024\/05\/Sofa-Moov-Piero-Lissoni-Cassina-1-.jpeg 768w, https:\/\/inter-faces.eu\/wp-content\/uploads\/2024\/05\/Sofa-Moov-Piero-Lissoni-Cassina-1--300x175.jpeg 300w, https:\/\/inter-faces.eu\/wp-content\/uploads\/2024\/05\/Sofa-Moov-Piero-Lissoni-Cassina-1--600x351.jpeg 600w\" sizes=\"(max-width: 768px) 100vw, 768px\" \/>\t\t<\/a>\n\t<\/div>\n\t\t\t\t\t<\/div>\n\t\t<div class=\"qodef-e-content\" style=\"margin:24px 0 30px 0px\">\n\t\t\t<div class=\"qodef-e-text\">\n\t\t\t\t<h4 itemprop=\"name\" class=\"qodef-e-title entry-title\" >\n\t<a itemprop=\"url\" class=\"qodef-e-title-link\" href=\"https:\/\/inter-faces.eu\/index.php\/portfolio-item\/sofa-moov-modulable-et-confortable-cassina\/\" target=\"_self\">\n\t\tSofa Moov   Modulable et confortable &#8211; Cassina\t<\/a>\n<\/h4>\n\t\t\t<\/div>\n\t\t\t<div class=\"qodef-e-top-holder\">\n\t\t\t\t<div class=\"qodef-e-info\">\n\t\t\t\t\t\t<a href=\"https:\/\/inter-faces.eu\/index.php\/portfolio-category\/canapes\/\" rel=\"tag\">Canap\u00e9s<\/a><span class=\"qodef-info-separator-single\"><\/span><a href=\"https:\/\/inter-faces.eu\/index.php\/portfolio-category\/salon\/\" rel=\"tag\">Salon<\/a>\t<div class=\"qodef-info-separator-end\"><\/div>\n\t\t\t\t<\/div>\n\t\t\t<\/div>\n\t\t<\/div>\n\t<\/div>\n<\/article>\n<article class=\"qodef-e qodef-grid-item qodef-item--full  post-12044 portfolio-item type-portfolio-item status-publish has-post-thumbnail hentry portfolio-category-canapes portfolio-category-salon portfolio-tag-canape portfolio-tag-edra\">\n\t<div class=\"qodef-e-inner\" >\n\t\t<div class=\"qodef-e-image\">\n\t\t\t\t<div class=\"qodef-e-media-image\">\n\t\t<a itemprop=\"url\" href=\"https:\/\/inter-faces.eu\/index.php\/portfolio-item\/on-the-rocks-un-canape-unique-au-confort-exceptionnel\/\" target=\"_self\">\n\t\t\t<img loading=\"lazy\" decoding=\"async\" width=\"1170\" height=\"750\" src=\"https:\/\/inter-faces.eu\/wp-content\/uploads\/2024\/02\/EDRA-Canape-on-the-Rocks-1-1.jpg\" class=\"attachment-full size-full wp-post-image\" alt=\"\" srcset=\"https:\/\/inter-faces.eu\/wp-content\/uploads\/2024\/02\/EDRA-Canape-on-the-Rocks-1-1.jpg 1170w, https:\/\/inter-faces.eu\/wp-content\/uploads\/2024\/02\/EDRA-Canape-on-the-Rocks-1-1-300x192.jpg 300w, https:\/\/inter-faces.eu\/wp-content\/uploads\/2024\/02\/EDRA-Canape-on-the-Rocks-1-1-1024x656.jpg 1024w, https:\/\/inter-faces.eu\/wp-content\/uploads\/2024\/02\/EDRA-Canape-on-the-Rocks-1-1-768x492.jpg 768w, https:\/\/inter-faces.eu\/wp-content\/uploads\/2024\/02\/EDRA-Canape-on-the-Rocks-1-1-600x385.jpg 600w\" sizes=\"(max-width: 1170px) 100vw, 1170px\" \/>\t\t<\/a>\n\t<\/div>\n\t\t\t\t\t<\/div>\n\t\t<div class=\"qodef-e-content\" style=\"margin:24px 0 30px 0px\">\n\t\t\t<div class=\"qodef-e-text\">\n\t\t\t\t<h4 itemprop=\"name\" class=\"qodef-e-title entry-title\" >\n\t<a itemprop=\"url\" class=\"qodef-e-title-link\" href=\"https:\/\/inter-faces.eu\/index.php\/portfolio-item\/on-the-rocks-un-canape-unique-au-confort-exceptionnel\/\" target=\"_self\">\n\t\tOn The Rocks, un canap\u00e9 modulaire au confort exceptionnel &#8211; Edra\t<\/a>\n<\/h4>\n\t\t\t<\/div>\n\t\t\t<div class=\"qodef-e-top-holder\">\n\t\t\t\t<div class=\"qodef-e-info\">\n\t\t\t\t\t\t<a href=\"https:\/\/inter-faces.eu\/index.php\/portfolio-category\/canapes\/\" rel=\"tag\">Canap\u00e9s<\/a><span class=\"qodef-info-separator-single\"><\/span><a href=\"https:\/\/inter-faces.eu\/index.php\/portfolio-category\/salon\/\" rel=\"tag\">Salon<\/a>\t<div class=\"qodef-info-separator-end\"><\/div>\n\t\t\t\t<\/div>\n\t\t\t<\/div>\n\t\t<\/div>\n\t<\/div>\n<\/article>\n<article class=\"qodef-e qodef-grid-item qodef-item--full  post-12046 portfolio-item type-portfolio-item status-publish has-post-thumbnail hentry portfolio-category-canapes portfolio-category-fauteuils-confort portfolio-category-salon portfolio-tag-canape portfolio-tag-fauteuil-confort portfolio-tag-kartell portfolio-tag-patricia-urquiola\">\n\t<div class=\"qodef-e-inner\" >\n\t\t<div class=\"qodef-e-image\">\n\t\t\t\t<div class=\"qodef-e-media-image\">\n\t\t<a itemprop=\"url\" href=\"https:\/\/inter-faces.eu\/index.php\/portfolio-item\/la-collection-lunam-de-patricia-urquiola-pour-kartell\/\" target=\"_self\">\n\t\t\t<img loading=\"lazy\" decoding=\"async\" width=\"900\" height=\"652\" src=\"https:\/\/inter-faces.eu\/wp-content\/uploads\/2024\/02\/1-1-98.jpg\" class=\"attachment-full size-full wp-post-image\" alt=\"\" srcset=\"https:\/\/inter-faces.eu\/wp-content\/uploads\/2024\/02\/1-1-98.jpg 900w, https:\/\/inter-faces.eu\/wp-content\/uploads\/2024\/02\/1-1-98-300x217.jpg 300w, https:\/\/inter-faces.eu\/wp-content\/uploads\/2024\/02\/1-1-98-768x556.jpg 768w, https:\/\/inter-faces.eu\/wp-content\/uploads\/2024\/02\/1-1-98-600x435.jpg 600w\" sizes=\"(max-width: 900px) 100vw, 900px\" \/>\t\t<\/a>\n\t<\/div>\n\t\t\t\t\t<\/div>\n\t\t<div class=\"qodef-e-content\" style=\"margin:24px 0 30px 0px\">\n\t\t\t<div class=\"qodef-e-text\">\n\t\t\t\t<h4 itemprop=\"name\" class=\"qodef-e-title entry-title\" >\n\t<a itemprop=\"url\" class=\"qodef-e-title-link\" href=\"https:\/\/inter-faces.eu\/index.php\/portfolio-item\/la-collection-lunam-de-patricia-urquiola-pour-kartell\/\" target=\"_self\">\n\t\tLa collection Lunam de Patricia Urquiola &#8211; Kartell\t<\/a>\n<\/h4>\n\t\t\t<\/div>\n\t\t\t<div class=\"qodef-e-top-holder\">\n\t\t\t\t<div class=\"qodef-e-info\">\n\t\t\t\t\t\t<a href=\"https:\/\/inter-faces.eu\/index.php\/portfolio-category\/canapes\/\" rel=\"tag\">Canap\u00e9s<\/a><span class=\"qodef-info-separator-single\"><\/span><a href=\"https:\/\/inter-faces.eu\/index.php\/portfolio-category\/fauteuils-confort\/\" rel=\"tag\">Fauteuils confort<\/a><span class=\"qodef-info-separator-single\"><\/span><a href=\"https:\/\/inter-faces.eu\/index.php\/portfolio-category\/salon\/\" rel=\"tag\">Salon<\/a>\t<div class=\"qodef-info-separator-end\"><\/div>\n\t\t\t\t<\/div>\n\t\t\t<\/div>\n\t\t<\/div>\n\t<\/div>\n<\/article>\n<article class=\"qodef-e qodef-grid-item qodef-item--full  post-12051 portfolio-item type-portfolio-item status-publish has-post-thumbnail hentry portfolio-category-canapes portfolio-category-ligne-roset portfolio-category-salon portfolio-tag-canape portfolio-tag-ligne-roset\">\n\t<div class=\"qodef-e-inner\" >\n\t\t<div class=\"qodef-e-image\">\n\t\t\t\t<div class=\"qodef-e-media-image\">\n\t\t<a itemprop=\"url\" href=\"https:\/\/inter-faces.eu\/index.php\/portfolio-item\/le-canape-taru-de-ligne-roset\/\" target=\"_self\">\n\t\t\t<img loading=\"lazy\" decoding=\"async\" width=\"900\" height=\"652\" src=\"https:\/\/inter-faces.eu\/wp-content\/uploads\/2024\/02\/1-1-93.jpg\" class=\"attachment-full size-full wp-post-image\" alt=\"\" srcset=\"https:\/\/inter-faces.eu\/wp-content\/uploads\/2024\/02\/1-1-93.jpg 900w, https:\/\/inter-faces.eu\/wp-content\/uploads\/2024\/02\/1-1-93-300x217.jpg 300w, https:\/\/inter-faces.eu\/wp-content\/uploads\/2024\/02\/1-1-93-768x556.jpg 768w, https:\/\/inter-faces.eu\/wp-content\/uploads\/2024\/02\/1-1-93-600x435.jpg 600w\" sizes=\"(max-width: 900px) 100vw, 900px\" \/>\t\t<\/a>\n\t<\/div>\n\t\t\t\t\t<\/div>\n\t\t<div class=\"qodef-e-content\" style=\"margin:24px 0 30px 0px\">\n\t\t\t<div class=\"qodef-e-text\">\n\t\t\t\t<h4 itemprop=\"name\" class=\"qodef-e-title entry-title\" >\n\t<a itemprop=\"url\" class=\"qodef-e-title-link\" href=\"https:\/\/inter-faces.eu\/index.php\/portfolio-item\/le-canape-taru-de-ligne-roset\/\" target=\"_self\">\n\t\tLe canap\u00e9 Taru &#8211; Ligne Roset\t<\/a>\n<\/h4>\n\t\t\t<\/div>\n\t\t\t<div class=\"qodef-e-top-holder\">\n\t\t\t\t<div class=\"qodef-e-info\">\n\t\t\t\t\t\t<a href=\"https:\/\/inter-faces.eu\/index.php\/portfolio-category\/canapes\/\" rel=\"tag\">Canap\u00e9s<\/a><span class=\"qodef-info-separator-single\"><\/span><a href=\"https:\/\/inter-faces.eu\/index.php\/portfolio-category\/ligne-roset\/\" rel=\"tag\">Ligne Roset<\/a><span class=\"qodef-info-separator-single\"><\/span><a href=\"https:\/\/inter-faces.eu\/index.php\/portfolio-category\/salon\/\" rel=\"tag\">Salon<\/a>\t<div class=\"qodef-info-separator-end\"><\/div>\n\t\t\t\t<\/div>\n\t\t\t<\/div>\n\t\t<\/div>\n\t<\/div>\n<\/article>\n<article class=\"qodef-e qodef-grid-item qodef-item--full  post-12052 portfolio-item type-portfolio-item status-publish has-post-thumbnail hentry portfolio-category-canapes portfolio-category-ligne-roset portfolio-category-salon portfolio-tag-canape portfolio-tag-ligne-roset portfolio-tag-ronan-erwan-bouroullec\">\n\t<div class=\"qodef-e-inner\" >\n\t\t<div class=\"qodef-e-image\">\n\t\t\t\t<div class=\"qodef-e-media-image\">\n\t\t<a itemprop=\"url\" href=\"https:\/\/inter-faces.eu\/index.php\/portfolio-item\/le-canape-ploum-de-ligne-roset\/\" target=\"_self\">\n\t\t\t<img loading=\"lazy\" decoding=\"async\" width=\"900\" height=\"652\" src=\"https:\/\/inter-faces.eu\/wp-content\/uploads\/2024\/02\/1-1-92.jpg\" class=\"attachment-full size-full wp-post-image\" alt=\"\" srcset=\"https:\/\/inter-faces.eu\/wp-content\/uploads\/2024\/02\/1-1-92.jpg 900w, https:\/\/inter-faces.eu\/wp-content\/uploads\/2024\/02\/1-1-92-300x217.jpg 300w, https:\/\/inter-faces.eu\/wp-content\/uploads\/2024\/02\/1-1-92-768x556.jpg 768w, https:\/\/inter-faces.eu\/wp-content\/uploads\/2024\/02\/1-1-92-600x435.jpg 600w\" sizes=\"(max-width: 900px) 100vw, 900px\" \/>\t\t<\/a>\n\t<\/div>\n\t\t\t\t\t<\/div>\n\t\t<div class=\"qodef-e-content\" style=\"margin:24px 0 30px 0px\">\n\t\t\t<div class=\"qodef-e-text\">\n\t\t\t\t<h4 itemprop=\"name\" class=\"qodef-e-title entry-title\" >\n\t<a itemprop=\"url\" class=\"qodef-e-title-link\" href=\"https:\/\/inter-faces.eu\/index.php\/portfolio-item\/le-canape-ploum-de-ligne-roset\/\" target=\"_self\">\n\t\tLe canap\u00e9 Ploum des fr\u00e8res Bouroullec &#8211; Ligne Roset\t<\/a>\n<\/h4>\n\t\t\t<\/div>\n\t\t\t<div class=\"qodef-e-top-holder\">\n\t\t\t\t<div class=\"qodef-e-info\">\n\t\t\t\t\t\t<a href=\"https:\/\/inter-faces.eu\/index.php\/portfolio-category\/canapes\/\" rel=\"tag\">Canap\u00e9s<\/a><span class=\"qodef-info-separator-single\"><\/span><a href=\"https:\/\/inter-faces.eu\/index.php\/portfolio-category\/ligne-roset\/\" rel=\"tag\">Ligne Roset<\/a><span class=\"qodef-info-separator-single\"><\/span><a href=\"https:\/\/inter-faces.eu\/index.php\/portfolio-category\/salon\/\" rel=\"tag\">Salon<\/a>\t<div class=\"qodef-info-separator-end\"><\/div>\n\t\t\t\t<\/div>\n\t\t\t<\/div>\n\t\t<\/div>\n\t<\/div>\n<\/article>\n<article class=\"qodef-e qodef-grid-item qodef-item--full  post-12069 portfolio-item type-portfolio-item status-publish has-post-thumbnail hentry portfolio-category-canapes portfolio-category-outdoor portfolio-category-salon portfolio-tag-canape portfolio-tag-moroso portfolio-tag-outdoor\">\n\t<div class=\"qodef-e-inner\" >\n\t\t<div class=\"qodef-e-image\">\n\t\t\t\t<div class=\"qodef-e-media-image\">\n\t\t<a itemprop=\"url\" href=\"https:\/\/inter-faces.eu\/index.php\/portfolio-item\/victoria-albert-de-ron-arad\/\" target=\"_self\">\n\t\t\t<img loading=\"lazy\" decoding=\"async\" width=\"900\" height=\"652\" src=\"https:\/\/inter-faces.eu\/wp-content\/uploads\/2024\/02\/1-1-75.jpg\" class=\"attachment-full size-full wp-post-image\" alt=\"\" srcset=\"https:\/\/inter-faces.eu\/wp-content\/uploads\/2024\/02\/1-1-75.jpg 900w, https:\/\/inter-faces.eu\/wp-content\/uploads\/2024\/02\/1-1-75-300x217.jpg 300w, https:\/\/inter-faces.eu\/wp-content\/uploads\/2024\/02\/1-1-75-768x556.jpg 768w, https:\/\/inter-faces.eu\/wp-content\/uploads\/2024\/02\/1-1-75-600x435.jpg 600w\" sizes=\"(max-width: 900px) 100vw, 900px\" \/>\t\t<\/a>\n\t<\/div>\n\t\t\t\t\t<\/div>\n\t\t<div class=\"qodef-e-content\" style=\"margin:24px 0 30px 0px\">\n\t\t\t<div class=\"qodef-e-text\">\n\t\t\t\t<h4 itemprop=\"name\" class=\"qodef-e-title entry-title\" >\n\t<a itemprop=\"url\" class=\"qodef-e-title-link\" href=\"https:\/\/inter-faces.eu\/index.php\/portfolio-item\/victoria-albert-de-ron-arad\/\" target=\"_self\">\n\t\tCollection Victoria &#038; Albert de Ron Arad &#8211; Moroso\t<\/a>\n<\/h4>\n\t\t\t<\/div>\n\t\t\t<div class=\"qodef-e-top-holder\">\n\t\t\t\t<div class=\"qodef-e-info\">\n\t\t\t\t\t\t<a href=\"https:\/\/inter-faces.eu\/index.php\/portfolio-category\/canapes\/\" rel=\"tag\">Canap\u00e9s<\/a><span class=\"qodef-info-separator-single\"><\/span><a href=\"https:\/\/inter-faces.eu\/index.php\/portfolio-category\/outdoor\/\" rel=\"tag\">Outdoor<\/a><span class=\"qodef-info-separator-single\"><\/span><a href=\"https:\/\/inter-faces.eu\/index.php\/portfolio-category\/salon\/\" rel=\"tag\">Salon<\/a>\t<div class=\"qodef-info-separator-end\"><\/div>\n\t\t\t\t<\/div>\n\t\t\t<\/div>\n\t\t<\/div>\n\t<\/div>\n<\/article>\n<article class=\"qodef-e qodef-grid-item qodef-item--full  post-12076 portfolio-item type-portfolio-item status-publish has-post-thumbnail hentry portfolio-category-canapes portfolio-category-salon portfolio-tag-canape portfolio-tag-moroso portfolio-tag-patricia-urquiola\">\n\t<div class=\"qodef-e-inner\" >\n\t\t<div class=\"qodef-e-image\">\n\t\t\t\t<div class=\"qodef-e-media-image\">\n\t\t<a itemprop=\"url\" href=\"https:\/\/inter-faces.eu\/index.php\/portfolio-item\/le-canape-gentry-de-moroso\/\" target=\"_self\">\n\t\t\t<img loading=\"lazy\" decoding=\"async\" width=\"900\" height=\"652\" src=\"https:\/\/inter-faces.eu\/wp-content\/uploads\/2024\/02\/1-1-69.jpg\" class=\"attachment-full size-full wp-post-image\" alt=\"\" srcset=\"https:\/\/inter-faces.eu\/wp-content\/uploads\/2024\/02\/1-1-69.jpg 900w, https:\/\/inter-faces.eu\/wp-content\/uploads\/2024\/02\/1-1-69-300x217.jpg 300w, https:\/\/inter-faces.eu\/wp-content\/uploads\/2024\/02\/1-1-69-768x556.jpg 768w, https:\/\/inter-faces.eu\/wp-content\/uploads\/2024\/02\/1-1-69-600x435.jpg 600w\" sizes=\"(max-width: 900px) 100vw, 900px\" \/>\t\t<\/a>\n\t<\/div>\n\t\t\t\t\t<\/div>\n\t\t<div class=\"qodef-e-content\" style=\"margin:24px 0 30px 0px\">\n\t\t\t<div class=\"qodef-e-text\">\n\t\t\t\t<h4 itemprop=\"name\" class=\"qodef-e-title entry-title\" >\n\t<a itemprop=\"url\" class=\"qodef-e-title-link\" href=\"https:\/\/inter-faces.eu\/index.php\/portfolio-item\/le-canape-gentry-de-moroso\/\" target=\"_self\">\n\t\tLe canap\u00e9 Gentry &#8211; Moroso\t<\/a>\n<\/h4>\n\t\t\t<\/div>\n\t\t\t<div class=\"qodef-e-top-holder\">\n\t\t\t\t<div class=\"qodef-e-info\">\n\t\t\t\t\t\t<a href=\"https:\/\/inter-faces.eu\/index.php\/portfolio-category\/canapes\/\" rel=\"tag\">Canap\u00e9s<\/a><span class=\"qodef-info-separator-single\"><\/span><a href=\"https:\/\/inter-faces.eu\/index.php\/portfolio-category\/salon\/\" rel=\"tag\">Salon<\/a>\t<div class=\"qodef-info-separator-end\"><\/div>\n\t\t\t\t<\/div>\n\t\t\t<\/div>\n\t\t<\/div>\n\t<\/div>\n<\/article>\n<article class=\"qodef-e qodef-grid-item qodef-item--full  post-12075 portfolio-item type-portfolio-item status-publish has-post-thumbnail hentry portfolio-category-canapes portfolio-category-salon portfolio-tag-canape portfolio-tag-marcel-wanders portfolio-tag-moooi\">\n\t<div class=\"qodef-e-inner\" >\n\t\t<div class=\"qodef-e-image\">\n\t\t\t\t<div class=\"qodef-e-media-image\">\n\t\t<a itemprop=\"url\" href=\"https:\/\/inter-faces.eu\/index.php\/portfolio-item\/le-canape-beam-sofa-par-patricia-urquiola-2\/\" target=\"_self\">\n\t\t\t<img loading=\"lazy\" decoding=\"async\" width=\"900\" height=\"652\" src=\"https:\/\/inter-faces.eu\/wp-content\/uploads\/2024\/02\/1-1-68.jpg\" class=\"attachment-full size-full wp-post-image\" alt=\"\" srcset=\"https:\/\/inter-faces.eu\/wp-content\/uploads\/2024\/02\/1-1-68.jpg 900w, https:\/\/inter-faces.eu\/wp-content\/uploads\/2024\/02\/1-1-68-300x217.jpg 300w, https:\/\/inter-faces.eu\/wp-content\/uploads\/2024\/02\/1-1-68-768x556.jpg 768w, https:\/\/inter-faces.eu\/wp-content\/uploads\/2024\/02\/1-1-68-600x435.jpg 600w\" sizes=\"(max-width: 900px) 100vw, 900px\" \/>\t\t<\/a>\n\t<\/div>\n\t\t\t\t\t<\/div>\n\t\t<div class=\"qodef-e-content\" style=\"margin:24px 0 30px 0px\">\n\t\t\t<div class=\"qodef-e-text\">\n\t\t\t\t<h4 itemprop=\"name\" class=\"qodef-e-title entry-title\" >\n\t<a itemprop=\"url\" class=\"qodef-e-title-link\" href=\"https:\/\/inter-faces.eu\/index.php\/portfolio-item\/le-canape-beam-sofa-par-patricia-urquiola-2\/\" target=\"_self\">\n\t\tLe Love Sofa de Marcel Wanders &#8211; Moooi\t<\/a>\n<\/h4>\n\t\t\t<\/div>\n\t\t\t<div class=\"qodef-e-top-holder\">\n\t\t\t\t<div class=\"qodef-e-info\">\n\t\t\t\t\t\t<a href=\"https:\/\/inter-faces.eu\/index.php\/portfolio-category\/canapes\/\" rel=\"tag\">Canap\u00e9s<\/a><span class=\"qodef-info-separator-single\"><\/span><a href=\"https:\/\/inter-faces.eu\/index.php\/portfolio-category\/salon\/\" rel=\"tag\">Salon<\/a>\t<div class=\"qodef-info-separator-end\"><\/div>\n\t\t\t\t<\/div>\n\t\t\t<\/div>\n\t\t<\/div>\n\t<\/div>\n<\/article>\n<article class=\"qodef-e qodef-grid-item qodef-item--full  post-12079 portfolio-item type-portfolio-item status-publish has-post-thumbnail hentry portfolio-category-canapes portfolio-category-salon portfolio-tag-canape portfolio-tag-cassina portfolio-tag-piero-lissoni\">\n\t<div class=\"qodef-e-inner\" >\n\t\t<div class=\"qodef-e-image\">\n\t\t\t\t<div class=\"qodef-e-media-image\">\n\t\t<a itemprop=\"url\" href=\"https:\/\/inter-faces.eu\/index.php\/portfolio-item\/le-canape-8-de-cassina\/\" target=\"_self\">\n\t\t\t<img loading=\"lazy\" decoding=\"async\" width=\"900\" height=\"652\" src=\"https:\/\/inter-faces.eu\/wp-content\/uploads\/2024\/02\/1-1-65.jpg\" class=\"attachment-full size-full wp-post-image\" alt=\"\" srcset=\"https:\/\/inter-faces.eu\/wp-content\/uploads\/2024\/02\/1-1-65.jpg 900w, https:\/\/inter-faces.eu\/wp-content\/uploads\/2024\/02\/1-1-65-300x217.jpg 300w, https:\/\/inter-faces.eu\/wp-content\/uploads\/2024\/02\/1-1-65-768x556.jpg 768w, https:\/\/inter-faces.eu\/wp-content\/uploads\/2024\/02\/1-1-65-600x435.jpg 600w\" sizes=\"(max-width: 900px) 100vw, 900px\" \/>\t\t<\/a>\n\t<\/div>\n\t\t\t\t\t<\/div>\n\t\t<div class=\"qodef-e-content\" style=\"margin:24px 0 30px 0px\">\n\t\t\t<div class=\"qodef-e-text\">\n\t\t\t\t<h4 itemprop=\"name\" class=\"qodef-e-title entry-title\" >\n\t<a itemprop=\"url\" class=\"qodef-e-title-link\" href=\"https:\/\/inter-faces.eu\/index.php\/portfolio-item\/le-canape-8-de-cassina\/\" target=\"_self\">\n\t\tLe canap\u00e9 8 &#8211; Cassina\t<\/a>\n<\/h4>\n\t\t\t<\/div>\n\t\t\t<div class=\"qodef-e-top-holder\">\n\t\t\t\t<div class=\"qodef-e-info\">\n\t\t\t\t\t\t<a href=\"https:\/\/inter-faces.eu\/index.php\/portfolio-category\/canapes\/\" rel=\"tag\">Canap\u00e9s<\/a><span class=\"qodef-info-separator-single\"><\/span><a href=\"https:\/\/inter-faces.eu\/index.php\/portfolio-category\/salon\/\" rel=\"tag\">Salon<\/a>\t<div class=\"qodef-info-separator-end\"><\/div>\n\t\t\t\t<\/div>\n\t\t\t<\/div>\n\t\t<\/div>\n\t<\/div>\n<\/article>\n<article class=\"qodef-e qodef-grid-item qodef-item--full  post-12081 portfolio-item type-portfolio-item status-publish has-post-thumbnail hentry portfolio-category-canapes portfolio-category-salon portfolio-tag-canape portfolio-tag-cassina\">\n\t<div class=\"qodef-e-inner\" >\n\t\t<div class=\"qodef-e-image\">\n\t\t\t\t<div class=\"qodef-e-media-image\">\n\t\t<a itemprop=\"url\" href=\"https:\/\/inter-faces.eu\/index.php\/portfolio-item\/le-canape-maralunga-de-cassina\/\" target=\"_self\">\n\t\t\t<img loading=\"lazy\" decoding=\"async\" width=\"900\" height=\"652\" src=\"https:\/\/inter-faces.eu\/wp-content\/uploads\/2024\/02\/1-1-63.jpg\" class=\"attachment-full size-full wp-post-image\" alt=\"\" srcset=\"https:\/\/inter-faces.eu\/wp-content\/uploads\/2024\/02\/1-1-63.jpg 900w, https:\/\/inter-faces.eu\/wp-content\/uploads\/2024\/02\/1-1-63-300x217.jpg 300w, https:\/\/inter-faces.eu\/wp-content\/uploads\/2024\/02\/1-1-63-768x556.jpg 768w, https:\/\/inter-faces.eu\/wp-content\/uploads\/2024\/02\/1-1-63-600x435.jpg 600w\" sizes=\"(max-width: 900px) 100vw, 900px\" \/>\t\t<\/a>\n\t<\/div>\n\t\t\t\t\t<\/div>\n\t\t<div class=\"qodef-e-content\" style=\"margin:24px 0 30px 0px\">\n\t\t\t<div class=\"qodef-e-text\">\n\t\t\t\t<h4 itemprop=\"name\" class=\"qodef-e-title entry-title\" >\n\t<a itemprop=\"url\" class=\"qodef-e-title-link\" href=\"https:\/\/inter-faces.eu\/index.php\/portfolio-item\/le-canape-maralunga-de-cassina\/\" target=\"_self\">\n\t\tLe canap\u00e9 Maralunga &#8211; Cassina\t<\/a>\n<\/h4>\n\t\t\t<\/div>\n\t\t\t<div class=\"qodef-e-top-holder\">\n\t\t\t\t<div class=\"qodef-e-info\">\n\t\t\t\t\t\t<a href=\"https:\/\/inter-faces.eu\/index.php\/portfolio-category\/canapes\/\" rel=\"tag\">Canap\u00e9s<\/a><span class=\"qodef-info-separator-single\"><\/span><a href=\"https:\/\/inter-faces.eu\/index.php\/portfolio-category\/salon\/\" rel=\"tag\">Salon<\/a>\t<div class=\"qodef-info-separator-end\"><\/div>\n\t\t\t\t<\/div>\n\t\t\t<\/div>\n\t\t<\/div>\n\t<\/div>\n<\/article>\n<article class=\"qodef-e qodef-grid-item qodef-item--full  post-12088 portfolio-item type-portfolio-item status-publish has-post-thumbnail hentry portfolio-category-canapes portfolio-category-salon portfolio-tag-canape portfolio-tag-petite-friture\">\n\t<div class=\"qodef-e-inner\" >\n\t\t<div class=\"qodef-e-image\">\n\t\t\t\t<div class=\"qodef-e-media-image\">\n\t\t<a itemprop=\"url\" href=\"https:\/\/inter-faces.eu\/index.php\/portfolio-item\/le-canape-nubilo-de-petite-friture\/\" target=\"_self\">\n\t\t\t<img loading=\"lazy\" decoding=\"async\" width=\"900\" height=\"652\" src=\"https:\/\/inter-faces.eu\/wp-content\/uploads\/2024\/02\/1-1-252.jpg\" class=\"attachment-full size-full wp-post-image\" alt=\"\" srcset=\"https:\/\/inter-faces.eu\/wp-content\/uploads\/2024\/02\/1-1-252.jpg 900w, https:\/\/inter-faces.eu\/wp-content\/uploads\/2024\/02\/1-1-252-300x217.jpg 300w, https:\/\/inter-faces.eu\/wp-content\/uploads\/2024\/02\/1-1-252-768x556.jpg 768w, https:\/\/inter-faces.eu\/wp-content\/uploads\/2024\/02\/1-1-252-600x435.jpg 600w\" sizes=\"(max-width: 900px) 100vw, 900px\" \/>\t\t<\/a>\n\t<\/div>\n\t\t\t\t\t<\/div>\n\t\t<div class=\"qodef-e-content\" style=\"margin:24px 0 30px 0px\">\n\t\t\t<div class=\"qodef-e-text\">\n\t\t\t\t<h4 itemprop=\"name\" class=\"qodef-e-title entry-title\" >\n\t<a itemprop=\"url\" class=\"qodef-e-title-link\" href=\"https:\/\/inter-faces.eu\/index.php\/portfolio-item\/le-canape-nubilo-de-petite-friture\/\" target=\"_self\">\n\t\tLe canap\u00e9 Nubilo &#8211; Petite Friture\t<\/a>\n<\/h4>\n\t\t\t<\/div>\n\t\t\t<div class=\"qodef-e-top-holder\">\n\t\t\t\t<div class=\"qodef-e-info\">\n\t\t\t\t\t\t<a href=\"https:\/\/inter-faces.eu\/index.php\/portfolio-category\/canapes\/\" rel=\"tag\">Canap\u00e9s<\/a><span class=\"qodef-info-separator-single\"><\/span><a href=\"https:\/\/inter-faces.eu\/index.php\/portfolio-category\/salon\/\" rel=\"tag\">Salon<\/a>\t<div class=\"qodef-info-separator-end\"><\/div>\n\t\t\t\t<\/div>\n\t\t\t<\/div>\n\t\t<\/div>\n\t<\/div>\n<\/article>\n<article class=\"qodef-e qodef-grid-item qodef-item--full  post-12095 portfolio-item type-portfolio-item status-publish has-post-thumbnail hentry portfolio-category-canapes portfolio-category-salon portfolio-tag-canape portfolio-tag-knoll portfolio-tag-piero-lissoni\">\n\t<div class=\"qodef-e-inner\" >\n\t\t<div class=\"qodef-e-image\">\n\t\t\t\t<div class=\"qodef-e-media-image\">\n\t\t<a itemprop=\"url\" href=\"https:\/\/inter-faces.eu\/index.php\/portfolio-item\/le-sofa-avio-par-knoll\/\" target=\"_self\">\n\t\t\t<img loading=\"lazy\" decoding=\"async\" width=\"900\" height=\"652\" src=\"https:\/\/inter-faces.eu\/wp-content\/uploads\/2024\/02\/1-1-49.jpg\" class=\"attachment-full size-full wp-post-image\" alt=\"\" srcset=\"https:\/\/inter-faces.eu\/wp-content\/uploads\/2024\/02\/1-1-49.jpg 900w, https:\/\/inter-faces.eu\/wp-content\/uploads\/2024\/02\/1-1-49-300x217.jpg 300w, https:\/\/inter-faces.eu\/wp-content\/uploads\/2024\/02\/1-1-49-768x556.jpg 768w, https:\/\/inter-faces.eu\/wp-content\/uploads\/2024\/02\/1-1-49-600x435.jpg 600w\" sizes=\"(max-width: 900px) 100vw, 900px\" \/>\t\t<\/a>\n\t<\/div>\n\t\t\t\t\t<\/div>\n\t\t<div class=\"qodef-e-content\" style=\"margin:24px 0 30px 0px\">\n\t\t\t<div class=\"qodef-e-text\">\n\t\t\t\t<h4 itemprop=\"name\" class=\"qodef-e-title entry-title\" >\n\t<a itemprop=\"url\" class=\"qodef-e-title-link\" href=\"https:\/\/inter-faces.eu\/index.php\/portfolio-item\/le-sofa-avio-par-knoll\/\" target=\"_self\">\n\t\tLe sofa Avio de Piero Lissoni &#8211; Knoll\t<\/a>\n<\/h4>\n\t\t\t<\/div>\n\t\t\t<div class=\"qodef-e-top-holder\">\n\t\t\t\t<div class=\"qodef-e-info\">\n\t\t\t\t\t\t<a href=\"https:\/\/inter-faces.eu\/index.php\/portfolio-category\/canapes\/\" rel=\"tag\">Canap\u00e9s<\/a><span class=\"qodef-info-separator-single\"><\/span><a href=\"https:\/\/inter-faces.eu\/index.php\/portfolio-category\/salon\/\" rel=\"tag\">Salon<\/a>\t<div class=\"qodef-info-separator-end\"><\/div>\n\t\t\t\t<\/div>\n\t\t\t<\/div>\n\t\t<\/div>\n\t<\/div>\n<\/article>\n<article class=\"qodef-e qodef-grid-item qodef-item--full  post-12098 portfolio-item type-portfolio-item status-publish has-post-thumbnail hentry portfolio-category-canapes portfolio-category-salon portfolio-tag-canape portfolio-tag-vitra\">\n\t<div class=\"qodef-e-inner\" >\n\t\t<div class=\"qodef-e-image\">\n\t\t\t\t<div class=\"qodef-e-media-image\">\n\t\t<a itemprop=\"url\" href=\"https:\/\/inter-faces.eu\/index.php\/portfolio-item\/la-canape-mariposa-de-vitra\/\" target=\"_self\">\n\t\t\t<img loading=\"lazy\" decoding=\"async\" width=\"900\" height=\"652\" src=\"https:\/\/inter-faces.eu\/wp-content\/uploads\/2024\/02\/1-1-46.jpg\" class=\"attachment-full size-full wp-post-image\" alt=\"\" srcset=\"https:\/\/inter-faces.eu\/wp-content\/uploads\/2024\/02\/1-1-46.jpg 900w, https:\/\/inter-faces.eu\/wp-content\/uploads\/2024\/02\/1-1-46-300x217.jpg 300w, https:\/\/inter-faces.eu\/wp-content\/uploads\/2024\/02\/1-1-46-768x556.jpg 768w, https:\/\/inter-faces.eu\/wp-content\/uploads\/2024\/02\/1-1-46-600x435.jpg 600w\" sizes=\"(max-width: 900px) 100vw, 900px\" \/>\t\t<\/a>\n\t<\/div>\n\t\t\t\t\t<\/div>\n\t\t<div class=\"qodef-e-content\" style=\"margin:24px 0 30px 0px\">\n\t\t\t<div class=\"qodef-e-text\">\n\t\t\t\t<h4 itemprop=\"name\" class=\"qodef-e-title entry-title\" >\n\t<a itemprop=\"url\" class=\"qodef-e-title-link\" href=\"https:\/\/inter-faces.eu\/index.php\/portfolio-item\/la-canape-mariposa-de-vitra\/\" target=\"_self\">\n\t\tLe canap\u00e9 Mariposa &#8211; Vitra\t<\/a>\n<\/h4>\n\t\t\t<\/div>\n\t\t\t<div class=\"qodef-e-top-holder\">\n\t\t\t\t<div class=\"qodef-e-info\">\n\t\t\t\t\t\t<a href=\"https:\/\/inter-faces.eu\/index.php\/portfolio-category\/canapes\/\" rel=\"tag\">Canap\u00e9s<\/a><span class=\"qodef-info-separator-single\"><\/span><a href=\"https:\/\/inter-faces.eu\/index.php\/portfolio-category\/salon\/\" rel=\"tag\">Salon<\/a>\t<div class=\"qodef-info-separator-end\"><\/div>\n\t\t\t\t<\/div>\n\t\t\t<\/div>\n\t\t<\/div>\n\t<\/div>\n<\/article>\n<article class=\"qodef-e qodef-grid-item qodef-item--full  post-12099 portfolio-item type-portfolio-item status-publish has-post-thumbnail hentry portfolio-category-canapes portfolio-category-salon portfolio-tag-canape portfolio-tag-jasper-morrison portfolio-tag-vitra\">\n\t<div class=\"qodef-e-inner\" >\n\t\t<div class=\"qodef-e-image\">\n\t\t\t\t<div class=\"qodef-e-media-image\">\n\t\t<a itemprop=\"url\" href=\"https:\/\/inter-faces.eu\/index.php\/portfolio-item\/le-canape-soft-modular-de-jasper-morrison\/\" target=\"_self\">\n\t\t\t<img loading=\"lazy\" decoding=\"async\" width=\"900\" height=\"652\" src=\"https:\/\/inter-faces.eu\/wp-content\/uploads\/2024\/02\/1-1-45.jpg\" class=\"attachment-full size-full wp-post-image\" alt=\"\" srcset=\"https:\/\/inter-faces.eu\/wp-content\/uploads\/2024\/02\/1-1-45.jpg 900w, https:\/\/inter-faces.eu\/wp-content\/uploads\/2024\/02\/1-1-45-300x217.jpg 300w, https:\/\/inter-faces.eu\/wp-content\/uploads\/2024\/02\/1-1-45-768x556.jpg 768w, https:\/\/inter-faces.eu\/wp-content\/uploads\/2024\/02\/1-1-45-600x435.jpg 600w\" sizes=\"(max-width: 900px) 100vw, 900px\" \/>\t\t<\/a>\n\t<\/div>\n\t\t\t\t\t<\/div>\n\t\t<div class=\"qodef-e-content\" style=\"margin:24px 0 30px 0px\">\n\t\t\t<div class=\"qodef-e-text\">\n\t\t\t\t<h4 itemprop=\"name\" class=\"qodef-e-title entry-title\" >\n\t<a itemprop=\"url\" class=\"qodef-e-title-link\" href=\"https:\/\/inter-faces.eu\/index.php\/portfolio-item\/le-canape-soft-modular-de-jasper-morrison\/\" target=\"_self\">\n\t\tLe canap\u00e9 Soft Modular de Jasper Morrison &#8211; Vitra\t<\/a>\n<\/h4>\n\t\t\t<\/div>\n\t\t\t<div class=\"qodef-e-top-holder\">\n\t\t\t\t<div class=\"qodef-e-info\">\n\t\t\t\t\t\t<a href=\"https:\/\/inter-faces.eu\/index.php\/portfolio-category\/canapes\/\" rel=\"tag\">Canap\u00e9s<\/a><span class=\"qodef-info-separator-single\"><\/span><a href=\"https:\/\/inter-faces.eu\/index.php\/portfolio-category\/salon\/\" rel=\"tag\">Salon<\/a>\t<div class=\"qodef-info-separator-end\"><\/div>\n\t\t\t\t<\/div>\n\t\t\t<\/div>\n\t\t<\/div>\n\t<\/div>\n<\/article>\n<article class=\"qodef-e qodef-grid-item qodef-item--full  post-12042 portfolio-item type-portfolio-item status-publish has-post-thumbnail hentry portfolio-category-canapes portfolio-category-salon portfolio-tag-canape portfolio-tag-cassina portfolio-tag-patricia-urquiola\">\n\t<div class=\"qodef-e-inner\" >\n\t\t<div class=\"qodef-e-image\">\n\t\t\t\t<div class=\"qodef-e-media-image\">\n\t\t<a itemprop=\"url\" href=\"https:\/\/inter-faces.eu\/index.php\/portfolio-item\/le-canape-beam-sofa-par-patricia-urquiola\/\" target=\"_self\">\n\t\t\t<img loading=\"lazy\" decoding=\"async\" width=\"900\" height=\"650\" src=\"https:\/\/inter-faces.eu\/wp-content\/uploads\/2024\/02\/1-1-43.jpg\" class=\"attachment-full size-full wp-post-image\" alt=\"\" srcset=\"https:\/\/inter-faces.eu\/wp-content\/uploads\/2024\/02\/1-1-43.jpg 900w, https:\/\/inter-faces.eu\/wp-content\/uploads\/2024\/02\/1-1-43-300x217.jpg 300w, https:\/\/inter-faces.eu\/wp-content\/uploads\/2024\/02\/1-1-43-768x555.jpg 768w, https:\/\/inter-faces.eu\/wp-content\/uploads\/2024\/02\/1-1-43-600x433.jpg 600w\" sizes=\"(max-width: 900px) 100vw, 900px\" \/>\t\t<\/a>\n\t<\/div>\n\t\t\t\t\t<\/div>\n\t\t<div class=\"qodef-e-content\" style=\"margin:24px 0 30px 0px\">\n\t\t\t<div class=\"qodef-e-text\">\n\t\t\t\t<h4 itemprop=\"name\" class=\"qodef-e-title entry-title\" >\n\t<a itemprop=\"url\" class=\"qodef-e-title-link\" href=\"https:\/\/inter-faces.eu\/index.php\/portfolio-item\/le-canape-beam-sofa-par-patricia-urquiola\/\" target=\"_self\">\n\t\tLe canap\u00e9 Beam Sofa par Patricia Urquiola &#8211; Cassina\t<\/a>\n<\/h4>\n\t\t\t<\/div>\n\t\t\t<div class=\"qodef-e-top-holder\">\n\t\t\t\t<div class=\"qodef-e-info\">\n\t\t\t\t\t\t<a href=\"https:\/\/inter-faces.eu\/index.php\/portfolio-category\/canapes\/\" rel=\"tag\">Canap\u00e9s<\/a><span class=\"qodef-info-separator-single\"><\/span><a href=\"https:\/\/inter-faces.eu\/index.php\/portfolio-category\/salon\/\" rel=\"tag\">Salon<\/a>\t<div class=\"qodef-info-separator-end\"><\/div>\n\t\t\t\t<\/div>\n\t\t\t<\/div>\n\t\t<\/div>\n\t<\/div>\n<\/article>\n<article class=\"qodef-e qodef-grid-item qodef-item--full  post-10656 portfolio-item type-portfolio-item status-publish has-post-thumbnail hentry portfolio-category-canapes portfolio-category-salon portfolio-tag-canape portfolio-tag-vitra\">\n\t<div class=\"qodef-e-inner\" >\n\t\t<div class=\"qodef-e-image\">\n\t\t\t\t<div class=\"qodef-e-media-image\">\n\t\t<a itemprop=\"url\" href=\"https:\/\/inter-faces.eu\/index.php\/portfolio-item\/canape-polder\/\" target=\"_self\">\n\t\t\t<img loading=\"lazy\" decoding=\"async\" width=\"800\" height=\"800\" src=\"https:\/\/inter-faces.eu\/wp-content\/uploads\/2024\/02\/51-1.jpg\" class=\"attachment-full size-full wp-post-image\" alt=\"\" srcset=\"https:\/\/inter-faces.eu\/wp-content\/uploads\/2024\/02\/51-1.jpg 800w, https:\/\/inter-faces.eu\/wp-content\/uploads\/2024\/02\/51-1-300x300.jpg 300w, https:\/\/inter-faces.eu\/wp-content\/uploads\/2024\/02\/51-1-150x150.jpg 150w, https:\/\/inter-faces.eu\/wp-content\/uploads\/2024\/02\/51-1-768x768.jpg 768w, https:\/\/inter-faces.eu\/wp-content\/uploads\/2024\/02\/51-1-650x650.jpg 650w, https:\/\/inter-faces.eu\/wp-content\/uploads\/2024\/02\/51-1-600x600.jpg 600w, https:\/\/inter-faces.eu\/wp-content\/uploads\/2024\/02\/51-1-100x100.jpg 100w\" sizes=\"(max-width: 800px) 100vw, 800px\" \/>\t\t<\/a>\n\t<\/div>\n\t\t\t\t\t<\/div>\n\t\t<div class=\"qodef-e-content\" style=\"margin:24px 0 30px 0px\">\n\t\t\t<div class=\"qodef-e-text\">\n\t\t\t\t<h4 itemprop=\"name\" class=\"qodef-e-title entry-title\" >\n\t<a itemprop=\"url\" class=\"qodef-e-title-link\" href=\"https:\/\/inter-faces.eu\/index.php\/portfolio-item\/canape-polder\/\" target=\"_self\">\n\t\tLe canap\u00e9 Polder &#8211; Vitra\t<\/a>\n<\/h4>\n\t\t\t<\/div>\n\t\t\t<div class=\"qodef-e-top-holder\">\n\t\t\t\t<div class=\"qodef-e-info\">\n\t\t\t\t\t\t<a href=\"https:\/\/inter-faces.eu\/index.php\/portfolio-category\/canapes\/\" rel=\"tag\">Canap\u00e9s<\/a><span class=\"qodef-info-separator-single\"><\/span><a href=\"https:\/\/inter-faces.eu\/index.php\/portfolio-category\/salon\/\" rel=\"tag\">Salon<\/a>\t<div class=\"qodef-info-separator-end\"><\/div>\n\t\t\t\t<\/div>\n\t\t\t<\/div>\n\t\t<\/div>\n\t<\/div>\n<\/article>\n\t<\/div>\n\t<\/div>\n\t\t<\/div>\n\t\t\t\t<\/div>\n\t\t\t\t\t<\/div>\n\t\t<\/div>\n\t\t\t\t\t<\/div>\n\t\t<\/section>\n\t\t\t\t<\/div>\n\t\t<button class=\"simplefavorite-button\" data-postid=\"10656\" data-siteid=\"1\" data-groupid=\"1\" data-favoritecount=\"0\" style=\"\">Ajouter \u00e0 ma liste d'envies <i class=\"fa-solid fa-heart\"><\/i><\/button>","protected":false},"excerpt":{"rendered":"<p>Canap\u00e9s Avec notre s\u00e9lection de canap\u00e9s haut de gamme, nous vous proposons des cr\u00e9ations contemporaines fonctionnelles et \u00e9l\u00e9gantes, esth\u00e9tiques, confortables, de qualit\u00e9 exceptionnelle. Chaque pi\u00e8ce est pens\u00e9e pour sublimer votre int\u00e9rieur et cr\u00e9er une atmosph\u00e8re unique. Dans nos showrooms vous d\u00e9couvrirez un choix exigeant : design italien ou scandinave, indoor ou outdoor, traditionnel ou \u00e0 [&hellip;]<\/p>\n","protected":false},"author":1,"featured_media":0,"parent":0,"menu_order":0,"comment_status":"closed","ping_status":"closed","template":"","meta":{"footnotes":""},"yoast_head":"<!-- This site is optimized with the Yoast SEO plugin v22.6 - https:\/\/yoast.com\/wordpress\/plugins\/seo\/ -->\n<title>Canap\u00e9s - Inter-Faces<\/title>\n<meta name=\"robots\" content=\"index, follow, max-snippet:-1, max-image-preview:large, max-video-preview:-1\" \/>\n<link rel=\"canonical\" href=\"https:\/\/inter-faces.eu\/index.php\/canapes\/\" \/>\n<meta property=\"og:locale\" content=\"fr_FR\" \/>\n<meta property=\"og:type\" content=\"article\" \/>\n<meta property=\"og:title\" content=\"Canap\u00e9s - Inter-Faces\" \/>\n<meta property=\"og:description\" content=\"Canap\u00e9s Avec notre s\u00e9lection de canap\u00e9s haut de gamme, nous vous proposons des cr\u00e9ations contemporaines fonctionnelles et \u00e9l\u00e9gantes, esth\u00e9tiques, confortables, de qualit\u00e9 exceptionnelle. Chaque pi\u00e8ce est pens\u00e9e pour sublimer votre int\u00e9rieur et cr\u00e9er une atmosph\u00e8re unique. Dans nos showrooms vous d\u00e9couvrirez un choix exigeant : design italien ou scandinave, indoor ou outdoor, traditionnel ou \u00e0 [&hellip;]\" \/>\n<meta property=\"og:url\" content=\"https:\/\/inter-faces.eu\/index.php\/canapes\/\" \/>\n<meta property=\"og:site_name\" content=\"Inter-Faces\" \/>\n<meta property=\"article:publisher\" content=\"https:\/\/www.facebook.com\/interfacestoulon\" \/>\n<meta property=\"article:modified_time\" content=\"2024-05-02T13:24:47+00:00\" \/>\n<meta property=\"og:image\" content=\"https:\/\/romainleny-dev.com\/wp-content\/uploads\/2024\/02\/1-1-100.jpg\" \/>\n<meta name=\"twitter:card\" content=\"summary_large_image\" \/>\n<meta name=\"twitter:label1\" content=\"Dur\u00e9e de lecture estim\u00e9e\" \/>\n\t<meta name=\"twitter:data1\" content=\"6 minutes\" \/>\n<script type=\"application\/ld+json\" class=\"yoast-schema-graph\">{\"@context\":\"https:\/\/schema.org\",\"@graph\":[{\"@type\":\"WebPage\",\"@id\":\"https:\/\/inter-faces.eu\/index.php\/canapes\/\",\"url\":\"https:\/\/inter-faces.eu\/index.php\/canapes\/\",\"name\":\"Canap\u00e9s - Inter-Faces\",\"isPartOf\":{\"@id\":\"https:\/\/inter-faces.eu\/#website\"},\"primaryImageOfPage\":{\"@id\":\"https:\/\/inter-faces.eu\/index.php\/canapes\/#primaryimage\"},\"image\":{\"@id\":\"https:\/\/inter-faces.eu\/index.php\/canapes\/#primaryimage\"},\"thumbnailUrl\":\"https:\/\/romainleny-dev.com\/wp-content\/uploads\/2024\/02\/1-1-100.jpg\",\"datePublished\":\"2024-02-26T11:00:26+00:00\",\"dateModified\":\"2024-05-02T13:24:47+00:00\",\"breadcrumb\":{\"@id\":\"https:\/\/inter-faces.eu\/index.php\/canapes\/#breadcrumb\"},\"inLanguage\":\"fr-FR\",\"potentialAction\":[{\"@type\":\"ReadAction\",\"target\":[\"https:\/\/inter-faces.eu\/index.php\/canapes\/\"]}]},{\"@type\":\"ImageObject\",\"inLanguage\":\"fr-FR\",\"@id\":\"https:\/\/inter-faces.eu\/index.php\/canapes\/#primaryimage\",\"url\":\"https:\/\/romainleny-dev.com\/wp-content\/uploads\/2024\/02\/1-1-100.jpg\",\"contentUrl\":\"https:\/\/romainleny-dev.com\/wp-content\/uploads\/2024\/02\/1-1-100.jpg\"},{\"@type\":\"BreadcrumbList\",\"@id\":\"https:\/\/inter-faces.eu\/index.php\/canapes\/#breadcrumb\",\"itemListElement\":[{\"@type\":\"ListItem\",\"position\":1,\"name\":\"Accueil\",\"item\":\"https:\/\/inter-faces.eu\/\"},{\"@type\":\"ListItem\",\"position\":2,\"name\":\"Canap\u00e9s\"}]},{\"@type\":\"WebSite\",\"@id\":\"https:\/\/inter-faces.eu\/#website\",\"url\":\"https:\/\/inter-faces.eu\/\",\"name\":\"Inter-Faces\",\"description\":\"\",\"publisher\":{\"@id\":\"https:\/\/inter-faces.eu\/#organization\"},\"potentialAction\":[{\"@type\":\"SearchAction\",\"target\":{\"@type\":\"EntryPoint\",\"urlTemplate\":\"https:\/\/inter-faces.eu\/?s={search_term_string}\"},\"query-input\":\"required name=search_term_string\"}],\"inLanguage\":\"fr-FR\"},{\"@type\":\"Organization\",\"@id\":\"https:\/\/inter-faces.eu\/#organization\",\"name\":\"Inter-Faces\",\"url\":\"https:\/\/inter-faces.eu\/\",\"logo\":{\"@type\":\"ImageObject\",\"inLanguage\":\"fr-FR\",\"@id\":\"https:\/\/inter-faces.eu\/#\/schema\/logo\/image\/\",\"url\":\"https:\/\/inter-faces.eu\/wp-content\/uploads\/2024\/02\/logo.png\",\"contentUrl\":\"https:\/\/inter-faces.eu\/wp-content\/uploads\/2024\/02\/logo.png\",\"width\":400,\"height\":155,\"caption\":\"Inter-Faces\"},\"image\":{\"@id\":\"https:\/\/inter-faces.eu\/#\/schema\/logo\/image\/\"},\"sameAs\":[\"https:\/\/www.facebook.com\/interfacestoulon\",\"https:\/\/www.instagram.com\/inter_faces_mobilier\",\"https:\/\/www.youtube.com\/user\/interfacesmc\"]}]}<\/script>\n<!-- \/ Yoast SEO plugin. -->","yoast_head_json":{"title":"Canap\u00e9s - Inter-Faces","robots":{"index":"index","follow":"follow","max-snippet":"max-snippet:-1","max-image-preview":"max-image-preview:large","max-video-preview":"max-video-preview:-1"},"canonical":"https:\/\/inter-faces.eu\/index.php\/canapes\/","og_locale":"fr_FR","og_type":"article","og_title":"Canap\u00e9s - Inter-Faces","og_description":"Canap\u00e9s Avec notre s\u00e9lection de canap\u00e9s haut de gamme, nous vous proposons des cr\u00e9ations contemporaines fonctionnelles et \u00e9l\u00e9gantes, esth\u00e9tiques, confortables, de qualit\u00e9 exceptionnelle. Chaque pi\u00e8ce est pens\u00e9e pour sublimer votre int\u00e9rieur et cr\u00e9er une atmosph\u00e8re unique. Dans nos showrooms vous d\u00e9couvrirez un choix exigeant : design italien ou scandinave, indoor ou outdoor, traditionnel ou \u00e0 [&hellip;]","og_url":"https:\/\/inter-faces.eu\/index.php\/canapes\/","og_site_name":"Inter-Faces","article_publisher":"https:\/\/www.facebook.com\/interfacestoulon","article_modified_time":"2024-05-02T13:24:47+00:00","og_image":[{"url":"https:\/\/romainleny-dev.com\/wp-content\/uploads\/2024\/02\/1-1-100.jpg"}],"twitter_card":"summary_large_image","twitter_misc":{"Dur\u00e9e de lecture estim\u00e9e":"6 minutes"},"schema":{"@context":"https:\/\/schema.org","@graph":[{"@type":"WebPage","@id":"https:\/\/inter-faces.eu\/index.php\/canapes\/","url":"https:\/\/inter-faces.eu\/index.php\/canapes\/","name":"Canap\u00e9s - Inter-Faces","isPartOf":{"@id":"https:\/\/inter-faces.eu\/#website"},"primaryImageOfPage":{"@id":"https:\/\/inter-faces.eu\/index.php\/canapes\/#primaryimage"},"image":{"@id":"https:\/\/inter-faces.eu\/index.php\/canapes\/#primaryimage"},"thumbnailUrl":"https:\/\/romainleny-dev.com\/wp-content\/uploads\/2024\/02\/1-1-100.jpg","datePublished":"2024-02-26T11:00:26+00:00","dateModified":"2024-05-02T13:24:47+00:00","breadcrumb":{"@id":"https:\/\/inter-faces.eu\/index.php\/canapes\/#breadcrumb"},"inLanguage":"fr-FR","potentialAction":[{"@type":"ReadAction","target":["https:\/\/inter-faces.eu\/index.php\/canapes\/"]}]},{"@type":"ImageObject","inLanguage":"fr-FR","@id":"https:\/\/inter-faces.eu\/index.php\/canapes\/#primaryimage","url":"https:\/\/romainleny-dev.com\/wp-content\/uploads\/2024\/02\/1-1-100.jpg","contentUrl":"https:\/\/romainleny-dev.com\/wp-content\/uploads\/2024\/02\/1-1-100.jpg"},{"@type":"BreadcrumbList","@id":"https:\/\/inter-faces.eu\/index.php\/canapes\/#breadcrumb","itemListElement":[{"@type":"ListItem","position":1,"name":"Accueil","item":"https:\/\/inter-faces.eu\/"},{"@type":"ListItem","position":2,"name":"Canap\u00e9s"}]},{"@type":"WebSite","@id":"https:\/\/inter-faces.eu\/#website","url":"https:\/\/inter-faces.eu\/","name":"Inter-Faces","description":"","publisher":{"@id":"https:\/\/inter-faces.eu\/#organization"},"potentialAction":[{"@type":"SearchAction","target":{"@type":"EntryPoint","urlTemplate":"https:\/\/inter-faces.eu\/?s={search_term_string}"},"query-input":"required name=search_term_string"}],"inLanguage":"fr-FR"},{"@type":"Organization","@id":"https:\/\/inter-faces.eu\/#organization","name":"Inter-Faces","url":"https:\/\/inter-faces.eu\/","logo":{"@type":"ImageObject","inLanguage":"fr-FR","@id":"https:\/\/inter-faces.eu\/#\/schema\/logo\/image\/","url":"https:\/\/inter-faces.eu\/wp-content\/uploads\/2024\/02\/logo.png","contentUrl":"https:\/\/inter-faces.eu\/wp-content\/uploads\/2024\/02\/logo.png","width":400,"height":155,"caption":"Inter-Faces"},"image":{"@id":"https:\/\/inter-faces.eu\/#\/schema\/logo\/image\/"},"sameAs":["https:\/\/www.facebook.com\/interfacestoulon","https:\/\/www.instagram.com\/inter_faces_mobilier","https:\/\/www.youtube.com\/user\/interfacesmc"]}]}},"_links":{"self":[{"href":"https:\/\/inter-faces.eu\/index.php\/wp-json\/wp\/v2\/pages\/13643"}],"collection":[{"href":"https:\/\/inter-faces.eu\/index.php\/wp-json\/wp\/v2\/pages"}],"about":[{"href":"https:\/\/inter-faces.eu\/index.php\/wp-json\/wp\/v2\/types\/page"}],"author":[{"embeddable":true,"href":"https:\/\/inter-faces.eu\/index.php\/wp-json\/wp\/v2\/users\/1"}],"replies":[{"embeddable":true,"href":"https:\/\/inter-faces.eu\/index.php\/wp-json\/wp\/v2\/comments?post=13643"}],"version-history":[{"count":10,"href":"https:\/\/inter-faces.eu\/index.php\/wp-json\/wp\/v2\/pages\/13643\/revisions"}],"predecessor-version":[{"id":14664,"href":"https:\/\/inter-faces.eu\/index.php\/wp-json\/wp\/v2\/pages\/13643\/revisions\/14664"}],"wp:attachment":[{"href":"https:\/\/inter-faces.eu\/index.php\/wp-json\/wp\/v2\/media?parent=13643"}],"curies":[{"name":"wp","href":"https:\/\/api.w.org\/{rel}","templated":true}]}}