{"id":11620,"date":"2024-02-14T16:44:15","date_gmt":"2024-02-14T15:44:15","guid":{"rendered":"https:\/\/romainleny-dev.com\/?page_id=11620"},"modified":"2024-05-02T15:41:28","modified_gmt":"2024-05-02T13:41:28","slug":"luminaires","status":"publish","type":"page","link":"https:\/\/inter-faces.eu\/index.php\/luminaires\/","title":{"rendered":"Luminaires"},"content":{"rendered":"\t\t<div data-elementor-type=\"wp-page\" data-elementor-id=\"11620\" class=\"elementor elementor-11620\" data-elementor-post-type=\"page\">\n\t\t\t\t<div class=\"elementor-element elementor-element-649c2197 e-con-full e-flex e-con e-parent\" data-id=\"649c2197\" data-element_type=\"container\" data-core-v316-plus=\"true\">\n\t\t\t\t<div class=\"elementor-element elementor-element-3c1accde elementor-widget elementor-widget-hiroshi_core_section_title\" data-id=\"3c1accde\" data-element_type=\"widget\" data-widget_type=\"hiroshi_core_section_title.default\">\n\t\t\t\t<div class=\"elementor-widget-container\">\n\t\t\t<div class=\"qodef-shortcode qodef-m  qodef-section-title qodef-alignment--left \">\n\t\t<h1 class=\"qodef-m-title\" >\n\t\t\t\t\tLuminaires\t\t\t<\/h1>\n\t\t<p class=\"qodef-m-text\" >Parce que la lumi\u00e8re transforme l\u2019atmosph\u00e8re d\u2019une pi\u00e8ce et influe sur le confort d\u2019un espace, nous avons choisi de vous pr\u00e9senter une importante collection de lampes \u00e0 poser, lampes de tables, lampes de bureaux, lampes nomades, appliques, lampes de chevet, suspensions, lampadaires \u2026 A venir d\u00e9couvrir dans nos showrooms de Toulon et Puget-sur-Agens.<\/p>\n<\/div>\n\t\t<\/div>\n\t\t\t\t<\/div>\n\t\t\t\t<\/div>\n\t\t\t\t<section class=\"elementor-section elementor-top-section elementor-element elementor-element-661fdc45 elementor-section-full_width qodef-elementor-content-grid elementor-section-height-default elementor-section-height-default qodef-elementor-column-no\" data-id=\"661fdc45\" data-element_type=\"section\">\n\t\t\t\t\t\t<div class=\"elementor-container elementor-column-gap-default\">\n\t\t\t\t\t<div class=\"elementor-column elementor-col-100 elementor-top-column elementor-element elementor-element-23f4da1f\" data-id=\"23f4da1f\" data-element_type=\"column\">\n\t\t\t<div class=\"elementor-widget-wrap elementor-element-populated\">\n\t\t\t\t\t\t<div class=\"elementor-element elementor-element-4c171564 elementor-widget elementor-widget-hiroshi_core_portfolio_list\" data-id=\"4c171564\" data-element_type=\"widget\" data-widget_type=\"hiroshi_core_portfolio_list.default\">\n\t\t\t\t<div class=\"elementor-widget-container\">\n\t\t\t<div class=\"qodef-shortcode qodef-m  qodef-portfolio-list qodef-item-layout--info-below  qodef-grid qodef-layout--columns  qodef-gutter--tiny qodef-col-num--3 qodef-item-layout--info-below qodef--no-bottom-space qodef-pagination--off qodef-responsive--predefined qodef-hover-animation--move-text\" data-options=\"{&quot;plugin&quot;:&quot;hiroshi_core&quot;,&quot;module&quot;:&quot;post-types\\\/portfolio\\\/shortcodes&quot;,&quot;shortcode&quot;:&quot;portfolio-list&quot;,&quot;post_type&quot;:&quot;portfolio-item&quot;,&quot;next_page&quot;:&quot;2&quot;,&quot;max_pages_num&quot;:1,&quot;behavior&quot;:&quot;columns&quot;,&quot;images_proportion&quot;:&quot;full&quot;,&quot;columns&quot;:&quot;3&quot;,&quot;columns_responsive&quot;:&quot;predefined&quot;,&quot;space&quot;:&quot;tiny&quot;,&quot;posts_per_page&quot;:&quot;200&quot;,&quot;orderby&quot;:&quot;date&quot;,&quot;order&quot;:&quot;DESC&quot;,&quot;additional_params&quot;:&quot;tax&quot;,&quot;tax&quot;:&quot;portfolio-category&quot;,&quot;tax_slug&quot;:&quot;luminaires&quot;,&quot;layout&quot;:&quot;info-below&quot;,&quot;hover_animation_info-below&quot;:&quot;move-text&quot;,&quot;hover_animation_info-follow&quot;:&quot;follow&quot;,&quot;hover_animation_info-on-hover&quot;:&quot;fade-in&quot;,&quot;title_tag&quot;:&quot;h4&quot;,&quot;enable_category&quot;:&quot;yes&quot;,&quot;zigzag&quot;:&quot;no&quot;,&quot;custom_margin&quot;:&quot;no&quot;,&quot;enable_appear&quot;:&quot;no&quot;,&quot;pagination_type&quot;:&quot;no-pagination&quot;,&quot;info_below_content_margin&quot;:&quot;24px 0 30px 0px&quot;,&quot;object_class_name&quot;:&quot;HiroshiCore_Portfolio_List_Shortcode&quot;,&quot;taxonomy_filter&quot;:&quot;portfolio-category&quot;,&quot;additional_query_args&quot;:{&quot;tax_query&quot;:[{&quot;taxonomy&quot;:&quot;portfolio-category&quot;,&quot;field&quot;:&quot;slug&quot;,&quot;terms&quot;:&quot;luminaires&quot;}]},&quot;space_value&quot;:4}\">\n\t\t<div class=\"qodef-grid-inner clear\">\n\t\t<article class=\"qodef-e qodef-grid-item qodef-item--full  post-18912 portfolio-item type-portfolio-item status-publish has-post-thumbnail hentry portfolio-category-luminaires portfolio-category-outdoor portfolio-tag-fatboy portfolio-tag-lampadaire portfolio-tag-luminaire portfolio-tag-outdoor\">\n\t<div class=\"qodef-e-inner\" >\n\t\t<div class=\"qodef-e-image\">\n\t\t\t\t<div class=\"qodef-e-media-image\">\n\t\t<a itemprop=\"url\" href=\"https:\/\/inter-faces.eu\/index.php\/portfolio-item\/petite-touche-retro-pour-lampadaire-surdimensionne-fatboy\/\" target=\"_self\">\n\t\t\t<img fetchpriority=\"high\" decoding=\"async\" width=\"1128\" height=\"957\" src=\"https:\/\/inter-faces.eu\/wp-content\/uploads\/2026\/03\/Inter-Faces-Toulon-et-Puget-sur-Argens-Mobilier-de-jardin-luminaires-exterieur-fatboy-archigrande-4-e1774455099278.jpg\" class=\"attachment-full size-full wp-post-image\" alt=\"\" srcset=\"https:\/\/inter-faces.eu\/wp-content\/uploads\/2026\/03\/Inter-Faces-Toulon-et-Puget-sur-Argens-Mobilier-de-jardin-luminaires-exterieur-fatboy-archigrande-4-e1774455099278.jpg 1128w, https:\/\/inter-faces.eu\/wp-content\/uploads\/2026\/03\/Inter-Faces-Toulon-et-Puget-sur-Argens-Mobilier-de-jardin-luminaires-exterieur-fatboy-archigrande-4-e1774455099278-300x255.jpg 300w, https:\/\/inter-faces.eu\/wp-content\/uploads\/2026\/03\/Inter-Faces-Toulon-et-Puget-sur-Argens-Mobilier-de-jardin-luminaires-exterieur-fatboy-archigrande-4-e1774455099278-1024x869.jpg 1024w, https:\/\/inter-faces.eu\/wp-content\/uploads\/2026\/03\/Inter-Faces-Toulon-et-Puget-sur-Argens-Mobilier-de-jardin-luminaires-exterieur-fatboy-archigrande-4-e1774455099278-768x652.jpg 768w, https:\/\/inter-faces.eu\/wp-content\/uploads\/2026\/03\/Inter-Faces-Toulon-et-Puget-sur-Argens-Mobilier-de-jardin-luminaires-exterieur-fatboy-archigrande-4-e1774455099278-600x509.jpg 600w\" sizes=\"(max-width: 1128px) 100vw, 1128px\" \/>\t\t<\/a>\n\t<\/div>\n\t\t\t\t\t<\/div>\n\t\t<div class=\"qodef-e-content\" style=\"margin:24px 0 30px 0px\">\n\t\t\t<div class=\"qodef-e-text\">\n\t\t\t\t<h4 itemprop=\"name\" class=\"qodef-e-title entry-title\" >\n\t<a itemprop=\"url\" class=\"qodef-e-title-link\" href=\"https:\/\/inter-faces.eu\/index.php\/portfolio-item\/petite-touche-retro-pour-lampadaire-surdimensionne-fatboy\/\" target=\"_self\">\n\t\tPetite touche r\u00e9tro pour lampadaire surdimensionn\u00e9 &#8211; Fatboy\t<\/a>\n<\/h4>\n\t\t\t<\/div>\n\t\t\t<div class=\"qodef-e-top-holder\">\n\t\t\t\t<div class=\"qodef-e-info\">\n\t\t\t\t\t\t<a href=\"https:\/\/inter-faces.eu\/index.php\/portfolio-category\/luminaires\/\" rel=\"tag\">Luminaires<\/a><span class=\"qodef-info-separator-single\"><\/span><a href=\"https:\/\/inter-faces.eu\/index.php\/portfolio-category\/outdoor\/\" rel=\"tag\">Outdoor<\/a>\t<div class=\"qodef-info-separator-end\"><\/div>\n\t\t\t\t<\/div>\n\t\t\t<\/div>\n\t\t<\/div>\n\t<\/div>\n<\/article>\n<article class=\"qodef-e qodef-grid-item qodef-item--full  post-18785 portfolio-item type-portfolio-item status-publish has-post-thumbnail hentry portfolio-category-luminaires portfolio-tag-artemide portfolio-tag-lampadaire portfolio-tag-lampe-a-poser portfolio-tag-luminaire portfolio-tag-suspension\">\n\t<div class=\"qodef-e-inner\" >\n\t\t<div class=\"qodef-e-image\">\n\t\t\t\t<div class=\"qodef-e-media-image\">\n\t\t<a itemprop=\"url\" href=\"https:\/\/inter-faces.eu\/index.php\/portfolio-item\/gople-beaute-du-verre-souffle-artemide\/\" target=\"_self\">\n\t\t\t<img decoding=\"async\" width=\"1920\" height=\"1080\" src=\"https:\/\/inter-faces.eu\/wp-content\/uploads\/2026\/01\/Inter-Faces-Toulon-et-Puget-sur-Argens-Luminaires-design-Artemide-Gople-.jpg\" class=\"attachment-full size-full wp-post-image\" alt=\"\" srcset=\"https:\/\/inter-faces.eu\/wp-content\/uploads\/2026\/01\/Inter-Faces-Toulon-et-Puget-sur-Argens-Luminaires-design-Artemide-Gople-.jpg 1920w, https:\/\/inter-faces.eu\/wp-content\/uploads\/2026\/01\/Inter-Faces-Toulon-et-Puget-sur-Argens-Luminaires-design-Artemide-Gople--300x169.jpg 300w, https:\/\/inter-faces.eu\/wp-content\/uploads\/2026\/01\/Inter-Faces-Toulon-et-Puget-sur-Argens-Luminaires-design-Artemide-Gople--1024x576.jpg 1024w, https:\/\/inter-faces.eu\/wp-content\/uploads\/2026\/01\/Inter-Faces-Toulon-et-Puget-sur-Argens-Luminaires-design-Artemide-Gople--768x432.jpg 768w, https:\/\/inter-faces.eu\/wp-content\/uploads\/2026\/01\/Inter-Faces-Toulon-et-Puget-sur-Argens-Luminaires-design-Artemide-Gople--1536x864.jpg 1536w, https:\/\/inter-faces.eu\/wp-content\/uploads\/2026\/01\/Inter-Faces-Toulon-et-Puget-sur-Argens-Luminaires-design-Artemide-Gople--600x338.jpg 600w\" sizes=\"(max-width: 1920px) 100vw, 1920px\" \/>\t\t<\/a>\n\t<\/div>\n\t\t\t\t\t<\/div>\n\t\t<div class=\"qodef-e-content\" style=\"margin:24px 0 30px 0px\">\n\t\t\t<div class=\"qodef-e-text\">\n\t\t\t\t<h4 itemprop=\"name\" class=\"qodef-e-title entry-title\" >\n\t<a itemprop=\"url\" class=\"qodef-e-title-link\" href=\"https:\/\/inter-faces.eu\/index.php\/portfolio-item\/gople-beaute-du-verre-souffle-artemide\/\" target=\"_self\">\n\t\tGople, beaut\u00e9 du verre souffl\u00e9 &#8211; Artemide\t<\/a>\n<\/h4>\n\t\t\t<\/div>\n\t\t\t<div class=\"qodef-e-top-holder\">\n\t\t\t\t<div class=\"qodef-e-info\">\n\t\t\t\t\t\t<a href=\"https:\/\/inter-faces.eu\/index.php\/portfolio-category\/luminaires\/\" rel=\"tag\">Luminaires<\/a>\t<div class=\"qodef-info-separator-end\"><\/div>\n\t\t\t\t<\/div>\n\t\t\t<\/div>\n\t\t<\/div>\n\t<\/div>\n<\/article>\n<article class=\"qodef-e qodef-grid-item qodef-item--full  post-18687 portfolio-item type-portfolio-item status-publish has-post-thumbnail hentry portfolio-category-luminaires portfolio-tag-chevet portfolio-tag-kartell portfolio-tag-lampe-a-poser portfolio-tag-luminaire\">\n\t<div class=\"qodef-e-inner\" >\n\t\t<div class=\"qodef-e-image\">\n\t\t\t\t<div class=\"qodef-e-media-image\">\n\t\t<a itemprop=\"url\" href=\"https:\/\/inter-faces.eu\/index.php\/portfolio-item\/kd28-une-esthetique-60-mais-responsable-kartell\/\" target=\"_self\">\n\t\t\t<img decoding=\"async\" width=\"768\" height=\"534\" src=\"https:\/\/inter-faces.eu\/wp-content\/uploads\/2025\/11\/Inter-Faces-Toulon-et-Puget-sur-Argens-lampe-de-table-Kartell-KD28-5-e1763112675651.webp\" class=\"attachment-full size-full wp-post-image\" alt=\"\" srcset=\"https:\/\/inter-faces.eu\/wp-content\/uploads\/2025\/11\/Inter-Faces-Toulon-et-Puget-sur-Argens-lampe-de-table-Kartell-KD28-5-e1763112675651.webp 768w, https:\/\/inter-faces.eu\/wp-content\/uploads\/2025\/11\/Inter-Faces-Toulon-et-Puget-sur-Argens-lampe-de-table-Kartell-KD28-5-e1763112675651-300x209.webp 300w, https:\/\/inter-faces.eu\/wp-content\/uploads\/2025\/11\/Inter-Faces-Toulon-et-Puget-sur-Argens-lampe-de-table-Kartell-KD28-5-e1763112675651-600x417.webp 600w\" sizes=\"(max-width: 768px) 100vw, 768px\" \/>\t\t<\/a>\n\t<\/div>\n\t\t\t\t\t<\/div>\n\t\t<div class=\"qodef-e-content\" style=\"margin:24px 0 30px 0px\">\n\t\t\t<div class=\"qodef-e-text\">\n\t\t\t\t<h4 itemprop=\"name\" class=\"qodef-e-title entry-title\" >\n\t<a itemprop=\"url\" class=\"qodef-e-title-link\" href=\"https:\/\/inter-faces.eu\/index.php\/portfolio-item\/kd28-une-esthetique-60-mais-responsable-kartell\/\" target=\"_self\">\n\t\tKd28, une esth\u00e9tique 60&prime;, mais responsable &#8211; Kartell\t<\/a>\n<\/h4>\n\t\t\t<\/div>\n\t\t\t<div class=\"qodef-e-top-holder\">\n\t\t\t\t<div class=\"qodef-e-info\">\n\t\t\t\t\t\t<a href=\"https:\/\/inter-faces.eu\/index.php\/portfolio-category\/luminaires\/\" rel=\"tag\">Luminaires<\/a>\t<div class=\"qodef-info-separator-end\"><\/div>\n\t\t\t\t<\/div>\n\t\t\t<\/div>\n\t\t<\/div>\n\t<\/div>\n<\/article>\n<article class=\"qodef-e qodef-grid-item qodef-item--full  post-18674 portfolio-item type-portfolio-item status-publish has-post-thumbnail hentry portfolio-category-luminaires portfolio-tag-chevet portfolio-tag-fatboy portfolio-tag-lampe-a-poser portfolio-tag-luminaire\">\n\t<div class=\"qodef-e-inner\" >\n\t\t<div class=\"qodef-e-image\">\n\t\t\t\t<div class=\"qodef-e-media-image\">\n\t\t<a itemprop=\"url\" href=\"https:\/\/inter-faces.eu\/index.php\/portfolio-item\/little-lebow-choisissez-votre-intensite-fatboy\/\" target=\"_self\">\n\t\t\t<img loading=\"lazy\" decoding=\"async\" width=\"1440\" height=\"960\" src=\"https:\/\/inter-faces.eu\/wp-content\/uploads\/2025\/11\/Inter-Faces-Toulon-et-Puget-sur-Argens-Var-Mobilier-contemporain-design-Luminaire-lampe-Little-Lebo-Fatboy-2.jpg\" class=\"attachment-full size-full wp-post-image\" alt=\"\" srcset=\"https:\/\/inter-faces.eu\/wp-content\/uploads\/2025\/11\/Inter-Faces-Toulon-et-Puget-sur-Argens-Var-Mobilier-contemporain-design-Luminaire-lampe-Little-Lebo-Fatboy-2.jpg 1440w, https:\/\/inter-faces.eu\/wp-content\/uploads\/2025\/11\/Inter-Faces-Toulon-et-Puget-sur-Argens-Var-Mobilier-contemporain-design-Luminaire-lampe-Little-Lebo-Fatboy-2-300x200.jpg 300w, https:\/\/inter-faces.eu\/wp-content\/uploads\/2025\/11\/Inter-Faces-Toulon-et-Puget-sur-Argens-Var-Mobilier-contemporain-design-Luminaire-lampe-Little-Lebo-Fatboy-2-1024x683.jpg 1024w, https:\/\/inter-faces.eu\/wp-content\/uploads\/2025\/11\/Inter-Faces-Toulon-et-Puget-sur-Argens-Var-Mobilier-contemporain-design-Luminaire-lampe-Little-Lebo-Fatboy-2-768x512.jpg 768w, https:\/\/inter-faces.eu\/wp-content\/uploads\/2025\/11\/Inter-Faces-Toulon-et-Puget-sur-Argens-Var-Mobilier-contemporain-design-Luminaire-lampe-Little-Lebo-Fatboy-2-600x400.jpg 600w\" sizes=\"(max-width: 1440px) 100vw, 1440px\" \/>\t\t<\/a>\n\t<\/div>\n\t\t\t\t\t<\/div>\n\t\t<div class=\"qodef-e-content\" style=\"margin:24px 0 30px 0px\">\n\t\t\t<div class=\"qodef-e-text\">\n\t\t\t\t<h4 itemprop=\"name\" class=\"qodef-e-title entry-title\" >\n\t<a itemprop=\"url\" class=\"qodef-e-title-link\" href=\"https:\/\/inter-faces.eu\/index.php\/portfolio-item\/little-lebow-choisissez-votre-intensite-fatboy\/\" target=\"_self\">\n\t\tLittle Lebow, choisissez votre intensit\u00e9 &#8211; Fatboy\t<\/a>\n<\/h4>\n\t\t\t<\/div>\n\t\t\t<div class=\"qodef-e-top-holder\">\n\t\t\t\t<div class=\"qodef-e-info\">\n\t\t\t\t\t\t<a href=\"https:\/\/inter-faces.eu\/index.php\/portfolio-category\/luminaires\/\" rel=\"tag\">Luminaires<\/a>\t<div class=\"qodef-info-separator-end\"><\/div>\n\t\t\t\t<\/div>\n\t\t\t<\/div>\n\t\t<\/div>\n\t<\/div>\n<\/article>\n<article class=\"qodef-e qodef-grid-item qodef-item--full  post-18665 portfolio-item type-portfolio-item status-publish has-post-thumbnail hentry portfolio-category-luminaires portfolio-tag-chevet portfolio-tag-fatboy portfolio-tag-lampe-a-poser portfolio-tag-luminaire portfolio-tag-nomade\">\n\t<div class=\"qodef-e-inner\" >\n\t\t<div class=\"qodef-e-image\">\n\t\t\t\t<div class=\"qodef-e-media-image\">\n\t\t<a itemprop=\"url\" href=\"https:\/\/inter-faces.eu\/index.php\/portfolio-item\/une-nouvelle-venue-dans-la-famille-edison-fatboy\/\" target=\"_self\">\n\t\t\t<img loading=\"lazy\" decoding=\"async\" width=\"1440\" height=\"960\" src=\"https:\/\/inter-faces.eu\/wp-content\/uploads\/2025\/11\/Inter-Faces-Toulon-Puget-sur-Argens-VAR-Luminaires-Edison-Fatboy-lampe-a-poser-lampe-de-table-5-.jpg\" class=\"attachment-full size-full wp-post-image\" alt=\"\" srcset=\"https:\/\/inter-faces.eu\/wp-content\/uploads\/2025\/11\/Inter-Faces-Toulon-Puget-sur-Argens-VAR-Luminaires-Edison-Fatboy-lampe-a-poser-lampe-de-table-5-.jpg 1440w, https:\/\/inter-faces.eu\/wp-content\/uploads\/2025\/11\/Inter-Faces-Toulon-Puget-sur-Argens-VAR-Luminaires-Edison-Fatboy-lampe-a-poser-lampe-de-table-5--300x200.jpg 300w, https:\/\/inter-faces.eu\/wp-content\/uploads\/2025\/11\/Inter-Faces-Toulon-Puget-sur-Argens-VAR-Luminaires-Edison-Fatboy-lampe-a-poser-lampe-de-table-5--1024x683.jpg 1024w, https:\/\/inter-faces.eu\/wp-content\/uploads\/2025\/11\/Inter-Faces-Toulon-Puget-sur-Argens-VAR-Luminaires-Edison-Fatboy-lampe-a-poser-lampe-de-table-5--768x512.jpg 768w, https:\/\/inter-faces.eu\/wp-content\/uploads\/2025\/11\/Inter-Faces-Toulon-Puget-sur-Argens-VAR-Luminaires-Edison-Fatboy-lampe-a-poser-lampe-de-table-5--600x400.jpg 600w\" sizes=\"(max-width: 1440px) 100vw, 1440px\" \/>\t\t<\/a>\n\t<\/div>\n\t\t\t\t\t<\/div>\n\t\t<div class=\"qodef-e-content\" style=\"margin:24px 0 30px 0px\">\n\t\t\t<div class=\"qodef-e-text\">\n\t\t\t\t<h4 itemprop=\"name\" class=\"qodef-e-title entry-title\" >\n\t<a itemprop=\"url\" class=\"qodef-e-title-link\" href=\"https:\/\/inter-faces.eu\/index.php\/portfolio-item\/une-nouvelle-venue-dans-la-famille-edison-fatboy\/\" target=\"_self\">\n\t\tUne nouvelle venue dans la famille Edison &#8211; Fatboy\t<\/a>\n<\/h4>\n\t\t\t<\/div>\n\t\t\t<div class=\"qodef-e-top-holder\">\n\t\t\t\t<div class=\"qodef-e-info\">\n\t\t\t\t\t\t<a href=\"https:\/\/inter-faces.eu\/index.php\/portfolio-category\/luminaires\/\" rel=\"tag\">Luminaires<\/a>\t<div class=\"qodef-info-separator-end\"><\/div>\n\t\t\t\t<\/div>\n\t\t\t<\/div>\n\t\t<\/div>\n\t<\/div>\n<\/article>\n<article class=\"qodef-e qodef-grid-item qodef-item--full  post-18589 portfolio-item type-portfolio-item status-publish has-post-thumbnail hentry portfolio-category-luminaires portfolio-tag-kartell portfolio-tag-lampe-a-poser portfolio-tag-luminaire portfolio-tag-nomade portfolio-tag-philippe-starck\">\n\t<div class=\"qodef-e-inner\" >\n\t\t<div class=\"qodef-e-image\">\n\t\t\t\t<div class=\"qodef-e-media-image\">\n\t\t<a itemprop=\"url\" href=\"https:\/\/inter-faces.eu\/index.php\/portfolio-item\/camomille-de-philippe-starck-kartell\/\" target=\"_self\">\n\t\t\t<img loading=\"lazy\" decoding=\"async\" width=\"1000\" height=\"1285\" src=\"https:\/\/inter-faces.eu\/wp-content\/uploads\/2025\/09\/Inter-Faces-mobilier-contemporain-design-Toulon-Puget-sur-Argens-lampe-a-poser-camomille-Kartell-4-e1757515639152.jpg\" class=\"attachment-full size-full wp-post-image\" alt=\"\" srcset=\"https:\/\/inter-faces.eu\/wp-content\/uploads\/2025\/09\/Inter-Faces-mobilier-contemporain-design-Toulon-Puget-sur-Argens-lampe-a-poser-camomille-Kartell-4-e1757515639152.jpg 1000w, https:\/\/inter-faces.eu\/wp-content\/uploads\/2025\/09\/Inter-Faces-mobilier-contemporain-design-Toulon-Puget-sur-Argens-lampe-a-poser-camomille-Kartell-4-e1757515639152-233x300.jpg 233w, https:\/\/inter-faces.eu\/wp-content\/uploads\/2025\/09\/Inter-Faces-mobilier-contemporain-design-Toulon-Puget-sur-Argens-lampe-a-poser-camomille-Kartell-4-e1757515639152-797x1024.jpg 797w, https:\/\/inter-faces.eu\/wp-content\/uploads\/2025\/09\/Inter-Faces-mobilier-contemporain-design-Toulon-Puget-sur-Argens-lampe-a-poser-camomille-Kartell-4-e1757515639152-768x987.jpg 768w, https:\/\/inter-faces.eu\/wp-content\/uploads\/2025\/09\/Inter-Faces-mobilier-contemporain-design-Toulon-Puget-sur-Argens-lampe-a-poser-camomille-Kartell-4-e1757515639152-600x771.jpg 600w\" sizes=\"(max-width: 1000px) 100vw, 1000px\" \/>\t\t<\/a>\n\t<\/div>\n\t\t\t\t\t<\/div>\n\t\t<div class=\"qodef-e-content\" style=\"margin:24px 0 30px 0px\">\n\t\t\t<div class=\"qodef-e-text\">\n\t\t\t\t<h4 itemprop=\"name\" class=\"qodef-e-title entry-title\" >\n\t<a itemprop=\"url\" class=\"qodef-e-title-link\" href=\"https:\/\/inter-faces.eu\/index.php\/portfolio-item\/camomille-de-philippe-starck-kartell\/\" target=\"_self\">\n\t\tCamomille, de Philippe Starck &#8211; Kartell\t<\/a>\n<\/h4>\n\t\t\t<\/div>\n\t\t\t<div class=\"qodef-e-top-holder\">\n\t\t\t\t<div class=\"qodef-e-info\">\n\t\t\t\t\t\t<a href=\"https:\/\/inter-faces.eu\/index.php\/portfolio-category\/luminaires\/\" rel=\"tag\">Luminaires<\/a>\t<div class=\"qodef-info-separator-end\"><\/div>\n\t\t\t\t<\/div>\n\t\t\t<\/div>\n\t\t<\/div>\n\t<\/div>\n<\/article>\n<article class=\"qodef-e qodef-grid-item qodef-item--full  post-18038 portfolio-item type-portfolio-item status-publish has-post-thumbnail hentry portfolio-category-luminaires portfolio-tag-icone portfolio-tag-kartell portfolio-tag-lampe-a-poser portfolio-tag-luminaire\">\n\t<div class=\"qodef-e-inner\" >\n\t\t<div class=\"qodef-e-image\">\n\t\t\t\t<div class=\"qodef-e-media-image\">\n\t\t<a itemprop=\"url\" href=\"https:\/\/inter-faces.eu\/index.php\/portfolio-item\/icone-la-lampe-a-poser-bourgie-en-mat-kartell\/\" target=\"_self\">\n\t\t\t<img loading=\"lazy\" decoding=\"async\" width=\"2560\" height=\"1707\" src=\"https:\/\/inter-faces.eu\/wp-content\/uploads\/2025\/04\/Lampe-a-poser-KARTELL-BOURGIE-Toulon-Puget-sur-Argens-scaled.jpg\" class=\"attachment-full size-full wp-post-image\" alt=\"\" srcset=\"https:\/\/inter-faces.eu\/wp-content\/uploads\/2025\/04\/Lampe-a-poser-KARTELL-BOURGIE-Toulon-Puget-sur-Argens-scaled.jpg 2560w, https:\/\/inter-faces.eu\/wp-content\/uploads\/2025\/04\/Lampe-a-poser-KARTELL-BOURGIE-Toulon-Puget-sur-Argens-300x200.jpg 300w, https:\/\/inter-faces.eu\/wp-content\/uploads\/2025\/04\/Lampe-a-poser-KARTELL-BOURGIE-Toulon-Puget-sur-Argens-1024x683.jpg 1024w, https:\/\/inter-faces.eu\/wp-content\/uploads\/2025\/04\/Lampe-a-poser-KARTELL-BOURGIE-Toulon-Puget-sur-Argens-768x512.jpg 768w, https:\/\/inter-faces.eu\/wp-content\/uploads\/2025\/04\/Lampe-a-poser-KARTELL-BOURGIE-Toulon-Puget-sur-Argens-1536x1024.jpg 1536w, https:\/\/inter-faces.eu\/wp-content\/uploads\/2025\/04\/Lampe-a-poser-KARTELL-BOURGIE-Toulon-Puget-sur-Argens-2048x1366.jpg 2048w, https:\/\/inter-faces.eu\/wp-content\/uploads\/2025\/04\/Lampe-a-poser-KARTELL-BOURGIE-Toulon-Puget-sur-Argens-600x400.jpg 600w\" sizes=\"(max-width: 2560px) 100vw, 2560px\" \/>\t\t<\/a>\n\t<\/div>\n\t\t\t\t\t<\/div>\n\t\t<div class=\"qodef-e-content\" style=\"margin:24px 0 30px 0px\">\n\t\t\t<div class=\"qodef-e-text\">\n\t\t\t\t<h4 itemprop=\"name\" class=\"qodef-e-title entry-title\" >\n\t<a itemprop=\"url\" class=\"qodef-e-title-link\" href=\"https:\/\/inter-faces.eu\/index.php\/portfolio-item\/icone-la-lampe-a-poser-bourgie-en-mat-kartell\/\" target=\"_self\">\n\t\tIc\u00f4ne, la lampe \u00e0 poser Bourgie, en MAT &#8211; Kartell\t<\/a>\n<\/h4>\n\t\t\t<\/div>\n\t\t\t<div class=\"qodef-e-top-holder\">\n\t\t\t\t<div class=\"qodef-e-info\">\n\t\t\t\t\t\t<a href=\"https:\/\/inter-faces.eu\/index.php\/portfolio-category\/luminaires\/\" rel=\"tag\">Luminaires<\/a>\t<div class=\"qodef-info-separator-end\"><\/div>\n\t\t\t\t<\/div>\n\t\t\t<\/div>\n\t\t<\/div>\n\t<\/div>\n<\/article>\n<article class=\"qodef-e qodef-grid-item qodef-item--full  post-17576 portfolio-item type-portfolio-item status-publish has-post-thumbnail hentry portfolio-category-luminaires portfolio-tag-artemide portfolio-tag-icone portfolio-tag-lampe-a-poser\">\n\t<div class=\"qodef-e-inner\" >\n\t\t<div class=\"qodef-e-image\">\n\t\t\t\t<div class=\"qodef-e-media-image\">\n\t\t<a itemprop=\"url\" href=\"https:\/\/inter-faces.eu\/index.php\/portfolio-item\/nessino-edition-speciale-artemide\/\" target=\"_self\">\n\t\t\t<img loading=\"lazy\" decoding=\"async\" width=\"1731\" height=\"1080\" src=\"https:\/\/inter-faces.eu\/wp-content\/uploads\/2025\/01\/ARTEMIDE-Nessino-1-e1737565881863.jpg\" class=\"attachment-full size-full wp-post-image\" alt=\"\" srcset=\"https:\/\/inter-faces.eu\/wp-content\/uploads\/2025\/01\/ARTEMIDE-Nessino-1-e1737565881863.jpg 1731w, https:\/\/inter-faces.eu\/wp-content\/uploads\/2025\/01\/ARTEMIDE-Nessino-1-e1737565881863-300x187.jpg 300w, https:\/\/inter-faces.eu\/wp-content\/uploads\/2025\/01\/ARTEMIDE-Nessino-1-e1737565881863-1024x639.jpg 1024w, https:\/\/inter-faces.eu\/wp-content\/uploads\/2025\/01\/ARTEMIDE-Nessino-1-e1737565881863-768x479.jpg 768w, https:\/\/inter-faces.eu\/wp-content\/uploads\/2025\/01\/ARTEMIDE-Nessino-1-e1737565881863-1536x958.jpg 1536w, https:\/\/inter-faces.eu\/wp-content\/uploads\/2025\/01\/ARTEMIDE-Nessino-1-e1737565881863-600x374.jpg 600w\" sizes=\"(max-width: 1731px) 100vw, 1731px\" \/>\t\t<\/a>\n\t<\/div>\n\t\t\t\t\t<\/div>\n\t\t<div class=\"qodef-e-content\" style=\"margin:24px 0 30px 0px\">\n\t\t\t<div class=\"qodef-e-text\">\n\t\t\t\t<h4 itemprop=\"name\" class=\"qodef-e-title entry-title\" >\n\t<a itemprop=\"url\" class=\"qodef-e-title-link\" href=\"https:\/\/inter-faces.eu\/index.php\/portfolio-item\/nessino-edition-speciale-artemide\/\" target=\"_self\">\n\t\tNessino ! Edition sp\u00e9ciale &#8211; Artemide\t<\/a>\n<\/h4>\n\t\t\t<\/div>\n\t\t\t<div class=\"qodef-e-top-holder\">\n\t\t\t\t<div class=\"qodef-e-info\">\n\t\t\t\t\t\t<a href=\"https:\/\/inter-faces.eu\/index.php\/portfolio-category\/luminaires\/\" rel=\"tag\">Luminaires<\/a>\t<div class=\"qodef-info-separator-end\"><\/div>\n\t\t\t\t<\/div>\n\t\t\t<\/div>\n\t\t<\/div>\n\t<\/div>\n<\/article>\n<article class=\"qodef-e qodef-grid-item qodef-item--full  post-17128 portfolio-item type-portfolio-item status-publish has-post-thumbnail hentry portfolio-category-ligne-roset portfolio-category-luminaires portfolio-tag-lampe-a-poser portfolio-tag-ligne-roset portfolio-tag-luminaire\">\n\t<div class=\"qodef-e-inner\" >\n\t\t<div class=\"qodef-e-image\">\n\t\t\t\t<div class=\"qodef-e-media-image\">\n\t\t<a itemprop=\"url\" href=\"https:\/\/inter-faces.eu\/index.php\/portfolio-item\/lampe-a-poser-sitar-ligne-roset\/\" target=\"_self\">\n\t\t\t<img loading=\"lazy\" decoding=\"async\" width=\"1673\" height=\"1429\" src=\"https:\/\/inter-faces.eu\/wp-content\/uploads\/2024\/10\/LIGNE-ROSET-Sitar-lampe-a-poser-3-e1728391698927.jpg\" class=\"attachment-full size-full wp-post-image\" alt=\"\" srcset=\"https:\/\/inter-faces.eu\/wp-content\/uploads\/2024\/10\/LIGNE-ROSET-Sitar-lampe-a-poser-3-e1728391698927.jpg 1673w, https:\/\/inter-faces.eu\/wp-content\/uploads\/2024\/10\/LIGNE-ROSET-Sitar-lampe-a-poser-3-e1728391698927-300x256.jpg 300w, https:\/\/inter-faces.eu\/wp-content\/uploads\/2024\/10\/LIGNE-ROSET-Sitar-lampe-a-poser-3-e1728391698927-1024x875.jpg 1024w, https:\/\/inter-faces.eu\/wp-content\/uploads\/2024\/10\/LIGNE-ROSET-Sitar-lampe-a-poser-3-e1728391698927-768x656.jpg 768w, https:\/\/inter-faces.eu\/wp-content\/uploads\/2024\/10\/LIGNE-ROSET-Sitar-lampe-a-poser-3-e1728391698927-1536x1312.jpg 1536w, https:\/\/inter-faces.eu\/wp-content\/uploads\/2024\/10\/LIGNE-ROSET-Sitar-lampe-a-poser-3-e1728391698927-600x512.jpg 600w\" sizes=\"(max-width: 1673px) 100vw, 1673px\" \/>\t\t<\/a>\n\t<\/div>\n\t\t\t\t\t<\/div>\n\t\t<div class=\"qodef-e-content\" style=\"margin:24px 0 30px 0px\">\n\t\t\t<div class=\"qodef-e-text\">\n\t\t\t\t<h4 itemprop=\"name\" class=\"qodef-e-title entry-title\" >\n\t<a itemprop=\"url\" class=\"qodef-e-title-link\" href=\"https:\/\/inter-faces.eu\/index.php\/portfolio-item\/lampe-a-poser-sitar-ligne-roset\/\" target=\"_self\">\n\t\tLampe \u00e0 poser Sitar &#8211; Ligne Roset\t<\/a>\n<\/h4>\n\t\t\t<\/div>\n\t\t\t<div class=\"qodef-e-top-holder\">\n\t\t\t\t<div class=\"qodef-e-info\">\n\t\t\t\t\t\t<a href=\"https:\/\/inter-faces.eu\/index.php\/portfolio-category\/ligne-roset\/\" rel=\"tag\">Ligne Roset<\/a><span class=\"qodef-info-separator-single\"><\/span><a href=\"https:\/\/inter-faces.eu\/index.php\/portfolio-category\/luminaires\/\" rel=\"tag\">Luminaires<\/a>\t<div class=\"qodef-info-separator-end\"><\/div>\n\t\t\t\t<\/div>\n\t\t\t<\/div>\n\t\t<\/div>\n\t<\/div>\n<\/article>\n<article class=\"qodef-e qodef-grid-item qodef-item--full  post-16354 portfolio-item type-portfolio-item status-publish has-post-thumbnail hentry portfolio-category-luminaires portfolio-tag-kartell portfolio-tag-lampe-a-poser\">\n\t<div class=\"qodef-e-inner\" >\n\t\t<div class=\"qodef-e-image\">\n\t\t\t\t<div class=\"qodef-e-media-image\">\n\t\t<a itemprop=\"url\" href=\"https:\/\/inter-faces.eu\/index.php\/portfolio-item\/lampe-teresa-nouveaute-kartell\/\" target=\"_self\">\n\t\t\t<img loading=\"lazy\" decoding=\"async\" width=\"1707\" height=\"2560\" src=\"https:\/\/inter-faces.eu\/wp-content\/uploads\/2025\/02\/Lampe-a-poser-Teresa-Kartell-scaled.jpg\" class=\"attachment-full size-full wp-post-image\" alt=\"\" srcset=\"https:\/\/inter-faces.eu\/wp-content\/uploads\/2025\/02\/Lampe-a-poser-Teresa-Kartell-scaled.jpg 1707w, https:\/\/inter-faces.eu\/wp-content\/uploads\/2025\/02\/Lampe-a-poser-Teresa-Kartell-200x300.jpg 200w, https:\/\/inter-faces.eu\/wp-content\/uploads\/2025\/02\/Lampe-a-poser-Teresa-Kartell-683x1024.jpg 683w, https:\/\/inter-faces.eu\/wp-content\/uploads\/2025\/02\/Lampe-a-poser-Teresa-Kartell-768x1152.jpg 768w, https:\/\/inter-faces.eu\/wp-content\/uploads\/2025\/02\/Lampe-a-poser-Teresa-Kartell-1024x1536.jpg 1024w, https:\/\/inter-faces.eu\/wp-content\/uploads\/2025\/02\/Lampe-a-poser-Teresa-Kartell-1365x2048.jpg 1365w\" sizes=\"(max-width: 1707px) 100vw, 1707px\" \/>\t\t<\/a>\n\t<\/div>\n\t\t\t\t\t<\/div>\n\t\t<div class=\"qodef-e-content\" style=\"margin:24px 0 30px 0px\">\n\t\t\t<div class=\"qodef-e-text\">\n\t\t\t\t<h4 itemprop=\"name\" class=\"qodef-e-title entry-title\" >\n\t<a itemprop=\"url\" class=\"qodef-e-title-link\" href=\"https:\/\/inter-faces.eu\/index.php\/portfolio-item\/lampe-teresa-nouveaute-kartell\/\" target=\"_self\">\n\t\tLampe Teresa, Nouveaut\u00e9 Kartell\t<\/a>\n<\/h4>\n\t\t\t<\/div>\n\t\t\t<div class=\"qodef-e-top-holder\">\n\t\t\t\t<div class=\"qodef-e-info\">\n\t\t\t\t\t\t<a href=\"https:\/\/inter-faces.eu\/index.php\/portfolio-category\/luminaires\/\" rel=\"tag\">Luminaires<\/a>\t<div class=\"qodef-info-separator-end\"><\/div>\n\t\t\t\t<\/div>\n\t\t\t<\/div>\n\t\t<\/div>\n\t<\/div>\n<\/article>\n<article class=\"qodef-e qodef-grid-item qodef-item--full  post-17116 portfolio-item type-portfolio-item status-publish has-post-thumbnail hentry portfolio-category-ligne-roset portfolio-category-luminaires portfolio-tag-lampe-a-poser portfolio-tag-ligne-roset portfolio-tag-luminaire\">\n\t<div class=\"qodef-e-inner\" >\n\t\t<div class=\"qodef-e-image\">\n\t\t\t\t<div class=\"qodef-e-media-image\">\n\t\t<a itemprop=\"url\" href=\"https:\/\/inter-faces.eu\/index.php\/portfolio-item\/lampe-a-poser-mojave-ligne-roset\/\" target=\"_self\">\n\t\t\t<img loading=\"lazy\" decoding=\"async\" width=\"2000\" height=\"1429\" src=\"https:\/\/inter-faces.eu\/wp-content\/uploads\/2024\/10\/LIGNE-ROSET-Lampe-a-poser-Mojave-1-.jpg\" class=\"attachment-full size-full wp-post-image\" alt=\"\" srcset=\"https:\/\/inter-faces.eu\/wp-content\/uploads\/2024\/10\/LIGNE-ROSET-Lampe-a-poser-Mojave-1-.jpg 2000w, https:\/\/inter-faces.eu\/wp-content\/uploads\/2024\/10\/LIGNE-ROSET-Lampe-a-poser-Mojave-1--300x214.jpg 300w, https:\/\/inter-faces.eu\/wp-content\/uploads\/2024\/10\/LIGNE-ROSET-Lampe-a-poser-Mojave-1--1024x732.jpg 1024w, https:\/\/inter-faces.eu\/wp-content\/uploads\/2024\/10\/LIGNE-ROSET-Lampe-a-poser-Mojave-1--768x549.jpg 768w, https:\/\/inter-faces.eu\/wp-content\/uploads\/2024\/10\/LIGNE-ROSET-Lampe-a-poser-Mojave-1--1536x1097.jpg 1536w, https:\/\/inter-faces.eu\/wp-content\/uploads\/2024\/10\/LIGNE-ROSET-Lampe-a-poser-Mojave-1--600x429.jpg 600w\" sizes=\"(max-width: 2000px) 100vw, 2000px\" \/>\t\t<\/a>\n\t<\/div>\n\t\t\t\t\t<\/div>\n\t\t<div class=\"qodef-e-content\" style=\"margin:24px 0 30px 0px\">\n\t\t\t<div class=\"qodef-e-text\">\n\t\t\t\t<h4 itemprop=\"name\" class=\"qodef-e-title entry-title\" >\n\t<a itemprop=\"url\" class=\"qodef-e-title-link\" href=\"https:\/\/inter-faces.eu\/index.php\/portfolio-item\/lampe-a-poser-mojave-ligne-roset\/\" target=\"_self\">\n\t\tLampe \u00e0 poser Mojave &#8211; Ligne Roset\t<\/a>\n<\/h4>\n\t\t\t<\/div>\n\t\t\t<div class=\"qodef-e-top-holder\">\n\t\t\t\t<div class=\"qodef-e-info\">\n\t\t\t\t\t\t<a href=\"https:\/\/inter-faces.eu\/index.php\/portfolio-category\/ligne-roset\/\" rel=\"tag\">Ligne Roset<\/a><span class=\"qodef-info-separator-single\"><\/span><a href=\"https:\/\/inter-faces.eu\/index.php\/portfolio-category\/luminaires\/\" rel=\"tag\">Luminaires<\/a>\t<div class=\"qodef-info-separator-end\"><\/div>\n\t\t\t\t<\/div>\n\t\t\t<\/div>\n\t\t<\/div>\n\t<\/div>\n<\/article>\n<article class=\"qodef-e qodef-grid-item qodef-item--full  post-17105 portfolio-item type-portfolio-item status-publish has-post-thumbnail hentry portfolio-category-ligne-roset portfolio-category-luminaires portfolio-tag-lampadaire portfolio-tag-lampe-a-poser portfolio-tag-ligne-roset portfolio-tag-luminaire portfolio-tag-suspension\">\n\t<div class=\"qodef-e-inner\" >\n\t\t<div class=\"qodef-e-image\">\n\t\t\t\t<div class=\"qodef-e-media-image\">\n\t\t<a itemprop=\"url\" href=\"https:\/\/inter-faces.eu\/index.php\/portfolio-item\/la-famille-de-luminaires-asola-ligne-roset\/\" target=\"_self\">\n\t\t\t<img loading=\"lazy\" decoding=\"async\" width=\"2000\" height=\"1429\" src=\"https:\/\/inter-faces.eu\/wp-content\/uploads\/2024\/10\/Ligne-Roset-lampe-a-poser-Asola.2.jpg\" class=\"attachment-full size-full wp-post-image\" alt=\"\" srcset=\"https:\/\/inter-faces.eu\/wp-content\/uploads\/2024\/10\/Ligne-Roset-lampe-a-poser-Asola.2.jpg 2000w, https:\/\/inter-faces.eu\/wp-content\/uploads\/2024\/10\/Ligne-Roset-lampe-a-poser-Asola.2-300x214.jpg 300w, https:\/\/inter-faces.eu\/wp-content\/uploads\/2024\/10\/Ligne-Roset-lampe-a-poser-Asola.2-1024x732.jpg 1024w, https:\/\/inter-faces.eu\/wp-content\/uploads\/2024\/10\/Ligne-Roset-lampe-a-poser-Asola.2-768x549.jpg 768w, https:\/\/inter-faces.eu\/wp-content\/uploads\/2024\/10\/Ligne-Roset-lampe-a-poser-Asola.2-1536x1097.jpg 1536w, https:\/\/inter-faces.eu\/wp-content\/uploads\/2024\/10\/Ligne-Roset-lampe-a-poser-Asola.2-600x429.jpg 600w\" sizes=\"(max-width: 2000px) 100vw, 2000px\" \/>\t\t<\/a>\n\t<\/div>\n\t\t\t\t\t<\/div>\n\t\t<div class=\"qodef-e-content\" style=\"margin:24px 0 30px 0px\">\n\t\t\t<div class=\"qodef-e-text\">\n\t\t\t\t<h4 itemprop=\"name\" class=\"qodef-e-title entry-title\" >\n\t<a itemprop=\"url\" class=\"qodef-e-title-link\" href=\"https:\/\/inter-faces.eu\/index.php\/portfolio-item\/la-famille-de-luminaires-asola-ligne-roset\/\" target=\"_self\">\n\t\tLa famille de luminaires Asola &#8211; Ligne Roset\t<\/a>\n<\/h4>\n\t\t\t<\/div>\n\t\t\t<div class=\"qodef-e-top-holder\">\n\t\t\t\t<div class=\"qodef-e-info\">\n\t\t\t\t\t\t<a href=\"https:\/\/inter-faces.eu\/index.php\/portfolio-category\/ligne-roset\/\" rel=\"tag\">Ligne Roset<\/a><span class=\"qodef-info-separator-single\"><\/span><a href=\"https:\/\/inter-faces.eu\/index.php\/portfolio-category\/luminaires\/\" rel=\"tag\">Luminaires<\/a>\t<div class=\"qodef-info-separator-end\"><\/div>\n\t\t\t\t<\/div>\n\t\t\t<\/div>\n\t\t<\/div>\n\t<\/div>\n<\/article>\n<article class=\"qodef-e qodef-grid-item qodef-item--full  post-13049 portfolio-item type-portfolio-item status-publish has-post-thumbnail hentry portfolio-category-luminaires portfolio-category-outdoor portfolio-tag-lampe-a-poser portfolio-tag-luminaire portfolio-tag-nomade portfolio-tag-outdoor portfolio-tag-petite-friture\">\n\t<div class=\"qodef-e-inner\" >\n\t\t<div class=\"qodef-e-image\">\n\t\t\t\t<div class=\"qodef-e-media-image\">\n\t\t<a itemprop=\"url\" href=\"https:\/\/inter-faces.eu\/index.php\/portfolio-item\/la-nouvelle-lampe-nomade-quasar-de-petite-friture\/\" target=\"_self\">\n\t\t\t<img loading=\"lazy\" decoding=\"async\" width=\"1260\" height=\"1260\" src=\"https:\/\/inter-faces.eu\/wp-content\/uploads\/2024\/09\/PETITE-FRITURE-Quasar-2-.webp\" class=\"attachment-full size-full wp-post-image\" alt=\"\" srcset=\"https:\/\/inter-faces.eu\/wp-content\/uploads\/2024\/09\/PETITE-FRITURE-Quasar-2-.webp 1260w, https:\/\/inter-faces.eu\/wp-content\/uploads\/2024\/09\/PETITE-FRITURE-Quasar-2--300x300.webp 300w, https:\/\/inter-faces.eu\/wp-content\/uploads\/2024\/09\/PETITE-FRITURE-Quasar-2--1024x1024.webp 1024w, https:\/\/inter-faces.eu\/wp-content\/uploads\/2024\/09\/PETITE-FRITURE-Quasar-2--150x150.webp 150w, https:\/\/inter-faces.eu\/wp-content\/uploads\/2024\/09\/PETITE-FRITURE-Quasar-2--768x768.webp 768w, https:\/\/inter-faces.eu\/wp-content\/uploads\/2024\/09\/PETITE-FRITURE-Quasar-2--650x650.webp 650w, https:\/\/inter-faces.eu\/wp-content\/uploads\/2024\/09\/PETITE-FRITURE-Quasar-2--600x600.webp 600w, https:\/\/inter-faces.eu\/wp-content\/uploads\/2024\/09\/PETITE-FRITURE-Quasar-2--100x100.webp 100w\" sizes=\"(max-width: 1260px) 100vw, 1260px\" \/>\t\t<\/a>\n\t<\/div>\n\t\t\t\t\t<\/div>\n\t\t<div class=\"qodef-e-content\" style=\"margin:24px 0 30px 0px\">\n\t\t\t<div class=\"qodef-e-text\">\n\t\t\t\t<h4 itemprop=\"name\" class=\"qodef-e-title entry-title\" >\n\t<a itemprop=\"url\" class=\"qodef-e-title-link\" href=\"https:\/\/inter-faces.eu\/index.php\/portfolio-item\/la-nouvelle-lampe-nomade-quasar-de-petite-friture\/\" target=\"_self\">\n\t\tQuasar, la lampe nomade de Petite Friture &#8211; Nouvelles couleurs\t<\/a>\n<\/h4>\n\t\t\t<\/div>\n\t\t\t<div class=\"qodef-e-top-holder\">\n\t\t\t\t<div class=\"qodef-e-info\">\n\t\t\t\t\t\t<a href=\"https:\/\/inter-faces.eu\/index.php\/portfolio-category\/luminaires\/\" rel=\"tag\">Luminaires<\/a><span class=\"qodef-info-separator-single\"><\/span><a href=\"https:\/\/inter-faces.eu\/index.php\/portfolio-category\/outdoor\/\" rel=\"tag\">Outdoor<\/a>\t<div class=\"qodef-info-separator-end\"><\/div>\n\t\t\t\t<\/div>\n\t\t\t<\/div>\n\t\t<\/div>\n\t<\/div>\n<\/article>\n<article class=\"qodef-e qodef-grid-item qodef-item--full  post-16688 portfolio-item type-portfolio-item status-publish has-post-thumbnail hentry portfolio-category-luminaires portfolio-tag-applique portfolio-tag-foscarini portfolio-tag-lampe-a-poser portfolio-tag-luminaire portfolio-tag-suspension\">\n\t<div class=\"qodef-e-inner\" >\n\t\t<div class=\"qodef-e-image\">\n\t\t\t\t<div class=\"qodef-e-media-image\">\n\t\t<a itemprop=\"url\" href=\"https:\/\/inter-faces.eu\/index.php\/portfolio-item\/nouveaute-une-meteorite-nommee-hoba-foscarini\/\" target=\"_self\">\n\t\t\t<img loading=\"lazy\" decoding=\"async\" width=\"980\" height=\"1480\" src=\"https:\/\/inter-faces.eu\/wp-content\/uploads\/2024\/09\/Lampe-Hoba-Foscarini-6.jpg\" class=\"attachment-full size-full wp-post-image\" alt=\"\" srcset=\"https:\/\/inter-faces.eu\/wp-content\/uploads\/2024\/09\/Lampe-Hoba-Foscarini-6.jpg 980w, https:\/\/inter-faces.eu\/wp-content\/uploads\/2024\/09\/Lampe-Hoba-Foscarini-6-199x300.jpg 199w, https:\/\/inter-faces.eu\/wp-content\/uploads\/2024\/09\/Lampe-Hoba-Foscarini-6-678x1024.jpg 678w, https:\/\/inter-faces.eu\/wp-content\/uploads\/2024\/09\/Lampe-Hoba-Foscarini-6-768x1160.jpg 768w, https:\/\/inter-faces.eu\/wp-content\/uploads\/2024\/09\/Lampe-Hoba-Foscarini-6-600x906.jpg 600w\" sizes=\"(max-width: 980px) 100vw, 980px\" \/>\t\t<\/a>\n\t<\/div>\n\t\t\t\t\t<\/div>\n\t\t<div class=\"qodef-e-content\" style=\"margin:24px 0 30px 0px\">\n\t\t\t<div class=\"qodef-e-text\">\n\t\t\t\t<h4 itemprop=\"name\" class=\"qodef-e-title entry-title\" >\n\t<a itemprop=\"url\" class=\"qodef-e-title-link\" href=\"https:\/\/inter-faces.eu\/index.php\/portfolio-item\/nouveaute-une-meteorite-nommee-hoba-foscarini\/\" target=\"_self\">\n\t\tNouveaut\u00e9, Collection HOBA &#8211; Foscarini\t<\/a>\n<\/h4>\n\t\t\t<\/div>\n\t\t\t<div class=\"qodef-e-top-holder\">\n\t\t\t\t<div class=\"qodef-e-info\">\n\t\t\t\t\t\t<a href=\"https:\/\/inter-faces.eu\/index.php\/portfolio-category\/luminaires\/\" rel=\"tag\">Luminaires<\/a>\t<div class=\"qodef-info-separator-end\"><\/div>\n\t\t\t\t<\/div>\n\t\t\t<\/div>\n\t\t<\/div>\n\t<\/div>\n<\/article>\n<article class=\"qodef-e qodef-grid-item qodef-item--full  post-16083 portfolio-item type-portfolio-item status-publish has-post-thumbnail hentry portfolio-category-luminaires portfolio-category-outdoor portfolio-tag-lampe-a-poser portfolio-tag-luminaire portfolio-tag-outdoor\">\n\t<div class=\"qodef-e-inner\" >\n\t\t<div class=\"qodef-e-image\">\n\t\t\t\t<div class=\"qodef-e-media-image\">\n\t\t<a itemprop=\"url\" href=\"https:\/\/inter-faces.eu\/index.php\/portfolio-item\/collection-amphora-indoor-outdoor-bover\/\" target=\"_self\">\n\t\t\t<img loading=\"lazy\" decoding=\"async\" width=\"961\" height=\"1222\" src=\"https:\/\/inter-faces.eu\/wp-content\/uploads\/2024\/07\/Bover-Amphora-Ambiente-01.jpg\" class=\"attachment-full size-full wp-post-image\" alt=\"\" srcset=\"https:\/\/inter-faces.eu\/wp-content\/uploads\/2024\/07\/Bover-Amphora-Ambiente-01.jpg 961w, https:\/\/inter-faces.eu\/wp-content\/uploads\/2024\/07\/Bover-Amphora-Ambiente-01-236x300.jpg 236w, https:\/\/inter-faces.eu\/wp-content\/uploads\/2024\/07\/Bover-Amphora-Ambiente-01-805x1024.jpg 805w, https:\/\/inter-faces.eu\/wp-content\/uploads\/2024\/07\/Bover-Amphora-Ambiente-01-768x977.jpg 768w, https:\/\/inter-faces.eu\/wp-content\/uploads\/2024\/07\/Bover-Amphora-Ambiente-01-600x763.jpg 600w\" sizes=\"(max-width: 961px) 100vw, 961px\" \/>\t\t<\/a>\n\t<\/div>\n\t\t\t\t\t<\/div>\n\t\t<div class=\"qodef-e-content\" style=\"margin:24px 0 30px 0px\">\n\t\t\t<div class=\"qodef-e-text\">\n\t\t\t\t<h4 itemprop=\"name\" class=\"qodef-e-title entry-title\" >\n\t<a itemprop=\"url\" class=\"qodef-e-title-link\" href=\"https:\/\/inter-faces.eu\/index.php\/portfolio-item\/collection-amphora-indoor-outdoor-bover\/\" target=\"_self\">\n\t\tCollection Amphora Indoor &#038; Outdoor &#8211; Bover\t<\/a>\n<\/h4>\n\t\t\t<\/div>\n\t\t\t<div class=\"qodef-e-top-holder\">\n\t\t\t\t<div class=\"qodef-e-info\">\n\t\t\t\t\t\t<a href=\"https:\/\/inter-faces.eu\/index.php\/portfolio-category\/luminaires\/\" rel=\"tag\">Luminaires<\/a><span class=\"qodef-info-separator-single\"><\/span><a href=\"https:\/\/inter-faces.eu\/index.php\/portfolio-category\/outdoor\/\" rel=\"tag\">Outdoor<\/a>\t<div class=\"qodef-info-separator-end\"><\/div>\n\t\t\t\t<\/div>\n\t\t\t<\/div>\n\t\t<\/div>\n\t<\/div>\n<\/article>\n<article class=\"qodef-e qodef-grid-item qodef-item--full  post-16322 portfolio-item type-portfolio-item status-publish has-post-thumbnail hentry portfolio-category-luminaires portfolio-category-salon portfolio-tag-bouroullec portfolio-tag-flos portfolio-tag-lampe-a-poser portfolio-tag-luminaire\">\n\t<div class=\"qodef-e-inner\" >\n\t\t<div class=\"qodef-e-image\">\n\t\t\t\t<div class=\"qodef-e-media-image\">\n\t\t<a itemprop=\"url\" href=\"https:\/\/inter-faces.eu\/index.php\/portfolio-item\/les-3-lampes-ceramique-de-ronan-bouroullec-up-side-down-flos\/\" target=\"_self\">\n\t\t\t<img loading=\"lazy\" decoding=\"async\" width=\"2560\" height=\"1920\" src=\"https:\/\/inter-faces.eu\/wp-content\/uploads\/2024\/07\/Flos-bouroullec-Lampe-ceramique_up__down-side_01-scaled.jpg\" class=\"attachment-full size-full wp-post-image\" alt=\"\" srcset=\"https:\/\/inter-faces.eu\/wp-content\/uploads\/2024\/07\/Flos-bouroullec-Lampe-ceramique_up__down-side_01-scaled.jpg 2560w, https:\/\/inter-faces.eu\/wp-content\/uploads\/2024\/07\/Flos-bouroullec-Lampe-ceramique_up__down-side_01-300x225.jpg 300w, https:\/\/inter-faces.eu\/wp-content\/uploads\/2024\/07\/Flos-bouroullec-Lampe-ceramique_up__down-side_01-1024x768.jpg 1024w, https:\/\/inter-faces.eu\/wp-content\/uploads\/2024\/07\/Flos-bouroullec-Lampe-ceramique_up__down-side_01-768x576.jpg 768w, https:\/\/inter-faces.eu\/wp-content\/uploads\/2024\/07\/Flos-bouroullec-Lampe-ceramique_up__down-side_01-1536x1152.jpg 1536w, https:\/\/inter-faces.eu\/wp-content\/uploads\/2024\/07\/Flos-bouroullec-Lampe-ceramique_up__down-side_01-2048x1536.jpg 2048w, https:\/\/inter-faces.eu\/wp-content\/uploads\/2024\/07\/Flos-bouroullec-Lampe-ceramique_up__down-side_01-600x450.jpg 600w\" sizes=\"(max-width: 2560px) 100vw, 2560px\" \/>\t\t<\/a>\n\t<\/div>\n\t\t\t\t\t<\/div>\n\t\t<div class=\"qodef-e-content\" style=\"margin:24px 0 30px 0px\">\n\t\t\t<div class=\"qodef-e-text\">\n\t\t\t\t<h4 itemprop=\"name\" class=\"qodef-e-title entry-title\" >\n\t<a itemprop=\"url\" class=\"qodef-e-title-link\" href=\"https:\/\/inter-faces.eu\/index.php\/portfolio-item\/les-3-lampes-ceramique-de-ronan-bouroullec-up-side-down-flos\/\" target=\"_self\">\n\t\tLes 3 lampes C\u00e9ramique de Ronan Bouroullec\u00a0: Up, Side, Down &#8211; Flos\t<\/a>\n<\/h4>\n\t\t\t<\/div>\n\t\t\t<div class=\"qodef-e-top-holder\">\n\t\t\t\t<div class=\"qodef-e-info\">\n\t\t\t\t\t\t<a href=\"https:\/\/inter-faces.eu\/index.php\/portfolio-category\/luminaires\/\" rel=\"tag\">Luminaires<\/a><span class=\"qodef-info-separator-single\"><\/span><a href=\"https:\/\/inter-faces.eu\/index.php\/portfolio-category\/salon\/\" rel=\"tag\">Salon<\/a>\t<div class=\"qodef-info-separator-end\"><\/div>\n\t\t\t\t<\/div>\n\t\t\t<\/div>\n\t\t<\/div>\n\t<\/div>\n<\/article>\n<article class=\"qodef-e qodef-grid-item qodef-item--full  post-16487 portfolio-item type-portfolio-item status-publish has-post-thumbnail hentry portfolio-category-luminaires portfolio-tag-applique portfolio-tag-dcw-luminaires portfolio-tag-lampadaire portfolio-tag-lampe-a-poser portfolio-tag-luminaire\">\n\t<div class=\"qodef-e-inner\" >\n\t\t<div class=\"qodef-e-image\">\n\t\t\t\t<div class=\"qodef-e-media-image\">\n\t\t<a itemprop=\"url\" href=\"https:\/\/inter-faces.eu\/index.php\/portfolio-item\/collection-mantis-lelegance-sur-un-fil-dcw-editions\/\" target=\"_self\">\n\t\t\t<img loading=\"lazy\" decoding=\"async\" width=\"512\" height=\"768\" src=\"https:\/\/inter-faces.eu\/wp-content\/uploads\/2024\/07\/dcw-editions-mantis-modele-bs3-photos-wd2uti59-s-1.jpg\" class=\"attachment-full size-full wp-post-image\" alt=\"\" srcset=\"https:\/\/inter-faces.eu\/wp-content\/uploads\/2024\/07\/dcw-editions-mantis-modele-bs3-photos-wd2uti59-s-1.jpg 512w, https:\/\/inter-faces.eu\/wp-content\/uploads\/2024\/07\/dcw-editions-mantis-modele-bs3-photos-wd2uti59-s-1-200x300.jpg 200w\" sizes=\"(max-width: 512px) 100vw, 512px\" \/>\t\t<\/a>\n\t<\/div>\n\t\t\t\t\t<\/div>\n\t\t<div class=\"qodef-e-content\" style=\"margin:24px 0 30px 0px\">\n\t\t\t<div class=\"qodef-e-text\">\n\t\t\t\t<h4 itemprop=\"name\" class=\"qodef-e-title entry-title\" >\n\t<a itemprop=\"url\" class=\"qodef-e-title-link\" href=\"https:\/\/inter-faces.eu\/index.php\/portfolio-item\/collection-mantis-lelegance-sur-un-fil-dcw-editions\/\" target=\"_self\">\n\t\tCollection Mantis, L&rsquo;\u00e9l\u00e9gance sur un fil &#8211; DCW Editions\t<\/a>\n<\/h4>\n\t\t\t<\/div>\n\t\t\t<div class=\"qodef-e-top-holder\">\n\t\t\t\t<div class=\"qodef-e-info\">\n\t\t\t\t\t\t<a href=\"https:\/\/inter-faces.eu\/index.php\/portfolio-category\/luminaires\/\" rel=\"tag\">Luminaires<\/a>\t<div class=\"qodef-info-separator-end\"><\/div>\n\t\t\t\t<\/div>\n\t\t\t<\/div>\n\t\t<\/div>\n\t<\/div>\n<\/article>\n<article class=\"qodef-e qodef-grid-item qodef-item--full  post-16474 portfolio-item type-portfolio-item status-publish has-post-thumbnail hentry portfolio-category-luminaires portfolio-tag-applique portfolio-tag-dcw-luminaires portfolio-tag-luminaire\">\n\t<div class=\"qodef-e-inner\" >\n\t\t<div class=\"qodef-e-image\">\n\t\t\t\t<div class=\"qodef-e-media-image\">\n\t\t<a itemprop=\"url\" href=\"https:\/\/inter-faces.eu\/index.php\/portfolio-item\/lapplique-rosalie-dcw-editions\/\" target=\"_self\">\n\t\t\t<img loading=\"lazy\" decoding=\"async\" width=\"1000\" height=\"1000\" src=\"https:\/\/inter-faces.eu\/wp-content\/uploads\/2024\/07\/applique-rosalie-dcw-editions.jpg\" class=\"attachment-full size-full wp-post-image\" alt=\"\" srcset=\"https:\/\/inter-faces.eu\/wp-content\/uploads\/2024\/07\/applique-rosalie-dcw-editions.jpg 1000w, https:\/\/inter-faces.eu\/wp-content\/uploads\/2024\/07\/applique-rosalie-dcw-editions-300x300.jpg 300w, https:\/\/inter-faces.eu\/wp-content\/uploads\/2024\/07\/applique-rosalie-dcw-editions-150x150.jpg 150w, https:\/\/inter-faces.eu\/wp-content\/uploads\/2024\/07\/applique-rosalie-dcw-editions-768x768.jpg 768w, https:\/\/inter-faces.eu\/wp-content\/uploads\/2024\/07\/applique-rosalie-dcw-editions-650x650.jpg 650w, https:\/\/inter-faces.eu\/wp-content\/uploads\/2024\/07\/applique-rosalie-dcw-editions-600x600.jpg 600w, https:\/\/inter-faces.eu\/wp-content\/uploads\/2024\/07\/applique-rosalie-dcw-editions-100x100.jpg 100w\" sizes=\"(max-width: 1000px) 100vw, 1000px\" \/>\t\t<\/a>\n\t<\/div>\n\t\t\t\t\t<\/div>\n\t\t<div class=\"qodef-e-content\" style=\"margin:24px 0 30px 0px\">\n\t\t\t<div class=\"qodef-e-text\">\n\t\t\t\t<h4 itemprop=\"name\" class=\"qodef-e-title entry-title\" >\n\t<a itemprop=\"url\" class=\"qodef-e-title-link\" href=\"https:\/\/inter-faces.eu\/index.php\/portfolio-item\/lapplique-rosalie-dcw-editions\/\" target=\"_self\">\n\t\tL&rsquo;applique Rosalie \u2013 DCW Editions\t<\/a>\n<\/h4>\n\t\t\t<\/div>\n\t\t\t<div class=\"qodef-e-top-holder\">\n\t\t\t\t<div class=\"qodef-e-info\">\n\t\t\t\t\t\t<a href=\"https:\/\/inter-faces.eu\/index.php\/portfolio-category\/luminaires\/\" rel=\"tag\">Luminaires<\/a>\t<div class=\"qodef-info-separator-end\"><\/div>\n\t\t\t\t<\/div>\n\t\t\t<\/div>\n\t\t<\/div>\n\t<\/div>\n<\/article>\n<article class=\"qodef-e qodef-grid-item qodef-item--full  post-16473 portfolio-item type-portfolio-item status-publish has-post-thumbnail hentry portfolio-category-luminaires portfolio-category-repas portfolio-category-salon portfolio-tag-applique portfolio-tag-icone portfolio-tag-lampadaire portfolio-tag-lampe-a-poser portfolio-tag-louis-poulsen portfolio-tag-luminaire\">\n\t<div class=\"qodef-e-inner\" >\n\t\t<div class=\"qodef-e-image\">\n\t\t\t\t<div class=\"qodef-e-media-image\">\n\t\t<a itemprop=\"url\" href=\"https:\/\/inter-faces.eu\/index.php\/portfolio-item\/royale-la-famille-des-lampes-aj-louis-poulsen\/\" target=\"_self\">\n\t\t\t<img loading=\"lazy\" decoding=\"async\" width=\"1000\" height=\"1250\" src=\"https:\/\/inter-faces.eu\/wp-content\/uploads\/2024\/07\/LOUIS-POULSEN-AJ-8-.webp\" class=\"attachment-full size-full wp-post-image\" alt=\"\" srcset=\"https:\/\/inter-faces.eu\/wp-content\/uploads\/2024\/07\/LOUIS-POULSEN-AJ-8-.webp 1000w, https:\/\/inter-faces.eu\/wp-content\/uploads\/2024\/07\/LOUIS-POULSEN-AJ-8--240x300.webp 240w, https:\/\/inter-faces.eu\/wp-content\/uploads\/2024\/07\/LOUIS-POULSEN-AJ-8--819x1024.webp 819w, https:\/\/inter-faces.eu\/wp-content\/uploads\/2024\/07\/LOUIS-POULSEN-AJ-8--768x960.webp 768w, https:\/\/inter-faces.eu\/wp-content\/uploads\/2024\/07\/LOUIS-POULSEN-AJ-8--600x750.webp 600w\" sizes=\"(max-width: 1000px) 100vw, 1000px\" \/>\t\t<\/a>\n\t<\/div>\n\t\t\t\t\t<\/div>\n\t\t<div class=\"qodef-e-content\" style=\"margin:24px 0 30px 0px\">\n\t\t\t<div class=\"qodef-e-text\">\n\t\t\t\t<h4 itemprop=\"name\" class=\"qodef-e-title entry-title\" >\n\t<a itemprop=\"url\" class=\"qodef-e-title-link\" href=\"https:\/\/inter-faces.eu\/index.php\/portfolio-item\/royale-la-famille-des-lampes-aj-louis-poulsen\/\" target=\"_self\">\n\t\tRoyale, la famille des lampes AJ \u2013 Louis Poulsen\t<\/a>\n<\/h4>\n\t\t\t<\/div>\n\t\t\t<div class=\"qodef-e-top-holder\">\n\t\t\t\t<div class=\"qodef-e-info\">\n\t\t\t\t\t\t<a href=\"https:\/\/inter-faces.eu\/index.php\/portfolio-category\/luminaires\/\" rel=\"tag\">Luminaires<\/a><span class=\"qodef-info-separator-single\"><\/span><a href=\"https:\/\/inter-faces.eu\/index.php\/portfolio-category\/repas\/\" rel=\"tag\">Repas<\/a><span class=\"qodef-info-separator-single\"><\/span><a href=\"https:\/\/inter-faces.eu\/index.php\/portfolio-category\/salon\/\" rel=\"tag\">Salon<\/a>\t<div class=\"qodef-info-separator-end\"><\/div>\n\t\t\t\t<\/div>\n\t\t\t<\/div>\n\t\t<\/div>\n\t<\/div>\n<\/article>\n<article class=\"qodef-e qodef-grid-item qodef-item--full  post-16472 portfolio-item type-portfolio-item status-publish has-post-thumbnail hentry portfolio-category-luminaires portfolio-tag-dcw-luminaires portfolio-tag-lampe-a-poser portfolio-tag-luminaire\">\n\t<div class=\"qodef-e-inner\" >\n\t\t<div class=\"qodef-e-image\">\n\t\t\t\t<div class=\"qodef-e-media-image\">\n\t\t<a itemprop=\"url\" href=\"https:\/\/inter-faces.eu\/index.php\/portfolio-item\/du-soleil-couchant-au-soleil-levant-lampe-yasuke-dcw-editions\/\" target=\"_self\">\n\t\t\t<img loading=\"lazy\" decoding=\"async\" width=\"768\" height=\"768\" src=\"https:\/\/inter-faces.eu\/wp-content\/uploads\/2024\/07\/dcw-editions-yasuke-modele-yasuke-photos-ibjnny3l-s.jpg\" class=\"attachment-full size-full wp-post-image\" alt=\"\" srcset=\"https:\/\/inter-faces.eu\/wp-content\/uploads\/2024\/07\/dcw-editions-yasuke-modele-yasuke-photos-ibjnny3l-s.jpg 768w, https:\/\/inter-faces.eu\/wp-content\/uploads\/2024\/07\/dcw-editions-yasuke-modele-yasuke-photos-ibjnny3l-s-300x300.jpg 300w, https:\/\/inter-faces.eu\/wp-content\/uploads\/2024\/07\/dcw-editions-yasuke-modele-yasuke-photos-ibjnny3l-s-150x150.jpg 150w, https:\/\/inter-faces.eu\/wp-content\/uploads\/2024\/07\/dcw-editions-yasuke-modele-yasuke-photos-ibjnny3l-s-650x650.jpg 650w, https:\/\/inter-faces.eu\/wp-content\/uploads\/2024\/07\/dcw-editions-yasuke-modele-yasuke-photos-ibjnny3l-s-600x600.jpg 600w, https:\/\/inter-faces.eu\/wp-content\/uploads\/2024\/07\/dcw-editions-yasuke-modele-yasuke-photos-ibjnny3l-s-100x100.jpg 100w\" sizes=\"(max-width: 768px) 100vw, 768px\" \/>\t\t<\/a>\n\t<\/div>\n\t\t\t\t\t<\/div>\n\t\t<div class=\"qodef-e-content\" style=\"margin:24px 0 30px 0px\">\n\t\t\t<div class=\"qodef-e-text\">\n\t\t\t\t<h4 itemprop=\"name\" class=\"qodef-e-title entry-title\" >\n\t<a itemprop=\"url\" class=\"qodef-e-title-link\" href=\"https:\/\/inter-faces.eu\/index.php\/portfolio-item\/du-soleil-couchant-au-soleil-levant-lampe-yasuke-dcw-editions\/\" target=\"_self\">\n\t\tDu soleil couchant au soleil levant &#8211; Lampe Yasuke \u2013 DCW Editions\t<\/a>\n<\/h4>\n\t\t\t<\/div>\n\t\t\t<div class=\"qodef-e-top-holder\">\n\t\t\t\t<div class=\"qodef-e-info\">\n\t\t\t\t\t\t<a href=\"https:\/\/inter-faces.eu\/index.php\/portfolio-category\/luminaires\/\" rel=\"tag\">Luminaires<\/a>\t<div class=\"qodef-info-separator-end\"><\/div>\n\t\t\t\t<\/div>\n\t\t\t<\/div>\n\t\t<\/div>\n\t<\/div>\n<\/article>\n<article class=\"qodef-e qodef-grid-item qodef-item--full  post-16456 portfolio-item type-portfolio-item status-publish has-post-thumbnail hentry portfolio-category-luminaires portfolio-category-repas portfolio-category-salon portfolio-tag-louis-poulsen portfolio-tag-luminaire portfolio-tag-suspension\">\n\t<div class=\"qodef-e-inner\" >\n\t\t<div class=\"qodef-e-image\">\n\t\t\t\t<div class=\"qodef-e-media-image\">\n\t\t<a itemprop=\"url\" href=\"https:\/\/inter-faces.eu\/index.php\/portfolio-item\/iconique-suspension-ph5-louis-poulsen\/\" target=\"_self\">\n\t\t\t<img loading=\"lazy\" decoding=\"async\" width=\"900\" height=\"720\" src=\"https:\/\/inter-faces.eu\/wp-content\/uploads\/2024\/07\/LOUIS-POULSEN-PH-5-5.jpg\" class=\"attachment-full size-full wp-post-image\" alt=\"\" srcset=\"https:\/\/inter-faces.eu\/wp-content\/uploads\/2024\/07\/LOUIS-POULSEN-PH-5-5.jpg 900w, https:\/\/inter-faces.eu\/wp-content\/uploads\/2024\/07\/LOUIS-POULSEN-PH-5-5-300x240.jpg 300w, https:\/\/inter-faces.eu\/wp-content\/uploads\/2024\/07\/LOUIS-POULSEN-PH-5-5-768x614.jpg 768w, https:\/\/inter-faces.eu\/wp-content\/uploads\/2024\/07\/LOUIS-POULSEN-PH-5-5-600x480.jpg 600w\" sizes=\"(max-width: 900px) 100vw, 900px\" \/>\t\t<\/a>\n\t<\/div>\n\t\t\t\t\t<\/div>\n\t\t<div class=\"qodef-e-content\" style=\"margin:24px 0 30px 0px\">\n\t\t\t<div class=\"qodef-e-text\">\n\t\t\t\t<h4 itemprop=\"name\" class=\"qodef-e-title entry-title\" >\n\t<a itemprop=\"url\" class=\"qodef-e-title-link\" href=\"https:\/\/inter-faces.eu\/index.php\/portfolio-item\/iconique-suspension-ph5-louis-poulsen\/\" target=\"_self\">\n\t\tIconique suspension PH5 \u2013 Louis Poulsen\t<\/a>\n<\/h4>\n\t\t\t<\/div>\n\t\t\t<div class=\"qodef-e-top-holder\">\n\t\t\t\t<div class=\"qodef-e-info\">\n\t\t\t\t\t\t<a href=\"https:\/\/inter-faces.eu\/index.php\/portfolio-category\/luminaires\/\" rel=\"tag\">Luminaires<\/a><span class=\"qodef-info-separator-single\"><\/span><a href=\"https:\/\/inter-faces.eu\/index.php\/portfolio-category\/repas\/\" rel=\"tag\">Repas<\/a><span class=\"qodef-info-separator-single\"><\/span><a href=\"https:\/\/inter-faces.eu\/index.php\/portfolio-category\/salon\/\" rel=\"tag\">Salon<\/a>\t<div class=\"qodef-info-separator-end\"><\/div>\n\t\t\t\t<\/div>\n\t\t\t<\/div>\n\t\t<\/div>\n\t<\/div>\n<\/article>\n<article class=\"qodef-e qodef-grid-item qodef-item--full  post-16435 portfolio-item type-portfolio-item status-publish has-post-thumbnail hentry portfolio-category-luminaires portfolio-tag-applique portfolio-tag-luminaire portfolio-tag-nemo-lighting portfolio-tag-suspension\">\n\t<div class=\"qodef-e-inner\" >\n\t\t<div class=\"qodef-e-image\">\n\t\t\t\t<div class=\"qodef-e-media-image\">\n\t\t<a itemprop=\"url\" href=\"https:\/\/inter-faces.eu\/index.php\/portfolio-item\/spectaculaire-et-minimaliste-zirkol-nemo-lighting\/\" target=\"_self\">\n\t\t\t<img loading=\"lazy\" decoding=\"async\" width=\"800\" height=\"800\" src=\"https:\/\/inter-faces.eu\/wp-content\/uploads\/2024\/07\/applique-zirkol-led-integre-2700k-plusieurs-dimensions-disponibles-nemo-lighting.jpg\" class=\"attachment-full size-full wp-post-image\" alt=\"\" srcset=\"https:\/\/inter-faces.eu\/wp-content\/uploads\/2024\/07\/applique-zirkol-led-integre-2700k-plusieurs-dimensions-disponibles-nemo-lighting.jpg 800w, https:\/\/inter-faces.eu\/wp-content\/uploads\/2024\/07\/applique-zirkol-led-integre-2700k-plusieurs-dimensions-disponibles-nemo-lighting-300x300.jpg 300w, https:\/\/inter-faces.eu\/wp-content\/uploads\/2024\/07\/applique-zirkol-led-integre-2700k-plusieurs-dimensions-disponibles-nemo-lighting-150x150.jpg 150w, https:\/\/inter-faces.eu\/wp-content\/uploads\/2024\/07\/applique-zirkol-led-integre-2700k-plusieurs-dimensions-disponibles-nemo-lighting-768x768.jpg 768w, https:\/\/inter-faces.eu\/wp-content\/uploads\/2024\/07\/applique-zirkol-led-integre-2700k-plusieurs-dimensions-disponibles-nemo-lighting-650x650.jpg 650w, https:\/\/inter-faces.eu\/wp-content\/uploads\/2024\/07\/applique-zirkol-led-integre-2700k-plusieurs-dimensions-disponibles-nemo-lighting-600x600.jpg 600w, https:\/\/inter-faces.eu\/wp-content\/uploads\/2024\/07\/applique-zirkol-led-integre-2700k-plusieurs-dimensions-disponibles-nemo-lighting-100x100.jpg 100w\" sizes=\"(max-width: 800px) 100vw, 800px\" \/>\t\t<\/a>\n\t<\/div>\n\t\t\t\t\t<\/div>\n\t\t<div class=\"qodef-e-content\" style=\"margin:24px 0 30px 0px\">\n\t\t\t<div class=\"qodef-e-text\">\n\t\t\t\t<h4 itemprop=\"name\" class=\"qodef-e-title entry-title\" >\n\t<a itemprop=\"url\" class=\"qodef-e-title-link\" href=\"https:\/\/inter-faces.eu\/index.php\/portfolio-item\/spectaculaire-et-minimaliste-zirkol-nemo-lighting\/\" target=\"_self\">\n\t\tSpectaculaire et minimaliste ZIRKOL &#8211; Nemo Lighting\t<\/a>\n<\/h4>\n\t\t\t<\/div>\n\t\t\t<div class=\"qodef-e-top-holder\">\n\t\t\t\t<div class=\"qodef-e-info\">\n\t\t\t\t\t\t<a href=\"https:\/\/inter-faces.eu\/index.php\/portfolio-category\/luminaires\/\" rel=\"tag\">Luminaires<\/a>\t<div class=\"qodef-info-separator-end\"><\/div>\n\t\t\t\t<\/div>\n\t\t\t<\/div>\n\t\t<\/div>\n\t<\/div>\n<\/article>\n<article class=\"qodef-e qodef-grid-item qodef-item--full  post-16420 portfolio-item type-portfolio-item status-publish has-post-thumbnail hentry portfolio-category-luminaires portfolio-tag-applique portfolio-tag-luminaire portfolio-tag-suspension portfolio-tag-vibia\">\n\t<div class=\"qodef-e-inner\" >\n\t\t<div class=\"qodef-e-image\">\n\t\t\t\t<div class=\"qodef-e-media-image\">\n\t\t<a itemprop=\"url\" href=\"https:\/\/inter-faces.eu\/index.php\/portfolio-item\/plafonnier-et-applique-top-vibia\/\" target=\"_self\">\n\t\t\t<img loading=\"lazy\" decoding=\"async\" width=\"669\" height=\"530\" src=\"https:\/\/inter-faces.eu\/wp-content\/uploads\/2024\/07\/top_apl_slide_03.jpg\" class=\"attachment-full size-full wp-post-image\" alt=\"\" srcset=\"https:\/\/inter-faces.eu\/wp-content\/uploads\/2024\/07\/top_apl_slide_03.jpg 669w, https:\/\/inter-faces.eu\/wp-content\/uploads\/2024\/07\/top_apl_slide_03-300x238.jpg 300w, https:\/\/inter-faces.eu\/wp-content\/uploads\/2024\/07\/top_apl_slide_03-600x475.jpg 600w\" sizes=\"(max-width: 669px) 100vw, 669px\" \/>\t\t<\/a>\n\t<\/div>\n\t\t\t\t\t<\/div>\n\t\t<div class=\"qodef-e-content\" style=\"margin:24px 0 30px 0px\">\n\t\t\t<div class=\"qodef-e-text\">\n\t\t\t\t<h4 itemprop=\"name\" class=\"qodef-e-title entry-title\" >\n\t<a itemprop=\"url\" class=\"qodef-e-title-link\" href=\"https:\/\/inter-faces.eu\/index.php\/portfolio-item\/plafonnier-et-applique-top-vibia\/\" target=\"_self\">\n\t\tPlafonnier et applique Top &#8211; Vibia\t<\/a>\n<\/h4>\n\t\t\t<\/div>\n\t\t\t<div class=\"qodef-e-top-holder\">\n\t\t\t\t<div class=\"qodef-e-info\">\n\t\t\t\t\t\t<a href=\"https:\/\/inter-faces.eu\/index.php\/portfolio-category\/luminaires\/\" rel=\"tag\">Luminaires<\/a>\t<div class=\"qodef-info-separator-end\"><\/div>\n\t\t\t\t<\/div>\n\t\t\t<\/div>\n\t\t<\/div>\n\t<\/div>\n<\/article>\n<article class=\"qodef-e qodef-grid-item qodef-item--full  post-16419 portfolio-item type-portfolio-item status-publish has-post-thumbnail hentry portfolio-category-luminaires portfolio-category-salon portfolio-tag-foscarini portfolio-tag-luminaire portfolio-tag-suspension\">\n\t<div class=\"qodef-e-inner\" >\n\t\t<div class=\"qodef-e-image\">\n\t\t\t\t<div class=\"qodef-e-media-image\">\n\t\t<a itemprop=\"url\" href=\"https:\/\/inter-faces.eu\/index.php\/portfolio-item\/collection-spokes-foscarini\/\" target=\"_self\">\n\t\t\t<img loading=\"lazy\" decoding=\"async\" width=\"979\" height=\"1146\" src=\"https:\/\/inter-faces.eu\/wp-content\/uploads\/2024\/07\/foscarini_spokes_12-e1722260823884.jpg\" class=\"attachment-full size-full wp-post-image\" alt=\"\" srcset=\"https:\/\/inter-faces.eu\/wp-content\/uploads\/2024\/07\/foscarini_spokes_12-e1722260823884.jpg 979w, https:\/\/inter-faces.eu\/wp-content\/uploads\/2024\/07\/foscarini_spokes_12-e1722260823884-256x300.jpg 256w, https:\/\/inter-faces.eu\/wp-content\/uploads\/2024\/07\/foscarini_spokes_12-e1722260823884-875x1024.jpg 875w, https:\/\/inter-faces.eu\/wp-content\/uploads\/2024\/07\/foscarini_spokes_12-e1722260823884-768x899.jpg 768w, https:\/\/inter-faces.eu\/wp-content\/uploads\/2024\/07\/foscarini_spokes_12-e1722260823884-600x702.jpg 600w\" sizes=\"(max-width: 979px) 100vw, 979px\" \/>\t\t<\/a>\n\t<\/div>\n\t\t\t\t\t<\/div>\n\t\t<div class=\"qodef-e-content\" style=\"margin:24px 0 30px 0px\">\n\t\t\t<div class=\"qodef-e-text\">\n\t\t\t\t<h4 itemprop=\"name\" class=\"qodef-e-title entry-title\" >\n\t<a itemprop=\"url\" class=\"qodef-e-title-link\" href=\"https:\/\/inter-faces.eu\/index.php\/portfolio-item\/collection-spokes-foscarini\/\" target=\"_self\">\n\t\tCollection Spokes &#8211; Foscarini\t<\/a>\n<\/h4>\n\t\t\t<\/div>\n\t\t\t<div class=\"qodef-e-top-holder\">\n\t\t\t\t<div class=\"qodef-e-info\">\n\t\t\t\t\t\t<a href=\"https:\/\/inter-faces.eu\/index.php\/portfolio-category\/luminaires\/\" rel=\"tag\">Luminaires<\/a><span class=\"qodef-info-separator-single\"><\/span><a href=\"https:\/\/inter-faces.eu\/index.php\/portfolio-category\/salon\/\" rel=\"tag\">Salon<\/a>\t<div class=\"qodef-info-separator-end\"><\/div>\n\t\t\t\t<\/div>\n\t\t\t<\/div>\n\t\t<\/div>\n\t<\/div>\n<\/article>\n<article class=\"qodef-e qodef-grid-item qodef-item--full  post-16348 portfolio-item type-portfolio-item status-publish has-post-thumbnail hentry portfolio-category-luminaires portfolio-category-outdoor portfolio-tag-luminaire portfolio-tag-outdoor portfolio-tag-suspension\">\n\t<div class=\"qodef-e-inner\" >\n\t\t<div class=\"qodef-e-image\">\n\t\t\t\t<div class=\"qodef-e-media-image\">\n\t\t<a itemprop=\"url\" href=\"https:\/\/inter-faces.eu\/index.php\/portfolio-item\/hommage-aux-oursins-lampe-garota-s-01-outdoor-bover\/\" target=\"_self\">\n\t\t\t<img loading=\"lazy\" decoding=\"async\" width=\"960\" height=\"768\" src=\"https:\/\/inter-faces.eu\/wp-content\/uploads\/2024\/07\/BOVER-GAROTA-S01-AMBIENTE-03.jpg\" class=\"attachment-full size-full wp-post-image\" alt=\"\" srcset=\"https:\/\/inter-faces.eu\/wp-content\/uploads\/2024\/07\/BOVER-GAROTA-S01-AMBIENTE-03.jpg 960w, https:\/\/inter-faces.eu\/wp-content\/uploads\/2024\/07\/BOVER-GAROTA-S01-AMBIENTE-03-300x240.jpg 300w, https:\/\/inter-faces.eu\/wp-content\/uploads\/2024\/07\/BOVER-GAROTA-S01-AMBIENTE-03-768x614.jpg 768w, https:\/\/inter-faces.eu\/wp-content\/uploads\/2024\/07\/BOVER-GAROTA-S01-AMBIENTE-03-600x480.jpg 600w\" sizes=\"(max-width: 960px) 100vw, 960px\" \/>\t\t<\/a>\n\t<\/div>\n\t\t\t\t\t<\/div>\n\t\t<div class=\"qodef-e-content\" style=\"margin:24px 0 30px 0px\">\n\t\t\t<div class=\"qodef-e-text\">\n\t\t\t\t<h4 itemprop=\"name\" class=\"qodef-e-title entry-title\" >\n\t<a itemprop=\"url\" class=\"qodef-e-title-link\" href=\"https:\/\/inter-faces.eu\/index.php\/portfolio-item\/hommage-aux-oursins-lampe-garota-s-01-outdoor-bover\/\" target=\"_self\">\n\t\tHommage aux oursins&#8230; Lampe Garota S\/01 Outdoor &#8211; Bover\t<\/a>\n<\/h4>\n\t\t\t<\/div>\n\t\t\t<div class=\"qodef-e-top-holder\">\n\t\t\t\t<div class=\"qodef-e-info\">\n\t\t\t\t\t\t<a href=\"https:\/\/inter-faces.eu\/index.php\/portfolio-category\/luminaires\/\" rel=\"tag\">Luminaires<\/a><span class=\"qodef-info-separator-single\"><\/span><a href=\"https:\/\/inter-faces.eu\/index.php\/portfolio-category\/outdoor\/\" rel=\"tag\">Outdoor<\/a>\t<div class=\"qodef-info-separator-end\"><\/div>\n\t\t\t\t<\/div>\n\t\t\t<\/div>\n\t\t<\/div>\n\t<\/div>\n<\/article>\n<article class=\"qodef-e qodef-grid-item qodef-item--full  post-16339 portfolio-item type-portfolio-item status-publish has-post-thumbnail hentry portfolio-category-luminaires portfolio-tag-dcw-luminaires portfolio-tag-lampe-a-poser portfolio-tag-luminaire\">\n\t<div class=\"qodef-e-inner\" >\n\t\t<div class=\"qodef-e-image\">\n\t\t\t\t<div class=\"qodef-e-media-image\">\n\t\t<a itemprop=\"url\" href=\"https:\/\/inter-faces.eu\/index.php\/portfolio-item\/inclassable-collection-cauvet-dcw-editions\/\" target=\"_self\">\n\t\t\t<img loading=\"lazy\" decoding=\"async\" width=\"800\" height=\"800\" src=\"https:\/\/inter-faces.eu\/wp-content\/uploads\/2024\/07\/collection-cauvet-pi-lampe-de-table2.jpg\" class=\"attachment-full size-full wp-post-image\" alt=\"\" srcset=\"https:\/\/inter-faces.eu\/wp-content\/uploads\/2024\/07\/collection-cauvet-pi-lampe-de-table2.jpg 800w, https:\/\/inter-faces.eu\/wp-content\/uploads\/2024\/07\/collection-cauvet-pi-lampe-de-table2-300x300.jpg 300w, https:\/\/inter-faces.eu\/wp-content\/uploads\/2024\/07\/collection-cauvet-pi-lampe-de-table2-150x150.jpg 150w, https:\/\/inter-faces.eu\/wp-content\/uploads\/2024\/07\/collection-cauvet-pi-lampe-de-table2-768x768.jpg 768w, https:\/\/inter-faces.eu\/wp-content\/uploads\/2024\/07\/collection-cauvet-pi-lampe-de-table2-650x650.jpg 650w, https:\/\/inter-faces.eu\/wp-content\/uploads\/2024\/07\/collection-cauvet-pi-lampe-de-table2-600x600.jpg 600w, https:\/\/inter-faces.eu\/wp-content\/uploads\/2024\/07\/collection-cauvet-pi-lampe-de-table2-100x100.jpg 100w\" sizes=\"(max-width: 800px) 100vw, 800px\" \/>\t\t<\/a>\n\t<\/div>\n\t\t\t\t\t<\/div>\n\t\t<div class=\"qodef-e-content\" style=\"margin:24px 0 30px 0px\">\n\t\t\t<div class=\"qodef-e-text\">\n\t\t\t\t<h4 itemprop=\"name\" class=\"qodef-e-title entry-title\" >\n\t<a itemprop=\"url\" class=\"qodef-e-title-link\" href=\"https:\/\/inter-faces.eu\/index.php\/portfolio-item\/inclassable-collection-cauvet-dcw-editions\/\" target=\"_self\">\n\t\tInclassable Collection Cauvet &#8211; DCW Editions\t<\/a>\n<\/h4>\n\t\t\t<\/div>\n\t\t\t<div class=\"qodef-e-top-holder\">\n\t\t\t\t<div class=\"qodef-e-info\">\n\t\t\t\t\t\t<a href=\"https:\/\/inter-faces.eu\/index.php\/portfolio-category\/luminaires\/\" rel=\"tag\">Luminaires<\/a>\t<div class=\"qodef-info-separator-end\"><\/div>\n\t\t\t\t<\/div>\n\t\t\t<\/div>\n\t\t<\/div>\n\t<\/div>\n<\/article>\n<article class=\"qodef-e qodef-grid-item qodef-item--full  post-16261 portfolio-item type-portfolio-item status-publish has-post-thumbnail hentry portfolio-category-luminaires portfolio-tag-luminaire portfolio-tag-marcel-wanders portfolio-tag-moooi portfolio-tag-suspension\">\n\t<div class=\"qodef-e-inner\" >\n\t\t<div class=\"qodef-e-image\">\n\t\t\t\t<div class=\"qodef-e-media-image\">\n\t\t<a itemprop=\"url\" href=\"https:\/\/inter-faces.eu\/index.php\/portfolio-item\/hubble-bubble-de-marcel-wanders-moooi\/\" target=\"_self\">\n\t\t\t<img loading=\"lazy\" decoding=\"async\" width=\"983\" height=\"1476\" src=\"https:\/\/inter-faces.eu\/wp-content\/uploads\/2024\/07\/Hubble-Bubble-frosted-11-applied-01_1.webp\" class=\"attachment-full size-full wp-post-image\" alt=\"\" srcset=\"https:\/\/inter-faces.eu\/wp-content\/uploads\/2024\/07\/Hubble-Bubble-frosted-11-applied-01_1.webp 983w, https:\/\/inter-faces.eu\/wp-content\/uploads\/2024\/07\/Hubble-Bubble-frosted-11-applied-01_1-200x300.webp 200w, https:\/\/inter-faces.eu\/wp-content\/uploads\/2024\/07\/Hubble-Bubble-frosted-11-applied-01_1-682x1024.webp 682w, https:\/\/inter-faces.eu\/wp-content\/uploads\/2024\/07\/Hubble-Bubble-frosted-11-applied-01_1-768x1153.webp 768w, https:\/\/inter-faces.eu\/wp-content\/uploads\/2024\/07\/Hubble-Bubble-frosted-11-applied-01_1-600x901.webp 600w\" sizes=\"(max-width: 983px) 100vw, 983px\" \/>\t\t<\/a>\n\t<\/div>\n\t\t\t\t\t<\/div>\n\t\t<div class=\"qodef-e-content\" style=\"margin:24px 0 30px 0px\">\n\t\t\t<div class=\"qodef-e-text\">\n\t\t\t\t<h4 itemprop=\"name\" class=\"qodef-e-title entry-title\" >\n\t<a itemprop=\"url\" class=\"qodef-e-title-link\" href=\"https:\/\/inter-faces.eu\/index.php\/portfolio-item\/hubble-bubble-de-marcel-wanders-moooi\/\" target=\"_self\">\n\t\tHubble Bubble, de Marcel Wanders  &#8211; Moooi\t<\/a>\n<\/h4>\n\t\t\t<\/div>\n\t\t\t<div class=\"qodef-e-top-holder\">\n\t\t\t\t<div class=\"qodef-e-info\">\n\t\t\t\t\t\t<a href=\"https:\/\/inter-faces.eu\/index.php\/portfolio-category\/luminaires\/\" rel=\"tag\">Luminaires<\/a>\t<div class=\"qodef-info-separator-end\"><\/div>\n\t\t\t\t<\/div>\n\t\t\t<\/div>\n\t\t<\/div>\n\t<\/div>\n<\/article>\n<article class=\"qodef-e qodef-grid-item qodef-item--full  post-16260 portfolio-item type-portfolio-item status-publish has-post-thumbnail hentry portfolio-category-bureau-a-la-maison portfolio-category-luminaires portfolio-tag-lampe-a-poser portfolio-tag-lumina portfolio-tag-luminaire\">\n\t<div class=\"qodef-e-inner\" >\n\t\t<div class=\"qodef-e-image\">\n\t\t\t\t<div class=\"qodef-e-media-image\">\n\t\t<a itemprop=\"url\" href=\"https:\/\/inter-faces.eu\/index.php\/portfolio-item\/flo-desk-beaucoup-de-lumiere-peu-de-lampe-lumina\/\" target=\"_self\">\n\t\t\t<img loading=\"lazy\" decoding=\"async\" width=\"1800\" height=\"1400\" src=\"https:\/\/inter-faces.eu\/wp-content\/uploads\/2024\/07\/Gallery_Flo_Desk_01.jpg\" class=\"attachment-full size-full wp-post-image\" alt=\"\" srcset=\"https:\/\/inter-faces.eu\/wp-content\/uploads\/2024\/07\/Gallery_Flo_Desk_01.jpg 1800w, https:\/\/inter-faces.eu\/wp-content\/uploads\/2024\/07\/Gallery_Flo_Desk_01-300x233.jpg 300w, https:\/\/inter-faces.eu\/wp-content\/uploads\/2024\/07\/Gallery_Flo_Desk_01-1024x796.jpg 1024w, https:\/\/inter-faces.eu\/wp-content\/uploads\/2024\/07\/Gallery_Flo_Desk_01-768x597.jpg 768w, https:\/\/inter-faces.eu\/wp-content\/uploads\/2024\/07\/Gallery_Flo_Desk_01-1536x1195.jpg 1536w, https:\/\/inter-faces.eu\/wp-content\/uploads\/2024\/07\/Gallery_Flo_Desk_01-600x467.jpg 600w\" sizes=\"(max-width: 1800px) 100vw, 1800px\" \/>\t\t<\/a>\n\t<\/div>\n\t\t\t\t\t<\/div>\n\t\t<div class=\"qodef-e-content\" style=\"margin:24px 0 30px 0px\">\n\t\t\t<div class=\"qodef-e-text\">\n\t\t\t\t<h4 itemprop=\"name\" class=\"qodef-e-title entry-title\" >\n\t<a itemprop=\"url\" class=\"qodef-e-title-link\" href=\"https:\/\/inter-faces.eu\/index.php\/portfolio-item\/flo-desk-beaucoup-de-lumiere-peu-de-lampe-lumina\/\" target=\"_self\">\n\t\tFlo Desk &#8211; Beaucoup de lumi\u00e8re, peu de lampe \u2013 Lumina\t<\/a>\n<\/h4>\n\t\t\t<\/div>\n\t\t\t<div class=\"qodef-e-top-holder\">\n\t\t\t\t<div class=\"qodef-e-info\">\n\t\t\t\t\t\t<a href=\"https:\/\/inter-faces.eu\/index.php\/portfolio-category\/bureau-a-la-maison\/\" rel=\"tag\">Bureau \u00e0 la maison<\/a><span class=\"qodef-info-separator-single\"><\/span><a href=\"https:\/\/inter-faces.eu\/index.php\/portfolio-category\/luminaires\/\" rel=\"tag\">Luminaires<\/a>\t<div class=\"qodef-info-separator-end\"><\/div>\n\t\t\t\t<\/div>\n\t\t\t<\/div>\n\t\t<\/div>\n\t<\/div>\n<\/article>\n<article class=\"qodef-e qodef-grid-item qodef-item--full  post-16247 portfolio-item type-portfolio-item status-publish has-post-thumbnail hentry portfolio-category-luminaires portfolio-category-salon portfolio-tag-applique portfolio-tag-flos portfolio-tag-icone portfolio-tag-luminaire\">\n\t<div class=\"qodef-e-inner\" >\n\t\t<div class=\"qodef-e-image\">\n\t\t\t\t<div class=\"qodef-e-media-image\">\n\t\t<a itemprop=\"url\" href=\"https:\/\/inter-faces.eu\/index.php\/portfolio-item\/applique-foglio-flos\/\" target=\"_self\">\n\t\t\t<img loading=\"lazy\" decoding=\"async\" width=\"2560\" height=\"1920\" src=\"https:\/\/inter-faces.eu\/wp-content\/uploads\/2024\/07\/flos_foglio_04-scaled.jpg\" class=\"attachment-full size-full wp-post-image\" alt=\"\" srcset=\"https:\/\/inter-faces.eu\/wp-content\/uploads\/2024\/07\/flos_foglio_04-scaled.jpg 2560w, https:\/\/inter-faces.eu\/wp-content\/uploads\/2024\/07\/flos_foglio_04-300x225.jpg 300w, https:\/\/inter-faces.eu\/wp-content\/uploads\/2024\/07\/flos_foglio_04-1024x768.jpg 1024w, https:\/\/inter-faces.eu\/wp-content\/uploads\/2024\/07\/flos_foglio_04-768x576.jpg 768w, https:\/\/inter-faces.eu\/wp-content\/uploads\/2024\/07\/flos_foglio_04-1536x1152.jpg 1536w, https:\/\/inter-faces.eu\/wp-content\/uploads\/2024\/07\/flos_foglio_04-2048x1536.jpg 2048w, https:\/\/inter-faces.eu\/wp-content\/uploads\/2024\/07\/flos_foglio_04-600x450.jpg 600w\" sizes=\"(max-width: 2560px) 100vw, 2560px\" \/>\t\t<\/a>\n\t<\/div>\n\t\t\t\t\t<\/div>\n\t\t<div class=\"qodef-e-content\" style=\"margin:24px 0 30px 0px\">\n\t\t\t<div class=\"qodef-e-text\">\n\t\t\t\t<h4 itemprop=\"name\" class=\"qodef-e-title entry-title\" >\n\t<a itemprop=\"url\" class=\"qodef-e-title-link\" href=\"https:\/\/inter-faces.eu\/index.php\/portfolio-item\/applique-foglio-flos\/\" target=\"_self\">\n\t\tApplique Foglio &#8211; Flos\t<\/a>\n<\/h4>\n\t\t\t<\/div>\n\t\t\t<div class=\"qodef-e-top-holder\">\n\t\t\t\t<div class=\"qodef-e-info\">\n\t\t\t\t\t\t<a href=\"https:\/\/inter-faces.eu\/index.php\/portfolio-category\/luminaires\/\" rel=\"tag\">Luminaires<\/a><span class=\"qodef-info-separator-single\"><\/span><a href=\"https:\/\/inter-faces.eu\/index.php\/portfolio-category\/salon\/\" rel=\"tag\">Salon<\/a>\t<div class=\"qodef-info-separator-end\"><\/div>\n\t\t\t\t<\/div>\n\t\t\t<\/div>\n\t\t<\/div>\n\t<\/div>\n<\/article>\n<article class=\"qodef-e qodef-grid-item qodef-item--full  post-16245 portfolio-item type-portfolio-item status-publish has-post-thumbnail hentry portfolio-category-luminaires portfolio-tag-applique portfolio-tag-foscarini portfolio-tag-lampadaire portfolio-tag-lampe-a-poser portfolio-tag-luminaire portfolio-tag-suspension\">\n\t<div class=\"qodef-e-inner\" >\n\t\t<div class=\"qodef-e-image\">\n\t\t\t\t<div class=\"qodef-e-media-image\">\n\t\t<a itemprop=\"url\" href=\"https:\/\/inter-faces.eu\/index.php\/portfolio-item\/collection-birdie-foscarini\/\" target=\"_self\">\n\t\t\t<img loading=\"lazy\" decoding=\"async\" width=\"800\" height=\"533\" src=\"https:\/\/inter-faces.eu\/wp-content\/uploads\/2024\/07\/Foscarini_DT_HD_V1-10def.webp\" class=\"attachment-full size-full wp-post-image\" alt=\"\" srcset=\"https:\/\/inter-faces.eu\/wp-content\/uploads\/2024\/07\/Foscarini_DT_HD_V1-10def.webp 800w, https:\/\/inter-faces.eu\/wp-content\/uploads\/2024\/07\/Foscarini_DT_HD_V1-10def-300x200.webp 300w, https:\/\/inter-faces.eu\/wp-content\/uploads\/2024\/07\/Foscarini_DT_HD_V1-10def-768x512.webp 768w, https:\/\/inter-faces.eu\/wp-content\/uploads\/2024\/07\/Foscarini_DT_HD_V1-10def-600x400.webp 600w\" sizes=\"(max-width: 800px) 100vw, 800px\" \/>\t\t<\/a>\n\t<\/div>\n\t\t\t\t\t<\/div>\n\t\t<div class=\"qodef-e-content\" style=\"margin:24px 0 30px 0px\">\n\t\t\t<div class=\"qodef-e-text\">\n\t\t\t\t<h4 itemprop=\"name\" class=\"qodef-e-title entry-title\" >\n\t<a itemprop=\"url\" class=\"qodef-e-title-link\" href=\"https:\/\/inter-faces.eu\/index.php\/portfolio-item\/collection-birdie-foscarini\/\" target=\"_self\">\n\t\tCollection Birdie &#8211; Foscarini\t<\/a>\n<\/h4>\n\t\t\t<\/div>\n\t\t\t<div class=\"qodef-e-top-holder\">\n\t\t\t\t<div class=\"qodef-e-info\">\n\t\t\t\t\t\t<a href=\"https:\/\/inter-faces.eu\/index.php\/portfolio-category\/luminaires\/\" rel=\"tag\">Luminaires<\/a>\t<div class=\"qodef-info-separator-end\"><\/div>\n\t\t\t\t<\/div>\n\t\t\t<\/div>\n\t\t<\/div>\n\t<\/div>\n<\/article>\n<article class=\"qodef-e qodef-grid-item qodef-item--full  post-16207 portfolio-item type-portfolio-item status-publish has-post-thumbnail hentry portfolio-category-luminaires portfolio-tag-luminaire portfolio-tag-suspension portfolio-tag-vibia\">\n\t<div class=\"qodef-e-inner\" >\n\t\t<div class=\"qodef-e-image\">\n\t\t\t\t<div class=\"qodef-e-media-image\">\n\t\t<a itemprop=\"url\" href=\"https:\/\/inter-faces.eu\/index.php\/portfolio-item\/plafonniers-duo-vibia\/\" target=\"_self\">\n\t\t\t<img loading=\"lazy\" decoding=\"async\" width=\"800\" height=\"1067\" src=\"https:\/\/inter-faces.eu\/wp-content\/uploads\/2024\/07\/vibia-the-edit-my-pick-designer-favourite-ceiling-lights-duo-2-800x1067-1.jpg\" class=\"attachment-full size-full wp-post-image\" alt=\"\" srcset=\"https:\/\/inter-faces.eu\/wp-content\/uploads\/2024\/07\/vibia-the-edit-my-pick-designer-favourite-ceiling-lights-duo-2-800x1067-1.jpg 800w, https:\/\/inter-faces.eu\/wp-content\/uploads\/2024\/07\/vibia-the-edit-my-pick-designer-favourite-ceiling-lights-duo-2-800x1067-1-225x300.jpg 225w, https:\/\/inter-faces.eu\/wp-content\/uploads\/2024\/07\/vibia-the-edit-my-pick-designer-favourite-ceiling-lights-duo-2-800x1067-1-768x1024.jpg 768w, https:\/\/inter-faces.eu\/wp-content\/uploads\/2024\/07\/vibia-the-edit-my-pick-designer-favourite-ceiling-lights-duo-2-800x1067-1-600x800.jpg 600w\" sizes=\"(max-width: 800px) 100vw, 800px\" \/>\t\t<\/a>\n\t<\/div>\n\t\t\t\t\t<\/div>\n\t\t<div class=\"qodef-e-content\" style=\"margin:24px 0 30px 0px\">\n\t\t\t<div class=\"qodef-e-text\">\n\t\t\t\t<h4 itemprop=\"name\" class=\"qodef-e-title entry-title\" >\n\t<a itemprop=\"url\" class=\"qodef-e-title-link\" href=\"https:\/\/inter-faces.eu\/index.php\/portfolio-item\/plafonniers-duo-vibia\/\" target=\"_self\">\n\t\tPlafonniers Duo &#8211; Vibia\t<\/a>\n<\/h4>\n\t\t\t<\/div>\n\t\t\t<div class=\"qodef-e-top-holder\">\n\t\t\t\t<div class=\"qodef-e-info\">\n\t\t\t\t\t\t<a href=\"https:\/\/inter-faces.eu\/index.php\/portfolio-category\/luminaires\/\" rel=\"tag\">Luminaires<\/a>\t<div class=\"qodef-info-separator-end\"><\/div>\n\t\t\t\t<\/div>\n\t\t\t<\/div>\n\t\t<\/div>\n\t<\/div>\n<\/article>\n<article class=\"qodef-e qodef-grid-item qodef-item--full  post-16168 portfolio-item type-portfolio-item status-publish has-post-thumbnail hentry portfolio-category-luminaires portfolio-tag-lampe-a-poser portfolio-tag-le-corbusier portfolio-tag-luminaire portfolio-tag-nemo-lighting\">\n\t<div class=\"qodef-e-inner\" >\n\t\t<div class=\"qodef-e-image\">\n\t\t\t\t<div class=\"qodef-e-media-image\">\n\t\t<a itemprop=\"url\" href=\"https:\/\/inter-faces.eu\/index.php\/portfolio-item\/borne-beton-petite-le-corbusier-nemolighting\/\" target=\"_self\">\n\t\t\t<img loading=\"lazy\" decoding=\"async\" width=\"1080\" height=\"1080\" src=\"https:\/\/inter-faces.eu\/wp-content\/uploads\/2024\/07\/129png.png\" class=\"attachment-full size-full wp-post-image\" alt=\"\" srcset=\"https:\/\/inter-faces.eu\/wp-content\/uploads\/2024\/07\/129png.png 1080w, https:\/\/inter-faces.eu\/wp-content\/uploads\/2024\/07\/129png-300x300.png 300w, https:\/\/inter-faces.eu\/wp-content\/uploads\/2024\/07\/129png-1024x1024.png 1024w, https:\/\/inter-faces.eu\/wp-content\/uploads\/2024\/07\/129png-150x150.png 150w, https:\/\/inter-faces.eu\/wp-content\/uploads\/2024\/07\/129png-768x768.png 768w, https:\/\/inter-faces.eu\/wp-content\/uploads\/2024\/07\/129png-650x650.png 650w, https:\/\/inter-faces.eu\/wp-content\/uploads\/2024\/07\/129png-600x600.png 600w, https:\/\/inter-faces.eu\/wp-content\/uploads\/2024\/07\/129png-100x100.png 100w\" sizes=\"(max-width: 1080px) 100vw, 1080px\" \/>\t\t<\/a>\n\t<\/div>\n\t\t\t\t\t<\/div>\n\t\t<div class=\"qodef-e-content\" style=\"margin:24px 0 30px 0px\">\n\t\t\t<div class=\"qodef-e-text\">\n\t\t\t\t<h4 itemprop=\"name\" class=\"qodef-e-title entry-title\" >\n\t<a itemprop=\"url\" class=\"qodef-e-title-link\" href=\"https:\/\/inter-faces.eu\/index.php\/portfolio-item\/borne-beton-petite-le-corbusier-nemolighting\/\" target=\"_self\">\n\t\tBorne B\u00e9ton Petite &#8211; Le Corbusier &#8211; Nemolighting\t<\/a>\n<\/h4>\n\t\t\t<\/div>\n\t\t\t<div class=\"qodef-e-top-holder\">\n\t\t\t\t<div class=\"qodef-e-info\">\n\t\t\t\t\t\t<a href=\"https:\/\/inter-faces.eu\/index.php\/portfolio-category\/luminaires\/\" rel=\"tag\">Luminaires<\/a>\t<div class=\"qodef-info-separator-end\"><\/div>\n\t\t\t\t<\/div>\n\t\t\t<\/div>\n\t\t<\/div>\n\t<\/div>\n<\/article>\n<article class=\"qodef-e qodef-grid-item qodef-item--full  post-16167 portfolio-item type-portfolio-item status-publish has-post-thumbnail hentry portfolio-category-luminaires portfolio-category-outdoor portfolio-tag-lampadaire portfolio-tag-lampe-a-poser portfolio-tag-louis-poulsen portfolio-tag-luminaire portfolio-tag-nomade portfolio-tag-outdoor\">\n\t<div class=\"qodef-e-inner\" >\n\t\t<div class=\"qodef-e-image\">\n\t\t\t\t<div class=\"qodef-e-media-image\">\n\t\t<a itemprop=\"url\" href=\"https:\/\/inter-faces.eu\/index.php\/portfolio-item\/collection-panthella-de-verner-panton-louis-poulsen\/\" target=\"_self\">\n\t\t\t<img loading=\"lazy\" decoding=\"async\" width=\"999\" height=\"1002\" src=\"https:\/\/inter-faces.eu\/wp-content\/uploads\/2024\/07\/pdp-panthella250portable-gallery-3-e1720089146594.webp\" class=\"attachment-full size-full wp-post-image\" alt=\"\" srcset=\"https:\/\/inter-faces.eu\/wp-content\/uploads\/2024\/07\/pdp-panthella250portable-gallery-3-e1720089146594.webp 999w, https:\/\/inter-faces.eu\/wp-content\/uploads\/2024\/07\/pdp-panthella250portable-gallery-3-e1720089146594-300x300.webp 300w, https:\/\/inter-faces.eu\/wp-content\/uploads\/2024\/07\/pdp-panthella250portable-gallery-3-e1720089146594-150x150.webp 150w, https:\/\/inter-faces.eu\/wp-content\/uploads\/2024\/07\/pdp-panthella250portable-gallery-3-e1720089146594-768x770.webp 768w, https:\/\/inter-faces.eu\/wp-content\/uploads\/2024\/07\/pdp-panthella250portable-gallery-3-e1720089146594-600x602.webp 600w, https:\/\/inter-faces.eu\/wp-content\/uploads\/2024\/07\/pdp-panthella250portable-gallery-3-e1720089146594-100x100.webp 100w\" sizes=\"(max-width: 999px) 100vw, 999px\" \/>\t\t<\/a>\n\t<\/div>\n\t\t\t\t\t<\/div>\n\t\t<div class=\"qodef-e-content\" style=\"margin:24px 0 30px 0px\">\n\t\t\t<div class=\"qodef-e-text\">\n\t\t\t\t<h4 itemprop=\"name\" class=\"qodef-e-title entry-title\" >\n\t<a itemprop=\"url\" class=\"qodef-e-title-link\" href=\"https:\/\/inter-faces.eu\/index.php\/portfolio-item\/collection-panthella-de-verner-panton-louis-poulsen\/\" target=\"_self\">\n\t\tCollection Panthella de Verner Panton \u2013 Louis Poulsen\t<\/a>\n<\/h4>\n\t\t\t<\/div>\n\t\t\t<div class=\"qodef-e-top-holder\">\n\t\t\t\t<div class=\"qodef-e-info\">\n\t\t\t\t\t\t<a href=\"https:\/\/inter-faces.eu\/index.php\/portfolio-category\/luminaires\/\" rel=\"tag\">Luminaires<\/a><span class=\"qodef-info-separator-single\"><\/span><a href=\"https:\/\/inter-faces.eu\/index.php\/portfolio-category\/outdoor\/\" rel=\"tag\">Outdoor<\/a>\t<div class=\"qodef-info-separator-end\"><\/div>\n\t\t\t\t<\/div>\n\t\t\t<\/div>\n\t\t<\/div>\n\t<\/div>\n<\/article>\n<article class=\"qodef-e qodef-grid-item qodef-item--full  post-16152 portfolio-item type-portfolio-item status-publish has-post-thumbnail hentry portfolio-category-luminaires portfolio-category-salon portfolio-tag-applique portfolio-tag-foscarini portfolio-tag-luminaire portfolio-tag-suspension\">\n\t<div class=\"qodef-e-inner\" >\n\t\t<div class=\"qodef-e-image\">\n\t\t\t\t<div class=\"qodef-e-media-image\">\n\t\t<a itemprop=\"url\" href=\"https:\/\/inter-faces.eu\/index.php\/portfolio-item\/collection-chouchin-douce-et-chaleureuse-foscarini\/\" target=\"_self\">\n\t\t\t<img loading=\"lazy\" decoding=\"async\" width=\"979\" height=\"1270\" src=\"https:\/\/inter-faces.eu\/wp-content\/uploads\/2024\/07\/3.8_Chouchin-Reverse1-1-e1720022009419.jpg\" class=\"attachment-full size-full wp-post-image\" alt=\"\" srcset=\"https:\/\/inter-faces.eu\/wp-content\/uploads\/2024\/07\/3.8_Chouchin-Reverse1-1-e1720022009419.jpg 979w, https:\/\/inter-faces.eu\/wp-content\/uploads\/2024\/07\/3.8_Chouchin-Reverse1-1-e1720022009419-231x300.jpg 231w, https:\/\/inter-faces.eu\/wp-content\/uploads\/2024\/07\/3.8_Chouchin-Reverse1-1-e1720022009419-789x1024.jpg 789w, https:\/\/inter-faces.eu\/wp-content\/uploads\/2024\/07\/3.8_Chouchin-Reverse1-1-e1720022009419-768x996.jpg 768w, https:\/\/inter-faces.eu\/wp-content\/uploads\/2024\/07\/3.8_Chouchin-Reverse1-1-e1720022009419-600x778.jpg 600w\" sizes=\"(max-width: 979px) 100vw, 979px\" \/>\t\t<\/a>\n\t<\/div>\n\t\t\t\t\t<\/div>\n\t\t<div class=\"qodef-e-content\" style=\"margin:24px 0 30px 0px\">\n\t\t\t<div class=\"qodef-e-text\">\n\t\t\t\t<h4 itemprop=\"name\" class=\"qodef-e-title entry-title\" >\n\t<a itemprop=\"url\" class=\"qodef-e-title-link\" href=\"https:\/\/inter-faces.eu\/index.php\/portfolio-item\/collection-chouchin-douce-et-chaleureuse-foscarini\/\" target=\"_self\">\n\t\tCollection Chouchin, douce et chaleureuse &#8211; Foscarini\t<\/a>\n<\/h4>\n\t\t\t<\/div>\n\t\t\t<div class=\"qodef-e-top-holder\">\n\t\t\t\t<div class=\"qodef-e-info\">\n\t\t\t\t\t\t<a href=\"https:\/\/inter-faces.eu\/index.php\/portfolio-category\/luminaires\/\" rel=\"tag\">Luminaires<\/a><span class=\"qodef-info-separator-single\"><\/span><a href=\"https:\/\/inter-faces.eu\/index.php\/portfolio-category\/salon\/\" rel=\"tag\">Salon<\/a>\t<div class=\"qodef-info-separator-end\"><\/div>\n\t\t\t\t<\/div>\n\t\t\t<\/div>\n\t\t<\/div>\n\t<\/div>\n<\/article>\n<article class=\"qodef-e qodef-grid-item qodef-item--full  post-16143 portfolio-item type-portfolio-item status-publish has-post-thumbnail hentry portfolio-category-luminaires portfolio-tag-kdln portfolio-tag-lampadaire portfolio-tag-luminaire\">\n\t<div class=\"qodef-e-inner\" >\n\t\t<div class=\"qodef-e-image\">\n\t\t\t\t<div class=\"qodef-e-media-image\">\n\t\t<a itemprop=\"url\" href=\"https:\/\/inter-faces.eu\/index.php\/portfolio-item\/kyudo-ou-la-voie-de-larc-kundalini\/\" target=\"_self\">\n\t\t\t<img loading=\"lazy\" decoding=\"async\" width=\"1070\" height=\"850\" src=\"https:\/\/inter-faces.eu\/wp-content\/uploads\/2024\/07\/KYUDO2-e1720019001396.jpg\" class=\"attachment-full size-full wp-post-image\" alt=\"\" srcset=\"https:\/\/inter-faces.eu\/wp-content\/uploads\/2024\/07\/KYUDO2-e1720019001396.jpg 1070w, https:\/\/inter-faces.eu\/wp-content\/uploads\/2024\/07\/KYUDO2-e1720019001396-300x238.jpg 300w, https:\/\/inter-faces.eu\/wp-content\/uploads\/2024\/07\/KYUDO2-e1720019001396-1024x813.jpg 1024w, https:\/\/inter-faces.eu\/wp-content\/uploads\/2024\/07\/KYUDO2-e1720019001396-768x610.jpg 768w, https:\/\/inter-faces.eu\/wp-content\/uploads\/2024\/07\/KYUDO2-e1720019001396-600x477.jpg 600w\" sizes=\"(max-width: 1070px) 100vw, 1070px\" \/>\t\t<\/a>\n\t<\/div>\n\t\t\t\t\t<\/div>\n\t\t<div class=\"qodef-e-content\" style=\"margin:24px 0 30px 0px\">\n\t\t\t<div class=\"qodef-e-text\">\n\t\t\t\t<h4 itemprop=\"name\" class=\"qodef-e-title entry-title\" >\n\t<a itemprop=\"url\" class=\"qodef-e-title-link\" href=\"https:\/\/inter-faces.eu\/index.php\/portfolio-item\/kyudo-ou-la-voie-de-larc-kundalini\/\" target=\"_self\">\n\t\tKyudo ou la voie de l\u2019arc \u2013 Kdln\t<\/a>\n<\/h4>\n\t\t\t<\/div>\n\t\t\t<div class=\"qodef-e-top-holder\">\n\t\t\t\t<div class=\"qodef-e-info\">\n\t\t\t\t\t\t<a href=\"https:\/\/inter-faces.eu\/index.php\/portfolio-category\/luminaires\/\" rel=\"tag\">Luminaires<\/a>\t<div class=\"qodef-info-separator-end\"><\/div>\n\t\t\t\t<\/div>\n\t\t\t<\/div>\n\t\t<\/div>\n\t<\/div>\n<\/article>\n<article class=\"qodef-e qodef-grid-item qodef-item--full  post-16127 portfolio-item type-portfolio-item status-publish has-post-thumbnail hentry portfolio-category-luminaires portfolio-tag-dcw-luminaires portfolio-tag-lampe-a-poser portfolio-tag-luminaire\">\n\t<div class=\"qodef-e-inner\" >\n\t\t<div class=\"qodef-e-image\">\n\t\t\t\t<div class=\"qodef-e-media-image\">\n\t\t<a itemprop=\"url\" href=\"https:\/\/inter-faces.eu\/index.php\/portfolio-item\/lampe-b-belle-de-jour-belle-de-nuit-dcw-editions\/\" target=\"_self\">\n\t\t\t<img loading=\"lazy\" decoding=\"async\" width=\"768\" height=\"768\" src=\"https:\/\/inter-faces.eu\/wp-content\/uploads\/2024\/07\/dcw-editions-la-lampe-b-modele-la-lampe-b-photos-mqsd9nwy-s.jpg\" class=\"attachment-full size-full wp-post-image\" alt=\"\" srcset=\"https:\/\/inter-faces.eu\/wp-content\/uploads\/2024\/07\/dcw-editions-la-lampe-b-modele-la-lampe-b-photos-mqsd9nwy-s.jpg 768w, https:\/\/inter-faces.eu\/wp-content\/uploads\/2024\/07\/dcw-editions-la-lampe-b-modele-la-lampe-b-photos-mqsd9nwy-s-300x300.jpg 300w, https:\/\/inter-faces.eu\/wp-content\/uploads\/2024\/07\/dcw-editions-la-lampe-b-modele-la-lampe-b-photos-mqsd9nwy-s-150x150.jpg 150w, https:\/\/inter-faces.eu\/wp-content\/uploads\/2024\/07\/dcw-editions-la-lampe-b-modele-la-lampe-b-photos-mqsd9nwy-s-650x650.jpg 650w, https:\/\/inter-faces.eu\/wp-content\/uploads\/2024\/07\/dcw-editions-la-lampe-b-modele-la-lampe-b-photos-mqsd9nwy-s-600x600.jpg 600w, https:\/\/inter-faces.eu\/wp-content\/uploads\/2024\/07\/dcw-editions-la-lampe-b-modele-la-lampe-b-photos-mqsd9nwy-s-100x100.jpg 100w\" sizes=\"(max-width: 768px) 100vw, 768px\" \/>\t\t<\/a>\n\t<\/div>\n\t\t\t\t\t<\/div>\n\t\t<div class=\"qodef-e-content\" style=\"margin:24px 0 30px 0px\">\n\t\t\t<div class=\"qodef-e-text\">\n\t\t\t\t<h4 itemprop=\"name\" class=\"qodef-e-title entry-title\" >\n\t<a itemprop=\"url\" class=\"qodef-e-title-link\" href=\"https:\/\/inter-faces.eu\/index.php\/portfolio-item\/lampe-b-belle-de-jour-belle-de-nuit-dcw-editions\/\" target=\"_self\">\n\t\tLampe B, belle de jour, belle de nuit &#8211; DCW Editions\t<\/a>\n<\/h4>\n\t\t\t<\/div>\n\t\t\t<div class=\"qodef-e-top-holder\">\n\t\t\t\t<div class=\"qodef-e-info\">\n\t\t\t\t\t\t<a href=\"https:\/\/inter-faces.eu\/index.php\/portfolio-category\/luminaires\/\" rel=\"tag\">Luminaires<\/a>\t<div class=\"qodef-info-separator-end\"><\/div>\n\t\t\t\t<\/div>\n\t\t\t<\/div>\n\t\t<\/div>\n\t<\/div>\n<\/article>\n<article class=\"qodef-e qodef-grid-item qodef-item--full  post-16118 portfolio-item type-portfolio-item status-publish has-post-thumbnail hentry portfolio-category-luminaires portfolio-category-salon portfolio-tag-luminaire portfolio-tag-suspension\">\n\t<div class=\"qodef-e-inner\" >\n\t\t<div class=\"qodef-e-image\">\n\t\t\t\t<div class=\"qodef-e-media-image\">\n\t\t<a itemprop=\"url\" href=\"https:\/\/inter-faces.eu\/index.php\/portfolio-item\/suspensions-gravity-1-et-2-purete-des-lignes-forestier\/\" target=\"_self\">\n\t\t\t<img loading=\"lazy\" decoding=\"async\" width=\"481\" height=\"561\" src=\"https:\/\/inter-faces.eu\/wp-content\/uploads\/2024\/07\/78B319C4950E497D8C3981C4CD5C2889-e1719926424531.jpg\" class=\"attachment-full size-full wp-post-image\" alt=\"\" srcset=\"https:\/\/inter-faces.eu\/wp-content\/uploads\/2024\/07\/78B319C4950E497D8C3981C4CD5C2889-e1719926424531.jpg 481w, https:\/\/inter-faces.eu\/wp-content\/uploads\/2024\/07\/78B319C4950E497D8C3981C4CD5C2889-e1719926424531-257x300.jpg 257w\" sizes=\"(max-width: 481px) 100vw, 481px\" \/>\t\t<\/a>\n\t<\/div>\n\t\t\t\t\t<\/div>\n\t\t<div class=\"qodef-e-content\" style=\"margin:24px 0 30px 0px\">\n\t\t\t<div class=\"qodef-e-text\">\n\t\t\t\t<h4 itemprop=\"name\" class=\"qodef-e-title entry-title\" >\n\t<a itemprop=\"url\" class=\"qodef-e-title-link\" href=\"https:\/\/inter-faces.eu\/index.php\/portfolio-item\/suspensions-gravity-1-et-2-purete-des-lignes-forestier\/\" target=\"_self\">\n\t\tSuspensions Gravity 1 et 2, Puret\u00e9 des lignes &#8211; Forestier\t<\/a>\n<\/h4>\n\t\t\t<\/div>\n\t\t\t<div class=\"qodef-e-top-holder\">\n\t\t\t\t<div class=\"qodef-e-info\">\n\t\t\t\t\t\t<a href=\"https:\/\/inter-faces.eu\/index.php\/portfolio-category\/luminaires\/\" rel=\"tag\">Luminaires<\/a><span class=\"qodef-info-separator-single\"><\/span><a href=\"https:\/\/inter-faces.eu\/index.php\/portfolio-category\/salon\/\" rel=\"tag\">Salon<\/a>\t<div class=\"qodef-info-separator-end\"><\/div>\n\t\t\t\t<\/div>\n\t\t\t<\/div>\n\t\t<\/div>\n\t<\/div>\n<\/article>\n<article class=\"qodef-e qodef-grid-item qodef-item--full  post-16084 portfolio-item type-portfolio-item status-publish has-post-thumbnail hentry portfolio-category-luminaires portfolio-category-salon portfolio-tag-flos portfolio-tag-luminaire portfolio-tag-marcel-wanders portfolio-tag-suspension\">\n\t<div class=\"qodef-e-inner\" >\n\t\t<div class=\"qodef-e-image\">\n\t\t\t\t<div class=\"qodef-e-media-image\">\n\t\t<a itemprop=\"url\" href=\"https:\/\/inter-faces.eu\/index.php\/portfolio-item\/poetique-skygarden-flos\/\" target=\"_self\">\n\t\t\t<img loading=\"lazy\" decoding=\"async\" width=\"2560\" height=\"1920\" src=\"https:\/\/inter-faces.eu\/wp-content\/uploads\/2024\/07\/skygarden1_02-scaled.jpg\" class=\"attachment-full size-full wp-post-image\" alt=\"\" srcset=\"https:\/\/inter-faces.eu\/wp-content\/uploads\/2024\/07\/skygarden1_02-scaled.jpg 2560w, https:\/\/inter-faces.eu\/wp-content\/uploads\/2024\/07\/skygarden1_02-300x225.jpg 300w, https:\/\/inter-faces.eu\/wp-content\/uploads\/2024\/07\/skygarden1_02-1024x768.jpg 1024w, https:\/\/inter-faces.eu\/wp-content\/uploads\/2024\/07\/skygarden1_02-768x576.jpg 768w, https:\/\/inter-faces.eu\/wp-content\/uploads\/2024\/07\/skygarden1_02-1536x1152.jpg 1536w, https:\/\/inter-faces.eu\/wp-content\/uploads\/2024\/07\/skygarden1_02-2048x1536.jpg 2048w, https:\/\/inter-faces.eu\/wp-content\/uploads\/2024\/07\/skygarden1_02-600x450.jpg 600w\" sizes=\"(max-width: 2560px) 100vw, 2560px\" \/>\t\t<\/a>\n\t<\/div>\n\t\t\t\t\t<\/div>\n\t\t<div class=\"qodef-e-content\" style=\"margin:24px 0 30px 0px\">\n\t\t\t<div class=\"qodef-e-text\">\n\t\t\t\t<h4 itemprop=\"name\" class=\"qodef-e-title entry-title\" >\n\t<a itemprop=\"url\" class=\"qodef-e-title-link\" href=\"https:\/\/inter-faces.eu\/index.php\/portfolio-item\/poetique-skygarden-flos\/\" target=\"_self\">\n\t\tPo\u00e9tique Skygarden &#8211; Flos\t<\/a>\n<\/h4>\n\t\t\t<\/div>\n\t\t\t<div class=\"qodef-e-top-holder\">\n\t\t\t\t<div class=\"qodef-e-info\">\n\t\t\t\t\t\t<a href=\"https:\/\/inter-faces.eu\/index.php\/portfolio-category\/luminaires\/\" rel=\"tag\">Luminaires<\/a><span class=\"qodef-info-separator-single\"><\/span><a href=\"https:\/\/inter-faces.eu\/index.php\/portfolio-category\/salon\/\" rel=\"tag\">Salon<\/a>\t<div class=\"qodef-info-separator-end\"><\/div>\n\t\t\t\t<\/div>\n\t\t\t<\/div>\n\t\t<\/div>\n\t<\/div>\n<\/article>\n<article class=\"qodef-e qodef-grid-item qodef-item--full  post-16056 portfolio-item type-portfolio-item status-publish has-post-thumbnail hentry portfolio-category-luminaires portfolio-tag-luminaire portfolio-tag-suspension portfolio-tag-vibia\">\n\t<div class=\"qodef-e-inner\" >\n\t\t<div class=\"qodef-e-image\">\n\t\t\t\t<div class=\"qodef-e-media-image\">\n\t\t<a itemprop=\"url\" href=\"https:\/\/inter-faces.eu\/index.php\/portfolio-item\/collection-array-sculptures-de-lumiere-vibia\/\" target=\"_self\">\n\t\t\t<img loading=\"lazy\" decoding=\"async\" width=\"1200\" height=\"1800\" src=\"https:\/\/inter-faces.eu\/wp-content\/uploads\/2024\/06\/vibia-the-edit-array-an-elegant-atmosphere-for-any-occasion-4.jpg\" class=\"attachment-full size-full wp-post-image\" alt=\"\" srcset=\"https:\/\/inter-faces.eu\/wp-content\/uploads\/2024\/06\/vibia-the-edit-array-an-elegant-atmosphere-for-any-occasion-4.jpg 1200w, https:\/\/inter-faces.eu\/wp-content\/uploads\/2024\/06\/vibia-the-edit-array-an-elegant-atmosphere-for-any-occasion-4-200x300.jpg 200w, https:\/\/inter-faces.eu\/wp-content\/uploads\/2024\/06\/vibia-the-edit-array-an-elegant-atmosphere-for-any-occasion-4-683x1024.jpg 683w, https:\/\/inter-faces.eu\/wp-content\/uploads\/2024\/06\/vibia-the-edit-array-an-elegant-atmosphere-for-any-occasion-4-768x1152.jpg 768w, https:\/\/inter-faces.eu\/wp-content\/uploads\/2024\/06\/vibia-the-edit-array-an-elegant-atmosphere-for-any-occasion-4-1024x1536.jpg 1024w, https:\/\/inter-faces.eu\/wp-content\/uploads\/2024\/06\/vibia-the-edit-array-an-elegant-atmosphere-for-any-occasion-4-600x900.jpg 600w\" sizes=\"(max-width: 1200px) 100vw, 1200px\" \/>\t\t<\/a>\n\t<\/div>\n\t\t\t\t\t<\/div>\n\t\t<div class=\"qodef-e-content\" style=\"margin:24px 0 30px 0px\">\n\t\t\t<div class=\"qodef-e-text\">\n\t\t\t\t<h4 itemprop=\"name\" class=\"qodef-e-title entry-title\" >\n\t<a itemprop=\"url\" class=\"qodef-e-title-link\" href=\"https:\/\/inter-faces.eu\/index.php\/portfolio-item\/collection-array-sculptures-de-lumiere-vibia\/\" target=\"_self\">\n\t\tCollection Array, Sculptures de lumi\u00e8re &#8211; Vibia\t<\/a>\n<\/h4>\n\t\t\t<\/div>\n\t\t\t<div class=\"qodef-e-top-holder\">\n\t\t\t\t<div class=\"qodef-e-info\">\n\t\t\t\t\t\t<a href=\"https:\/\/inter-faces.eu\/index.php\/portfolio-category\/luminaires\/\" rel=\"tag\">Luminaires<\/a>\t<div class=\"qodef-info-separator-end\"><\/div>\n\t\t\t\t<\/div>\n\t\t\t<\/div>\n\t\t<\/div>\n\t<\/div>\n<\/article>\n<article class=\"qodef-e qodef-grid-item qodef-item--full  post-16047 portfolio-item type-portfolio-item status-publish has-post-thumbnail hentry portfolio-category-luminaires portfolio-tag-applique portfolio-tag-icone portfolio-tag-le-corbusier portfolio-tag-luminaire portfolio-tag-nemo-lighting portfolio-tag-suspension\">\n\t<div class=\"qodef-e-inner\" >\n\t\t<div class=\"qodef-e-image\">\n\t\t\t\t<div class=\"qodef-e-media-image\">\n\t\t<a itemprop=\"url\" href=\"https:\/\/inter-faces.eu\/index.php\/portfolio-item\/projecteur-165-le-corbusier-nemolighting\/\" target=\"_self\">\n\t\t\t<img loading=\"lazy\" decoding=\"async\" width=\"800\" height=\"745\" src=\"https:\/\/inter-faces.eu\/wp-content\/uploads\/2024\/06\/Nemolighting-family-226-800x800-1-e1719418677471.jpg\" class=\"attachment-full size-full wp-post-image\" alt=\"\" srcset=\"https:\/\/inter-faces.eu\/wp-content\/uploads\/2024\/06\/Nemolighting-family-226-800x800-1-e1719418677471.jpg 800w, https:\/\/inter-faces.eu\/wp-content\/uploads\/2024\/06\/Nemolighting-family-226-800x800-1-e1719418677471-300x279.jpg 300w, https:\/\/inter-faces.eu\/wp-content\/uploads\/2024\/06\/Nemolighting-family-226-800x800-1-e1719418677471-768x715.jpg 768w, https:\/\/inter-faces.eu\/wp-content\/uploads\/2024\/06\/Nemolighting-family-226-800x800-1-e1719418677471-600x559.jpg 600w\" sizes=\"(max-width: 800px) 100vw, 800px\" \/>\t\t<\/a>\n\t<\/div>\n\t\t\t\t\t<\/div>\n\t\t<div class=\"qodef-e-content\" style=\"margin:24px 0 30px 0px\">\n\t\t\t<div class=\"qodef-e-text\">\n\t\t\t\t<h4 itemprop=\"name\" class=\"qodef-e-title entry-title\" >\n\t<a itemprop=\"url\" class=\"qodef-e-title-link\" href=\"https:\/\/inter-faces.eu\/index.php\/portfolio-item\/projecteur-165-le-corbusier-nemolighting\/\" target=\"_self\">\n\t\tProjecteur 165 Le Corbusier &#8211; Nemolighting\t<\/a>\n<\/h4>\n\t\t\t<\/div>\n\t\t\t<div class=\"qodef-e-top-holder\">\n\t\t\t\t<div class=\"qodef-e-info\">\n\t\t\t\t\t\t<a href=\"https:\/\/inter-faces.eu\/index.php\/portfolio-category\/luminaires\/\" rel=\"tag\">Luminaires<\/a>\t<div class=\"qodef-info-separator-end\"><\/div>\n\t\t\t\t<\/div>\n\t\t\t<\/div>\n\t\t<\/div>\n\t<\/div>\n<\/article>\n<article class=\"qodef-e qodef-grid-item qodef-item--full  post-16031 portfolio-item type-portfolio-item status-publish has-post-thumbnail hentry portfolio-category-luminaires portfolio-category-salon portfolio-tag-flos portfolio-tag-icone portfolio-tag-luminaire portfolio-tag-suspension\">\n\t<div class=\"qodef-e-inner\" >\n\t\t<div class=\"qodef-e-image\">\n\t\t\t\t<div class=\"qodef-e-media-image\">\n\t\t<a itemprop=\"url\" href=\"https:\/\/inter-faces.eu\/index.php\/portfolio-item\/collection-taraxacum-flos\/\" target=\"_self\">\n\t\t\t<img loading=\"lazy\" decoding=\"async\" width=\"1719\" height=\"2154\" src=\"https:\/\/inter-faces.eu\/wp-content\/uploads\/2024\/06\/taraxacum-88_04-scaled-e1719417632538.jpg\" class=\"attachment-full size-full wp-post-image\" alt=\"\" srcset=\"https:\/\/inter-faces.eu\/wp-content\/uploads\/2024\/06\/taraxacum-88_04-scaled-e1719417632538.jpg 1719w, https:\/\/inter-faces.eu\/wp-content\/uploads\/2024\/06\/taraxacum-88_04-scaled-e1719417632538-239x300.jpg 239w, https:\/\/inter-faces.eu\/wp-content\/uploads\/2024\/06\/taraxacum-88_04-scaled-e1719417632538-817x1024.jpg 817w, https:\/\/inter-faces.eu\/wp-content\/uploads\/2024\/06\/taraxacum-88_04-scaled-e1719417632538-768x962.jpg 768w, https:\/\/inter-faces.eu\/wp-content\/uploads\/2024\/06\/taraxacum-88_04-scaled-e1719417632538-1226x1536.jpg 1226w, https:\/\/inter-faces.eu\/wp-content\/uploads\/2024\/06\/taraxacum-88_04-scaled-e1719417632538-1634x2048.jpg 1634w, https:\/\/inter-faces.eu\/wp-content\/uploads\/2024\/06\/taraxacum-88_04-scaled-e1719417632538-600x752.jpg 600w\" sizes=\"(max-width: 1719px) 100vw, 1719px\" \/>\t\t<\/a>\n\t<\/div>\n\t\t\t\t\t<\/div>\n\t\t<div class=\"qodef-e-content\" style=\"margin:24px 0 30px 0px\">\n\t\t\t<div class=\"qodef-e-text\">\n\t\t\t\t<h4 itemprop=\"name\" class=\"qodef-e-title entry-title\" >\n\t<a itemprop=\"url\" class=\"qodef-e-title-link\" href=\"https:\/\/inter-faces.eu\/index.php\/portfolio-item\/collection-taraxacum-flos\/\" target=\"_self\">\n\t\tCollection Taraxacum &#8211; Flos\t<\/a>\n<\/h4>\n\t\t\t<\/div>\n\t\t\t<div class=\"qodef-e-top-holder\">\n\t\t\t\t<div class=\"qodef-e-info\">\n\t\t\t\t\t\t<a href=\"https:\/\/inter-faces.eu\/index.php\/portfolio-category\/luminaires\/\" rel=\"tag\">Luminaires<\/a><span class=\"qodef-info-separator-single\"><\/span><a href=\"https:\/\/inter-faces.eu\/index.php\/portfolio-category\/salon\/\" rel=\"tag\">Salon<\/a>\t<div class=\"qodef-info-separator-end\"><\/div>\n\t\t\t\t<\/div>\n\t\t\t<\/div>\n\t\t<\/div>\n\t<\/div>\n<\/article>\n<article class=\"qodef-e qodef-grid-item qodef-item--full  post-16017 portfolio-item type-portfolio-item status-publish has-post-thumbnail hentry portfolio-category-luminaires portfolio-category-salon portfolio-tag-flos portfolio-tag-icone portfolio-tag-luminaire portfolio-tag-suspension\">\n\t<div class=\"qodef-e-inner\" >\n\t\t<div class=\"qodef-e-image\">\n\t\t\t\t<div class=\"qodef-e-media-image\">\n\t\t<a itemprop=\"url\" href=\"https:\/\/inter-faces.eu\/index.php\/portfolio-item\/suspension-2097clear-bulbs-flos\/\" target=\"_self\">\n\t\t\t<img loading=\"lazy\" decoding=\"async\" width=\"1220\" height=\"1830\" src=\"https:\/\/inter-faces.eu\/wp-content\/uploads\/2024\/06\/2097-30_10.png\" class=\"attachment-full size-full wp-post-image\" alt=\"\" srcset=\"https:\/\/inter-faces.eu\/wp-content\/uploads\/2024\/06\/2097-30_10.png 1220w, https:\/\/inter-faces.eu\/wp-content\/uploads\/2024\/06\/2097-30_10-200x300.png 200w, https:\/\/inter-faces.eu\/wp-content\/uploads\/2024\/06\/2097-30_10-683x1024.png 683w, https:\/\/inter-faces.eu\/wp-content\/uploads\/2024\/06\/2097-30_10-768x1152.png 768w, https:\/\/inter-faces.eu\/wp-content\/uploads\/2024\/06\/2097-30_10-1024x1536.png 1024w, https:\/\/inter-faces.eu\/wp-content\/uploads\/2024\/06\/2097-30_10-600x900.png 600w\" sizes=\"(max-width: 1220px) 100vw, 1220px\" \/>\t\t<\/a>\n\t<\/div>\n\t\t\t\t\t<\/div>\n\t\t<div class=\"qodef-e-content\" style=\"margin:24px 0 30px 0px\">\n\t\t\t<div class=\"qodef-e-text\">\n\t\t\t\t<h4 itemprop=\"name\" class=\"qodef-e-title entry-title\" >\n\t<a itemprop=\"url\" class=\"qodef-e-title-link\" href=\"https:\/\/inter-faces.eu\/index.php\/portfolio-item\/suspension-2097clear-bulbs-flos\/\" target=\"_self\">\n\t\tSpectaculaire suspension 2097 &#8211; Flos\t<\/a>\n<\/h4>\n\t\t\t<\/div>\n\t\t\t<div class=\"qodef-e-top-holder\">\n\t\t\t\t<div class=\"qodef-e-info\">\n\t\t\t\t\t\t<a href=\"https:\/\/inter-faces.eu\/index.php\/portfolio-category\/luminaires\/\" rel=\"tag\">Luminaires<\/a><span class=\"qodef-info-separator-single\"><\/span><a href=\"https:\/\/inter-faces.eu\/index.php\/portfolio-category\/salon\/\" rel=\"tag\">Salon<\/a>\t<div class=\"qodef-info-separator-end\"><\/div>\n\t\t\t\t<\/div>\n\t\t\t<\/div>\n\t\t<\/div>\n\t<\/div>\n<\/article>\n<article class=\"qodef-e qodef-grid-item qodef-item--full  post-16481 portfolio-item type-portfolio-item status-publish has-post-thumbnail hentry portfolio-category-luminaires portfolio-tag-kdln portfolio-tag-luminaire portfolio-tag-suspension\">\n\t<div class=\"qodef-e-inner\" >\n\t\t<div class=\"qodef-e-image\">\n\t\t\t\t<div class=\"qodef-e-media-image\">\n\t\t<a itemprop=\"url\" href=\"https:\/\/inter-faces.eu\/index.php\/portfolio-item\/la-vague-nami-suspension-kdln\/\" target=\"_self\">\n\t\t\t<img loading=\"lazy\" decoding=\"async\" width=\"1200\" height=\"850\" src=\"https:\/\/inter-faces.eu\/wp-content\/uploads\/2024\/07\/NAMI-1.jpg\" class=\"attachment-full size-full wp-post-image\" alt=\"\" srcset=\"https:\/\/inter-faces.eu\/wp-content\/uploads\/2024\/07\/NAMI-1.jpg 1200w, https:\/\/inter-faces.eu\/wp-content\/uploads\/2024\/07\/NAMI-1-300x213.jpg 300w, https:\/\/inter-faces.eu\/wp-content\/uploads\/2024\/07\/NAMI-1-1024x725.jpg 1024w, https:\/\/inter-faces.eu\/wp-content\/uploads\/2024\/07\/NAMI-1-768x544.jpg 768w, https:\/\/inter-faces.eu\/wp-content\/uploads\/2024\/07\/NAMI-1-600x425.jpg 600w\" sizes=\"(max-width: 1200px) 100vw, 1200px\" \/>\t\t<\/a>\n\t<\/div>\n\t\t\t\t\t<\/div>\n\t\t<div class=\"qodef-e-content\" style=\"margin:24px 0 30px 0px\">\n\t\t\t<div class=\"qodef-e-text\">\n\t\t\t\t<h4 itemprop=\"name\" class=\"qodef-e-title entry-title\" >\n\t<a itemprop=\"url\" class=\"qodef-e-title-link\" href=\"https:\/\/inter-faces.eu\/index.php\/portfolio-item\/la-vague-nami-suspension-kdln\/\" target=\"_self\">\n\t\tLa vague Nami, Suspension \u2013 Kdln\t<\/a>\n<\/h4>\n\t\t\t<\/div>\n\t\t\t<div class=\"qodef-e-top-holder\">\n\t\t\t\t<div class=\"qodef-e-info\">\n\t\t\t\t\t\t<a href=\"https:\/\/inter-faces.eu\/index.php\/portfolio-category\/luminaires\/\" rel=\"tag\">Luminaires<\/a>\t<div class=\"qodef-info-separator-end\"><\/div>\n\t\t\t\t<\/div>\n\t\t\t<\/div>\n\t\t<\/div>\n\t<\/div>\n<\/article>\n<article class=\"qodef-e qodef-grid-item qodef-item--full  post-13041 portfolio-item type-portfolio-item status-publish has-post-thumbnail hentry portfolio-category-luminaires portfolio-tag-applique portfolio-tag-kartell portfolio-tag-lampe-a-poser portfolio-tag-luminaire\">\n\t<div class=\"qodef-e-inner\" >\n\t\t<div class=\"qodef-e-image\">\n\t\t\t\t<div class=\"qodef-e-media-image\">\n\t\t<a itemprop=\"url\" href=\"https:\/\/inter-faces.eu\/index.php\/portfolio-item\/goodnight-la-nouvelle-lampe-kartell-signee-philippe-starck\/\" target=\"_self\">\n\t\t\t<img loading=\"lazy\" decoding=\"async\" width=\"900\" height=\"652\" src=\"https:\/\/inter-faces.eu\/wp-content\/uploads\/2024\/02\/1-1-248.jpg\" class=\"attachment-full size-full wp-post-image\" alt=\"\" srcset=\"https:\/\/inter-faces.eu\/wp-content\/uploads\/2024\/02\/1-1-248.jpg 900w, https:\/\/inter-faces.eu\/wp-content\/uploads\/2024\/02\/1-1-248-300x217.jpg 300w, https:\/\/inter-faces.eu\/wp-content\/uploads\/2024\/02\/1-1-248-768x556.jpg 768w, https:\/\/inter-faces.eu\/wp-content\/uploads\/2024\/02\/1-1-248-600x435.jpg 600w\" sizes=\"(max-width: 900px) 100vw, 900px\" \/>\t\t<\/a>\n\t<\/div>\n\t\t\t\t\t<\/div>\n\t\t<div class=\"qodef-e-content\" style=\"margin:24px 0 30px 0px\">\n\t\t\t<div class=\"qodef-e-text\">\n\t\t\t\t<h4 itemprop=\"name\" class=\"qodef-e-title entry-title\" >\n\t<a itemprop=\"url\" class=\"qodef-e-title-link\" href=\"https:\/\/inter-faces.eu\/index.php\/portfolio-item\/goodnight-la-nouvelle-lampe-kartell-signee-philippe-starck\/\" target=\"_self\">\n\t\tGoodnight, sign\u00e9e Philippe Starck &#8211; Kartell\t<\/a>\n<\/h4>\n\t\t\t<\/div>\n\t\t\t<div class=\"qodef-e-top-holder\">\n\t\t\t\t<div class=\"qodef-e-info\">\n\t\t\t\t\t\t<a href=\"https:\/\/inter-faces.eu\/index.php\/portfolio-category\/luminaires\/\" rel=\"tag\">Luminaires<\/a>\t<div class=\"qodef-info-separator-end\"><\/div>\n\t\t\t\t<\/div>\n\t\t\t<\/div>\n\t\t<\/div>\n\t<\/div>\n<\/article>\n<article class=\"qodef-e qodef-grid-item qodef-item--full  post-13050 portfolio-item type-portfolio-item status-publish has-post-thumbnail hentry portfolio-category-ligne-roset portfolio-category-luminaires portfolio-tag-lampadaire portfolio-tag-ligne-roset portfolio-tag-luminaire\">\n\t<div class=\"qodef-e-inner\" >\n\t\t<div class=\"qodef-e-image\">\n\t\t\t\t<div class=\"qodef-e-media-image\">\n\t\t<a itemprop=\"url\" href=\"https:\/\/inter-faces.eu\/index.php\/portfolio-item\/le-lampadaire-dimensions-de-ligne-roset\/\" target=\"_self\">\n\t\t\t<img loading=\"lazy\" decoding=\"async\" width=\"900\" height=\"652\" src=\"https:\/\/inter-faces.eu\/wp-content\/uploads\/2024\/02\/1-1-246.jpg\" class=\"attachment-full size-full wp-post-image\" alt=\"\" srcset=\"https:\/\/inter-faces.eu\/wp-content\/uploads\/2024\/02\/1-1-246.jpg 900w, https:\/\/inter-faces.eu\/wp-content\/uploads\/2024\/02\/1-1-246-300x217.jpg 300w, https:\/\/inter-faces.eu\/wp-content\/uploads\/2024\/02\/1-1-246-768x556.jpg 768w, https:\/\/inter-faces.eu\/wp-content\/uploads\/2024\/02\/1-1-246-600x435.jpg 600w\" sizes=\"(max-width: 900px) 100vw, 900px\" \/>\t\t<\/a>\n\t<\/div>\n\t\t\t\t\t<\/div>\n\t\t<div class=\"qodef-e-content\" style=\"margin:24px 0 30px 0px\">\n\t\t\t<div class=\"qodef-e-text\">\n\t\t\t\t<h4 itemprop=\"name\" class=\"qodef-e-title entry-title\" >\n\t<a itemprop=\"url\" class=\"qodef-e-title-link\" href=\"https:\/\/inter-faces.eu\/index.php\/portfolio-item\/le-lampadaire-dimensions-de-ligne-roset\/\" target=\"_self\">\n\t\tLampadaire ou liseuse Dimensions &#8211; Ligne Roset\t<\/a>\n<\/h4>\n\t\t\t<\/div>\n\t\t\t<div class=\"qodef-e-top-holder\">\n\t\t\t\t<div class=\"qodef-e-info\">\n\t\t\t\t\t\t<a href=\"https:\/\/inter-faces.eu\/index.php\/portfolio-category\/ligne-roset\/\" rel=\"tag\">Ligne Roset<\/a><span class=\"qodef-info-separator-single\"><\/span><a href=\"https:\/\/inter-faces.eu\/index.php\/portfolio-category\/luminaires\/\" rel=\"tag\">Luminaires<\/a>\t<div class=\"qodef-info-separator-end\"><\/div>\n\t\t\t\t<\/div>\n\t\t\t<\/div>\n\t\t<\/div>\n\t<\/div>\n<\/article>\n<article class=\"qodef-e qodef-grid-item qodef-item--full  post-13051 portfolio-item type-portfolio-item status-publish has-post-thumbnail hentry portfolio-category-ligne-roset portfolio-category-luminaires portfolio-tag-lampadaire portfolio-tag-ligne-roset portfolio-tag-luminaire\">\n\t<div class=\"qodef-e-inner\" >\n\t\t<div class=\"qodef-e-image\">\n\t\t\t\t<div class=\"qodef-e-media-image\">\n\t\t<a itemprop=\"url\" href=\"https:\/\/inter-faces.eu\/index.php\/portfolio-item\/le-luminaire-astree-de-ligne-roset\/\" target=\"_self\">\n\t\t\t<img loading=\"lazy\" decoding=\"async\" width=\"900\" height=\"652\" src=\"https:\/\/inter-faces.eu\/wp-content\/uploads\/2024\/02\/1-1-245.jpg\" class=\"attachment-full size-full wp-post-image\" alt=\"\" srcset=\"https:\/\/inter-faces.eu\/wp-content\/uploads\/2024\/02\/1-1-245.jpg 900w, https:\/\/inter-faces.eu\/wp-content\/uploads\/2024\/02\/1-1-245-300x217.jpg 300w, https:\/\/inter-faces.eu\/wp-content\/uploads\/2024\/02\/1-1-245-768x556.jpg 768w, https:\/\/inter-faces.eu\/wp-content\/uploads\/2024\/02\/1-1-245-600x435.jpg 600w\" sizes=\"(max-width: 900px) 100vw, 900px\" \/>\t\t<\/a>\n\t<\/div>\n\t\t\t\t\t<\/div>\n\t\t<div class=\"qodef-e-content\" style=\"margin:24px 0 30px 0px\">\n\t\t\t<div class=\"qodef-e-text\">\n\t\t\t\t<h4 itemprop=\"name\" class=\"qodef-e-title entry-title\" >\n\t<a itemprop=\"url\" class=\"qodef-e-title-link\" href=\"https:\/\/inter-faces.eu\/index.php\/portfolio-item\/le-luminaire-astree-de-ligne-roset\/\" target=\"_self\">\n\t\tLampadaire Astr\u00e9e &#8211; Ligne Roset\t<\/a>\n<\/h4>\n\t\t\t<\/div>\n\t\t\t<div class=\"qodef-e-top-holder\">\n\t\t\t\t<div class=\"qodef-e-info\">\n\t\t\t\t\t\t<a href=\"https:\/\/inter-faces.eu\/index.php\/portfolio-category\/ligne-roset\/\" rel=\"tag\">Ligne Roset<\/a><span class=\"qodef-info-separator-single\"><\/span><a href=\"https:\/\/inter-faces.eu\/index.php\/portfolio-category\/luminaires\/\" rel=\"tag\">Luminaires<\/a>\t<div class=\"qodef-info-separator-end\"><\/div>\n\t\t\t\t<\/div>\n\t\t\t<\/div>\n\t\t<\/div>\n\t<\/div>\n<\/article>\n<article class=\"qodef-e qodef-grid-item qodef-item--full  post-13052 portfolio-item type-portfolio-item status-publish has-post-thumbnail hentry portfolio-category-luminaires portfolio-tag-flos portfolio-tag-luminaire portfolio-tag-suspension\">\n\t<div class=\"qodef-e-inner\" >\n\t\t<div class=\"qodef-e-image\">\n\t\t\t\t<div class=\"qodef-e-media-image\">\n\t\t<a itemprop=\"url\" href=\"https:\/\/inter-faces.eu\/index.php\/portfolio-item\/la-legerete-de-la-suspension-string-de-flos\/\" target=\"_self\">\n\t\t\t<img loading=\"lazy\" decoding=\"async\" width=\"900\" height=\"652\" src=\"https:\/\/inter-faces.eu\/wp-content\/uploads\/2024\/02\/1-1-244.jpg\" class=\"attachment-full size-full wp-post-image\" alt=\"\" srcset=\"https:\/\/inter-faces.eu\/wp-content\/uploads\/2024\/02\/1-1-244.jpg 900w, https:\/\/inter-faces.eu\/wp-content\/uploads\/2024\/02\/1-1-244-300x217.jpg 300w, https:\/\/inter-faces.eu\/wp-content\/uploads\/2024\/02\/1-1-244-768x556.jpg 768w, https:\/\/inter-faces.eu\/wp-content\/uploads\/2024\/02\/1-1-244-600x435.jpg 600w\" sizes=\"(max-width: 900px) 100vw, 900px\" \/>\t\t<\/a>\n\t<\/div>\n\t\t\t\t\t<\/div>\n\t\t<div class=\"qodef-e-content\" style=\"margin:24px 0 30px 0px\">\n\t\t\t<div class=\"qodef-e-text\">\n\t\t\t\t<h4 itemprop=\"name\" class=\"qodef-e-title entry-title\" >\n\t<a itemprop=\"url\" class=\"qodef-e-title-link\" href=\"https:\/\/inter-faces.eu\/index.php\/portfolio-item\/la-legerete-de-la-suspension-string-de-flos\/\" target=\"_self\">\n\t\tLa l\u00e9g\u00e8ret\u00e9 de la suspension String &#8211; Flos\t<\/a>\n<\/h4>\n\t\t\t<\/div>\n\t\t\t<div class=\"qodef-e-top-holder\">\n\t\t\t\t<div class=\"qodef-e-info\">\n\t\t\t\t\t\t<a href=\"https:\/\/inter-faces.eu\/index.php\/portfolio-category\/luminaires\/\" rel=\"tag\">Luminaires<\/a>\t<div class=\"qodef-info-separator-end\"><\/div>\n\t\t\t\t<\/div>\n\t\t\t<\/div>\n\t\t<\/div>\n\t<\/div>\n<\/article>\n<article class=\"qodef-e qodef-grid-item qodef-item--full  post-13055 portfolio-item type-portfolio-item status-publish has-post-thumbnail hentry portfolio-category-luminaires portfolio-tag-applique portfolio-tag-flos portfolio-tag-lampadaire portfolio-tag-lampe-a-poser portfolio-tag-luminaire portfolio-tag-suspension\">\n\t<div class=\"qodef-e-inner\" >\n\t\t<div class=\"qodef-e-image\">\n\t\t\t\t<div class=\"qodef-e-media-image\">\n\t\t<a itemprop=\"url\" href=\"https:\/\/inter-faces.eu\/index.php\/portfolio-item\/les-ic-lights-de-flos-existent-desormais-en-rouge\/\" target=\"_self\">\n\t\t\t<img loading=\"lazy\" decoding=\"async\" width=\"900\" height=\"652\" src=\"https:\/\/inter-faces.eu\/wp-content\/uploads\/2024\/02\/1-1-242.jpg\" class=\"attachment-full size-full wp-post-image\" alt=\"\" srcset=\"https:\/\/inter-faces.eu\/wp-content\/uploads\/2024\/02\/1-1-242.jpg 900w, https:\/\/inter-faces.eu\/wp-content\/uploads\/2024\/02\/1-1-242-300x217.jpg 300w, https:\/\/inter-faces.eu\/wp-content\/uploads\/2024\/02\/1-1-242-768x556.jpg 768w, https:\/\/inter-faces.eu\/wp-content\/uploads\/2024\/02\/1-1-242-600x435.jpg 600w\" sizes=\"(max-width: 900px) 100vw, 900px\" \/>\t\t<\/a>\n\t<\/div>\n\t\t\t\t\t<\/div>\n\t\t<div class=\"qodef-e-content\" style=\"margin:24px 0 30px 0px\">\n\t\t\t<div class=\"qodef-e-text\">\n\t\t\t\t<h4 itemprop=\"name\" class=\"qodef-e-title entry-title\" >\n\t<a itemprop=\"url\" class=\"qodef-e-title-link\" href=\"https:\/\/inter-faces.eu\/index.php\/portfolio-item\/les-ic-lights-de-flos-existent-desormais-en-rouge\/\" target=\"_self\">\n\t\tLes IC Lights de Flos existent d\u00e9sormais en rouge !\t<\/a>\n<\/h4>\n\t\t\t<\/div>\n\t\t\t<div class=\"qodef-e-top-holder\">\n\t\t\t\t<div class=\"qodef-e-info\">\n\t\t\t\t\t\t<a href=\"https:\/\/inter-faces.eu\/index.php\/portfolio-category\/luminaires\/\" rel=\"tag\">Luminaires<\/a>\t<div class=\"qodef-info-separator-end\"><\/div>\n\t\t\t\t<\/div>\n\t\t\t<\/div>\n\t\t<\/div>\n\t<\/div>\n<\/article>\n<article class=\"qodef-e qodef-grid-item qodef-item--full  post-13056 portfolio-item type-portfolio-item status-publish has-post-thumbnail hentry portfolio-category-luminaires portfolio-tag-applique portfolio-tag-lampadaire portfolio-tag-lampe-a-poser portfolio-tag-luminaire portfolio-tag-petite-friture portfolio-tag-suspension\">\n\t<div class=\"qodef-e-inner\" >\n\t\t<div class=\"qodef-e-image\">\n\t\t\t\t<div class=\"qodef-e-media-image\">\n\t\t<a itemprop=\"url\" href=\"https:\/\/inter-faces.eu\/index.php\/portfolio-item\/la-collection-vertigo-nova-de-petite-friture-par-constance-guisset\/\" target=\"_self\">\n\t\t\t<img loading=\"lazy\" decoding=\"async\" width=\"900\" height=\"652\" src=\"https:\/\/inter-faces.eu\/wp-content\/uploads\/2024\/02\/1-1-241.jpg\" class=\"attachment-full size-full wp-post-image\" alt=\"\" srcset=\"https:\/\/inter-faces.eu\/wp-content\/uploads\/2024\/02\/1-1-241.jpg 900w, https:\/\/inter-faces.eu\/wp-content\/uploads\/2024\/02\/1-1-241-300x217.jpg 300w, https:\/\/inter-faces.eu\/wp-content\/uploads\/2024\/02\/1-1-241-768x556.jpg 768w, https:\/\/inter-faces.eu\/wp-content\/uploads\/2024\/02\/1-1-241-600x435.jpg 600w\" sizes=\"(max-width: 900px) 100vw, 900px\" \/>\t\t<\/a>\n\t<\/div>\n\t\t\t\t\t<\/div>\n\t\t<div class=\"qodef-e-content\" style=\"margin:24px 0 30px 0px\">\n\t\t\t<div class=\"qodef-e-text\">\n\t\t\t\t<h4 itemprop=\"name\" class=\"qodef-e-title entry-title\" >\n\t<a itemprop=\"url\" class=\"qodef-e-title-link\" href=\"https:\/\/inter-faces.eu\/index.php\/portfolio-item\/la-collection-vertigo-nova-de-petite-friture-par-constance-guisset\/\" target=\"_self\">\n\t\tCollection Vertigo Nova par Constance Guisset &#8211; Petite Friture\t<\/a>\n<\/h4>\n\t\t\t<\/div>\n\t\t\t<div class=\"qodef-e-top-holder\">\n\t\t\t\t<div class=\"qodef-e-info\">\n\t\t\t\t\t\t<a href=\"https:\/\/inter-faces.eu\/index.php\/portfolio-category\/luminaires\/\" rel=\"tag\">Luminaires<\/a>\t<div class=\"qodef-info-separator-end\"><\/div>\n\t\t\t\t<\/div>\n\t\t\t<\/div>\n\t\t<\/div>\n\t<\/div>\n<\/article>\n<article class=\"qodef-e qodef-grid-item qodef-item--full  post-13057 portfolio-item type-portfolio-item status-publish has-post-thumbnail hentry portfolio-category-luminaires portfolio-category-outdoor portfolio-tag-artemide portfolio-tag-lampe-a-poser portfolio-tag-luminaire portfolio-tag-nomade portfolio-tag-outdoor\">\n\t<div class=\"qodef-e-inner\" >\n\t\t<div class=\"qodef-e-image\">\n\t\t\t\t<div class=\"qodef-e-media-image\">\n\t\t<a itemprop=\"url\" href=\"https:\/\/inter-faces.eu\/index.php\/portfolio-item\/come-together-la-lampe-sans-fil-de-artemide\/\" target=\"_self\">\n\t\t\t<img loading=\"lazy\" decoding=\"async\" width=\"900\" height=\"652\" src=\"https:\/\/inter-faces.eu\/wp-content\/uploads\/2024\/02\/1-1-239.jpg\" class=\"attachment-full size-full wp-post-image\" alt=\"\" srcset=\"https:\/\/inter-faces.eu\/wp-content\/uploads\/2024\/02\/1-1-239.jpg 900w, https:\/\/inter-faces.eu\/wp-content\/uploads\/2024\/02\/1-1-239-300x217.jpg 300w, https:\/\/inter-faces.eu\/wp-content\/uploads\/2024\/02\/1-1-239-768x556.jpg 768w, https:\/\/inter-faces.eu\/wp-content\/uploads\/2024\/02\/1-1-239-600x435.jpg 600w\" sizes=\"(max-width: 900px) 100vw, 900px\" \/>\t\t<\/a>\n\t<\/div>\n\t\t\t\t\t<\/div>\n\t\t<div class=\"qodef-e-content\" style=\"margin:24px 0 30px 0px\">\n\t\t\t<div class=\"qodef-e-text\">\n\t\t\t\t<h4 itemprop=\"name\" class=\"qodef-e-title entry-title\" >\n\t<a itemprop=\"url\" class=\"qodef-e-title-link\" href=\"https:\/\/inter-faces.eu\/index.php\/portfolio-item\/come-together-la-lampe-sans-fil-de-artemide\/\" target=\"_self\">\n\t\tCome Together, la lampe sans fil d&rsquo;Artemide\t<\/a>\n<\/h4>\n\t\t\t<\/div>\n\t\t\t<div class=\"qodef-e-top-holder\">\n\t\t\t\t<div class=\"qodef-e-info\">\n\t\t\t\t\t\t<a href=\"https:\/\/inter-faces.eu\/index.php\/portfolio-category\/luminaires\/\" rel=\"tag\">Luminaires<\/a><span class=\"qodef-info-separator-single\"><\/span><a href=\"https:\/\/inter-faces.eu\/index.php\/portfolio-category\/outdoor\/\" rel=\"tag\">Outdoor<\/a>\t<div class=\"qodef-info-separator-end\"><\/div>\n\t\t\t\t<\/div>\n\t\t\t<\/div>\n\t\t<\/div>\n\t<\/div>\n<\/article>\n<article class=\"qodef-e qodef-grid-item qodef-item--full  post-13059 portfolio-item type-portfolio-item status-publish has-post-thumbnail hentry portfolio-category-luminaires portfolio-tag-flos portfolio-tag-luminaire portfolio-tag-suspension\">\n\t<div class=\"qodef-e-inner\" >\n\t\t<div class=\"qodef-e-image\">\n\t\t\t\t<div class=\"qodef-e-media-image\">\n\t\t<a itemprop=\"url\" href=\"https:\/\/inter-faces.eu\/index.php\/portfolio-item\/la-suspension-ok-de-flos\/\" target=\"_self\">\n\t\t\t<img loading=\"lazy\" decoding=\"async\" width=\"900\" height=\"652\" src=\"https:\/\/inter-faces.eu\/wp-content\/uploads\/2024\/02\/1-1-237.jpg\" class=\"attachment-full size-full wp-post-image\" alt=\"\" srcset=\"https:\/\/inter-faces.eu\/wp-content\/uploads\/2024\/02\/1-1-237.jpg 900w, https:\/\/inter-faces.eu\/wp-content\/uploads\/2024\/02\/1-1-237-300x217.jpg 300w, https:\/\/inter-faces.eu\/wp-content\/uploads\/2024\/02\/1-1-237-768x556.jpg 768w, https:\/\/inter-faces.eu\/wp-content\/uploads\/2024\/02\/1-1-237-600x435.jpg 600w\" sizes=\"(max-width: 900px) 100vw, 900px\" \/>\t\t<\/a>\n\t<\/div>\n\t\t\t\t\t<\/div>\n\t\t<div class=\"qodef-e-content\" style=\"margin:24px 0 30px 0px\">\n\t\t\t<div class=\"qodef-e-text\">\n\t\t\t\t<h4 itemprop=\"name\" class=\"qodef-e-title entry-title\" >\n\t<a itemprop=\"url\" class=\"qodef-e-title-link\" href=\"https:\/\/inter-faces.eu\/index.php\/portfolio-item\/la-suspension-ok-de-flos\/\" target=\"_self\">\n\t\tLa suspension OK de Flos\t<\/a>\n<\/h4>\n\t\t\t<\/div>\n\t\t\t<div class=\"qodef-e-top-holder\">\n\t\t\t\t<div class=\"qodef-e-info\">\n\t\t\t\t\t\t<a href=\"https:\/\/inter-faces.eu\/index.php\/portfolio-category\/luminaires\/\" rel=\"tag\">Luminaires<\/a>\t<div class=\"qodef-info-separator-end\"><\/div>\n\t\t\t\t<\/div>\n\t\t\t<\/div>\n\t\t<\/div>\n\t<\/div>\n<\/article>\n<article class=\"qodef-e qodef-grid-item qodef-item--full  post-13060 portfolio-item type-portfolio-item status-publish has-post-thumbnail hentry portfolio-category-luminaires portfolio-category-salon portfolio-tag-applique portfolio-tag-luminaire portfolio-tag-moooi\">\n\t<div class=\"qodef-e-inner\" >\n\t\t<div class=\"qodef-e-image\">\n\t\t\t\t<div class=\"qodef-e-media-image\">\n\t\t<a itemprop=\"url\" href=\"https:\/\/inter-faces.eu\/index.php\/portfolio-item\/les-lampes-the-party-aux-5-visages\/\" target=\"_self\">\n\t\t\t<img loading=\"lazy\" decoding=\"async\" width=\"900\" height=\"652\" src=\"https:\/\/inter-faces.eu\/wp-content\/uploads\/2024\/02\/1-1-236.jpg\" class=\"attachment-full size-full wp-post-image\" alt=\"\" srcset=\"https:\/\/inter-faces.eu\/wp-content\/uploads\/2024\/02\/1-1-236.jpg 900w, https:\/\/inter-faces.eu\/wp-content\/uploads\/2024\/02\/1-1-236-300x217.jpg 300w, https:\/\/inter-faces.eu\/wp-content\/uploads\/2024\/02\/1-1-236-768x556.jpg 768w, https:\/\/inter-faces.eu\/wp-content\/uploads\/2024\/02\/1-1-236-600x435.jpg 600w\" sizes=\"(max-width: 900px) 100vw, 900px\" \/>\t\t<\/a>\n\t<\/div>\n\t\t\t\t\t<\/div>\n\t\t<div class=\"qodef-e-content\" style=\"margin:24px 0 30px 0px\">\n\t\t\t<div class=\"qodef-e-text\">\n\t\t\t\t<h4 itemprop=\"name\" class=\"qodef-e-title entry-title\" >\n\t<a itemprop=\"url\" class=\"qodef-e-title-link\" href=\"https:\/\/inter-faces.eu\/index.php\/portfolio-item\/les-lampes-the-party-aux-5-visages\/\" target=\"_self\">\n\t\tLes appliques The Party aux 5 visages &#8211; Moooi\t<\/a>\n<\/h4>\n\t\t\t<\/div>\n\t\t\t<div class=\"qodef-e-top-holder\">\n\t\t\t\t<div class=\"qodef-e-info\">\n\t\t\t\t\t\t<a href=\"https:\/\/inter-faces.eu\/index.php\/portfolio-category\/luminaires\/\" rel=\"tag\">Luminaires<\/a><span class=\"qodef-info-separator-single\"><\/span><a href=\"https:\/\/inter-faces.eu\/index.php\/portfolio-category\/salon\/\" rel=\"tag\">Salon<\/a>\t<div class=\"qodef-info-separator-end\"><\/div>\n\t\t\t\t<\/div>\n\t\t\t<\/div>\n\t\t<\/div>\n\t<\/div>\n<\/article>\n<article class=\"qodef-e qodef-grid-item qodef-item--full  post-13062 portfolio-item type-portfolio-item status-publish has-post-thumbnail hentry portfolio-category-luminaires portfolio-tag-applique portfolio-tag-artemide portfolio-tag-lampadaire portfolio-tag-lampe-a-poser portfolio-tag-luminaire portfolio-tag-suspension\">\n\t<div class=\"qodef-e-inner\" >\n\t\t<div class=\"qodef-e-image\">\n\t\t\t\t<div class=\"qodef-e-media-image\">\n\t\t<a itemprop=\"url\" href=\"https:\/\/inter-faces.eu\/index.php\/portfolio-item\/la-famille-de-lampes-meteorite-de-artemide\/\" target=\"_self\">\n\t\t\t<img loading=\"lazy\" decoding=\"async\" width=\"900\" height=\"652\" src=\"https:\/\/inter-faces.eu\/wp-content\/uploads\/2024\/02\/1-1-234.jpg\" class=\"attachment-full size-full wp-post-image\" alt=\"\" srcset=\"https:\/\/inter-faces.eu\/wp-content\/uploads\/2024\/02\/1-1-234.jpg 900w, https:\/\/inter-faces.eu\/wp-content\/uploads\/2024\/02\/1-1-234-300x217.jpg 300w, https:\/\/inter-faces.eu\/wp-content\/uploads\/2024\/02\/1-1-234-768x556.jpg 768w, https:\/\/inter-faces.eu\/wp-content\/uploads\/2024\/02\/1-1-234-600x435.jpg 600w\" sizes=\"(max-width: 900px) 100vw, 900px\" \/>\t\t<\/a>\n\t<\/div>\n\t\t\t\t\t<\/div>\n\t\t<div class=\"qodef-e-content\" style=\"margin:24px 0 30px 0px\">\n\t\t\t<div class=\"qodef-e-text\">\n\t\t\t\t<h4 itemprop=\"name\" class=\"qodef-e-title entry-title\" >\n\t<a itemprop=\"url\" class=\"qodef-e-title-link\" href=\"https:\/\/inter-faces.eu\/index.php\/portfolio-item\/la-famille-de-lampes-meteorite-de-artemide\/\" target=\"_self\">\n\t\tLa famille de lampes M\u00e9t\u00e9orite &#8211; Artemide\t<\/a>\n<\/h4>\n\t\t\t<\/div>\n\t\t\t<div class=\"qodef-e-top-holder\">\n\t\t\t\t<div class=\"qodef-e-info\">\n\t\t\t\t\t\t<a href=\"https:\/\/inter-faces.eu\/index.php\/portfolio-category\/luminaires\/\" rel=\"tag\">Luminaires<\/a>\t<div class=\"qodef-info-separator-end\"><\/div>\n\t\t\t\t<\/div>\n\t\t\t<\/div>\n\t\t<\/div>\n\t<\/div>\n<\/article>\n<article class=\"qodef-e qodef-grid-item qodef-item--full  post-13063 portfolio-item type-portfolio-item status-publish has-post-thumbnail hentry portfolio-category-luminaires portfolio-tag-artemide portfolio-tag-lampadaire portfolio-tag-lampe-a-poser portfolio-tag-luminaire portfolio-tag-suspension\">\n\t<div class=\"qodef-e-inner\" >\n\t\t<div class=\"qodef-e-image\">\n\t\t\t\t<div class=\"qodef-e-media-image\">\n\t\t<a itemprop=\"url\" href=\"https:\/\/inter-faces.eu\/index.php\/portfolio-item\/les-luminaires-gople-de-artemide\/\" target=\"_self\">\n\t\t\t<img loading=\"lazy\" decoding=\"async\" width=\"900\" height=\"652\" src=\"https:\/\/inter-faces.eu\/wp-content\/uploads\/2024\/02\/1-1-233.jpg\" class=\"attachment-full size-full wp-post-image\" alt=\"\" srcset=\"https:\/\/inter-faces.eu\/wp-content\/uploads\/2024\/02\/1-1-233.jpg 900w, https:\/\/inter-faces.eu\/wp-content\/uploads\/2024\/02\/1-1-233-300x217.jpg 300w, https:\/\/inter-faces.eu\/wp-content\/uploads\/2024\/02\/1-1-233-768x556.jpg 768w, https:\/\/inter-faces.eu\/wp-content\/uploads\/2024\/02\/1-1-233-600x435.jpg 600w\" sizes=\"(max-width: 900px) 100vw, 900px\" \/>\t\t<\/a>\n\t<\/div>\n\t\t\t\t\t<\/div>\n\t\t<div class=\"qodef-e-content\" style=\"margin:24px 0 30px 0px\">\n\t\t\t<div class=\"qodef-e-text\">\n\t\t\t\t<h4 itemprop=\"name\" class=\"qodef-e-title entry-title\" >\n\t<a itemprop=\"url\" class=\"qodef-e-title-link\" href=\"https:\/\/inter-faces.eu\/index.php\/portfolio-item\/les-luminaires-gople-de-artemide\/\" target=\"_self\">\n\t\tLes luminaires Gople &#8211; Artemide\t<\/a>\n<\/h4>\n\t\t\t<\/div>\n\t\t\t<div class=\"qodef-e-top-holder\">\n\t\t\t\t<div class=\"qodef-e-info\">\n\t\t\t\t\t\t<a href=\"https:\/\/inter-faces.eu\/index.php\/portfolio-category\/luminaires\/\" rel=\"tag\">Luminaires<\/a>\t<div class=\"qodef-info-separator-end\"><\/div>\n\t\t\t\t<\/div>\n\t\t\t<\/div>\n\t\t<\/div>\n\t<\/div>\n<\/article>\n<article class=\"qodef-e qodef-grid-item qodef-item--full  post-13064 portfolio-item type-portfolio-item status-publish has-post-thumbnail hentry portfolio-category-luminaires portfolio-tag-applique portfolio-tag-lampadaire portfolio-tag-lampe-a-poser portfolio-tag-luminaire portfolio-tag-sammode portfolio-tag-suspension\">\n\t<div class=\"qodef-e-inner\" >\n\t\t<div class=\"qodef-e-image\">\n\t\t\t\t<div class=\"qodef-e-media-image\">\n\t\t<a itemprop=\"url\" href=\"https:\/\/inter-faces.eu\/index.php\/portfolio-item\/la-collection-de-luminaires-de-pierre-guariche\/\" target=\"_self\">\n\t\t\t<img loading=\"lazy\" decoding=\"async\" width=\"900\" height=\"652\" src=\"https:\/\/inter-faces.eu\/wp-content\/uploads\/2024\/02\/1-1-232.jpg\" class=\"attachment-full size-full wp-post-image\" alt=\"\" srcset=\"https:\/\/inter-faces.eu\/wp-content\/uploads\/2024\/02\/1-1-232.jpg 900w, https:\/\/inter-faces.eu\/wp-content\/uploads\/2024\/02\/1-1-232-300x217.jpg 300w, https:\/\/inter-faces.eu\/wp-content\/uploads\/2024\/02\/1-1-232-768x556.jpg 768w, https:\/\/inter-faces.eu\/wp-content\/uploads\/2024\/02\/1-1-232-600x435.jpg 600w\" sizes=\"(max-width: 900px) 100vw, 900px\" \/>\t\t<\/a>\n\t<\/div>\n\t\t\t\t\t<\/div>\n\t\t<div class=\"qodef-e-content\" style=\"margin:24px 0 30px 0px\">\n\t\t\t<div class=\"qodef-e-text\">\n\t\t\t\t<h4 itemprop=\"name\" class=\"qodef-e-title entry-title\" >\n\t<a itemprop=\"url\" class=\"qodef-e-title-link\" href=\"https:\/\/inter-faces.eu\/index.php\/portfolio-item\/la-collection-de-luminaires-de-pierre-guariche\/\" target=\"_self\">\n\t\tCollection de luminaires de Pierre Guariche &#8211; Sammode\t<\/a>\n<\/h4>\n\t\t\t<\/div>\n\t\t\t<div class=\"qodef-e-top-holder\">\n\t\t\t\t<div class=\"qodef-e-info\">\n\t\t\t\t\t\t<a href=\"https:\/\/inter-faces.eu\/index.php\/portfolio-category\/luminaires\/\" rel=\"tag\">Luminaires<\/a>\t<div class=\"qodef-info-separator-end\"><\/div>\n\t\t\t\t<\/div>\n\t\t\t<\/div>\n\t\t<\/div>\n\t<\/div>\n<\/article>\n<article class=\"qodef-e qodef-grid-item qodef-item--full  post-13065 portfolio-item type-portfolio-item status-publish has-post-thumbnail hentry portfolio-category-luminaires portfolio-tag-moooi portfolio-tag-suspension\">\n\t<div class=\"qodef-e-inner\" >\n\t\t<div class=\"qodef-e-image\">\n\t\t\t\t<div class=\"qodef-e-media-image\">\n\t\t<a itemprop=\"url\" href=\"https:\/\/inter-faces.eu\/index.php\/portfolio-item\/la-suspension-meshmatics-de-moooi\/\" target=\"_self\">\n\t\t\t<img loading=\"lazy\" decoding=\"async\" width=\"900\" height=\"652\" src=\"https:\/\/inter-faces.eu\/wp-content\/uploads\/2024\/02\/1-1-231.jpg\" class=\"attachment-full size-full wp-post-image\" alt=\"\" srcset=\"https:\/\/inter-faces.eu\/wp-content\/uploads\/2024\/02\/1-1-231.jpg 900w, https:\/\/inter-faces.eu\/wp-content\/uploads\/2024\/02\/1-1-231-300x217.jpg 300w, https:\/\/inter-faces.eu\/wp-content\/uploads\/2024\/02\/1-1-231-768x556.jpg 768w, https:\/\/inter-faces.eu\/wp-content\/uploads\/2024\/02\/1-1-231-600x435.jpg 600w\" sizes=\"(max-width: 900px) 100vw, 900px\" \/>\t\t<\/a>\n\t<\/div>\n\t\t\t\t\t<\/div>\n\t\t<div class=\"qodef-e-content\" style=\"margin:24px 0 30px 0px\">\n\t\t\t<div class=\"qodef-e-text\">\n\t\t\t\t<h4 itemprop=\"name\" class=\"qodef-e-title entry-title\" >\n\t<a itemprop=\"url\" class=\"qodef-e-title-link\" href=\"https:\/\/inter-faces.eu\/index.php\/portfolio-item\/la-suspension-meshmatics-de-moooi\/\" target=\"_self\">\n\t\tLa suspension Meshmatics de Moooi\t<\/a>\n<\/h4>\n\t\t\t<\/div>\n\t\t\t<div class=\"qodef-e-top-holder\">\n\t\t\t\t<div class=\"qodef-e-info\">\n\t\t\t\t\t\t<a href=\"https:\/\/inter-faces.eu\/index.php\/portfolio-category\/luminaires\/\" rel=\"tag\">Luminaires<\/a>\t<div class=\"qodef-info-separator-end\"><\/div>\n\t\t\t\t<\/div>\n\t\t\t<\/div>\n\t\t<\/div>\n\t<\/div>\n<\/article>\n<article class=\"qodef-e qodef-grid-item qodef-item--full  post-13066 portfolio-item type-portfolio-item status-publish has-post-thumbnail hentry portfolio-category-luminaires portfolio-tag-luminaire portfolio-tag-moooi portfolio-tag-suspension\">\n\t<div class=\"qodef-e-inner\" >\n\t\t<div class=\"qodef-e-image\">\n\t\t\t\t<div class=\"qodef-e-media-image\">\n\t\t<a itemprop=\"url\" href=\"https:\/\/inter-faces.eu\/index.php\/portfolio-item\/la-suspension-nr2-de-moooi\/\" target=\"_self\">\n\t\t\t<img loading=\"lazy\" decoding=\"async\" width=\"900\" height=\"652\" src=\"https:\/\/inter-faces.eu\/wp-content\/uploads\/2024\/02\/1-1-230.jpg\" class=\"attachment-full size-full wp-post-image\" alt=\"\" srcset=\"https:\/\/inter-faces.eu\/wp-content\/uploads\/2024\/02\/1-1-230.jpg 900w, https:\/\/inter-faces.eu\/wp-content\/uploads\/2024\/02\/1-1-230-300x217.jpg 300w, https:\/\/inter-faces.eu\/wp-content\/uploads\/2024\/02\/1-1-230-768x556.jpg 768w, https:\/\/inter-faces.eu\/wp-content\/uploads\/2024\/02\/1-1-230-600x435.jpg 600w\" sizes=\"(max-width: 900px) 100vw, 900px\" \/>\t\t<\/a>\n\t<\/div>\n\t\t\t\t\t<\/div>\n\t\t<div class=\"qodef-e-content\" style=\"margin:24px 0 30px 0px\">\n\t\t\t<div class=\"qodef-e-text\">\n\t\t\t\t<h4 itemprop=\"name\" class=\"qodef-e-title entry-title\" >\n\t<a itemprop=\"url\" class=\"qodef-e-title-link\" href=\"https:\/\/inter-faces.eu\/index.php\/portfolio-item\/la-suspension-nr2-de-moooi\/\" target=\"_self\">\n\t\tLa suspension NR2 de Moooi\t<\/a>\n<\/h4>\n\t\t\t<\/div>\n\t\t\t<div class=\"qodef-e-top-holder\">\n\t\t\t\t<div class=\"qodef-e-info\">\n\t\t\t\t\t\t<a href=\"https:\/\/inter-faces.eu\/index.php\/portfolio-category\/luminaires\/\" rel=\"tag\">Luminaires<\/a>\t<div class=\"qodef-info-separator-end\"><\/div>\n\t\t\t\t<\/div>\n\t\t\t<\/div>\n\t\t<\/div>\n\t<\/div>\n<\/article>\n<article class=\"qodef-e qodef-grid-item qodef-item--full  post-13067 portfolio-item type-portfolio-item status-publish has-post-thumbnail hentry portfolio-category-luminaires portfolio-tag-artemide portfolio-tag-luminaire portfolio-tag-suspension\">\n\t<div class=\"qodef-e-inner\" >\n\t\t<div class=\"qodef-e-image\">\n\t\t\t\t<div class=\"qodef-e-media-image\">\n\t\t<a itemprop=\"url\" href=\"https:\/\/inter-faces.eu\/index.php\/portfolio-item\/artemide-presente-discovery\/\" target=\"_self\">\n\t\t\t<img loading=\"lazy\" decoding=\"async\" width=\"900\" height=\"652\" src=\"https:\/\/inter-faces.eu\/wp-content\/uploads\/2024\/02\/1-1-229.jpg\" class=\"attachment-full size-full wp-post-image\" alt=\"\" srcset=\"https:\/\/inter-faces.eu\/wp-content\/uploads\/2024\/02\/1-1-229.jpg 900w, https:\/\/inter-faces.eu\/wp-content\/uploads\/2024\/02\/1-1-229-300x217.jpg 300w, https:\/\/inter-faces.eu\/wp-content\/uploads\/2024\/02\/1-1-229-768x556.jpg 768w, https:\/\/inter-faces.eu\/wp-content\/uploads\/2024\/02\/1-1-229-600x435.jpg 600w\" sizes=\"(max-width: 900px) 100vw, 900px\" \/>\t\t<\/a>\n\t<\/div>\n\t\t\t\t\t<\/div>\n\t\t<div class=\"qodef-e-content\" style=\"margin:24px 0 30px 0px\">\n\t\t\t<div class=\"qodef-e-text\">\n\t\t\t\t<h4 itemprop=\"name\" class=\"qodef-e-title entry-title\" >\n\t<a itemprop=\"url\" class=\"qodef-e-title-link\" href=\"https:\/\/inter-faces.eu\/index.php\/portfolio-item\/artemide-presente-discovery\/\" target=\"_self\">\n\t\tSurprenant Discovery &#8211; Artemide\t<\/a>\n<\/h4>\n\t\t\t<\/div>\n\t\t\t<div class=\"qodef-e-top-holder\">\n\t\t\t\t<div class=\"qodef-e-info\">\n\t\t\t\t\t\t<a href=\"https:\/\/inter-faces.eu\/index.php\/portfolio-category\/luminaires\/\" rel=\"tag\">Luminaires<\/a>\t<div class=\"qodef-info-separator-end\"><\/div>\n\t\t\t\t<\/div>\n\t\t\t<\/div>\n\t\t<\/div>\n\t<\/div>\n<\/article>\n<article class=\"qodef-e qodef-grid-item qodef-item--full  post-13068 portfolio-item type-portfolio-item status-publish has-post-thumbnail hentry portfolio-category-luminaires portfolio-category-outdoor portfolio-tag-fatboy portfolio-tag-lampadaire portfolio-tag-luminaire portfolio-tag-outdoor portfolio-tag-suspension\">\n\t<div class=\"qodef-e-inner\" >\n\t\t<div class=\"qodef-e-image\">\n\t\t\t\t<div class=\"qodef-e-media-image\">\n\t\t<a itemprop=\"url\" href=\"https:\/\/inter-faces.eu\/index.php\/portfolio-item\/thierry-le-swinger-signe-fatboy\/\" target=\"_self\">\n\t\t\t<img loading=\"lazy\" decoding=\"async\" width=\"900\" height=\"652\" src=\"https:\/\/inter-faces.eu\/wp-content\/uploads\/2024\/02\/1-1-228.jpg\" class=\"attachment-full size-full wp-post-image\" alt=\"\" srcset=\"https:\/\/inter-faces.eu\/wp-content\/uploads\/2024\/02\/1-1-228.jpg 900w, https:\/\/inter-faces.eu\/wp-content\/uploads\/2024\/02\/1-1-228-300x217.jpg 300w, https:\/\/inter-faces.eu\/wp-content\/uploads\/2024\/02\/1-1-228-768x556.jpg 768w, https:\/\/inter-faces.eu\/wp-content\/uploads\/2024\/02\/1-1-228-600x435.jpg 600w\" sizes=\"(max-width: 900px) 100vw, 900px\" \/>\t\t<\/a>\n\t<\/div>\n\t\t\t\t\t<\/div>\n\t\t<div class=\"qodef-e-content\" style=\"margin:24px 0 30px 0px\">\n\t\t\t<div class=\"qodef-e-text\">\n\t\t\t\t<h4 itemprop=\"name\" class=\"qodef-e-title entry-title\" >\n\t<a itemprop=\"url\" class=\"qodef-e-title-link\" href=\"https:\/\/inter-faces.eu\/index.php\/portfolio-item\/thierry-le-swinger-signe-fatboy\/\" target=\"_self\">\n\t\tThierry le Swinger sign\u00e9 Fatboy\t<\/a>\n<\/h4>\n\t\t\t<\/div>\n\t\t\t<div class=\"qodef-e-top-holder\">\n\t\t\t\t<div class=\"qodef-e-info\">\n\t\t\t\t\t\t<a href=\"https:\/\/inter-faces.eu\/index.php\/portfolio-category\/luminaires\/\" rel=\"tag\">Luminaires<\/a><span class=\"qodef-info-separator-single\"><\/span><a href=\"https:\/\/inter-faces.eu\/index.php\/portfolio-category\/outdoor\/\" rel=\"tag\">Outdoor<\/a>\t<div class=\"qodef-info-separator-end\"><\/div>\n\t\t\t\t<\/div>\n\t\t\t<\/div>\n\t\t<\/div>\n\t<\/div>\n<\/article>\n<article class=\"qodef-e qodef-grid-item qodef-item--full  post-13069 portfolio-item type-portfolio-item status-publish has-post-thumbnail hentry portfolio-category-luminaires portfolio-category-outdoor portfolio-tag-fatboy portfolio-tag-luminaire portfolio-tag-nomade portfolio-tag-outdoor portfolio-tag-suspension\">\n\t<div class=\"qodef-e-inner\" >\n\t\t<div class=\"qodef-e-image\">\n\t\t\t\t<div class=\"qodef-e-media-image\">\n\t\t<a itemprop=\"url\" href=\"https:\/\/inter-faces.eu\/index.php\/portfolio-item\/le-lustre-rockcoco-de-fatboy\/\" target=\"_self\">\n\t\t\t<img loading=\"lazy\" decoding=\"async\" width=\"900\" height=\"652\" src=\"https:\/\/inter-faces.eu\/wp-content\/uploads\/2024\/02\/1-1-227.jpg\" class=\"attachment-full size-full wp-post-image\" alt=\"\" srcset=\"https:\/\/inter-faces.eu\/wp-content\/uploads\/2024\/02\/1-1-227.jpg 900w, https:\/\/inter-faces.eu\/wp-content\/uploads\/2024\/02\/1-1-227-300x217.jpg 300w, https:\/\/inter-faces.eu\/wp-content\/uploads\/2024\/02\/1-1-227-768x556.jpg 768w, https:\/\/inter-faces.eu\/wp-content\/uploads\/2024\/02\/1-1-227-600x435.jpg 600w\" sizes=\"(max-width: 900px) 100vw, 900px\" \/>\t\t<\/a>\n\t<\/div>\n\t\t\t\t\t<\/div>\n\t\t<div class=\"qodef-e-content\" style=\"margin:24px 0 30px 0px\">\n\t\t\t<div class=\"qodef-e-text\">\n\t\t\t\t<h4 itemprop=\"name\" class=\"qodef-e-title entry-title\" >\n\t<a itemprop=\"url\" class=\"qodef-e-title-link\" href=\"https:\/\/inter-faces.eu\/index.php\/portfolio-item\/le-lustre-rockcoco-de-fatboy\/\" target=\"_self\">\n\t\tLe lustre RockCoco de Fatboy\t<\/a>\n<\/h4>\n\t\t\t<\/div>\n\t\t\t<div class=\"qodef-e-top-holder\">\n\t\t\t\t<div class=\"qodef-e-info\">\n\t\t\t\t\t\t<a href=\"https:\/\/inter-faces.eu\/index.php\/portfolio-category\/luminaires\/\" rel=\"tag\">Luminaires<\/a><span class=\"qodef-info-separator-single\"><\/span><a href=\"https:\/\/inter-faces.eu\/index.php\/portfolio-category\/outdoor\/\" rel=\"tag\">Outdoor<\/a>\t<div class=\"qodef-info-separator-end\"><\/div>\n\t\t\t\t<\/div>\n\t\t\t<\/div>\n\t\t<\/div>\n\t<\/div>\n<\/article>\n<article class=\"qodef-e qodef-grid-item qodef-item--full  post-13070 portfolio-item type-portfolio-item status-publish has-post-thumbnail hentry portfolio-category-luminaires portfolio-tag-flos portfolio-tag-lampe-a-poser portfolio-tag-luminaire\">\n\t<div class=\"qodef-e-inner\" >\n\t\t<div class=\"qodef-e-image\">\n\t\t\t\t<div class=\"qodef-e-media-image\">\n\t\t<a itemprop=\"url\" href=\"https:\/\/inter-faces.eu\/index.php\/portfolio-item\/la-lampe-astucieuse-sawaru\/\" target=\"_self\">\n\t\t\t<img loading=\"lazy\" decoding=\"async\" width=\"900\" height=\"652\" src=\"https:\/\/inter-faces.eu\/wp-content\/uploads\/2024\/02\/1-1-226.jpg\" class=\"attachment-full size-full wp-post-image\" alt=\"\" srcset=\"https:\/\/inter-faces.eu\/wp-content\/uploads\/2024\/02\/1-1-226.jpg 900w, https:\/\/inter-faces.eu\/wp-content\/uploads\/2024\/02\/1-1-226-300x217.jpg 300w, https:\/\/inter-faces.eu\/wp-content\/uploads\/2024\/02\/1-1-226-768x556.jpg 768w, https:\/\/inter-faces.eu\/wp-content\/uploads\/2024\/02\/1-1-226-600x435.jpg 600w\" sizes=\"(max-width: 900px) 100vw, 900px\" \/>\t\t<\/a>\n\t<\/div>\n\t\t\t\t\t<\/div>\n\t\t<div class=\"qodef-e-content\" style=\"margin:24px 0 30px 0px\">\n\t\t\t<div class=\"qodef-e-text\">\n\t\t\t\t<h4 itemprop=\"name\" class=\"qodef-e-title entry-title\" >\n\t<a itemprop=\"url\" class=\"qodef-e-title-link\" href=\"https:\/\/inter-faces.eu\/index.php\/portfolio-item\/la-lampe-astucieuse-sawaru\/\" target=\"_self\">\n\t\tLa lampe astucieuse Sawaru &#8211; Flos\t<\/a>\n<\/h4>\n\t\t\t<\/div>\n\t\t\t<div class=\"qodef-e-top-holder\">\n\t\t\t\t<div class=\"qodef-e-info\">\n\t\t\t\t\t\t<a href=\"https:\/\/inter-faces.eu\/index.php\/portfolio-category\/luminaires\/\" rel=\"tag\">Luminaires<\/a>\t<div class=\"qodef-info-separator-end\"><\/div>\n\t\t\t\t<\/div>\n\t\t\t<\/div>\n\t\t<\/div>\n\t<\/div>\n<\/article>\n<article class=\"qodef-e qodef-grid-item qodef-item--full  post-13071 portfolio-item type-portfolio-item status-publish has-post-thumbnail hentry portfolio-category-luminaires portfolio-tag-applique portfolio-tag-artemide portfolio-tag-luminaire portfolio-tag-suspension\">\n\t<div class=\"qodef-e-inner\" >\n\t\t<div class=\"qodef-e-image\">\n\t\t\t\t<div class=\"qodef-e-media-image\">\n\t\t<a itemprop=\"url\" href=\"https:\/\/inter-faces.eu\/index.php\/portfolio-item\/calipso-le-luminaire-inspire-de-la-lune-par-artemide\/\" target=\"_self\">\n\t\t\t<img loading=\"lazy\" decoding=\"async\" width=\"900\" height=\"652\" src=\"https:\/\/inter-faces.eu\/wp-content\/uploads\/2024\/02\/1-1-225.jpg\" class=\"attachment-full size-full wp-post-image\" alt=\"\" srcset=\"https:\/\/inter-faces.eu\/wp-content\/uploads\/2024\/02\/1-1-225.jpg 900w, https:\/\/inter-faces.eu\/wp-content\/uploads\/2024\/02\/1-1-225-300x217.jpg 300w, https:\/\/inter-faces.eu\/wp-content\/uploads\/2024\/02\/1-1-225-768x556.jpg 768w, https:\/\/inter-faces.eu\/wp-content\/uploads\/2024\/02\/1-1-225-600x435.jpg 600w\" sizes=\"(max-width: 900px) 100vw, 900px\" \/>\t\t<\/a>\n\t<\/div>\n\t\t\t\t\t<\/div>\n\t\t<div class=\"qodef-e-content\" style=\"margin:24px 0 30px 0px\">\n\t\t\t<div class=\"qodef-e-text\">\n\t\t\t\t<h4 itemprop=\"name\" class=\"qodef-e-title entry-title\" >\n\t<a itemprop=\"url\" class=\"qodef-e-title-link\" href=\"https:\/\/inter-faces.eu\/index.php\/portfolio-item\/calipso-le-luminaire-inspire-de-la-lune-par-artemide\/\" target=\"_self\">\n\t\tCalipso, inspir\u00e9 par la lune &#8211; Artemide\t<\/a>\n<\/h4>\n\t\t\t<\/div>\n\t\t\t<div class=\"qodef-e-top-holder\">\n\t\t\t\t<div class=\"qodef-e-info\">\n\t\t\t\t\t\t<a href=\"https:\/\/inter-faces.eu\/index.php\/portfolio-category\/luminaires\/\" rel=\"tag\">Luminaires<\/a>\t<div class=\"qodef-info-separator-end\"><\/div>\n\t\t\t\t<\/div>\n\t\t\t<\/div>\n\t\t<\/div>\n\t<\/div>\n<\/article>\n<article class=\"qodef-e qodef-grid-item qodef-item--full  post-13072 portfolio-item type-portfolio-item status-publish has-post-thumbnail hentry portfolio-category-luminaires portfolio-tag-applique portfolio-tag-foscarini portfolio-tag-luminaire portfolio-tag-suspension\">\n\t<div class=\"qodef-e-inner\" >\n\t\t<div class=\"qodef-e-image\">\n\t\t\t\t<div class=\"qodef-e-media-image\">\n\t\t<a itemprop=\"url\" href=\"https:\/\/inter-faces.eu\/index.php\/portfolio-item\/la-spectaculaire-suspension-big-bang-de-foscarini\/\" target=\"_self\">\n\t\t\t<img loading=\"lazy\" decoding=\"async\" width=\"900\" height=\"652\" src=\"https:\/\/inter-faces.eu\/wp-content\/uploads\/2024\/02\/1-1-224.jpg\" class=\"attachment-full size-full wp-post-image\" alt=\"\" srcset=\"https:\/\/inter-faces.eu\/wp-content\/uploads\/2024\/02\/1-1-224.jpg 900w, https:\/\/inter-faces.eu\/wp-content\/uploads\/2024\/02\/1-1-224-300x217.jpg 300w, https:\/\/inter-faces.eu\/wp-content\/uploads\/2024\/02\/1-1-224-768x556.jpg 768w, https:\/\/inter-faces.eu\/wp-content\/uploads\/2024\/02\/1-1-224-600x435.jpg 600w\" sizes=\"(max-width: 900px) 100vw, 900px\" \/>\t\t<\/a>\n\t<\/div>\n\t\t\t\t\t<\/div>\n\t\t<div class=\"qodef-e-content\" style=\"margin:24px 0 30px 0px\">\n\t\t\t<div class=\"qodef-e-text\">\n\t\t\t\t<h4 itemprop=\"name\" class=\"qodef-e-title entry-title\" >\n\t<a itemprop=\"url\" class=\"qodef-e-title-link\" href=\"https:\/\/inter-faces.eu\/index.php\/portfolio-item\/la-spectaculaire-suspension-big-bang-de-foscarini\/\" target=\"_self\">\n\t\tLa spectaculaire suspension Big Bang de Foscarini\t<\/a>\n<\/h4>\n\t\t\t<\/div>\n\t\t\t<div class=\"qodef-e-top-holder\">\n\t\t\t\t<div class=\"qodef-e-info\">\n\t\t\t\t\t\t<a href=\"https:\/\/inter-faces.eu\/index.php\/portfolio-category\/luminaires\/\" rel=\"tag\">Luminaires<\/a>\t<div class=\"qodef-info-separator-end\"><\/div>\n\t\t\t\t<\/div>\n\t\t\t<\/div>\n\t\t<\/div>\n\t<\/div>\n<\/article>\n<article class=\"qodef-e qodef-grid-item qodef-item--full  post-13073 portfolio-item type-portfolio-item status-publish has-post-thumbnail hentry portfolio-category-luminaires portfolio-tag-applique portfolio-tag-foscarini portfolio-tag-lampadaire portfolio-tag-lampe-a-poser portfolio-tag-luminaire portfolio-tag-suspension\">\n\t<div class=\"qodef-e-inner\" >\n\t\t<div class=\"qodef-e-image\">\n\t\t\t\t<div class=\"qodef-e-media-image\">\n\t\t<a itemprop=\"url\" href=\"https:\/\/inter-faces.eu\/index.php\/portfolio-item\/la-famille-lumiere-par-foscarini\/\" target=\"_self\">\n\t\t\t<img loading=\"lazy\" decoding=\"async\" width=\"900\" height=\"652\" src=\"https:\/\/inter-faces.eu\/wp-content\/uploads\/2024\/02\/1-1-223.jpg\" class=\"attachment-full size-full wp-post-image\" alt=\"\" srcset=\"https:\/\/inter-faces.eu\/wp-content\/uploads\/2024\/02\/1-1-223.jpg 900w, https:\/\/inter-faces.eu\/wp-content\/uploads\/2024\/02\/1-1-223-300x217.jpg 300w, https:\/\/inter-faces.eu\/wp-content\/uploads\/2024\/02\/1-1-223-768x556.jpg 768w, https:\/\/inter-faces.eu\/wp-content\/uploads\/2024\/02\/1-1-223-600x435.jpg 600w\" sizes=\"(max-width: 900px) 100vw, 900px\" \/>\t\t<\/a>\n\t<\/div>\n\t\t\t\t\t<\/div>\n\t\t<div class=\"qodef-e-content\" style=\"margin:24px 0 30px 0px\">\n\t\t\t<div class=\"qodef-e-text\">\n\t\t\t\t<h4 itemprop=\"name\" class=\"qodef-e-title entry-title\" >\n\t<a itemprop=\"url\" class=\"qodef-e-title-link\" href=\"https:\/\/inter-faces.eu\/index.php\/portfolio-item\/la-famille-lumiere-par-foscarini\/\" target=\"_self\">\n\t\tLa famille Lumi\u00e8re par Foscarini\t<\/a>\n<\/h4>\n\t\t\t<\/div>\n\t\t\t<div class=\"qodef-e-top-holder\">\n\t\t\t\t<div class=\"qodef-e-info\">\n\t\t\t\t\t\t<a href=\"https:\/\/inter-faces.eu\/index.php\/portfolio-category\/luminaires\/\" rel=\"tag\">Luminaires<\/a>\t<div class=\"qodef-info-separator-end\"><\/div>\n\t\t\t\t<\/div>\n\t\t\t<\/div>\n\t\t<\/div>\n\t<\/div>\n<\/article>\n<article class=\"qodef-e qodef-grid-item qodef-item--full  post-13074 portfolio-item type-portfolio-item status-publish has-post-thumbnail hentry portfolio-category-luminaires portfolio-tag-applique portfolio-tag-foscarini portfolio-tag-luminaire portfolio-tag-suspension\">\n\t<div class=\"qodef-e-inner\" >\n\t\t<div class=\"qodef-e-image\">\n\t\t\t\t<div class=\"qodef-e-media-image\">\n\t\t<a itemprop=\"url\" href=\"https:\/\/inter-faces.eu\/index.php\/portfolio-item\/lapplique-bahia-de-foscarini\/\" target=\"_self\">\n\t\t\t<img loading=\"lazy\" decoding=\"async\" width=\"959\" height=\"926\" src=\"https:\/\/inter-faces.eu\/wp-content\/uploads\/2024\/06\/4.1_Bahia-e1719420814329.jpg\" class=\"attachment-full size-full wp-post-image\" alt=\"\" srcset=\"https:\/\/inter-faces.eu\/wp-content\/uploads\/2024\/06\/4.1_Bahia-e1719420814329.jpg 959w, https:\/\/inter-faces.eu\/wp-content\/uploads\/2024\/06\/4.1_Bahia-e1719420814329-300x290.jpg 300w, https:\/\/inter-faces.eu\/wp-content\/uploads\/2024\/06\/4.1_Bahia-e1719420814329-768x742.jpg 768w, https:\/\/inter-faces.eu\/wp-content\/uploads\/2024\/06\/4.1_Bahia-e1719420814329-600x579.jpg 600w\" sizes=\"(max-width: 959px) 100vw, 959px\" \/>\t\t<\/a>\n\t<\/div>\n\t\t\t\t\t<\/div>\n\t\t<div class=\"qodef-e-content\" style=\"margin:24px 0 30px 0px\">\n\t\t\t<div class=\"qodef-e-text\">\n\t\t\t\t<h4 itemprop=\"name\" class=\"qodef-e-title entry-title\" >\n\t<a itemprop=\"url\" class=\"qodef-e-title-link\" href=\"https:\/\/inter-faces.eu\/index.php\/portfolio-item\/lapplique-bahia-de-foscarini\/\" target=\"_self\">\n\t\tApplique Bahia &#8211; Foscarini\t<\/a>\n<\/h4>\n\t\t\t<\/div>\n\t\t\t<div class=\"qodef-e-top-holder\">\n\t\t\t\t<div class=\"qodef-e-info\">\n\t\t\t\t\t\t<a href=\"https:\/\/inter-faces.eu\/index.php\/portfolio-category\/luminaires\/\" rel=\"tag\">Luminaires<\/a>\t<div class=\"qodef-info-separator-end\"><\/div>\n\t\t\t\t<\/div>\n\t\t\t<\/div>\n\t\t<\/div>\n\t<\/div>\n<\/article>\n<article class=\"qodef-e qodef-grid-item qodef-item--full  post-13075 portfolio-item type-portfolio-item status-publish has-post-thumbnail hentry portfolio-category-luminaires portfolio-tag-foscarini portfolio-tag-luminaire portfolio-tag-suspension\">\n\t<div class=\"qodef-e-inner\" >\n\t\t<div class=\"qodef-e-image\">\n\t\t\t\t<div class=\"qodef-e-media-image\">\n\t\t<a itemprop=\"url\" href=\"https:\/\/inter-faces.eu\/index.php\/portfolio-item\/la-suspension-plena-de-foscarini\/\" target=\"_self\">\n\t\t\t<img loading=\"lazy\" decoding=\"async\" width=\"900\" height=\"652\" src=\"https:\/\/inter-faces.eu\/wp-content\/uploads\/2024\/02\/1-1-221.jpg\" class=\"attachment-full size-full wp-post-image\" alt=\"\" srcset=\"https:\/\/inter-faces.eu\/wp-content\/uploads\/2024\/02\/1-1-221.jpg 900w, https:\/\/inter-faces.eu\/wp-content\/uploads\/2024\/02\/1-1-221-300x217.jpg 300w, https:\/\/inter-faces.eu\/wp-content\/uploads\/2024\/02\/1-1-221-768x556.jpg 768w, https:\/\/inter-faces.eu\/wp-content\/uploads\/2024\/02\/1-1-221-600x435.jpg 600w\" sizes=\"(max-width: 900px) 100vw, 900px\" \/>\t\t<\/a>\n\t<\/div>\n\t\t\t\t\t<\/div>\n\t\t<div class=\"qodef-e-content\" style=\"margin:24px 0 30px 0px\">\n\t\t\t<div class=\"qodef-e-text\">\n\t\t\t\t<h4 itemprop=\"name\" class=\"qodef-e-title entry-title\" >\n\t<a itemprop=\"url\" class=\"qodef-e-title-link\" href=\"https:\/\/inter-faces.eu\/index.php\/portfolio-item\/la-suspension-plena-de-foscarini\/\" target=\"_self\">\n\t\tLa suspension Plena de Foscarini\t<\/a>\n<\/h4>\n\t\t\t<\/div>\n\t\t\t<div class=\"qodef-e-top-holder\">\n\t\t\t\t<div class=\"qodef-e-info\">\n\t\t\t\t\t\t<a href=\"https:\/\/inter-faces.eu\/index.php\/portfolio-category\/luminaires\/\" rel=\"tag\">Luminaires<\/a>\t<div class=\"qodef-info-separator-end\"><\/div>\n\t\t\t\t<\/div>\n\t\t\t<\/div>\n\t\t<\/div>\n\t<\/div>\n<\/article>\n<article class=\"qodef-e qodef-grid-item qodef-item--full  post-13076 portfolio-item type-portfolio-item status-publish has-post-thumbnail hentry portfolio-category-luminaires portfolio-tag-artemide portfolio-tag-icone portfolio-tag-lampe-a-poser portfolio-tag-luminaire\">\n\t<div class=\"qodef-e-inner\" >\n\t\t<div class=\"qodef-e-image\">\n\t\t\t\t<div class=\"qodef-e-media-image\">\n\t\t<a itemprop=\"url\" href=\"https:\/\/inter-faces.eu\/index.php\/portfolio-item\/la-lampe-shogun-signee-mario-botta\/\" target=\"_self\">\n\t\t\t<img loading=\"lazy\" decoding=\"async\" width=\"900\" height=\"652\" src=\"https:\/\/inter-faces.eu\/wp-content\/uploads\/2024\/02\/1-1-220.jpg\" class=\"attachment-full size-full wp-post-image\" alt=\"\" srcset=\"https:\/\/inter-faces.eu\/wp-content\/uploads\/2024\/02\/1-1-220.jpg 900w, https:\/\/inter-faces.eu\/wp-content\/uploads\/2024\/02\/1-1-220-300x217.jpg 300w, https:\/\/inter-faces.eu\/wp-content\/uploads\/2024\/02\/1-1-220-768x556.jpg 768w, https:\/\/inter-faces.eu\/wp-content\/uploads\/2024\/02\/1-1-220-600x435.jpg 600w\" sizes=\"(max-width: 900px) 100vw, 900px\" \/>\t\t<\/a>\n\t<\/div>\n\t\t\t\t\t<\/div>\n\t\t<div class=\"qodef-e-content\" style=\"margin:24px 0 30px 0px\">\n\t\t\t<div class=\"qodef-e-text\">\n\t\t\t\t<h4 itemprop=\"name\" class=\"qodef-e-title entry-title\" >\n\t<a itemprop=\"url\" class=\"qodef-e-title-link\" href=\"https:\/\/inter-faces.eu\/index.php\/portfolio-item\/la-lampe-shogun-signee-mario-botta\/\" target=\"_self\">\n\t\tLa lampe Shogun sign\u00e9e Mario Botta &#8211; Artemide\t<\/a>\n<\/h4>\n\t\t\t<\/div>\n\t\t\t<div class=\"qodef-e-top-holder\">\n\t\t\t\t<div class=\"qodef-e-info\">\n\t\t\t\t\t\t<a href=\"https:\/\/inter-faces.eu\/index.php\/portfolio-category\/luminaires\/\" rel=\"tag\">Luminaires<\/a>\t<div class=\"qodef-info-separator-end\"><\/div>\n\t\t\t\t<\/div>\n\t\t\t<\/div>\n\t\t<\/div>\n\t<\/div>\n<\/article>\n<article class=\"qodef-e qodef-grid-item qodef-item--full  post-13077 portfolio-item type-portfolio-item status-publish has-post-thumbnail hentry portfolio-category-luminaires portfolio-category-outdoor portfolio-tag-fatboy portfolio-tag-luminaire portfolio-tag-nomade portfolio-tag-outdoor portfolio-tag-suspension\">\n\t<div class=\"qodef-e-inner\" >\n\t\t<div class=\"qodef-e-image\">\n\t\t\t\t<div class=\"qodef-e-media-image\">\n\t\t<a itemprop=\"url\" href=\"https:\/\/inter-faces.eu\/index.php\/portfolio-item\/la-lampe-autonome-a-suspendre-bolleke-de-fatboy\/\" target=\"_self\">\n\t\t\t<img loading=\"lazy\" decoding=\"async\" width=\"900\" height=\"652\" src=\"https:\/\/inter-faces.eu\/wp-content\/uploads\/2024\/02\/1-1-219.jpg\" class=\"attachment-full size-full wp-post-image\" alt=\"\" srcset=\"https:\/\/inter-faces.eu\/wp-content\/uploads\/2024\/02\/1-1-219.jpg 900w, https:\/\/inter-faces.eu\/wp-content\/uploads\/2024\/02\/1-1-219-300x217.jpg 300w, https:\/\/inter-faces.eu\/wp-content\/uploads\/2024\/02\/1-1-219-768x556.jpg 768w, https:\/\/inter-faces.eu\/wp-content\/uploads\/2024\/02\/1-1-219-600x435.jpg 600w\" sizes=\"(max-width: 900px) 100vw, 900px\" \/>\t\t<\/a>\n\t<\/div>\n\t\t\t\t\t<\/div>\n\t\t<div class=\"qodef-e-content\" style=\"margin:24px 0 30px 0px\">\n\t\t\t<div class=\"qodef-e-text\">\n\t\t\t\t<h4 itemprop=\"name\" class=\"qodef-e-title entry-title\" >\n\t<a itemprop=\"url\" class=\"qodef-e-title-link\" href=\"https:\/\/inter-faces.eu\/index.php\/portfolio-item\/la-lampe-autonome-a-suspendre-bolleke-de-fatboy\/\" target=\"_self\">\n\t\tLa lampe autonome \u00e0 suspendre Bolleke &#8211; Fatboy\t<\/a>\n<\/h4>\n\t\t\t<\/div>\n\t\t\t<div class=\"qodef-e-top-holder\">\n\t\t\t\t<div class=\"qodef-e-info\">\n\t\t\t\t\t\t<a href=\"https:\/\/inter-faces.eu\/index.php\/portfolio-category\/luminaires\/\" rel=\"tag\">Luminaires<\/a><span class=\"qodef-info-separator-single\"><\/span><a href=\"https:\/\/inter-faces.eu\/index.php\/portfolio-category\/outdoor\/\" rel=\"tag\">Outdoor<\/a>\t<div class=\"qodef-info-separator-end\"><\/div>\n\t\t\t\t<\/div>\n\t\t\t<\/div>\n\t\t<\/div>\n\t<\/div>\n<\/article>\n<article class=\"qodef-e qodef-grid-item qodef-item--full  post-13078 portfolio-item type-portfolio-item status-publish has-post-thumbnail hentry portfolio-category-luminaires portfolio-tag-flos portfolio-tag-lampadaire portfolio-tag-luminaire\">\n\t<div class=\"qodef-e-inner\" >\n\t\t<div class=\"qodef-e-image\">\n\t\t\t\t<div class=\"qodef-e-media-image\">\n\t\t<a itemprop=\"url\" href=\"https:\/\/inter-faces.eu\/index.php\/portfolio-item\/le-lampadaire-stylos-de-flos\/\" target=\"_self\">\n\t\t\t<img loading=\"lazy\" decoding=\"async\" width=\"900\" height=\"652\" src=\"https:\/\/inter-faces.eu\/wp-content\/uploads\/2024\/02\/1-1-218.jpg\" class=\"attachment-full size-full wp-post-image\" alt=\"\" srcset=\"https:\/\/inter-faces.eu\/wp-content\/uploads\/2024\/02\/1-1-218.jpg 900w, https:\/\/inter-faces.eu\/wp-content\/uploads\/2024\/02\/1-1-218-300x217.jpg 300w, https:\/\/inter-faces.eu\/wp-content\/uploads\/2024\/02\/1-1-218-768x556.jpg 768w, https:\/\/inter-faces.eu\/wp-content\/uploads\/2024\/02\/1-1-218-600x435.jpg 600w\" sizes=\"(max-width: 900px) 100vw, 900px\" \/>\t\t<\/a>\n\t<\/div>\n\t\t\t\t\t<\/div>\n\t\t<div class=\"qodef-e-content\" style=\"margin:24px 0 30px 0px\">\n\t\t\t<div class=\"qodef-e-text\">\n\t\t\t\t<h4 itemprop=\"name\" class=\"qodef-e-title entry-title\" >\n\t<a itemprop=\"url\" class=\"qodef-e-title-link\" href=\"https:\/\/inter-faces.eu\/index.php\/portfolio-item\/le-lampadaire-stylos-de-flos\/\" target=\"_self\">\n\t\tLe lampadaire Stylos de Flos\t<\/a>\n<\/h4>\n\t\t\t<\/div>\n\t\t\t<div class=\"qodef-e-top-holder\">\n\t\t\t\t<div class=\"qodef-e-info\">\n\t\t\t\t\t\t<a href=\"https:\/\/inter-faces.eu\/index.php\/portfolio-category\/luminaires\/\" rel=\"tag\">Luminaires<\/a>\t<div class=\"qodef-info-separator-end\"><\/div>\n\t\t\t\t<\/div>\n\t\t\t<\/div>\n\t\t<\/div>\n\t<\/div>\n<\/article>\n<article class=\"qodef-e qodef-grid-item qodef-item--full  post-13079 portfolio-item type-portfolio-item status-publish has-post-thumbnail hentry portfolio-category-luminaires portfolio-tag-applique portfolio-tag-artemide portfolio-tag-icone portfolio-tag-lampe-a-poser portfolio-tag-luminaire\">\n\t<div class=\"qodef-e-inner\" >\n\t\t<div class=\"qodef-e-image\">\n\t\t\t\t<div class=\"qodef-e-media-image\">\n\t\t<a itemprop=\"url\" href=\"https:\/\/inter-faces.eu\/index.php\/portfolio-item\/la-lampe-eclisse-dartemide\/\" target=\"_self\">\n\t\t\t<img loading=\"lazy\" decoding=\"async\" width=\"900\" height=\"652\" src=\"https:\/\/inter-faces.eu\/wp-content\/uploads\/2024\/02\/1-1-217.jpg\" class=\"attachment-full size-full wp-post-image\" alt=\"\" srcset=\"https:\/\/inter-faces.eu\/wp-content\/uploads\/2024\/02\/1-1-217.jpg 900w, https:\/\/inter-faces.eu\/wp-content\/uploads\/2024\/02\/1-1-217-300x217.jpg 300w, https:\/\/inter-faces.eu\/wp-content\/uploads\/2024\/02\/1-1-217-768x556.jpg 768w, https:\/\/inter-faces.eu\/wp-content\/uploads\/2024\/02\/1-1-217-600x435.jpg 600w\" sizes=\"(max-width: 900px) 100vw, 900px\" \/>\t\t<\/a>\n\t<\/div>\n\t\t\t\t\t<\/div>\n\t\t<div class=\"qodef-e-content\" style=\"margin:24px 0 30px 0px\">\n\t\t\t<div class=\"qodef-e-text\">\n\t\t\t\t<h4 itemprop=\"name\" class=\"qodef-e-title entry-title\" >\n\t<a itemprop=\"url\" class=\"qodef-e-title-link\" href=\"https:\/\/inter-faces.eu\/index.php\/portfolio-item\/la-lampe-eclisse-dartemide\/\" target=\"_self\">\n\t\tLa lampe Eclisse &#8211; Artemide\t<\/a>\n<\/h4>\n\t\t\t<\/div>\n\t\t\t<div class=\"qodef-e-top-holder\">\n\t\t\t\t<div class=\"qodef-e-info\">\n\t\t\t\t\t\t<a href=\"https:\/\/inter-faces.eu\/index.php\/portfolio-category\/luminaires\/\" rel=\"tag\">Luminaires<\/a>\t<div class=\"qodef-info-separator-end\"><\/div>\n\t\t\t\t<\/div>\n\t\t\t<\/div>\n\t\t<\/div>\n\t<\/div>\n<\/article>\n<article class=\"qodef-e qodef-grid-item qodef-item--full  post-13080 portfolio-item type-portfolio-item status-publish has-post-thumbnail hentry portfolio-category-luminaires portfolio-tag-applique portfolio-tag-foscarini portfolio-tag-lampadaire portfolio-tag-lampe-a-poser portfolio-tag-luminaire portfolio-tag-suspension\">\n\t<div class=\"qodef-e-inner\" >\n\t\t<div class=\"qodef-e-image\">\n\t\t\t\t<div class=\"qodef-e-media-image\">\n\t\t<a itemprop=\"url\" href=\"https:\/\/inter-faces.eu\/index.php\/portfolio-item\/tress-collection-en-fibre-de-verre-de-foscarini\/\" target=\"_self\">\n\t\t\t<img loading=\"lazy\" decoding=\"async\" width=\"900\" height=\"652\" src=\"https:\/\/inter-faces.eu\/wp-content\/uploads\/2024\/02\/1-1-216.jpg\" class=\"attachment-full size-full wp-post-image\" alt=\"\" srcset=\"https:\/\/inter-faces.eu\/wp-content\/uploads\/2024\/02\/1-1-216.jpg 900w, https:\/\/inter-faces.eu\/wp-content\/uploads\/2024\/02\/1-1-216-300x217.jpg 300w, https:\/\/inter-faces.eu\/wp-content\/uploads\/2024\/02\/1-1-216-768x556.jpg 768w, https:\/\/inter-faces.eu\/wp-content\/uploads\/2024\/02\/1-1-216-600x435.jpg 600w\" sizes=\"(max-width: 900px) 100vw, 900px\" \/>\t\t<\/a>\n\t<\/div>\n\t\t\t\t\t<\/div>\n\t\t<div class=\"qodef-e-content\" style=\"margin:24px 0 30px 0px\">\n\t\t\t<div class=\"qodef-e-text\">\n\t\t\t\t<h4 itemprop=\"name\" class=\"qodef-e-title entry-title\" >\n\t<a itemprop=\"url\" class=\"qodef-e-title-link\" href=\"https:\/\/inter-faces.eu\/index.php\/portfolio-item\/tress-collection-en-fibre-de-verre-de-foscarini\/\" target=\"_self\">\n\t\tTress, collection en fibre de verre de Foscarini\t<\/a>\n<\/h4>\n\t\t\t<\/div>\n\t\t\t<div class=\"qodef-e-top-holder\">\n\t\t\t\t<div class=\"qodef-e-info\">\n\t\t\t\t\t\t<a href=\"https:\/\/inter-faces.eu\/index.php\/portfolio-category\/luminaires\/\" rel=\"tag\">Luminaires<\/a>\t<div class=\"qodef-info-separator-end\"><\/div>\n\t\t\t\t<\/div>\n\t\t\t<\/div>\n\t\t<\/div>\n\t<\/div>\n<\/article>\n<article class=\"qodef-e qodef-grid-item qodef-item--full  post-13081 portfolio-item type-portfolio-item status-publish has-post-thumbnail hentry portfolio-category-luminaires portfolio-tag-applique portfolio-tag-foscarini portfolio-tag-lampadaire portfolio-tag-luminaire\">\n\t<div class=\"qodef-e-inner\" >\n\t\t<div class=\"qodef-e-image\">\n\t\t\t\t<div class=\"qodef-e-media-image\">\n\t\t<a itemprop=\"url\" href=\"https:\/\/inter-faces.eu\/index.php\/portfolio-item\/le-lampadaire-orbital-de-foscarini\/\" target=\"_self\">\n\t\t\t<img loading=\"lazy\" decoding=\"async\" width=\"900\" height=\"652\" src=\"https:\/\/inter-faces.eu\/wp-content\/uploads\/2024\/02\/1-1-215.jpg\" class=\"attachment-full size-full wp-post-image\" alt=\"\" srcset=\"https:\/\/inter-faces.eu\/wp-content\/uploads\/2024\/02\/1-1-215.jpg 900w, https:\/\/inter-faces.eu\/wp-content\/uploads\/2024\/02\/1-1-215-300x217.jpg 300w, https:\/\/inter-faces.eu\/wp-content\/uploads\/2024\/02\/1-1-215-768x556.jpg 768w, https:\/\/inter-faces.eu\/wp-content\/uploads\/2024\/02\/1-1-215-600x435.jpg 600w\" sizes=\"(max-width: 900px) 100vw, 900px\" \/>\t\t<\/a>\n\t<\/div>\n\t\t\t\t\t<\/div>\n\t\t<div class=\"qodef-e-content\" style=\"margin:24px 0 30px 0px\">\n\t\t\t<div class=\"qodef-e-text\">\n\t\t\t\t<h4 itemprop=\"name\" class=\"qodef-e-title entry-title\" >\n\t<a itemprop=\"url\" class=\"qodef-e-title-link\" href=\"https:\/\/inter-faces.eu\/index.php\/portfolio-item\/le-lampadaire-orbital-de-foscarini\/\" target=\"_self\">\n\t\tLe lampadaire Orbital de Foscarini\t<\/a>\n<\/h4>\n\t\t\t<\/div>\n\t\t\t<div class=\"qodef-e-top-holder\">\n\t\t\t\t<div class=\"qodef-e-info\">\n\t\t\t\t\t\t<a href=\"https:\/\/inter-faces.eu\/index.php\/portfolio-category\/luminaires\/\" rel=\"tag\">Luminaires<\/a>\t<div class=\"qodef-info-separator-end\"><\/div>\n\t\t\t\t<\/div>\n\t\t\t<\/div>\n\t\t<\/div>\n\t<\/div>\n<\/article>\n<article class=\"qodef-e qodef-grid-item qodef-item--full  post-13082 portfolio-item type-portfolio-item status-publish has-post-thumbnail hentry portfolio-category-luminaires portfolio-category-outdoor portfolio-tag-fatboy portfolio-tag-lampadaire portfolio-tag-lampe-a-poser portfolio-tag-luminaire portfolio-tag-nomade portfolio-tag-outdoor\">\n\t<div class=\"qodef-e-inner\" >\n\t\t<div class=\"qodef-e-image\">\n\t\t\t\t<div class=\"qodef-e-media-image\">\n\t\t<a itemprop=\"url\" href=\"https:\/\/inter-faces.eu\/index.php\/portfolio-item\/la-famille-de-lampes-edison-de-fatboy\/\" target=\"_self\">\n\t\t\t<img loading=\"lazy\" decoding=\"async\" width=\"900\" height=\"652\" src=\"https:\/\/inter-faces.eu\/wp-content\/uploads\/2024\/02\/1-1-214.jpg\" class=\"attachment-full size-full wp-post-image\" alt=\"\" srcset=\"https:\/\/inter-faces.eu\/wp-content\/uploads\/2024\/02\/1-1-214.jpg 900w, https:\/\/inter-faces.eu\/wp-content\/uploads\/2024\/02\/1-1-214-300x217.jpg 300w, https:\/\/inter-faces.eu\/wp-content\/uploads\/2024\/02\/1-1-214-768x556.jpg 768w, https:\/\/inter-faces.eu\/wp-content\/uploads\/2024\/02\/1-1-214-600x435.jpg 600w\" sizes=\"(max-width: 900px) 100vw, 900px\" \/>\t\t<\/a>\n\t<\/div>\n\t\t\t\t\t<\/div>\n\t\t<div class=\"qodef-e-content\" style=\"margin:24px 0 30px 0px\">\n\t\t\t<div class=\"qodef-e-text\">\n\t\t\t\t<h4 itemprop=\"name\" class=\"qodef-e-title entry-title\" >\n\t<a itemprop=\"url\" class=\"qodef-e-title-link\" href=\"https:\/\/inter-faces.eu\/index.php\/portfolio-item\/la-famille-de-lampes-edison-de-fatboy\/\" target=\"_self\">\n\t\tLa famille de lampes Edison de Fatboy\t<\/a>\n<\/h4>\n\t\t\t<\/div>\n\t\t\t<div class=\"qodef-e-top-holder\">\n\t\t\t\t<div class=\"qodef-e-info\">\n\t\t\t\t\t\t<a href=\"https:\/\/inter-faces.eu\/index.php\/portfolio-category\/luminaires\/\" rel=\"tag\">Luminaires<\/a><span class=\"qodef-info-separator-single\"><\/span><a href=\"https:\/\/inter-faces.eu\/index.php\/portfolio-category\/outdoor\/\" rel=\"tag\">Outdoor<\/a>\t<div class=\"qodef-info-separator-end\"><\/div>\n\t\t\t\t<\/div>\n\t\t\t<\/div>\n\t\t<\/div>\n\t<\/div>\n<\/article>\n<article class=\"qodef-e qodef-grid-item qodef-item--full  post-13083 portfolio-item type-portfolio-item status-publish has-post-thumbnail hentry portfolio-category-luminaires portfolio-tag-foscarini portfolio-tag-lampadaire portfolio-tag-lampe-a-poser portfolio-tag-luminaire portfolio-tag-suspension\">\n\t<div class=\"qodef-e-inner\" >\n\t\t<div class=\"qodef-e-image\">\n\t\t\t\t<div class=\"qodef-e-media-image\">\n\t\t<a itemprop=\"url\" href=\"https:\/\/inter-faces.eu\/index.php\/portfolio-item\/la-collection-twiggy-de-foscarini\/\" target=\"_self\">\n\t\t\t<img loading=\"lazy\" decoding=\"async\" width=\"900\" height=\"652\" src=\"https:\/\/inter-faces.eu\/wp-content\/uploads\/2024\/02\/1-1-213.jpg\" class=\"attachment-full size-full wp-post-image\" alt=\"\" srcset=\"https:\/\/inter-faces.eu\/wp-content\/uploads\/2024\/02\/1-1-213.jpg 900w, https:\/\/inter-faces.eu\/wp-content\/uploads\/2024\/02\/1-1-213-300x217.jpg 300w, https:\/\/inter-faces.eu\/wp-content\/uploads\/2024\/02\/1-1-213-768x556.jpg 768w, https:\/\/inter-faces.eu\/wp-content\/uploads\/2024\/02\/1-1-213-600x435.jpg 600w\" sizes=\"(max-width: 900px) 100vw, 900px\" \/>\t\t<\/a>\n\t<\/div>\n\t\t\t\t\t<\/div>\n\t\t<div class=\"qodef-e-content\" style=\"margin:24px 0 30px 0px\">\n\t\t\t<div class=\"qodef-e-text\">\n\t\t\t\t<h4 itemprop=\"name\" class=\"qodef-e-title entry-title\" >\n\t<a itemprop=\"url\" class=\"qodef-e-title-link\" href=\"https:\/\/inter-faces.eu\/index.php\/portfolio-item\/la-collection-twiggy-de-foscarini\/\" target=\"_self\">\n\t\tLa collection Twiggy de Foscarini\t<\/a>\n<\/h4>\n\t\t\t<\/div>\n\t\t\t<div class=\"qodef-e-top-holder\">\n\t\t\t\t<div class=\"qodef-e-info\">\n\t\t\t\t\t\t<a href=\"https:\/\/inter-faces.eu\/index.php\/portfolio-category\/luminaires\/\" rel=\"tag\">Luminaires<\/a>\t<div class=\"qodef-info-separator-end\"><\/div>\n\t\t\t\t<\/div>\n\t\t\t<\/div>\n\t\t<\/div>\n\t<\/div>\n<\/article>\n<article class=\"qodef-e qodef-grid-item qodef-item--full  post-13084 portfolio-item type-portfolio-item status-publish has-post-thumbnail hentry portfolio-category-luminaires portfolio-tag-foscarini portfolio-tag-lampadaire portfolio-tag-lampe-a-poser portfolio-tag-luminaire portfolio-tag-patricia-urquiola portfolio-tag-suspension\">\n\t<div class=\"qodef-e-inner\" >\n\t\t<div class=\"qodef-e-image\">\n\t\t\t\t<div class=\"qodef-e-media-image\">\n\t\t<a itemprop=\"url\" href=\"https:\/\/inter-faces.eu\/index.php\/portfolio-item\/la-famille-de-luminaires-caboche-de-patricia-urquiola\/\" target=\"_self\">\n\t\t\t<img loading=\"lazy\" decoding=\"async\" width=\"900\" height=\"652\" src=\"https:\/\/inter-faces.eu\/wp-content\/uploads\/2024\/02\/1-1-212.jpg\" class=\"attachment-full size-full wp-post-image\" alt=\"\" srcset=\"https:\/\/inter-faces.eu\/wp-content\/uploads\/2024\/02\/1-1-212.jpg 900w, https:\/\/inter-faces.eu\/wp-content\/uploads\/2024\/02\/1-1-212-300x217.jpg 300w, https:\/\/inter-faces.eu\/wp-content\/uploads\/2024\/02\/1-1-212-768x556.jpg 768w, https:\/\/inter-faces.eu\/wp-content\/uploads\/2024\/02\/1-1-212-600x435.jpg 600w\" sizes=\"(max-width: 900px) 100vw, 900px\" \/>\t\t<\/a>\n\t<\/div>\n\t\t\t\t\t<\/div>\n\t\t<div class=\"qodef-e-content\" style=\"margin:24px 0 30px 0px\">\n\t\t\t<div class=\"qodef-e-text\">\n\t\t\t\t<h4 itemprop=\"name\" class=\"qodef-e-title entry-title\" >\n\t<a itemprop=\"url\" class=\"qodef-e-title-link\" href=\"https:\/\/inter-faces.eu\/index.php\/portfolio-item\/la-famille-de-luminaires-caboche-de-patricia-urquiola\/\" target=\"_self\">\n\t\tLa Collection Caboche de Patricia Urquiola &#8211; Foscarini\t<\/a>\n<\/h4>\n\t\t\t<\/div>\n\t\t\t<div class=\"qodef-e-top-holder\">\n\t\t\t\t<div class=\"qodef-e-info\">\n\t\t\t\t\t\t<a href=\"https:\/\/inter-faces.eu\/index.php\/portfolio-category\/luminaires\/\" rel=\"tag\">Luminaires<\/a>\t<div class=\"qodef-info-separator-end\"><\/div>\n\t\t\t\t<\/div>\n\t\t\t<\/div>\n\t\t<\/div>\n\t<\/div>\n<\/article>\n<article class=\"qodef-e qodef-grid-item qodef-item--full  post-13085 portfolio-item type-portfolio-item status-publish has-post-thumbnail hentry portfolio-category-luminaires portfolio-tag-luminaire portfolio-tag-petite-friture portfolio-tag-suspension\">\n\t<div class=\"qodef-e-inner\" >\n\t\t<div class=\"qodef-e-image\">\n\t\t\t\t<div class=\"qodef-e-media-image\">\n\t\t<a itemprop=\"url\" href=\"https:\/\/inter-faces.eu\/index.php\/portfolio-item\/la-suspension-vertigo-par-petite-friture\/\" target=\"_self\">\n\t\t\t<img loading=\"lazy\" decoding=\"async\" width=\"900\" height=\"652\" src=\"https:\/\/inter-faces.eu\/wp-content\/uploads\/2024\/02\/1-1-211.jpg\" class=\"attachment-full size-full wp-post-image\" alt=\"\" srcset=\"https:\/\/inter-faces.eu\/wp-content\/uploads\/2024\/02\/1-1-211.jpg 900w, https:\/\/inter-faces.eu\/wp-content\/uploads\/2024\/02\/1-1-211-300x217.jpg 300w, https:\/\/inter-faces.eu\/wp-content\/uploads\/2024\/02\/1-1-211-768x556.jpg 768w, https:\/\/inter-faces.eu\/wp-content\/uploads\/2024\/02\/1-1-211-600x435.jpg 600w\" sizes=\"(max-width: 900px) 100vw, 900px\" \/>\t\t<\/a>\n\t<\/div>\n\t\t\t\t\t<\/div>\n\t\t<div class=\"qodef-e-content\" style=\"margin:24px 0 30px 0px\">\n\t\t\t<div class=\"qodef-e-text\">\n\t\t\t\t<h4 itemprop=\"name\" class=\"qodef-e-title entry-title\" >\n\t<a itemprop=\"url\" class=\"qodef-e-title-link\" href=\"https:\/\/inter-faces.eu\/index.php\/portfolio-item\/la-suspension-vertigo-par-petite-friture\/\" target=\"_self\">\n\t\tLa suspension Vertigo par Petite Friture\t<\/a>\n<\/h4>\n\t\t\t<\/div>\n\t\t\t<div class=\"qodef-e-top-holder\">\n\t\t\t\t<div class=\"qodef-e-info\">\n\t\t\t\t\t\t<a href=\"https:\/\/inter-faces.eu\/index.php\/portfolio-category\/luminaires\/\" rel=\"tag\">Luminaires<\/a>\t<div class=\"qodef-info-separator-end\"><\/div>\n\t\t\t\t<\/div>\n\t\t\t<\/div>\n\t\t<\/div>\n\t<\/div>\n<\/article>\n<article class=\"qodef-e qodef-grid-item qodef-item--full  post-13086 portfolio-item type-portfolio-item status-publish has-post-thumbnail hentry portfolio-category-luminaires portfolio-tag-applique portfolio-tag-foscarini portfolio-tag-lampe-a-poser portfolio-tag-luminaire portfolio-tag-suspension\">\n\t<div class=\"qodef-e-inner\" >\n\t\t<div class=\"qodef-e-image\">\n\t\t\t\t<div class=\"qodef-e-media-image\">\n\t\t<a itemprop=\"url\" href=\"https:\/\/inter-faces.eu\/index.php\/portfolio-item\/les-lampes-rituals-de-foscarini\/\" target=\"_self\">\n\t\t\t<img loading=\"lazy\" decoding=\"async\" width=\"900\" height=\"652\" src=\"https:\/\/inter-faces.eu\/wp-content\/uploads\/2024\/02\/1-1-210.jpg\" class=\"attachment-full size-full wp-post-image\" alt=\"\" srcset=\"https:\/\/inter-faces.eu\/wp-content\/uploads\/2024\/02\/1-1-210.jpg 900w, https:\/\/inter-faces.eu\/wp-content\/uploads\/2024\/02\/1-1-210-300x217.jpg 300w, https:\/\/inter-faces.eu\/wp-content\/uploads\/2024\/02\/1-1-210-768x556.jpg 768w, https:\/\/inter-faces.eu\/wp-content\/uploads\/2024\/02\/1-1-210-600x435.jpg 600w\" sizes=\"(max-width: 900px) 100vw, 900px\" \/>\t\t<\/a>\n\t<\/div>\n\t\t\t\t\t<\/div>\n\t\t<div class=\"qodef-e-content\" style=\"margin:24px 0 30px 0px\">\n\t\t\t<div class=\"qodef-e-text\">\n\t\t\t\t<h4 itemprop=\"name\" class=\"qodef-e-title entry-title\" >\n\t<a itemprop=\"url\" class=\"qodef-e-title-link\" href=\"https:\/\/inter-faces.eu\/index.php\/portfolio-item\/les-lampes-rituals-de-foscarini\/\" target=\"_self\">\n\t\tLes lampes Rituals de Foscarini\t<\/a>\n<\/h4>\n\t\t\t<\/div>\n\t\t\t<div class=\"qodef-e-top-holder\">\n\t\t\t\t<div class=\"qodef-e-info\">\n\t\t\t\t\t\t<a href=\"https:\/\/inter-faces.eu\/index.php\/portfolio-category\/luminaires\/\" rel=\"tag\">Luminaires<\/a>\t<div class=\"qodef-info-separator-end\"><\/div>\n\t\t\t\t<\/div>\n\t\t\t<\/div>\n\t\t<\/div>\n\t<\/div>\n<\/article>\n<article class=\"qodef-e qodef-grid-item qodef-item--full  post-13087 portfolio-item type-portfolio-item status-publish has-post-thumbnail hentry portfolio-category-luminaires portfolio-tag-applique portfolio-tag-foscarini portfolio-tag-lampadaire portfolio-tag-lampe-a-poser portfolio-tag-luminaire portfolio-tag-suspension\">\n\t<div class=\"qodef-e-inner\" >\n\t\t<div class=\"qodef-e-image\">\n\t\t\t\t<div class=\"qodef-e-media-image\">\n\t\t<a itemprop=\"url\" href=\"https:\/\/inter-faces.eu\/index.php\/portfolio-item\/la-collection-de-lampes-gregg-par-foscarini\/\" target=\"_self\">\n\t\t\t<img loading=\"lazy\" decoding=\"async\" width=\"900\" height=\"652\" src=\"https:\/\/inter-faces.eu\/wp-content\/uploads\/2024\/02\/1-1-209.jpg\" class=\"attachment-full size-full wp-post-image\" alt=\"\" srcset=\"https:\/\/inter-faces.eu\/wp-content\/uploads\/2024\/02\/1-1-209.jpg 900w, https:\/\/inter-faces.eu\/wp-content\/uploads\/2024\/02\/1-1-209-300x217.jpg 300w, https:\/\/inter-faces.eu\/wp-content\/uploads\/2024\/02\/1-1-209-768x556.jpg 768w, https:\/\/inter-faces.eu\/wp-content\/uploads\/2024\/02\/1-1-209-600x435.jpg 600w\" sizes=\"(max-width: 900px) 100vw, 900px\" \/>\t\t<\/a>\n\t<\/div>\n\t\t\t\t\t<\/div>\n\t\t<div class=\"qodef-e-content\" style=\"margin:24px 0 30px 0px\">\n\t\t\t<div class=\"qodef-e-text\">\n\t\t\t\t<h4 itemprop=\"name\" class=\"qodef-e-title entry-title\" >\n\t<a itemprop=\"url\" class=\"qodef-e-title-link\" href=\"https:\/\/inter-faces.eu\/index.php\/portfolio-item\/la-collection-de-lampes-gregg-par-foscarini\/\" target=\"_self\">\n\t\tLa collection de lampes Gregg par Foscarini\t<\/a>\n<\/h4>\n\t\t\t<\/div>\n\t\t\t<div class=\"qodef-e-top-holder\">\n\t\t\t\t<div class=\"qodef-e-info\">\n\t\t\t\t\t\t<a href=\"https:\/\/inter-faces.eu\/index.php\/portfolio-category\/luminaires\/\" rel=\"tag\">Luminaires<\/a>\t<div class=\"qodef-info-separator-end\"><\/div>\n\t\t\t\t<\/div>\n\t\t\t<\/div>\n\t\t<\/div>\n\t<\/div>\n<\/article>\n<article class=\"qodef-e qodef-grid-item qodef-item--full  post-13088 portfolio-item type-portfolio-item status-publish has-post-thumbnail hentry portfolio-category-luminaires portfolio-tag-flos portfolio-tag-icone portfolio-tag-lampe-a-poser portfolio-tag-luminaire\">\n\t<div class=\"qodef-e-inner\" >\n\t\t<div class=\"qodef-e-image\">\n\t\t\t\t<div class=\"qodef-e-media-image\">\n\t\t<a itemprop=\"url\" href=\"https:\/\/inter-faces.eu\/index.php\/portfolio-item\/la-lampe-snoopy-de-castiglioni\/\" target=\"_self\">\n\t\t\t<img loading=\"lazy\" decoding=\"async\" width=\"900\" height=\"652\" src=\"https:\/\/inter-faces.eu\/wp-content\/uploads\/2024\/02\/1-1-208.jpg\" class=\"attachment-full size-full wp-post-image\" alt=\"\" srcset=\"https:\/\/inter-faces.eu\/wp-content\/uploads\/2024\/02\/1-1-208.jpg 900w, https:\/\/inter-faces.eu\/wp-content\/uploads\/2024\/02\/1-1-208-300x217.jpg 300w, https:\/\/inter-faces.eu\/wp-content\/uploads\/2024\/02\/1-1-208-768x556.jpg 768w, https:\/\/inter-faces.eu\/wp-content\/uploads\/2024\/02\/1-1-208-600x435.jpg 600w\" sizes=\"(max-width: 900px) 100vw, 900px\" \/>\t\t<\/a>\n\t<\/div>\n\t\t\t\t\t<\/div>\n\t\t<div class=\"qodef-e-content\" style=\"margin:24px 0 30px 0px\">\n\t\t\t<div class=\"qodef-e-text\">\n\t\t\t\t<h4 itemprop=\"name\" class=\"qodef-e-title entry-title\" >\n\t<a itemprop=\"url\" class=\"qodef-e-title-link\" href=\"https:\/\/inter-faces.eu\/index.php\/portfolio-item\/la-lampe-snoopy-de-castiglioni\/\" target=\"_self\">\n\t\tLa lampe Snoopy de Castiglioni &#8211; Flos\t<\/a>\n<\/h4>\n\t\t\t<\/div>\n\t\t\t<div class=\"qodef-e-top-holder\">\n\t\t\t\t<div class=\"qodef-e-info\">\n\t\t\t\t\t\t<a href=\"https:\/\/inter-faces.eu\/index.php\/portfolio-category\/luminaires\/\" rel=\"tag\">Luminaires<\/a>\t<div class=\"qodef-info-separator-end\"><\/div>\n\t\t\t\t<\/div>\n\t\t\t<\/div>\n\t\t<\/div>\n\t<\/div>\n<\/article>\n<article class=\"qodef-e qodef-grid-item qodef-item--full  post-13089 portfolio-item type-portfolio-item status-publish has-post-thumbnail hentry portfolio-category-luminaires portfolio-tag-flos portfolio-tag-icone portfolio-tag-lampadaire portfolio-tag-luminaire\">\n\t<div class=\"qodef-e-inner\" >\n\t\t<div class=\"qodef-e-image\">\n\t\t\t\t<div class=\"qodef-e-media-image\">\n\t\t<a itemprop=\"url\" href=\"https:\/\/inter-faces.eu\/index.php\/portfolio-item\/icone-le-lampadaire-arco-de-flos\/\" target=\"_self\">\n\t\t\t<img loading=\"lazy\" decoding=\"async\" width=\"900\" height=\"652\" src=\"https:\/\/inter-faces.eu\/wp-content\/uploads\/2024\/02\/1-1-207.jpg\" class=\"attachment-full size-full wp-post-image\" alt=\"\" srcset=\"https:\/\/inter-faces.eu\/wp-content\/uploads\/2024\/02\/1-1-207.jpg 900w, https:\/\/inter-faces.eu\/wp-content\/uploads\/2024\/02\/1-1-207-300x217.jpg 300w, https:\/\/inter-faces.eu\/wp-content\/uploads\/2024\/02\/1-1-207-768x556.jpg 768w, https:\/\/inter-faces.eu\/wp-content\/uploads\/2024\/02\/1-1-207-600x435.jpg 600w\" sizes=\"(max-width: 900px) 100vw, 900px\" \/>\t\t<\/a>\n\t<\/div>\n\t\t\t\t\t<\/div>\n\t\t<div class=\"qodef-e-content\" style=\"margin:24px 0 30px 0px\">\n\t\t\t<div class=\"qodef-e-text\">\n\t\t\t\t<h4 itemprop=\"name\" class=\"qodef-e-title entry-title\" >\n\t<a itemprop=\"url\" class=\"qodef-e-title-link\" href=\"https:\/\/inter-faces.eu\/index.php\/portfolio-item\/icone-le-lampadaire-arco-de-flos\/\" target=\"_self\">\n\t\tArco iconique et XXL &#8211; Flos\t<\/a>\n<\/h4>\n\t\t\t<\/div>\n\t\t\t<div class=\"qodef-e-top-holder\">\n\t\t\t\t<div class=\"qodef-e-info\">\n\t\t\t\t\t\t<a href=\"https:\/\/inter-faces.eu\/index.php\/portfolio-category\/luminaires\/\" rel=\"tag\">Luminaires<\/a>\t<div class=\"qodef-info-separator-end\"><\/div>\n\t\t\t\t<\/div>\n\t\t\t<\/div>\n\t\t<\/div>\n\t<\/div>\n<\/article>\n<article class=\"qodef-e qodef-grid-item qodef-item--full  post-13090 portfolio-item type-portfolio-item status-publish has-post-thumbnail hentry portfolio-category-luminaires portfolio-tag-flos portfolio-tag-icone portfolio-tag-lampe-a-poser portfolio-tag-luminaire\">\n\t<div class=\"qodef-e-inner\" >\n\t\t<div class=\"qodef-e-image\">\n\t\t\t\t<div class=\"qodef-e-media-image\">\n\t\t<a itemprop=\"url\" href=\"https:\/\/inter-faces.eu\/index.php\/portfolio-item\/la-lampe-taccia-de-flos\/\" target=\"_self\">\n\t\t\t<img loading=\"lazy\" decoding=\"async\" width=\"900\" height=\"652\" src=\"https:\/\/inter-faces.eu\/wp-content\/uploads\/2024\/02\/1-1-206.jpg\" class=\"attachment-full size-full wp-post-image\" alt=\"\" srcset=\"https:\/\/inter-faces.eu\/wp-content\/uploads\/2024\/02\/1-1-206.jpg 900w, https:\/\/inter-faces.eu\/wp-content\/uploads\/2024\/02\/1-1-206-300x217.jpg 300w, https:\/\/inter-faces.eu\/wp-content\/uploads\/2024\/02\/1-1-206-768x556.jpg 768w, https:\/\/inter-faces.eu\/wp-content\/uploads\/2024\/02\/1-1-206-600x435.jpg 600w\" sizes=\"(max-width: 900px) 100vw, 900px\" \/>\t\t<\/a>\n\t<\/div>\n\t\t\t\t\t<\/div>\n\t\t<div class=\"qodef-e-content\" style=\"margin:24px 0 30px 0px\">\n\t\t\t<div class=\"qodef-e-text\">\n\t\t\t\t<h4 itemprop=\"name\" class=\"qodef-e-title entry-title\" >\n\t<a itemprop=\"url\" class=\"qodef-e-title-link\" href=\"https:\/\/inter-faces.eu\/index.php\/portfolio-item\/la-lampe-taccia-de-flos\/\" target=\"_self\">\n\t\tLa lampe Taccia &#8211; Flos\t<\/a>\n<\/h4>\n\t\t\t<\/div>\n\t\t\t<div class=\"qodef-e-top-holder\">\n\t\t\t\t<div class=\"qodef-e-info\">\n\t\t\t\t\t\t<a href=\"https:\/\/inter-faces.eu\/index.php\/portfolio-category\/luminaires\/\" rel=\"tag\">Luminaires<\/a>\t<div class=\"qodef-info-separator-end\"><\/div>\n\t\t\t\t<\/div>\n\t\t\t<\/div>\n\t\t<\/div>\n\t<\/div>\n<\/article>\n<article class=\"qodef-e qodef-grid-item qodef-item--full  post-13091 portfolio-item type-portfolio-item status-publish has-post-thumbnail hentry portfolio-category-luminaires portfolio-tag-flos portfolio-tag-lampadaire portfolio-tag-lampe-a-poser portfolio-tag-luminaire portfolio-tag-patricia-urquiola portfolio-tag-suspension\">\n\t<div class=\"qodef-e-inner\" >\n\t\t<div class=\"qodef-e-image\">\n\t\t\t\t<div class=\"qodef-e-media-image\">\n\t\t<a itemprop=\"url\" href=\"https:\/\/inter-faces.eu\/index.php\/portfolio-item\/la-famille-tatou-de-patricia-urquiola\/\" target=\"_self\">\n\t\t\t<img loading=\"lazy\" decoding=\"async\" width=\"900\" height=\"652\" src=\"https:\/\/inter-faces.eu\/wp-content\/uploads\/2024\/02\/1-1-205.jpg\" class=\"attachment-full size-full wp-post-image\" alt=\"\" srcset=\"https:\/\/inter-faces.eu\/wp-content\/uploads\/2024\/02\/1-1-205.jpg 900w, https:\/\/inter-faces.eu\/wp-content\/uploads\/2024\/02\/1-1-205-300x217.jpg 300w, https:\/\/inter-faces.eu\/wp-content\/uploads\/2024\/02\/1-1-205-768x556.jpg 768w, https:\/\/inter-faces.eu\/wp-content\/uploads\/2024\/02\/1-1-205-600x435.jpg 600w\" sizes=\"(max-width: 900px) 100vw, 900px\" \/>\t\t<\/a>\n\t<\/div>\n\t\t\t\t\t<\/div>\n\t\t<div class=\"qodef-e-content\" style=\"margin:24px 0 30px 0px\">\n\t\t\t<div class=\"qodef-e-text\">\n\t\t\t\t<h4 itemprop=\"name\" class=\"qodef-e-title entry-title\" >\n\t<a itemprop=\"url\" class=\"qodef-e-title-link\" href=\"https:\/\/inter-faces.eu\/index.php\/portfolio-item\/la-famille-tatou-de-patricia-urquiola\/\" target=\"_self\">\n\t\tLa famille Tatou de Patricia Urquiola &#8211; Flos\t<\/a>\n<\/h4>\n\t\t\t<\/div>\n\t\t\t<div class=\"qodef-e-top-holder\">\n\t\t\t\t<div class=\"qodef-e-info\">\n\t\t\t\t\t\t<a href=\"https:\/\/inter-faces.eu\/index.php\/portfolio-category\/luminaires\/\" rel=\"tag\">Luminaires<\/a>\t<div class=\"qodef-info-separator-end\"><\/div>\n\t\t\t\t<\/div>\n\t\t\t<\/div>\n\t\t<\/div>\n\t<\/div>\n<\/article>\n<article class=\"qodef-e qodef-grid-item qodef-item--full  post-13092 portfolio-item type-portfolio-item status-publish has-post-thumbnail hentry portfolio-category-luminaires portfolio-tag-applique portfolio-tag-flos portfolio-tag-lampadaire portfolio-tag-lampe-a-poser portfolio-tag-luminaire portfolio-tag-suspension\">\n\t<div class=\"qodef-e-inner\" >\n\t\t<div class=\"qodef-e-image\">\n\t\t\t\t<div class=\"qodef-e-media-image\">\n\t\t<a itemprop=\"url\" href=\"https:\/\/inter-faces.eu\/index.php\/portfolio-item\/la-collection-ic-de-flos\/\" target=\"_self\">\n\t\t\t<img loading=\"lazy\" decoding=\"async\" width=\"900\" height=\"652\" src=\"https:\/\/inter-faces.eu\/wp-content\/uploads\/2024\/02\/1-1-204.jpg\" class=\"attachment-full size-full wp-post-image\" alt=\"\" srcset=\"https:\/\/inter-faces.eu\/wp-content\/uploads\/2024\/02\/1-1-204.jpg 900w, https:\/\/inter-faces.eu\/wp-content\/uploads\/2024\/02\/1-1-204-300x217.jpg 300w, https:\/\/inter-faces.eu\/wp-content\/uploads\/2024\/02\/1-1-204-768x556.jpg 768w, https:\/\/inter-faces.eu\/wp-content\/uploads\/2024\/02\/1-1-204-600x435.jpg 600w\" sizes=\"(max-width: 900px) 100vw, 900px\" \/>\t\t<\/a>\n\t<\/div>\n\t\t\t\t\t<\/div>\n\t\t<div class=\"qodef-e-content\" style=\"margin:24px 0 30px 0px\">\n\t\t\t<div class=\"qodef-e-text\">\n\t\t\t\t<h4 itemprop=\"name\" class=\"qodef-e-title entry-title\" >\n\t<a itemprop=\"url\" class=\"qodef-e-title-link\" href=\"https:\/\/inter-faces.eu\/index.php\/portfolio-item\/la-collection-ic-de-flos\/\" target=\"_self\">\n\t\tLa collection IC Lights &#8211; Flos\t<\/a>\n<\/h4>\n\t\t\t<\/div>\n\t\t\t<div class=\"qodef-e-top-holder\">\n\t\t\t\t<div class=\"qodef-e-info\">\n\t\t\t\t\t\t<a href=\"https:\/\/inter-faces.eu\/index.php\/portfolio-category\/luminaires\/\" rel=\"tag\">Luminaires<\/a>\t<div class=\"qodef-info-separator-end\"><\/div>\n\t\t\t\t<\/div>\n\t\t\t<\/div>\n\t\t<\/div>\n\t<\/div>\n<\/article>\n<article class=\"qodef-e qodef-grid-item qodef-item--full  post-13093 portfolio-item type-portfolio-item status-publish has-post-thumbnail hentry portfolio-category-luminaires portfolio-category-outdoor portfolio-tag-flos portfolio-tag-luminaire portfolio-tag-nomade portfolio-tag-outdoor\">\n\t<div class=\"qodef-e-inner\" >\n\t\t<div class=\"qodef-e-image\">\n\t\t\t\t<div class=\"qodef-e-media-image\">\n\t\t<a itemprop=\"url\" href=\"https:\/\/inter-faces.eu\/index.php\/portfolio-item\/la-baladeuse-may-day-de-flos\/\" target=\"_self\">\n\t\t\t<img loading=\"lazy\" decoding=\"async\" width=\"900\" height=\"652\" src=\"https:\/\/inter-faces.eu\/wp-content\/uploads\/2024\/02\/1-1-203.jpg\" class=\"attachment-full size-full wp-post-image\" alt=\"\" srcset=\"https:\/\/inter-faces.eu\/wp-content\/uploads\/2024\/02\/1-1-203.jpg 900w, https:\/\/inter-faces.eu\/wp-content\/uploads\/2024\/02\/1-1-203-300x217.jpg 300w, https:\/\/inter-faces.eu\/wp-content\/uploads\/2024\/02\/1-1-203-768x556.jpg 768w, https:\/\/inter-faces.eu\/wp-content\/uploads\/2024\/02\/1-1-203-600x435.jpg 600w\" sizes=\"(max-width: 900px) 100vw, 900px\" \/>\t\t<\/a>\n\t<\/div>\n\t\t\t\t\t<\/div>\n\t\t<div class=\"qodef-e-content\" style=\"margin:24px 0 30px 0px\">\n\t\t\t<div class=\"qodef-e-text\">\n\t\t\t\t<h4 itemprop=\"name\" class=\"qodef-e-title entry-title\" >\n\t<a itemprop=\"url\" class=\"qodef-e-title-link\" href=\"https:\/\/inter-faces.eu\/index.php\/portfolio-item\/la-baladeuse-may-day-de-flos\/\" target=\"_self\">\n\t\tLa baladeuse May Day de Flos\t<\/a>\n<\/h4>\n\t\t\t<\/div>\n\t\t\t<div class=\"qodef-e-top-holder\">\n\t\t\t\t<div class=\"qodef-e-info\">\n\t\t\t\t\t\t<a href=\"https:\/\/inter-faces.eu\/index.php\/portfolio-category\/luminaires\/\" rel=\"tag\">Luminaires<\/a><span class=\"qodef-info-separator-single\"><\/span><a href=\"https:\/\/inter-faces.eu\/index.php\/portfolio-category\/outdoor\/\" rel=\"tag\">Outdoor<\/a>\t<div class=\"qodef-info-separator-end\"><\/div>\n\t\t\t\t<\/div>\n\t\t\t<\/div>\n\t\t<\/div>\n\t<\/div>\n<\/article>\n<article class=\"qodef-e qodef-grid-item qodef-item--full  post-13094 portfolio-item type-portfolio-item status-publish has-post-thumbnail hentry portfolio-category-luminaires portfolio-tag-flos portfolio-tag-lampe-a-poser portfolio-tag-luminaire\">\n\t<div class=\"qodef-e-inner\" >\n\t\t<div class=\"qodef-e-image\">\n\t\t\t\t<div class=\"qodef-e-media-image\">\n\t\t<a itemprop=\"url\" href=\"https:\/\/inter-faces.eu\/index.php\/portfolio-item\/la-petite-lampadina-de-flos\/\" target=\"_self\">\n\t\t\t<img loading=\"lazy\" decoding=\"async\" width=\"900\" height=\"652\" src=\"https:\/\/inter-faces.eu\/wp-content\/uploads\/2024\/02\/1-1-202.jpg\" class=\"attachment-full size-full wp-post-image\" alt=\"\" srcset=\"https:\/\/inter-faces.eu\/wp-content\/uploads\/2024\/02\/1-1-202.jpg 900w, https:\/\/inter-faces.eu\/wp-content\/uploads\/2024\/02\/1-1-202-300x217.jpg 300w, https:\/\/inter-faces.eu\/wp-content\/uploads\/2024\/02\/1-1-202-768x556.jpg 768w, https:\/\/inter-faces.eu\/wp-content\/uploads\/2024\/02\/1-1-202-600x435.jpg 600w\" sizes=\"(max-width: 900px) 100vw, 900px\" \/>\t\t<\/a>\n\t<\/div>\n\t\t\t\t\t<\/div>\n\t\t<div class=\"qodef-e-content\" style=\"margin:24px 0 30px 0px\">\n\t\t\t<div class=\"qodef-e-text\">\n\t\t\t\t<h4 itemprop=\"name\" class=\"qodef-e-title entry-title\" >\n\t<a itemprop=\"url\" class=\"qodef-e-title-link\" href=\"https:\/\/inter-faces.eu\/index.php\/portfolio-item\/la-petite-lampadina-de-flos\/\" target=\"_self\">\n\t\tLa petite Lampadina de Flos\t<\/a>\n<\/h4>\n\t\t\t<\/div>\n\t\t\t<div class=\"qodef-e-top-holder\">\n\t\t\t\t<div class=\"qodef-e-info\">\n\t\t\t\t\t\t<a href=\"https:\/\/inter-faces.eu\/index.php\/portfolio-category\/luminaires\/\" rel=\"tag\">Luminaires<\/a>\t<div class=\"qodef-info-separator-end\"><\/div>\n\t\t\t\t<\/div>\n\t\t\t<\/div>\n\t\t<\/div>\n\t<\/div>\n<\/article>\n<article class=\"qodef-e qodef-grid-item qodef-item--full  post-13095 portfolio-item type-portfolio-item status-publish has-post-thumbnail hentry portfolio-category-luminaires portfolio-tag-applique portfolio-tag-artemide portfolio-tag-luminaire portfolio-tag-suspension\">\n\t<div class=\"qodef-e-inner\" >\n\t\t<div class=\"qodef-e-image\">\n\t\t\t\t<div class=\"qodef-e-media-image\">\n\t\t<a itemprop=\"url\" href=\"https:\/\/inter-faces.eu\/index.php\/portfolio-item\/la-famille-pirce-par-giuseppe-maurizio-scutella\/\" target=\"_self\">\n\t\t\t<img loading=\"lazy\" decoding=\"async\" width=\"900\" height=\"652\" src=\"https:\/\/inter-faces.eu\/wp-content\/uploads\/2024\/02\/1-1-201.jpg\" class=\"attachment-full size-full wp-post-image\" alt=\"\" srcset=\"https:\/\/inter-faces.eu\/wp-content\/uploads\/2024\/02\/1-1-201.jpg 900w, https:\/\/inter-faces.eu\/wp-content\/uploads\/2024\/02\/1-1-201-300x217.jpg 300w, https:\/\/inter-faces.eu\/wp-content\/uploads\/2024\/02\/1-1-201-768x556.jpg 768w, https:\/\/inter-faces.eu\/wp-content\/uploads\/2024\/02\/1-1-201-600x435.jpg 600w\" sizes=\"(max-width: 900px) 100vw, 900px\" \/>\t\t<\/a>\n\t<\/div>\n\t\t\t\t\t<\/div>\n\t\t<div class=\"qodef-e-content\" style=\"margin:24px 0 30px 0px\">\n\t\t\t<div class=\"qodef-e-text\">\n\t\t\t\t<h4 itemprop=\"name\" class=\"qodef-e-title entry-title\" >\n\t<a itemprop=\"url\" class=\"qodef-e-title-link\" href=\"https:\/\/inter-faces.eu\/index.php\/portfolio-item\/la-famille-pirce-par-giuseppe-maurizio-scutella\/\" target=\"_self\">\n\t\tLa famille Pirce par Giuseppe Maurizio Scutell\u00e0 &#8211; Artemide\t<\/a>\n<\/h4>\n\t\t\t<\/div>\n\t\t\t<div class=\"qodef-e-top-holder\">\n\t\t\t\t<div class=\"qodef-e-info\">\n\t\t\t\t\t\t<a href=\"https:\/\/inter-faces.eu\/index.php\/portfolio-category\/luminaires\/\" rel=\"tag\">Luminaires<\/a>\t<div class=\"qodef-info-separator-end\"><\/div>\n\t\t\t\t<\/div>\n\t\t\t<\/div>\n\t\t<\/div>\n\t<\/div>\n<\/article>\n<article class=\"qodef-e qodef-grid-item qodef-item--full  post-13096 portfolio-item type-portfolio-item status-publish has-post-thumbnail hentry portfolio-category-luminaires portfolio-tag-applique portfolio-tag-artemide portfolio-tag-luminaire\">\n\t<div class=\"qodef-e-inner\" >\n\t\t<div class=\"qodef-e-image\">\n\t\t\t\t<div class=\"qodef-e-media-image\">\n\t\t<a itemprop=\"url\" href=\"https:\/\/inter-faces.eu\/index.php\/portfolio-item\/lapplique-mesmeri-dartemide\/\" target=\"_self\">\n\t\t\t<img loading=\"lazy\" decoding=\"async\" width=\"900\" height=\"652\" src=\"https:\/\/inter-faces.eu\/wp-content\/uploads\/2024\/02\/1-1-200.jpg\" class=\"attachment-full size-full wp-post-image\" alt=\"\" srcset=\"https:\/\/inter-faces.eu\/wp-content\/uploads\/2024\/02\/1-1-200.jpg 900w, https:\/\/inter-faces.eu\/wp-content\/uploads\/2024\/02\/1-1-200-300x217.jpg 300w, https:\/\/inter-faces.eu\/wp-content\/uploads\/2024\/02\/1-1-200-768x556.jpg 768w, https:\/\/inter-faces.eu\/wp-content\/uploads\/2024\/02\/1-1-200-600x435.jpg 600w\" sizes=\"(max-width: 900px) 100vw, 900px\" \/>\t\t<\/a>\n\t<\/div>\n\t\t\t\t\t<\/div>\n\t\t<div class=\"qodef-e-content\" style=\"margin:24px 0 30px 0px\">\n\t\t\t<div class=\"qodef-e-text\">\n\t\t\t\t<h4 itemprop=\"name\" class=\"qodef-e-title entry-title\" >\n\t<a itemprop=\"url\" class=\"qodef-e-title-link\" href=\"https:\/\/inter-faces.eu\/index.php\/portfolio-item\/lapplique-mesmeri-dartemide\/\" target=\"_self\">\n\t\tL&rsquo;applique Mesmeri d&rsquo;Artemide\t<\/a>\n<\/h4>\n\t\t\t<\/div>\n\t\t\t<div class=\"qodef-e-top-holder\">\n\t\t\t\t<div class=\"qodef-e-info\">\n\t\t\t\t\t\t<a href=\"https:\/\/inter-faces.eu\/index.php\/portfolio-category\/luminaires\/\" rel=\"tag\">Luminaires<\/a>\t<div class=\"qodef-info-separator-end\"><\/div>\n\t\t\t\t<\/div>\n\t\t\t<\/div>\n\t\t<\/div>\n\t<\/div>\n<\/article>\n<article class=\"qodef-e qodef-grid-item qodef-item--full  post-13097 portfolio-item type-portfolio-item status-publish has-post-thumbnail hentry portfolio-category-luminaires portfolio-tag-applique portfolio-tag-flos portfolio-tag-jasper-morrison portfolio-tag-lampadaire portfolio-tag-lampe-a-poser portfolio-tag-luminaire\">\n\t<div class=\"qodef-e-inner\" >\n\t\t<div class=\"qodef-e-image\">\n\t\t\t\t<div class=\"qodef-e-media-image\">\n\t\t<a itemprop=\"url\" href=\"https:\/\/inter-faces.eu\/index.php\/portfolio-item\/la-collection-de-luminaires-globall-de-flos\/\" target=\"_self\">\n\t\t\t<img loading=\"lazy\" decoding=\"async\" width=\"900\" height=\"652\" src=\"https:\/\/inter-faces.eu\/wp-content\/uploads\/2024\/02\/1-1-199.jpg\" class=\"attachment-full size-full wp-post-image\" alt=\"\" srcset=\"https:\/\/inter-faces.eu\/wp-content\/uploads\/2024\/02\/1-1-199.jpg 900w, https:\/\/inter-faces.eu\/wp-content\/uploads\/2024\/02\/1-1-199-300x217.jpg 300w, https:\/\/inter-faces.eu\/wp-content\/uploads\/2024\/02\/1-1-199-768x556.jpg 768w, https:\/\/inter-faces.eu\/wp-content\/uploads\/2024\/02\/1-1-199-600x435.jpg 600w\" sizes=\"(max-width: 900px) 100vw, 900px\" \/>\t\t<\/a>\n\t<\/div>\n\t\t\t\t\t<\/div>\n\t\t<div class=\"qodef-e-content\" style=\"margin:24px 0 30px 0px\">\n\t\t\t<div class=\"qodef-e-text\">\n\t\t\t\t<h4 itemprop=\"name\" class=\"qodef-e-title entry-title\" >\n\t<a itemprop=\"url\" class=\"qodef-e-title-link\" href=\"https:\/\/inter-faces.eu\/index.php\/portfolio-item\/la-collection-de-luminaires-globall-de-flos\/\" target=\"_self\">\n\t\tLa collection de luminaires GloBall &#8211; Flos\t<\/a>\n<\/h4>\n\t\t\t<\/div>\n\t\t\t<div class=\"qodef-e-top-holder\">\n\t\t\t\t<div class=\"qodef-e-info\">\n\t\t\t\t\t\t<a href=\"https:\/\/inter-faces.eu\/index.php\/portfolio-category\/luminaires\/\" rel=\"tag\">Luminaires<\/a>\t<div class=\"qodef-info-separator-end\"><\/div>\n\t\t\t\t<\/div>\n\t\t\t<\/div>\n\t\t<\/div>\n\t<\/div>\n<\/article>\n<article class=\"qodef-e qodef-grid-item qodef-item--full  post-13098 portfolio-item type-portfolio-item status-publish has-post-thumbnail hentry portfolio-category-luminaires portfolio-tag-applique portfolio-tag-flos portfolio-tag-lampadaire portfolio-tag-lampe-a-poser portfolio-tag-luminaire portfolio-tag-philippe-starck portfolio-tag-suspension\">\n\t<div class=\"qodef-e-inner\" >\n\t\t<div class=\"qodef-e-image\">\n\t\t\t\t<div class=\"qodef-e-media-image\">\n\t\t<a itemprop=\"url\" href=\"https:\/\/inter-faces.eu\/index.php\/portfolio-item\/la-collection-ktribe-de-philippe-starck\/\" target=\"_self\">\n\t\t\t<img loading=\"lazy\" decoding=\"async\" width=\"900\" height=\"652\" src=\"https:\/\/inter-faces.eu\/wp-content\/uploads\/2024\/02\/1-1-198.jpg\" class=\"attachment-full size-full wp-post-image\" alt=\"\" srcset=\"https:\/\/inter-faces.eu\/wp-content\/uploads\/2024\/02\/1-1-198.jpg 900w, https:\/\/inter-faces.eu\/wp-content\/uploads\/2024\/02\/1-1-198-300x217.jpg 300w, https:\/\/inter-faces.eu\/wp-content\/uploads\/2024\/02\/1-1-198-768x556.jpg 768w, https:\/\/inter-faces.eu\/wp-content\/uploads\/2024\/02\/1-1-198-600x435.jpg 600w\" sizes=\"(max-width: 900px) 100vw, 900px\" \/>\t\t<\/a>\n\t<\/div>\n\t\t\t\t\t<\/div>\n\t\t<div class=\"qodef-e-content\" style=\"margin:24px 0 30px 0px\">\n\t\t\t<div class=\"qodef-e-text\">\n\t\t\t\t<h4 itemprop=\"name\" class=\"qodef-e-title entry-title\" >\n\t<a itemprop=\"url\" class=\"qodef-e-title-link\" href=\"https:\/\/inter-faces.eu\/index.php\/portfolio-item\/la-collection-ktribe-de-philippe-starck\/\" target=\"_self\">\n\t\tLa collection KTribe de Philippe Starck &#8211; Flos\t<\/a>\n<\/h4>\n\t\t\t<\/div>\n\t\t\t<div class=\"qodef-e-top-holder\">\n\t\t\t\t<div class=\"qodef-e-info\">\n\t\t\t\t\t\t<a href=\"https:\/\/inter-faces.eu\/index.php\/portfolio-category\/luminaires\/\" rel=\"tag\">Luminaires<\/a>\t<div class=\"qodef-info-separator-end\"><\/div>\n\t\t\t\t<\/div>\n\t\t\t<\/div>\n\t\t<\/div>\n\t<\/div>\n<\/article>\n<article class=\"qodef-e qodef-grid-item qodef-item--full  post-13099 portfolio-item type-portfolio-item status-publish has-post-thumbnail hentry portfolio-category-luminaires portfolio-tag-applique portfolio-tag-artemide portfolio-tag-icone portfolio-tag-lampadaire portfolio-tag-lampe-a-poser portfolio-tag-outdoor\">\n\t<div class=\"qodef-e-inner\" >\n\t\t<div class=\"qodef-e-image\">\n\t\t\t\t<div class=\"qodef-e-media-image\">\n\t\t<a itemprop=\"url\" href=\"https:\/\/inter-faces.eu\/index.php\/portfolio-item\/la-collection-tolomeo-de-artemide\/\" target=\"_self\">\n\t\t\t<img loading=\"lazy\" decoding=\"async\" width=\"900\" height=\"652\" src=\"https:\/\/inter-faces.eu\/wp-content\/uploads\/2024\/02\/1-1-197.jpg\" class=\"attachment-full size-full wp-post-image\" alt=\"\" srcset=\"https:\/\/inter-faces.eu\/wp-content\/uploads\/2024\/02\/1-1-197.jpg 900w, https:\/\/inter-faces.eu\/wp-content\/uploads\/2024\/02\/1-1-197-300x217.jpg 300w, https:\/\/inter-faces.eu\/wp-content\/uploads\/2024\/02\/1-1-197-768x556.jpg 768w, https:\/\/inter-faces.eu\/wp-content\/uploads\/2024\/02\/1-1-197-600x435.jpg 600w\" sizes=\"(max-width: 900px) 100vw, 900px\" \/>\t\t<\/a>\n\t<\/div>\n\t\t\t\t\t<\/div>\n\t\t<div class=\"qodef-e-content\" style=\"margin:24px 0 30px 0px\">\n\t\t\t<div class=\"qodef-e-text\">\n\t\t\t\t<h4 itemprop=\"name\" class=\"qodef-e-title entry-title\" >\n\t<a itemprop=\"url\" class=\"qodef-e-title-link\" href=\"https:\/\/inter-faces.eu\/index.php\/portfolio-item\/la-collection-tolomeo-de-artemide\/\" target=\"_self\">\n\t\tLa collection Tolomeo &#8211; Artemide\t<\/a>\n<\/h4>\n\t\t\t<\/div>\n\t\t\t<div class=\"qodef-e-top-holder\">\n\t\t\t\t<div class=\"qodef-e-info\">\n\t\t\t\t\t\t<a href=\"https:\/\/inter-faces.eu\/index.php\/portfolio-category\/luminaires\/\" rel=\"tag\">Luminaires<\/a>\t<div class=\"qodef-info-separator-end\"><\/div>\n\t\t\t\t<\/div>\n\t\t\t<\/div>\n\t\t<\/div>\n\t<\/div>\n<\/article>\n<article class=\"qodef-e qodef-grid-item qodef-item--full  post-13100 portfolio-item type-portfolio-item status-publish has-post-thumbnail hentry portfolio-category-luminaires portfolio-tag-artemide portfolio-tag-lampe-a-poser portfolio-tag-luminaire\">\n\t<div class=\"qodef-e-inner\" >\n\t\t<div class=\"qodef-e-image\">\n\t\t\t\t<div class=\"qodef-e-media-image\">\n\t\t<a itemprop=\"url\" href=\"https:\/\/inter-faces.eu\/index.php\/portfolio-item\/tizio-un-classique-de-la-marque-artemide\/\" target=\"_self\">\n\t\t\t<img loading=\"lazy\" decoding=\"async\" width=\"900\" height=\"652\" src=\"https:\/\/inter-faces.eu\/wp-content\/uploads\/2024\/02\/1-1-196.jpg\" class=\"attachment-full size-full wp-post-image\" alt=\"\" srcset=\"https:\/\/inter-faces.eu\/wp-content\/uploads\/2024\/02\/1-1-196.jpg 900w, https:\/\/inter-faces.eu\/wp-content\/uploads\/2024\/02\/1-1-196-300x217.jpg 300w, https:\/\/inter-faces.eu\/wp-content\/uploads\/2024\/02\/1-1-196-768x556.jpg 768w, https:\/\/inter-faces.eu\/wp-content\/uploads\/2024\/02\/1-1-196-600x435.jpg 600w\" sizes=\"(max-width: 900px) 100vw, 900px\" \/>\t\t<\/a>\n\t<\/div>\n\t\t\t\t\t<\/div>\n\t\t<div class=\"qodef-e-content\" style=\"margin:24px 0 30px 0px\">\n\t\t\t<div class=\"qodef-e-text\">\n\t\t\t\t<h4 itemprop=\"name\" class=\"qodef-e-title entry-title\" >\n\t<a itemprop=\"url\" class=\"qodef-e-title-link\" href=\"https:\/\/inter-faces.eu\/index.php\/portfolio-item\/tizio-un-classique-de-la-marque-artemide\/\" target=\"_self\">\n\t\tTizio un classique d&rsquo;Artemide\t<\/a>\n<\/h4>\n\t\t\t<\/div>\n\t\t\t<div class=\"qodef-e-top-holder\">\n\t\t\t\t<div class=\"qodef-e-info\">\n\t\t\t\t\t\t<a href=\"https:\/\/inter-faces.eu\/index.php\/portfolio-category\/luminaires\/\" rel=\"tag\">Luminaires<\/a>\t<div class=\"qodef-info-separator-end\"><\/div>\n\t\t\t\t<\/div>\n\t\t\t<\/div>\n\t\t<\/div>\n\t<\/div>\n<\/article>\n<article class=\"qodef-e qodef-grid-item qodef-item--full  post-13101 portfolio-item type-portfolio-item status-publish has-post-thumbnail hentry portfolio-category-luminaires portfolio-tag-artemide portfolio-tag-icone portfolio-tag-lampe-a-poser\">\n\t<div class=\"qodef-e-inner\" >\n\t\t<div class=\"qodef-e-image\">\n\t\t\t\t<div class=\"qodef-e-media-image\">\n\t\t<a itemprop=\"url\" href=\"https:\/\/inter-faces.eu\/index.php\/portfolio-item\/les-deux-soeurs-nesso-et-nessino-de-artemide\/\" target=\"_self\">\n\t\t\t<img loading=\"lazy\" decoding=\"async\" width=\"900\" height=\"652\" src=\"https:\/\/inter-faces.eu\/wp-content\/uploads\/2024\/02\/1-1-195.jpg\" class=\"attachment-full size-full wp-post-image\" alt=\"\" srcset=\"https:\/\/inter-faces.eu\/wp-content\/uploads\/2024\/02\/1-1-195.jpg 900w, https:\/\/inter-faces.eu\/wp-content\/uploads\/2024\/02\/1-1-195-300x217.jpg 300w, https:\/\/inter-faces.eu\/wp-content\/uploads\/2024\/02\/1-1-195-768x556.jpg 768w, https:\/\/inter-faces.eu\/wp-content\/uploads\/2024\/02\/1-1-195-600x435.jpg 600w\" sizes=\"(max-width: 900px) 100vw, 900px\" \/>\t\t<\/a>\n\t<\/div>\n\t\t\t\t\t<\/div>\n\t\t<div class=\"qodef-e-content\" style=\"margin:24px 0 30px 0px\">\n\t\t\t<div class=\"qodef-e-text\">\n\t\t\t\t<h4 itemprop=\"name\" class=\"qodef-e-title entry-title\" >\n\t<a itemprop=\"url\" class=\"qodef-e-title-link\" href=\"https:\/\/inter-faces.eu\/index.php\/portfolio-item\/les-deux-soeurs-nesso-et-nessino-de-artemide\/\" target=\"_self\">\n\t\tLes deux soeurs Nesso et Nessino &#8211; Artemide\t<\/a>\n<\/h4>\n\t\t\t<\/div>\n\t\t\t<div class=\"qodef-e-top-holder\">\n\t\t\t\t<div class=\"qodef-e-info\">\n\t\t\t\t\t\t<a href=\"https:\/\/inter-faces.eu\/index.php\/portfolio-category\/luminaires\/\" rel=\"tag\">Luminaires<\/a>\t<div class=\"qodef-info-separator-end\"><\/div>\n\t\t\t\t<\/div>\n\t\t\t<\/div>\n\t\t<\/div>\n\t<\/div>\n<\/article>\n<article class=\"qodef-e qodef-grid-item qodef-item--full  post-13102 portfolio-item type-portfolio-item status-publish has-post-thumbnail hentry portfolio-category-luminaires portfolio-tag-artemide portfolio-tag-lampe-a-poser portfolio-tag-luminaire\">\n\t<div class=\"qodef-e-inner\" >\n\t\t<div class=\"qodef-e-image\">\n\t\t\t\t<div class=\"qodef-e-media-image\">\n\t\t<a itemprop=\"url\" href=\"https:\/\/inter-faces.eu\/index.php\/portfolio-item\/la-lampe-lotek-de-artemide-pensee-par-javier-mariscal\/\" target=\"_self\">\n\t\t\t<img loading=\"lazy\" decoding=\"async\" width=\"900\" height=\"652\" src=\"https:\/\/inter-faces.eu\/wp-content\/uploads\/2024\/02\/1-1-194.jpg\" class=\"attachment-full size-full wp-post-image\" alt=\"\" srcset=\"https:\/\/inter-faces.eu\/wp-content\/uploads\/2024\/02\/1-1-194.jpg 900w, https:\/\/inter-faces.eu\/wp-content\/uploads\/2024\/02\/1-1-194-300x217.jpg 300w, https:\/\/inter-faces.eu\/wp-content\/uploads\/2024\/02\/1-1-194-768x556.jpg 768w, https:\/\/inter-faces.eu\/wp-content\/uploads\/2024\/02\/1-1-194-600x435.jpg 600w\" sizes=\"(max-width: 900px) 100vw, 900px\" \/>\t\t<\/a>\n\t<\/div>\n\t\t\t\t\t<\/div>\n\t\t<div class=\"qodef-e-content\" style=\"margin:24px 0 30px 0px\">\n\t\t\t<div class=\"qodef-e-text\">\n\t\t\t\t<h4 itemprop=\"name\" class=\"qodef-e-title entry-title\" >\n\t<a itemprop=\"url\" class=\"qodef-e-title-link\" href=\"https:\/\/inter-faces.eu\/index.php\/portfolio-item\/la-lampe-lotek-de-artemide-pensee-par-javier-mariscal\/\" target=\"_self\">\n\t\tLa lampe Lotek de Artemide pens\u00e9e par Javier Mariscal\t<\/a>\n<\/h4>\n\t\t\t<\/div>\n\t\t\t<div class=\"qodef-e-top-holder\">\n\t\t\t\t<div class=\"qodef-e-info\">\n\t\t\t\t\t\t<a href=\"https:\/\/inter-faces.eu\/index.php\/portfolio-category\/luminaires\/\" rel=\"tag\">Luminaires<\/a>\t<div class=\"qodef-info-separator-end\"><\/div>\n\t\t\t\t<\/div>\n\t\t\t<\/div>\n\t\t<\/div>\n\t<\/div>\n<\/article>\n<article class=\"qodef-e qodef-grid-item qodef-item--full  post-13103 portfolio-item type-portfolio-item status-publish has-post-thumbnail hentry portfolio-category-luminaires portfolio-tag-icone portfolio-tag-kartell portfolio-tag-lampe-a-poser\">\n\t<div class=\"qodef-e-inner\" >\n\t\t<div class=\"qodef-e-image\">\n\t\t\t\t<div class=\"qodef-e-media-image\">\n\t\t<a itemprop=\"url\" href=\"https:\/\/inter-faces.eu\/index.php\/portfolio-item\/la-lampe-bourgie-une-veritable-icone-chez-kartell\/\" target=\"_self\">\n\t\t\t<img loading=\"lazy\" decoding=\"async\" width=\"900\" height=\"652\" src=\"https:\/\/inter-faces.eu\/wp-content\/uploads\/2024\/02\/1-1-192.jpg\" class=\"attachment-full size-full wp-post-image\" alt=\"\" srcset=\"https:\/\/inter-faces.eu\/wp-content\/uploads\/2024\/02\/1-1-192.jpg 900w, https:\/\/inter-faces.eu\/wp-content\/uploads\/2024\/02\/1-1-192-300x217.jpg 300w, https:\/\/inter-faces.eu\/wp-content\/uploads\/2024\/02\/1-1-192-768x556.jpg 768w, https:\/\/inter-faces.eu\/wp-content\/uploads\/2024\/02\/1-1-192-600x435.jpg 600w\" sizes=\"(max-width: 900px) 100vw, 900px\" \/>\t\t<\/a>\n\t<\/div>\n\t\t\t\t\t<\/div>\n\t\t<div class=\"qodef-e-content\" style=\"margin:24px 0 30px 0px\">\n\t\t\t<div class=\"qodef-e-text\">\n\t\t\t\t<h4 itemprop=\"name\" class=\"qodef-e-title entry-title\" >\n\t<a itemprop=\"url\" class=\"qodef-e-title-link\" href=\"https:\/\/inter-faces.eu\/index.php\/portfolio-item\/la-lampe-bourgie-une-veritable-icone-chez-kartell\/\" target=\"_self\">\n\t\tLa lampe Bourgie une v\u00e9ritable ic\u00f4ne chez Kartell\t<\/a>\n<\/h4>\n\t\t\t<\/div>\n\t\t\t<div class=\"qodef-e-top-holder\">\n\t\t\t\t<div class=\"qodef-e-info\">\n\t\t\t\t\t\t<a href=\"https:\/\/inter-faces.eu\/index.php\/portfolio-category\/luminaires\/\" rel=\"tag\">Luminaires<\/a>\t<div class=\"qodef-info-separator-end\"><\/div>\n\t\t\t\t<\/div>\n\t\t\t<\/div>\n\t\t<\/div>\n\t<\/div>\n<\/article>\n<article class=\"qodef-e qodef-grid-item qodef-item--full  post-13104 portfolio-item type-portfolio-item status-publish has-post-thumbnail hentry portfolio-category-luminaires portfolio-category-mobilier-professionnel portfolio-tag-applique portfolio-tag-eclairage-accessoires-et-connectique portfolio-tag-icone portfolio-tag-lampadaire portfolio-tag-lampe-a-poser portfolio-tag-luminaire portfolio-tag-mobilier-professionnel\">\n\t<div class=\"qodef-e-inner\" >\n\t\t<div class=\"qodef-e-image\">\n\t\t\t\t<div class=\"qodef-e-media-image\">\n\t\t<a itemprop=\"url\" href=\"https:\/\/inter-faces.eu\/index.php\/portfolio-item\/jielde-fabrication-francaise-depuis-1950\/\" target=\"_self\">\n\t\t\t<img loading=\"lazy\" decoding=\"async\" width=\"900\" height=\"652\" src=\"https:\/\/inter-faces.eu\/wp-content\/uploads\/2024\/02\/1-1-191.jpg\" class=\"attachment-full size-full wp-post-image\" alt=\"\" srcset=\"https:\/\/inter-faces.eu\/wp-content\/uploads\/2024\/02\/1-1-191.jpg 900w, https:\/\/inter-faces.eu\/wp-content\/uploads\/2024\/02\/1-1-191-300x217.jpg 300w, https:\/\/inter-faces.eu\/wp-content\/uploads\/2024\/02\/1-1-191-768x556.jpg 768w, https:\/\/inter-faces.eu\/wp-content\/uploads\/2024\/02\/1-1-191-600x435.jpg 600w\" sizes=\"(max-width: 900px) 100vw, 900px\" \/>\t\t<\/a>\n\t<\/div>\n\t\t\t\t\t<\/div>\n\t\t<div class=\"qodef-e-content\" style=\"margin:24px 0 30px 0px\">\n\t\t\t<div class=\"qodef-e-text\">\n\t\t\t\t<h4 itemprop=\"name\" class=\"qodef-e-title entry-title\" >\n\t<a itemprop=\"url\" class=\"qodef-e-title-link\" href=\"https:\/\/inter-faces.eu\/index.php\/portfolio-item\/jielde-fabrication-francaise-depuis-1950\/\" target=\"_self\">\n\t\tJield\u00e9, fabrication fran\u00e7aise depuis 1950\t<\/a>\n<\/h4>\n\t\t\t<\/div>\n\t\t\t<div class=\"qodef-e-top-holder\">\n\t\t\t\t<div class=\"qodef-e-info\">\n\t\t\t\t\t\t<a href=\"https:\/\/inter-faces.eu\/index.php\/portfolio-category\/luminaires\/\" rel=\"tag\">Luminaires<\/a><span class=\"qodef-info-separator-single\"><\/span><a href=\"https:\/\/inter-faces.eu\/index.php\/portfolio-category\/mobilier-professionnel\/\" rel=\"tag\">Mobilier professionnel<\/a>\t<div class=\"qodef-info-separator-end\"><\/div>\n\t\t\t\t<\/div>\n\t\t\t<\/div>\n\t\t<\/div>\n\t<\/div>\n<\/article>\n<article class=\"qodef-e qodef-grid-item qodef-item--full  post-13105 portfolio-item type-portfolio-item status-publish has-post-thumbnail hentry portfolio-category-luminaires portfolio-tag-artemide portfolio-tag-lampe-a-poser portfolio-tag-luminaire portfolio-tag-suspension\">\n\t<div class=\"qodef-e-inner\" >\n\t\t<div class=\"qodef-e-image\">\n\t\t\t\t<div class=\"qodef-e-media-image\">\n\t\t<a itemprop=\"url\" href=\"https:\/\/inter-faces.eu\/index.php\/portfolio-item\/la-lampe-laguna-par-artemide\/\" target=\"_self\">\n\t\t\t<img loading=\"lazy\" decoding=\"async\" width=\"900\" height=\"652\" src=\"https:\/\/inter-faces.eu\/wp-content\/uploads\/2024\/02\/1-1-190.jpg\" class=\"attachment-full size-full wp-post-image\" alt=\"\" srcset=\"https:\/\/inter-faces.eu\/wp-content\/uploads\/2024\/02\/1-1-190.jpg 900w, https:\/\/inter-faces.eu\/wp-content\/uploads\/2024\/02\/1-1-190-300x217.jpg 300w, https:\/\/inter-faces.eu\/wp-content\/uploads\/2024\/02\/1-1-190-768x556.jpg 768w, https:\/\/inter-faces.eu\/wp-content\/uploads\/2024\/02\/1-1-190-600x435.jpg 600w\" sizes=\"(max-width: 900px) 100vw, 900px\" \/>\t\t<\/a>\n\t<\/div>\n\t\t\t\t\t<\/div>\n\t\t<div class=\"qodef-e-content\" style=\"margin:24px 0 30px 0px\">\n\t\t\t<div class=\"qodef-e-text\">\n\t\t\t\t<h4 itemprop=\"name\" class=\"qodef-e-title entry-title\" >\n\t<a itemprop=\"url\" class=\"qodef-e-title-link\" href=\"https:\/\/inter-faces.eu\/index.php\/portfolio-item\/la-lampe-laguna-par-artemide\/\" target=\"_self\">\n\t\tLa lampe Laguna par Artemide\t<\/a>\n<\/h4>\n\t\t\t<\/div>\n\t\t\t<div class=\"qodef-e-top-holder\">\n\t\t\t\t<div class=\"qodef-e-info\">\n\t\t\t\t\t\t<a href=\"https:\/\/inter-faces.eu\/index.php\/portfolio-category\/luminaires\/\" rel=\"tag\">Luminaires<\/a>\t<div class=\"qodef-info-separator-end\"><\/div>\n\t\t\t\t<\/div>\n\t\t\t<\/div>\n\t\t<\/div>\n\t<\/div>\n<\/article>\n<article class=\"qodef-e qodef-grid-item qodef-item--full  post-13106 portfolio-item type-portfolio-item status-publish has-post-thumbnail hentry portfolio-category-luminaires portfolio-category-outdoor portfolio-tag-kartell portfolio-tag-lampe-a-poser portfolio-tag-luminaire portfolio-tag-nomade portfolio-tag-outdoor\">\n\t<div class=\"qodef-e-inner\" >\n\t\t<div class=\"qodef-e-image\">\n\t\t\t\t<div class=\"qodef-e-media-image\">\n\t\t<a itemprop=\"url\" href=\"https:\/\/inter-faces.eu\/index.php\/portfolio-item\/space-la-nouvelle-lampe-de-kartell\/\" target=\"_self\">\n\t\t\t<img loading=\"lazy\" decoding=\"async\" width=\"900\" height=\"652\" src=\"https:\/\/inter-faces.eu\/wp-content\/uploads\/2024\/02\/1-1-189.jpg\" class=\"attachment-full size-full wp-post-image\" alt=\"\" srcset=\"https:\/\/inter-faces.eu\/wp-content\/uploads\/2024\/02\/1-1-189.jpg 900w, https:\/\/inter-faces.eu\/wp-content\/uploads\/2024\/02\/1-1-189-300x217.jpg 300w, https:\/\/inter-faces.eu\/wp-content\/uploads\/2024\/02\/1-1-189-768x556.jpg 768w, https:\/\/inter-faces.eu\/wp-content\/uploads\/2024\/02\/1-1-189-600x435.jpg 600w\" sizes=\"(max-width: 900px) 100vw, 900px\" \/>\t\t<\/a>\n\t<\/div>\n\t\t\t\t\t<\/div>\n\t\t<div class=\"qodef-e-content\" style=\"margin:24px 0 30px 0px\">\n\t\t\t<div class=\"qodef-e-text\">\n\t\t\t\t<h4 itemprop=\"name\" class=\"qodef-e-title entry-title\" >\n\t<a itemprop=\"url\" class=\"qodef-e-title-link\" href=\"https:\/\/inter-faces.eu\/index.php\/portfolio-item\/space-la-nouvelle-lampe-de-kartell\/\" target=\"_self\">\n\t\tLampe autonome Space de Kartell\t<\/a>\n<\/h4>\n\t\t\t<\/div>\n\t\t\t<div class=\"qodef-e-top-holder\">\n\t\t\t\t<div class=\"qodef-e-info\">\n\t\t\t\t\t\t<a href=\"https:\/\/inter-faces.eu\/index.php\/portfolio-category\/luminaires\/\" rel=\"tag\">Luminaires<\/a><span class=\"qodef-info-separator-single\"><\/span><a href=\"https:\/\/inter-faces.eu\/index.php\/portfolio-category\/outdoor\/\" rel=\"tag\">Outdoor<\/a>\t<div class=\"qodef-info-separator-end\"><\/div>\n\t\t\t\t<\/div>\n\t\t\t<\/div>\n\t\t<\/div>\n\t<\/div>\n<\/article>\n<article class=\"qodef-e qodef-grid-item qodef-item--full  post-13107 portfolio-item type-portfolio-item status-publish has-post-thumbnail hentry portfolio-category-luminaires portfolio-category-outdoor portfolio-tag-kartell portfolio-tag-lampe-a-poser portfolio-tag-nomade portfolio-tag-outdoor\">\n\t<div class=\"qodef-e-inner\" >\n\t\t<div class=\"qodef-e-image\">\n\t\t\t\t<div class=\"qodef-e-media-image\">\n\t\t<a itemprop=\"url\" href=\"https:\/\/inter-faces.eu\/index.php\/portfolio-item\/la-lampe-autonome-battery-de-kartell\/\" target=\"_self\">\n\t\t\t<img loading=\"lazy\" decoding=\"async\" width=\"900\" height=\"652\" src=\"https:\/\/inter-faces.eu\/wp-content\/uploads\/2024\/02\/1-1-188.jpg\" class=\"attachment-full size-full wp-post-image\" alt=\"\" srcset=\"https:\/\/inter-faces.eu\/wp-content\/uploads\/2024\/02\/1-1-188.jpg 900w, https:\/\/inter-faces.eu\/wp-content\/uploads\/2024\/02\/1-1-188-300x217.jpg 300w, https:\/\/inter-faces.eu\/wp-content\/uploads\/2024\/02\/1-1-188-768x556.jpg 768w, https:\/\/inter-faces.eu\/wp-content\/uploads\/2024\/02\/1-1-188-600x435.jpg 600w\" sizes=\"(max-width: 900px) 100vw, 900px\" \/>\t\t<\/a>\n\t<\/div>\n\t\t\t\t\t<\/div>\n\t\t<div class=\"qodef-e-content\" style=\"margin:24px 0 30px 0px\">\n\t\t\t<div class=\"qodef-e-text\">\n\t\t\t\t<h4 itemprop=\"name\" class=\"qodef-e-title entry-title\" >\n\t<a itemprop=\"url\" class=\"qodef-e-title-link\" href=\"https:\/\/inter-faces.eu\/index.php\/portfolio-item\/la-lampe-autonome-battery-de-kartell\/\" target=\"_self\">\n\t\tLa lampe autonome Battery de Kartell\t<\/a>\n<\/h4>\n\t\t\t<\/div>\n\t\t\t<div class=\"qodef-e-top-holder\">\n\t\t\t\t<div class=\"qodef-e-info\">\n\t\t\t\t\t\t<a href=\"https:\/\/inter-faces.eu\/index.php\/portfolio-category\/luminaires\/\" rel=\"tag\">Luminaires<\/a><span class=\"qodef-info-separator-single\"><\/span><a href=\"https:\/\/inter-faces.eu\/index.php\/portfolio-category\/outdoor\/\" rel=\"tag\">Outdoor<\/a>\t<div class=\"qodef-info-separator-end\"><\/div>\n\t\t\t\t<\/div>\n\t\t\t<\/div>\n\t\t<\/div>\n\t<\/div>\n<\/article>\n<article class=\"qodef-e qodef-grid-item qodef-item--full  post-13108 portfolio-item type-portfolio-item status-publish has-post-thumbnail hentry portfolio-category-luminaires portfolio-tag-foscarini portfolio-tag-lampe-a-poser portfolio-tag-luminaire\">\n\t<div class=\"qodef-e-inner\" >\n\t\t<div class=\"qodef-e-image\">\n\t\t\t\t<div class=\"qodef-e-media-image\">\n\t\t<a itemprop=\"url\" href=\"https:\/\/inter-faces.eu\/index.php\/portfolio-item\/la-lampe-binic-de-foscarini\/\" target=\"_self\">\n\t\t\t<img loading=\"lazy\" decoding=\"async\" width=\"900\" height=\"652\" src=\"https:\/\/inter-faces.eu\/wp-content\/uploads\/2024\/02\/1-1-177.jpg\" class=\"attachment-full size-full wp-post-image\" alt=\"\" srcset=\"https:\/\/inter-faces.eu\/wp-content\/uploads\/2024\/02\/1-1-177.jpg 900w, https:\/\/inter-faces.eu\/wp-content\/uploads\/2024\/02\/1-1-177-300x217.jpg 300w, https:\/\/inter-faces.eu\/wp-content\/uploads\/2024\/02\/1-1-177-768x556.jpg 768w, https:\/\/inter-faces.eu\/wp-content\/uploads\/2024\/02\/1-1-177-600x435.jpg 600w\" sizes=\"(max-width: 900px) 100vw, 900px\" \/>\t\t<\/a>\n\t<\/div>\n\t\t\t\t\t<\/div>\n\t\t<div class=\"qodef-e-content\" style=\"margin:24px 0 30px 0px\">\n\t\t\t<div class=\"qodef-e-text\">\n\t\t\t\t<h4 itemprop=\"name\" class=\"qodef-e-title entry-title\" >\n\t<a itemprop=\"url\" class=\"qodef-e-title-link\" href=\"https:\/\/inter-faces.eu\/index.php\/portfolio-item\/la-lampe-binic-de-foscarini\/\" target=\"_self\">\n\t\tLa lampe Binic de Foscarini\t<\/a>\n<\/h4>\n\t\t\t<\/div>\n\t\t\t<div class=\"qodef-e-top-holder\">\n\t\t\t\t<div class=\"qodef-e-info\">\n\t\t\t\t\t\t<a href=\"https:\/\/inter-faces.eu\/index.php\/portfolio-category\/luminaires\/\" rel=\"tag\">Luminaires<\/a>\t<div class=\"qodef-info-separator-end\"><\/div>\n\t\t\t\t<\/div>\n\t\t\t<\/div>\n\t\t<\/div>\n\t<\/div>\n<\/article>\n<article class=\"qodef-e qodef-grid-item qodef-item--full  post-13109 portfolio-item type-portfolio-item status-publish has-post-thumbnail hentry portfolio-category-luminaires portfolio-tag-luminaire portfolio-tag-ronan-erwan-bouroullec portfolio-tag-suspension\">\n\t<div class=\"qodef-e-inner\" >\n\t\t<div class=\"qodef-e-image\">\n\t\t\t\t<div class=\"qodef-e-media-image\">\n\t\t<a itemprop=\"url\" href=\"https:\/\/inter-faces.eu\/index.php\/portfolio-item\/la-suspension-aim-des-bouroullec\/\" target=\"_self\">\n\t\t\t<img loading=\"lazy\" decoding=\"async\" width=\"900\" height=\"651\" src=\"https:\/\/inter-faces.eu\/wp-content\/uploads\/2024\/02\/1-1-187.jpg\" class=\"attachment-full size-full wp-post-image\" alt=\"\" srcset=\"https:\/\/inter-faces.eu\/wp-content\/uploads\/2024\/02\/1-1-187.jpg 900w, https:\/\/inter-faces.eu\/wp-content\/uploads\/2024\/02\/1-1-187-300x217.jpg 300w, https:\/\/inter-faces.eu\/wp-content\/uploads\/2024\/02\/1-1-187-768x556.jpg 768w, https:\/\/inter-faces.eu\/wp-content\/uploads\/2024\/02\/1-1-187-600x434.jpg 600w\" sizes=\"(max-width: 900px) 100vw, 900px\" \/>\t\t<\/a>\n\t<\/div>\n\t\t\t\t\t<\/div>\n\t\t<div class=\"qodef-e-content\" style=\"margin:24px 0 30px 0px\">\n\t\t\t<div class=\"qodef-e-text\">\n\t\t\t\t<h4 itemprop=\"name\" class=\"qodef-e-title entry-title\" >\n\t<a itemprop=\"url\" class=\"qodef-e-title-link\" href=\"https:\/\/inter-faces.eu\/index.php\/portfolio-item\/la-suspension-aim-des-bouroullec\/\" target=\"_self\">\n\t\tLa suspension AIM des Bouroullec &#8211; Flos\t<\/a>\n<\/h4>\n\t\t\t<\/div>\n\t\t\t<div class=\"qodef-e-top-holder\">\n\t\t\t\t<div class=\"qodef-e-info\">\n\t\t\t\t\t\t<a href=\"https:\/\/inter-faces.eu\/index.php\/portfolio-category\/luminaires\/\" rel=\"tag\">Luminaires<\/a>\t<div class=\"qodef-info-separator-end\"><\/div>\n\t\t\t\t<\/div>\n\t\t\t<\/div>\n\t\t<\/div>\n\t<\/div>\n<\/article>\n<article class=\"qodef-e qodef-grid-item qodef-item--full  post-13110 portfolio-item type-portfolio-item status-publish has-post-thumbnail hentry portfolio-category-luminaires portfolio-category-outdoor portfolio-tag-applique portfolio-tag-lampadaire portfolio-tag-luminaire portfolio-tag-outdoor portfolio-tag-sammode\">\n\t<div class=\"qodef-e-inner\" >\n\t\t<div class=\"qodef-e-image\">\n\t\t\t\t<div class=\"qodef-e-media-image\">\n\t\t<a itemprop=\"url\" href=\"https:\/\/inter-faces.eu\/index.php\/portfolio-item\/zoom-sur-les-luminaires-sammode\/\" target=\"_self\">\n\t\t\t<img loading=\"lazy\" decoding=\"async\" width=\"900\" height=\"652\" src=\"https:\/\/inter-faces.eu\/wp-content\/uploads\/2024\/02\/1-1-186.jpg\" class=\"attachment-full size-full wp-post-image\" alt=\"\" srcset=\"https:\/\/inter-faces.eu\/wp-content\/uploads\/2024\/02\/1-1-186.jpg 900w, https:\/\/inter-faces.eu\/wp-content\/uploads\/2024\/02\/1-1-186-300x217.jpg 300w, https:\/\/inter-faces.eu\/wp-content\/uploads\/2024\/02\/1-1-186-768x556.jpg 768w, https:\/\/inter-faces.eu\/wp-content\/uploads\/2024\/02\/1-1-186-600x435.jpg 600w\" sizes=\"(max-width: 900px) 100vw, 900px\" \/>\t\t<\/a>\n\t<\/div>\n\t\t\t\t\t<\/div>\n\t\t<div class=\"qodef-e-content\" style=\"margin:24px 0 30px 0px\">\n\t\t\t<div class=\"qodef-e-text\">\n\t\t\t\t<h4 itemprop=\"name\" class=\"qodef-e-title entry-title\" >\n\t<a itemprop=\"url\" class=\"qodef-e-title-link\" href=\"https:\/\/inter-faces.eu\/index.php\/portfolio-item\/zoom-sur-les-luminaires-sammode\/\" target=\"_self\">\n\t\tZoom sur les luminaires Sammode\t<\/a>\n<\/h4>\n\t\t\t<\/div>\n\t\t\t<div class=\"qodef-e-top-holder\">\n\t\t\t\t<div class=\"qodef-e-info\">\n\t\t\t\t\t\t<a href=\"https:\/\/inter-faces.eu\/index.php\/portfolio-category\/luminaires\/\" rel=\"tag\">Luminaires<\/a><span class=\"qodef-info-separator-single\"><\/span><a href=\"https:\/\/inter-faces.eu\/index.php\/portfolio-category\/outdoor\/\" rel=\"tag\">Outdoor<\/a>\t<div class=\"qodef-info-separator-end\"><\/div>\n\t\t\t\t<\/div>\n\t\t\t<\/div>\n\t\t<\/div>\n\t<\/div>\n<\/article>\n<article class=\"qodef-e qodef-grid-item qodef-item--full  post-13111 portfolio-item type-portfolio-item status-publish has-post-thumbnail hentry portfolio-category-luminaires portfolio-tag-artemide portfolio-tag-luminaire portfolio-tag-suspension\">\n\t<div class=\"qodef-e-inner\" >\n\t\t<div class=\"qodef-e-image\">\n\t\t\t\t<div class=\"qodef-e-media-image\">\n\t\t<a itemprop=\"url\" href=\"https:\/\/inter-faces.eu\/index.php\/portfolio-item\/artemide-lance-les-supensions-orsa\/\" target=\"_self\">\n\t\t\t<img loading=\"lazy\" decoding=\"async\" width=\"900\" height=\"652\" src=\"https:\/\/inter-faces.eu\/wp-content\/uploads\/2024\/02\/1-1-185.jpg\" class=\"attachment-full size-full wp-post-image\" alt=\"\" srcset=\"https:\/\/inter-faces.eu\/wp-content\/uploads\/2024\/02\/1-1-185.jpg 900w, https:\/\/inter-faces.eu\/wp-content\/uploads\/2024\/02\/1-1-185-300x217.jpg 300w, https:\/\/inter-faces.eu\/wp-content\/uploads\/2024\/02\/1-1-185-768x556.jpg 768w, https:\/\/inter-faces.eu\/wp-content\/uploads\/2024\/02\/1-1-185-600x435.jpg 600w\" sizes=\"(max-width: 900px) 100vw, 900px\" \/>\t\t<\/a>\n\t<\/div>\n\t\t\t\t\t<\/div>\n\t\t<div class=\"qodef-e-content\" style=\"margin:24px 0 30px 0px\">\n\t\t\t<div class=\"qodef-e-text\">\n\t\t\t\t<h4 itemprop=\"name\" class=\"qodef-e-title entry-title\" >\n\t<a itemprop=\"url\" class=\"qodef-e-title-link\" href=\"https:\/\/inter-faces.eu\/index.php\/portfolio-item\/artemide-lance-les-supensions-orsa\/\" target=\"_self\">\n\t\tArtemide lance les supensions Orsa\t<\/a>\n<\/h4>\n\t\t\t<\/div>\n\t\t\t<div class=\"qodef-e-top-holder\">\n\t\t\t\t<div class=\"qodef-e-info\">\n\t\t\t\t\t\t<a href=\"https:\/\/inter-faces.eu\/index.php\/portfolio-category\/luminaires\/\" rel=\"tag\">Luminaires<\/a>\t<div class=\"qodef-info-separator-end\"><\/div>\n\t\t\t\t<\/div>\n\t\t\t<\/div>\n\t\t<\/div>\n\t<\/div>\n<\/article>\n<article class=\"qodef-e qodef-grid-item qodef-item--full  post-13112 portfolio-item type-portfolio-item status-publish has-post-thumbnail hentry portfolio-category-luminaires portfolio-tag-luminaire portfolio-tag-suspension portfolio-tag-vibia\">\n\t<div class=\"qodef-e-inner\" >\n\t\t<div class=\"qodef-e-image\">\n\t\t\t\t<div class=\"qodef-e-media-image\">\n\t\t<a itemprop=\"url\" href=\"https:\/\/inter-faces.eu\/index.php\/portfolio-item\/la-suspension-wireflow-par-vibia\/\" target=\"_self\">\n\t\t\t<img loading=\"lazy\" decoding=\"async\" width=\"900\" height=\"652\" src=\"https:\/\/inter-faces.eu\/wp-content\/uploads\/2024\/02\/1-1-184.jpg\" class=\"attachment-full size-full wp-post-image\" alt=\"\" srcset=\"https:\/\/inter-faces.eu\/wp-content\/uploads\/2024\/02\/1-1-184.jpg 900w, https:\/\/inter-faces.eu\/wp-content\/uploads\/2024\/02\/1-1-184-300x217.jpg 300w, https:\/\/inter-faces.eu\/wp-content\/uploads\/2024\/02\/1-1-184-768x556.jpg 768w, https:\/\/inter-faces.eu\/wp-content\/uploads\/2024\/02\/1-1-184-600x435.jpg 600w\" sizes=\"(max-width: 900px) 100vw, 900px\" \/>\t\t<\/a>\n\t<\/div>\n\t\t\t\t\t<\/div>\n\t\t<div class=\"qodef-e-content\" style=\"margin:24px 0 30px 0px\">\n\t\t\t<div class=\"qodef-e-text\">\n\t\t\t\t<h4 itemprop=\"name\" class=\"qodef-e-title entry-title\" >\n\t<a itemprop=\"url\" class=\"qodef-e-title-link\" href=\"https:\/\/inter-faces.eu\/index.php\/portfolio-item\/la-suspension-wireflow-par-vibia\/\" target=\"_self\">\n\t\tLa suspension Wireflow par Vibia\t<\/a>\n<\/h4>\n\t\t\t<\/div>\n\t\t\t<div class=\"qodef-e-top-holder\">\n\t\t\t\t<div class=\"qodef-e-info\">\n\t\t\t\t\t\t<a href=\"https:\/\/inter-faces.eu\/index.php\/portfolio-category\/luminaires\/\" rel=\"tag\">Luminaires<\/a>\t<div class=\"qodef-info-separator-end\"><\/div>\n\t\t\t\t<\/div>\n\t\t\t<\/div>\n\t\t<\/div>\n\t<\/div>\n<\/article>\n<article class=\"qodef-e qodef-grid-item qodef-item--full  post-13113 portfolio-item type-portfolio-item status-publish has-post-thumbnail hentry portfolio-category-luminaires portfolio-category-outdoor portfolio-tag-kartell portfolio-tag-lampadaire portfolio-tag-lampe-a-poser portfolio-tag-outdoor portfolio-tag-suspension\">\n\t<div class=\"qodef-e-inner\" >\n\t\t<div class=\"qodef-e-image\">\n\t\t\t\t<div class=\"qodef-e-media-image\">\n\t\t<a itemprop=\"url\" href=\"https:\/\/inter-faces.eu\/index.php\/portfolio-item\/ferruccio-laviani-signe-kabuki-pour-kartell\/\" target=\"_self\">\n\t\t\t<img loading=\"lazy\" decoding=\"async\" width=\"900\" height=\"652\" src=\"https:\/\/inter-faces.eu\/wp-content\/uploads\/2024\/02\/1-1-183.jpg\" class=\"attachment-full size-full wp-post-image\" alt=\"\" srcset=\"https:\/\/inter-faces.eu\/wp-content\/uploads\/2024\/02\/1-1-183.jpg 900w, https:\/\/inter-faces.eu\/wp-content\/uploads\/2024\/02\/1-1-183-300x217.jpg 300w, https:\/\/inter-faces.eu\/wp-content\/uploads\/2024\/02\/1-1-183-768x556.jpg 768w, https:\/\/inter-faces.eu\/wp-content\/uploads\/2024\/02\/1-1-183-600x435.jpg 600w\" sizes=\"(max-width: 900px) 100vw, 900px\" \/>\t\t<\/a>\n\t<\/div>\n\t\t\t\t\t<\/div>\n\t\t<div class=\"qodef-e-content\" style=\"margin:24px 0 30px 0px\">\n\t\t\t<div class=\"qodef-e-text\">\n\t\t\t\t<h4 itemprop=\"name\" class=\"qodef-e-title entry-title\" >\n\t<a itemprop=\"url\" class=\"qodef-e-title-link\" href=\"https:\/\/inter-faces.eu\/index.php\/portfolio-item\/ferruccio-laviani-signe-kabuki-pour-kartell\/\" target=\"_self\">\n\t\tFerruccio Laviani signe Kabuki pour Kartell\t<\/a>\n<\/h4>\n\t\t\t<\/div>\n\t\t\t<div class=\"qodef-e-top-holder\">\n\t\t\t\t<div class=\"qodef-e-info\">\n\t\t\t\t\t\t<a href=\"https:\/\/inter-faces.eu\/index.php\/portfolio-category\/luminaires\/\" rel=\"tag\">Luminaires<\/a><span class=\"qodef-info-separator-single\"><\/span><a href=\"https:\/\/inter-faces.eu\/index.php\/portfolio-category\/outdoor\/\" rel=\"tag\">Outdoor<\/a>\t<div class=\"qodef-info-separator-end\"><\/div>\n\t\t\t\t<\/div>\n\t\t\t<\/div>\n\t\t<\/div>\n\t<\/div>\n<\/article>\n<article class=\"qodef-e qodef-grid-item qodef-item--full  post-13114 portfolio-item type-portfolio-item status-publish has-post-thumbnail hentry portfolio-category-luminaires portfolio-tag-applique portfolio-tag-foscarini portfolio-tag-lampadaire portfolio-tag-lampe-a-poser portfolio-tag-luminaire portfolio-tag-suspension\">\n\t<div class=\"qodef-e-inner\" >\n\t\t<div class=\"qodef-e-image\">\n\t\t\t\t<div class=\"qodef-e-media-image\">\n\t\t<a itemprop=\"url\" href=\"https:\/\/inter-faces.eu\/index.php\/portfolio-item\/foscarini-propose-la-lampe-gem\/\" target=\"_self\">\n\t\t\t<img loading=\"lazy\" decoding=\"async\" width=\"900\" height=\"652\" src=\"https:\/\/inter-faces.eu\/wp-content\/uploads\/2024\/02\/1-1-182.jpg\" class=\"attachment-full size-full wp-post-image\" alt=\"\" srcset=\"https:\/\/inter-faces.eu\/wp-content\/uploads\/2024\/02\/1-1-182.jpg 900w, https:\/\/inter-faces.eu\/wp-content\/uploads\/2024\/02\/1-1-182-300x217.jpg 300w, https:\/\/inter-faces.eu\/wp-content\/uploads\/2024\/02\/1-1-182-768x556.jpg 768w, https:\/\/inter-faces.eu\/wp-content\/uploads\/2024\/02\/1-1-182-600x435.jpg 600w\" sizes=\"(max-width: 900px) 100vw, 900px\" \/>\t\t<\/a>\n\t<\/div>\n\t\t\t\t\t<\/div>\n\t\t<div class=\"qodef-e-content\" style=\"margin:24px 0 30px 0px\">\n\t\t\t<div class=\"qodef-e-text\">\n\t\t\t\t<h4 itemprop=\"name\" class=\"qodef-e-title entry-title\" >\n\t<a itemprop=\"url\" class=\"qodef-e-title-link\" href=\"https:\/\/inter-faces.eu\/index.php\/portfolio-item\/foscarini-propose-la-lampe-gem\/\" target=\"_self\">\n\t\tCollection des lampes Gem -Foscarini\t<\/a>\n<\/h4>\n\t\t\t<\/div>\n\t\t\t<div class=\"qodef-e-top-holder\">\n\t\t\t\t<div class=\"qodef-e-info\">\n\t\t\t\t\t\t<a href=\"https:\/\/inter-faces.eu\/index.php\/portfolio-category\/luminaires\/\" rel=\"tag\">Luminaires<\/a>\t<div class=\"qodef-info-separator-end\"><\/div>\n\t\t\t\t<\/div>\n\t\t\t<\/div>\n\t\t<\/div>\n\t<\/div>\n<\/article>\n<article class=\"qodef-e qodef-grid-item qodef-item--full  post-13115 portfolio-item type-portfolio-item status-publish has-post-thumbnail hentry portfolio-category-luminaires portfolio-category-outdoor portfolio-tag-kartell portfolio-tag-lampe-a-poser portfolio-tag-nomade portfolio-tag-outdoor\">\n\t<div class=\"qodef-e-inner\" >\n\t\t<div class=\"qodef-e-image\">\n\t\t\t\t<div class=\"qodef-e-media-image\">\n\t\t<a itemprop=\"url\" href=\"https:\/\/inter-faces.eu\/index.php\/portfolio-item\/lantern-lampe-autonome-de-kartell\/\" target=\"_self\">\n\t\t\t<img loading=\"lazy\" decoding=\"async\" width=\"900\" height=\"652\" src=\"https:\/\/inter-faces.eu\/wp-content\/uploads\/2024\/02\/1-1-193.jpg\" class=\"attachment-full size-full wp-post-image\" alt=\"\" srcset=\"https:\/\/inter-faces.eu\/wp-content\/uploads\/2024\/02\/1-1-193.jpg 900w, https:\/\/inter-faces.eu\/wp-content\/uploads\/2024\/02\/1-1-193-300x217.jpg 300w, https:\/\/inter-faces.eu\/wp-content\/uploads\/2024\/02\/1-1-193-768x556.jpg 768w, https:\/\/inter-faces.eu\/wp-content\/uploads\/2024\/02\/1-1-193-600x435.jpg 600w\" sizes=\"(max-width: 900px) 100vw, 900px\" \/>\t\t<\/a>\n\t<\/div>\n\t\t\t\t\t<\/div>\n\t\t<div class=\"qodef-e-content\" style=\"margin:24px 0 30px 0px\">\n\t\t\t<div class=\"qodef-e-text\">\n\t\t\t\t<h4 itemprop=\"name\" class=\"qodef-e-title entry-title\" >\n\t<a itemprop=\"url\" class=\"qodef-e-title-link\" href=\"https:\/\/inter-faces.eu\/index.php\/portfolio-item\/lantern-lampe-autonome-de-kartell\/\" target=\"_self\">\n\t\tLantern, lampe autonome de Kartell\t<\/a>\n<\/h4>\n\t\t\t<\/div>\n\t\t\t<div class=\"qodef-e-top-holder\">\n\t\t\t\t<div class=\"qodef-e-info\">\n\t\t\t\t\t\t<a href=\"https:\/\/inter-faces.eu\/index.php\/portfolio-category\/luminaires\/\" rel=\"tag\">Luminaires<\/a><span class=\"qodef-info-separator-single\"><\/span><a href=\"https:\/\/inter-faces.eu\/index.php\/portfolio-category\/outdoor\/\" rel=\"tag\">Outdoor<\/a>\t<div class=\"qodef-info-separator-end\"><\/div>\n\t\t\t\t<\/div>\n\t\t\t<\/div>\n\t\t<\/div>\n\t<\/div>\n<\/article>\n<article class=\"qodef-e qodef-grid-item qodef-item--full  post-13116 portfolio-item type-portfolio-item status-publish has-post-thumbnail hentry portfolio-category-luminaires portfolio-tag-flos portfolio-tag-jasper-morrison portfolio-tag-lampadaire portfolio-tag-luminaire\">\n\t<div class=\"qodef-e-inner\" >\n\t\t<div class=\"qodef-e-image\">\n\t\t\t\t<div class=\"qodef-e-media-image\">\n\t\t<a itemprop=\"url\" href=\"https:\/\/inter-faces.eu\/index.php\/portfolio-item\/superloon-lampadaire-signe-jasper-morrison-pour-flos\/\" target=\"_self\">\n\t\t\t<img loading=\"lazy\" decoding=\"async\" width=\"900\" height=\"651\" src=\"https:\/\/inter-faces.eu\/wp-content\/uploads\/2024\/02\/1-1-181.jpg\" class=\"attachment-full size-full wp-post-image\" alt=\"\" srcset=\"https:\/\/inter-faces.eu\/wp-content\/uploads\/2024\/02\/1-1-181.jpg 900w, https:\/\/inter-faces.eu\/wp-content\/uploads\/2024\/02\/1-1-181-300x217.jpg 300w, https:\/\/inter-faces.eu\/wp-content\/uploads\/2024\/02\/1-1-181-768x556.jpg 768w, https:\/\/inter-faces.eu\/wp-content\/uploads\/2024\/02\/1-1-181-600x434.jpg 600w\" sizes=\"(max-width: 900px) 100vw, 900px\" \/>\t\t<\/a>\n\t<\/div>\n\t\t\t\t\t<\/div>\n\t\t<div class=\"qodef-e-content\" style=\"margin:24px 0 30px 0px\">\n\t\t\t<div class=\"qodef-e-text\">\n\t\t\t\t<h4 itemprop=\"name\" class=\"qodef-e-title entry-title\" >\n\t<a itemprop=\"url\" class=\"qodef-e-title-link\" href=\"https:\/\/inter-faces.eu\/index.php\/portfolio-item\/superloon-lampadaire-signe-jasper-morrison-pour-flos\/\" target=\"_self\">\n\t\tSuperloon, lampadaire sign\u00e9 Jasper Morrison pour Flos\t<\/a>\n<\/h4>\n\t\t\t<\/div>\n\t\t\t<div class=\"qodef-e-top-holder\">\n\t\t\t\t<div class=\"qodef-e-info\">\n\t\t\t\t\t\t<a href=\"https:\/\/inter-faces.eu\/index.php\/portfolio-category\/luminaires\/\" rel=\"tag\">Luminaires<\/a>\t<div class=\"qodef-info-separator-end\"><\/div>\n\t\t\t\t<\/div>\n\t\t\t<\/div>\n\t\t<\/div>\n\t<\/div>\n<\/article>\n<article class=\"qodef-e qodef-grid-item qodef-item--full  post-13117 portfolio-item type-portfolio-item status-publish has-post-thumbnail hentry portfolio-category-luminaires portfolio-tag-applique portfolio-tag-foscarini portfolio-tag-lampe-a-poser portfolio-tag-luminaire portfolio-tag-suspension\">\n\t<div class=\"qodef-e-inner\" >\n\t\t<div class=\"qodef-e-image\">\n\t\t\t\t<div class=\"qodef-e-media-image\">\n\t\t<a itemprop=\"url\" href=\"https:\/\/inter-faces.eu\/index.php\/portfolio-item\/satellight-creation-deugeni-quitllet-pour-foscarini\/\" target=\"_self\">\n\t\t\t<img loading=\"lazy\" decoding=\"async\" width=\"900\" height=\"652\" src=\"https:\/\/inter-faces.eu\/wp-content\/uploads\/2024\/02\/1-1-180.jpg\" class=\"attachment-full size-full wp-post-image\" alt=\"\" srcset=\"https:\/\/inter-faces.eu\/wp-content\/uploads\/2024\/02\/1-1-180.jpg 900w, https:\/\/inter-faces.eu\/wp-content\/uploads\/2024\/02\/1-1-180-300x217.jpg 300w, https:\/\/inter-faces.eu\/wp-content\/uploads\/2024\/02\/1-1-180-768x556.jpg 768w, https:\/\/inter-faces.eu\/wp-content\/uploads\/2024\/02\/1-1-180-600x435.jpg 600w\" sizes=\"(max-width: 900px) 100vw, 900px\" \/>\t\t<\/a>\n\t<\/div>\n\t\t\t\t\t<\/div>\n\t\t<div class=\"qodef-e-content\" style=\"margin:24px 0 30px 0px\">\n\t\t\t<div class=\"qodef-e-text\">\n\t\t\t\t<h4 itemprop=\"name\" class=\"qodef-e-title entry-title\" >\n\t<a itemprop=\"url\" class=\"qodef-e-title-link\" href=\"https:\/\/inter-faces.eu\/index.php\/portfolio-item\/satellight-creation-deugeni-quitllet-pour-foscarini\/\" target=\"_self\">\n\t\tSatellight, cr\u00e9ation d&rsquo;Eugeni Quitllet pour Foscarini\t<\/a>\n<\/h4>\n\t\t\t<\/div>\n\t\t\t<div class=\"qodef-e-top-holder\">\n\t\t\t\t<div class=\"qodef-e-info\">\n\t\t\t\t\t\t<a href=\"https:\/\/inter-faces.eu\/index.php\/portfolio-category\/luminaires\/\" rel=\"tag\">Luminaires<\/a>\t<div class=\"qodef-info-separator-end\"><\/div>\n\t\t\t\t<\/div>\n\t\t\t<\/div>\n\t\t<\/div>\n\t<\/div>\n<\/article>\n<article class=\"qodef-e qodef-grid-item qodef-item--full  post-13118 portfolio-item type-portfolio-item status-publish has-post-thumbnail hentry portfolio-category-luminaires portfolio-category-outdoor portfolio-tag-flos portfolio-tag-lampe-a-poser portfolio-tag-luminaire portfolio-tag-nomade portfolio-tag-outdoor portfolio-tag-philippe-starck\">\n\t<div class=\"qodef-e-inner\" >\n\t\t<div class=\"qodef-e-image\">\n\t\t\t\t<div class=\"qodef-e-media-image\">\n\t\t<a itemprop=\"url\" href=\"https:\/\/inter-faces.eu\/index.php\/portfolio-item\/bon-jour-la-lampe-autonome-de-philippe-starck\/\" target=\"_self\">\n\t\t\t<img loading=\"lazy\" decoding=\"async\" width=\"900\" height=\"651\" src=\"https:\/\/inter-faces.eu\/wp-content\/uploads\/2024\/02\/1-1-179.jpg\" class=\"attachment-full size-full wp-post-image\" alt=\"\" srcset=\"https:\/\/inter-faces.eu\/wp-content\/uploads\/2024\/02\/1-1-179.jpg 900w, https:\/\/inter-faces.eu\/wp-content\/uploads\/2024\/02\/1-1-179-300x217.jpg 300w, https:\/\/inter-faces.eu\/wp-content\/uploads\/2024\/02\/1-1-179-768x556.jpg 768w, https:\/\/inter-faces.eu\/wp-content\/uploads\/2024\/02\/1-1-179-600x434.jpg 600w\" sizes=\"(max-width: 900px) 100vw, 900px\" \/>\t\t<\/a>\n\t<\/div>\n\t\t\t\t\t<\/div>\n\t\t<div class=\"qodef-e-content\" style=\"margin:24px 0 30px 0px\">\n\t\t\t<div class=\"qodef-e-text\">\n\t\t\t\t<h4 itemprop=\"name\" class=\"qodef-e-title entry-title\" >\n\t<a itemprop=\"url\" class=\"qodef-e-title-link\" href=\"https:\/\/inter-faces.eu\/index.php\/portfolio-item\/bon-jour-la-lampe-autonome-de-philippe-starck\/\" target=\"_self\">\n\t\tBon Jour, la lampe autonome de Philippe Starck &#8211; Flos\t<\/a>\n<\/h4>\n\t\t\t<\/div>\n\t\t\t<div class=\"qodef-e-top-holder\">\n\t\t\t\t<div class=\"qodef-e-info\">\n\t\t\t\t\t\t<a href=\"https:\/\/inter-faces.eu\/index.php\/portfolio-category\/luminaires\/\" rel=\"tag\">Luminaires<\/a><span class=\"qodef-info-separator-single\"><\/span><a href=\"https:\/\/inter-faces.eu\/index.php\/portfolio-category\/outdoor\/\" rel=\"tag\">Outdoor<\/a>\t<div class=\"qodef-info-separator-end\"><\/div>\n\t\t\t\t<\/div>\n\t\t\t<\/div>\n\t\t<\/div>\n\t<\/div>\n<\/article>\n<article class=\"qodef-e qodef-grid-item qodef-item--full  post-13119 portfolio-item type-portfolio-item status-publish has-post-thumbnail hentry portfolio-category-luminaires portfolio-tag-artemide portfolio-tag-luminaire portfolio-tag-suspension\">\n\t<div class=\"qodef-e-inner\" >\n\t\t<div class=\"qodef-e-image\">\n\t\t\t\t<div class=\"qodef-e-media-image\">\n\t\t<a itemprop=\"url\" href=\"https:\/\/inter-faces.eu\/index.php\/portfolio-item\/chlorophilia-la-suspension-poetique-de-ross-lovegrove\/\" target=\"_self\">\n\t\t\t<img loading=\"lazy\" decoding=\"async\" width=\"1920\" height=\"800\" src=\"https:\/\/inter-faces.eu\/wp-content\/uploads\/2024\/07\/chlorophilia_gallery4844104-1920x1080-1.jpg\" class=\"attachment-full size-full wp-post-image\" alt=\"\" srcset=\"https:\/\/inter-faces.eu\/wp-content\/uploads\/2024\/07\/chlorophilia_gallery4844104-1920x1080-1.jpg 1920w, https:\/\/inter-faces.eu\/wp-content\/uploads\/2024\/07\/chlorophilia_gallery4844104-1920x1080-1-300x125.jpg 300w, https:\/\/inter-faces.eu\/wp-content\/uploads\/2024\/07\/chlorophilia_gallery4844104-1920x1080-1-1024x427.jpg 1024w, https:\/\/inter-faces.eu\/wp-content\/uploads\/2024\/07\/chlorophilia_gallery4844104-1920x1080-1-768x320.jpg 768w, https:\/\/inter-faces.eu\/wp-content\/uploads\/2024\/07\/chlorophilia_gallery4844104-1920x1080-1-1536x640.jpg 1536w, https:\/\/inter-faces.eu\/wp-content\/uploads\/2024\/07\/chlorophilia_gallery4844104-1920x1080-1-600x250.jpg 600w\" sizes=\"(max-width: 1920px) 100vw, 1920px\" \/>\t\t<\/a>\n\t<\/div>\n\t\t\t\t\t<\/div>\n\t\t<div class=\"qodef-e-content\" style=\"margin:24px 0 30px 0px\">\n\t\t\t<div class=\"qodef-e-text\">\n\t\t\t\t<h4 itemprop=\"name\" class=\"qodef-e-title entry-title\" >\n\t<a itemprop=\"url\" class=\"qodef-e-title-link\" href=\"https:\/\/inter-faces.eu\/index.php\/portfolio-item\/chlorophilia-la-suspension-poetique-de-ross-lovegrove\/\" target=\"_self\">\n\t\tChlorophilia, suspension po\u00e9tique de Ross Lovegrove &#8211; Artemide\t<\/a>\n<\/h4>\n\t\t\t<\/div>\n\t\t\t<div class=\"qodef-e-top-holder\">\n\t\t\t\t<div class=\"qodef-e-info\">\n\t\t\t\t\t\t<a href=\"https:\/\/inter-faces.eu\/index.php\/portfolio-category\/luminaires\/\" rel=\"tag\">Luminaires<\/a>\t<div class=\"qodef-info-separator-end\"><\/div>\n\t\t\t\t<\/div>\n\t\t\t<\/div>\n\t\t<\/div>\n\t<\/div>\n<\/article>\n<article class=\"qodef-e qodef-grid-item qodef-item--full  post-13120 portfolio-item type-portfolio-item status-publish has-post-thumbnail hentry portfolio-category-luminaires portfolio-tag-kartell portfolio-tag-lampadaire portfolio-tag-lampe-a-poser portfolio-tag-nomade portfolio-tag-outdoor portfolio-tag-suspension\">\n\t<div class=\"qodef-e-inner\" >\n\t\t<div class=\"qodef-e-image\">\n\t\t\t\t<div class=\"qodef-e-media-image\">\n\t\t<a itemprop=\"url\" href=\"https:\/\/inter-faces.eu\/index.php\/portfolio-item\/la-collection-planet-de-kartell\/\" target=\"_self\">\n\t\t\t<img loading=\"lazy\" decoding=\"async\" width=\"900\" height=\"652\" src=\"https:\/\/inter-faces.eu\/wp-content\/uploads\/2024\/02\/1-1-178.jpg\" class=\"attachment-full size-full wp-post-image\" alt=\"\" srcset=\"https:\/\/inter-faces.eu\/wp-content\/uploads\/2024\/02\/1-1-178.jpg 900w, https:\/\/inter-faces.eu\/wp-content\/uploads\/2024\/02\/1-1-178-300x217.jpg 300w, https:\/\/inter-faces.eu\/wp-content\/uploads\/2024\/02\/1-1-178-768x556.jpg 768w, https:\/\/inter-faces.eu\/wp-content\/uploads\/2024\/02\/1-1-178-600x435.jpg 600w\" sizes=\"(max-width: 900px) 100vw, 900px\" \/>\t\t<\/a>\n\t<\/div>\n\t\t\t\t\t<\/div>\n\t\t<div class=\"qodef-e-content\" style=\"margin:24px 0 30px 0px\">\n\t\t\t<div class=\"qodef-e-text\">\n\t\t\t\t<h4 itemprop=\"name\" class=\"qodef-e-title entry-title\" >\n\t<a itemprop=\"url\" class=\"qodef-e-title-link\" href=\"https:\/\/inter-faces.eu\/index.php\/portfolio-item\/la-collection-planet-de-kartell\/\" target=\"_self\">\n\t\tLa collection Planet de Kartell\t<\/a>\n<\/h4>\n\t\t\t<\/div>\n\t\t\t<div class=\"qodef-e-top-holder\">\n\t\t\t\t<div class=\"qodef-e-info\">\n\t\t\t\t\t\t<a href=\"https:\/\/inter-faces.eu\/index.php\/portfolio-category\/luminaires\/\" rel=\"tag\">Luminaires<\/a>\t<div class=\"qodef-info-separator-end\"><\/div>\n\t\t\t\t<\/div>\n\t\t\t<\/div>\n\t\t<\/div>\n\t<\/div>\n<\/article>\n<article class=\"qodef-e qodef-grid-item qodef-item--full  post-12718 portfolio-item type-portfolio-item status-publish has-post-thumbnail hentry portfolio-category-complements-accessoires portfolio-category-luminaires portfolio-category-outdoor portfolio-tag-applique portfolio-tag-complements-accessoires portfolio-tag-lampe-a-poser portfolio-tag-luminaire portfolio-tag-outdoor portfolio-tag-seletti portfolio-tag-suspension\">\n\t<div class=\"qodef-e-inner\" >\n\t\t<div class=\"qodef-e-image\">\n\t\t\t\t<div class=\"qodef-e-media-image\">\n\t\t<a itemprop=\"url\" href=\"https:\/\/inter-faces.eu\/index.php\/portfolio-item\/les-singes-dans-votre-decoration\/\" target=\"_self\">\n\t\t\t<img loading=\"lazy\" decoding=\"async\" width=\"900\" height=\"652\" src=\"https:\/\/inter-faces.eu\/wp-content\/uploads\/2024\/02\/1-1-131.jpg\" class=\"attachment-full size-full wp-post-image\" alt=\"\" srcset=\"https:\/\/inter-faces.eu\/wp-content\/uploads\/2024\/02\/1-1-131.jpg 900w, https:\/\/inter-faces.eu\/wp-content\/uploads\/2024\/02\/1-1-131-300x217.jpg 300w, https:\/\/inter-faces.eu\/wp-content\/uploads\/2024\/02\/1-1-131-768x556.jpg 768w, https:\/\/inter-faces.eu\/wp-content\/uploads\/2024\/02\/1-1-131-600x435.jpg 600w\" sizes=\"(max-width: 900px) 100vw, 900px\" \/>\t\t<\/a>\n\t<\/div>\n\t\t\t\t\t<\/div>\n\t\t<div class=\"qodef-e-content\" style=\"margin:24px 0 30px 0px\">\n\t\t\t<div class=\"qodef-e-text\">\n\t\t\t\t<h4 itemprop=\"name\" class=\"qodef-e-title entry-title\" >\n\t<a itemprop=\"url\" class=\"qodef-e-title-link\" href=\"https:\/\/inter-faces.eu\/index.php\/portfolio-item\/les-singes-dans-votre-decoration\/\" target=\"_self\">\n\t\tLes lampes Monkey dans votre d\u00e9coration &#8211; Seletti\t<\/a>\n<\/h4>\n\t\t\t<\/div>\n\t\t\t<div class=\"qodef-e-top-holder\">\n\t\t\t\t<div class=\"qodef-e-info\">\n\t\t\t\t\t\t<a href=\"https:\/\/inter-faces.eu\/index.php\/portfolio-category\/complements-accessoires\/\" rel=\"tag\">Compl\u00e9ments &amp; accessoires<\/a><span class=\"qodef-info-separator-single\"><\/span><a href=\"https:\/\/inter-faces.eu\/index.php\/portfolio-category\/luminaires\/\" rel=\"tag\">Luminaires<\/a><span class=\"qodef-info-separator-single\"><\/span><a href=\"https:\/\/inter-faces.eu\/index.php\/portfolio-category\/outdoor\/\" rel=\"tag\">Outdoor<\/a>\t<div class=\"qodef-info-separator-end\"><\/div>\n\t\t\t\t<\/div>\n\t\t\t<\/div>\n\t\t<\/div>\n\t<\/div>\n<\/article>\n\t<\/div>\n\t<\/div>\n\t\t<\/div>\n\t\t\t\t<\/div>\n\t\t\t\t\t<\/div>\n\t\t<\/div>\n\t\t\t\t\t<\/div>\n\t\t<\/section>\n\t\t\t\t<\/div>\n\t\t<button class=\"simplefavorite-button\" data-postid=\"12718\" data-siteid=\"1\" data-groupid=\"1\" data-favoritecount=\"1\" style=\"\">Ajouter \u00e0 ma liste d'envies <i class=\"fa-solid fa-heart\"><\/i><\/button>","protected":false},"excerpt":{"rendered":"<p>Luminaires Parce que la lumi\u00e8re transforme l\u2019atmosph\u00e8re d\u2019une pi\u00e8ce et influe sur le confort d\u2019un espace, nous avons choisi de vous pr\u00e9senter une importante collection de lampes \u00e0 poser, lampes de tables, lampes de bureaux, lampes nomades, appliques, lampes de chevet, suspensions, lampadaires \u2026 A venir d\u00e9couvrir dans nos showrooms de Toulon et Puget-sur-Agens. Goodnight, [&hellip;]<\/p>\n","protected":false},"author":1,"featured_media":0,"parent":0,"menu_order":0,"comment_status":"closed","ping_status":"closed","template":"","meta":{"footnotes":""},"yoast_head":"<!-- This site is optimized with the Yoast SEO plugin v22.6 - https:\/\/yoast.com\/wordpress\/plugins\/seo\/ -->\n<title>Luminaires - Inter-Faces<\/title>\n<meta name=\"robots\" content=\"index, follow, max-snippet:-1, max-image-preview:large, max-video-preview:-1\" \/>\n<link rel=\"canonical\" href=\"https:\/\/inter-faces.eu\/index.php\/luminaires\/\" \/>\n<meta property=\"og:locale\" content=\"fr_FR\" \/>\n<meta property=\"og:type\" content=\"article\" \/>\n<meta property=\"og:title\" content=\"Luminaires - Inter-Faces\" \/>\n<meta property=\"og:description\" content=\"Luminaires Parce que la lumi\u00e8re transforme l\u2019atmosph\u00e8re d\u2019une pi\u00e8ce et influe sur le confort d\u2019un espace, nous avons choisi de vous pr\u00e9senter une importante collection de lampes \u00e0 poser, lampes de tables, lampes de bureaux, lampes nomades, appliques, lampes de chevet, suspensions, lampadaires \u2026 A venir d\u00e9couvrir dans nos showrooms de Toulon et Puget-sur-Agens. Goodnight, [&hellip;]\" \/>\n<meta property=\"og:url\" content=\"https:\/\/inter-faces.eu\/index.php\/luminaires\/\" \/>\n<meta property=\"og:site_name\" content=\"Inter-Faces\" \/>\n<meta property=\"article:publisher\" content=\"https:\/\/www.facebook.com\/interfacestoulon\" \/>\n<meta property=\"article:modified_time\" content=\"2024-05-02T13:41:28+00:00\" \/>\n<meta property=\"og:image\" content=\"https:\/\/romainleny-dev.com\/wp-content\/uploads\/2024\/02\/1-1-248.jpg\" \/>\n<meta name=\"twitter:card\" content=\"summary_large_image\" \/>\n<meta name=\"twitter:label1\" content=\"Dur\u00e9e de lecture estim\u00e9e\" \/>\n\t<meta name=\"twitter:data1\" content=\"18 minutes\" \/>\n<script type=\"application\/ld+json\" class=\"yoast-schema-graph\">{\"@context\":\"https:\/\/schema.org\",\"@graph\":[{\"@type\":\"WebPage\",\"@id\":\"https:\/\/inter-faces.eu\/index.php\/luminaires\/\",\"url\":\"https:\/\/inter-faces.eu\/index.php\/luminaires\/\",\"name\":\"Luminaires - Inter-Faces\",\"isPartOf\":{\"@id\":\"https:\/\/inter-faces.eu\/#website\"},\"primaryImageOfPage\":{\"@id\":\"https:\/\/inter-faces.eu\/index.php\/luminaires\/#primaryimage\"},\"image\":{\"@id\":\"https:\/\/inter-faces.eu\/index.php\/luminaires\/#primaryimage\"},\"thumbnailUrl\":\"https:\/\/romainleny-dev.com\/wp-content\/uploads\/2024\/02\/1-1-248.jpg\",\"datePublished\":\"2024-02-14T15:44:15+00:00\",\"dateModified\":\"2024-05-02T13:41:28+00:00\",\"breadcrumb\":{\"@id\":\"https:\/\/inter-faces.eu\/index.php\/luminaires\/#breadcrumb\"},\"inLanguage\":\"fr-FR\",\"potentialAction\":[{\"@type\":\"ReadAction\",\"target\":[\"https:\/\/inter-faces.eu\/index.php\/luminaires\/\"]}]},{\"@type\":\"ImageObject\",\"inLanguage\":\"fr-FR\",\"@id\":\"https:\/\/inter-faces.eu\/index.php\/luminaires\/#primaryimage\",\"url\":\"https:\/\/romainleny-dev.com\/wp-content\/uploads\/2024\/02\/1-1-248.jpg\",\"contentUrl\":\"https:\/\/romainleny-dev.com\/wp-content\/uploads\/2024\/02\/1-1-248.jpg\"},{\"@type\":\"BreadcrumbList\",\"@id\":\"https:\/\/inter-faces.eu\/index.php\/luminaires\/#breadcrumb\",\"itemListElement\":[{\"@type\":\"ListItem\",\"position\":1,\"name\":\"Accueil\",\"item\":\"https:\/\/inter-faces.eu\/\"},{\"@type\":\"ListItem\",\"position\":2,\"name\":\"Luminaires\"}]},{\"@type\":\"WebSite\",\"@id\":\"https:\/\/inter-faces.eu\/#website\",\"url\":\"https:\/\/inter-faces.eu\/\",\"name\":\"Inter-Faces\",\"description\":\"\",\"publisher\":{\"@id\":\"https:\/\/inter-faces.eu\/#organization\"},\"potentialAction\":[{\"@type\":\"SearchAction\",\"target\":{\"@type\":\"EntryPoint\",\"urlTemplate\":\"https:\/\/inter-faces.eu\/?s={search_term_string}\"},\"query-input\":\"required name=search_term_string\"}],\"inLanguage\":\"fr-FR\"},{\"@type\":\"Organization\",\"@id\":\"https:\/\/inter-faces.eu\/#organization\",\"name\":\"Inter-Faces\",\"url\":\"https:\/\/inter-faces.eu\/\",\"logo\":{\"@type\":\"ImageObject\",\"inLanguage\":\"fr-FR\",\"@id\":\"https:\/\/inter-faces.eu\/#\/schema\/logo\/image\/\",\"url\":\"https:\/\/inter-faces.eu\/wp-content\/uploads\/2024\/02\/logo.png\",\"contentUrl\":\"https:\/\/inter-faces.eu\/wp-content\/uploads\/2024\/02\/logo.png\",\"width\":400,\"height\":155,\"caption\":\"Inter-Faces\"},\"image\":{\"@id\":\"https:\/\/inter-faces.eu\/#\/schema\/logo\/image\/\"},\"sameAs\":[\"https:\/\/www.facebook.com\/interfacestoulon\",\"https:\/\/www.instagram.com\/inter_faces_mobilier\",\"https:\/\/www.youtube.com\/user\/interfacesmc\"]}]}<\/script>\n<!-- \/ Yoast SEO plugin. -->","yoast_head_json":{"title":"Luminaires - Inter-Faces","robots":{"index":"index","follow":"follow","max-snippet":"max-snippet:-1","max-image-preview":"max-image-preview:large","max-video-preview":"max-video-preview:-1"},"canonical":"https:\/\/inter-faces.eu\/index.php\/luminaires\/","og_locale":"fr_FR","og_type":"article","og_title":"Luminaires - Inter-Faces","og_description":"Luminaires Parce que la lumi\u00e8re transforme l\u2019atmosph\u00e8re d\u2019une pi\u00e8ce et influe sur le confort d\u2019un espace, nous avons choisi de vous pr\u00e9senter une importante collection de lampes \u00e0 poser, lampes de tables, lampes de bureaux, lampes nomades, appliques, lampes de chevet, suspensions, lampadaires \u2026 A venir d\u00e9couvrir dans nos showrooms de Toulon et Puget-sur-Agens. Goodnight, [&hellip;]","og_url":"https:\/\/inter-faces.eu\/index.php\/luminaires\/","og_site_name":"Inter-Faces","article_publisher":"https:\/\/www.facebook.com\/interfacestoulon","article_modified_time":"2024-05-02T13:41:28+00:00","og_image":[{"url":"https:\/\/romainleny-dev.com\/wp-content\/uploads\/2024\/02\/1-1-248.jpg"}],"twitter_card":"summary_large_image","twitter_misc":{"Dur\u00e9e de lecture estim\u00e9e":"18 minutes"},"schema":{"@context":"https:\/\/schema.org","@graph":[{"@type":"WebPage","@id":"https:\/\/inter-faces.eu\/index.php\/luminaires\/","url":"https:\/\/inter-faces.eu\/index.php\/luminaires\/","name":"Luminaires - Inter-Faces","isPartOf":{"@id":"https:\/\/inter-faces.eu\/#website"},"primaryImageOfPage":{"@id":"https:\/\/inter-faces.eu\/index.php\/luminaires\/#primaryimage"},"image":{"@id":"https:\/\/inter-faces.eu\/index.php\/luminaires\/#primaryimage"},"thumbnailUrl":"https:\/\/romainleny-dev.com\/wp-content\/uploads\/2024\/02\/1-1-248.jpg","datePublished":"2024-02-14T15:44:15+00:00","dateModified":"2024-05-02T13:41:28+00:00","breadcrumb":{"@id":"https:\/\/inter-faces.eu\/index.php\/luminaires\/#breadcrumb"},"inLanguage":"fr-FR","potentialAction":[{"@type":"ReadAction","target":["https:\/\/inter-faces.eu\/index.php\/luminaires\/"]}]},{"@type":"ImageObject","inLanguage":"fr-FR","@id":"https:\/\/inter-faces.eu\/index.php\/luminaires\/#primaryimage","url":"https:\/\/romainleny-dev.com\/wp-content\/uploads\/2024\/02\/1-1-248.jpg","contentUrl":"https:\/\/romainleny-dev.com\/wp-content\/uploads\/2024\/02\/1-1-248.jpg"},{"@type":"BreadcrumbList","@id":"https:\/\/inter-faces.eu\/index.php\/luminaires\/#breadcrumb","itemListElement":[{"@type":"ListItem","position":1,"name":"Accueil","item":"https:\/\/inter-faces.eu\/"},{"@type":"ListItem","position":2,"name":"Luminaires"}]},{"@type":"WebSite","@id":"https:\/\/inter-faces.eu\/#website","url":"https:\/\/inter-faces.eu\/","name":"Inter-Faces","description":"","publisher":{"@id":"https:\/\/inter-faces.eu\/#organization"},"potentialAction":[{"@type":"SearchAction","target":{"@type":"EntryPoint","urlTemplate":"https:\/\/inter-faces.eu\/?s={search_term_string}"},"query-input":"required name=search_term_string"}],"inLanguage":"fr-FR"},{"@type":"Organization","@id":"https:\/\/inter-faces.eu\/#organization","name":"Inter-Faces","url":"https:\/\/inter-faces.eu\/","logo":{"@type":"ImageObject","inLanguage":"fr-FR","@id":"https:\/\/inter-faces.eu\/#\/schema\/logo\/image\/","url":"https:\/\/inter-faces.eu\/wp-content\/uploads\/2024\/02\/logo.png","contentUrl":"https:\/\/inter-faces.eu\/wp-content\/uploads\/2024\/02\/logo.png","width":400,"height":155,"caption":"Inter-Faces"},"image":{"@id":"https:\/\/inter-faces.eu\/#\/schema\/logo\/image\/"},"sameAs":["https:\/\/www.facebook.com\/interfacestoulon","https:\/\/www.instagram.com\/inter_faces_mobilier","https:\/\/www.youtube.com\/user\/interfacesmc"]}]}},"_links":{"self":[{"href":"https:\/\/inter-faces.eu\/index.php\/wp-json\/wp\/v2\/pages\/11620"}],"collection":[{"href":"https:\/\/inter-faces.eu\/index.php\/wp-json\/wp\/v2\/pages"}],"about":[{"href":"https:\/\/inter-faces.eu\/index.php\/wp-json\/wp\/v2\/types\/page"}],"author":[{"embeddable":true,"href":"https:\/\/inter-faces.eu\/index.php\/wp-json\/wp\/v2\/users\/1"}],"replies":[{"embeddable":true,"href":"https:\/\/inter-faces.eu\/index.php\/wp-json\/wp\/v2\/comments?post=11620"}],"version-history":[{"count":10,"href":"https:\/\/inter-faces.eu\/index.php\/wp-json\/wp\/v2\/pages\/11620\/revisions"}],"predecessor-version":[{"id":14695,"href":"https:\/\/inter-faces.eu\/index.php\/wp-json\/wp\/v2\/pages\/11620\/revisions\/14695"}],"wp:attachment":[{"href":"https:\/\/inter-faces.eu\/index.php\/wp-json\/wp\/v2\/media?parent=11620"}],"curies":[{"name":"wp","href":"https:\/\/api.w.org\/{rel}","templated":true}]}}