{"id":11618,"date":"2024-02-14T16:43:46","date_gmt":"2024-02-14T15:43:46","guid":{"rendered":"https:\/\/romainleny-dev.com\/?page_id=11618"},"modified":"2024-09-20T12:16:33","modified_gmt":"2024-09-20T10:16:33","slug":"rangement","status":"publish","type":"page","link":"https:\/\/inter-faces.eu\/index.php\/rangement\/","title":{"rendered":"Rangement"},"content":{"rendered":"\t\t<div data-elementor-type=\"wp-page\" data-elementor-id=\"11618\" class=\"elementor elementor-11618\" data-elementor-post-type=\"page\">\n\t\t\t\t<div class=\"elementor-element elementor-element-649c2197 e-con-full e-flex e-con e-parent\" data-id=\"649c2197\" data-element_type=\"container\" data-core-v316-plus=\"true\">\n\t\t\t\t<div class=\"elementor-element elementor-element-3c1accde elementor-widget elementor-widget-hiroshi_core_section_title\" data-id=\"3c1accde\" data-element_type=\"widget\" data-widget_type=\"hiroshi_core_section_title.default\">\n\t\t\t\t<div class=\"elementor-widget-container\">\n\t\t\t<div class=\"qodef-shortcode qodef-m  qodef-section-title qodef-alignment--left \">\n\t\t<h1 class=\"qodef-m-title\" >\n\t\t\t\t\tRangement\t\t\t<\/h1>\n\t\t<p class=\"qodef-m-text\" >Imaginer un meuble de rangement modulable qui s\u2019adapte parfaitement \u00e0 vos dimensions, avec un large choix de mat\u00e9riaux ou de coloris. Nos conseillers sont l\u00e0 pour vous aider \u00e0 d\u00e9finir une composition personnalis\u00e9e et fonctionnelle, qu\u2019il s\u2019agisse d\u2019un placard, buffet, commode ou d\u2019un meuble d\u2019appoint avec ou sans vitrine \u2026<\/p>\n<\/div>\n\t\t<\/div>\n\t\t\t\t<\/div>\n\t\t\t\t<\/div>\n\t\t\t\t<section class=\"elementor-section elementor-top-section elementor-element elementor-element-661fdc45 elementor-section-full_width qodef-elementor-content-grid elementor-section-height-default elementor-section-height-default qodef-elementor-column-no\" data-id=\"661fdc45\" data-element_type=\"section\">\n\t\t\t\t\t\t<div class=\"elementor-container elementor-column-gap-default\">\n\t\t\t\t\t<div class=\"elementor-column elementor-col-100 elementor-top-column elementor-element elementor-element-23f4da1f\" data-id=\"23f4da1f\" data-element_type=\"column\">\n\t\t\t<div class=\"elementor-widget-wrap elementor-element-populated\">\n\t\t\t\t\t\t<div class=\"elementor-element elementor-element-4c171564 elementor-widget elementor-widget-hiroshi_core_portfolio_list\" data-id=\"4c171564\" data-element_type=\"widget\" data-widget_type=\"hiroshi_core_portfolio_list.default\">\n\t\t\t\t<div class=\"elementor-widget-container\">\n\t\t\t<div class=\"qodef-shortcode qodef-m  qodef-portfolio-list qodef-item-layout--info-below  qodef-grid qodef-layout--columns  qodef-gutter--tiny qodef-col-num--3 qodef-item-layout--info-below qodef--no-bottom-space qodef-pagination--off qodef-responsive--predefined qodef-hover-animation--move-text\" data-options=\"{&quot;plugin&quot;:&quot;hiroshi_core&quot;,&quot;module&quot;:&quot;post-types\\\/portfolio\\\/shortcodes&quot;,&quot;shortcode&quot;:&quot;portfolio-list&quot;,&quot;post_type&quot;:&quot;portfolio-item&quot;,&quot;next_page&quot;:&quot;2&quot;,&quot;max_pages_num&quot;:1,&quot;behavior&quot;:&quot;columns&quot;,&quot;images_proportion&quot;:&quot;full&quot;,&quot;columns&quot;:&quot;3&quot;,&quot;columns_responsive&quot;:&quot;predefined&quot;,&quot;space&quot;:&quot;tiny&quot;,&quot;posts_per_page&quot;:&quot;200&quot;,&quot;orderby&quot;:&quot;date&quot;,&quot;order&quot;:&quot;DESC&quot;,&quot;additional_params&quot;:&quot;tax&quot;,&quot;tax&quot;:&quot;portfolio-tag&quot;,&quot;tax_slug&quot;:&quot;Rangement&quot;,&quot;layout&quot;:&quot;info-below&quot;,&quot;hover_animation_info-below&quot;:&quot;move-text&quot;,&quot;hover_animation_info-follow&quot;:&quot;follow&quot;,&quot;hover_animation_info-on-hover&quot;:&quot;fade-in&quot;,&quot;title_tag&quot;:&quot;h4&quot;,&quot;enable_category&quot;:&quot;yes&quot;,&quot;zigzag&quot;:&quot;no&quot;,&quot;custom_margin&quot;:&quot;no&quot;,&quot;enable_appear&quot;:&quot;no&quot;,&quot;pagination_type&quot;:&quot;no-pagination&quot;,&quot;info_below_content_margin&quot;:&quot;24px 0 30px 0px&quot;,&quot;object_class_name&quot;:&quot;HiroshiCore_Portfolio_List_Shortcode&quot;,&quot;taxonomy_filter&quot;:&quot;portfolio-tag&quot;,&quot;additional_query_args&quot;:{&quot;tax_query&quot;:[{&quot;taxonomy&quot;:&quot;portfolio-tag&quot;,&quot;field&quot;:&quot;slug&quot;,&quot;terms&quot;:&quot;Rangement&quot;}]},&quot;space_value&quot;:4}\">\n\t\t<div class=\"qodef-grid-inner clear\">\n\t\t<article class=\"qodef-e qodef-grid-item qodef-item--full  post-18826 portfolio-item type-portfolio-item status-publish has-post-thumbnail hentry portfolio-category-rangement portfolio-category-usm portfolio-tag-rangement portfolio-tag-salon portfolio-tag-usm\">\n\t<div class=\"qodef-e-inner\" >\n\t\t<div class=\"qodef-e-image\">\n\t\t\t\t<div class=\"qodef-e-media-image\">\n\t\t<a itemprop=\"url\" href=\"https:\/\/inter-faces.eu\/index.php\/portfolio-item\/nouveau-le-soft-pannel-laissez-vous-inspirer-usm\/\" target=\"_self\">\n\t\t\t<img fetchpriority=\"high\" decoding=\"async\" width=\"1933\" height=\"1226\" src=\"https:\/\/inter-faces.eu\/wp-content\/uploads\/2026\/02\/Inter-Faces-Toulon-et-Puget-sur-Argens-Soft-pannels-6--e1771946862883.jpg\" class=\"attachment-full size-full wp-post-image\" alt=\"\" srcset=\"https:\/\/inter-faces.eu\/wp-content\/uploads\/2026\/02\/Inter-Faces-Toulon-et-Puget-sur-Argens-Soft-pannels-6--e1771946862883.jpg 1933w, https:\/\/inter-faces.eu\/wp-content\/uploads\/2026\/02\/Inter-Faces-Toulon-et-Puget-sur-Argens-Soft-pannels-6--e1771946862883-300x190.jpg 300w, https:\/\/inter-faces.eu\/wp-content\/uploads\/2026\/02\/Inter-Faces-Toulon-et-Puget-sur-Argens-Soft-pannels-6--e1771946862883-1024x649.jpg 1024w, https:\/\/inter-faces.eu\/wp-content\/uploads\/2026\/02\/Inter-Faces-Toulon-et-Puget-sur-Argens-Soft-pannels-6--e1771946862883-768x487.jpg 768w, https:\/\/inter-faces.eu\/wp-content\/uploads\/2026\/02\/Inter-Faces-Toulon-et-Puget-sur-Argens-Soft-pannels-6--e1771946862883-1536x974.jpg 1536w, https:\/\/inter-faces.eu\/wp-content\/uploads\/2026\/02\/Inter-Faces-Toulon-et-Puget-sur-Argens-Soft-pannels-6--e1771946862883-600x381.jpg 600w\" sizes=\"(max-width: 1933px) 100vw, 1933px\" \/>\t\t<\/a>\n\t<\/div>\n\t\t\t\t\t<\/div>\n\t\t<div class=\"qodef-e-content\" style=\"margin:24px 0 30px 0px\">\n\t\t\t<div class=\"qodef-e-text\">\n\t\t\t\t<h4 itemprop=\"name\" class=\"qodef-e-title entry-title\" >\n\t<a itemprop=\"url\" class=\"qodef-e-title-link\" href=\"https:\/\/inter-faces.eu\/index.php\/portfolio-item\/nouveau-le-soft-pannel-laissez-vous-inspirer-usm\/\" target=\"_self\">\n\t\tNouveau : le Soft Pannel &#8211; Laissez vous inspirer &#8211; USM\t<\/a>\n<\/h4>\n\t\t\t<\/div>\n\t\t\t<div class=\"qodef-e-top-holder\">\n\t\t\t\t<div class=\"qodef-e-info\">\n\t\t\t\t\t\t<a href=\"https:\/\/inter-faces.eu\/index.php\/portfolio-category\/rangement\/\" rel=\"tag\">Rangement<\/a><span class=\"qodef-info-separator-single\"><\/span><a href=\"https:\/\/inter-faces.eu\/index.php\/portfolio-category\/usm\/\" rel=\"tag\">USM<\/a>\t<div class=\"qodef-info-separator-end\"><\/div>\n\t\t\t\t<\/div>\n\t\t\t<\/div>\n\t\t<\/div>\n\t<\/div>\n<\/article>\n<article class=\"qodef-e qodef-grid-item qodef-item--full  post-18735 portfolio-item type-portfolio-item status-publish has-post-thumbnail hentry portfolio-category-bibliotheques portfolio-category-bureau-a-la-maison portfolio-category-rangement portfolio-category-salon portfolio-tag-bibliotheque-etageres portfolio-tag-bibliotheques portfolio-tag-cassina portfolio-tag-charlotte-perriand portfolio-tag-icone portfolio-tag-rangement\">\n\t<div class=\"qodef-e-inner\" >\n\t\t<div class=\"qodef-e-image\">\n\t\t\t\t<div class=\"qodef-e-media-image\">\n\t\t<a itemprop=\"url\" href=\"https:\/\/inter-faces.eu\/index.php\/portfolio-item\/bibliotheque-nuage-de-charlotte-perriand-cassina\/\" target=\"_self\">\n\t\t\t<img decoding=\"async\" width=\"2200\" height=\"1238\" src=\"https:\/\/inter-faces.eu\/wp-content\/uploads\/2025\/11\/Inter-Faces-Toulon-et-Puget-sur-Argens-Mobilier-contemporain-Design-Bibiotheque-Nuage-Charlotte-Perriand-Cassina-7.jpg\" class=\"attachment-full size-full wp-post-image\" alt=\"\" srcset=\"https:\/\/inter-faces.eu\/wp-content\/uploads\/2025\/11\/Inter-Faces-Toulon-et-Puget-sur-Argens-Mobilier-contemporain-Design-Bibiotheque-Nuage-Charlotte-Perriand-Cassina-7.jpg 2200w, https:\/\/inter-faces.eu\/wp-content\/uploads\/2025\/11\/Inter-Faces-Toulon-et-Puget-sur-Argens-Mobilier-contemporain-Design-Bibiotheque-Nuage-Charlotte-Perriand-Cassina-7-300x169.jpg 300w, https:\/\/inter-faces.eu\/wp-content\/uploads\/2025\/11\/Inter-Faces-Toulon-et-Puget-sur-Argens-Mobilier-contemporain-Design-Bibiotheque-Nuage-Charlotte-Perriand-Cassina-7-1024x576.jpg 1024w, https:\/\/inter-faces.eu\/wp-content\/uploads\/2025\/11\/Inter-Faces-Toulon-et-Puget-sur-Argens-Mobilier-contemporain-Design-Bibiotheque-Nuage-Charlotte-Perriand-Cassina-7-768x432.jpg 768w, https:\/\/inter-faces.eu\/wp-content\/uploads\/2025\/11\/Inter-Faces-Toulon-et-Puget-sur-Argens-Mobilier-contemporain-Design-Bibiotheque-Nuage-Charlotte-Perriand-Cassina-7-1536x864.jpg 1536w, https:\/\/inter-faces.eu\/wp-content\/uploads\/2025\/11\/Inter-Faces-Toulon-et-Puget-sur-Argens-Mobilier-contemporain-Design-Bibiotheque-Nuage-Charlotte-Perriand-Cassina-7-2048x1152.jpg 2048w, https:\/\/inter-faces.eu\/wp-content\/uploads\/2025\/11\/Inter-Faces-Toulon-et-Puget-sur-Argens-Mobilier-contemporain-Design-Bibiotheque-Nuage-Charlotte-Perriand-Cassina-7-600x338.jpg 600w\" sizes=\"(max-width: 2200px) 100vw, 2200px\" \/>\t\t<\/a>\n\t<\/div>\n\t\t\t\t\t<\/div>\n\t\t<div class=\"qodef-e-content\" style=\"margin:24px 0 30px 0px\">\n\t\t\t<div class=\"qodef-e-text\">\n\t\t\t\t<h4 itemprop=\"name\" class=\"qodef-e-title entry-title\" >\n\t<a itemprop=\"url\" class=\"qodef-e-title-link\" href=\"https:\/\/inter-faces.eu\/index.php\/portfolio-item\/bibliotheque-nuage-de-charlotte-perriand-cassina\/\" target=\"_self\">\n\t\tBiblioth\u00e8que Nuage, de Charlotte Perriand &#8211; Cassina\t<\/a>\n<\/h4>\n\t\t\t<\/div>\n\t\t\t<div class=\"qodef-e-top-holder\">\n\t\t\t\t<div class=\"qodef-e-info\">\n\t\t\t\t\t\t<a href=\"https:\/\/inter-faces.eu\/index.php\/portfolio-category\/bibliotheques\/\" rel=\"tag\">Biblioth\u00e8ques<\/a><span class=\"qodef-info-separator-single\"><\/span><a href=\"https:\/\/inter-faces.eu\/index.php\/portfolio-category\/bureau-a-la-maison\/\" rel=\"tag\">Bureau \u00e0 la maison<\/a><span class=\"qodef-info-separator-single\"><\/span><a href=\"https:\/\/inter-faces.eu\/index.php\/portfolio-category\/rangement\/\" rel=\"tag\">Rangement<\/a><span class=\"qodef-info-separator-single\"><\/span><a href=\"https:\/\/inter-faces.eu\/index.php\/portfolio-category\/salon\/\" rel=\"tag\">Salon<\/a>\t<div class=\"qodef-info-separator-end\"><\/div>\n\t\t\t\t<\/div>\n\t\t\t<\/div>\n\t\t<\/div>\n\t<\/div>\n<\/article>\n<article class=\"qodef-e qodef-grid-item qodef-item--full  post-12522 portfolio-item type-portfolio-item status-publish has-post-thumbnail hentry portfolio-category-rangement portfolio-category-salon portfolio-tag-buffet portfolio-tag-rangement portfolio-tag-treku\">\n\t<div class=\"qodef-e-inner\" >\n\t\t<div class=\"qodef-e-image\">\n\t\t\t\t<div class=\"qodef-e-media-image\">\n\t\t<a itemprop=\"url\" href=\"https:\/\/inter-faces.eu\/index.php\/portfolio-item\/treku-une-touche-de-retro\/\" target=\"_self\">\n\t\t\t<img decoding=\"async\" width=\"2048\" height=\"1265\" src=\"https:\/\/inter-faces.eu\/wp-content\/uploads\/2024\/02\/Inter-Faces-Toulon-et-Puget-sur-Argens-Mobilier-design-de-rangement-.-TREKU-AURA_04.jpg\" class=\"attachment-full size-full wp-post-image\" alt=\"\" srcset=\"https:\/\/inter-faces.eu\/wp-content\/uploads\/2024\/02\/Inter-Faces-Toulon-et-Puget-sur-Argens-Mobilier-design-de-rangement-.-TREKU-AURA_04.jpg 2048w, https:\/\/inter-faces.eu\/wp-content\/uploads\/2024\/02\/Inter-Faces-Toulon-et-Puget-sur-Argens-Mobilier-design-de-rangement-.-TREKU-AURA_04-300x185.jpg 300w, https:\/\/inter-faces.eu\/wp-content\/uploads\/2024\/02\/Inter-Faces-Toulon-et-Puget-sur-Argens-Mobilier-design-de-rangement-.-TREKU-AURA_04-1024x633.jpg 1024w, https:\/\/inter-faces.eu\/wp-content\/uploads\/2024\/02\/Inter-Faces-Toulon-et-Puget-sur-Argens-Mobilier-design-de-rangement-.-TREKU-AURA_04-768x474.jpg 768w, https:\/\/inter-faces.eu\/wp-content\/uploads\/2024\/02\/Inter-Faces-Toulon-et-Puget-sur-Argens-Mobilier-design-de-rangement-.-TREKU-AURA_04-1536x949.jpg 1536w, https:\/\/inter-faces.eu\/wp-content\/uploads\/2024\/02\/Inter-Faces-Toulon-et-Puget-sur-Argens-Mobilier-design-de-rangement-.-TREKU-AURA_04-600x371.jpg 600w\" sizes=\"(max-width: 2048px) 100vw, 2048px\" \/>\t\t<\/a>\n\t<\/div>\n\t\t\t\t\t<\/div>\n\t\t<div class=\"qodef-e-content\" style=\"margin:24px 0 30px 0px\">\n\t\t\t<div class=\"qodef-e-text\">\n\t\t\t\t<h4 itemprop=\"name\" class=\"qodef-e-title entry-title\" >\n\t<a itemprop=\"url\" class=\"qodef-e-title-link\" href=\"https:\/\/inter-faces.eu\/index.php\/portfolio-item\/treku-une-touche-de-retro\/\" target=\"_self\">\n\t\tAura et Lauki, une touche scandinave enti\u00e8rement modulable &#8211; Treku\t<\/a>\n<\/h4>\n\t\t\t<\/div>\n\t\t\t<div class=\"qodef-e-top-holder\">\n\t\t\t\t<div class=\"qodef-e-info\">\n\t\t\t\t\t\t<a href=\"https:\/\/inter-faces.eu\/index.php\/portfolio-category\/rangement\/\" rel=\"tag\">Rangement<\/a><span class=\"qodef-info-separator-single\"><\/span><a href=\"https:\/\/inter-faces.eu\/index.php\/portfolio-category\/salon\/\" rel=\"tag\">Salon<\/a>\t<div class=\"qodef-info-separator-end\"><\/div>\n\t\t\t\t<\/div>\n\t\t\t<\/div>\n\t\t<\/div>\n\t<\/div>\n<\/article>\n<article class=\"qodef-e qodef-grid-item qodef-item--full  post-18726 portfolio-item type-portfolio-item status-publish has-post-thumbnail hentry portfolio-category-chambre portfolio-category-complements-accessoires portfolio-category-rangement portfolio-category-salon portfolio-tag-chevet portfolio-tag-complements-accessoires portfolio-tag-icone portfolio-tag-kartell portfolio-tag-nomade portfolio-tag-rangement portfolio-tag-salon\">\n\t<div class=\"qodef-e-inner\" >\n\t\t<div class=\"qodef-e-image\">\n\t\t\t\t<div class=\"qodef-e-media-image\">\n\t\t<a itemprop=\"url\" href=\"https:\/\/inter-faces.eu\/index.php\/portfolio-item\/componibili-new-big-toujours-nouveau-kartell\/\" target=\"_self\">\n\t\t\t<img loading=\"lazy\" decoding=\"async\" width=\"1666\" height=\"2366\" src=\"https:\/\/inter-faces.eu\/wp-content\/uploads\/2025\/11\/20251021_Componibili_new_big_4-e1764173266218.webp\" class=\"attachment-full size-full wp-post-image\" alt=\"\" srcset=\"https:\/\/inter-faces.eu\/wp-content\/uploads\/2025\/11\/20251021_Componibili_new_big_4-e1764173266218.webp 1666w, https:\/\/inter-faces.eu\/wp-content\/uploads\/2025\/11\/20251021_Componibili_new_big_4-e1764173266218-211x300.webp 211w, https:\/\/inter-faces.eu\/wp-content\/uploads\/2025\/11\/20251021_Componibili_new_big_4-e1764173266218-721x1024.webp 721w, https:\/\/inter-faces.eu\/wp-content\/uploads\/2025\/11\/20251021_Componibili_new_big_4-e1764173266218-768x1091.webp 768w, https:\/\/inter-faces.eu\/wp-content\/uploads\/2025\/11\/20251021_Componibili_new_big_4-e1764173266218-1082x1536.webp 1082w, https:\/\/inter-faces.eu\/wp-content\/uploads\/2025\/11\/20251021_Componibili_new_big_4-e1764173266218-1442x2048.webp 1442w, https:\/\/inter-faces.eu\/wp-content\/uploads\/2025\/11\/20251021_Componibili_new_big_4-e1764173266218-600x852.webp 600w\" sizes=\"(max-width: 1666px) 100vw, 1666px\" \/>\t\t<\/a>\n\t<\/div>\n\t\t\t\t\t<\/div>\n\t\t<div class=\"qodef-e-content\" style=\"margin:24px 0 30px 0px\">\n\t\t\t<div class=\"qodef-e-text\">\n\t\t\t\t<h4 itemprop=\"name\" class=\"qodef-e-title entry-title\" >\n\t<a itemprop=\"url\" class=\"qodef-e-title-link\" href=\"https:\/\/inter-faces.eu\/index.php\/portfolio-item\/componibili-new-big-toujours-nouveau-kartell\/\" target=\"_self\">\n\t\tComponibili New BIG, toujours nouveau &#8211; Kartell\t<\/a>\n<\/h4>\n\t\t\t<\/div>\n\t\t\t<div class=\"qodef-e-top-holder\">\n\t\t\t\t<div class=\"qodef-e-info\">\n\t\t\t\t\t\t<a href=\"https:\/\/inter-faces.eu\/index.php\/portfolio-category\/chambre\/\" rel=\"tag\">Chambre<\/a><span class=\"qodef-info-separator-single\"><\/span><a href=\"https:\/\/inter-faces.eu\/index.php\/portfolio-category\/complements-accessoires\/\" rel=\"tag\">Compl\u00e9ments &amp; accessoires<\/a><span class=\"qodef-info-separator-single\"><\/span><a href=\"https:\/\/inter-faces.eu\/index.php\/portfolio-category\/rangement\/\" rel=\"tag\">Rangement<\/a><span class=\"qodef-info-separator-single\"><\/span><a href=\"https:\/\/inter-faces.eu\/index.php\/portfolio-category\/salon\/\" rel=\"tag\">Salon<\/a>\t<div class=\"qodef-info-separator-end\"><\/div>\n\t\t\t\t<\/div>\n\t\t\t<\/div>\n\t\t<\/div>\n\t<\/div>\n<\/article>\n<article class=\"qodef-e qodef-grid-item qodef-item--full  post-18659 portfolio-item type-portfolio-item status-publish has-post-thumbnail hentry portfolio-category-complements-accessoires portfolio-category-rangement portfolio-tag-attente portfolio-tag-complements-accessoires portfolio-tag-mogg portfolio-tag-rangement\">\n\t<div class=\"qodef-e-inner\" >\n\t\t<div class=\"qodef-e-image\">\n\t\t\t\t<div class=\"qodef-e-media-image\">\n\t\t<a itemprop=\"url\" href=\"https:\/\/inter-faces.eu\/index.php\/portfolio-item\/match-le-porte-manteau-ironique-et-decale-mogg\/\" target=\"_self\">\n\t\t\t<img loading=\"lazy\" decoding=\"async\" width=\"1280\" height=\"1280\" src=\"https:\/\/inter-faces.eu\/wp-content\/uploads\/2025\/11\/Inter-faces-Mobilier-contemporain-Toulon-Puget-sur-Argens-Var-Mogg-porte-manteau-Match-1.jpg\" class=\"attachment-full size-full wp-post-image\" alt=\"\" srcset=\"https:\/\/inter-faces.eu\/wp-content\/uploads\/2025\/11\/Inter-faces-Mobilier-contemporain-Toulon-Puget-sur-Argens-Var-Mogg-porte-manteau-Match-1.jpg 1280w, https:\/\/inter-faces.eu\/wp-content\/uploads\/2025\/11\/Inter-faces-Mobilier-contemporain-Toulon-Puget-sur-Argens-Var-Mogg-porte-manteau-Match-1-300x300.jpg 300w, https:\/\/inter-faces.eu\/wp-content\/uploads\/2025\/11\/Inter-faces-Mobilier-contemporain-Toulon-Puget-sur-Argens-Var-Mogg-porte-manteau-Match-1-1024x1024.jpg 1024w, https:\/\/inter-faces.eu\/wp-content\/uploads\/2025\/11\/Inter-faces-Mobilier-contemporain-Toulon-Puget-sur-Argens-Var-Mogg-porte-manteau-Match-1-150x150.jpg 150w, https:\/\/inter-faces.eu\/wp-content\/uploads\/2025\/11\/Inter-faces-Mobilier-contemporain-Toulon-Puget-sur-Argens-Var-Mogg-porte-manteau-Match-1-768x768.jpg 768w, https:\/\/inter-faces.eu\/wp-content\/uploads\/2025\/11\/Inter-faces-Mobilier-contemporain-Toulon-Puget-sur-Argens-Var-Mogg-porte-manteau-Match-1-650x650.jpg 650w, https:\/\/inter-faces.eu\/wp-content\/uploads\/2025\/11\/Inter-faces-Mobilier-contemporain-Toulon-Puget-sur-Argens-Var-Mogg-porte-manteau-Match-1-600x600.jpg 600w, https:\/\/inter-faces.eu\/wp-content\/uploads\/2025\/11\/Inter-faces-Mobilier-contemporain-Toulon-Puget-sur-Argens-Var-Mogg-porte-manteau-Match-1-100x100.jpg 100w\" sizes=\"(max-width: 1280px) 100vw, 1280px\" \/>\t\t<\/a>\n\t<\/div>\n\t\t\t\t\t<\/div>\n\t\t<div class=\"qodef-e-content\" style=\"margin:24px 0 30px 0px\">\n\t\t\t<div class=\"qodef-e-text\">\n\t\t\t\t<h4 itemprop=\"name\" class=\"qodef-e-title entry-title\" >\n\t<a itemprop=\"url\" class=\"qodef-e-title-link\" href=\"https:\/\/inter-faces.eu\/index.php\/portfolio-item\/match-le-porte-manteau-ironique-et-decale-mogg\/\" target=\"_self\">\n\t\tMatch, le porte-manteau ironique et d\u00e9cal\u00e9 &#8211; Mogg\t<\/a>\n<\/h4>\n\t\t\t<\/div>\n\t\t\t<div class=\"qodef-e-top-holder\">\n\t\t\t\t<div class=\"qodef-e-info\">\n\t\t\t\t\t\t<a href=\"https:\/\/inter-faces.eu\/index.php\/portfolio-category\/complements-accessoires\/\" rel=\"tag\">Compl\u00e9ments &amp; accessoires<\/a><span class=\"qodef-info-separator-single\"><\/span><a href=\"https:\/\/inter-faces.eu\/index.php\/portfolio-category\/rangement\/\" rel=\"tag\">Rangement<\/a>\t<div class=\"qodef-info-separator-end\"><\/div>\n\t\t\t\t<\/div>\n\t\t\t<\/div>\n\t\t<\/div>\n\t<\/div>\n<\/article>\n<article class=\"qodef-e qodef-grid-item qodef-item--full  post-18542 portfolio-item type-portfolio-item status-publish has-post-thumbnail hentry portfolio-category-bibliotheques portfolio-category-rangement portfolio-category-salon portfolio-tag-bibliotheque-etageres portfolio-tag-bibliotheques portfolio-tag-mogg portfolio-tag-rangement\">\n\t<div class=\"qodef-e-inner\" >\n\t\t<div class=\"qodef-e-image\">\n\t\t\t\t<div class=\"qodef-e-media-image\">\n\t\t<a itemprop=\"url\" href=\"https:\/\/inter-faces.eu\/index.php\/portfolio-item\/pivotante-et-asymetrique-etagere-adelaide-mogg\/\" target=\"_self\">\n\t\t\t<img loading=\"lazy\" decoding=\"async\" width=\"640\" height=\"567\" src=\"https:\/\/inter-faces.eu\/wp-content\/uploads\/2025\/09\/Inter-Faces-Toulon-Puget-sur-Argens-Mobilier-contemporain-haut-de-gamme-Mogg-etagere-bibliotheque-Adelaide-3-e1756906358736.jpg\" class=\"attachment-full size-full wp-post-image\" alt=\"\" srcset=\"https:\/\/inter-faces.eu\/wp-content\/uploads\/2025\/09\/Inter-Faces-Toulon-Puget-sur-Argens-Mobilier-contemporain-haut-de-gamme-Mogg-etagere-bibliotheque-Adelaide-3-e1756906358736.jpg 640w, https:\/\/inter-faces.eu\/wp-content\/uploads\/2025\/09\/Inter-Faces-Toulon-Puget-sur-Argens-Mobilier-contemporain-haut-de-gamme-Mogg-etagere-bibliotheque-Adelaide-3-e1756906358736-300x266.jpg 300w, https:\/\/inter-faces.eu\/wp-content\/uploads\/2025\/09\/Inter-Faces-Toulon-Puget-sur-Argens-Mobilier-contemporain-haut-de-gamme-Mogg-etagere-bibliotheque-Adelaide-3-e1756906358736-600x532.jpg 600w\" sizes=\"(max-width: 640px) 100vw, 640px\" \/>\t\t<\/a>\n\t<\/div>\n\t\t\t\t\t<\/div>\n\t\t<div class=\"qodef-e-content\" style=\"margin:24px 0 30px 0px\">\n\t\t\t<div class=\"qodef-e-text\">\n\t\t\t\t<h4 itemprop=\"name\" class=\"qodef-e-title entry-title\" >\n\t<a itemprop=\"url\" class=\"qodef-e-title-link\" href=\"https:\/\/inter-faces.eu\/index.php\/portfolio-item\/pivotante-et-asymetrique-etagere-adelaide-mogg\/\" target=\"_self\">\n\t\tPivotante et asym\u00e9trique, Etag\u00e8re Ad\u00e9laide &#8211; Mogg\t<\/a>\n<\/h4>\n\t\t\t<\/div>\n\t\t\t<div class=\"qodef-e-top-holder\">\n\t\t\t\t<div class=\"qodef-e-info\">\n\t\t\t\t\t\t<a href=\"https:\/\/inter-faces.eu\/index.php\/portfolio-category\/bibliotheques\/\" rel=\"tag\">Biblioth\u00e8ques<\/a><span class=\"qodef-info-separator-single\"><\/span><a href=\"https:\/\/inter-faces.eu\/index.php\/portfolio-category\/rangement\/\" rel=\"tag\">Rangement<\/a><span class=\"qodef-info-separator-single\"><\/span><a href=\"https:\/\/inter-faces.eu\/index.php\/portfolio-category\/salon\/\" rel=\"tag\">Salon<\/a>\t<div class=\"qodef-info-separator-end\"><\/div>\n\t\t\t\t<\/div>\n\t\t\t<\/div>\n\t\t<\/div>\n\t<\/div>\n<\/article>\n<article class=\"qodef-e qodef-grid-item qodef-item--full  post-17990 portfolio-item type-portfolio-item status-publish has-post-thumbnail hentry portfolio-category-chambre portfolio-category-rangement portfolio-category-salon portfolio-tag-buffet portfolio-tag-punt-mobles portfolio-tag-rangement\">\n\t<div class=\"qodef-e-inner\" >\n\t\t<div class=\"qodef-e-image\">\n\t\t\t\t<div class=\"qodef-e-media-image\">\n\t\t<a itemprop=\"url\" href=\"https:\/\/inter-faces.eu\/index.php\/portfolio-item\/le-buffet-malmo-technic-punt\/\" target=\"_self\">\n\t\t\t<img loading=\"lazy\" decoding=\"async\" width=\"1572\" height=\"963\" src=\"https:\/\/inter-faces.eu\/wp-content\/uploads\/2025\/03\/PUNT-buffet-Malmo-Technic-4-e1742401894749.jpg\" class=\"attachment-full size-full wp-post-image\" alt=\"\" srcset=\"https:\/\/inter-faces.eu\/wp-content\/uploads\/2025\/03\/PUNT-buffet-Malmo-Technic-4-e1742401894749.jpg 1572w, https:\/\/inter-faces.eu\/wp-content\/uploads\/2025\/03\/PUNT-buffet-Malmo-Technic-4-e1742401894749-300x184.jpg 300w, https:\/\/inter-faces.eu\/wp-content\/uploads\/2025\/03\/PUNT-buffet-Malmo-Technic-4-e1742401894749-1024x627.jpg 1024w, https:\/\/inter-faces.eu\/wp-content\/uploads\/2025\/03\/PUNT-buffet-Malmo-Technic-4-e1742401894749-768x470.jpg 768w, https:\/\/inter-faces.eu\/wp-content\/uploads\/2025\/03\/PUNT-buffet-Malmo-Technic-4-e1742401894749-1536x941.jpg 1536w, https:\/\/inter-faces.eu\/wp-content\/uploads\/2025\/03\/PUNT-buffet-Malmo-Technic-4-e1742401894749-600x368.jpg 600w\" sizes=\"(max-width: 1572px) 100vw, 1572px\" \/>\t\t<\/a>\n\t<\/div>\n\t\t\t\t\t<\/div>\n\t\t<div class=\"qodef-e-content\" style=\"margin:24px 0 30px 0px\">\n\t\t\t<div class=\"qodef-e-text\">\n\t\t\t\t<h4 itemprop=\"name\" class=\"qodef-e-title entry-title\" >\n\t<a itemprop=\"url\" class=\"qodef-e-title-link\" href=\"https:\/\/inter-faces.eu\/index.php\/portfolio-item\/le-buffet-malmo-technic-punt\/\" target=\"_self\">\n\t\tLe buffet Malm\u00f6 Technic &#8211; Punt\t<\/a>\n<\/h4>\n\t\t\t<\/div>\n\t\t\t<div class=\"qodef-e-top-holder\">\n\t\t\t\t<div class=\"qodef-e-info\">\n\t\t\t\t\t\t<a href=\"https:\/\/inter-faces.eu\/index.php\/portfolio-category\/chambre\/\" rel=\"tag\">Chambre<\/a><span class=\"qodef-info-separator-single\"><\/span><a href=\"https:\/\/inter-faces.eu\/index.php\/portfolio-category\/rangement\/\" rel=\"tag\">Rangement<\/a><span class=\"qodef-info-separator-single\"><\/span><a href=\"https:\/\/inter-faces.eu\/index.php\/portfolio-category\/salon\/\" rel=\"tag\">Salon<\/a>\t<div class=\"qodef-info-separator-end\"><\/div>\n\t\t\t\t<\/div>\n\t\t\t<\/div>\n\t\t<\/div>\n\t<\/div>\n<\/article>\n<article class=\"qodef-e qodef-grid-item qodef-item--full  post-17969 portfolio-item type-portfolio-item status-publish has-post-thumbnail hentry portfolio-category-chambre portfolio-category-rangement portfolio-category-salon portfolio-tag-buffet portfolio-tag-chevet portfolio-tag-rangement portfolio-tag-treku\">\n\t<div class=\"qodef-e-inner\" >\n\t\t<div class=\"qodef-e-image\">\n\t\t\t\t<div class=\"qodef-e-media-image\">\n\t\t<a itemprop=\"url\" href=\"https:\/\/inter-faces.eu\/index.php\/portfolio-item\/lauki-ober-bera-chevets-commodes-chiffonniers-treku\/\" target=\"_self\">\n\t\t\t<img loading=\"lazy\" decoding=\"async\" width=\"1020\" height=\"1200\" src=\"https:\/\/inter-faces.eu\/wp-content\/uploads\/2025\/03\/Treku-commode-chiffonier-8.jpg\" class=\"attachment-full size-full wp-post-image\" alt=\"\" srcset=\"https:\/\/inter-faces.eu\/wp-content\/uploads\/2025\/03\/Treku-commode-chiffonier-8.jpg 1020w, https:\/\/inter-faces.eu\/wp-content\/uploads\/2025\/03\/Treku-commode-chiffonier-8-255x300.jpg 255w, https:\/\/inter-faces.eu\/wp-content\/uploads\/2025\/03\/Treku-commode-chiffonier-8-870x1024.jpg 870w, https:\/\/inter-faces.eu\/wp-content\/uploads\/2025\/03\/Treku-commode-chiffonier-8-768x904.jpg 768w, https:\/\/inter-faces.eu\/wp-content\/uploads\/2025\/03\/Treku-commode-chiffonier-8-600x706.jpg 600w\" sizes=\"(max-width: 1020px) 100vw, 1020px\" \/>\t\t<\/a>\n\t<\/div>\n\t\t\t\t\t<\/div>\n\t\t<div class=\"qodef-e-content\" style=\"margin:24px 0 30px 0px\">\n\t\t\t<div class=\"qodef-e-text\">\n\t\t\t\t<h4 itemprop=\"name\" class=\"qodef-e-title entry-title\" >\n\t<a itemprop=\"url\" class=\"qodef-e-title-link\" href=\"https:\/\/inter-faces.eu\/index.php\/portfolio-item\/lauki-ober-bera-chevets-commodes-chiffonniers-treku\/\" target=\"_self\">\n\t\tLauki, Ober, Bera, chevets, commodes &#038; chiffonniers &#8211; Treku\t<\/a>\n<\/h4>\n\t\t\t<\/div>\n\t\t\t<div class=\"qodef-e-top-holder\">\n\t\t\t\t<div class=\"qodef-e-info\">\n\t\t\t\t\t\t<a href=\"https:\/\/inter-faces.eu\/index.php\/portfolio-category\/chambre\/\" rel=\"tag\">Chambre<\/a><span class=\"qodef-info-separator-single\"><\/span><a href=\"https:\/\/inter-faces.eu\/index.php\/portfolio-category\/rangement\/\" rel=\"tag\">Rangement<\/a><span class=\"qodef-info-separator-single\"><\/span><a href=\"https:\/\/inter-faces.eu\/index.php\/portfolio-category\/salon\/\" rel=\"tag\">Salon<\/a>\t<div class=\"qodef-info-separator-end\"><\/div>\n\t\t\t\t<\/div>\n\t\t\t<\/div>\n\t\t<\/div>\n\t<\/div>\n<\/article>\n<article class=\"qodef-e qodef-grid-item qodef-item--full  post-17951 portfolio-item type-portfolio-item status-publish has-post-thumbnail hentry portfolio-category-bibliotheques portfolio-category-rangement portfolio-category-salon portfolio-tag-buffet portfolio-tag-rangement portfolio-tag-treku\">\n\t<div class=\"qodef-e-inner\" >\n\t\t<div class=\"qodef-e-image\">\n\t\t\t\t<div class=\"qodef-e-media-image\">\n\t\t<a itemprop=\"url\" href=\"https:\/\/inter-faces.eu\/index.php\/portfolio-item\/collection-bost-melange-subtil-de-bois-et-metal-treku\/\" target=\"_self\">\n\t\t\t<img loading=\"lazy\" decoding=\"async\" width=\"1200\" height=\"900\" src=\"https:\/\/inter-faces.eu\/wp-content\/uploads\/2025\/03\/TREKU-collection-Bost-7.jpg\" class=\"attachment-full size-full wp-post-image\" alt=\"\" srcset=\"https:\/\/inter-faces.eu\/wp-content\/uploads\/2025\/03\/TREKU-collection-Bost-7.jpg 1200w, https:\/\/inter-faces.eu\/wp-content\/uploads\/2025\/03\/TREKU-collection-Bost-7-300x225.jpg 300w, https:\/\/inter-faces.eu\/wp-content\/uploads\/2025\/03\/TREKU-collection-Bost-7-1024x768.jpg 1024w, https:\/\/inter-faces.eu\/wp-content\/uploads\/2025\/03\/TREKU-collection-Bost-7-768x576.jpg 768w, https:\/\/inter-faces.eu\/wp-content\/uploads\/2025\/03\/TREKU-collection-Bost-7-600x450.jpg 600w\" sizes=\"(max-width: 1200px) 100vw, 1200px\" \/>\t\t<\/a>\n\t<\/div>\n\t\t\t\t\t<\/div>\n\t\t<div class=\"qodef-e-content\" style=\"margin:24px 0 30px 0px\">\n\t\t\t<div class=\"qodef-e-text\">\n\t\t\t\t<h4 itemprop=\"name\" class=\"qodef-e-title entry-title\" >\n\t<a itemprop=\"url\" class=\"qodef-e-title-link\" href=\"https:\/\/inter-faces.eu\/index.php\/portfolio-item\/collection-bost-melange-subtil-de-bois-et-metal-treku\/\" target=\"_self\">\n\t\tCollection Bost, m\u00e9lange subtil de bois et m\u00e9tal &#8211; Treku\t<\/a>\n<\/h4>\n\t\t\t<\/div>\n\t\t\t<div class=\"qodef-e-top-holder\">\n\t\t\t\t<div class=\"qodef-e-info\">\n\t\t\t\t\t\t<a href=\"https:\/\/inter-faces.eu\/index.php\/portfolio-category\/bibliotheques\/\" rel=\"tag\">Biblioth\u00e8ques<\/a><span class=\"qodef-info-separator-single\"><\/span><a href=\"https:\/\/inter-faces.eu\/index.php\/portfolio-category\/rangement\/\" rel=\"tag\">Rangement<\/a><span class=\"qodef-info-separator-single\"><\/span><a href=\"https:\/\/inter-faces.eu\/index.php\/portfolio-category\/salon\/\" rel=\"tag\">Salon<\/a>\t<div class=\"qodef-info-separator-end\"><\/div>\n\t\t\t\t<\/div>\n\t\t\t<\/div>\n\t\t<\/div>\n\t<\/div>\n<\/article>\n<article class=\"qodef-e qodef-grid-item qodef-item--full  post-17942 portfolio-item type-portfolio-item status-publish has-post-thumbnail hentry portfolio-category-bibliotheques portfolio-category-rangement portfolio-category-salon portfolio-tag-bibliotheque-etageres portfolio-tag-bibliotheques portfolio-tag-buffet portfolio-tag-rangement portfolio-tag-treku\">\n\t<div class=\"qodef-e-inner\" >\n\t\t<div class=\"qodef-e-image\">\n\t\t\t\t<div class=\"qodef-e-media-image\">\n\t\t<a itemprop=\"url\" href=\"https:\/\/inter-faces.eu\/index.php\/portfolio-item\/collection-kai-du-meuble-tv-a-la-bibliotheque-treku\/\" target=\"_self\">\n\t\t\t<img loading=\"lazy\" decoding=\"async\" width=\"1200\" height=\"900\" src=\"https:\/\/inter-faces.eu\/wp-content\/uploads\/2025\/03\/TREKU-Bibliotheque-buffet-kai-5.jpg\" class=\"attachment-full size-full wp-post-image\" alt=\"\" srcset=\"https:\/\/inter-faces.eu\/wp-content\/uploads\/2025\/03\/TREKU-Bibliotheque-buffet-kai-5.jpg 1200w, https:\/\/inter-faces.eu\/wp-content\/uploads\/2025\/03\/TREKU-Bibliotheque-buffet-kai-5-300x225.jpg 300w, https:\/\/inter-faces.eu\/wp-content\/uploads\/2025\/03\/TREKU-Bibliotheque-buffet-kai-5-1024x768.jpg 1024w, https:\/\/inter-faces.eu\/wp-content\/uploads\/2025\/03\/TREKU-Bibliotheque-buffet-kai-5-768x576.jpg 768w, https:\/\/inter-faces.eu\/wp-content\/uploads\/2025\/03\/TREKU-Bibliotheque-buffet-kai-5-600x450.jpg 600w\" sizes=\"(max-width: 1200px) 100vw, 1200px\" \/>\t\t<\/a>\n\t<\/div>\n\t\t\t\t\t<\/div>\n\t\t<div class=\"qodef-e-content\" style=\"margin:24px 0 30px 0px\">\n\t\t\t<div class=\"qodef-e-text\">\n\t\t\t\t<h4 itemprop=\"name\" class=\"qodef-e-title entry-title\" >\n\t<a itemprop=\"url\" class=\"qodef-e-title-link\" href=\"https:\/\/inter-faces.eu\/index.php\/portfolio-item\/collection-kai-du-meuble-tv-a-la-bibliotheque-treku\/\" target=\"_self\">\n\t\tCollection Kai, du meuble TV \u00e0 la biblioth\u00e8que &#8211; Treku\t<\/a>\n<\/h4>\n\t\t\t<\/div>\n\t\t\t<div class=\"qodef-e-top-holder\">\n\t\t\t\t<div class=\"qodef-e-info\">\n\t\t\t\t\t\t<a href=\"https:\/\/inter-faces.eu\/index.php\/portfolio-category\/bibliotheques\/\" rel=\"tag\">Biblioth\u00e8ques<\/a><span class=\"qodef-info-separator-single\"><\/span><a href=\"https:\/\/inter-faces.eu\/index.php\/portfolio-category\/rangement\/\" rel=\"tag\">Rangement<\/a><span class=\"qodef-info-separator-single\"><\/span><a href=\"https:\/\/inter-faces.eu\/index.php\/portfolio-category\/salon\/\" rel=\"tag\">Salon<\/a>\t<div class=\"qodef-info-separator-end\"><\/div>\n\t\t\t\t<\/div>\n\t\t\t<\/div>\n\t\t<\/div>\n\t<\/div>\n<\/article>\n<article class=\"qodef-e qodef-grid-item qodef-item--full  post-17383 portfolio-item type-portfolio-item status-publish has-post-thumbnail hentry portfolio-category-chambre portfolio-category-complements-accessoires portfolio-category-rangement portfolio-category-salon portfolio-tag-complements-accessoires portfolio-tag-icone portfolio-tag-kartell portfolio-tag-rangement portfolio-tag-salon\">\n\t<div class=\"qodef-e-inner\" >\n\t\t<div class=\"qodef-e-image\">\n\t\t\t\t<div class=\"qodef-e-media-image\">\n\t\t<a itemprop=\"url\" href=\"https:\/\/inter-faces.eu\/index.php\/portfolio-item\/5-nouvelles-couleurs-pour-le-componibili-kartell\/\" target=\"_self\">\n\t\t\t<img loading=\"lazy\" decoding=\"async\" width=\"3840\" height=\"2160\" src=\"https:\/\/inter-faces.eu\/wp-content\/uploads\/2024\/11\/Kartell-Componibili-New-Colors-4.png\" class=\"attachment-full size-full wp-post-image\" alt=\"\" srcset=\"https:\/\/inter-faces.eu\/wp-content\/uploads\/2024\/11\/Kartell-Componibili-New-Colors-4.png 3840w, https:\/\/inter-faces.eu\/wp-content\/uploads\/2024\/11\/Kartell-Componibili-New-Colors-4-300x169.png 300w, https:\/\/inter-faces.eu\/wp-content\/uploads\/2024\/11\/Kartell-Componibili-New-Colors-4-1024x576.png 1024w, https:\/\/inter-faces.eu\/wp-content\/uploads\/2024\/11\/Kartell-Componibili-New-Colors-4-768x432.png 768w, https:\/\/inter-faces.eu\/wp-content\/uploads\/2024\/11\/Kartell-Componibili-New-Colors-4-1536x864.png 1536w, https:\/\/inter-faces.eu\/wp-content\/uploads\/2024\/11\/Kartell-Componibili-New-Colors-4-2048x1152.png 2048w, https:\/\/inter-faces.eu\/wp-content\/uploads\/2024\/11\/Kartell-Componibili-New-Colors-4-600x338.png 600w\" sizes=\"(max-width: 3840px) 100vw, 3840px\" \/>\t\t<\/a>\n\t<\/div>\n\t\t\t\t\t<\/div>\n\t\t<div class=\"qodef-e-content\" style=\"margin:24px 0 30px 0px\">\n\t\t\t<div class=\"qodef-e-text\">\n\t\t\t\t<h4 itemprop=\"name\" class=\"qodef-e-title entry-title\" >\n\t<a itemprop=\"url\" class=\"qodef-e-title-link\" href=\"https:\/\/inter-faces.eu\/index.php\/portfolio-item\/5-nouvelles-couleurs-pour-le-componibili-kartell\/\" target=\"_self\">\n\t\t5 Nouvelles couleurs pour le Componibili &#8211; Kartell\t<\/a>\n<\/h4>\n\t\t\t<\/div>\n\t\t\t<div class=\"qodef-e-top-holder\">\n\t\t\t\t<div class=\"qodef-e-info\">\n\t\t\t\t\t\t<a href=\"https:\/\/inter-faces.eu\/index.php\/portfolio-category\/chambre\/\" rel=\"tag\">Chambre<\/a><span class=\"qodef-info-separator-single\"><\/span><a href=\"https:\/\/inter-faces.eu\/index.php\/portfolio-category\/complements-accessoires\/\" rel=\"tag\">Compl\u00e9ments &amp; accessoires<\/a><span class=\"qodef-info-separator-single\"><\/span><a href=\"https:\/\/inter-faces.eu\/index.php\/portfolio-category\/rangement\/\" rel=\"tag\">Rangement<\/a><span class=\"qodef-info-separator-single\"><\/span><a href=\"https:\/\/inter-faces.eu\/index.php\/portfolio-category\/salon\/\" rel=\"tag\">Salon<\/a>\t<div class=\"qodef-info-separator-end\"><\/div>\n\t\t\t\t<\/div>\n\t\t\t<\/div>\n\t\t<\/div>\n\t<\/div>\n<\/article>\n<article class=\"qodef-e qodef-grid-item qodef-item--full  post-17313 portfolio-item type-portfolio-item status-publish has-post-thumbnail hentry portfolio-category-bureau-a-la-maison portfolio-category-rangement portfolio-category-usm portfolio-tag-bureau-a-la-maison portfolio-tag-rangement portfolio-tag-salon portfolio-tag-usm\">\n\t<div class=\"qodef-e-inner\" >\n\t\t<div class=\"qodef-e-image\">\n\t\t\t\t<div class=\"qodef-e-media-image\">\n\t\t<a itemprop=\"url\" href=\"https:\/\/inter-faces.eu\/index.php\/portfolio-item\/la-lumiere-desormais-integree-dans-les-meubles-usm\/\" target=\"_self\">\n\t\t\t<img loading=\"lazy\" decoding=\"async\" width=\"1919\" height=\"2560\" src=\"https:\/\/inter-faces.eu\/wp-content\/uploads\/2024\/10\/Bureau-USM--scaled.jpg\" class=\"attachment-full size-full wp-post-image\" alt=\"\" srcset=\"https:\/\/inter-faces.eu\/wp-content\/uploads\/2024\/10\/Bureau-USM--scaled.jpg 1919w, https:\/\/inter-faces.eu\/wp-content\/uploads\/2024\/10\/Bureau-USM--225x300.jpg 225w, https:\/\/inter-faces.eu\/wp-content\/uploads\/2024\/10\/Bureau-USM--768x1025.jpg 768w, https:\/\/inter-faces.eu\/wp-content\/uploads\/2024\/10\/Bureau-USM--1151x1536.jpg 1151w, https:\/\/inter-faces.eu\/wp-content\/uploads\/2024\/10\/Bureau-USM--1535x2048.jpg 1535w, https:\/\/inter-faces.eu\/wp-content\/uploads\/2024\/10\/Bureau-USM--600x801.jpg 600w\" sizes=\"(max-width: 1919px) 100vw, 1919px\" \/>\t\t<\/a>\n\t<\/div>\n\t\t\t\t\t<\/div>\n\t\t<div class=\"qodef-e-content\" style=\"margin:24px 0 30px 0px\">\n\t\t\t<div class=\"qodef-e-text\">\n\t\t\t\t<h4 itemprop=\"name\" class=\"qodef-e-title entry-title\" >\n\t<a itemprop=\"url\" class=\"qodef-e-title-link\" href=\"https:\/\/inter-faces.eu\/index.php\/portfolio-item\/la-lumiere-desormais-integree-dans-les-meubles-usm\/\" target=\"_self\">\n\t\tLa lumi\u00e8re d\u00e9sormais int\u00e9gr\u00e9e dans les meubles USM\t<\/a>\n<\/h4>\n\t\t\t<\/div>\n\t\t\t<div class=\"qodef-e-top-holder\">\n\t\t\t\t<div class=\"qodef-e-info\">\n\t\t\t\t\t\t<a href=\"https:\/\/inter-faces.eu\/index.php\/portfolio-category\/bureau-a-la-maison\/\" rel=\"tag\">Bureau \u00e0 la maison<\/a><span class=\"qodef-info-separator-single\"><\/span><a href=\"https:\/\/inter-faces.eu\/index.php\/portfolio-category\/rangement\/\" rel=\"tag\">Rangement<\/a><span class=\"qodef-info-separator-single\"><\/span><a href=\"https:\/\/inter-faces.eu\/index.php\/portfolio-category\/usm\/\" rel=\"tag\">USM<\/a>\t<div class=\"qodef-info-separator-end\"><\/div>\n\t\t\t\t<\/div>\n\t\t\t<\/div>\n\t\t<\/div>\n\t<\/div>\n<\/article>\n<article class=\"qodef-e qodef-grid-item qodef-item--full  post-17966 portfolio-item type-portfolio-item status-publish has-post-thumbnail hentry portfolio-category-bibliotheques portfolio-category-rangement portfolio-category-salon portfolio-tag-bibliotheques portfolio-tag-buffet portfolio-tag-rangement portfolio-tag-treku\">\n\t<div class=\"qodef-e-inner\" >\n\t\t<div class=\"qodef-e-image\">\n\t\t\t\t<div class=\"qodef-e-media-image\">\n\t\t<a itemprop=\"url\" href=\"https:\/\/inter-faces.eu\/index.php\/portfolio-item\/collection-bost-melange-subtil-de-bois-et-metal-treku-2\/\" target=\"_self\">\n\t\t\t<img loading=\"lazy\" decoding=\"async\" width=\"1200\" height=\"1013\" src=\"https:\/\/inter-faces.eu\/wp-content\/uploads\/2025\/03\/TREKU-collection-Bost-.jpg\" class=\"attachment-full size-full wp-post-image\" alt=\"\" srcset=\"https:\/\/inter-faces.eu\/wp-content\/uploads\/2025\/03\/TREKU-collection-Bost-.jpg 1200w, https:\/\/inter-faces.eu\/wp-content\/uploads\/2025\/03\/TREKU-collection-Bost--300x253.jpg 300w, https:\/\/inter-faces.eu\/wp-content\/uploads\/2025\/03\/TREKU-collection-Bost--1024x864.jpg 1024w, https:\/\/inter-faces.eu\/wp-content\/uploads\/2025\/03\/TREKU-collection-Bost--768x648.jpg 768w, https:\/\/inter-faces.eu\/wp-content\/uploads\/2025\/03\/TREKU-collection-Bost--600x507.jpg 600w\" sizes=\"(max-width: 1200px) 100vw, 1200px\" \/>\t\t<\/a>\n\t<\/div>\n\t\t\t\t\t<\/div>\n\t\t<div class=\"qodef-e-content\" style=\"margin:24px 0 30px 0px\">\n\t\t\t<div class=\"qodef-e-text\">\n\t\t\t\t<h4 itemprop=\"name\" class=\"qodef-e-title entry-title\" >\n\t<a itemprop=\"url\" class=\"qodef-e-title-link\" href=\"https:\/\/inter-faces.eu\/index.php\/portfolio-item\/collection-bost-melange-subtil-de-bois-et-metal-treku-2\/\" target=\"_self\">\n\t\tCollection Bost, m\u00e9lange subtil de bois et m\u00e9tal &#8211; Treku\t<\/a>\n<\/h4>\n\t\t\t<\/div>\n\t\t\t<div class=\"qodef-e-top-holder\">\n\t\t\t\t<div class=\"qodef-e-info\">\n\t\t\t\t\t\t<a href=\"https:\/\/inter-faces.eu\/index.php\/portfolio-category\/bibliotheques\/\" rel=\"tag\">Biblioth\u00e8ques<\/a><span class=\"qodef-info-separator-single\"><\/span><a href=\"https:\/\/inter-faces.eu\/index.php\/portfolio-category\/rangement\/\" rel=\"tag\">Rangement<\/a><span class=\"qodef-info-separator-single\"><\/span><a href=\"https:\/\/inter-faces.eu\/index.php\/portfolio-category\/salon\/\" rel=\"tag\">Salon<\/a>\t<div class=\"qodef-info-separator-end\"><\/div>\n\t\t\t\t<\/div>\n\t\t\t<\/div>\n\t\t<\/div>\n\t<\/div>\n<\/article>\n<article class=\"qodef-e qodef-grid-item qodef-item--full  post-17738 portfolio-item type-portfolio-item status-publish has-post-thumbnail hentry portfolio-category-complements-accessoires portfolio-category-outdoor portfolio-category-rangement portfolio-category-salon portfolio-tag-complements-accessoires portfolio-tag-fatboy portfolio-tag-nomade portfolio-tag-outdoor portfolio-tag-rangement\">\n\t<div class=\"qodef-e-inner\" >\n\t\t<div class=\"qodef-e-image\">\n\t\t\t\t<div class=\"qodef-e-media-image\">\n\t\t<a itemprop=\"url\" href=\"https:\/\/inter-faces.eu\/index.php\/portfolio-item\/ladoreganizer-multifonction-ultra-pratique-fatboy\/\" target=\"_self\">\n\t\t\t<img loading=\"lazy\" decoding=\"async\" width=\"1494\" height=\"1280\" src=\"https:\/\/inter-faces.eu\/wp-content\/uploads\/2025\/02\/fatboy-adoreganizer-wolf-grey-1920x1280-masterpiece-03-107118-e1740564581462.jpg\" class=\"attachment-full size-full wp-post-image\" alt=\"\" srcset=\"https:\/\/inter-faces.eu\/wp-content\/uploads\/2025\/02\/fatboy-adoreganizer-wolf-grey-1920x1280-masterpiece-03-107118-e1740564581462.jpg 1494w, https:\/\/inter-faces.eu\/wp-content\/uploads\/2025\/02\/fatboy-adoreganizer-wolf-grey-1920x1280-masterpiece-03-107118-e1740564581462-300x257.jpg 300w, https:\/\/inter-faces.eu\/wp-content\/uploads\/2025\/02\/fatboy-adoreganizer-wolf-grey-1920x1280-masterpiece-03-107118-e1740564581462-1024x877.jpg 1024w, https:\/\/inter-faces.eu\/wp-content\/uploads\/2025\/02\/fatboy-adoreganizer-wolf-grey-1920x1280-masterpiece-03-107118-e1740564581462-768x658.jpg 768w, https:\/\/inter-faces.eu\/wp-content\/uploads\/2025\/02\/fatboy-adoreganizer-wolf-grey-1920x1280-masterpiece-03-107118-e1740564581462-600x514.jpg 600w\" sizes=\"(max-width: 1494px) 100vw, 1494px\" \/>\t\t<\/a>\n\t<\/div>\n\t\t\t\t\t<\/div>\n\t\t<div class=\"qodef-e-content\" style=\"margin:24px 0 30px 0px\">\n\t\t\t<div class=\"qodef-e-text\">\n\t\t\t\t<h4 itemprop=\"name\" class=\"qodef-e-title entry-title\" >\n\t<a itemprop=\"url\" class=\"qodef-e-title-link\" href=\"https:\/\/inter-faces.eu\/index.php\/portfolio-item\/ladoreganizer-multifonction-ultra-pratique-fatboy\/\" target=\"_self\">\n\t\tL\u2019Adoreganizer multifonction &#038; ultra-pratique &#8211; Fatboy\t<\/a>\n<\/h4>\n\t\t\t<\/div>\n\t\t\t<div class=\"qodef-e-top-holder\">\n\t\t\t\t<div class=\"qodef-e-info\">\n\t\t\t\t\t\t<a href=\"https:\/\/inter-faces.eu\/index.php\/portfolio-category\/complements-accessoires\/\" rel=\"tag\">Compl\u00e9ments &amp; accessoires<\/a><span class=\"qodef-info-separator-single\"><\/span><a href=\"https:\/\/inter-faces.eu\/index.php\/portfolio-category\/outdoor\/\" rel=\"tag\">Outdoor<\/a><span class=\"qodef-info-separator-single\"><\/span><a href=\"https:\/\/inter-faces.eu\/index.php\/portfolio-category\/rangement\/\" rel=\"tag\">Rangement<\/a><span class=\"qodef-info-separator-single\"><\/span><a href=\"https:\/\/inter-faces.eu\/index.php\/portfolio-category\/salon\/\" rel=\"tag\">Salon<\/a>\t<div class=\"qodef-info-separator-end\"><\/div>\n\t\t\t\t<\/div>\n\t\t\t<\/div>\n\t\t<\/div>\n\t<\/div>\n<\/article>\n<article class=\"qodef-e qodef-grid-item qodef-item--full  post-12505 portfolio-item type-portfolio-item status-publish has-post-thumbnail hentry portfolio-category-complements-accessoires portfolio-category-outdoor portfolio-category-rangement portfolio-tag-bordbar portfolio-tag-rangement\">\n\t<div class=\"qodef-e-inner\" >\n\t\t<div class=\"qodef-e-image\">\n\t\t\t\t<div class=\"qodef-e-media-image\">\n\t\t<a itemprop=\"url\" href=\"https:\/\/inter-faces.eu\/index.php\/portfolio-item\/bordbar-se-deplace-a-lexterieur\/\" target=\"_self\">\n\t\t\t<img loading=\"lazy\" decoding=\"async\" width=\"900\" height=\"652\" src=\"https:\/\/inter-faces.eu\/wp-content\/uploads\/2024\/02\/1-1-119.jpg\" class=\"attachment-full size-full wp-post-image\" alt=\"\" srcset=\"https:\/\/inter-faces.eu\/wp-content\/uploads\/2024\/02\/1-1-119.jpg 900w, https:\/\/inter-faces.eu\/wp-content\/uploads\/2024\/02\/1-1-119-300x217.jpg 300w, https:\/\/inter-faces.eu\/wp-content\/uploads\/2024\/02\/1-1-119-768x556.jpg 768w, https:\/\/inter-faces.eu\/wp-content\/uploads\/2024\/02\/1-1-119-600x435.jpg 600w\" sizes=\"(max-width: 900px) 100vw, 900px\" \/>\t\t<\/a>\n\t<\/div>\n\t\t\t\t\t<\/div>\n\t\t<div class=\"qodef-e-content\" style=\"margin:24px 0 30px 0px\">\n\t\t\t<div class=\"qodef-e-text\">\n\t\t\t\t<h4 itemprop=\"name\" class=\"qodef-e-title entry-title\" >\n\t<a itemprop=\"url\" class=\"qodef-e-title-link\" href=\"https:\/\/inter-faces.eu\/index.php\/portfolio-item\/bordbar-se-deplace-a-lexterieur\/\" target=\"_self\">\n\t\tBordbar, une seconde vie pour les chariots d&rsquo;avion !\t<\/a>\n<\/h4>\n\t\t\t<\/div>\n\t\t\t<div class=\"qodef-e-top-holder\">\n\t\t\t\t<div class=\"qodef-e-info\">\n\t\t\t\t\t\t<a href=\"https:\/\/inter-faces.eu\/index.php\/portfolio-category\/complements-accessoires\/\" rel=\"tag\">Compl\u00e9ments &amp; accessoires<\/a><span class=\"qodef-info-separator-single\"><\/span><a href=\"https:\/\/inter-faces.eu\/index.php\/portfolio-category\/outdoor\/\" rel=\"tag\">Outdoor<\/a><span class=\"qodef-info-separator-single\"><\/span><a href=\"https:\/\/inter-faces.eu\/index.php\/portfolio-category\/rangement\/\" rel=\"tag\">Rangement<\/a>\t<div class=\"qodef-info-separator-end\"><\/div>\n\t\t\t\t<\/div>\n\t\t\t<\/div>\n\t\t<\/div>\n\t<\/div>\n<\/article>\n<article class=\"qodef-e qodef-grid-item qodef-item--full  post-12507 portfolio-item type-portfolio-item status-publish has-post-thumbnail hentry portfolio-category-rangement portfolio-category-usm portfolio-tag-meubles-de-rangement portfolio-tag-rangement portfolio-tag-usm\">\n\t<div class=\"qodef-e-inner\" >\n\t\t<div class=\"qodef-e-image\">\n\t\t\t\t<div class=\"qodef-e-media-image\">\n\t\t<a itemprop=\"url\" href=\"https:\/\/inter-faces.eu\/index.php\/portfolio-item\/les-vitrines-ecrins-des-plus-belles-collections\/\" target=\"_self\">\n\t\t\t<img loading=\"lazy\" decoding=\"async\" width=\"900\" height=\"652\" src=\"https:\/\/inter-faces.eu\/wp-content\/uploads\/2024\/02\/1-1-117.jpg\" class=\"attachment-full size-full wp-post-image\" alt=\"\" srcset=\"https:\/\/inter-faces.eu\/wp-content\/uploads\/2024\/02\/1-1-117.jpg 900w, https:\/\/inter-faces.eu\/wp-content\/uploads\/2024\/02\/1-1-117-300x217.jpg 300w, https:\/\/inter-faces.eu\/wp-content\/uploads\/2024\/02\/1-1-117-768x556.jpg 768w, https:\/\/inter-faces.eu\/wp-content\/uploads\/2024\/02\/1-1-117-600x435.jpg 600w\" sizes=\"(max-width: 900px) 100vw, 900px\" \/>\t\t<\/a>\n\t<\/div>\n\t\t\t\t\t<\/div>\n\t\t<div class=\"qodef-e-content\" style=\"margin:24px 0 30px 0px\">\n\t\t\t<div class=\"qodef-e-text\">\n\t\t\t\t<h4 itemprop=\"name\" class=\"qodef-e-title entry-title\" >\n\t<a itemprop=\"url\" class=\"qodef-e-title-link\" href=\"https:\/\/inter-faces.eu\/index.php\/portfolio-item\/les-vitrines-ecrins-des-plus-belles-collections\/\" target=\"_self\">\n\t\tLes vitrines USM : \u00e9crins des plus belles collections\t<\/a>\n<\/h4>\n\t\t\t<\/div>\n\t\t\t<div class=\"qodef-e-top-holder\">\n\t\t\t\t<div class=\"qodef-e-info\">\n\t\t\t\t\t\t<a href=\"https:\/\/inter-faces.eu\/index.php\/portfolio-category\/rangement\/\" rel=\"tag\">Rangement<\/a><span class=\"qodef-info-separator-single\"><\/span><a href=\"https:\/\/inter-faces.eu\/index.php\/portfolio-category\/usm\/\" rel=\"tag\">USM<\/a>\t<div class=\"qodef-info-separator-end\"><\/div>\n\t\t\t\t<\/div>\n\t\t\t<\/div>\n\t\t<\/div>\n\t<\/div>\n<\/article>\n<article class=\"qodef-e qodef-grid-item qodef-item--full  post-12508 portfolio-item type-portfolio-item status-publish has-post-thumbnail hentry portfolio-category-rangement portfolio-category-usm portfolio-tag-rangement portfolio-tag-usm\">\n\t<div class=\"qodef-e-inner\" >\n\t\t<div class=\"qodef-e-image\">\n\t\t\t\t<div class=\"qodef-e-media-image\">\n\t\t<a itemprop=\"url\" href=\"https:\/\/inter-faces.eu\/index.php\/portfolio-item\/astuces-de-rangement-pour-la-maison-avec-usm\/\" target=\"_self\">\n\t\t\t<img loading=\"lazy\" decoding=\"async\" width=\"900\" height=\"652\" src=\"https:\/\/inter-faces.eu\/wp-content\/uploads\/2024\/02\/1-1-116.jpg\" class=\"attachment-full size-full wp-post-image\" alt=\"\" srcset=\"https:\/\/inter-faces.eu\/wp-content\/uploads\/2024\/02\/1-1-116.jpg 900w, https:\/\/inter-faces.eu\/wp-content\/uploads\/2024\/02\/1-1-116-300x217.jpg 300w, https:\/\/inter-faces.eu\/wp-content\/uploads\/2024\/02\/1-1-116-768x556.jpg 768w, https:\/\/inter-faces.eu\/wp-content\/uploads\/2024\/02\/1-1-116-600x435.jpg 600w\" sizes=\"(max-width: 900px) 100vw, 900px\" \/>\t\t<\/a>\n\t<\/div>\n\t\t\t\t\t<\/div>\n\t\t<div class=\"qodef-e-content\" style=\"margin:24px 0 30px 0px\">\n\t\t\t<div class=\"qodef-e-text\">\n\t\t\t\t<h4 itemprop=\"name\" class=\"qodef-e-title entry-title\" >\n\t<a itemprop=\"url\" class=\"qodef-e-title-link\" href=\"https:\/\/inter-faces.eu\/index.php\/portfolio-item\/astuces-de-rangement-pour-la-maison-avec-usm\/\" target=\"_self\">\n\t\tAstuces de rangement pour la maison avec USM\t<\/a>\n<\/h4>\n\t\t\t<\/div>\n\t\t\t<div class=\"qodef-e-top-holder\">\n\t\t\t\t<div class=\"qodef-e-info\">\n\t\t\t\t\t\t<a href=\"https:\/\/inter-faces.eu\/index.php\/portfolio-category\/rangement\/\" rel=\"tag\">Rangement<\/a><span class=\"qodef-info-separator-single\"><\/span><a href=\"https:\/\/inter-faces.eu\/index.php\/portfolio-category\/usm\/\" rel=\"tag\">USM<\/a>\t<div class=\"qodef-info-separator-end\"><\/div>\n\t\t\t\t<\/div>\n\t\t\t<\/div>\n\t\t<\/div>\n\t<\/div>\n<\/article>\n<article class=\"qodef-e qodef-grid-item qodef-item--full  post-12509 portfolio-item type-portfolio-item status-publish has-post-thumbnail hentry portfolio-category-rangement portfolio-category-usm portfolio-tag-rangement portfolio-tag-salon portfolio-tag-usm\">\n\t<div class=\"qodef-e-inner\" >\n\t\t<div class=\"qodef-e-image\">\n\t\t\t\t<div class=\"qodef-e-media-image\">\n\t\t<a itemprop=\"url\" href=\"https:\/\/inter-faces.eu\/index.php\/portfolio-item\/la-lumiere-chez-usm\/\" target=\"_self\">\n\t\t\t<img loading=\"lazy\" decoding=\"async\" width=\"900\" height=\"652\" src=\"https:\/\/inter-faces.eu\/wp-content\/uploads\/2024\/02\/1-1-115.jpg\" class=\"attachment-full size-full wp-post-image\" alt=\"\" srcset=\"https:\/\/inter-faces.eu\/wp-content\/uploads\/2024\/02\/1-1-115.jpg 900w, https:\/\/inter-faces.eu\/wp-content\/uploads\/2024\/02\/1-1-115-300x217.jpg 300w, https:\/\/inter-faces.eu\/wp-content\/uploads\/2024\/02\/1-1-115-768x556.jpg 768w, https:\/\/inter-faces.eu\/wp-content\/uploads\/2024\/02\/1-1-115-600x435.jpg 600w\" sizes=\"(max-width: 900px) 100vw, 900px\" \/>\t\t<\/a>\n\t<\/div>\n\t\t\t\t\t<\/div>\n\t\t<div class=\"qodef-e-content\" style=\"margin:24px 0 30px 0px\">\n\t\t\t<div class=\"qodef-e-text\">\n\t\t\t\t<h4 itemprop=\"name\" class=\"qodef-e-title entry-title\" >\n\t<a itemprop=\"url\" class=\"qodef-e-title-link\" href=\"https:\/\/inter-faces.eu\/index.php\/portfolio-item\/la-lumiere-chez-usm\/\" target=\"_self\">\n\t\tLa lumi\u00e8re d\u00e9sormais int\u00e9gr\u00e9e dans les meubles USM\t<\/a>\n<\/h4>\n\t\t\t<\/div>\n\t\t\t<div class=\"qodef-e-top-holder\">\n\t\t\t\t<div class=\"qodef-e-info\">\n\t\t\t\t\t\t<a href=\"https:\/\/inter-faces.eu\/index.php\/portfolio-category\/rangement\/\" rel=\"tag\">Rangement<\/a><span class=\"qodef-info-separator-single\"><\/span><a href=\"https:\/\/inter-faces.eu\/index.php\/portfolio-category\/usm\/\" rel=\"tag\">USM<\/a>\t<div class=\"qodef-info-separator-end\"><\/div>\n\t\t\t\t<\/div>\n\t\t\t<\/div>\n\t\t<\/div>\n\t<\/div>\n<\/article>\n<article class=\"qodef-e qodef-grid-item qodef-item--full  post-12510 portfolio-item type-portfolio-item status-publish has-post-thumbnail hentry portfolio-category-chambre portfolio-category-rangement portfolio-category-usm portfolio-tag-chevet portfolio-tag-rangement portfolio-tag-salon portfolio-tag-usm\">\n\t<div class=\"qodef-e-inner\" >\n\t\t<div class=\"qodef-e-image\">\n\t\t\t\t<div class=\"qodef-e-media-image\">\n\t\t<a itemprop=\"url\" href=\"https:\/\/inter-faces.eu\/index.php\/portfolio-item\/la-table-de-chevet-par-usm\/\" target=\"_self\">\n\t\t\t<img loading=\"lazy\" decoding=\"async\" width=\"900\" height=\"652\" src=\"https:\/\/inter-faces.eu\/wp-content\/uploads\/2024\/02\/1-1-114.jpg\" class=\"attachment-full size-full wp-post-image\" alt=\"\" srcset=\"https:\/\/inter-faces.eu\/wp-content\/uploads\/2024\/02\/1-1-114.jpg 900w, https:\/\/inter-faces.eu\/wp-content\/uploads\/2024\/02\/1-1-114-300x217.jpg 300w, https:\/\/inter-faces.eu\/wp-content\/uploads\/2024\/02\/1-1-114-768x556.jpg 768w, https:\/\/inter-faces.eu\/wp-content\/uploads\/2024\/02\/1-1-114-600x435.jpg 600w\" sizes=\"(max-width: 900px) 100vw, 900px\" \/>\t\t<\/a>\n\t<\/div>\n\t\t\t\t\t<\/div>\n\t\t<div class=\"qodef-e-content\" style=\"margin:24px 0 30px 0px\">\n\t\t\t<div class=\"qodef-e-text\">\n\t\t\t\t<h4 itemprop=\"name\" class=\"qodef-e-title entry-title\" >\n\t<a itemprop=\"url\" class=\"qodef-e-title-link\" href=\"https:\/\/inter-faces.eu\/index.php\/portfolio-item\/la-table-de-chevet-par-usm\/\" target=\"_self\">\n\t\tLa table de chevet par USM\t<\/a>\n<\/h4>\n\t\t\t<\/div>\n\t\t\t<div class=\"qodef-e-top-holder\">\n\t\t\t\t<div class=\"qodef-e-info\">\n\t\t\t\t\t\t<a href=\"https:\/\/inter-faces.eu\/index.php\/portfolio-category\/chambre\/\" rel=\"tag\">Chambre<\/a><span class=\"qodef-info-separator-single\"><\/span><a href=\"https:\/\/inter-faces.eu\/index.php\/portfolio-category\/rangement\/\" rel=\"tag\">Rangement<\/a><span class=\"qodef-info-separator-single\"><\/span><a href=\"https:\/\/inter-faces.eu\/index.php\/portfolio-category\/usm\/\" rel=\"tag\">USM<\/a>\t<div class=\"qodef-info-separator-end\"><\/div>\n\t\t\t\t<\/div>\n\t\t\t<\/div>\n\t\t<\/div>\n\t<\/div>\n<\/article>\n<article class=\"qodef-e qodef-grid-item qodef-item--full  post-12511 portfolio-item type-portfolio-item status-publish has-post-thumbnail hentry portfolio-category-bureau-a-la-maison portfolio-category-rangement portfolio-category-usm portfolio-tag-bureau-a-la-maison portfolio-tag-rangement portfolio-tag-salon portfolio-tag-usm\">\n\t<div class=\"qodef-e-inner\" >\n\t\t<div class=\"qodef-e-image\">\n\t\t\t\t<div class=\"qodef-e-media-image\">\n\t\t<a itemprop=\"url\" href=\"https:\/\/inter-faces.eu\/index.php\/portfolio-item\/travailler-en-se-sentant-a-la-maison-avec-usm\/\" target=\"_self\">\n\t\t\t<img loading=\"lazy\" decoding=\"async\" width=\"1920\" height=\"1416\" src=\"https:\/\/inter-faces.eu\/wp-content\/uploads\/2024\/07\/Meuble-USM-vert-Olive-2-.webp\" class=\"attachment-full size-full wp-post-image\" alt=\"\" srcset=\"https:\/\/inter-faces.eu\/wp-content\/uploads\/2024\/07\/Meuble-USM-vert-Olive-2-.webp 1920w, https:\/\/inter-faces.eu\/wp-content\/uploads\/2024\/07\/Meuble-USM-vert-Olive-2--300x221.webp 300w, https:\/\/inter-faces.eu\/wp-content\/uploads\/2024\/07\/Meuble-USM-vert-Olive-2--1024x755.webp 1024w, https:\/\/inter-faces.eu\/wp-content\/uploads\/2024\/07\/Meuble-USM-vert-Olive-2--768x566.webp 768w, https:\/\/inter-faces.eu\/wp-content\/uploads\/2024\/07\/Meuble-USM-vert-Olive-2--1536x1133.webp 1536w, https:\/\/inter-faces.eu\/wp-content\/uploads\/2024\/07\/Meuble-USM-vert-Olive-2--600x443.webp 600w\" sizes=\"(max-width: 1920px) 100vw, 1920px\" \/>\t\t<\/a>\n\t<\/div>\n\t\t\t\t\t<\/div>\n\t\t<div class=\"qodef-e-content\" style=\"margin:24px 0 30px 0px\">\n\t\t\t<div class=\"qodef-e-text\">\n\t\t\t\t<h4 itemprop=\"name\" class=\"qodef-e-title entry-title\" >\n\t<a itemprop=\"url\" class=\"qodef-e-title-link\" href=\"https:\/\/inter-faces.eu\/index.php\/portfolio-item\/travailler-en-se-sentant-a-la-maison-avec-usm\/\" target=\"_self\">\n\t\tConcevoir son espace de travail \u00e0 domicile avec USM\t<\/a>\n<\/h4>\n\t\t\t<\/div>\n\t\t\t<div class=\"qodef-e-top-holder\">\n\t\t\t\t<div class=\"qodef-e-info\">\n\t\t\t\t\t\t<a href=\"https:\/\/inter-faces.eu\/index.php\/portfolio-category\/bureau-a-la-maison\/\" rel=\"tag\">Bureau \u00e0 la maison<\/a><span class=\"qodef-info-separator-single\"><\/span><a href=\"https:\/\/inter-faces.eu\/index.php\/portfolio-category\/rangement\/\" rel=\"tag\">Rangement<\/a><span class=\"qodef-info-separator-single\"><\/span><a href=\"https:\/\/inter-faces.eu\/index.php\/portfolio-category\/usm\/\" rel=\"tag\">USM<\/a>\t<div class=\"qodef-info-separator-end\"><\/div>\n\t\t\t\t<\/div>\n\t\t\t<\/div>\n\t\t<\/div>\n\t<\/div>\n<\/article>\n<article class=\"qodef-e qodef-grid-item qodef-item--full  post-12512 portfolio-item type-portfolio-item status-publish has-post-thumbnail hentry portfolio-category-chambre portfolio-category-rangement portfolio-category-usm portfolio-tag-rangement portfolio-tag-salon portfolio-tag-usm\">\n\t<div class=\"qodef-e-inner\" >\n\t\t<div class=\"qodef-e-image\">\n\t\t\t\t<div class=\"qodef-e-media-image\">\n\t\t<a itemprop=\"url\" href=\"https:\/\/inter-faces.eu\/index.php\/portfolio-item\/votre-commode-sur-mesure-avec-usm\/\" target=\"_self\">\n\t\t\t<img loading=\"lazy\" decoding=\"async\" width=\"900\" height=\"652\" src=\"https:\/\/inter-faces.eu\/wp-content\/uploads\/2024\/02\/1-1-112.jpg\" class=\"attachment-full size-full wp-post-image\" alt=\"\" srcset=\"https:\/\/inter-faces.eu\/wp-content\/uploads\/2024\/02\/1-1-112.jpg 900w, https:\/\/inter-faces.eu\/wp-content\/uploads\/2024\/02\/1-1-112-300x217.jpg 300w, https:\/\/inter-faces.eu\/wp-content\/uploads\/2024\/02\/1-1-112-768x556.jpg 768w, https:\/\/inter-faces.eu\/wp-content\/uploads\/2024\/02\/1-1-112-600x435.jpg 600w\" sizes=\"(max-width: 900px) 100vw, 900px\" \/>\t\t<\/a>\n\t<\/div>\n\t\t\t\t\t<\/div>\n\t\t<div class=\"qodef-e-content\" style=\"margin:24px 0 30px 0px\">\n\t\t\t<div class=\"qodef-e-text\">\n\t\t\t\t<h4 itemprop=\"name\" class=\"qodef-e-title entry-title\" >\n\t<a itemprop=\"url\" class=\"qodef-e-title-link\" href=\"https:\/\/inter-faces.eu\/index.php\/portfolio-item\/votre-commode-sur-mesure-avec-usm\/\" target=\"_self\">\n\t\tVotre commode sur mesure avec USM\t<\/a>\n<\/h4>\n\t\t\t<\/div>\n\t\t\t<div class=\"qodef-e-top-holder\">\n\t\t\t\t<div class=\"qodef-e-info\">\n\t\t\t\t\t\t<a href=\"https:\/\/inter-faces.eu\/index.php\/portfolio-category\/chambre\/\" rel=\"tag\">Chambre<\/a><span class=\"qodef-info-separator-single\"><\/span><a href=\"https:\/\/inter-faces.eu\/index.php\/portfolio-category\/rangement\/\" rel=\"tag\">Rangement<\/a><span class=\"qodef-info-separator-single\"><\/span><a href=\"https:\/\/inter-faces.eu\/index.php\/portfolio-category\/usm\/\" rel=\"tag\">USM<\/a>\t<div class=\"qodef-info-separator-end\"><\/div>\n\t\t\t\t<\/div>\n\t\t\t<\/div>\n\t\t<\/div>\n\t<\/div>\n<\/article>\n<article class=\"qodef-e qodef-grid-item qodef-item--full  post-12514 portfolio-item type-portfolio-item status-publish has-post-thumbnail hentry portfolio-category-complements-accessoires portfolio-category-rangement portfolio-tag-kartell portfolio-tag-rangement\">\n\t<div class=\"qodef-e-inner\" >\n\t\t<div class=\"qodef-e-image\">\n\t\t\t\t<div class=\"qodef-e-media-image\">\n\t\t<a itemprop=\"url\" href=\"https:\/\/inter-faces.eu\/index.php\/portfolio-item\/le-componibili-bio-la-version-eco-responsable\/\" target=\"_self\">\n\t\t\t<img loading=\"lazy\" decoding=\"async\" width=\"900\" height=\"652\" src=\"https:\/\/inter-faces.eu\/wp-content\/uploads\/2024\/02\/1-1-110.jpg\" class=\"attachment-full size-full wp-post-image\" alt=\"\" srcset=\"https:\/\/inter-faces.eu\/wp-content\/uploads\/2024\/02\/1-1-110.jpg 900w, https:\/\/inter-faces.eu\/wp-content\/uploads\/2024\/02\/1-1-110-300x217.jpg 300w, https:\/\/inter-faces.eu\/wp-content\/uploads\/2024\/02\/1-1-110-768x556.jpg 768w, https:\/\/inter-faces.eu\/wp-content\/uploads\/2024\/02\/1-1-110-600x435.jpg 600w\" sizes=\"(max-width: 900px) 100vw, 900px\" \/>\t\t<\/a>\n\t<\/div>\n\t\t\t\t\t<\/div>\n\t\t<div class=\"qodef-e-content\" style=\"margin:24px 0 30px 0px\">\n\t\t\t<div class=\"qodef-e-text\">\n\t\t\t\t<h4 itemprop=\"name\" class=\"qodef-e-title entry-title\" >\n\t<a itemprop=\"url\" class=\"qodef-e-title-link\" href=\"https:\/\/inter-faces.eu\/index.php\/portfolio-item\/le-componibili-bio-la-version-eco-responsable\/\" target=\"_self\">\n\t\tLe Componibili Bio : la version \u00e9co-responsable !\t<\/a>\n<\/h4>\n\t\t\t<\/div>\n\t\t\t<div class=\"qodef-e-top-holder\">\n\t\t\t\t<div class=\"qodef-e-info\">\n\t\t\t\t\t\t<a href=\"https:\/\/inter-faces.eu\/index.php\/portfolio-category\/complements-accessoires\/\" rel=\"tag\">Compl\u00e9ments &amp; accessoires<\/a><span class=\"qodef-info-separator-single\"><\/span><a href=\"https:\/\/inter-faces.eu\/index.php\/portfolio-category\/rangement\/\" rel=\"tag\">Rangement<\/a>\t<div class=\"qodef-info-separator-end\"><\/div>\n\t\t\t\t<\/div>\n\t\t\t<\/div>\n\t\t<\/div>\n\t<\/div>\n<\/article>\n<article class=\"qodef-e qodef-grid-item qodef-item--full  post-12515 portfolio-item type-portfolio-item status-publish has-post-thumbnail hentry portfolio-category-rangement portfolio-category-usm portfolio-tag-rangement portfolio-tag-salon portfolio-tag-usm\">\n\t<div class=\"qodef-e-inner\" >\n\t\t<div class=\"qodef-e-image\">\n\t\t\t\t<div class=\"qodef-e-media-image\">\n\t\t<a itemprop=\"url\" href=\"https:\/\/inter-faces.eu\/index.php\/portfolio-item\/creez-votre-meuble-dappoint-ideal-avec-usm\/\" target=\"_self\">\n\t\t\t<img loading=\"lazy\" decoding=\"async\" width=\"900\" height=\"646\" src=\"https:\/\/inter-faces.eu\/wp-content\/uploads\/2024\/02\/1-1-109.jpg\" class=\"attachment-full size-full wp-post-image\" alt=\"\" srcset=\"https:\/\/inter-faces.eu\/wp-content\/uploads\/2024\/02\/1-1-109.jpg 900w, https:\/\/inter-faces.eu\/wp-content\/uploads\/2024\/02\/1-1-109-300x215.jpg 300w, https:\/\/inter-faces.eu\/wp-content\/uploads\/2024\/02\/1-1-109-768x551.jpg 768w, https:\/\/inter-faces.eu\/wp-content\/uploads\/2024\/02\/1-1-109-600x431.jpg 600w\" sizes=\"(max-width: 900px) 100vw, 900px\" \/>\t\t<\/a>\n\t<\/div>\n\t\t\t\t\t<\/div>\n\t\t<div class=\"qodef-e-content\" style=\"margin:24px 0 30px 0px\">\n\t\t\t<div class=\"qodef-e-text\">\n\t\t\t\t<h4 itemprop=\"name\" class=\"qodef-e-title entry-title\" >\n\t<a itemprop=\"url\" class=\"qodef-e-title-link\" href=\"https:\/\/inter-faces.eu\/index.php\/portfolio-item\/creez-votre-meuble-dappoint-ideal-avec-usm\/\" target=\"_self\">\n\t\tCr\u00e9ez le meuble d&rsquo;appoint id\u00e9al avec USM\t<\/a>\n<\/h4>\n\t\t\t<\/div>\n\t\t\t<div class=\"qodef-e-top-holder\">\n\t\t\t\t<div class=\"qodef-e-info\">\n\t\t\t\t\t\t<a href=\"https:\/\/inter-faces.eu\/index.php\/portfolio-category\/rangement\/\" rel=\"tag\">Rangement<\/a><span class=\"qodef-info-separator-single\"><\/span><a href=\"https:\/\/inter-faces.eu\/index.php\/portfolio-category\/usm\/\" rel=\"tag\">USM<\/a>\t<div class=\"qodef-info-separator-end\"><\/div>\n\t\t\t\t<\/div>\n\t\t\t<\/div>\n\t\t<\/div>\n\t<\/div>\n<\/article>\n<article class=\"qodef-e qodef-grid-item qodef-item--full  post-12516 portfolio-item type-portfolio-item status-publish has-post-thumbnail hentry portfolio-category-complements-accessoires portfolio-category-rangement portfolio-tag-bordbar portfolio-tag-bureau-a-la-maison portfolio-tag-rangement\">\n\t<div class=\"qodef-e-inner\" >\n\t\t<div class=\"qodef-e-image\">\n\t\t\t\t<div class=\"qodef-e-media-image\">\n\t\t<a itemprop=\"url\" href=\"https:\/\/inter-faces.eu\/index.php\/portfolio-item\/bordbar-des-pieces-uniques-avec-de-lhistoire\/\" target=\"_self\">\n\t\t\t<img loading=\"lazy\" decoding=\"async\" width=\"900\" height=\"652\" src=\"https:\/\/inter-faces.eu\/wp-content\/uploads\/2024\/02\/1-1-108.jpg\" class=\"attachment-full size-full wp-post-image\" alt=\"\" srcset=\"https:\/\/inter-faces.eu\/wp-content\/uploads\/2024\/02\/1-1-108.jpg 900w, https:\/\/inter-faces.eu\/wp-content\/uploads\/2024\/02\/1-1-108-300x217.jpg 300w, https:\/\/inter-faces.eu\/wp-content\/uploads\/2024\/02\/1-1-108-768x556.jpg 768w, https:\/\/inter-faces.eu\/wp-content\/uploads\/2024\/02\/1-1-108-600x435.jpg 600w\" sizes=\"(max-width: 900px) 100vw, 900px\" \/>\t\t<\/a>\n\t<\/div>\n\t\t\t\t\t<\/div>\n\t\t<div class=\"qodef-e-content\" style=\"margin:24px 0 30px 0px\">\n\t\t\t<div class=\"qodef-e-text\">\n\t\t\t\t<h4 itemprop=\"name\" class=\"qodef-e-title entry-title\" >\n\t<a itemprop=\"url\" class=\"qodef-e-title-link\" href=\"https:\/\/inter-faces.eu\/index.php\/portfolio-item\/bordbar-des-pieces-uniques-avec-de-lhistoire\/\" target=\"_self\">\n\t\tBordbar, des pi\u00e8ces uniques avec une histoire !\t<\/a>\n<\/h4>\n\t\t\t<\/div>\n\t\t\t<div class=\"qodef-e-top-holder\">\n\t\t\t\t<div class=\"qodef-e-info\">\n\t\t\t\t\t\t<a href=\"https:\/\/inter-faces.eu\/index.php\/portfolio-category\/complements-accessoires\/\" rel=\"tag\">Compl\u00e9ments &amp; accessoires<\/a><span class=\"qodef-info-separator-single\"><\/span><a href=\"https:\/\/inter-faces.eu\/index.php\/portfolio-category\/rangement\/\" rel=\"tag\">Rangement<\/a>\t<div class=\"qodef-info-separator-end\"><\/div>\n\t\t\t\t<\/div>\n\t\t\t<\/div>\n\t\t<\/div>\n\t<\/div>\n<\/article>\n<article class=\"qodef-e qodef-grid-item qodef-item--full  post-12517 portfolio-item type-portfolio-item status-publish has-post-thumbnail hentry portfolio-category-bibliotheques portfolio-category-rangement portfolio-tag-bibliotheque-etageres portfolio-tag-bibliotheques portfolio-tag-rangement\">\n\t<div class=\"qodef-e-inner\" >\n\t\t<div class=\"qodef-e-image\">\n\t\t\t\t<div class=\"qodef-e-media-image\">\n\t\t<a itemprop=\"url\" href=\"https:\/\/inter-faces.eu\/index.php\/portfolio-item\/les-etageres-randomito-et-randomissimo-de-mdf-italia\/\" target=\"_self\">\n\t\t\t<img loading=\"lazy\" decoding=\"async\" width=\"900\" height=\"652\" src=\"https:\/\/inter-faces.eu\/wp-content\/uploads\/2024\/02\/1-1-107.jpg\" class=\"attachment-full size-full wp-post-image\" alt=\"\" srcset=\"https:\/\/inter-faces.eu\/wp-content\/uploads\/2024\/02\/1-1-107.jpg 900w, https:\/\/inter-faces.eu\/wp-content\/uploads\/2024\/02\/1-1-107-300x217.jpg 300w, https:\/\/inter-faces.eu\/wp-content\/uploads\/2024\/02\/1-1-107-768x556.jpg 768w, https:\/\/inter-faces.eu\/wp-content\/uploads\/2024\/02\/1-1-107-600x435.jpg 600w\" sizes=\"(max-width: 900px) 100vw, 900px\" \/>\t\t<\/a>\n\t<\/div>\n\t\t\t\t\t<\/div>\n\t\t<div class=\"qodef-e-content\" style=\"margin:24px 0 30px 0px\">\n\t\t\t<div class=\"qodef-e-text\">\n\t\t\t\t<h4 itemprop=\"name\" class=\"qodef-e-title entry-title\" >\n\t<a itemprop=\"url\" class=\"qodef-e-title-link\" href=\"https:\/\/inter-faces.eu\/index.php\/portfolio-item\/les-etageres-randomito-et-randomissimo-de-mdf-italia\/\" target=\"_self\">\n\t\tLes \u00e9tag\u00e8res Randomito et Randomissimo &#8211; MDF Italia\t<\/a>\n<\/h4>\n\t\t\t<\/div>\n\t\t\t<div class=\"qodef-e-top-holder\">\n\t\t\t\t<div class=\"qodef-e-info\">\n\t\t\t\t\t\t<a href=\"https:\/\/inter-faces.eu\/index.php\/portfolio-category\/bibliotheques\/\" rel=\"tag\">Biblioth\u00e8ques<\/a><span class=\"qodef-info-separator-single\"><\/span><a href=\"https:\/\/inter-faces.eu\/index.php\/portfolio-category\/rangement\/\" rel=\"tag\">Rangement<\/a>\t<div class=\"qodef-info-separator-end\"><\/div>\n\t\t\t\t<\/div>\n\t\t\t<\/div>\n\t\t<\/div>\n\t<\/div>\n<\/article>\n<article class=\"qodef-e qodef-grid-item qodef-item--full  post-12518 portfolio-item type-portfolio-item status-publish has-post-thumbnail hentry portfolio-category-chambre portfolio-category-rangement portfolio-tag-chevet portfolio-tag-kartell portfolio-tag-philippe-starck portfolio-tag-rangement\">\n\t<div class=\"qodef-e-inner\" >\n\t\t<div class=\"qodef-e-image\">\n\t\t\t\t<div class=\"qodef-e-media-image\">\n\t\t<a itemprop=\"url\" href=\"https:\/\/inter-faces.eu\/index.php\/portfolio-item\/dans-la-famille-ghost-les-complements-de-rangement\/\" target=\"_self\">\n\t\t\t<img loading=\"lazy\" decoding=\"async\" width=\"900\" height=\"652\" src=\"https:\/\/inter-faces.eu\/wp-content\/uploads\/2024\/02\/1-1-106.jpg\" class=\"attachment-full size-full wp-post-image\" alt=\"\" srcset=\"https:\/\/inter-faces.eu\/wp-content\/uploads\/2024\/02\/1-1-106.jpg 900w, https:\/\/inter-faces.eu\/wp-content\/uploads\/2024\/02\/1-1-106-300x217.jpg 300w, https:\/\/inter-faces.eu\/wp-content\/uploads\/2024\/02\/1-1-106-768x556.jpg 768w, https:\/\/inter-faces.eu\/wp-content\/uploads\/2024\/02\/1-1-106-600x435.jpg 600w\" sizes=\"(max-width: 900px) 100vw, 900px\" \/>\t\t<\/a>\n\t<\/div>\n\t\t\t\t\t<\/div>\n\t\t<div class=\"qodef-e-content\" style=\"margin:24px 0 30px 0px\">\n\t\t\t<div class=\"qodef-e-text\">\n\t\t\t\t<h4 itemprop=\"name\" class=\"qodef-e-title entry-title\" >\n\t<a itemprop=\"url\" class=\"qodef-e-title-link\" href=\"https:\/\/inter-faces.eu\/index.php\/portfolio-item\/dans-la-famille-ghost-les-complements-de-rangement\/\" target=\"_self\">\n\t\tDans la famille Ghost, les compl\u00e9ments de rangement &#8211; Kartell\t<\/a>\n<\/h4>\n\t\t\t<\/div>\n\t\t\t<div class=\"qodef-e-top-holder\">\n\t\t\t\t<div class=\"qodef-e-info\">\n\t\t\t\t\t\t<a href=\"https:\/\/inter-faces.eu\/index.php\/portfolio-category\/chambre\/\" rel=\"tag\">Chambre<\/a><span class=\"qodef-info-separator-single\"><\/span><a href=\"https:\/\/inter-faces.eu\/index.php\/portfolio-category\/rangement\/\" rel=\"tag\">Rangement<\/a>\t<div class=\"qodef-info-separator-end\"><\/div>\n\t\t\t\t<\/div>\n\t\t\t<\/div>\n\t\t<\/div>\n\t<\/div>\n<\/article>\n<article class=\"qodef-e qodef-grid-item qodef-item--full  post-12520 portfolio-item type-portfolio-item status-publish has-post-thumbnail hentry portfolio-category-bureau-a-la-maison portfolio-category-rangement portfolio-tag-bureau-a-la-maison portfolio-tag-magis portfolio-tag-rangement\">\n\t<div class=\"qodef-e-inner\" >\n\t\t<div class=\"qodef-e-image\">\n\t\t\t\t<div class=\"qodef-e-media-image\">\n\t\t<a itemprop=\"url\" href=\"https:\/\/inter-faces.eu\/index.php\/portfolio-item\/le-360-container-de-la-marque-magis\/\" target=\"_self\">\n\t\t\t<img loading=\"lazy\" decoding=\"async\" width=\"900\" height=\"652\" src=\"https:\/\/inter-faces.eu\/wp-content\/uploads\/2024\/02\/1-1-104.jpg\" class=\"attachment-full size-full wp-post-image\" alt=\"\" srcset=\"https:\/\/inter-faces.eu\/wp-content\/uploads\/2024\/02\/1-1-104.jpg 900w, https:\/\/inter-faces.eu\/wp-content\/uploads\/2024\/02\/1-1-104-300x217.jpg 300w, https:\/\/inter-faces.eu\/wp-content\/uploads\/2024\/02\/1-1-104-768x556.jpg 768w, https:\/\/inter-faces.eu\/wp-content\/uploads\/2024\/02\/1-1-104-600x435.jpg 600w\" sizes=\"(max-width: 900px) 100vw, 900px\" \/>\t\t<\/a>\n\t<\/div>\n\t\t\t\t\t<\/div>\n\t\t<div class=\"qodef-e-content\" style=\"margin:24px 0 30px 0px\">\n\t\t\t<div class=\"qodef-e-text\">\n\t\t\t\t<h4 itemprop=\"name\" class=\"qodef-e-title entry-title\" >\n\t<a itemprop=\"url\" class=\"qodef-e-title-link\" href=\"https:\/\/inter-faces.eu\/index.php\/portfolio-item\/le-360-container-de-la-marque-magis\/\" target=\"_self\">\n\t\tLe 360\u00b0 Container &#8211; Magis\t<\/a>\n<\/h4>\n\t\t\t<\/div>\n\t\t\t<div class=\"qodef-e-top-holder\">\n\t\t\t\t<div class=\"qodef-e-info\">\n\t\t\t\t\t\t<a href=\"https:\/\/inter-faces.eu\/index.php\/portfolio-category\/bureau-a-la-maison\/\" rel=\"tag\">Bureau \u00e0 la maison<\/a><span class=\"qodef-info-separator-single\"><\/span><a href=\"https:\/\/inter-faces.eu\/index.php\/portfolio-category\/rangement\/\" rel=\"tag\">Rangement<\/a>\t<div class=\"qodef-info-separator-end\"><\/div>\n\t\t\t\t<\/div>\n\t\t\t<\/div>\n\t\t<\/div>\n\t<\/div>\n<\/article>\n<article class=\"qodef-e qodef-grid-item qodef-item--full  post-12521 portfolio-item type-portfolio-item status-publish has-post-thumbnail hentry portfolio-category-chambre portfolio-category-complements-accessoires portfolio-category-rangement portfolio-tag-kartell portfolio-tag-rangement\">\n\t<div class=\"qodef-e-inner\" >\n\t\t<div class=\"qodef-e-image\">\n\t\t\t\t<div class=\"qodef-e-media-image\">\n\t\t<a itemprop=\"url\" href=\"https:\/\/inter-faces.eu\/index.php\/portfolio-item\/le-rangement-a-tout-faire-componibili-de-kartell\/\" target=\"_self\">\n\t\t\t<img loading=\"lazy\" decoding=\"async\" width=\"900\" height=\"652\" src=\"https:\/\/inter-faces.eu\/wp-content\/uploads\/2024\/02\/1-1-103.jpg\" class=\"attachment-full size-full wp-post-image\" alt=\"\" srcset=\"https:\/\/inter-faces.eu\/wp-content\/uploads\/2024\/02\/1-1-103.jpg 900w, https:\/\/inter-faces.eu\/wp-content\/uploads\/2024\/02\/1-1-103-300x217.jpg 300w, https:\/\/inter-faces.eu\/wp-content\/uploads\/2024\/02\/1-1-103-768x556.jpg 768w, https:\/\/inter-faces.eu\/wp-content\/uploads\/2024\/02\/1-1-103-600x435.jpg 600w\" sizes=\"(max-width: 900px) 100vw, 900px\" \/>\t\t<\/a>\n\t<\/div>\n\t\t\t\t\t<\/div>\n\t\t<div class=\"qodef-e-content\" style=\"margin:24px 0 30px 0px\">\n\t\t\t<div class=\"qodef-e-text\">\n\t\t\t\t<h4 itemprop=\"name\" class=\"qodef-e-title entry-title\" >\n\t<a itemprop=\"url\" class=\"qodef-e-title-link\" href=\"https:\/\/inter-faces.eu\/index.php\/portfolio-item\/le-rangement-a-tout-faire-componibili-de-kartell\/\" target=\"_self\">\n\t\tLe rangement \u00e0 tout faire Componibili de Kartell\t<\/a>\n<\/h4>\n\t\t\t<\/div>\n\t\t\t<div class=\"qodef-e-top-holder\">\n\t\t\t\t<div class=\"qodef-e-info\">\n\t\t\t\t\t\t<a href=\"https:\/\/inter-faces.eu\/index.php\/portfolio-category\/chambre\/\" rel=\"tag\">Chambre<\/a><span class=\"qodef-info-separator-single\"><\/span><a href=\"https:\/\/inter-faces.eu\/index.php\/portfolio-category\/complements-accessoires\/\" rel=\"tag\">Compl\u00e9ments &amp; accessoires<\/a><span class=\"qodef-info-separator-single\"><\/span><a href=\"https:\/\/inter-faces.eu\/index.php\/portfolio-category\/rangement\/\" rel=\"tag\">Rangement<\/a>\t<div class=\"qodef-info-separator-end\"><\/div>\n\t\t\t\t<\/div>\n\t\t\t<\/div>\n\t\t<\/div>\n\t<\/div>\n<\/article>\n<article class=\"qodef-e qodef-grid-item qodef-item--full  post-12054 portfolio-item type-portfolio-item status-publish has-post-thumbnail hentry portfolio-category-chambre portfolio-category-ligne-roset portfolio-category-rangement portfolio-category-salon portfolio-tag-buffet portfolio-tag-ligne-roset portfolio-tag-rangement\">\n\t<div class=\"qodef-e-inner\" >\n\t\t<div class=\"qodef-e-image\">\n\t\t\t\t<div class=\"qodef-e-media-image\">\n\t\t<a itemprop=\"url\" href=\"https:\/\/inter-faces.eu\/index.php\/portfolio-item\/dita-le-meuble-qui-sadapte-a-votre-interieur\/\" target=\"_self\">\n\t\t\t<img loading=\"lazy\" decoding=\"async\" width=\"900\" height=\"652\" src=\"https:\/\/inter-faces.eu\/wp-content\/uploads\/2024\/02\/1-1-90.jpg\" class=\"attachment-full size-full wp-post-image\" alt=\"\" srcset=\"https:\/\/inter-faces.eu\/wp-content\/uploads\/2024\/02\/1-1-90.jpg 900w, https:\/\/inter-faces.eu\/wp-content\/uploads\/2024\/02\/1-1-90-300x217.jpg 300w, https:\/\/inter-faces.eu\/wp-content\/uploads\/2024\/02\/1-1-90-768x556.jpg 768w, https:\/\/inter-faces.eu\/wp-content\/uploads\/2024\/02\/1-1-90-600x435.jpg 600w\" sizes=\"(max-width: 900px) 100vw, 900px\" \/>\t\t<\/a>\n\t<\/div>\n\t\t\t\t\t<\/div>\n\t\t<div class=\"qodef-e-content\" style=\"margin:24px 0 30px 0px\">\n\t\t\t<div class=\"qodef-e-text\">\n\t\t\t\t<h4 itemprop=\"name\" class=\"qodef-e-title entry-title\" >\n\t<a itemprop=\"url\" class=\"qodef-e-title-link\" href=\"https:\/\/inter-faces.eu\/index.php\/portfolio-item\/dita-le-meuble-qui-sadapte-a-votre-interieur\/\" target=\"_self\">\n\t\tDita, le meuble qui s&rsquo;adapte \u00e0 votre int\u00e9rieur &#8211; Ligne Roset\t<\/a>\n<\/h4>\n\t\t\t<\/div>\n\t\t\t<div class=\"qodef-e-top-holder\">\n\t\t\t\t<div class=\"qodef-e-info\">\n\t\t\t\t\t\t<a href=\"https:\/\/inter-faces.eu\/index.php\/portfolio-category\/chambre\/\" rel=\"tag\">Chambre<\/a><span class=\"qodef-info-separator-single\"><\/span><a href=\"https:\/\/inter-faces.eu\/index.php\/portfolio-category\/ligne-roset\/\" rel=\"tag\">Ligne Roset<\/a><span class=\"qodef-info-separator-single\"><\/span><a href=\"https:\/\/inter-faces.eu\/index.php\/portfolio-category\/rangement\/\" rel=\"tag\">Rangement<\/a><span class=\"qodef-info-separator-single\"><\/span><a href=\"https:\/\/inter-faces.eu\/index.php\/portfolio-category\/salon\/\" rel=\"tag\">Salon<\/a>\t<div class=\"qodef-info-separator-end\"><\/div>\n\t\t\t\t<\/div>\n\t\t\t<\/div>\n\t\t<\/div>\n\t<\/div>\n<\/article>\n<article class=\"qodef-e qodef-grid-item qodef-item--full  post-12055 portfolio-item type-portfolio-item status-publish has-post-thumbnail hentry portfolio-category-rangement portfolio-category-salon portfolio-category-usm portfolio-tag-rangement portfolio-tag-salon portfolio-tag-usm\">\n\t<div class=\"qodef-e-inner\" >\n\t\t<div class=\"qodef-e-image\">\n\t\t\t\t<div class=\"qodef-e-media-image\">\n\t\t<a itemprop=\"url\" href=\"https:\/\/inter-faces.eu\/index.php\/portfolio-item\/concevoir-son-meuble-tele-avec-usm\/\" target=\"_self\">\n\t\t\t<img loading=\"lazy\" decoding=\"async\" width=\"980\" height=\"735\" src=\"https:\/\/inter-faces.eu\/wp-content\/uploads\/2024\/07\/Meuble-USM-vert-Olive-1.webp\" class=\"attachment-full size-full wp-post-image\" alt=\"\" srcset=\"https:\/\/inter-faces.eu\/wp-content\/uploads\/2024\/07\/Meuble-USM-vert-Olive-1.webp 980w, https:\/\/inter-faces.eu\/wp-content\/uploads\/2024\/07\/Meuble-USM-vert-Olive-1-300x225.webp 300w, https:\/\/inter-faces.eu\/wp-content\/uploads\/2024\/07\/Meuble-USM-vert-Olive-1-768x576.webp 768w, https:\/\/inter-faces.eu\/wp-content\/uploads\/2024\/07\/Meuble-USM-vert-Olive-1-600x450.webp 600w\" sizes=\"(max-width: 980px) 100vw, 980px\" \/>\t\t<\/a>\n\t<\/div>\n\t\t\t\t\t<\/div>\n\t\t<div class=\"qodef-e-content\" style=\"margin:24px 0 30px 0px\">\n\t\t\t<div class=\"qodef-e-text\">\n\t\t\t\t<h4 itemprop=\"name\" class=\"qodef-e-title entry-title\" >\n\t<a itemprop=\"url\" class=\"qodef-e-title-link\" href=\"https:\/\/inter-faces.eu\/index.php\/portfolio-item\/concevoir-son-meuble-tele-avec-usm\/\" target=\"_self\">\n\t\tConcevoir son meuble t\u00e9l\u00e9 avec USM\t<\/a>\n<\/h4>\n\t\t\t<\/div>\n\t\t\t<div class=\"qodef-e-top-holder\">\n\t\t\t\t<div class=\"qodef-e-info\">\n\t\t\t\t\t\t<a href=\"https:\/\/inter-faces.eu\/index.php\/portfolio-category\/rangement\/\" rel=\"tag\">Rangement<\/a><span class=\"qodef-info-separator-single\"><\/span><a href=\"https:\/\/inter-faces.eu\/index.php\/portfolio-category\/salon\/\" rel=\"tag\">Salon<\/a><span class=\"qodef-info-separator-single\"><\/span><a href=\"https:\/\/inter-faces.eu\/index.php\/portfolio-category\/usm\/\" rel=\"tag\">USM<\/a>\t<div class=\"qodef-info-separator-end\"><\/div>\n\t\t\t\t<\/div>\n\t\t\t<\/div>\n\t\t<\/div>\n\t<\/div>\n<\/article>\n\t<\/div>\n\t<\/div>\n\t\t<\/div>\n\t\t\t\t<\/div>\n\t\t\t\t\t<\/div>\n\t\t<\/div>\n\t\t\t\t\t<\/div>\n\t\t<\/section>\n\t\t\t\t<\/div>\n\t\t<button class=\"simplefavorite-button\" data-postid=\"12055\" data-siteid=\"1\" data-groupid=\"1\" data-favoritecount=\"0\" style=\"\">Ajouter \u00e0 ma liste d'envies <i class=\"fa-solid fa-heart\"><\/i><\/button>","protected":false},"excerpt":{"rendered":"<p>Rangement Imaginer un meuble de rangement modulable qui s\u2019adapte parfaitement \u00e0 vos dimensions, avec un large choix de mat\u00e9riaux ou de coloris. Nos conseillers sont l\u00e0 pour vous aider \u00e0 d\u00e9finir une composition personnalis\u00e9e et fonctionnelle, qu\u2019il s\u2019agisse d\u2019un placard, buffet, commode ou d\u2019un meuble d\u2019appoint avec ou sans vitrine \u2026 Bordbar, une seconde vie [&hellip;]<\/p>\n","protected":false},"author":1,"featured_media":0,"parent":0,"menu_order":0,"comment_status":"closed","ping_status":"closed","template":"","meta":{"footnotes":""},"yoast_head":"<!-- This site is optimized with the Yoast SEO plugin v22.6 - https:\/\/yoast.com\/wordpress\/plugins\/seo\/ -->\n<title>Rangement - Inter-Faces<\/title>\n<meta name=\"robots\" content=\"index, follow, max-snippet:-1, max-image-preview:large, max-video-preview:-1\" \/>\n<link rel=\"canonical\" href=\"https:\/\/inter-faces.eu\/index.php\/rangement\/\" \/>\n<meta property=\"og:locale\" content=\"fr_FR\" \/>\n<meta property=\"og:type\" content=\"article\" \/>\n<meta property=\"og:title\" content=\"Rangement - Inter-Faces\" \/>\n<meta property=\"og:description\" content=\"Rangement Imaginer un meuble de rangement modulable qui s\u2019adapte parfaitement \u00e0 vos dimensions, avec un large choix de mat\u00e9riaux ou de coloris. Nos conseillers sont l\u00e0 pour vous aider \u00e0 d\u00e9finir une composition personnalis\u00e9e et fonctionnelle, qu\u2019il s\u2019agisse d\u2019un placard, buffet, commode ou d\u2019un meuble d\u2019appoint avec ou sans vitrine \u2026 Bordbar, une seconde vie [&hellip;]\" \/>\n<meta property=\"og:url\" content=\"https:\/\/inter-faces.eu\/index.php\/rangement\/\" \/>\n<meta property=\"og:site_name\" content=\"Inter-Faces\" \/>\n<meta property=\"article:publisher\" content=\"https:\/\/www.facebook.com\/interfacestoulon\" \/>\n<meta property=\"article:modified_time\" content=\"2024-09-20T10:16:33+00:00\" \/>\n<meta property=\"og:image\" content=\"https:\/\/inter-faces.eu\/wp-content\/uploads\/2024\/02\/1-1-119.jpg\" \/>\n<meta name=\"twitter:card\" content=\"summary_large_image\" \/>\n<meta name=\"twitter:label1\" content=\"Dur\u00e9e de lecture estim\u00e9e\" \/>\n\t<meta name=\"twitter:data1\" content=\"5 minutes\" \/>\n<script type=\"application\/ld+json\" class=\"yoast-schema-graph\">{\"@context\":\"https:\/\/schema.org\",\"@graph\":[{\"@type\":\"WebPage\",\"@id\":\"https:\/\/inter-faces.eu\/index.php\/rangement\/\",\"url\":\"https:\/\/inter-faces.eu\/index.php\/rangement\/\",\"name\":\"Rangement - Inter-Faces\",\"isPartOf\":{\"@id\":\"https:\/\/inter-faces.eu\/#website\"},\"primaryImageOfPage\":{\"@id\":\"https:\/\/inter-faces.eu\/index.php\/rangement\/#primaryimage\"},\"image\":{\"@id\":\"https:\/\/inter-faces.eu\/index.php\/rangement\/#primaryimage\"},\"thumbnailUrl\":\"https:\/\/inter-faces.eu\/wp-content\/uploads\/2024\/02\/1-1-119.jpg\",\"datePublished\":\"2024-02-14T15:43:46+00:00\",\"dateModified\":\"2024-09-20T10:16:33+00:00\",\"breadcrumb\":{\"@id\":\"https:\/\/inter-faces.eu\/index.php\/rangement\/#breadcrumb\"},\"inLanguage\":\"fr-FR\",\"potentialAction\":[{\"@type\":\"ReadAction\",\"target\":[\"https:\/\/inter-faces.eu\/index.php\/rangement\/\"]}]},{\"@type\":\"ImageObject\",\"inLanguage\":\"fr-FR\",\"@id\":\"https:\/\/inter-faces.eu\/index.php\/rangement\/#primaryimage\",\"url\":\"https:\/\/inter-faces.eu\/wp-content\/uploads\/2024\/02\/1-1-119.jpg\",\"contentUrl\":\"https:\/\/inter-faces.eu\/wp-content\/uploads\/2024\/02\/1-1-119.jpg\",\"width\":900,\"height\":652},{\"@type\":\"BreadcrumbList\",\"@id\":\"https:\/\/inter-faces.eu\/index.php\/rangement\/#breadcrumb\",\"itemListElement\":[{\"@type\":\"ListItem\",\"position\":1,\"name\":\"Accueil\",\"item\":\"https:\/\/inter-faces.eu\/\"},{\"@type\":\"ListItem\",\"position\":2,\"name\":\"Rangement\"}]},{\"@type\":\"WebSite\",\"@id\":\"https:\/\/inter-faces.eu\/#website\",\"url\":\"https:\/\/inter-faces.eu\/\",\"name\":\"Inter-Faces\",\"description\":\"\",\"publisher\":{\"@id\":\"https:\/\/inter-faces.eu\/#organization\"},\"potentialAction\":[{\"@type\":\"SearchAction\",\"target\":{\"@type\":\"EntryPoint\",\"urlTemplate\":\"https:\/\/inter-faces.eu\/?s={search_term_string}\"},\"query-input\":\"required name=search_term_string\"}],\"inLanguage\":\"fr-FR\"},{\"@type\":\"Organization\",\"@id\":\"https:\/\/inter-faces.eu\/#organization\",\"name\":\"Inter-Faces\",\"url\":\"https:\/\/inter-faces.eu\/\",\"logo\":{\"@type\":\"ImageObject\",\"inLanguage\":\"fr-FR\",\"@id\":\"https:\/\/inter-faces.eu\/#\/schema\/logo\/image\/\",\"url\":\"https:\/\/inter-faces.eu\/wp-content\/uploads\/2024\/02\/logo.png\",\"contentUrl\":\"https:\/\/inter-faces.eu\/wp-content\/uploads\/2024\/02\/logo.png\",\"width\":400,\"height\":155,\"caption\":\"Inter-Faces\"},\"image\":{\"@id\":\"https:\/\/inter-faces.eu\/#\/schema\/logo\/image\/\"},\"sameAs\":[\"https:\/\/www.facebook.com\/interfacestoulon\",\"https:\/\/www.instagram.com\/inter_faces_mobilier\",\"https:\/\/www.youtube.com\/user\/interfacesmc\"]}]}<\/script>\n<!-- \/ Yoast SEO plugin. -->","yoast_head_json":{"title":"Rangement - Inter-Faces","robots":{"index":"index","follow":"follow","max-snippet":"max-snippet:-1","max-image-preview":"max-image-preview:large","max-video-preview":"max-video-preview:-1"},"canonical":"https:\/\/inter-faces.eu\/index.php\/rangement\/","og_locale":"fr_FR","og_type":"article","og_title":"Rangement - Inter-Faces","og_description":"Rangement Imaginer un meuble de rangement modulable qui s\u2019adapte parfaitement \u00e0 vos dimensions, avec un large choix de mat\u00e9riaux ou de coloris. Nos conseillers sont l\u00e0 pour vous aider \u00e0 d\u00e9finir une composition personnalis\u00e9e et fonctionnelle, qu\u2019il s\u2019agisse d\u2019un placard, buffet, commode ou d\u2019un meuble d\u2019appoint avec ou sans vitrine \u2026 Bordbar, une seconde vie [&hellip;]","og_url":"https:\/\/inter-faces.eu\/index.php\/rangement\/","og_site_name":"Inter-Faces","article_publisher":"https:\/\/www.facebook.com\/interfacestoulon","article_modified_time":"2024-09-20T10:16:33+00:00","og_image":[{"url":"https:\/\/inter-faces.eu\/wp-content\/uploads\/2024\/02\/1-1-119.jpg"}],"twitter_card":"summary_large_image","twitter_misc":{"Dur\u00e9e de lecture estim\u00e9e":"5 minutes"},"schema":{"@context":"https:\/\/schema.org","@graph":[{"@type":"WebPage","@id":"https:\/\/inter-faces.eu\/index.php\/rangement\/","url":"https:\/\/inter-faces.eu\/index.php\/rangement\/","name":"Rangement - Inter-Faces","isPartOf":{"@id":"https:\/\/inter-faces.eu\/#website"},"primaryImageOfPage":{"@id":"https:\/\/inter-faces.eu\/index.php\/rangement\/#primaryimage"},"image":{"@id":"https:\/\/inter-faces.eu\/index.php\/rangement\/#primaryimage"},"thumbnailUrl":"https:\/\/inter-faces.eu\/wp-content\/uploads\/2024\/02\/1-1-119.jpg","datePublished":"2024-02-14T15:43:46+00:00","dateModified":"2024-09-20T10:16:33+00:00","breadcrumb":{"@id":"https:\/\/inter-faces.eu\/index.php\/rangement\/#breadcrumb"},"inLanguage":"fr-FR","potentialAction":[{"@type":"ReadAction","target":["https:\/\/inter-faces.eu\/index.php\/rangement\/"]}]},{"@type":"ImageObject","inLanguage":"fr-FR","@id":"https:\/\/inter-faces.eu\/index.php\/rangement\/#primaryimage","url":"https:\/\/inter-faces.eu\/wp-content\/uploads\/2024\/02\/1-1-119.jpg","contentUrl":"https:\/\/inter-faces.eu\/wp-content\/uploads\/2024\/02\/1-1-119.jpg","width":900,"height":652},{"@type":"BreadcrumbList","@id":"https:\/\/inter-faces.eu\/index.php\/rangement\/#breadcrumb","itemListElement":[{"@type":"ListItem","position":1,"name":"Accueil","item":"https:\/\/inter-faces.eu\/"},{"@type":"ListItem","position":2,"name":"Rangement"}]},{"@type":"WebSite","@id":"https:\/\/inter-faces.eu\/#website","url":"https:\/\/inter-faces.eu\/","name":"Inter-Faces","description":"","publisher":{"@id":"https:\/\/inter-faces.eu\/#organization"},"potentialAction":[{"@type":"SearchAction","target":{"@type":"EntryPoint","urlTemplate":"https:\/\/inter-faces.eu\/?s={search_term_string}"},"query-input":"required name=search_term_string"}],"inLanguage":"fr-FR"},{"@type":"Organization","@id":"https:\/\/inter-faces.eu\/#organization","name":"Inter-Faces","url":"https:\/\/inter-faces.eu\/","logo":{"@type":"ImageObject","inLanguage":"fr-FR","@id":"https:\/\/inter-faces.eu\/#\/schema\/logo\/image\/","url":"https:\/\/inter-faces.eu\/wp-content\/uploads\/2024\/02\/logo.png","contentUrl":"https:\/\/inter-faces.eu\/wp-content\/uploads\/2024\/02\/logo.png","width":400,"height":155,"caption":"Inter-Faces"},"image":{"@id":"https:\/\/inter-faces.eu\/#\/schema\/logo\/image\/"},"sameAs":["https:\/\/www.facebook.com\/interfacestoulon","https:\/\/www.instagram.com\/inter_faces_mobilier","https:\/\/www.youtube.com\/user\/interfacesmc"]}]}},"_links":{"self":[{"href":"https:\/\/inter-faces.eu\/index.php\/wp-json\/wp\/v2\/pages\/11618"}],"collection":[{"href":"https:\/\/inter-faces.eu\/index.php\/wp-json\/wp\/v2\/pages"}],"about":[{"href":"https:\/\/inter-faces.eu\/index.php\/wp-json\/wp\/v2\/types\/page"}],"author":[{"embeddable":true,"href":"https:\/\/inter-faces.eu\/index.php\/wp-json\/wp\/v2\/users\/1"}],"replies":[{"embeddable":true,"href":"https:\/\/inter-faces.eu\/index.php\/wp-json\/wp\/v2\/comments?post=11618"}],"version-history":[{"count":13,"href":"https:\/\/inter-faces.eu\/index.php\/wp-json\/wp\/v2\/pages\/11618\/revisions"}],"predecessor-version":[{"id":16933,"href":"https:\/\/inter-faces.eu\/index.php\/wp-json\/wp\/v2\/pages\/11618\/revisions\/16933"}],"wp:attachment":[{"href":"https:\/\/inter-faces.eu\/index.php\/wp-json\/wp\/v2\/media?parent=11618"}],"curies":[{"name":"wp","href":"https:\/\/api.w.org\/{rel}","templated":true}]}}