{"id":10336,"date":"2024-02-07T13:36:35","date_gmt":"2024-02-07T12:36:35","guid":{"rendered":"https:\/\/romainleny-dev.com\/?page_id=10336"},"modified":"2025-06-05T12:41:59","modified_gmt":"2025-06-05T10:41:59","slug":"mobilier-professionnel","status":"publish","type":"page","link":"https:\/\/inter-faces.eu\/index.php\/mobilier-professionnel\/","title":{"rendered":"Mobilier professionnel"},"content":{"rendered":"\t\t<div data-elementor-type=\"wp-page\" data-elementor-id=\"10336\" class=\"elementor elementor-10336\" data-elementor-post-type=\"page\">\n\t\t\t\t<div class=\"elementor-element elementor-element-649c2197 e-con-full e-flex e-con e-parent\" data-id=\"649c2197\" data-element_type=\"container\" data-core-v316-plus=\"true\">\n\t\t\t\t<div class=\"elementor-element elementor-element-3c1accde elementor-widget elementor-widget-hiroshi_core_section_title\" data-id=\"3c1accde\" data-element_type=\"widget\" data-widget_type=\"hiroshi_core_section_title.default\">\n\t\t\t\t<div class=\"elementor-widget-container\">\n\t\t\t<div class=\"qodef-shortcode qodef-m  qodef-section-title qodef-alignment--left \">\n\t\t<h1 class=\"qodef-m-title\" >\n\t\t\t\t\tNotre mobilier professionnel\t\t\t<\/h1>\n\t\t<p class=\"qodef-m-text\" >Inter-Faces Pro vous accompagne dans l\u2019am\u00e9nagement de vos bureaux, espaces de travail, magasins, salles de r\u00e9union, espace d\u2019accueil de votre client\u00e8le, lieux de restauration ou de coworking.\nNous \u00e9tudions ensemble votre projet et vous proposons une solution adapt\u00e9e aux besoins de votre activit\u00e9, a\u0300 vos contraintes, aux probl\u00e9matiques de votre m\u00e9tier.\nN\u2019h\u00e9sitez pas a\u0300 nous contacter pour \u00e9tudier ensemble votre projet. \nVoici un aper\u00e7u des familles de produits que nous pouvons vous proposer.\nSoucieux du respect de l\u2019environnement nous proposons essentiellement des mat\u00e9riaux sourc\u00e9s et recyclables dans une logique de d\u00e9veloppement durable.\n<\/p>\n<\/div>\n\t\t<\/div>\n\t\t\t\t<\/div>\n\t\t\t\t<\/div>\n\t\t<div class=\"elementor-element elementor-element-35cca694 e-con-full e-flex e-con e-parent\" data-id=\"35cca694\" data-element_type=\"container\" data-core-v316-plus=\"true\">\n\t\t<div class=\"elementor-element elementor-element-266cf604 e-con-full e-flex e-con e-child\" data-id=\"266cf604\" data-element_type=\"container\">\n\t\t\t\t<div class=\"elementor-element elementor-element-58d4bee7 elementor-widget elementor-widget-hiroshi_core_image_with_text\" data-id=\"58d4bee7\" data-element_type=\"widget\" data-widget_type=\"hiroshi_core_image_with_text.default\">\n\t\t\t\t<div class=\"elementor-widget-container\">\n\t\t\t<div class=\"qodef-shortcode qodef-m  qodef-image-with-text qodef-layout--text-below   qodef-content-align--left  qodef--hover-predefined\">\n\t\t<div class=\"qodef-m-image\">\n\t\t\t\t\t<a itemprop=\"url\" href=\"\/index.php\/bureaux-de-direction\" target=\"_self\">\n\t\t\t\t\t\t\t\t<img fetchpriority=\"high\" decoding=\"async\" width=\"800\" height=\"799\" src=\"https:\/\/inter-faces.eu\/wp-content\/uploads\/2024\/03\/71-1.jpg\" class=\"attachment-full size-full\" alt=\"\" srcset=\"https:\/\/inter-faces.eu\/wp-content\/uploads\/2024\/03\/71-1.jpg 800w, https:\/\/inter-faces.eu\/wp-content\/uploads\/2024\/03\/71-1-300x300.jpg 300w, https:\/\/inter-faces.eu\/wp-content\/uploads\/2024\/03\/71-1-150x150.jpg 150w, https:\/\/inter-faces.eu\/wp-content\/uploads\/2024\/03\/71-1-768x767.jpg 768w, https:\/\/inter-faces.eu\/wp-content\/uploads\/2024\/03\/71-1-650x650.jpg 650w, https:\/\/inter-faces.eu\/wp-content\/uploads\/2024\/03\/71-1-600x599.jpg 600w, https:\/\/inter-faces.eu\/wp-content\/uploads\/2024\/03\/71-1-100x100.jpg 100w\" sizes=\"(max-width: 800px) 100vw, 800px\" \/>\t\t\t\t\t\t\t<\/a>\n\t\t\t<\/div>\n\t<div class=\"qodef-m-content\">\n\t\t<div class=\"qodef-info-holder\" >\n\t\t\t\t<h4 class=\"qodef-m-title\">\n\t\t\t\t\t<a itemprop=\"url\" href=\"\/index.php\/bureaux-de-direction\" target=\"_self\">\n\t\t\t\t\tBureaux de direction\t\t\t\t\t<\/a>\n\t\t\t<\/h4>\n\t\t\t\t\t<\/div>\n\t\t\t<\/div>\n<\/div>\n\t\t<\/div>\n\t\t\t\t<\/div>\n\t\t\t\t<\/div>\n\t\t<div class=\"elementor-element elementor-element-1f0d3f92 e-con-full e-flex e-con e-child\" data-id=\"1f0d3f92\" data-element_type=\"container\">\n\t\t\t\t<div class=\"elementor-element elementor-element-f81ded9 elementor-widget elementor-widget-hiroshi_core_image_with_text\" data-id=\"f81ded9\" data-element_type=\"widget\" data-widget_type=\"hiroshi_core_image_with_text.default\">\n\t\t\t\t<div class=\"elementor-widget-container\">\n\t\t\t<div class=\"qodef-shortcode qodef-m  qodef-image-with-text qodef-layout--text-below   qodef-content-align--left  qodef--hover-predefined\">\n\t\t<div class=\"qodef-m-image\">\n\t\t\t\t\t<a itemprop=\"url\" href=\"\/index.php\/sieges-de-direction\" target=\"_self\">\n\t\t\t\t\t\t\t\t<img decoding=\"async\" width=\"800\" height=\"800\" src=\"https:\/\/inter-faces.eu\/wp-content\/uploads\/2024\/05\/233-1-1.jpg\" class=\"attachment-full size-full\" alt=\"\" srcset=\"https:\/\/inter-faces.eu\/wp-content\/uploads\/2024\/05\/233-1-1.jpg 800w, https:\/\/inter-faces.eu\/wp-content\/uploads\/2024\/05\/233-1-1-300x300.jpg 300w, https:\/\/inter-faces.eu\/wp-content\/uploads\/2024\/05\/233-1-1-150x150.jpg 150w, https:\/\/inter-faces.eu\/wp-content\/uploads\/2024\/05\/233-1-1-768x768.jpg 768w, https:\/\/inter-faces.eu\/wp-content\/uploads\/2024\/05\/233-1-1-650x650.jpg 650w, https:\/\/inter-faces.eu\/wp-content\/uploads\/2024\/05\/233-1-1-600x600.jpg 600w, https:\/\/inter-faces.eu\/wp-content\/uploads\/2024\/05\/233-1-1-100x100.jpg 100w\" sizes=\"(max-width: 800px) 100vw, 800px\" \/>\t\t\t\t\t\t\t<\/a>\n\t\t\t<\/div>\n\t<div class=\"qodef-m-content\">\n\t\t<div class=\"qodef-info-holder\" >\n\t\t\t\t<h4 class=\"qodef-m-title\">\n\t\t\t\t\t<a itemprop=\"url\" href=\"\/index.php\/sieges-de-direction\" target=\"_self\">\n\t\t\t\t\tSi\u00e8ges de direction \t\t\t\t\t<\/a>\n\t\t\t<\/h4>\n\t\t\t\t\t<\/div>\n\t\t\t<\/div>\n<\/div>\n\t\t<\/div>\n\t\t\t\t<\/div>\n\t\t\t\t<\/div>\n\t\t<div class=\"elementor-element elementor-element-9d1e707 e-con-full e-flex e-con e-child\" data-id=\"9d1e707\" data-element_type=\"container\">\n\t\t\t\t<div class=\"elementor-element elementor-element-426c4f8 elementor-widget elementor-widget-hiroshi_core_image_with_text\" data-id=\"426c4f8\" data-element_type=\"widget\" data-widget_type=\"hiroshi_core_image_with_text.default\">\n\t\t\t\t<div class=\"elementor-widget-container\">\n\t\t\t<div class=\"qodef-shortcode qodef-m  qodef-image-with-text qodef-layout--text-below   qodef-content-align--left  qodef--hover-predefined\">\n\t\t<div class=\"qodef-m-image\">\n\t\t\t\t\t<a itemprop=\"url\" href=\"\/index.php\/sieges-et-fauteuils\" target=\"_self\">\n\t\t\t\t\t\t\t\t<img decoding=\"async\" width=\"800\" height=\"800\" src=\"https:\/\/inter-faces.eu\/wp-content\/uploads\/2024\/05\/242-1.jpg\" class=\"attachment-full size-full\" alt=\"\" srcset=\"https:\/\/inter-faces.eu\/wp-content\/uploads\/2024\/05\/242-1.jpg 800w, https:\/\/inter-faces.eu\/wp-content\/uploads\/2024\/05\/242-1-300x300.jpg 300w, https:\/\/inter-faces.eu\/wp-content\/uploads\/2024\/05\/242-1-150x150.jpg 150w, https:\/\/inter-faces.eu\/wp-content\/uploads\/2024\/05\/242-1-768x768.jpg 768w, https:\/\/inter-faces.eu\/wp-content\/uploads\/2024\/05\/242-1-650x650.jpg 650w, https:\/\/inter-faces.eu\/wp-content\/uploads\/2024\/05\/242-1-600x600.jpg 600w, https:\/\/inter-faces.eu\/wp-content\/uploads\/2024\/05\/242-1-100x100.jpg 100w\" sizes=\"(max-width: 800px) 100vw, 800px\" \/>\t\t\t\t\t\t\t<\/a>\n\t\t\t<\/div>\n\t<div class=\"qodef-m-content\">\n\t\t<div class=\"qodef-info-holder\" >\n\t\t\t\t<h4 class=\"qodef-m-title\">\n\t\t\t\t\t<a itemprop=\"url\" href=\"\/index.php\/sieges-et-fauteuils\" target=\"_self\">\n\t\t\t\t\tSi\u00e8ges et fauteuils\t\t\t\t\t<\/a>\n\t\t\t<\/h4>\n\t\t\t\t\t<\/div>\n\t\t\t<\/div>\n<\/div>\n\t\t<\/div>\n\t\t\t\t<\/div>\n\t\t\t\t<\/div>\n\t\t<div class=\"elementor-element elementor-element-4ad73030 e-con-full e-flex e-con e-child\" data-id=\"4ad73030\" data-element_type=\"container\">\n\t\t\t\t<div class=\"elementor-element elementor-element-7954171 elementor-widget elementor-widget-hiroshi_core_image_with_text\" data-id=\"7954171\" data-element_type=\"widget\" data-widget_type=\"hiroshi_core_image_with_text.default\">\n\t\t\t\t<div class=\"elementor-widget-container\">\n\t\t\t<div class=\"qodef-shortcode qodef-m  qodef-image-with-text qodef-layout--text-below   qodef-content-align--left  qodef--hover-predefined\">\n\t\t<div class=\"qodef-m-image\">\n\t\t\t\t\t<a itemprop=\"url\" href=\"\/index.php\/organisation-et-separateurs-despaces\" target=\"_self\">\n\t\t\t\t\t\t\t\t<img loading=\"lazy\" decoding=\"async\" width=\"800\" height=\"800\" src=\"https:\/\/inter-faces.eu\/wp-content\/uploads\/2024\/03\/312-1.jpg\" class=\"attachment-full size-full\" alt=\"\" srcset=\"https:\/\/inter-faces.eu\/wp-content\/uploads\/2024\/03\/312-1.jpg 800w, https:\/\/inter-faces.eu\/wp-content\/uploads\/2024\/03\/312-1-300x300.jpg 300w, https:\/\/inter-faces.eu\/wp-content\/uploads\/2024\/03\/312-1-150x150.jpg 150w, https:\/\/inter-faces.eu\/wp-content\/uploads\/2024\/03\/312-1-768x768.jpg 768w, https:\/\/inter-faces.eu\/wp-content\/uploads\/2024\/03\/312-1-650x650.jpg 650w, https:\/\/inter-faces.eu\/wp-content\/uploads\/2024\/03\/312-1-600x600.jpg 600w, https:\/\/inter-faces.eu\/wp-content\/uploads\/2024\/03\/312-1-100x100.jpg 100w\" sizes=\"(max-width: 800px) 100vw, 800px\" \/>\t\t\t\t\t\t\t<\/a>\n\t\t\t<\/div>\n\t<div class=\"qodef-m-content\">\n\t\t<div class=\"qodef-info-holder\" >\n\t\t\t\t<h4 class=\"qodef-m-title\">\n\t\t\t\t\t<a itemprop=\"url\" href=\"\/index.php\/organisation-et-separateurs-despaces\" target=\"_self\">\n\t\t\t\t\tOrganisation et s\u00e9parateurs d&#039;espaces\t\t\t\t\t<\/a>\n\t\t\t<\/h4>\n\t\t\t\t\t<\/div>\n\t\t\t<\/div>\n<\/div>\n\t\t<\/div>\n\t\t\t\t<\/div>\n\t\t\t\t<\/div>\n\t\t<div class=\"elementor-element elementor-element-4376e26 e-con-full e-flex e-con e-child\" data-id=\"4376e26\" data-element_type=\"container\">\n\t\t\t\t<div class=\"elementor-element elementor-element-4f933091 elementor-widget elementor-widget-hiroshi_core_image_with_text\" data-id=\"4f933091\" data-element_type=\"widget\" data-widget_type=\"hiroshi_core_image_with_text.default\">\n\t\t\t\t<div class=\"elementor-widget-container\">\n\t\t\t<div class=\"qodef-shortcode qodef-m  qodef-image-with-text qodef-layout--text-below   qodef-content-align--left  qodef--hover-predefined\">\n\t\t<div class=\"qodef-m-image\">\n\t\t\t\t\t<a itemprop=\"url\" href=\"\/index.php\/bureaux-operatifs\" target=\"_self\">\n\t\t\t\t\t\t\t\t<img loading=\"lazy\" decoding=\"async\" width=\"900\" height=\"900\" src=\"https:\/\/inter-faces.eu\/wp-content\/uploads\/2024\/03\/122-1.jpg\" class=\"attachment-full size-full\" alt=\"\" srcset=\"https:\/\/inter-faces.eu\/wp-content\/uploads\/2024\/03\/122-1.jpg 900w, https:\/\/inter-faces.eu\/wp-content\/uploads\/2024\/03\/122-1-300x300.jpg 300w, https:\/\/inter-faces.eu\/wp-content\/uploads\/2024\/03\/122-1-150x150.jpg 150w, https:\/\/inter-faces.eu\/wp-content\/uploads\/2024\/03\/122-1-768x768.jpg 768w, https:\/\/inter-faces.eu\/wp-content\/uploads\/2024\/03\/122-1-650x650.jpg 650w, https:\/\/inter-faces.eu\/wp-content\/uploads\/2024\/03\/122-1-600x600.jpg 600w, https:\/\/inter-faces.eu\/wp-content\/uploads\/2024\/03\/122-1-100x100.jpg 100w\" sizes=\"(max-width: 900px) 100vw, 900px\" \/>\t\t\t\t\t\t\t<\/a>\n\t\t\t<\/div>\n\t<div class=\"qodef-m-content\">\n\t\t<div class=\"qodef-info-holder\" >\n\t\t\t\t<h4 class=\"qodef-m-title\">\n\t\t\t\t\t<a itemprop=\"url\" href=\"\/index.php\/bureaux-operatifs\" target=\"_self\">\n\t\t\t\t\tBureaux op\u00e9ratifs\t\t\t\t\t<\/a>\n\t\t\t<\/h4>\n\t\t\t\t\t<\/div>\n\t\t\t<\/div>\n<\/div>\n\t\t<\/div>\n\t\t\t\t<\/div>\n\t\t\t\t<\/div>\n\t\t<div class=\"elementor-element elementor-element-6d7ddae2 e-con-full e-flex e-con e-child\" data-id=\"6d7ddae2\" data-element_type=\"container\">\n\t\t\t\t<div class=\"elementor-element elementor-element-dadc4e9 elementor-widget elementor-widget-hiroshi_core_image_with_text\" data-id=\"dadc4e9\" data-element_type=\"widget\" data-widget_type=\"hiroshi_core_image_with_text.default\">\n\t\t\t\t<div class=\"elementor-widget-container\">\n\t\t\t<div class=\"qodef-shortcode qodef-m  qodef-image-with-text qodef-layout--text-below   qodef-content-align--left  qodef--hover-predefined\">\n\t\t<div class=\"qodef-m-image\">\n\t\t\t\t\t<a itemprop=\"url\" href=\"\/index.php\/solutions-acoustiques\" target=\"_self\">\n\t\t\t\t\t\t\t\t<img loading=\"lazy\" decoding=\"async\" width=\"579\" height=\"515\" src=\"https:\/\/inter-faces.eu\/wp-content\/uploads\/2024\/05\/Image1.png\" class=\"attachment-full size-full\" alt=\"\" srcset=\"https:\/\/inter-faces.eu\/wp-content\/uploads\/2024\/05\/Image1.png 579w, https:\/\/inter-faces.eu\/wp-content\/uploads\/2024\/05\/Image1-300x267.png 300w\" sizes=\"(max-width: 579px) 100vw, 579px\" \/>\t\t\t\t\t\t\t<\/a>\n\t\t\t<\/div>\n\t<div class=\"qodef-m-content\">\n\t\t<div class=\"qodef-info-holder\" >\n\t\t\t\t<h4 class=\"qodef-m-title\">\n\t\t\t\t\t<a itemprop=\"url\" href=\"\/index.php\/solutions-acoustiques\" target=\"_self\">\n\t\t\t\t\tSolutions acoustiques\t\t\t\t\t<\/a>\n\t\t\t<\/h4>\n\t\t\t\t\t<\/div>\n\t\t\t<\/div>\n<\/div>\n\t\t<\/div>\n\t\t\t\t<\/div>\n\t\t\t\t<\/div>\n\t\t<div class=\"elementor-element elementor-element-2c5e746 e-con-full e-flex e-con e-child\" data-id=\"2c5e746\" data-element_type=\"container\">\n\t\t\t\t<div class=\"elementor-element elementor-element-6d747b4f elementor-widget__width-initial elementor-widget elementor-widget-hiroshi_core_image_with_text\" data-id=\"6d747b4f\" data-element_type=\"widget\" data-widget_type=\"hiroshi_core_image_with_text.default\">\n\t\t\t\t<div class=\"elementor-widget-container\">\n\t\t\t<div class=\"qodef-shortcode qodef-m  qodef-image-with-text qodef-layout--text-below   qodef-content-align--left  qodef--hover-predefined\">\n\t\t<div class=\"qodef-m-image\">\n\t\t\t\t\t<a itemprop=\"url\" href=\"\/index.php\/attente\" target=\"_self\">\n\t\t\t\t\t\t\t\t<img loading=\"lazy\" decoding=\"async\" width=\"900\" height=\"900\" src=\"https:\/\/inter-faces.eu\/wp-content\/uploads\/2024\/03\/314-1.jpg\" class=\"attachment-full size-full\" alt=\"\" srcset=\"https:\/\/inter-faces.eu\/wp-content\/uploads\/2024\/03\/314-1.jpg 900w, https:\/\/inter-faces.eu\/wp-content\/uploads\/2024\/03\/314-1-300x300.jpg 300w, https:\/\/inter-faces.eu\/wp-content\/uploads\/2024\/03\/314-1-150x150.jpg 150w, https:\/\/inter-faces.eu\/wp-content\/uploads\/2024\/03\/314-1-768x768.jpg 768w, https:\/\/inter-faces.eu\/wp-content\/uploads\/2024\/03\/314-1-650x650.jpg 650w, https:\/\/inter-faces.eu\/wp-content\/uploads\/2024\/03\/314-1-600x600.jpg 600w, https:\/\/inter-faces.eu\/wp-content\/uploads\/2024\/03\/314-1-100x100.jpg 100w\" sizes=\"(max-width: 900px) 100vw, 900px\" \/>\t\t\t\t\t\t\t<\/a>\n\t\t\t<\/div>\n\t<div class=\"qodef-m-content\">\n\t\t<div class=\"qodef-info-holder\" >\n\t\t\t\t<h4 class=\"qodef-m-title\">\n\t\t\t\t\t<a itemprop=\"url\" href=\"\/index.php\/attente\" target=\"_self\">\n\t\t\t\t\tAttente\t\t\t\t\t<\/a>\n\t\t\t<\/h4>\n\t\t\t\t\t<\/div>\n\t\t\t<\/div>\n<\/div>\n\t\t<\/div>\n\t\t\t\t<\/div>\n\t\t\t\t<\/div>\n\t\t<div class=\"elementor-element elementor-element-e39eb0a e-con-full e-flex e-con e-child\" data-id=\"e39eb0a\" data-element_type=\"container\">\n\t\t\t\t<div class=\"elementor-element elementor-element-af4c685 elementor-widget elementor-widget-hiroshi_core_image_with_text\" data-id=\"af4c685\" data-element_type=\"widget\" data-widget_type=\"hiroshi_core_image_with_text.default\">\n\t\t\t\t<div class=\"elementor-widget-container\">\n\t\t\t<div class=\"qodef-shortcode qodef-m  qodef-image-with-text qodef-layout--text-below   qodef-content-align--left  qodef--hover-predefined\">\n\t\t<div class=\"qodef-m-image\">\n\t\t\t\t\t<a itemprop=\"url\" href=\"\/index.php\/meubles-de-rangement\" target=\"_self\">\n\t\t\t\t\t\t\t\t<img loading=\"lazy\" decoding=\"async\" width=\"627\" height=\"627\" src=\"https:\/\/inter-faces.eu\/wp-content\/uploads\/2024\/03\/121-1.jpg\" class=\"attachment-full size-full\" alt=\"\" srcset=\"https:\/\/inter-faces.eu\/wp-content\/uploads\/2024\/03\/121-1.jpg 627w, https:\/\/inter-faces.eu\/wp-content\/uploads\/2024\/03\/121-1-300x300.jpg 300w, https:\/\/inter-faces.eu\/wp-content\/uploads\/2024\/03\/121-1-150x150.jpg 150w, https:\/\/inter-faces.eu\/wp-content\/uploads\/2024\/03\/121-1-600x600.jpg 600w, https:\/\/inter-faces.eu\/wp-content\/uploads\/2024\/03\/121-1-100x100.jpg 100w\" sizes=\"(max-width: 627px) 100vw, 627px\" \/>\t\t\t\t\t\t\t<\/a>\n\t\t\t<\/div>\n\t<div class=\"qodef-m-content\">\n\t\t<div class=\"qodef-info-holder\" >\n\t\t\t\t<h4 class=\"qodef-m-title\">\n\t\t\t\t\t<a itemprop=\"url\" href=\"\/index.php\/meubles-de-rangement\" target=\"_self\">\n\t\t\t\t\tMeubles de rangement\t\t\t\t\t<\/a>\n\t\t\t<\/h4>\n\t\t\t\t\t<\/div>\n\t\t\t<\/div>\n<\/div>\n\t\t<\/div>\n\t\t\t\t<\/div>\n\t\t\t\t<\/div>\n\t\t<div class=\"elementor-element elementor-element-6ac96648 e-con-full e-flex e-con e-child\" data-id=\"6ac96648\" data-element_type=\"container\">\n\t\t\t\t<div class=\"elementor-element elementor-element-d254df3 elementor-widget elementor-widget-hiroshi_core_image_with_text\" data-id=\"d254df3\" data-element_type=\"widget\" data-widget_type=\"hiroshi_core_image_with_text.default\">\n\t\t\t\t<div class=\"elementor-widget-container\">\n\t\t\t<div class=\"qodef-shortcode qodef-m  qodef-image-with-text qodef-layout--text-below   qodef-content-align--left  qodef--hover-predefined\">\n\t\t<div class=\"qodef-m-image\">\n\t\t\t\t\t<a itemprop=\"url\" href=\"\/index.php\/salle-de-reunion-et-conference\" target=\"_self\">\n\t\t\t\t\t\t\t\t<img loading=\"lazy\" decoding=\"async\" width=\"900\" height=\"900\" src=\"https:\/\/inter-faces.eu\/wp-content\/uploads\/2024\/03\/172-1.jpg\" class=\"attachment-full size-full\" alt=\"\" srcset=\"https:\/\/inter-faces.eu\/wp-content\/uploads\/2024\/03\/172-1.jpg 900w, https:\/\/inter-faces.eu\/wp-content\/uploads\/2024\/03\/172-1-300x300.jpg 300w, https:\/\/inter-faces.eu\/wp-content\/uploads\/2024\/03\/172-1-150x150.jpg 150w, https:\/\/inter-faces.eu\/wp-content\/uploads\/2024\/03\/172-1-768x768.jpg 768w, https:\/\/inter-faces.eu\/wp-content\/uploads\/2024\/03\/172-1-650x650.jpg 650w, https:\/\/inter-faces.eu\/wp-content\/uploads\/2024\/03\/172-1-600x600.jpg 600w, https:\/\/inter-faces.eu\/wp-content\/uploads\/2024\/03\/172-1-100x100.jpg 100w\" sizes=\"(max-width: 900px) 100vw, 900px\" \/>\t\t\t\t\t\t\t<\/a>\n\t\t\t<\/div>\n\t<div class=\"qodef-m-content\">\n\t\t<div class=\"qodef-info-holder\" >\n\t\t\t\t<h4 class=\"qodef-m-title\">\n\t\t\t\t\t<a itemprop=\"url\" href=\"\/index.php\/salle-de-reunion-et-conference\" target=\"_self\">\n\t\t\t\t\tSalle de r\u00e9union et conf\u00e9rence\t\t\t\t\t<\/a>\n\t\t\t<\/h4>\n\t\t\t\t\t<\/div>\n\t\t\t<\/div>\n<\/div>\n\t\t<\/div>\n\t\t\t\t<\/div>\n\t\t\t\t<\/div>\n\t\t<div class=\"elementor-element elementor-element-eaa3826 e-con-full e-flex e-con e-child\" data-id=\"eaa3826\" data-element_type=\"container\">\n\t\t\t\t<div class=\"elementor-element elementor-element-dd42514 elementor-widget elementor-widget-hiroshi_core_image_with_text\" data-id=\"dd42514\" data-element_type=\"widget\" data-widget_type=\"hiroshi_core_image_with_text.default\">\n\t\t\t\t<div class=\"elementor-widget-container\">\n\t\t\t<div class=\"qodef-shortcode qodef-m  qodef-image-with-text qodef-layout--text-below   qodef-content-align--left  qodef--hover-predefined\">\n\t\t<div class=\"qodef-m-image\">\n\t\t\t\t\t<a itemprop=\"url\" href=\"\/index.php\/espaces-de-restauration-et-espaces-detente\" target=\"_self\">\n\t\t\t\t\t\t\t\t<img loading=\"lazy\" decoding=\"async\" width=\"1603\" height=\"1080\" src=\"https:\/\/inter-faces.eu\/wp-content\/uploads\/2024\/12\/VITRA-Chaise-Standard-Jean-Prouve--e1733311374666.jpg\" class=\"attachment-full size-full\" alt=\"\" srcset=\"https:\/\/inter-faces.eu\/wp-content\/uploads\/2024\/12\/VITRA-Chaise-Standard-Jean-Prouve--e1733311374666.jpg 1603w, https:\/\/inter-faces.eu\/wp-content\/uploads\/2024\/12\/VITRA-Chaise-Standard-Jean-Prouve--e1733311374666-300x202.jpg 300w, https:\/\/inter-faces.eu\/wp-content\/uploads\/2024\/12\/VITRA-Chaise-Standard-Jean-Prouve--e1733311374666-1024x690.jpg 1024w, https:\/\/inter-faces.eu\/wp-content\/uploads\/2024\/12\/VITRA-Chaise-Standard-Jean-Prouve--e1733311374666-768x517.jpg 768w, https:\/\/inter-faces.eu\/wp-content\/uploads\/2024\/12\/VITRA-Chaise-Standard-Jean-Prouve--e1733311374666-1536x1035.jpg 1536w, https:\/\/inter-faces.eu\/wp-content\/uploads\/2024\/12\/VITRA-Chaise-Standard-Jean-Prouve--e1733311374666-600x404.jpg 600w\" sizes=\"(max-width: 1603px) 100vw, 1603px\" \/>\t\t\t\t\t\t\t<\/a>\n\t\t\t<\/div>\n\t<div class=\"qodef-m-content\">\n\t\t<div class=\"qodef-info-holder\" >\n\t\t\t\t<h4 class=\"qodef-m-title\">\n\t\t\t\t\t<a itemprop=\"url\" href=\"\/index.php\/espaces-de-restauration-et-espaces-detente\" target=\"_self\">\n\t\t\t\t\tEspaces de restauration - Espaces de d\u00e9tente - Collectivit\u00e9s\t\t\t\t\t<\/a>\n\t\t\t<\/h4>\n\t\t\t\t\t<\/div>\n\t\t\t<\/div>\n<\/div>\n\t\t<\/div>\n\t\t\t\t<\/div>\n\t\t\t\t<\/div>\n\t\t<div class=\"elementor-element elementor-element-d57a252 e-con-full e-flex e-con e-child\" data-id=\"d57a252\" data-element_type=\"container\">\n\t\t\t\t<div class=\"elementor-element elementor-element-5af3674 elementor-widget elementor-widget-hiroshi_core_image_with_text\" data-id=\"5af3674\" data-element_type=\"widget\" data-widget_type=\"hiroshi_core_image_with_text.default\">\n\t\t\t\t<div class=\"elementor-widget-container\">\n\t\t\t<div class=\"qodef-shortcode qodef-m  qodef-image-with-text qodef-layout--text-below   qodef-content-align--left  qodef--hover-predefined\">\n\t\t<div class=\"qodef-m-image\">\n\t\t\t\t\t<a itemprop=\"url\" href=\"\/index.php\/eclairage-accessoires-et-connectique\" target=\"_self\">\n\t\t\t\t\t\t\t\t<img loading=\"lazy\" decoding=\"async\" width=\"1504\" height=\"1080\" src=\"https:\/\/inter-faces.eu\/wp-content\/uploads\/2024\/12\/Artemide-tolomeo-1-e1733220203820.jpg\" class=\"attachment-full size-full\" alt=\"\" srcset=\"https:\/\/inter-faces.eu\/wp-content\/uploads\/2024\/12\/Artemide-tolomeo-1-e1733220203820.jpg 1504w, https:\/\/inter-faces.eu\/wp-content\/uploads\/2024\/12\/Artemide-tolomeo-1-e1733220203820-300x215.jpg 300w, https:\/\/inter-faces.eu\/wp-content\/uploads\/2024\/12\/Artemide-tolomeo-1-e1733220203820-1024x735.jpg 1024w, https:\/\/inter-faces.eu\/wp-content\/uploads\/2024\/12\/Artemide-tolomeo-1-e1733220203820-768x551.jpg 768w, https:\/\/inter-faces.eu\/wp-content\/uploads\/2024\/12\/Artemide-tolomeo-1-e1733220203820-600x431.jpg 600w\" sizes=\"(max-width: 1504px) 100vw, 1504px\" \/>\t\t\t\t\t\t\t<\/a>\n\t\t\t<\/div>\n\t<div class=\"qodef-m-content\">\n\t\t<div class=\"qodef-info-holder\" >\n\t\t\t\t<h4 class=\"qodef-m-title\">\n\t\t\t\t\t<a itemprop=\"url\" href=\"\/index.php\/eclairage-accessoires-et-connectique\" target=\"_self\">\n\t\t\t\t\tEclairage\t\t\t\t\t<\/a>\n\t\t\t<\/h4>\n\t\t\t\t\t<\/div>\n\t\t\t<\/div>\n<\/div>\n\t\t<\/div>\n\t\t\t\t<\/div>\n\t\t\t\t<\/div>\n\t\t<div class=\"elementor-element elementor-element-9f44d3d e-con-full e-flex e-con e-child\" data-id=\"9f44d3d\" data-element_type=\"container\">\n\t\t\t\t<div class=\"elementor-element elementor-element-4d0e619 elementor-widget elementor-widget-hiroshi_core_image_with_text\" data-id=\"4d0e619\" data-element_type=\"widget\" data-widget_type=\"hiroshi_core_image_with_text.default\">\n\t\t\t\t<div class=\"elementor-widget-container\">\n\t\t\t<div class=\"qodef-shortcode qodef-m  qodef-image-with-text qodef-layout--text-below   qodef-content-align--left  qodef--hover-predefined\">\n\t\t<div class=\"qodef-m-image\">\n\t\t\t\t\t<a itemprop=\"url\" href=\"\/index.php\/accessoires-de-bureau-et-connectique\" target=\"_self\">\n\t\t\t\t\t\t\t\t<img loading=\"lazy\" decoding=\"async\" width=\"2560\" height=\"1629\" src=\"https:\/\/inter-faces.eu\/wp-content\/uploads\/2024\/10\/USM-accessoires-connectique-3-scaled.jpg\" class=\"attachment-full size-full\" alt=\"\" srcset=\"https:\/\/inter-faces.eu\/wp-content\/uploads\/2024\/10\/USM-accessoires-connectique-3-scaled.jpg 2560w, https:\/\/inter-faces.eu\/wp-content\/uploads\/2024\/10\/USM-accessoires-connectique-3-300x191.jpg 300w, https:\/\/inter-faces.eu\/wp-content\/uploads\/2024\/10\/USM-accessoires-connectique-3-1024x652.jpg 1024w, https:\/\/inter-faces.eu\/wp-content\/uploads\/2024\/10\/USM-accessoires-connectique-3-768x489.jpg 768w, https:\/\/inter-faces.eu\/wp-content\/uploads\/2024\/10\/USM-accessoires-connectique-3-1536x978.jpg 1536w, https:\/\/inter-faces.eu\/wp-content\/uploads\/2024\/10\/USM-accessoires-connectique-3-2048x1304.jpg 2048w, https:\/\/inter-faces.eu\/wp-content\/uploads\/2024\/10\/USM-accessoires-connectique-3-600x382.jpg 600w\" sizes=\"(max-width: 2560px) 100vw, 2560px\" \/>\t\t\t\t\t\t\t<\/a>\n\t\t\t<\/div>\n\t<div class=\"qodef-m-content\">\n\t\t<div class=\"qodef-info-holder\" >\n\t\t\t\t<h4 class=\"qodef-m-title\">\n\t\t\t\t\t<a itemprop=\"url\" href=\"\/index.php\/accessoires-de-bureau-et-connectique\" target=\"_self\">\n\t\t\t\t\tAccessoires de bureau et connectique\t\t\t\t\t<\/a>\n\t\t\t<\/h4>\n\t\t\t\t\t<\/div>\n\t\t\t<\/div>\n<\/div>\n\t\t<\/div>\n\t\t\t\t<\/div>\n\t\t\t\t<\/div>\n\t\t<div class=\"elementor-element elementor-element-b6a4803 e-con-full e-flex e-con e-child\" data-id=\"b6a4803\" data-element_type=\"container\">\n\t\t\t\t<div class=\"elementor-element elementor-element-2aa45776 elementor-widget__width-initial elementor-widget elementor-widget-hiroshi_core_image_with_text\" data-id=\"2aa45776\" data-element_type=\"widget\" data-widget_type=\"hiroshi_core_image_with_text.default\">\n\t\t\t\t<div class=\"elementor-widget-container\">\n\t\t\t<div class=\"qodef-shortcode qodef-m  qodef-image-with-text qodef-layout--text-below   qodef-content-align--left  qodef--hover-predefined\">\n\t\t<div class=\"qodef-m-image\">\n\t\t\t\t\t<a itemprop=\"url\" href=\"\/index.php\/accueil-reception\" target=\"_self\">\n\t\t\t\t\t\t\t\t<img loading=\"lazy\" decoding=\"async\" width=\"900\" height=\"900\" src=\"https:\/\/inter-faces.eu\/wp-content\/uploads\/2024\/03\/23-1.jpg\" class=\"attachment-full size-full\" alt=\"\" srcset=\"https:\/\/inter-faces.eu\/wp-content\/uploads\/2024\/03\/23-1.jpg 900w, https:\/\/inter-faces.eu\/wp-content\/uploads\/2024\/03\/23-1-300x300.jpg 300w, https:\/\/inter-faces.eu\/wp-content\/uploads\/2024\/03\/23-1-150x150.jpg 150w, https:\/\/inter-faces.eu\/wp-content\/uploads\/2024\/03\/23-1-768x768.jpg 768w, https:\/\/inter-faces.eu\/wp-content\/uploads\/2024\/03\/23-1-650x650.jpg 650w, https:\/\/inter-faces.eu\/wp-content\/uploads\/2024\/03\/23-1-600x600.jpg 600w, https:\/\/inter-faces.eu\/wp-content\/uploads\/2024\/03\/23-1-100x100.jpg 100w\" sizes=\"(max-width: 900px) 100vw, 900px\" \/>\t\t\t\t\t\t\t<\/a>\n\t\t\t<\/div>\n\t<div class=\"qodef-m-content\">\n\t\t<div class=\"qodef-info-holder\" >\n\t\t\t\t<h4 class=\"qodef-m-title\">\n\t\t\t\t\t<a itemprop=\"url\" href=\"\/index.php\/accueil-reception\" target=\"_self\">\n\t\t\t\t\tAccueil, r\u00e9ception\t\t\t\t\t<\/a>\n\t\t\t<\/h4>\n\t\t\t\t\t<\/div>\n\t\t\t<\/div>\n<\/div>\n\t\t<\/div>\n\t\t\t\t<\/div>\n\t\t\t\t<\/div>\n\t\t\t\t<\/div>\n\t\t<div class=\"elementor-element elementor-element-cae2bb7 e-flex e-con-boxed e-con e-parent\" data-id=\"cae2bb7\" data-element_type=\"container\" data-core-v316-plus=\"true\">\n\t\t\t\t\t<div class=\"e-con-inner\">\n\t\t\t\t\t<\/div>\n\t\t\t\t<\/div>\n\t\t<div class=\"elementor-element elementor-element-c7e0eb7 e-flex e-con-boxed e-con e-parent\" data-id=\"c7e0eb7\" data-element_type=\"container\" data-core-v316-plus=\"true\">\n\t\t\t\t\t<div class=\"e-con-inner\">\n\t\t\t\t\t<\/div>\n\t\t\t\t<\/div>\n\t\t\t\t<\/div>\n\t\t","protected":false},"excerpt":{"rendered":"<p>Notre mobilier professionnel Inter-Faces Pro vous accompagne dans l\u2019am\u00e9nagement de vos bureaux, espaces de travail, magasins, salles de r\u00e9union, espace d\u2019accueil de votre client\u00e8le, lieux de restauration ou de coworking. Nous \u00e9tudions ensemble votre projet et vous proposons une solution adapt\u00e9e aux besoins de votre activit\u00e9, a\u0300 vos contraintes, aux probl\u00e9matiques de votre m\u00e9tier. N\u2019h\u00e9sitez [&hellip;]<\/p>\n","protected":false},"author":1,"featured_media":0,"parent":0,"menu_order":0,"comment_status":"closed","ping_status":"closed","template":"","meta":{"footnotes":""},"yoast_head":"<!-- This site is optimized with the Yoast SEO plugin v22.6 - https:\/\/yoast.com\/wordpress\/plugins\/seo\/ -->\n<title>Mobilier professionnel - Inter-Faces<\/title>\n<meta name=\"robots\" content=\"index, follow, max-snippet:-1, max-image-preview:large, max-video-preview:-1\" \/>\n<link rel=\"canonical\" href=\"https:\/\/inter-faces.eu\/index.php\/mobilier-professionnel\/\" \/>\n<meta property=\"og:locale\" content=\"fr_FR\" \/>\n<meta property=\"og:type\" content=\"article\" \/>\n<meta property=\"og:title\" content=\"Mobilier professionnel - Inter-Faces\" \/>\n<meta property=\"og:description\" content=\"Notre mobilier professionnel Inter-Faces Pro vous accompagne dans l\u2019am\u00e9nagement de vos bureaux, espaces de travail, magasins, salles de r\u00e9union, espace d\u2019accueil de votre client\u00e8le, lieux de restauration ou de coworking. Nous \u00e9tudions ensemble votre projet et vous proposons une solution adapt\u00e9e aux besoins de votre activit\u00e9, a\u0300 vos contraintes, aux probl\u00e9matiques de votre m\u00e9tier. N\u2019h\u00e9sitez [&hellip;]\" \/>\n<meta property=\"og:url\" content=\"https:\/\/inter-faces.eu\/index.php\/mobilier-professionnel\/\" \/>\n<meta property=\"og:site_name\" content=\"Inter-Faces\" \/>\n<meta property=\"article:publisher\" content=\"https:\/\/www.facebook.com\/interfacestoulon\" \/>\n<meta property=\"article:modified_time\" content=\"2025-06-05T10:41:59+00:00\" \/>\n<meta property=\"og:image\" content=\"https:\/\/inter-faces.eu\/wp-content\/uploads\/2024\/03\/71-1.jpg\" \/>\n<meta name=\"twitter:card\" content=\"summary_large_image\" \/>\n<meta name=\"twitter:label1\" content=\"Dur\u00e9e de lecture estim\u00e9e\" \/>\n\t<meta name=\"twitter:data1\" content=\"4 minutes\" \/>\n<script type=\"application\/ld+json\" class=\"yoast-schema-graph\">{\"@context\":\"https:\/\/schema.org\",\"@graph\":[{\"@type\":\"WebPage\",\"@id\":\"https:\/\/inter-faces.eu\/index.php\/mobilier-professionnel\/\",\"url\":\"https:\/\/inter-faces.eu\/index.php\/mobilier-professionnel\/\",\"name\":\"Mobilier professionnel - Inter-Faces\",\"isPartOf\":{\"@id\":\"https:\/\/inter-faces.eu\/#website\"},\"primaryImageOfPage\":{\"@id\":\"https:\/\/inter-faces.eu\/index.php\/mobilier-professionnel\/#primaryimage\"},\"image\":{\"@id\":\"https:\/\/inter-faces.eu\/index.php\/mobilier-professionnel\/#primaryimage\"},\"thumbnailUrl\":\"https:\/\/inter-faces.eu\/wp-content\/uploads\/2024\/03\/71-1.jpg\",\"datePublished\":\"2024-02-07T12:36:35+00:00\",\"dateModified\":\"2025-06-05T10:41:59+00:00\",\"breadcrumb\":{\"@id\":\"https:\/\/inter-faces.eu\/index.php\/mobilier-professionnel\/#breadcrumb\"},\"inLanguage\":\"fr-FR\",\"potentialAction\":[{\"@type\":\"ReadAction\",\"target\":[\"https:\/\/inter-faces.eu\/index.php\/mobilier-professionnel\/\"]}]},{\"@type\":\"ImageObject\",\"inLanguage\":\"fr-FR\",\"@id\":\"https:\/\/inter-faces.eu\/index.php\/mobilier-professionnel\/#primaryimage\",\"url\":\"https:\/\/inter-faces.eu\/wp-content\/uploads\/2024\/03\/71-1.jpg\",\"contentUrl\":\"https:\/\/inter-faces.eu\/wp-content\/uploads\/2024\/03\/71-1.jpg\",\"width\":800,\"height\":799},{\"@type\":\"BreadcrumbList\",\"@id\":\"https:\/\/inter-faces.eu\/index.php\/mobilier-professionnel\/#breadcrumb\",\"itemListElement\":[{\"@type\":\"ListItem\",\"position\":1,\"name\":\"Accueil\",\"item\":\"https:\/\/inter-faces.eu\/\"},{\"@type\":\"ListItem\",\"position\":2,\"name\":\"Mobilier professionnel\"}]},{\"@type\":\"WebSite\",\"@id\":\"https:\/\/inter-faces.eu\/#website\",\"url\":\"https:\/\/inter-faces.eu\/\",\"name\":\"Inter-Faces\",\"description\":\"\",\"publisher\":{\"@id\":\"https:\/\/inter-faces.eu\/#organization\"},\"potentialAction\":[{\"@type\":\"SearchAction\",\"target\":{\"@type\":\"EntryPoint\",\"urlTemplate\":\"https:\/\/inter-faces.eu\/?s={search_term_string}\"},\"query-input\":\"required name=search_term_string\"}],\"inLanguage\":\"fr-FR\"},{\"@type\":\"Organization\",\"@id\":\"https:\/\/inter-faces.eu\/#organization\",\"name\":\"Inter-Faces\",\"url\":\"https:\/\/inter-faces.eu\/\",\"logo\":{\"@type\":\"ImageObject\",\"inLanguage\":\"fr-FR\",\"@id\":\"https:\/\/inter-faces.eu\/#\/schema\/logo\/image\/\",\"url\":\"https:\/\/inter-faces.eu\/wp-content\/uploads\/2024\/02\/logo.png\",\"contentUrl\":\"https:\/\/inter-faces.eu\/wp-content\/uploads\/2024\/02\/logo.png\",\"width\":400,\"height\":155,\"caption\":\"Inter-Faces\"},\"image\":{\"@id\":\"https:\/\/inter-faces.eu\/#\/schema\/logo\/image\/\"},\"sameAs\":[\"https:\/\/www.facebook.com\/interfacestoulon\",\"https:\/\/www.instagram.com\/inter_faces_mobilier\",\"https:\/\/www.youtube.com\/user\/interfacesmc\"]}]}<\/script>\n<!-- \/ Yoast SEO plugin. -->","yoast_head_json":{"title":"Mobilier professionnel - Inter-Faces","robots":{"index":"index","follow":"follow","max-snippet":"max-snippet:-1","max-image-preview":"max-image-preview:large","max-video-preview":"max-video-preview:-1"},"canonical":"https:\/\/inter-faces.eu\/index.php\/mobilier-professionnel\/","og_locale":"fr_FR","og_type":"article","og_title":"Mobilier professionnel - Inter-Faces","og_description":"Notre mobilier professionnel Inter-Faces Pro vous accompagne dans l\u2019am\u00e9nagement de vos bureaux, espaces de travail, magasins, salles de r\u00e9union, espace d\u2019accueil de votre client\u00e8le, lieux de restauration ou de coworking. Nous \u00e9tudions ensemble votre projet et vous proposons une solution adapt\u00e9e aux besoins de votre activit\u00e9, a\u0300 vos contraintes, aux probl\u00e9matiques de votre m\u00e9tier. N\u2019h\u00e9sitez [&hellip;]","og_url":"https:\/\/inter-faces.eu\/index.php\/mobilier-professionnel\/","og_site_name":"Inter-Faces","article_publisher":"https:\/\/www.facebook.com\/interfacestoulon","article_modified_time":"2025-06-05T10:41:59+00:00","og_image":[{"url":"https:\/\/inter-faces.eu\/wp-content\/uploads\/2024\/03\/71-1.jpg"}],"twitter_card":"summary_large_image","twitter_misc":{"Dur\u00e9e de lecture estim\u00e9e":"4 minutes"},"schema":{"@context":"https:\/\/schema.org","@graph":[{"@type":"WebPage","@id":"https:\/\/inter-faces.eu\/index.php\/mobilier-professionnel\/","url":"https:\/\/inter-faces.eu\/index.php\/mobilier-professionnel\/","name":"Mobilier professionnel - Inter-Faces","isPartOf":{"@id":"https:\/\/inter-faces.eu\/#website"},"primaryImageOfPage":{"@id":"https:\/\/inter-faces.eu\/index.php\/mobilier-professionnel\/#primaryimage"},"image":{"@id":"https:\/\/inter-faces.eu\/index.php\/mobilier-professionnel\/#primaryimage"},"thumbnailUrl":"https:\/\/inter-faces.eu\/wp-content\/uploads\/2024\/03\/71-1.jpg","datePublished":"2024-02-07T12:36:35+00:00","dateModified":"2025-06-05T10:41:59+00:00","breadcrumb":{"@id":"https:\/\/inter-faces.eu\/index.php\/mobilier-professionnel\/#breadcrumb"},"inLanguage":"fr-FR","potentialAction":[{"@type":"ReadAction","target":["https:\/\/inter-faces.eu\/index.php\/mobilier-professionnel\/"]}]},{"@type":"ImageObject","inLanguage":"fr-FR","@id":"https:\/\/inter-faces.eu\/index.php\/mobilier-professionnel\/#primaryimage","url":"https:\/\/inter-faces.eu\/wp-content\/uploads\/2024\/03\/71-1.jpg","contentUrl":"https:\/\/inter-faces.eu\/wp-content\/uploads\/2024\/03\/71-1.jpg","width":800,"height":799},{"@type":"BreadcrumbList","@id":"https:\/\/inter-faces.eu\/index.php\/mobilier-professionnel\/#breadcrumb","itemListElement":[{"@type":"ListItem","position":1,"name":"Accueil","item":"https:\/\/inter-faces.eu\/"},{"@type":"ListItem","position":2,"name":"Mobilier professionnel"}]},{"@type":"WebSite","@id":"https:\/\/inter-faces.eu\/#website","url":"https:\/\/inter-faces.eu\/","name":"Inter-Faces","description":"","publisher":{"@id":"https:\/\/inter-faces.eu\/#organization"},"potentialAction":[{"@type":"SearchAction","target":{"@type":"EntryPoint","urlTemplate":"https:\/\/inter-faces.eu\/?s={search_term_string}"},"query-input":"required name=search_term_string"}],"inLanguage":"fr-FR"},{"@type":"Organization","@id":"https:\/\/inter-faces.eu\/#organization","name":"Inter-Faces","url":"https:\/\/inter-faces.eu\/","logo":{"@type":"ImageObject","inLanguage":"fr-FR","@id":"https:\/\/inter-faces.eu\/#\/schema\/logo\/image\/","url":"https:\/\/inter-faces.eu\/wp-content\/uploads\/2024\/02\/logo.png","contentUrl":"https:\/\/inter-faces.eu\/wp-content\/uploads\/2024\/02\/logo.png","width":400,"height":155,"caption":"Inter-Faces"},"image":{"@id":"https:\/\/inter-faces.eu\/#\/schema\/logo\/image\/"},"sameAs":["https:\/\/www.facebook.com\/interfacestoulon","https:\/\/www.instagram.com\/inter_faces_mobilier","https:\/\/www.youtube.com\/user\/interfacesmc"]}]}},"_links":{"self":[{"href":"https:\/\/inter-faces.eu\/index.php\/wp-json\/wp\/v2\/pages\/10336"}],"collection":[{"href":"https:\/\/inter-faces.eu\/index.php\/wp-json\/wp\/v2\/pages"}],"about":[{"href":"https:\/\/inter-faces.eu\/index.php\/wp-json\/wp\/v2\/types\/page"}],"author":[{"embeddable":true,"href":"https:\/\/inter-faces.eu\/index.php\/wp-json\/wp\/v2\/users\/1"}],"replies":[{"embeddable":true,"href":"https:\/\/inter-faces.eu\/index.php\/wp-json\/wp\/v2\/comments?post=10336"}],"version-history":[{"count":118,"href":"https:\/\/inter-faces.eu\/index.php\/wp-json\/wp\/v2\/pages\/10336\/revisions"}],"predecessor-version":[{"id":18313,"href":"https:\/\/inter-faces.eu\/index.php\/wp-json\/wp\/v2\/pages\/10336\/revisions\/18313"}],"wp:attachment":[{"href":"https:\/\/inter-faces.eu\/index.php\/wp-json\/wp\/v2\/media?parent=10336"}],"curies":[{"name":"wp","href":"https:\/\/api.w.org\/{rel}","templated":true}]}}