{"version":"1.0","provider_name":"Inter-Faces","provider_url":"https:\/\/inter-faces.eu","author_name":"lenyromain1","author_url":"https:\/\/inter-faces.eu\/index.php\/author\/lenyromain1\/","title":"La collection Jean Prouv\u00e9 - Vitra - Inter-Faces","type":"rich","width":600,"height":338,"html":"<blockquote class=\"wp-embedded-content\" data-secret=\"7uKyoWXmkz\"><a href=\"https:\/\/inter-faces.eu\/index.php\/portfolio-item\/la-collection-jean-prouve-de-vitra\/\">La collection Jean Prouv\u00e9 &#8211; Vitra<\/a><\/blockquote><iframe sandbox=\"allow-scripts\" security=\"restricted\" src=\"https:\/\/inter-faces.eu\/index.php\/portfolio-item\/la-collection-jean-prouve-de-vitra\/embed\/#?secret=7uKyoWXmkz\" width=\"600\" height=\"338\" title=\"\u00ab\u00a0La collection Jean Prouv\u00e9 &#8211; Vitra\u00a0\u00bb &#8212; Inter-Faces\" data-secret=\"7uKyoWXmkz\" frameborder=\"0\" marginwidth=\"0\" marginheight=\"0\" scrolling=\"no\" class=\"wp-embedded-content\"><\/iframe><script type=\"text\/javascript\">\n\/* <![CDATA[ *\/\n\/*! This file is auto-generated *\/\n!function(d,l){\"use strict\";l.querySelector&&d.addEventListener&&\"undefined\"!=typeof URL&&(d.wp=d.wp||{},d.wp.receiveEmbedMessage||(d.wp.receiveEmbedMessage=function(e){var t=e.data;if((t||t.secret||t.message||t.value)&&!\/[^a-zA-Z0-9]\/.test(t.secret)){for(var s,r,n,a=l.querySelectorAll('iframe[data-secret=\"'+t.secret+'\"]'),o=l.querySelectorAll('blockquote[data-secret=\"'+t.secret+'\"]'),c=new RegExp(\"^https?:$\",\"i\"),i=0;i<o.length;i++)o[i].style.display=\"none\";for(i=0;i<a.length;i++)s=a[i],e.source===s.contentWindow&&(s.removeAttribute(\"style\"),\"height\"===t.message?(1e3<(r=parseInt(t.value,10))?r=1e3:~~r<200&&(r=200),s.height=r):\"link\"===t.message&&(r=new URL(s.getAttribute(\"src\")),n=new URL(t.value),c.test(n.protocol))&&n.host===r.host&&l.activeElement===s&&(d.top.location.href=t.value))}},d.addEventListener(\"message\",d.wp.receiveEmbedMessage,!1),l.addEventListener(\"DOMContentLoaded\",function(){for(var e,t,s=l.querySelectorAll(\"iframe.wp-embedded-content\"),r=0;r<s.length;r++)(t=(e=s[r]).getAttribute(\"data-secret\"))||(t=Math.random().toString(36).substring(2,12),e.src+=\"#?secret=\"+t,e.setAttribute(\"data-secret\",t)),e.contentWindow.postMessage({message:\"ready\",secret:t},\"*\")},!1)))}(window,document);\n\/* ]]> *\/\n<\/script>\n","thumbnail_url":"https:\/\/inter-faces.eu\/wp-content\/uploads\/2024\/02\/mea-1.jpg","thumbnail_width":900,"thumbnail_height":652,"description":"Dans de nombreux travaux, Jean Prouv\u00e9 r\u00e9ussit \u00e0 marier ses attentes du point de vue de la fonctionnalit\u00e9, de l\u2019ad\u00e9quation du mat\u00e9riau et de l\u2019\u00e9conomie aux exigences complexes d\u2019une production en s\u00e9rie. En 2002 Vitra a commenc\u00e9 \u00e0 rediffuser des cr\u00e9ations du grand constructeur sous forme de r\u00e9\u00e9ditions en \u00e9troite collaboration avec la famille Prouv\u00e9. [&hellip;]"}