{"version":"1.0","provider_name":"Inter-Faces","provider_url":"https:\/\/inter-faces.eu","author_name":"lenyromain1","author_url":"https:\/\/inter-faces.eu\/index.php\/author\/lenyromain1\/","title":"Espaces de restauration et espaces d\u00e9tente - Inter-Faces","type":"rich","width":600,"height":338,"html":"<blockquote class=\"wp-embedded-content\" data-secret=\"gfhTSTFF0w\"><a href=\"https:\/\/inter-faces.eu\/index.php\/mobilier-professionnel\/espaces-de-restauration-et-espaces-detente\/\">Espaces de restauration et espaces d\u00e9tente<\/a><\/blockquote><iframe sandbox=\"allow-scripts\" security=\"restricted\" src=\"https:\/\/inter-faces.eu\/index.php\/mobilier-professionnel\/espaces-de-restauration-et-espaces-detente\/embed\/#?secret=gfhTSTFF0w\" width=\"600\" height=\"338\" title=\"\u00ab\u00a0Espaces de restauration et espaces d\u00e9tente\u00a0\u00bb &#8212; Inter-Faces\" data-secret=\"gfhTSTFF0w\" frameborder=\"0\" marginwidth=\"0\" marginheight=\"0\" scrolling=\"no\" class=\"wp-embedded-content\"><\/iframe><script type=\"text\/javascript\">\n\/* <![CDATA[ *\/\n\/*! This file is auto-generated *\/\n!function(d,l){\"use strict\";l.querySelector&&d.addEventListener&&\"undefined\"!=typeof URL&&(d.wp=d.wp||{},d.wp.receiveEmbedMessage||(d.wp.receiveEmbedMessage=function(e){var t=e.data;if((t||t.secret||t.message||t.value)&&!\/[^a-zA-Z0-9]\/.test(t.secret)){for(var s,r,n,a=l.querySelectorAll('iframe[data-secret=\"'+t.secret+'\"]'),o=l.querySelectorAll('blockquote[data-secret=\"'+t.secret+'\"]'),c=new RegExp(\"^https?:$\",\"i\"),i=0;i<o.length;i++)o[i].style.display=\"none\";for(i=0;i<a.length;i++)s=a[i],e.source===s.contentWindow&&(s.removeAttribute(\"style\"),\"height\"===t.message?(1e3<(r=parseInt(t.value,10))?r=1e3:~~r<200&&(r=200),s.height=r):\"link\"===t.message&&(r=new URL(s.getAttribute(\"src\")),n=new URL(t.value),c.test(n.protocol))&&n.host===r.host&&l.activeElement===s&&(d.top.location.href=t.value))}},d.addEventListener(\"message\",d.wp.receiveEmbedMessage,!1),l.addEventListener(\"DOMContentLoaded\",function(){for(var e,t,s=l.querySelectorAll(\"iframe.wp-embedded-content\"),r=0;r<s.length;r++)(t=(e=s[r]).getAttribute(\"data-secret\"))||(t=Math.random().toString(36).substring(2,12),e.src+=\"#?secret=\"+t,e.setAttribute(\"data-secret\",t)),e.contentWindow.postMessage({message:\"ready\",secret:t},\"*\")},!1)))}(window,document);\n\/* ]]> *\/\n<\/script>\n","description":"Espaces de restauration et espaces d\u00e9tente Une pause entre deux rendez-vous ? un d\u00e9jeuner convivial entre coll\u00e8gues ? La caf\u00e9t\u00e9ria devient un espace connect\u00e9 et polyvalent o\u00f9 vous pouvez choisir votre coin pr\u00e9f\u00e9r\u00e9 en fonction de ce que vous voulez faire. Tables et gu\u00e9ridons, chaises et tabourets de bar, cloisons, meubles de caf\u00e9t\u00e9ria\u2026 L&#039;\u00e9quipe Inter-Faces [&hellip;]","thumbnail_url":"https:\/\/inter-faces.eu\/wp-content\/uploads\/2025\/06\/Inter-Faces-Pro-Mobilier-professionnel-restauration-et-terrasses-2-e1748867807316.jpg"}