{"version":"1.0","provider_name":"Inter-Faces","provider_url":"https:\/\/inter-faces.eu","author_name":"lenyromain1","author_url":"https:\/\/inter-faces.eu\/index.php\/author\/lenyromain1\/","title":"Mobilier professionnel - Inter-Faces","type":"rich","width":600,"height":338,"html":"<blockquote class=\"wp-embedded-content\" data-secret=\"ZodqvozMh3\"><a href=\"https:\/\/inter-faces.eu\/index.php\/mobilier-professionnel\/\">Mobilier professionnel<\/a><\/blockquote><iframe sandbox=\"allow-scripts\" security=\"restricted\" src=\"https:\/\/inter-faces.eu\/index.php\/mobilier-professionnel\/embed\/#?secret=ZodqvozMh3\" width=\"600\" height=\"338\" title=\"\u00ab\u00a0Mobilier professionnel\u00a0\u00bb &#8212; Inter-Faces\" data-secret=\"ZodqvozMh3\" frameborder=\"0\" marginwidth=\"0\" marginheight=\"0\" scrolling=\"no\" class=\"wp-embedded-content\"><\/iframe><script type=\"text\/javascript\">\n\/* <![CDATA[ *\/\n\/*! This file is auto-generated *\/\n!function(d,l){\"use strict\";l.querySelector&&d.addEventListener&&\"undefined\"!=typeof URL&&(d.wp=d.wp||{},d.wp.receiveEmbedMessage||(d.wp.receiveEmbedMessage=function(e){var t=e.data;if((t||t.secret||t.message||t.value)&&!\/[^a-zA-Z0-9]\/.test(t.secret)){for(var s,r,n,a=l.querySelectorAll('iframe[data-secret=\"'+t.secret+'\"]'),o=l.querySelectorAll('blockquote[data-secret=\"'+t.secret+'\"]'),c=new RegExp(\"^https?:$\",\"i\"),i=0;i<o.length;i++)o[i].style.display=\"none\";for(i=0;i<a.length;i++)s=a[i],e.source===s.contentWindow&&(s.removeAttribute(\"style\"),\"height\"===t.message?(1e3<(r=parseInt(t.value,10))?r=1e3:~~r<200&&(r=200),s.height=r):\"link\"===t.message&&(r=new URL(s.getAttribute(\"src\")),n=new URL(t.value),c.test(n.protocol))&&n.host===r.host&&l.activeElement===s&&(d.top.location.href=t.value))}},d.addEventListener(\"message\",d.wp.receiveEmbedMessage,!1),l.addEventListener(\"DOMContentLoaded\",function(){for(var e,t,s=l.querySelectorAll(\"iframe.wp-embedded-content\"),r=0;r<s.length;r++)(t=(e=s[r]).getAttribute(\"data-secret\"))||(t=Math.random().toString(36).substring(2,12),e.src+=\"#?secret=\"+t,e.setAttribute(\"data-secret\",t)),e.contentWindow.postMessage({message:\"ready\",secret:t},\"*\")},!1)))}(window,document);\n\/* ]]> *\/\n<\/script>\n","description":"Notre mobilier professionnel Inter-Faces Pro vous accompagne dans l\u2019am\u00e9nagement de vos bureaux, espaces de travail, magasins, salles de r\u00e9union, espace d\u2019accueil de votre client\u00e8le, lieux de restauration ou de coworking. Nous \u00e9tudions ensemble votre projet et vous proposons une solution adapt\u00e9e aux besoins de votre activit\u00e9, a\u0300 vos contraintes, aux probl\u00e9matiques de votre m\u00e9tier. N\u2019h\u00e9sitez [&hellip;]","thumbnail_url":"https:\/\/inter-faces.eu\/wp-content\/uploads\/2024\/03\/71-1.jpg"}